{"id":69,"date":"2016-02-19T15:26:07","date_gmt":"2016-02-19T17:26:07","guid":{"rendered":"https:\/\/wp.ufpel.edu.br\/zahn\/?page_id=69"},"modified":"2020-01-03T20:48:16","modified_gmt":"2020-01-03T23:48:16","slug":"mmxvivnum","status":"publish","type":"page","link":"https:\/\/wp.ufpel.edu.br\/zahn\/disciplinas\/antiqua-archivum\/mmxvivnum\/","title":{"rendered":"MMXVI"},"content":{"rendered":"<h3 style=\"text-align: center\"><strong>SEMESTER SECUNDUM\u00a0MMXVI ANNVM DOMINI<\/strong><\/h3>\n<p style=\"text-align: center\"><strong>AN\u00c1LISE REAL II<\/strong><\/p>\n<p style=\"text-align: center\">(Cursos 3800 e 3820 &#8211; Matem\u00e1tica Diurno e Noturno)<\/p>\n<p style=\"text-align: center\"><strong><img loading=\"lazy\" decoding=\"async\" class=\"wp-image-523 aligncenter\" src=\"https:\/\/wp.ufpel.edu.br\/zahn\/files\/2016\/10\/int-424x284.gif\" alt=\"int\" width=\"218\" height=\"146\" srcset=\"https:\/\/wp.ufpel.edu.br\/zahn\/files\/2016\/10\/int-424x284.gif 424w, https:\/\/wp.ufpel.edu.br\/zahn\/files\/2016\/10\/int-212x142.gif 212w\" sizes=\"auto, (max-width: 218px) 100vw, 218px\" \/><\/strong><\/p>\n<p style=\"text-align: center\"><a href=\"https:\/\/wp.ufpel.edu.br\/zahn\/files\/2016\/07\/2016Plan_ens_ARII-1.pdf\" target=\"_blank\" rel=\"noopener noreferrer\">Plano de Ensino<\/a><\/p>\n<p style=\"text-align: center\"><span style=\"color: #0000ff\"><strong>Listas de Exerc\u00edcios<\/strong><\/span><\/p>\n<p style=\"text-align: center\"><a href=\"https:\/\/wp.ufpel.edu.br\/zahn\/files\/2016\/08\/2016AN_2_lista_01.pdf\" target=\"_blank\" rel=\"noopener noreferrer\">Lista 01<\/a>\u00a0 \u00a0 \u00a0 \u00a0 \u00a0 \u00a0 <a href=\"https:\/\/wp.ufpel.edu.br\/zahn\/files\/2016\/08\/2016AN_2_lista_02.pdf\" target=\"_blank\" rel=\"noopener noreferrer\">Lista 02<\/a>\u00a0 \u00a0 \u00a0 \u00a0 \u00a0 \u00a0 \u00a0<a href=\"https:\/\/wp.ufpel.edu.br\/zahn\/files\/2016\/08\/2016AN_2_lista_03.pdf\" target=\"_blank\" rel=\"noopener noreferrer\">Lista 03<\/a>\u00a0 \u00a0 \u00a0 \u00a0 \u00a0 \u00a0<a href=\"https:\/\/wp.ufpel.edu.br\/zahn\/files\/2016\/09\/2016AN_2_lista_04.pdf\" target=\"_blank\" rel=\"noopener noreferrer\">Lista 04<\/a>\u00a0 \u00a0 \u00a0 \u00a0 \u00a0 \u00a0<a href=\"https:\/\/wp.ufpel.edu.br\/zahn\/files\/2016\/09\/2016AN_2_lista_05.pdf\" target=\"_blank\" rel=\"noopener noreferrer\">Lista 05<\/a><\/p>\n<p style=\"text-align: center\">\u00a0\u00a0<a href=\"https:\/\/wp.ufpel.edu.br\/zahn\/files\/2016\/10\/2016AN_2_lista_06.pdf\" target=\"_blank\" rel=\"noopener noreferrer\">Lista 06<\/a>\u00a0 \u00a0 \u00a0 \u00a0 \u00a0 <a href=\"https:\/\/wp.ufpel.edu.br\/zahn\/files\/2017\/02\/2016AN_2_lista_07.pdf\" target=\"_blank\" rel=\"noopener noreferrer\">Lista 07<\/a>\u00a0 \u00a0 \u00a0 \u00a0 \u00a0<a href=\"https:\/\/wp.ufpel.edu.br\/zahn\/files\/2017\/02\/2016AN_2_lista_08.pdf\" target=\"_blank\" rel=\"noopener noreferrer\">Lista 08<\/a>\u00a0 \u00a0 \u00a0 \u00a0 \u00a0<a href=\"https:\/\/wp.ufpel.edu.br\/zahn\/files\/2017\/03\/2016AN_2_lista_09.pdf\" target=\"_blank\" rel=\"noopener noreferrer\">Lista 09<\/a><\/p>\n<p style=\"text-align: center\"><strong><span style=\"color: #0000ff\">Algumas Respostas das Listas<\/span><\/strong><\/p>\n<p style=\"text-align: center\"><a href=\"https:\/\/wp.ufpel.edu.br\/zahn\/files\/2016\/09\/2016Resp_L1_An2.pdf\" target=\"_blank\" rel=\"noopener noreferrer\">Resp. Lista 01<\/a>\u00a0 \u00a0 \u00a0 \u00a0 \u00a0 \u00a0<a href=\"https:\/\/wp.ufpel.edu.br\/zahn\/files\/2016\/09\/2016Resp_L2_An2.pdf\" target=\"_blank\" rel=\"noopener noreferrer\"> Resp. Lista 02<\/a>\u00a0 \u00a0 \u00a0 \u00a0 \u00a0 \u00a0\u00a0<a href=\"https:\/\/wp.ufpel.edu.br\/zahn\/files\/2016\/09\/2016Resp_lista_03.pdf\" target=\"_blank\" rel=\"noopener noreferrer\">Resp. Lista 03<\/a><\/p>\n<p style=\"text-align: center\"><a href=\"https:\/\/wp.ufpel.edu.br\/zahn\/files\/2016\/09\/2016Resp_lista_04.pdf\" target=\"_blank\" rel=\"noopener noreferrer\">Resp. Lista 04<\/a>\u00a0 \u00a0 \u00a0 \u00a0 \u00a0 <a href=\"https:\/\/wp.ufpel.edu.br\/zahn\/files\/2016\/10\/2016Resp_lista_05.pdf\" target=\"_blank\" rel=\"noopener noreferrer\">Resp. Lista 05<\/a><\/p>\n<p style=\"text-align: center\"><a href=\"https:\/\/wp.ufpel.edu.br\/zahn\/files\/2017\/03\/2016RespA_lista_06_An2.pdf\" target=\"_blank\" rel=\"noopener noreferrer\">Resp. Lista 06<\/a>\u00a0 \u00a0 \u00a0 \u00a0 \u00a0\u00a0<a href=\"https:\/\/wp.ufpel.edu.br\/zahn\/files\/2017\/03\/2016Resp_An_2_lista_07.pdf\" target=\"_blank\" rel=\"noopener noreferrer\">Resp. Lista 07<\/a>\u00a0 \u00a0 \u00a0 \u00a0 \u00a0\u00a0<a href=\"https:\/\/wp.ufpel.edu.br\/zahn\/files\/2017\/03\/2016RespAN_2_lista_08.pdf\" target=\"_blank\" rel=\"noopener noreferrer\">Resp. Lista 08<\/a><\/p>\n<p style=\"text-align: center\"><strong><span style=\"color: #0000ff\">Diversos<\/span><\/strong><\/p>\n<p style=\"text-align: justify\">\u25ca <a href=\"https:\/\/wp.ufpel.edu.br\/zahn\/files\/2016\/08\/Art_0_fatorial.pdf\" target=\"_blank\" rel=\"noopener noreferrer\">Artigo<\/a> que &#8220;prova&#8221; que o fatorial de zero vale 1. H\u00e1 um erro matem\u00e1tico na prova, voc\u00ea consegue encontrar?<\/p>\n<p>\u25ca Acesso ao material da aula que est\u00e1 sendo digitado, clique\u00a0<a href=\"https:\/\/wp.ufpel.edu.br\/zahn\/files\/2016\/08\/textoAn.pdf\" target=\"_blank\" rel=\"noopener noreferrer\">aqui<\/a>\u00a0(vers\u00e3o de 06\/03\/2017, \u00e0s 22h03min).<\/p>\n<p>\u25ca <span style=\"color: #000000\">Para assistir v\u00eddeos do Curso de An\u00e1lise na Reta, ministrado pelo Prof. Elon Lages Lima, IMPA, clique <a style=\"color: #000000\" href=\"http:\/\/video.impa.br\/index.php?page=programa-de-verao-2011-analise-na-reta\" target=\"_blank\" rel=\"noopener noreferrer\">aqui<\/a>.<\/span><\/p>\n<p>\u25ca Alguns artigos de An\u00e1lise Real:<\/p>\n<ol>\n<li><a href=\"https:\/\/wp.ufpel.edu.br\/zahn\/files\/2017\/01\/ens_calculo_Analise.pdf\" target=\"_blank\" rel=\"noopener noreferrer\">Sobre o ensino da An\u00e1lise<\/a>;<\/li>\n<li><a href=\"https:\/\/wp.ufpel.edu.br\/zahn\/files\/2017\/01\/On-a-discontinuity-of-a-derivative.pdf\" target=\"_blank\" rel=\"noopener noreferrer\">Sobre a descontinuidade de uma derivada<\/a>;<\/li>\n<li><a href=\"https:\/\/wp.ufpel.edu.br\/zahn\/files\/2017\/01\/cm13112.pdf\" target=\"_blank\" rel=\"noopener noreferrer\">A derivada de uma fun\u00e7\u00e3o descont\u00ednua<\/a>;<\/li>\n<li><a href=\"https:\/\/wp.ufpel.edu.br\/zahn\/files\/2017\/01\/NNTDM-21-1-31-35.pdf\" target=\"_blank\" rel=\"noopener noreferrer\">Desigualdades com logaritmos<\/a>;<\/li>\n<li><a href=\"https:\/\/wp.ufpel.edu.br\/zahn\/files\/2017\/01\/taylor_formula.pdf\" target=\"_blank\" rel=\"noopener noreferrer\">Resto da F\u00f3rmula de Taylor<\/a>.<\/li>\n<\/ol>\n<p>\u25ca Para acessar o arquivo pdf de um livro de An\u00e1lise Real (em ingl\u00eas), clique <a href=\"https:\/\/wp.ufpel.edu.br\/zahn\/files\/2017\/01\/book.pdf\" target=\"_blank\" rel=\"noopener noreferrer\">aqui<\/a>.<\/p>\n<p>\u25ca Material (livro em pdf aberto) elaborado por um professor da UFRJ, acesse <a href=\"https:\/\/wp.ufpel.edu.br\/zahn\/files\/2017\/02\/Curso_de_Anlise_Real.pdf\" target=\"_blank\" rel=\"noopener noreferrer\">aqui<\/a>.<\/p>\n<p>&nbsp;<\/p>\n<p style=\"text-align: center\"><span style=\"color: #0000ff\"><strong>Aten\u00e7\u00e3o para datas das Provas:<\/strong><\/span><\/p>\n<p style=\"text-align: center\"><a href=\"https:\/\/wp.ufpel.edu.br\/zahn\/files\/2016\/10\/Prova_01.pdf\" target=\"_blank\" rel=\"noopener noreferrer\">Prova 01<\/a> &#8211; dia 11\/10\/2016 (ter\u00e7a) &#8211; <a href=\"https:\/\/wp.ufpel.edu.br\/zahn\/files\/2016\/10\/Gab_Prova_01.pdf\" target=\"_blank\" rel=\"noopener noreferrer\">Gabarito<\/a><\/p>\n<p style=\"text-align: center\"><a href=\"https:\/\/wp.ufpel.edu.br\/zahn\/files\/2017\/03\/Prova_02-1.pdf\" target=\"_blank\" rel=\"noopener noreferrer\">Prova 02<\/a> &#8211; dia 17\/03\/2017 (sexta)<\/p>\n<p style=\"text-align: center\">Prova optativa &#8211;<\/p>\n<p style=\"text-align: center\">Exame &#8211;<\/p>\n<p style=\"text-align: center\">\u25a8\u25a8\u25a8\u25a8\u25a8\u25a8\u25a8\u25a8\u25a8\u25a8\u25a8\u25a8\u25a8\u25a8\u25a8\u25a8\u25a8\u25a8\u25a8\u25a8\u25a8\u25a8\u25a8\u25a8\u25a8\u25a8\u25a8\u25a8\u25a8\u25a8\u25a8<\/p>\n<p style=\"text-align: center\"><strong>C\u00c1LCULO 1<br \/>\n<\/strong><\/p>\n<p style=\"text-align: center\">(Cursos 2900 e 2910 &#8211; F\u00edsica Lic. e F\u00edsica Bach.)<\/p>\n<p style=\"text-align: center\"><a href=\"https:\/\/wp.ufpel.edu.br\/zahn\/files\/2016\/08\/2016Plan_ens_Calc_1.pdf\" target=\"_blank\" rel=\"noopener noreferrer\"><img loading=\"lazy\" decoding=\"async\" class=\"wp-image-457 gr-progress aligncenter\" src=\"https:\/\/wp.ufpel.edu.br\/zahn\/files\/2016\/08\/tut9machine-424x198.gif\" alt=\"tut9machine\" width=\"320\" height=\"149\" srcset=\"https:\/\/wp.ufpel.edu.br\/zahn\/files\/2016\/08\/tut9machine-424x198.gif 424w, https:\/\/wp.ufpel.edu.br\/zahn\/files\/2016\/08\/tut9machine-212x99.gif 212w, https:\/\/wp.ufpel.edu.br\/zahn\/files\/2016\/08\/tut9machine-768x359.gif 768w\" sizes=\"auto, (max-width: 320px) 100vw, 320px\" \/><\/a><a href=\"https:\/\/wp.ufpel.edu.br\/zahn\/files\/2016\/08\/2016Plan_ens_Calc_1.pdf\" target=\"_blank\" rel=\"noopener noreferrer\">Plano de Ensino<\/a><\/p>\n<p style=\"text-align: center\"><span style=\"color: #0000ff\"><strong>Listas<\/strong><\/span><\/p>\n<p style=\"text-align: center\"><a href=\"https:\/\/wp.ufpel.edu.br\/zahn\/files\/2016\/08\/lista_1_cI.pdf\" target=\"_blank\" rel=\"noopener noreferrer\">Lista 01<\/a>\u00a0 \u00a0\u00a0 \u00a0 \u00a0<a href=\"https:\/\/wp.ufpel.edu.br\/zahn\/files\/2016\/08\/lista_2_c1.pdf\" target=\"_blank\" rel=\"noopener noreferrer\"> Lista 02<\/a>\u00a0 \u00a0 \u00a0 \u00a0 \u00a0<a href=\"https:\/\/wp.ufpel.edu.br\/zahn\/files\/2016\/09\/lista_3_c1.pdf\" target=\"_blank\" rel=\"noopener noreferrer\">Lista 03<\/a>\u00a0 \u00a0 \u00a0 \u00a0 \u00a0<a href=\"https:\/\/wp.ufpel.edu.br\/zahn\/files\/2016\/09\/lista_4_c1.pdf\" target=\"_blank\" rel=\"noopener noreferrer\">Lista 04<\/a>\u00a0 \u00a0 \u00a0 \u00a0 \u00a0\u00a0<a href=\"https:\/\/wp.ufpel.edu.br\/zahn\/files\/2016\/10\/lista_5_c1.pdf\" target=\"_blank\" rel=\"noopener noreferrer\">Lista 05<\/a><\/p>\n<p style=\"text-align: center\"><a href=\"https:\/\/wp.ufpel.edu.br\/zahn\/files\/2017\/01\/lista_6_c1.pdf\" target=\"_blank\" rel=\"noopener noreferrer\">Lista 06<\/a>\u00a0 \u00a0 \u00a0 \u00a0\u00a0 <a href=\"https:\/\/wp.ufpel.edu.br\/zahn\/files\/2017\/02\/lista_7_c1.pdf\" target=\"_blank\" rel=\"noopener noreferrer\">Lista 07<\/a>\u00a0 \u00a0 \u00a0 \u00a0 <a href=\"https:\/\/wp.ufpel.edu.br\/zahn\/files\/2017\/03\/lista_8_c_1.pdf\" target=\"_blank\" rel=\"noopener noreferrer\">Lista 08<\/a>\u00a0 \u00a0 \u00a0 \u00a0\u00a0 <a href=\"https:\/\/wp.ufpel.edu.br\/zahn\/files\/2017\/03\/lista_9_c1.pdf\" target=\"_blank\" rel=\"noopener noreferrer\">Lista 09<\/a>\u00a0\u00a0\u00a0\u00a0\u00a0 \u00a0 <a href=\"https:\/\/wp.ufpel.edu.br\/zahn\/files\/2017\/03\/lista_10_c1.pdf\" target=\"_blank\" rel=\"noopener noreferrer\">Lista 10<\/a><\/p>\n<p style=\"text-align: center\"><strong><span style=\"color: #0000ff\">Respostas de exerc\u00edcios<\/span><\/strong><\/p>\n<p style=\"text-align: center\"><a href=\"https:\/\/wp.ufpel.edu.br\/zahn\/files\/2016\/09\/Resp_c1_L1.pdf\" target=\"_blank\" rel=\"noopener noreferrer\">Resp. Lista 01<\/a>\u00a0 \u00a0 \u00a0 \u00a0 \u00a0<a href=\"https:\/\/wp.ufpel.edu.br\/zahn\/files\/2016\/09\/resp_lista_2.pdf\" target=\"_blank\" rel=\"noopener noreferrer\">Resp. Lista 02<\/a>\u00a0 \u00a0 \u00a0 \u00a0 \u00a0<a href=\"https:\/\/wp.ufpel.edu.br\/zahn\/files\/2016\/09\/Resp_c1_L3.pdf\" target=\"_blank\" rel=\"noopener noreferrer\">Resp. Lista 03<\/a><\/p>\n<p style=\"text-align: center\"><a href=\"https:\/\/wp.ufpel.edu.br\/zahn\/files\/2016\/10\/Resp_lista_4.pdf\" target=\"_blank\" rel=\"noopener noreferrer\">Resp. Lista 04<\/a>\u00a0 \u00a0 \u00a0 \u00a0 \u00a0<a href=\"https:\/\/wp.ufpel.edu.br\/zahn\/files\/2016\/10\/Resp_lista_5.pdf\" target=\"_blank\" rel=\"noopener noreferrer\">Resp. Lista 05 <\/a><\/p>\n<p style=\"text-align: center\"><a href=\"https:\/\/wp.ufpel.edu.br\/zahn\/files\/2017\/03\/2016Resp_C1_L6.pdf\" target=\"_blank\" rel=\"noopener noreferrer\">Resp. Lista 06<\/a>\u00a0 \u00a0 \u00a0 \u00a0\u00a0<a href=\"https:\/\/wp.ufpel.edu.br\/zahn\/files\/2017\/03\/Resp_L_07_c12016.pdf\" target=\"_blank\" rel=\"noopener noreferrer\"> Resp. Lista 07<\/a>\u00a0 \u00a0 \u00a0 \u00a0\u00a0<a href=\"https:\/\/wp.ufpel.edu.br\/zahn\/files\/2017\/03\/Resp_L_08_c12016.pdf\" target=\"_blank\" rel=\"noopener noreferrer\">Resp. Lista 08<\/a>\u00a0 \u00a0 \u00a0 \u00a0 \u00a0<a href=\"https:\/\/wp.ufpel.edu.br\/zahn\/files\/2017\/03\/Resp_c1_L9.pdf\" target=\"_blank\" rel=\"noopener noreferrer\">Resp. Lista 09<\/a><\/p>\n<p style=\"text-align: center\"><a href=\"https:\/\/wp.ufpel.edu.br\/zahn\/files\/2017\/03\/c_1_Resp_Lista10.pdf.pdf\" target=\"_blank\" rel=\"noopener noreferrer\">Resp. Lista 10<\/a><\/p>\n<p style=\"text-align: center\"><span style=\"color: #0000ff\"><strong>Diversos<\/strong><\/span><\/p>\n<p style=\"text-align: left\">\u25ca\u00a0Sobre o &#8220;<a href=\"https:\/\/pt.wikipedia.org\/wiki\/Hotel_de_Hilbert\" target=\"_blank\" rel=\"noopener noreferrer\">Hotel de Hilbert<\/a>&#8220;, discutido em aula.<\/p>\n<p style=\"text-align: left\">\u25ca\u00a0Sobre a &#8220;<a href=\"https:\/\/pt.wikipedia.org\/wiki\/Caten\u00e1ria\" target=\"_blank\" rel=\"noopener noreferrer\">caten\u00e1ria<\/a>&#8220;, discutida na aula do dia 25\/08\/2016.<\/p>\n<p style=\"text-align: left\">\u25ca\u00a0<a href=\"http:\/\/www.uff.br\/webmat\/Calc1_LivroOnLine\/Cap01_Calc1.html\" target=\"_blank\" rel=\"noopener noreferrer\">Aqui<\/a> voc\u00ea encontra um material online de um curso de C\u00e1lculo da Universidade Federal Fluminense.<\/p>\n<p style=\"text-align: left\">\u25ca Duas provas antigas de C\u00e1lculo, embora n\u00e3o servem muito como modelo, pois cada curso \u00e9 um curso, mas para satisfazer a &#8220;curiosidade&#8221;, voc\u00ea pode acessar uma delas clicando <a href=\"https:\/\/wp.ufpel.edu.br\/zahn\/files\/2016\/09\/Prova_1_Ci.pdf\" target=\"_blank\" rel=\"noopener noreferrer\">aqui<\/a>, e a outra, <a href=\"https:\/\/wp.ufpel.edu.br\/zahn\/files\/2016\/09\/sol_Pr_01_diurno.pdf\" target=\"_blank\" rel=\"noopener noreferrer\">aqui<\/a>.<\/p>\n<p style=\"text-align: left\">\u25ca <span style=\"color: #008000\"><span style=\"color: #0000ff\">Sobre um pouco da Hist\u00f3ria do C\u00e1lculo, voc\u00ea pode acessar um conte\u00fado livre da Wikip\u00e9dia clicando<\/span> <a style=\"color: #008000\" href=\"https:\/\/pt.wikipedia.org\/wiki\/C\u00e1lculo\" target=\"_blank\" rel=\"noopener noreferrer\">aqui<\/a><\/span>.<\/p>\n<p style=\"text-align: left\">\u25ca <span style=\"color: #ff0000\">NOVO<\/span>:\u00a0Prova 2 antiga de<a href=\"https:\/\/wp.ufpel.edu.br\/zahn\/files\/2017\/02\/GabaritoPrv_02_dia.pdf\" target=\"_blank\" rel=\"noopener noreferrer\"> C\u00e1lculo I<\/a> de 2015 (seu gabarito) e uma Prova 2 antiga de<a href=\"https:\/\/wp.ufpel.edu.br\/zahn\/files\/2017\/02\/prova_2Calc_1_A.pdf\" target=\"_blank\" rel=\"noopener noreferrer\"> C\u00e1lculo 1A<\/a> de 2010.<\/p>\n<p style=\"text-align: center\"><span style=\"color: #0000ff\"><strong>Monitorias:<\/strong><\/span><\/p>\n<p style=\"text-align: center\">Monitor do <a href=\"https:\/\/wp.ufpel.edu.br\/projetogama\/\" target=\"_blank\" rel=\"noopener noreferrer\">Projeto Gama<\/a>: Vin\u00edcius Torres Marques.<\/p>\n<p style=\"text-align: center\">Local: Campus Cap\u00e3o do Le\u00e3o, Pr\u00e9dio 5, sala 221<\/p>\n<p style=\"text-align: center\">Segundas: das 13h \u00e0s 14h; Quartas: das 10h \u00e0s 12h e das 14h \u00e0s 16h;\u00a0Sextas:\u00a0das 13h \u00e0s 16h.<\/p>\n<p style=\"text-align: center\"><span style=\"color: #0000ff\"><strong>Aten\u00e7\u00e3o para datas das Provas:<\/strong><\/span><\/p>\n<p style=\"text-align: center\"><a href=\"https:\/\/wp.ufpel.edu.br\/zahn\/files\/2016\/10\/Prova_01-2.pdf\" target=\"_blank\" rel=\"noopener noreferrer\">Prova 01<\/a> &#8211; dia 18\/10\/2016 (ter\u00e7a). <a href=\"https:\/\/wp.ufpel.edu.br\/zahn\/files\/2016\/10\/Gab_Prv1_C1.pdf\" target=\"_blank\" rel=\"noopener noreferrer\">Gabarito<\/a><\/p>\n<p style=\"text-align: center\"><a href=\"https:\/\/wp.ufpel.edu.br\/zahn\/files\/2017\/03\/Prova_02.pdf\" target=\"_blank\" rel=\"noopener noreferrer\">Prova 02<\/a> &#8211; dia 21\/03\/2017 (ter\u00e7a). <a href=\"https:\/\/wp.ufpel.edu.br\/zahn\/files\/2017\/03\/Gab_Prv2_C2.pdf\" target=\"_blank\" rel=\"noopener noreferrer\">Gabarito<\/a><\/p>\n<p style=\"text-align: center\">Prova Optativa &#8211; dia 23\/03\/2017 (quinta)<\/p>\n<p style=\"text-align: center\">Exame &#8211; dia 28\/03\/2017 (ter\u00e7a)<\/p>\n<p style=\"text-align: center\">\u221e\u221e\u221e\u221e\u221e\u221e\u221e\u221e\u221e\u221e\u221e\u221e\u221e\u221e\u221e\u221e\u221e\u221e\u221e\u221e\u221e\u221e\u221e\u221e\u221e\u221e\u221e\u221e\u221e\u221e\u221e\u221e\u221e\u221e\u221e\u221e\u221e\u221e\u221e\u221e\u221e\u221e\u221e\u221e\u221e\u221e\u221e<\/p>\n<h3 style=\"text-align: center\"><strong>SEMESTER PRIMVM\u00a0MMXVI ANNVM DOMINI<\/strong><\/h3>\n<p style=\"text-align: center\"><strong>TRIGONOMETRIA<\/strong><\/p>\n<p style=\"text-align: center\"><img loading=\"lazy\" decoding=\"async\" class=\"wp-image-260 aligncenter\" src=\"https:\/\/wp.ufpel.edu.br\/zahn\/files\/2016\/04\/205925_326642747441732_1703906016_n.jpg\" alt=\"205925_326642747441732_1703906016_n\" width=\"207\" height=\"164\" srcset=\"https:\/\/wp.ufpel.edu.br\/zahn\/files\/2016\/04\/205925_326642747441732_1703906016_n.jpg 380w, https:\/\/wp.ufpel.edu.br\/zahn\/files\/2016\/04\/205925_326642747441732_1703906016_n-201x159.jpg 201w\" sizes=\"auto, (max-width: 207px) 100vw, 207px\" \/><\/p>\n<p style=\"text-align: center\">(Para os cursos de Lic. em Matem\u00e1tica- Hor\u00e1rio: quintas, das 19h \u00e0s 22h30min, no Campus Porto)<\/p>\n<p style=\"text-align: center\"><a href=\"https:\/\/wp.ufpel.edu.br\/zahn\/files\/2016\/02\/2016Plan_ens_Trig.pdf\" target=\"_blank\" rel=\"noopener noreferrer\">Plano de ensino<\/a><\/p>\n<p style=\"text-align: center\"><strong><span style=\"color: #0000ff\">Listas\u00a0<\/span><\/strong><\/p>\n<p style=\"text-align: center\"><a href=\"https:\/\/wp.ufpel.edu.br\/zahn\/files\/2016\/02\/2016Trig_lista_01-2.pdf\" target=\"_blank\" rel=\"noopener noreferrer\">Lista 01<\/a>\u00a0 \u00a0 \u00a0 \u00a0 \u00a0 <a href=\"https:\/\/wp.ufpel.edu.br\/zahn\/files\/2016\/03\/Trig_lista_02.pdf\" target=\"_blank\" rel=\"noopener noreferrer\">Lista 02<\/a>\u00a0\u00a0 \u00a0 \u00a0 \u00a0 \u00a0 <a href=\"https:\/\/wp.ufpel.edu.br\/zahn\/files\/2016\/04\/Trig_lista_03.pdf\" target=\"_blank\" rel=\"noopener noreferrer\">Lista 03<\/a>\u00a0 \u00a0 \u00a0 \u00a0 \u00a0<a href=\"https:\/\/wp.ufpel.edu.br\/zahn\/files\/2016\/04\/Trig_lista_04.pdf\" target=\"_blank\" rel=\"noopener noreferrer\">Lista 04<\/a>\u00a0 \u00a0 \u00a0 \u00a0 \u00a0\u00a0<a href=\"https:\/\/wp.ufpel.edu.br\/zahn\/files\/2016\/04\/Trig_lista_05.pdf\" target=\"_blank\" rel=\"noopener noreferrer\">Lista 05<\/a><\/p>\n<p style=\"text-align: center\"><a href=\"https:\/\/wp.ufpel.edu.br\/zahn\/files\/2016\/04\/Extra_Trig.pdf\" target=\"_blank\" rel=\"noopener noreferrer\">LISTA EXTRA<\/a><\/p>\n<p style=\"text-align: center\"><a href=\"https:\/\/wp.ufpel.edu.br\/zahn\/files\/2016\/05\/Trig_lista_06.pdf\" target=\"_blank\" rel=\"noopener noreferrer\">Lista 06<\/a>\u00a0 \u00a0 \u00a0 \u00a0\u00a0<a href=\"https:\/\/wp.ufpel.edu.br\/zahn\/files\/2016\/05\/Trig_lista_07.pdf\" target=\"_blank\" rel=\"noopener noreferrer\"> Lista 07<\/a>\u00a0 \u00a0 \u00a0 \u00a0 \u00a0<a href=\"https:\/\/wp.ufpel.edu.br\/zahn\/files\/2016\/06\/Trig_lista_08.pdf\" target=\"_blank\" rel=\"noopener noreferrer\">lista 08<\/a>\u00a0 \u00a0 \u00a0 \u00a0 \u00a0<a href=\"https:\/\/wp.ufpel.edu.br\/zahn\/files\/2016\/06\/Trig_lista_09.pdf\" target=\"_blank\" rel=\"noopener noreferrer\">Lista 09<\/a><\/p>\n<p style=\"text-align: center\"><strong><span style=\"color: #0000ff\">Resolu\u00e7\u00f5es das Listas<\/span><\/strong><\/p>\n<p style=\"text-align: center\"><a href=\"https:\/\/wp.ufpel.edu.br\/zahn\/files\/2016\/04\/Trig_resp_L01.pdf\" target=\"_blank\" rel=\"noopener noreferrer\">Resp. Lista 01<\/a>\u00a0 \u00a0 \u00a0 \u00a0 \u00a0<a href=\"https:\/\/wp.ufpel.edu.br\/zahn\/files\/2016\/04\/Trig_resp_L02.pdf\" target=\"_blank\" rel=\"noopener noreferrer\">Resp. Lista 02<\/a>\u00a0 \u00a0 \u00a0 \u00a0 \u00a0<a href=\"https:\/\/wp.ufpel.edu.br\/zahn\/files\/2016\/04\/Resp_Trig_L03.pdf\" target=\"_blank\" rel=\"noopener noreferrer\">\u00a0Resp. Lista 03<\/a><\/p>\n<p style=\"text-align: center\"><a href=\"https:\/\/wp.ufpel.edu.br\/zahn\/files\/2016\/06\/Trig_resp_L06_09.pdf\" target=\"_blank\" rel=\"noopener noreferrer\">Respostas de exerc\u00edcios das Listas 06 a 09<\/a><\/p>\n<p style=\"text-align: center\"><strong><span style=\"color: #0000ff\">Diversos<\/span><\/strong><\/p>\n<p style=\"text-align: left\">\u25ca\u00a0<a href=\"https:\/\/wp.ufpel.edu.br\/zahn\/files\/2016\/03\/tabela_trig.pdf\" target=\"_blank\" rel=\"noopener noreferrer\">Linhas trigonom\u00e9tricas<\/a> de seno, cosseno e tangente.<\/p>\n<p style=\"text-align: left\">\u25ca Apresenta\u00e7\u00e3o hist\u00f3rica sobre a Trigonometria, da aula do dia 17\/03\/2016, pode ser acessada <a href=\"https:\/\/wp.ufpel.edu.br\/zahn\/files\/2016\/03\/apres.pdf\" target=\"_blank\" rel=\"noopener noreferrer\">aqui<\/a>.<\/p>\n<p style=\"text-align: left\">\u25ca Uma p\u00e1gina bem interessante onde h\u00e1 anima\u00e7\u00f5es para as constru\u00e7\u00f5es gr\u00e1ficas das \u00a0fun\u00e7\u00f5es circulares diretas (al\u00e9m de outros conte\u00fados do C\u00e1lculo) pode ser acessado clicando <a href=\"http:\/\/www.uff.br\/webmat\/Calc1_LivroOnLine\/Cap04_Calc1.html\" target=\"_blank\" rel=\"noopener noreferrer\">aqui<\/a>.<\/p>\n<p style=\"text-align: center\"><strong><span style=\"color: #0000ff\">Provas! (dies ir\u00e6, dies illa)<\/span><\/strong><\/p>\n<p style=\"text-align: center\"><strong><span style=\"color: #f02453\">Aten\u00e7\u00e3o para as datas das \u00a0Provas!!!<\/span><\/strong><\/p>\n<p style=\"text-align: center\"><a href=\"https:\/\/wp.ufpel.edu.br\/zahn\/files\/2016\/05\/ProvTrig_01.pdf\" target=\"_blank\" rel=\"noopener noreferrer\">Prova 1<\/a> &#8211; dia 05\/05\/2016 &#8211; <a href=\"https:\/\/wp.ufpel.edu.br\/zahn\/files\/2016\/05\/Gab_Prv1_Trig.pdf\" target=\"_blank\" rel=\"noopener noreferrer\">Gabarito<\/a><\/p>\n<p style=\"text-align: center\"><a href=\"https:\/\/wp.ufpel.edu.br\/zahn\/files\/2016\/07\/ProvTrig_02.pdf\" target=\"_blank\" rel=\"noopener noreferrer\">Prova 2<\/a> &#8211; dia 30\/06\/2016<\/p>\n<p style=\"text-align: center\"><a href=\"https:\/\/wp.ufpel.edu.br\/zahn\/files\/2016\/07\/Prov_opt.pdf\" target=\"_blank\" rel=\"noopener noreferrer\">Optativa<\/a> &#8211; dia 07\/07\/2016<\/p>\n<p style=\"text-align: center\">Exame Final &#8211; 14\/07\/2016<\/p>\n<p style=\"text-align: center\">______________________________________________________________<\/p>\n<p style=\"text-align: center\"><strong>\u00c1LGEBRA LINEAR<\/strong><\/p>\n<p style=\"text-align: center\"><img loading=\"lazy\" decoding=\"async\" class=\"alignnone wp-image-178\" src=\"https:\/\/wp.ufpel.edu.br\/zahn\/files\/2016\/02\/16Afrj1.gif\" alt=\"16Afrj1\" width=\"111\" height=\"143\" \/><\/p>\n<p style=\"text-align: center\">(Para o curso de Lic. em Matem\u00e1tica Noturno. Hor\u00e1rio: segundas, das 20:40 \u00e0s 22:30 e quartas, das 19:00 \u00e0s 20:40)<\/p>\n<p style=\"text-align: center\">Monitor: Marciano. Hor\u00e1rios da monitoria:<\/p>\n<p style=\"text-align: center\">Quintas, das 13h \u00e0s 16h (Campus Cap\u00e3o)<\/p>\n<p style=\"text-align: center\">Sextas, das 13h \u00e0s 16h (Cap\u00e3o); e das 19h \u00e0s 22h (Campus Anglo)<\/p>\n<p style=\"text-align: center\"><a href=\"https:\/\/wp.ufpel.edu.br\/zahn\/files\/2016\/02\/2016Plan_ens_Alg_Lin.pdf\" target=\"_blank\" rel=\"noopener noreferrer\">Plano de Ensino<\/a><\/p>\n<p style=\"text-align: center\"><strong><span style=\"color: #0000ff\">Listas\u00a0<\/span><\/strong><\/p>\n<p style=\"text-align: center\"><a href=\"https:\/\/wp.ufpel.edu.br\/zahn\/files\/2016\/02\/2016AL_lista_1.pdf\" target=\"_blank\" rel=\"noopener noreferrer\">Lista 01<\/a>\u00a0 \u00a0 \u00a0 \u00a0\u00a0\u00a0<a href=\"https:\/\/wp.ufpel.edu.br\/zahn\/files\/2016\/03\/2016AL_lista_2.pdf\" target=\"_blank\" rel=\"noopener noreferrer\">Lista 02<\/a>\u00a0 \u00a0 \u00a0 \u00a0 \u00a0<a href=\"https:\/\/wp.ufpel.edu.br\/zahn\/files\/2016\/04\/2016AL_lista_3.pdf\" target=\"_blank\" rel=\"noopener noreferrer\">Lista 03<\/a>\u00a0 \u00a0 \u00a0 \u00a0 \u00a0<a href=\"https:\/\/wp.ufpel.edu.br\/zahn\/files\/2016\/04\/2016AL_lista_4.pdf\" target=\"_blank\" rel=\"noopener noreferrer\">Lista 04<\/a><\/p>\n<p style=\"text-align: center\"><a href=\"https:\/\/wp.ufpel.edu.br\/zahn\/files\/2016\/06\/2016AL_lista_5.pdf\" target=\"_blank\" rel=\"noopener noreferrer\">Lista 05<\/a>\u00a0 \u00a0 \u00a0 \u00a0 <a href=\"https:\/\/wp.ufpel.edu.br\/zahn\/files\/2016\/06\/2016AL_lista_6.pdf\" target=\"_blank\" rel=\"noopener noreferrer\">Lista 06<\/a>\u00a0 \u00a0 \u00a0 \u00a0\u00a0<a href=\"https:\/\/wp.ufpel.edu.br\/zahn\/files\/2016\/06\/2016AL_lista_7.pdf\" target=\"_blank\" rel=\"noopener noreferrer\">Lista 07<\/a><\/p>\n<p style=\"text-align: center\"><strong><span style=\"color: #0000ff\">Resolu\u00e7\u00e3o das Listas<\/span><\/strong><\/p>\n<p style=\"text-align: center\"><a href=\"https:\/\/wp.ufpel.edu.br\/zahn\/files\/2016\/04\/Resp_L1_AL.pdf\" target=\"_blank\" rel=\"noopener noreferrer\">Resp. Lista 01<\/a>\u00a0 \u00a0 \u00a0 \u00a0 \u00a0<a href=\"https:\/\/wp.ufpel.edu.br\/zahn\/files\/2016\/05\/Resp_L2_AL.pdf\" target=\"_blank\" rel=\"noopener noreferrer\"> Resp. Lista 02<\/a>\u00a0 \u00a0 \u00a0 \u00a0 <a href=\"https:\/\/wp.ufpel.edu.br\/zahn\/files\/2016\/05\/Resp_L3_AL.pdf\">\u00a0Resp. Lista 03<\/a>\u00a0 \u00a0 \u00a0 \u00a0<a href=\"https:\/\/wp.ufpel.edu.br\/zahn\/files\/2016\/05\/Resp_L4_AL.pdf\" target=\"_blank\" rel=\"noopener noreferrer\">Resp. Lista 04<\/a><\/p>\n<p style=\"text-align: center\"><a href=\"https:\/\/wp.ufpel.edu.br\/zahn\/files\/2016\/06\/Resp_L5_AL.pdf\" target=\"_blank\" rel=\"noopener noreferrer\">Resp. Lista 05<\/a><\/p>\n<p style=\"text-align: center\"><strong><span style=\"color: #0000ff\">Material Extra<\/span><\/strong><\/p>\n<p>\u25ca Prova da associatividade do produto de matrizes feita na aula 1, acesse clicando <a href=\"https:\/\/wp.ufpel.edu.br\/zahn\/files\/2016\/03\/2016AL_Prod_Mat.pdf\" target=\"_blank\" rel=\"noopener noreferrer\">aqui<\/a>.<\/p>\n<p>&nbsp;<\/p>\n<p style=\"text-align: center\"><strong><span style=\"color: #0000ff\">Provas! (dies ir\u00e6, dies illa)<\/span><\/strong><\/p>\n<p style=\"text-align: center\"><a href=\"https:\/\/wp.ufpel.edu.br\/zahn\/files\/2016\/05\/Prov_AL_01.pdf\" target=\"_blank\" rel=\"noopener noreferrer\">Prova 01<\/a> &#8211; dia 11\/05\/2016<\/p>\n<p style=\"text-align: center\"><a href=\"https:\/\/wp.ufpel.edu.br\/zahn\/files\/2016\/07\/Prov_AL_02.pdf\" target=\"_blank\" rel=\"noopener noreferrer\">Prova 02<\/a> &#8211; dia 06\/07\/2016<\/p>\n<p style=\"text-align: center\"><a href=\"https:\/\/wp.ufpel.edu.br\/zahn\/files\/2016\/07\/Prov_AL_OPT.pdf\" target=\"_blank\" rel=\"noopener noreferrer\">Optativa<\/a> &#8211; 11\/07\/2016<\/p>\n<p style=\"text-align: center\">Exame Final &#8211; 18\/07\/2016<\/p>\n","protected":false},"excerpt":{"rendered":"<p>SEMESTER SECUNDUM\u00a0MMXVI ANNVM DOMINI AN\u00c1LISE REAL II (Cursos 3800 e 3820 &#8211; Matem\u00e1tica Diurno e Noturno) Plano de Ensino Listas de Exerc\u00edcios Lista 01\u00a0 \u00a0 \u00a0 \u00a0 \u00a0 \u00a0 Lista 02\u00a0 \u00a0 \u00a0 \u00a0 \u00a0 \u00a0 \u00a0Lista 03\u00a0 \u00a0 \u00a0 \u00a0 \u00a0 \u00a0Lista 04\u00a0 \u00a0 \u00a0 \u00a0 \u00a0 \u00a0Lista 05 \u00a0\u00a0Lista 06\u00a0 \u00a0 \u00a0 \u00a0 &hellip; <a href=\"https:\/\/wp.ufpel.edu.br\/zahn\/disciplinas\/antiqua-archivum\/mmxvivnum\/\" class=\"more-link\">Continue lendo <span class=\"screen-reader-text\">MMXVI<\/span> <span class=\"meta-nav\">&rarr;<\/span><\/a><\/p>\n","protected":false},"author":605,"featured_media":0,"parent":1596,"menu_order":0,"comment_status":"closed","ping_status":"closed","template":"","meta":{"jetpack_post_was_ever_published":false,"footnotes":""},"class_list":["post-69","page","type-page","status-publish","hentry"],"jetpack_sharing_enabled":true,"jetpack_shortlink":"https:\/\/wp.me\/P7fXYa-17","_links":{"self":[{"href":"https:\/\/wp.ufpel.edu.br\/zahn\/wp-json\/wp\/v2\/pages\/69","targetHints":{"allow":["GET"]}}],"collection":[{"href":"https:\/\/wp.ufpel.edu.br\/zahn\/wp-json\/wp\/v2\/pages"}],"about":[{"href":"https:\/\/wp.ufpel.edu.br\/zahn\/wp-json\/wp\/v2\/types\/page"}],"author":[{"embeddable":true,"href":"https:\/\/wp.ufpel.edu.br\/zahn\/wp-json\/wp\/v2\/users\/605"}],"replies":[{"embeddable":true,"href":"https:\/\/wp.ufpel.edu.br\/zahn\/wp-json\/wp\/v2\/comments?post=69"}],"version-history":[{"count":216,"href":"https:\/\/wp.ufpel.edu.br\/zahn\/wp-json\/wp\/v2\/pages\/69\/revisions"}],"predecessor-version":[{"id":1600,"href":"https:\/\/wp.ufpel.edu.br\/zahn\/wp-json\/wp\/v2\/pages\/69\/revisions\/1600"}],"up":[{"embeddable":true,"href":"https:\/\/wp.ufpel.edu.br\/zahn\/wp-json\/wp\/v2\/pages\/1596"}],"wp:attachment":[{"href":"https:\/\/wp.ufpel.edu.br\/zahn\/wp-json\/wp\/v2\/media?parent=69"}],"curies":[{"name":"wp","href":"https:\/\/api.w.org\/{rel}","templated":true}]}}