{"id":4373,"date":"2026-03-21T16:59:21","date_gmt":"2026-03-21T19:59:21","guid":{"rendered":"https:\/\/wp.ufpel.edu.br\/zahn\/?page_id=4373"},"modified":"2026-03-21T17:00:54","modified_gmt":"2026-03-21T20:00:54","slug":"mmxxv","status":"publish","type":"page","link":"https:\/\/wp.ufpel.edu.br\/zahn\/disciplinas\/mmxxv\/","title":{"rendered":"MMXXV"},"content":{"rendered":"<p>&nbsp;<\/p>\n<p style=\"text-align: center;\"><span style=\"font-size: 14pt; color: #0000ff;\"><strong><br \/>\nAno de 2025 de Nosso Senhor<\/strong><\/span><\/p>\n<p style=\"text-align: center;\"><strong>Segundo Semestre<\/strong><\/p>\n<p style=\"text-align: center;\"><strong>\u00c1lgebra Linear I (para os cursos de F\u00edsica)<\/strong><\/p>\n<p dir=\"ltr\">A \u00e1lgebra linear \u00e9 uma disciplina vital para a Matem\u00e1tica e a F\u00edsica, visto que diversos elementos de sua teoria s\u00e3o fundamentais para compreens\u00e3o de estudos futuros, sejam te\u00f3ricos ou de aplica\u00e7\u00e3o. Por exemplo, usamos os conceitos de depend\u00eancia e independ\u00eancia linear para montar solu\u00e7\u00f5es de certas equa\u00e7\u00f5es diferenciais ordin\u00e1rias. Tamb\u00e9m os conceitos de autovalores e autovetores s\u00e3o usados. \u00a0Para o c\u00e1lculo de fun\u00e7\u00f5es vetoriais e fun\u00e7\u00f5es reais de vari\u00e1veis reais precisamos de v\u00e1rios conceitos, tais como \u00a0de \u00a0espa\u00e7os e subespa\u00e7os vetoriais, determinantes, norma e produto interno. \u00c1lgebra linear tamb\u00e9m \u00e9 importante para outras disciplinas mais especializadas, como, por exemplo, An\u00e1lise Funcional.<\/p>\n<p dir=\"ltr\" style=\"text-align: center;\"><strong>Ementa:<\/strong><\/p>\n<p dir=\"ltr\">Solu\u00e7\u00e3o de sistemas lineares. Matrizes e Determinantes. Espa\u00e7os vetoriais. Transforma\u00e7\u00f5es lineares. Matriz de uma transforma\u00e7\u00e3o. Autovalores e autovetores.<\/p>\n<p dir=\"ltr\" style=\"text-align: center;\"><strong>Plano de Ensino: <\/strong><\/p>\n<p dir=\"ltr\" style=\"text-align: center;\">O arquivo pdf do plano de ensino pode ser baixado clicando <a href=\"https:\/\/wp.ufpel.edu.br\/zahn\/files\/2025\/09\/plano_ensino_2025_2_11100100_T2.pdf\" target=\"_blank\" rel=\"noopener\">aqui<\/a>.<\/p>\n<p style=\"text-align: center;\"><span style=\"color: #0000ff;\"><strong>Datas das Provas:<\/strong><\/span><\/p>\n<p style=\"text-align: center;\">Prova 01 : dia 25\/11\/25<\/p>\n<p style=\"text-align: center;\">Prova 02: dia 26\/02\/26<\/p>\n<p style=\"text-align: center;\">Exame: dia 05\/03\/26<\/p>\n<p>&nbsp;<\/p>\n<p style=\"text-align: center;\"><strong><span style=\"color: #0000ff;\">Listas de exerc\u00edcios<\/span><\/strong><\/p>\n<ul>\n<li><a href=\"https:\/\/wp.ufpel.edu.br\/zahn\/files\/2025\/09\/AL_L1.pdf\" target=\"_blank\" rel=\"noopener\">Lista 01<\/a> &#8211; Matrizes (primeiros resultados)<\/li>\n<li><a href=\"https:\/\/wp.ufpel.edu.br\/zahn\/files\/2025\/10\/AL_L2.pdf\" target=\"_blank\" rel=\"noopener\">Lista 02<\/a> &#8211; Matrizes e \u00a0Sistemas lineares<\/li>\n<li><a href=\"https:\/\/wp.ufpel.edu.br\/zahn\/files\/2025\/10\/AL_L3.pdf\" target=\"_blank\" rel=\"noopener\">Lista 03<\/a> &#8211; Determinantes.<\/li>\n<li><a href=\"https:\/\/wp.ufpel.edu.br\/zahn\/files\/2025\/11\/AL_L4.pdf\" target=\"_blank\" rel=\"noopener\">Lista 04<\/a> &#8211; Espa\u00e7os vetoriais. Subespa\u00e7os. Combina\u00e7\u00e3o linear. Vetores L.I. e L.D. Bases<\/li>\n<li><a href=\"https:\/\/wp.ufpel.edu.br\/zahn\/files\/2025\/12\/AL_L5.pdf\" target=\"_blank\" rel=\"noopener\">Lista 05<\/a> &#8211; \u00a0Base e dimens\u00e3o.<\/li>\n<li><a href=\"https:\/\/wp.ufpel.edu.br\/zahn\/files\/2025\/12\/AL_L6.pdf\" target=\"_blank\" rel=\"noopener\">Lista 06<\/a> &#8211; \u00a0Mudan\u00e7a de base.<\/li>\n<li><a href=\"https:\/\/wp.ufpel.edu.br\/zahn\/files\/2025\/12\/AL_L7.pdf\" target=\"_blank\" rel=\"noopener\">Lista 07<\/a> &#8211; Transforma\u00e7\u00f5es lineares &#8211; Parte I.<\/li>\n<li><a href=\"https:\/\/wp.ufpel.edu.br\/zahn\/files\/2026\/02\/AL_L8.pdf\" target=\"_blank\" rel=\"noopener\">Lista 08<\/a> &#8211; Transforma\u00e7\u00f5es lineares &#8211; Parte II.<\/li>\n<li><a href=\"https:\/\/wp.ufpel.edu.br\/zahn\/files\/2026\/02\/AL_L09.pdf\" target=\"_blank\" rel=\"noopener\">Lista 09<\/a> &#8211; \u00a0Transforma\u00e7\u00f5es lineares &#8211; Parte III.<\/li>\n<li><a href=\"https:\/\/wp.ufpel.edu.br\/zahn\/files\/2026\/02\/AL_L10tex.pdf\" target=\"_blank\" rel=\"noopener\">Lista 10<\/a> &#8211; Autovalores e autovetores.<\/li>\n<\/ul>\n<p style=\"text-align: center;\"><span style=\"color: #0000ff;\"><strong>Material extra<\/strong><\/span><\/p>\n<ul>\n<li>Calculadora online de matrizes, sistemas lineares, autovalores e automotores, acesso clicando <a href=\"https:\/\/matrixcalc.org\/pt\/\" target=\"_blank\" rel=\"noopener\">aqui<\/a>.<\/li>\n<li>Arquivo PDF de exerc\u00edcios resolvidos pelo e-aula, no dia 23\/10\/25, acesso\u00a0<a href=\"https:\/\/wp.ufpel.edu.br\/zahn\/files\/2025\/10\/AL-23_10.pdf\" target=\"_blank\" rel=\"noopener\">aqui<\/a><\/li>\n<li>Arquivo pdf de exerc\u00edcios feitos no eaula, no dia 24\/02\/26, acesso\u00a0<a href=\"https:\/\/wp.ufpel.edu.br\/zahn\/files\/2026\/02\/Resol-exercAL.pdf\" target=\"_blank\" rel=\"noopener\">aqui<\/a><\/li>\n<\/ul>\n<p>&nbsp;<\/p>\n<p style=\"text-align: center;\"><span style=\"color: #0000ff;\"><strong>Arquivos PDF das aulas<\/strong><\/span><\/p>\n<p>\u00a0<a href=\"https:\/\/wp.ufpel.edu.br\/zahn\/files\/2025\/09\/AL01.pdf\" target=\"_blank\" rel=\"noopener\">Aula 01<\/a> (16\/09\/25) Apresenta\u00e7\u00e3o da disciplina. Matrizes. Conceito. Tipos. Adi\u00e7\u00e3o de matrizes e produto de escalar por matriz. Nota\u00e7\u00e3o de somat\u00f3rio.<\/p>\n<p><a href=\"https:\/\/wp.ufpel.edu.br\/zahn\/files\/2025\/09\/Ala2.pdf\" target=\"_blank\" rel=\"noopener\">Aula 02<\/a> (18\/09\/25) Produto de matrizes. Propriedades aritm\u00e9ticas das matrizes. A matriz transposta.<\/p>\n<p><a href=\"https:\/\/wp.ufpel.edu.br\/zahn\/files\/2025\/09\/ALa3.pdf\" target=\"_blank\" rel=\"noopener\">Aula 03<\/a>\u00a0 (23\/09\/25) Matrizes inversiveis. Matriz na forma escalonada reduzida por linhas. Sistemas lineares: conceito.<\/p>\n<p><a href=\"https:\/\/wp.ufpel.edu.br\/zahn\/files\/2025\/09\/aLA4.pdf\" target=\"_blank\" rel=\"noopener\">Aula 04<\/a>\u00a0 (25\/09\/25) opera\u00e7\u00f5es elementares sobre um sistema linear. A matriz aumentada de um sistema linear. Opera\u00e7\u00f5es elementares sobre linhas. Resolu\u00e7\u00e3o de sistema linear via opera\u00e7\u00f5es elementares sobre linhas.<\/p>\n<p><a href=\"https:\/\/wp.ufpel.edu.br\/zahn\/files\/2025\/09\/ALa5.pdf\" target=\"_blank\" rel=\"noopener\">Aula 05<\/a> (30\/09\/25) Matriz elementar. Propriedades da matriz elementar. Algoritmo para obten\u00e7\u00e3o da matriz inversa via opera\u00e7\u00f5es elementares sobre linhas, se existir.<\/p>\n<p><a href=\"https:\/\/wp.ufpel.edu.br\/zahn\/files\/2025\/10\/ALa06.pdf\" target=\"_blank\" rel=\"noopener\">Aula 06<\/a> (02\/10\/25) Determinantes: motiva\u00e7\u00e3o. Determinantes de matrizes de ordens 2 e 3.<\/p>\n<p><a href=\"https:\/\/wp.ufpel.edu.br\/zahn\/files\/2025\/10\/AL-a07.pdf\" target=\"_blank\" rel=\"noopener\">Aula 07<\/a>\u00a0(07\/10\/25) Defini\u00e7\u00e3o geral de determinante, via cofatores. Princ\u00edpio da indu\u00e7\u00e3o matem\u00e1tica.<\/p>\n<p><a href=\"https:\/\/wp.ufpel.edu.br\/zahn\/files\/2025\/10\/ALa8.pdf\" target=\"_blank\" rel=\"noopener\">Aula 08<\/a> (09\/10\/25) Propriedades dos determinantes.<\/p>\n<p><a href=\"https:\/\/wp.ufpel.edu.br\/zahn\/files\/2025\/10\/ALa09.pdf\" target=\"_blank\" rel=\"noopener\">Aula 09<\/a>\u00a0 (14\/10\/25) Outras propriedades dos determinantes.<\/p>\n<p><a href=\"https:\/\/wp.ufpel.edu.br\/zahn\/files\/2025\/10\/ALa10.pdf\" target=\"_blank\" rel=\"noopener\">Aula 10<\/a>\u00a0 (16\/10\/25) Mais propriedades dos determinantes. A matriz adjunta. Obten\u00e7\u00e3o da inversa a partir da adjunta.<\/p>\n<p><a href=\"https:\/\/wp.ufpel.edu.br\/zahn\/files\/2025\/10\/ALa11.pdf\" target=\"_blank\" rel=\"noopener\">Aula 11<\/a> \u00a0(28\/10\/25) Um exemplo de obten\u00e7\u00e3o da inversa via a adjunta. O teorema da regra de Cramer.<\/p>\n<p><a href=\"https:\/\/wp.ufpel.edu.br\/zahn\/files\/2025\/10\/ALa12.pdf\" target=\"_blank\" rel=\"noopener\">Aula 12<\/a>\u00a0 (30\/10\/25) Espa\u00e7os e subespa\u00e7os vetoriais.<\/p>\n<p><a href=\"https:\/\/wp.ufpel.edu.br\/zahn\/files\/2025\/11\/ALa13.pdf\" target=\"_blank\" rel=\"noopener\">Aula 13<\/a>\u00a0(04\/11\/25) Exemplos e \u00a0contra-exemplos de subespa\u00e7os vetoriais.<\/p>\n<p><a href=\"https:\/\/wp.ufpel.edu.br\/zahn\/files\/2025\/11\/ALa14.pdf\" target=\"_blank\" rel=\"noopener\">Aula 14<\/a>\u00a0 (06\/11\/25) \u00a0Somas diretas. Combina\u00e7\u00e3o linear. Subespa\u00e7o gerado.<\/p>\n<p><a href=\"https:\/\/wp.ufpel.edu.br\/zahn\/files\/2025\/11\/AL-a15.pdf\" target=\"_blank\" rel=\"noopener\">Aula 15<\/a>\u00a0 (11\/11\/25) Depend\u00eancia e independ\u00eancia linear. Base de um espa\u00e7o vetorial.<\/p>\n<p><a href=\"https:\/\/wp.ufpel.edu.br\/zahn\/files\/2025\/11\/ALa16.pdf\" target=\"_blank\" rel=\"noopener\">Aula 16<\/a> (13\/11\/25) Teoremas sobre bases.<\/p>\n<p><a href=\"https:\/\/wp.ufpel.edu.br\/zahn\/files\/2025\/11\/ALa17.pdf\" target=\"_blank\" rel=\"noopener\">Aula 17<\/a>\u00a0 (18\/11\/25) Aula de exerc\u00edcios &#8211; resolu\u00e7\u00e3o de quest\u00f5es da lista 04.<\/p>\n<p><a href=\"https:\/\/wp.ufpel.edu.br\/zahn\/files\/2025\/11\/ALa18.pdf\" target=\"_blank\" rel=\"noopener\">Aula 18<\/a> (27\/11\/25) Dimens\u00e3o de um espa\u00e7o vetorial. Teorema do completamento. Teorema da dimens\u00e3o.<\/p>\n<p><a href=\"https:\/\/wp.ufpel.edu.br\/zahn\/files\/2025\/12\/ALa19.pdf\" target=\"_blank\" rel=\"noopener\">Aula 19<\/a>\u00a0(02\/12\/25) Demonstra\u00e7\u00e3o do Teorema da dimens\u00e3o. Exemplos.<\/p>\n<p><a href=\"https:\/\/wp.ufpel.edu.br\/zahn\/files\/2025\/12\/ALa20.pdf\" target=\"_blank\" rel=\"noopener\">Aula 20<\/a>\u00a0 \u00a0(04\/12\/25) Coordenadas de um vetor numa dada base. Mudan\u00e7a de base. Matriz da mudan\u00e7a de base.<\/p>\n<p><a href=\"https:\/\/wp.ufpel.edu.br\/zahn\/files\/2025\/12\/ALa21.pdf\" target=\"_blank\" rel=\"noopener\">Aula 21<\/a> (09\/12\/25) Outros exemplos envolvendo a mudan\u00e7a de base. \u00a0Matriz da mudan\u00e7a de base e sua inversa.<\/p>\n<p><a href=\"https:\/\/wp.ufpel.edu.br\/zahn\/files\/2025\/12\/ALa22.pdf\" target=\"_blank\" rel=\"noopener\">Aula 22<\/a>\u00a0(11\/12\/25) Transforma\u00e7\u00f5es lineares.<\/p>\n<p><a href=\"https:\/\/wp.ufpel.edu.br\/zahn\/files\/2025\/12\/ALa23.pdf\" target=\"_blank\" rel=\"noopener\">Aula 23<\/a> (16\/12\/25) Propriedades das transforma\u00e7\u00f5es lineares. Opera\u00e7\u00f5es de adi\u00e7\u00e3o, subtra\u00e7\u00e3o e composi\u00e7\u00e3o entre transforma\u00e7\u00f5es lineares.<\/p>\n<p><a href=\"https:\/\/wp.ufpel.edu.br\/zahn\/files\/2025\/12\/AL224.pdf\" target=\"_blank\" rel=\"noopener\">Aula 24<\/a>\u00a0(18\/12\/25) N\u00facleo de uma transforma\u00e7\u00e3o linear.<\/p>\n<p><a href=\"https:\/\/wp.ufpel.edu.br\/zahn\/files\/2026\/02\/ALa25.pdf\" target=\"_blank\" rel=\"noopener\">Aula 25<\/a> (03\/02\/26) Imagem de uma transforma\u00e7\u00e3o linear. Propriedades. Teorema do n\u00facleo e da imagem.<\/p>\n<p><a href=\"https:\/\/wp.ufpel.edu.br\/zahn\/files\/2026\/02\/ALa26.pdf\" target=\"_blank\" rel=\"noopener\">Aula 26<\/a>\u00a0 (05\/02\/26) Isomorfismos e transforma\u00e7\u00f5es lineares inversas.<\/p>\n<p><a href=\"https:\/\/wp.ufpel.edu.br\/zahn\/files\/2026\/02\/ALa27.pdf\" target=\"_blank\" rel=\"noopener\">Aula 27<\/a> (10\/02\/26) Representa\u00e7\u00e3o matricial de transforma\u00e7\u00e3o linear.<\/p>\n<p><a href=\"https:\/\/wp.ufpel.edu.br\/zahn\/files\/2026\/02\/ALa28.pdf\" target=\"_blank\" rel=\"noopener\">Aula 28<\/a> (12\/02\/26) Mais um exemplo \u00e9 para obter a representa\u00e7\u00e3o matricial de uma transforma\u00e7\u00e3o linear. Autovalores e Autovetores.<\/p>\n<p><a href=\"https:\/\/wp.ufpel.edu.br\/zahn\/files\/2026\/02\/ALa29.pdf\" target=\"_blank\" rel=\"noopener\">Aula 29<\/a>\u00a0 (19\/02\/26) Procedimento geral para obten\u00e7\u00e3o de autovalores e Autovetores.<\/p>\n<p><a href=\"https:\/\/wp.ufpel.edu.br\/zahn\/files\/2026\/02\/ALa30.pdf\" target=\"_blank\" rel=\"noopener\">Aula 30<\/a>\u00a0(24\/02\/26) Aula de exerc\u00edcios.<\/p>\n<p>&nbsp;<\/p>\n<p>&nbsp;<\/p>\n<p style=\"text-align: center;\">*********************************************<\/p>\n<p style=\"text-align: center;\"><strong>C\u00e1lculo 1A (Agronomia)<\/strong><\/p>\n<p style=\"text-align: justify;\">Esta disciplina serve para apresentar o estudo de C\u00e1lculo diferencial e Integral (numa forma simplificada), onde ser\u00e3o estudados conceitos de limite e continuidade, deriva\u00e7\u00e3o e integra\u00e7\u00e3o. Esta disciplina, para a Agronomia, pode ajudar o estudante a resolver problemas que envolvam:<\/p>\n<ul>\n<li data-start=\"734\" data-end=\"887\">\n<p data-start=\"736\" data-end=\"887\"><strong data-start=\"736\" data-end=\"762\">Crescimento de plantas<\/strong>: uso de derivadas para modelar taxas de crescimento em fun\u00e7\u00e3o do tempo ou de vari\u00e1veis ambientais (luz, \u00e1gua, nutrientes).<\/p>\n<\/li>\n<li data-start=\"888\" data-end=\"1058\">\n<p data-start=\"890\" data-end=\"1058\"><strong data-start=\"890\" data-end=\"916\">Produtividade agr\u00edcola<\/strong>: an\u00e1lise de fun\u00e7\u00f5es que relacionam insumos (fertilizantes, irriga\u00e7\u00e3o) com a produ\u00e7\u00e3o, identificando pontos de m\u00e1ximo e m\u00ednimo (otimiza\u00e7\u00e3o).<\/p>\n<\/li>\n<li data-start=\"1059\" data-end=\"1212\">\n<p data-start=\"1061\" data-end=\"1212\"><strong data-start=\"1061\" data-end=\"1088\">Estudos de solos e \u00e1gua<\/strong>: aplica\u00e7\u00e3o de integrais no c\u00e1lculo de volumes de reservat\u00f3rios, infiltra\u00e7\u00e3o de \u00e1gua no solo e distribui\u00e7\u00e3o de nutrientes.<\/p>\n<\/li>\n<li data-start=\"1213\" data-end=\"1362\">\n<p data-start=\"1215\" data-end=\"1362\"><strong data-start=\"1215\" data-end=\"1241\">Modelagem populacional<\/strong>: uso de equa\u00e7\u00f5es diferenciais simples para prever crescimento de pragas, ciclos de culturas ou din\u00e2mica de popula\u00e7\u00f5es.<\/p>\n<\/li>\n<li data-start=\"1363\" data-end=\"1474\">\n<p data-start=\"1365\" data-end=\"1474\"><strong data-start=\"1365\" data-end=\"1401\">Mapeamento e georreferenciamento<\/strong>: c\u00e1lculo de \u00e1reas cultiv\u00e1veis e curvas de n\u00edvel por meio de integrais.<\/p>\n<\/li>\n<\/ul>\n<p>&nbsp;<\/p>\n<p style=\"text-align: center;\"><span style=\"color: #0000ff;\"><strong>Plano de ensino:<\/strong><\/span><\/p>\n<p>O plano de ensino pode ser acessado clicando <a href=\"https:\/\/wp.ufpel.edu.br\/zahn\/files\/2025\/09\/plano_ensino_2025_2_11100061_T2.pdf\" target=\"_blank\" rel=\"noopener\">aqui<\/a>.<\/p>\n<p style=\"text-align: center;\"><span style=\"color: #0000ff;\"><strong>Datas das Provas:<\/strong><\/span><\/p>\n<p style=\"text-align: center;\">Prova 01 : dia 25\/11\/25<\/p>\n<p style=\"text-align: center;\">Prova 02: dia 26\/02\/26<\/p>\n<p style=\"text-align: center;\">Exame: dia 05\/03\/26<\/p>\n<p>&nbsp;<\/p>\n<p style=\"text-align: center;\"><strong><span style=\"color: #0000ff;\">Lista de exerc\u00edcios<\/span><\/strong><\/p>\n<ul>\n<li><a href=\"https:\/\/wp.ufpel.edu.br\/zahn\/files\/2025\/09\/Lista_1.pdf\" target=\"_blank\" rel=\"noopener\">Lista 01<\/a> &#8211; n\u00fameros reais<\/li>\n<li><a href=\"https:\/\/wp.ufpel.edu.br\/zahn\/files\/2025\/10\/L2C1A.pdf\" target=\"_blank\" rel=\"noopener\">Lista 02<\/a> &#8211; Fun\u00e7\u00f5es<\/li>\n<li><a href=\"https:\/\/wp.ufpel.edu.br\/zahn\/files\/2025\/10\/lista_3.pdf\" target=\"_blank\" rel=\"noopener\">Lista 03<\/a> &#8211; Limites de fun\u00e7\u00f5es de uma vari\u00e1vel real.<\/li>\n<li><a href=\"https:\/\/wp.ufpel.edu.br\/zahn\/files\/2025\/10\/lista_4.pdf\" target=\"_blank\" rel=\"noopener\">Lista 04<\/a> &#8211; Continuidade. Deriva\u00e7\u00e3o.<\/li>\n<li><a href=\"https:\/\/wp.ufpel.edu.br\/zahn\/files\/2025\/11\/lista_5.pdf\" target=\"_blank\" rel=\"noopener\">Lista 05<\/a> &#8211; Taxas relacionadas.<\/li>\n<li><a href=\"https:\/\/wp.ufpel.edu.br\/zahn\/files\/2025\/12\/lista_6.pdf\">Lista 06<\/a> &#8211; Problemas de m\u00e1ximos e m\u00ednimos.<\/li>\n<li><a href=\"https:\/\/wp.ufpel.edu.br\/zahn\/files\/2025\/12\/lista_7.pdf\" target=\"_blank\" rel=\"noopener\">Lista 07<\/a> &#8211; \u00a0Integrais indefinidas.<\/li>\n<li><a href=\"https:\/\/wp.ufpel.edu.br\/zahn\/files\/2026\/02\/lista_8.pdf\" target=\"_blank\" rel=\"noopener\">Lista 08<\/a> &#8211; Integrais indefinidas e definidas.<\/li>\n<\/ul>\n<p style=\"text-align: center;\"><strong><span style=\"color: #0000ff;\">Extras<\/span><\/strong><\/p>\n<ul>\n<li>resolu\u00e7\u00e3o de exerc\u00edcios das lista 01 e 02, feitos no dia 23\/10\/25, pelo e-aula, acesso\u00a0<a href=\"https:\/\/wp.ufpel.edu.br\/zahn\/files\/2025\/10\/C1A-23-10.pdf\" target=\"_blank\" rel=\"noopener\">aqui.<\/a><\/li>\n<li>resolu\u00e7\u00e3o de quest\u00f5es da lista 03, feitas no eaula, dia 01\/11\/25, acesso\u00a0<a href=\"https:\/\/wp.ufpel.edu.br\/zahn\/files\/2025\/11\/ResolL3.pdf\" target=\"_blank\" rel=\"noopener\">aqui<\/a><\/li>\n<li>arquivo PDF de formul\u00e1rio do Gama, acesso\u00a0<a href=\"https:\/\/wp.ufpel.edu.br\/projetogama\/files\/2019\/06\/FORMULARIO_GAMA_2019_1.pdf\" target=\"_blank\" rel=\"noopener\">aqui<\/a><\/li>\n<li>Resolu\u00e7\u00e3o de exerc\u00edcios sobre taxas relacionadas, \u00a0Parte 1. arquivo PDF <a href=\"https:\/\/wp.ufpel.edu.br\/zahn\/files\/2024\/09\/Gama1.pdf\" target=\"_blank\" rel=\"noopener\">aqui<\/a>. \u00a0Acesso ao v\u00eddeo <a href=\"https:\/\/www.youtube.com\/watch?v=3vUwMh9yjTU\" target=\"_blank\" rel=\"noopener\">aqui.<\/a><\/li>\n<li>Resolu\u00e7\u00e3o de exerc\u00edcios sobre taxas relacionadas, \u00a0Parte 2,. Aquivo PDF <a href=\"https:\/\/wp.ufpel.edu.br\/zahn\/files\/2024\/09\/Gama2.pdf\" target=\"_blank\" rel=\"noopener\">aqui<\/a>. Video da aula acesso\u00a0<a href=\"https:\/\/www.youtube.com\/watch?v=6ufoWaCpA0o\" target=\"_blank\" rel=\"noopener\">aqui<\/a><\/li>\n<\/ul>\n<p>&nbsp;<\/p>\n<p style=\"text-align: center;\"><span style=\"color: #0000ff;\"><strong>Arquivos PDF das aulas<\/strong><\/span><\/p>\n<p><a href=\"https:\/\/wp.ufpel.edu.br\/zahn\/files\/2025\/09\/C1a1.pdf\" target=\"_blank\" rel=\"noopener\">Aula 01<\/a>\u00a0 (16\/09\/25) Apresenta\u00e7\u00e3o da disciplina. Conjuntos num\u00e9ricos. A insufici\u00eancia do conjunto dos racionais. Os reais como completamento dos racionais. O corpo ordenado dos n\u00fameros reais. Intervalos.<\/p>\n<p><a href=\"https:\/\/wp.ufpel.edu.br\/zahn\/files\/2025\/09\/C1a2.pdf\" target=\"_blank\" rel=\"noopener\">Aula 02<\/a>\u00a0 (18\/09\/25) Opera\u00e7\u00f5es com intervalos. M\u00f3dulo de um n\u00famero real (conceito)<\/p>\n<p><a href=\"https:\/\/wp.ufpel.edu.br\/zahn\/files\/2025\/09\/C1a3.pdf\" target=\"_blank\" rel=\"noopener\">Aula 03<\/a>\u00a0(23\/09\/25) Propriedades dos m\u00f3dulos. Inequa\u00e7\u00f5es.<\/p>\n<p><a href=\"https:\/\/wp.ufpel.edu.br\/zahn\/files\/2025\/09\/c1a4.pdf\" target=\"_blank\" rel=\"noopener\">Aula 04<\/a>\u00a0 (25\/09\/25) Fun\u00e7\u00f5es: defini\u00e7\u00e3o e elementos. Dom\u00ednio a partir da lei. Gr\u00e1fico. Igualdade de fun\u00e7\u00f5es.<\/p>\n<p><a href=\"https:\/\/wp.ufpel.edu.br\/zahn\/files\/2025\/09\/c1a5.pdf\" target=\"_blank\" rel=\"noopener\">Aula 05<\/a> (30\/09\/25) Fun\u00e7\u00f5es crescentes e decrescentes. Fun\u00e7\u00f5es polinomiais de primeiro e segundo graus. Fun\u00e7\u00e3o modular.<\/p>\n<p><a href=\"https:\/\/wp.ufpel.edu.br\/zahn\/files\/2025\/10\/C1aa6.pdf\" target=\"_blank\" rel=\"noopener\">Aula 06<\/a> (02\/10\/25) Outros exemplos de fun\u00e7\u00f5es modulares. A fun\u00e7\u00e3o exponencial.<\/p>\n<p><a href=\"https:\/\/wp.ufpel.edu.br\/zahn\/files\/2025\/10\/C1aa7.pdf\" target=\"_blank\" rel=\"noopener\">Aula 07<\/a>\u00a0(07\/10\/25) Outro exemplo sobre a fun\u00e7\u00e3o exponencial. Logaritmos: defini\u00e7\u00e3o e propriedades<\/p>\n<p><a href=\"https:\/\/wp.ufpel.edu.br\/zahn\/files\/2025\/10\/FTa8.pdf\" target=\"_blank\" rel=\"noopener\">Aula 08<\/a>\u00a0(09\/10\/25) Aplica\u00e7\u00f5es envolvendo logaritmos. A fun\u00e7\u00e3o logar\u00edtmica.<\/p>\n<p><a href=\"https:\/\/wp.ufpel.edu.br\/zahn\/files\/2025\/10\/C1aa09.pdf\" target=\"_blank\" rel=\"noopener\">Aula 09<\/a>\u00a0 (14\/10\/25) Defini\u00e7\u00e3o de limite de uma fun\u00e7\u00e3o de uma vari\u00e1vel real. Primeiros exemplos envolvendo indetermina\u00e7\u00e3o da forma 0\/0.<\/p>\n<p><a href=\"https:\/\/wp.ufpel.edu.br\/zahn\/files\/2025\/10\/C1aa10.pdf\" target=\"_blank\" rel=\"noopener\">Aula 10<\/a> (16\/10\/25) Outros exemplos de c\u00e1lculo de limites. Limites laterais. Limites no infinito.<\/p>\n<p><a href=\"https:\/\/wp.ufpel.edu.br\/zahn\/files\/2025\/10\/C1Aa11.pdf\" target=\"_blank\" rel=\"noopener\">Aula 11<\/a>\u00a0 (28\/10\/25) Limites no infinito. Gr\u00e1ficos de fun\u00e7\u00f5es com aux\u00edlio de limites laterais e no infinito.<\/p>\n<p><a href=\"https:\/\/wp.ufpel.edu.br\/zahn\/files\/2025\/10\/C1Aa12.pdf\" target=\"_blank\" rel=\"noopener\">Aula 12<\/a>\u00a0 (30\/10\/25) Fun\u00e7\u00f5es cont\u00ednuas. Derivadas: defini\u00e7\u00e3o e significado geom\u00e9trico.<\/p>\n<p><a href=\"https:\/\/wp.ufpel.edu.br\/zahn\/files\/2025\/11\/C1Aa13.pdf\" target=\"_blank\" rel=\"noopener\">Aula 13<\/a>\u00a0 (04\/11\/25) Mais exemplos sobre o significado geom\u00e9trico da derivada. A fun\u00e7\u00e3o derivada. Primeiras regras de deriva\u00e7\u00e3o.<\/p>\n<p><a href=\"https:\/\/wp.ufpel.edu.br\/zahn\/files\/2025\/11\/c1aa14.pdf\" target=\"_blank\" rel=\"noopener\">Aula 14<\/a>\u00a0(06\/11\/25) Outras regras de deriva\u00e7\u00e3o. Exemplos.<\/p>\n<p><a href=\"https:\/\/wp.ufpel.edu.br\/zahn\/files\/2025\/11\/C1aa15.pdf\" target=\"_blank\" rel=\"noopener\">Aula 15<\/a>\u00a0(11\/11\/25) Outros problemas e exemplos envolvendo derivadas. Significado f\u00edsico da derivada.<\/p>\n<p><a href=\"https:\/\/wp.ufpel.edu.br\/zahn\/files\/2023\/04\/C1aa16.pdf\" target=\"_blank\" rel=\"noopener\">Aula 16<\/a>\u00a0(13\/11\/25) Outros exemplos de derivadas. Derivadas de fun\u00e7\u00f5es trigonom\u00e9tricas inversas. Deriva\u00e7\u00e3o impl\u00edcita.<\/p>\n<p><a href=\"https:\/\/wp.ufpel.edu.br\/zahn\/files\/2025\/11\/C1Aa17.pdf\" target=\"_blank\" rel=\"noopener\">Aula 17<\/a>\u00a0 (18\/11\/25) Aula de exerc\u00edcios.<\/p>\n<p><a href=\"https:\/\/wp.ufpel.edu.br\/zahn\/files\/2025\/12\/C1aa18.pdf\" target=\"_blank\" rel=\"noopener\">Aula 18<\/a>\u00a0(02\/12\/25) Taxas relacionadas.<\/p>\n<p><a href=\"https:\/\/wp.ufpel.edu.br\/zahn\/files\/2025\/12\/c1aa19.pdf\" target=\"_blank\" rel=\"noopener\">Aula 19<\/a>\u00a0 (04\/12\/25) Outros problemas envolvendo taxas relacionadas. Extremos de fun\u00e7\u00f5es. Pontos de m\u00e1ximo e m\u00ednimo. Intervalos de crescimento e decrescimento.<\/p>\n<p><a href=\"https:\/\/wp.ufpel.edu.br\/zahn\/files\/2025\/12\/C1aA20.pdf\" target=\"_blank\" rel=\"noopener\">Aula 20<\/a>\u00a0 (09\/12\/25) Problemas envolvendo m\u00e1ximos e m\u00ednimos.<\/p>\n<p><a href=\"https:\/\/wp.ufpel.edu.br\/zahn\/files\/2025\/12\/C1aa21.pdf\" target=\"_blank\" rel=\"noopener\">Aula 21<\/a> (11\/12\/25) Outros problemas envolvendo m\u00e1ximos e m\u00ednimos. Concavidade e ponto de inflex\u00e3o.<\/p>\n<p><a href=\"https:\/\/wp.ufpel.edu.br\/zahn\/files\/2025\/12\/C1Aa22.pdf\" target=\"_blank\" rel=\"noopener\">Aula 22<\/a>\u00a0 (16\/12\/25) Outro exemplo envolvendo m\u00e1ximos e m\u00ednimos concavidade e ponto de inflex\u00e3o. Integrais. Motiva\u00e7\u00e3o. Integral indefinida como um processo inverso \u00e0 deriva\u00e7\u00e3o.<\/p>\n<p><a href=\"https:\/\/wp.ufpel.edu.br\/zahn\/files\/2025\/12\/C1aa23.pdf\" target=\"_blank\" rel=\"noopener\">Aula 23<\/a>\u00a0(18\/12\/25) Integrais indefinidos imediatas.<\/p>\n<p><a href=\"https:\/\/wp.ufpel.edu.br\/zahn\/files\/2026\/02\/C1Aa24.pdf\" target=\"_blank\" rel=\"noopener\">Aula 24<\/a>\u00a0 (03\/02\/26) Mais sobre integrais indefinidas. Completamento de quadrado perfeito para integrais racionais.<\/p>\n<p><a href=\"https:\/\/wp.ufpel.edu.br\/zahn\/files\/2026\/02\/C1aa25.pdf\" target=\"_blank\" rel=\"noopener\">Aula 25<\/a> (05\/02\/26) Integrais da forma (mx + n)\/(ax^2+bx+c). Introdu\u00e7\u00e3o \u00e0s equa\u00e7\u00f5es diferenciais ordin\u00e1rias. EDO de primeira ordem.<\/p>\n<p><a href=\"https:\/\/wp.ufpel.edu.br\/zahn\/files\/2026\/02\/c1aa26.pdf\" target=\"_blank\" rel=\"noopener\">Aula 26<\/a>\u00a0(10\/02\/26) Solu\u00e7\u00f5es geral e particular de EDO de primeira ordem. Integral definida e o Teorema Fundamental do C\u00e1lculo.<\/p>\n<p><a href=\"https:\/\/wp.ufpel.edu.br\/zahn\/files\/2026\/02\/C1Aa27.pdf\" target=\"_blank\" rel=\"noopener\">Aula 27<\/a>\u00a0 (12\/02\/26)Mais exemplo de integra\u00e7\u00e3o definida. C\u00e1lculo de \u00e1reas entre curvas.<\/p>\n<p><a href=\"https:\/\/wp.ufpel.edu.br\/zahn\/files\/2026\/02\/C1Aa28.pdf\" target=\"_blank\" rel=\"noopener\">Aula 28<\/a>\u00a0(19\/02\/26) Integra\u00e7\u00e3o por partes. Exemplos. Resolu\u00e7\u00e3o de exerc\u00edcios da lista 08.<\/p>\n<p><a href=\"https:\/\/wp.ufpel.edu.br\/zahn\/files\/2026\/02\/C1Aa29.pdf\" target=\"_blank\" rel=\"noopener\">Aula 29<\/a> (24\/02\/26) Aula de exerc\u00edcios.<\/p>\n<p>&nbsp;<\/p>\n<p style=\"text-align: center;\"><strong>*********************************************<\/strong><\/p>\n<p style=\"text-align: center;\"><strong>Fun\u00e7\u00f5es Transcendentais (Matem\u00e1tica Noturno)<\/strong><\/p>\n<p>Nesta disciplina estudaremos as fun\u00e7\u00f5es exponenciais, logar\u00edtmicas, trigonom\u00e9tricas diretas e inversas, fun\u00e7\u00f5es extremamente importantes no C\u00e1lculo e na Matem\u00e1tica em geral.<\/p>\n<p style=\"text-align: center;\"><strong><span style=\"color: #0000ff;\">Plano de ensino<\/span><\/strong><\/p>\n<p>Uma c\u00f3pia do arquivo pdf do plano de ensino pode ser baixada clicando <a href=\"https:\/\/wp.ufpel.edu.br\/zahn\/files\/2025\/09\/plano_ensino_2025_2_11100076_T1.pdf\" target=\"_blank\" rel=\"noopener\">aqui<\/a>.<\/p>\n<p style=\"text-align: center;\"><span style=\"background-color: #ffffff; color: #0000ff;\"><strong>Datas das Provas:<\/strong><\/span><\/p>\n<p style=\"text-align: center;\">Prova 01 : dia 19\/11\/25<\/p>\n<p style=\"text-align: center;\">Prova 02: dia 18\/02\/26<\/p>\n<p style=\"text-align: center;\">Prova 03: dia 25\/02\/26<\/p>\n<p style=\"text-align: center;\">Exame: dia 04\/03\/26<\/p>\n<p>&nbsp;<\/p>\n<p style=\"text-align: center;\"><strong><span style=\"color: #0000ff;\">Listas de Exerc\u00edcios<\/span><\/strong><\/p>\n<ul>\n<li><a href=\"https:\/\/wp.ufpel.edu.br\/zahn\/files\/2025\/04\/L01.pdf\" target=\"_blank\" rel=\"noopener\">Lista 01<\/a> &#8211; Exponenciais e logaritmos.<\/li>\n<li><a href=\"https:\/\/wp.ufpel.edu.br\/zahn\/files\/2025\/05\/L02.pdf\" target=\"_blank\" rel=\"noopener\">Lista 02<\/a> &#8211; Trigonometria no tri\u00e2ngulo ret\u00e2ngulo. Arcos e \u00e2ngulos. Ciclo trigonom\u00e9trico.<\/li>\n<li><a href=\"https:\/\/wp.ufpel.edu.br\/zahn\/files\/2025\/06\/L03.pdf\" target=\"_blank\" rel=\"noopener\">Lista 03<\/a> &#8211; N\u00fameros trigonom\u00e9tricos.<\/li>\n<li><a href=\"https:\/\/wp.ufpel.edu.br\/zahn\/files\/2025\/07\/L04.pdf\" target=\"_blank\" rel=\"noopener\">Lista 04<\/a> &#8211; F\u00f3rmulas da Trigonometria. Tri\u00e2ngulo quaisquer.<\/li>\n<li><a href=\"https:\/\/wp.ufpel.edu.br\/zahn\/files\/2025\/07\/L05.pdf\" target=\"_blank\" rel=\"noopener\">Lista 05<\/a> &#8211; Fun\u00e7\u00f5es trigonom\u00e9tricas diretas e inversas.<\/li>\n<\/ul>\n<p style=\"text-align: center;\"><span style=\"color: #0000ff;\"><strong>Extras<\/strong><\/span><\/p>\n<ul>\n<li>Resolu\u00e7\u00e3o de exerc\u00edcios da Lista 01, feitos no eaula, no dia 22\/10, acesso\u00a0<a href=\"https:\/\/wp.ufpel.edu.br\/zahn\/files\/2025\/10\/FT-Aula-exerc.pdf\" target=\"_blank\" rel=\"noopener\">aqui<\/a><\/li>\n<li>Resolu\u00e7\u00f5es de quest\u00f5es para aprova 02, feitas dia 14\/02\/26, acesso\u00a0<a href=\"https:\/\/wp.ufpel.edu.br\/zahn\/files\/2026\/02\/Resol-listas.pdf\" target=\"_blank\" rel=\"noopener\">aqui<\/a><\/li>\n<li>Resolu\u00e7\u00e3o de exer\u00e7eicios para a prova 02, parte 2, do dia 16\/02\/26, acesso <a href=\"https:\/\/wp.ufpel.edu.br\/zahn\/files\/2026\/02\/FTaula-extra.pdf\" target=\"_blank\" rel=\"noopener\">aqui<\/a>.<\/li>\n<\/ul>\n<p>&nbsp;<\/p>\n<p>&nbsp;<\/p>\n<p style=\"text-align: center;\"><span style=\"color: #0000ff;\"><strong>Arquivos pdf das aulas<\/strong><\/span><\/p>\n<p><a href=\"https:\/\/wp.ufpel.edu.br\/zahn\/files\/2025\/09\/FTA1.pdf\" target=\"_blank\" rel=\"noopener\">Aula 01<\/a> (17\/09\/25) Apresenta\u00e7\u00e3o da disciplina. Fun\u00e7\u00e3o exponencial. Crescimento e decrescimento. Gr\u00e1ficos. Equa\u00e7\u00e3o exponencial.<\/p>\n<p><a href=\"https:\/\/wp.ufpel.edu.br\/zahn\/files\/2025\/09\/FTa2.pdf\" target=\"_blank\" rel=\"noopener\">Aula 02<\/a> (24\/09\/25) Equa\u00e7\u00e3o exponencial. Inequa\u00e7\u00e3o exponencial. Logaritmos: defini\u00e7\u00e3o e propriedades.<\/p>\n<p><a href=\"https:\/\/wp.ufpel.edu.br\/zahn\/files\/2025\/10\/FTA3.pdf\" target=\"_blank\" rel=\"noopener\">Aula 03<\/a> (01\/10\/25) Mudan\u00e7a de base. Bases decimal e logaritmos naturais. Equa\u00e7\u00f5es e inequa\u00e7\u00f5es logar\u00edtmicas.<\/p>\n<p><a href=\"https:\/\/wp.ufpel.edu.br\/zahn\/files\/2025\/10\/FTa4.pdf\" target=\"_blank\" rel=\"noopener\">Aula 04<\/a> (08\/10\/25) Fun\u00e7\u00e3o logar\u00edtmica. Injetividade, sobrejetividade e bijetividade de fun\u00e7\u00f5es. Fun\u00e7\u00e3o inversa. A exponencial \u00e9 a logar\u00edtmica como inversa uma da outra.<\/p>\n<p><a href=\"https:\/\/wp.ufpel.edu.br\/zahn\/files\/2025\/10\/FTa5.pdf\" target=\"_blank\" rel=\"noopener\">Aula 05<\/a>\u00a0 (15\/10\/25) Meia vida de material radioativo. Trigonometria: introdu\u00e7\u00e3o. Arcos e \u00e2ngulos. Graus e radianos. Trigonometria no tri\u00e2ngulo ret\u00e2ngulo.<\/p>\n<p><a href=\"https:\/\/wp.ufpel.edu.br\/zahn\/files\/2025\/11\/FT-a06.pdf\" target=\"_blank\" rel=\"noopener\">Aula 06<\/a>\u00a0 (05\/11\/25) \u00a0Ciclo trigonom\u00e9trico. Express\u00e3o geral e menor determina\u00e7\u00e3o. \u00a0N\u00fameros trigonom\u00e9tricos no ciclo trigonom\u00e9trico. Rela\u00e7\u00f5es entre os n\u00fameros trigonom\u00e9tricos. Rela\u00e7\u00e3o trigonom\u00e9trica fundamental.<\/p>\n<p><a href=\"https:\/\/wp.ufpel.edu.br\/zahn\/files\/2025\/11\/FTA07.pdf\" target=\"_blank\" rel=\"noopener\">Aula 07<\/a> (12\/11\/25) Linhas trigonom\u00e9tricas de 30, 45 e 60 graus. Resolu\u00e7\u00e3o de exerc\u00edcios da lista 01 (revis\u00e3o para a prova 01)<\/p>\n<p><a href=\"https:\/\/wp.ufpel.edu.br\/zahn\/files\/2025\/11\/fta8.pdf\" target=\"_blank\" rel=\"noopener\">Aula 08<\/a> (26\/\/11\/25) Simetrias e redu\u00e7\u00e3o ao primeiro quadrante. F\u00f3rmulas da adi\u00e7\u00e3o e subtra\u00e7\u00e3o de arcos para o seno e o cosseno.<\/p>\n<p><a href=\"https:\/\/wp.ufpel.edu.br\/zahn\/files\/2025\/12\/FT-a09.pdf\" target=\"_blank\" rel=\"noopener\">Aula 09<\/a> (02\/12\/25) F\u00f3rmulas da adi\u00e7\u00e3o e subtra\u00e7\u00e3o da tangente. F\u00f3rmulas de arcos duplo e arcos metade. F\u00f3rmulas da prostaf\u00e9rese.<\/p>\n<p><a href=\"https:\/\/wp.ufpel.edu.br\/zahn\/files\/2025\/12\/FT-a10.pdf\" target=\"_blank\" rel=\"noopener\">Aula 10<\/a>\u00a0(10\/12\/25) Resolu\u00e7\u00e3o de outros exerc\u00edcios da lista 04. Tri\u00e2ngulos quaisquer.<\/p>\n<p><a href=\"https:\/\/wp.ufpel.edu.br\/zahn\/files\/2025\/12\/FTA11.pdf\" target=\"_blank\" rel=\"noopener\">Aula 11<\/a> (17\/12\/25) Fun\u00e7\u00f5es seno, cosseno e tangente.<\/p>\n<p><a href=\"https:\/\/wp.ufpel.edu.br\/zahn\/files\/2026\/02\/FTa12.pdf\" target=\"_blank\" rel=\"noopener\">Aula12<\/a> (04\/02\/26) Fun\u00e7\u00f5es secante, cossecante e cotangente.<\/p>\n<p><a href=\"https:\/\/wp.ufpel.edu.br\/zahn\/files\/2026\/02\/FTa13.pdf\" target=\"_blank\" rel=\"noopener\">Aula 13<\/a>\u00a0(11\/02\/26) Fun\u00e7\u00f5es trigonom\u00e9tricas inversas.<\/p>\n<p>&nbsp;<\/p>\n<p>&nbsp;<\/p>\n<p style=\"text-align: center;\"><strong>\ud808\udc60\ud808\udc60\ud808\udc60 \u00a0 \u00a0Primeiro semestre \u00a0\u00a0\ud808\udc60\ud808\udc60\ud808\udc60<\/strong><\/p>\n<p style=\"text-align: center;\"><strong>Vari\u00e1veis Complexas\u00a0<\/strong><\/p>\n<p><img loading=\"lazy\" decoding=\"async\" class=\"wp-image-3824 aligncenter\" src=\"https:\/\/wp.ufpel.edu.br\/zahn\/files\/2025\/04\/surface_Riem-424x184.gif\" alt=\"\" width=\"175\" height=\"76\" srcset=\"https:\/\/wp.ufpel.edu.br\/zahn\/files\/2025\/04\/surface_Riem-424x184.gif 424w, https:\/\/wp.ufpel.edu.br\/zahn\/files\/2025\/04\/surface_Riem-212x92.gif 212w\" sizes=\"auto, (max-width: 175px) 100vw, 175px\" \/><\/p>\n<p>Nesta disciplina estudaremos as fun\u00e7\u00f5es de uma vari\u00e1vel complexa, percorrendo, assuntos como: No\u00e7\u00f5es topol\u00f3gicas do plano complexo; Fun\u00e7\u00f5es un\u00edvocas e plur\u00edvocas;\u00a0Fun\u00e7\u00f5es holomorfas,\u00a0 Sequ\u00eancias e s\u00e9ries num\u00e9ricas e de pot\u00eancias, S\u00e9rie de Laurent e teoria dos res\u00edduos.<\/p>\n<p style=\"text-align: center;\"><strong>Plano de ensino<\/strong><\/p>\n<p>Uma c\u00f3pia pdf do Plano de ensino pode ser baixada clicando <a href=\"https:\/\/wp.ufpel.edu.br\/zahn\/files\/2025\/04\/Vc_2025_1_11100007_M1.pdf\" target=\"_blank\" rel=\"noopener\">aqui<\/a>.<\/p>\n<p>&nbsp;<\/p>\n<p style=\"text-align: center;\"><strong>Datas das Provas<\/strong><\/p>\n<p style=\"text-align: center;\"><a href=\"https:\/\/wp.ufpel.edu.br\/zahn\/files\/2025\/06\/PrvVC01.pdf\" target=\"_blank\" rel=\"noopener\">Prova 01<\/a>: \u00a0dia 13\/06\/25<\/p>\n<p style=\"text-align: center;\"><a href=\"https:\/\/wp.ufpel.edu.br\/zahn\/files\/2025\/08\/PrVC02.pdf\" target=\"_blank\" rel=\"noopener\">Prova 02<\/a>: \u00a0dia 22\/08\/25<\/p>\n<p style=\"text-align: center;\">Exame: dia 29\/08\/25<\/p>\n<p>&nbsp;<\/p>\n<p style=\"text-align: center;\"><strong>Lista de exerc\u00edcios<\/strong><\/p>\n<ul>\n<li><a href=\"https:\/\/wp.ufpel.edu.br\/zahn\/files\/2025\/04\/L1.pdf\" target=\"_blank\" rel=\"noopener\">Lista 01<\/a> &#8211; N\u00fameros complexos na forma alg\u00e9brica.<\/li>\n<li style=\"text-align: justify;\"><a href=\"https:\/\/wp.ufpel.edu.br\/zahn\/files\/2025\/04\/L2.pdf\" target=\"_blank\" rel=\"noopener\">Lista 02<\/a> &#8211; Proje\u00e7\u00e3o estereogr\u00e1fica. N\u00fameros complexos na forma trigonom\u00e9trica.<\/li>\n<li><a href=\"https:\/\/wp.ufpel.edu.br\/zahn\/files\/2025\/05\/L3.pdf\" target=\"_blank\" rel=\"noopener\">Lista 03<\/a> &#8211; Topologia no plano complexo.<\/li>\n<li><a href=\"https:\/\/wp.ufpel.edu.br\/zahn\/files\/2025\/05\/L4.pdf\" target=\"_blank\" rel=\"noopener\">Lista 04<\/a> &#8211; Sequ\u00eancias em C.<\/li>\n<li><a href=\"https:\/\/wp.ufpel.edu.br\/zahn\/files\/2025\/05\/L5.pdf\" target=\"_blank\" rel=\"noopener\">Lista 05<\/a> &#8211; S\u00e9ries num\u00e9ricas em C.<\/li>\n<li><a href=\"https:\/\/wp.ufpel.edu.br\/zahn\/files\/2025\/05\/L6.pdf\" target=\"_blank\" rel=\"noopener\">Lista 06<\/a> &#8211; Fun\u00e7\u00f5es de uma vari\u00e1vel complexa.<\/li>\n<li><a href=\"https:\/\/wp.ufpel.edu.br\/zahn\/files\/2025\/06\/L7.pdf\" target=\"_blank\" rel=\"noopener\">Lista 07<\/a> &#8211; Limite e continuidade de fun\u00e7\u00f5es complexas.<\/li>\n<li><a href=\"https:\/\/wp.ufpel.edu.br\/zahn\/files\/2025\/06\/L8.pdf\" target=\"_blank\" rel=\"noopener\">Lista 08<\/a> &#8211; Deriva\u00e7\u00e3o complexa.<\/li>\n<li><a href=\"https:\/\/wp.ufpel.edu.br\/zahn\/files\/2025\/07\/L9.pdf\" target=\"_blank\" rel=\"noopener\">Lista 09<\/a>\u00a0&#8211; Integra\u00e7\u00e3o em C.<\/li>\n<li><a href=\"https:\/\/wp.ufpel.edu.br\/zahn\/files\/2025\/07\/L10.pdf\" target=\"_blank\" rel=\"noopener\">Lista 10<\/a> &#8211; Teoremas integrais.<\/li>\n<li><a href=\"https:\/\/wp.ufpel.edu.br\/zahn\/files\/2025\/07\/L11.pdf\" target=\"_blank\" rel=\"noopener\">Lista 11<\/a> &#8211; Sequ\u00eancias e s\u00e9ries de fun\u00e7\u00f5es.<\/li>\n<li><a href=\"https:\/\/wp.ufpel.edu.br\/zahn\/files\/2025\/07\/L12.pdf\" target=\"_blank\" rel=\"noopener\">Lista 12<\/a> &#8211; S\u00e9ries de Taylor.<\/li>\n<li><a href=\"https:\/\/wp.ufpel.edu.br\/zahn\/files\/2025\/08\/L13.pdf\" target=\"_blank\" rel=\"noopener\">Lista 13<\/a> &#8211; S\u00e9ries de Laurent.<\/li>\n<li><a href=\"https:\/\/wp.ufpel.edu.br\/zahn\/files\/2025\/08\/L14.pdf\" target=\"_blank\" rel=\"noopener\">Lista 14<\/a> &#8211; Zeros e singularidades.<\/li>\n<li><a href=\"https:\/\/wp.ufpel.edu.br\/zahn\/files\/2025\/08\/L15.pdf\" target=\"_blank\" rel=\"noopener\">Lista 15<\/a> &#8211; Res\u00edduos e Teorema dos res\u00edduos.<\/li>\n<li><a href=\"https:\/\/wp.ufpel.edu.br\/zahn\/files\/2025\/08\/L16.pdf\" target=\"_blank\" rel=\"noopener\">Lista 16<\/a> &#8211; Aplica\u00e7\u00e3o dos res\u00edduos: integrais reais<\/li>\n<\/ul>\n<p style=\"text-align: center;\"><span style=\"color: #0000ff;\"><strong>Extras\/resolu\u00e7\u00f5es<\/strong><\/span><\/p>\n<ul>\n<li>Video contendo a resolu\u00e7\u00e3o de algumas quest\u00f5es da lista 01, acesso \u00a0<a href=\"https:\/\/www.youtube.com\/watch?v=vGTl4xb9c9E\" target=\"_blank\" rel=\"noopener\">aqui<\/a> . Atentamos apenas que, como este v\u00eddeo foi feito durante a pandemia, a numera\u00e7\u00e3o do enunciados pode estar diferente.<\/li>\n<li>Resolu\u00e7\u00e3o de os exerc\u00edcios da lista 02, sobre a proje\u00e7\u00e3o estereogr\u00e1fica, clique\u00a0<a href=\"https:\/\/wp.ufpel.edu.br\/zahn\/files\/2025\/06\/resol-proj-estereo-.pdf\" target=\"_blank\" rel=\"noopener\">aqui<\/a><\/li>\n<li>V\u00eddeo contendo a resolu\u00e7\u00e3o de algumas quest\u00f5es da Lista 03, acesso\u00a0<a href=\"https:\/\/www.youtube.com\/watch?v=kLhpcarTcUI\" target=\"_blank\" rel=\"noopener\">aqui<\/a>\u00a0 Atentamos apenas que, como este v\u00eddeo foi feito durante a pandemia, a numera\u00e7\u00e3o do enunciados pode estar diferente.<\/li>\n<li>V\u00eddeo contendo a resolu\u00e7\u00e3o de algumas quest\u00f5es da Lista 04, acesso <a href=\"https:\/\/www.youtube.com\/watch?v=wJNh-GDftuo&amp;t=3s\" target=\"_blank\" rel=\"noopener\">aqui<\/a>\u00a0 Atentamos apenas que, como este v\u00eddeo foi feito durante a pandemia, a numera\u00e7\u00e3o do enunciados pode estar diferente.<\/li>\n<li>Enunciado e gabarito de uma prova antiga, de 2010, acesso <a href=\"https:\/\/wp.ufpel.edu.br\/zahn\/files\/2025\/06\/gabarito_prova_01.pdf\" target=\"_blank\" rel=\"noopener\">aqui<\/a>.<\/li>\n<li>Resolu\u00e7\u00e3o de alguns exerc\u00edcios das listas 03,04 e 05, feitas no dia 02\/06\/25, acesso <a href=\"https:\/\/wp.ufpel.edu.br\/zahn\/files\/2025\/06\/resol-.pdf\" target=\"_blank\" rel=\"noopener\">aqui<\/a>.<\/li>\n<li>V\u00eddeo de 2020, comentando um pouco mais sobre ramos. Acesso <a href=\"https:\/\/www.youtube.com\/watch?v=YcVDikHOrhM&amp;t=19s\" target=\"_blank\" rel=\"noopener\">aqui<\/a>.<\/li>\n<li>Video apresentado a resolu\u00e7\u00e3o de algumas quest\u00f5es da Lista 06. Acesso\u00a0<a href=\"https:\/\/www.youtube.com\/watch?v=okkNj4baaO8\" target=\"_blank\" rel=\"noopener\">aqui<\/a><\/li>\n<li>V\u00eddeo para a aula 25 &#8211; Demonstra\u00e7\u00e3o do Teorema de Weierstrass. Acesso <a href=\"https:\/\/youtu.be\/D5B-gQIF-mY\" target=\"_blank\" rel=\"noopener\">aqui<\/a>.<\/li>\n<li>Resolu\u00e7\u00e3o de exerc\u00edcios da Lista 10, acesso <a href=\"https:\/\/wp.ufpel.edu.br\/zahn\/files\/2025\/08\/Resp_L10.pdf\" target=\"_blank\" rel=\"noopener\">aqui<\/a>.<\/li>\n<li>Resolu\u00e7\u00e3o de exerc\u00edcios da Lista 11, acesso <a href=\"https:\/\/wp.ufpel.edu.br\/zahn\/files\/2025\/08\/ResolL11-1.pdf\" target=\"_blank\" rel=\"noopener\">aqui<\/a>.<\/li>\n<li>Resolu\u00e7\u00e3o de exerc\u00edcios da lIsta 14, acesso <a href=\"https:\/\/wp.ufpel.edu.br\/zahn\/files\/2025\/08\/Resp_L14.pdf\" target=\"_blank\" rel=\"noopener\">aqui<\/a>.<\/li>\n<li>Resolu\u00e7\u00e3o de exerc\u00edcios da lista 15, acesso <a href=\"https:\/\/wp.ufpel.edu.br\/zahn\/files\/2025\/08\/Resp_L15.pdf\" target=\"_blank\" rel=\"noopener\">aqui<\/a>.<\/li>\n<li>Resolu\u00e7\u00e3o de exerc\u00edcios da Lista 16, e mais duas quest\u00f5es extras, acesso <a href=\"https:\/\/wp.ufpel.edu.br\/zahn\/files\/2025\/08\/resolL16.pdf\" target=\"_blank\" rel=\"noopener\">aqui<\/a>.<\/li>\n<\/ul>\n<p style=\"text-align: center;\"><strong>Arquivos pdf das aulas\u00a0<\/strong><\/p>\n<p><a href=\"https:\/\/wp.ufpel.edu.br\/zahn\/files\/2025\/04\/vc-1.pdf\" target=\"_blank\" rel=\"noopener\">Aula 01<\/a>\u00a0 (23\/04\/25) N\u00fameros \u00a0complexos como um corpo. Propriedades aritm\u00e9ticas. Pot\u00eancias de i. Imers\u00e3o de R em C. Forma alg\u00e9brica e unidade imagin\u00e1ria. Conjugado e propriedades. M\u00f3dulo e representa\u00e7\u00e3o no plano complexo.<\/p>\n<p><a href=\"https:\/\/wp.ufpel.edu.br\/zahn\/files\/2025\/04\/VC-a2.pdf\" target=\"_blank\" rel=\"noopener\">Aula 02<\/a> (25\/04\/25) Propriedades do m\u00f3dulo. A proje\u00e7\u00e3o estereogr\u00e1fica e o plano complexo extendido.<\/p>\n<p><a href=\"https:\/\/wp.ufpel.edu.br\/zahn\/files\/2025\/05\/VCa3.pdf\" target=\"_blank\" rel=\"noopener\">Aula 03<\/a> (30\/04\/25) Forma trigonom\u00e9trica. Produto e quociente nessa forma. F\u00f3rmulas de De Moivre.<\/p>\n<p><a href=\"https:\/\/wp.ufpel.edu.br\/zahn\/files\/2025\/05\/VCa4.pdf\" target=\"_blank\" rel=\"noopener\">Aula 04<\/a> (07\/05\/25) Topologia em C: o conjunto dos \u00a0n\u00fameros complexos como um espa\u00e7o m\u00e9trico. Vizinhan\u00e7a e vizinhan\u00e7a perfurada. Ponto interior de um conjunto. \u00a0Fechados e abertos de C. Porto de acumula\u00e7\u00e3o de um conjunto e o derivado. Conjunto conexo.<\/p>\n<p><a href=\"https:\/\/wp.ufpel.edu.br\/zahn\/files\/2025\/05\/VCa05.pdf\" target=\"_blank\" rel=\"noopener\">Aula 05<\/a>\u00a0 (09\/05\/25) Rela\u00e7\u00e3o entre fechado e aberto de C. Compactos de C e o teorema de Borel-Lebesgue.<\/p>\n<p><a href=\"https:\/\/wp.ufpel.edu.br\/zahn\/files\/2025\/05\/VC-a-06.pdf\" target=\"_blank\" rel=\"noopener\">Aula 06<\/a>\u00a0 (14\/05\/25) Fronteira de um conjunto. Sequ\u00eancias em C. Limite de sequ\u00eancia. Sequ\u00eancia limitada. Propriedades aritm\u00e9ticas das sequ\u00eancias.<\/p>\n<p><a href=\"https:\/\/wp.ufpel.edu.br\/zahn\/files\/2025\/05\/Vca7.pdf\" target=\"_blank\" rel=\"noopener\">Aula 07<\/a>\u00a0(21\/05\/25) Subsequ\u00eancia. Ponto aderente a uma sequ\u00eancia e a um conjunto. O Teorema de Bolzano-Weierstrass. Fecho de um conjunto. Limite infinito.<\/p>\n<p><a href=\"https:\/\/wp.ufpel.edu.br\/zahn\/files\/2025\/05\/VC-a8.pdf\" target=\"_blank\" rel=\"noopener\">Aula 08<\/a>\u00a0 (23\/05\/25) Sequ\u00eancia de Cauchy. S\u00e9ries complexas num\u00e9ricas. Principais resultados. Converg\u00eancia absoluta. Testes da compara\u00e7\u00e3o e da raz\u00e3o.<\/p>\n<p><a href=\"https:\/\/wp.ufpel.edu.br\/zahn\/files\/2025\/05\/VCa9.pdf\" target=\"_blank\" rel=\"noopener\">Aula 09<\/a> (28\/05\/25) Fun\u00e7\u00f5es de uma vari\u00e1vel complexa. Fun\u00e7\u00f5es un\u00edvocas e plurivocas. A fun\u00e7\u00e3o exponencial complexa.<\/p>\n<p><a href=\"https:\/\/wp.ufpel.edu.br\/zahn\/files\/2025\/05\/VCa10.pdf\" target=\"_blank\" rel=\"noopener\">Aula 10<\/a>\u00a0 (30\/05\/25) Propriedades da fun\u00e7\u00e3o exponencial. Representa\u00e7\u00e3o na forma polar. Fun\u00e7\u00f5es trigonom\u00e9tricas complexas seno e cosseno.<\/p>\n<p><a href=\"https:\/\/wp.ufpel.edu.br\/zahn\/files\/2025\/06\/Vca11.pdf\" target=\"_blank\" rel=\"noopener\">Aula 11<\/a>\u00a0(04\/06\/25) Fun\u00e7\u00f5es hiperb\u00f3licas complexas. A fun\u00e7\u00e3o Logar\u00edtmica complexa.<\/p>\n<p><a href=\"https:\/\/wp.ufpel.edu.br\/zahn\/files\/2025\/06\/VCa12.pdf\" target=\"_blank\" rel=\"noopener\">Aula 12<\/a>\u00a0(06\/06\/25) propriedades da fun\u00e7\u00e3o logar\u00edtmica complexa. A fun\u00e7\u00e3o pot\u00eancia. Fun\u00e7\u00f5es trigonom\u00e9tricas inversas.<\/p>\n<p><a href=\"https:\/\/wp.ufpel.edu.br\/zahn\/files\/2025\/06\/vca13.pdf\" target=\"_blank\" rel=\"noopener\">Aula 13<\/a>\u00a0 (11\/06\/25) Aula de exerc\u00edcios.<\/p>\n<p><a href=\"https:\/\/wp.ufpel.edu.br\/zahn\/files\/2025\/06\/vc-a14.pdf\" target=\"_blank\" rel=\"noopener\">Aula 14<\/a>\u00a0(18\/06\/25) Limite e continuidade de fun\u00e7\u00f5es complexas.<\/p>\n<p><a href=\"https:\/\/wp.ufpel.edu.br\/zahn\/files\/2025\/06\/VC-A15.pdf\" target=\"_blank\" rel=\"noopener\">Aula 15<\/a> (25\/06\/25) Deriva\u00e7\u00e3o em C. Fun\u00e7\u00f5es holomorfas. Equa\u00e7\u00f5es de Cauchy-Riemann.<\/p>\n<p><a href=\"https:\/\/wp.ufpel.edu.br\/zahn\/files\/2025\/06\/vc-a16.pdf\" target=\"_blank\" rel=\"noopener\">Aula 16<\/a>\u00a0 (27\/06\/25) Regras de deriva\u00e7\u00e3o complexa. Conceito de fun\u00e7\u00e3o inteira. O teorema da regra da cadeia.<\/p>\n<p><a href=\"https:\/\/wp.ufpel.edu.br\/zahn\/files\/2025\/07\/VCa17.pdf\" target=\"_blank\" rel=\"noopener\">Aula 17<\/a>\u00a0(02\/07\/25) Curvas no plano complexo.<\/p>\n<p><a href=\"https:\/\/wp.ufpel.edu.br\/zahn\/files\/2025\/07\/vca18.pdf\" target=\"_blank\" rel=\"noopener\">Aula 18<\/a> (04\/07\/25) Integrais curvil\u00edneas. TFC.<\/p>\n<p><a href=\"https:\/\/wp.ufpel.edu.br\/zahn\/files\/2025\/07\/VCa19.pdf\" target=\"_blank\" rel=\"noopener\">Aula 19<\/a>\u00a0 (09\/07\/25) Integrais \u00a0curvil\u00edneas, parte 2. Teorema da primitiva.<\/p>\n<p><a href=\"https:\/\/wp.ufpel.edu.br\/zahn\/files\/2025\/07\/VCa20.pdf\" target=\"_blank\" rel=\"noopener\">Aula 20<\/a>\u00a0 (11\/07\/25) Teorema de Cauchy-Goursat para regi\u00f5es conexas e multiplamente conexas.<\/p>\n<p><a href=\"https:\/\/wp.ufpel.edu.br\/zahn\/files\/2025\/07\/VCa21.pdf\" target=\"_blank\" rel=\"noopener\">Aula 21 <\/a>\u00a0 (16\/07\/25) F\u00f3rmula integral de Cauchy. Deriva\u00e7\u00e3o sob o s\u00edmbolo de integra\u00e7\u00e3o. Desigualdade de Cauchy.<\/p>\n<p><a href=\"https:\/\/wp.ufpel.edu.br\/zahn\/files\/2025\/07\/vc-a22.pdf\" target=\"_blank\" rel=\"noopener\">Aula 22<\/a> (18\/07\/25) Teoremas de Morera e de Liouville. Aplica\u00e7\u00f5es. Sequ\u00eancias de fun\u00e7\u00f5es. converg\u00eancias simples e uniforme.<\/p>\n<p><a href=\"https:\/\/wp.ufpel.edu.br\/zahn\/files\/2025\/07\/A.pdf\" target=\"_blank\" rel=\"noopener\">Aula 23<\/a> (23\/07\/25)Sequencias uniformemente de Cauchy. S\u00e9ries de fun\u00e7\u00f5es. S\u00e9ries simplesmente \u00e9 uniformemente convergentes. Teste M de Weierstrass.<\/p>\n<p><a href=\"https:\/\/wp.ufpel.edu.br\/zahn\/files\/2025\/07\/VCa24.pdf\" target=\"_blank\" rel=\"noopener\">Aula 24<\/a> (25\/07\/25) Aplica\u00e7\u00f5es do teste M de Weierstrass . A fun\u00e7\u00e3o zeta de Riemann. I integra\u00e7\u00e3o termo a termo de s\u00e9ries uniformemente convergentes.<\/p>\n<p><a href=\"https:\/\/wp.ufpel.edu.br\/zahn\/files\/2025\/07\/vc-a25.pdf\" target=\"_blank\" rel=\"noopener\">Aula 25<\/a>\u00a0 (30\/07\/25) Deriva\u00e7\u00e3o termo a termo(teorema de Weierstrass). S\u00e9ries de pot\u00eancias complexas. \u00a0Lema de Abel. Raio de converg\u00eancia e disco de converg\u00eancia.<\/p>\n<p><a href=\"https:\/\/wp.ufpel.edu.br\/zahn\/files\/2025\/08\/VC@26.pdf\" target=\"_blank\" rel=\"noopener\">Aula 26<\/a>\u00a0(01\/08\/25) Teorema de Cauchy-Hadamard. Teorema de Taylor para representa\u00e7\u00e3o em s\u00e9ries de pot\u00eancias.<\/p>\n<p><a href=\"https:\/\/wp.ufpel.edu.br\/zahn\/files\/2023\/04\/VCa27.pdf\" target=\"_blank\" rel=\"noopener\">Aula 27<\/a>\u00a0 (06\/08\/25) Exemplos de aplica\u00e7\u00e3o da s\u00e9rie de Taylor. A s\u00e9rie de Laurent\u2026.<\/p>\n<p><a href=\"https:\/\/wp.ufpel.edu.br\/zahn\/files\/2025\/08\/VC-a-28-1.pdf\" target=\"_blank\" rel=\"noopener\">Aula 28<\/a> (08\/08\/25) Demonstra\u00e7\u00e3o do Teorema da representa\u00e7\u00e3o em s\u00e9rie de Laurent. Exemplos.<\/p>\n<p><a href=\"https:\/\/wp.ufpel.edu.br\/zahn\/files\/2025\/08\/vca29.pdf\" target=\"_blank\" rel=\"noopener\">Aula 29<\/a>\u00a0(13\/08\/25) Zeros e singularidades. O Teorema dos res\u00edduos.<\/p>\n<p><a href=\"https:\/\/wp.ufpel.edu.br\/zahn\/files\/2025\/08\/vc-a30.pdf\" target=\"_blank\" rel=\"noopener\">Aula 30 <\/a>(15\/08\/25) Aplica\u00e7\u00e3o do teorema dos res\u00edduos em integrais reais racionais em termos de seno e cosseno e integrais impr\u00f3prias.<\/p>\n<p><a href=\"https:\/\/youtu.be\/Lojt27IgvJY\" target=\"_blank\" rel=\"noopener\">Aula 31<\/a> (V\u00eddeo) Lema de Jordan. Integrais impr\u00f3prias via teorema dos res\u00edduos.<\/p>\n<p><a href=\"https:\/\/wp.ufpel.edu.br\/zahn\/files\/2025\/08\/VcAula-32.pdf\" target=\"_blank\" rel=\"noopener\">Aula 32<\/a> (20\/08\/25) Aula de exerc\u00edcios. Discutimos d\u00favidas e fizemos um exerc\u00edcio da lista 13.<\/p>\n<p>&nbsp;<\/p>\n<p>&nbsp;<\/p>\n<p>&nbsp;<\/p>\n<p><span style=\"text-align: center;\">\ud809\udcb0\ud809\udcb0\ud809\udcb0\ud809\udcb0\ud809\udcb0\ud809\udcb0\ud809\udcb0\ud809\udcb0\ud809\udcb0\ud809\udcb0\ud809\udcb0\ud809\udcb0\ud809\udcb0<\/span><\/p>\n<p style=\"text-align: center;\"><strong>C\u00e1lculo II<\/strong> (Matem\u00e1tica diurno)<\/p>\n<p><img loading=\"lazy\" decoding=\"async\" class=\" wp-image-3840 aligncenter\" src=\"https:\/\/wp.ufpel.edu.br\/zahn\/files\/2025\/04\/i_intall.gif\" alt=\"\" width=\"204\" height=\"204\" \/><\/p>\n<p style=\"text-align: center;\">Dando continuidade ao estudo de C\u00e1lculo de fun\u00e7\u00f5es de uma vari\u00e1vel real estudaremos neste segundo curso de C\u00e1lculo o conceito de integral definida e o processo inverso \u00e0 deriva\u00e7\u00e3o, chamado de antideriva\u00e7\u00e3o, ou integra\u00e7\u00e3o indefinida. O importante Teorema Fundamental do C\u00e1lculo, que faz a conex\u00e3o entre este C\u00e1lculo e o anterior ser\u00e1 estudado. Daremos \u00eanfase a algumas aplica\u00e7\u00f5es da integral definida.<\/p>\n<p>&nbsp;<\/p>\n<p style=\"text-align: center;\"><strong>Plano de E<\/strong><strong>nsino<\/strong><\/p>\n<p style=\"text-align: center;\">Uma c\u00f3pia pdf do plano pode ser baixada clicando <a href=\"https:\/\/wp.ufpel.edu.br\/zahn\/files\/2025\/04\/Zahn2025_1_11100083_T1.pdf\" target=\"_blank\" rel=\"noopener\">aqui<\/a>.<\/p>\n<p>&nbsp;<\/p>\n<p style=\"text-align: center;\"><strong>Datas das Provas<\/strong><\/p>\n<p style=\"text-align: center;\"><a href=\"https:\/\/wp.ufpel.edu.br\/zahn\/files\/2025\/06\/Prova_01.pdf\" target=\"_blank\" rel=\"noopener\">Prova 01<\/a>: \u00a0dia 13\/06\/25<\/p>\n<p style=\"text-align: center;\">Prova 02: \u00a0dia 22\/08\/25<\/p>\n<p style=\"text-align: center;\">Exame: dia 29\/08\/25<\/p>\n<p>&nbsp;<\/p>\n<p style=\"text-align: center;\"><strong>Extras<\/strong><\/p>\n<ul>\n<li>V\u00eddeo ilustrando as aproxima\u00e7\u00f5es por falta e por excesso, da \u00e1rea de uma regi\u00e3o do plano, via somas de Riemann (extra\u00eddo do Facebook, do grupo Math is Visual ). Acesso <a href=\"https:\/\/youtu.be\/yO5akQxTKEQ\" target=\"_blank\" rel=\"noopener\">aqui<\/a>.<\/li>\n<\/ul>\n<p>&nbsp;<\/p>\n<p style=\"text-align: center;\"><strong>Listas de Exerc\u00edcios<\/strong><\/p>\n<ul>\n<li><a href=\"https:\/\/wp.ufpel.edu.br\/zahn\/files\/2025\/04\/lista_1.pdf\" target=\"_blank\" rel=\"noopener\">Lista 01<\/a> &#8211; Integral definida: primeiros conceitos.<\/li>\n<li><a href=\"https:\/\/wp.ufpel.edu.br\/zahn\/files\/2025\/05\/Lista_2.pdf\" target=\"_blank\" rel=\"noopener\">Lista 02<\/a> &#8211; O Teorema Fundamental do C\u00e1lculo. Integrais imediatas.<\/li>\n<li><a href=\"https:\/\/wp.ufpel.edu.br\/zahn\/files\/2025\/05\/Lista_3.pdf\" target=\"_blank\" rel=\"noopener\">Lista 03<\/a> &#8211; Constante de integra\u00e7\u00e3o. Integrais imediatas.<\/li>\n<li><a href=\"https:\/\/wp.ufpel.edu.br\/zahn\/files\/2023\/04\/lista_4.pdf\" target=\"_blank\" rel=\"noopener\">Lista 04<\/a> &#8211; Integrais envolvendo completamento de quadrado e substitui\u00e7\u00e3o trigonom\u00e9trica. Integra\u00e7\u00e3o por partes.<\/li>\n<li><a href=\"https:\/\/wp.ufpel.edu.br\/zahn\/files\/2025\/07\/lista_5.pdf\" target=\"_blank\" rel=\"noopener\">Lista 05<\/a> &#8211; Integrais de pot\u00eancias de seno e cosseno. Integrais por decomposi\u00e7\u00e3o em fra\u00e7\u00f5es parciais.<\/li>\n<li><a href=\"https:\/\/wp.ufpel.edu.br\/zahn\/files\/2025\/07\/lista_6.pdf\" target=\"_blank\" rel=\"noopener\">Lista 06<\/a> &#8211; Integrais da forma R(sen x, cos x) e R(x^1\/n). Integrais impr\u00f3prias.<\/li>\n<li><a href=\"https:\/\/wp.ufpel.edu.br\/zahn\/files\/2025\/07\/lista_7.pdf\" target=\"_blank\" rel=\"noopener\">Lista 07<\/a> &#8211; Aplica\u00e7\u00f5es da integral.<\/li>\n<li><a href=\"https:\/\/wp.ufpel.edu.br\/zahn\/files\/2025\/07\/lista_8.pdf\" target=\"_blank\" rel=\"noopener\">Lista 08<\/a> &#8211; Aplica\u00e7\u00f5es da integral definida: \u00e1reas.<\/li>\n<li><a href=\"https:\/\/wp.ufpel.edu.br\/zahn\/files\/2025\/07\/lista_9.pdf\" target=\"_blank\" rel=\"noopener\">Lista 09<\/a> &#8211; Aplica\u00e7\u00f5es da integral definida: Volumes de s\u00f3lidos de revolu\u00e7\u00e3o.<\/li>\n<li><a href=\"https:\/\/wp.ufpel.edu.br\/zahn\/files\/2025\/07\/lista_10.pdf\" target=\"_blank\" rel=\"noopener\">Lista 10<\/a> &#8211; Aplica\u00e7\u00f5es da integral definida: c\u00e1lculo de comprimento de arco.<\/li>\n<\/ul>\n<p style=\"text-align: center;\"><strong>Arquivos das aulas<\/strong><\/p>\n<p><a href=\"https:\/\/wp.ufpel.edu.br\/zahn\/files\/2025\/04\/c2-a-1.pdf\" target=\"_blank\" rel=\"noopener\">Aula 01<\/a>\u00a0 (23\/04\/25) Conjuntos limitados. \u00cdnfimo e supremo de um conjunto. Fun\u00e7\u00f5es limitadas. Parti\u00e7\u00e3o de um intervalo e propriedades. Somas inferior e superior. Integrais inferior e superior.<\/p>\n<p><a href=\"https:\/\/wp.ufpel.edu.br\/zahn\/files\/2025\/04\/C1a2.pdf\" target=\"_blank\" rel=\"noopener\">Aula 02<\/a>\u00a0(25\/04\/25) Fun\u00e7\u00e3o integr\u00e1vel. Um primeiro crit\u00e9rio de integrabilidade. Exemplo de integra\u00e7\u00e3o pela defini\u00e7\u00e3o.<\/p>\n<p><a href=\"https:\/\/wp.ufpel.edu.br\/zahn\/files\/2025\/05\/C2a3.pdf\" target=\"_blank\" rel=\"noopener\">Aula 03<\/a> \u00a0(30\/04\/25) outros exemplos de integra\u00e7\u00e3o pela defini\u00e7\u00e3o. Oscila\u00e7\u00e3o de uma fun\u00e7\u00e3o. Crit\u00e9rio de Darboux. Propriedades da integral definida.<\/p>\n<p><a href=\"https:\/\/wp.ufpel.edu.br\/zahn\/files\/2025\/05\/C2a4.pdf\" target=\"_blank\" rel=\"noopener\">Aula 04<\/a>\u00a0(07\/05\/25) Resolu\u00e7\u00e3o de exerc\u00edcios da List.a 01.<\/p>\n<p><a href=\"https:\/\/wp.ufpel.edu.br\/zahn\/files\/2025\/05\/c2a5.pdf\" target=\"_blank\" rel=\"noopener\">Aula 05<\/a>\u00a0(09\/05\/25) Fun\u00e7\u00e3o de Lipschitz. Resolu\u00e7\u00e3o de exerc\u00edcios da lista 01.<\/p>\n<p><a href=\"https:\/\/wp.ufpel.edu.br\/zahn\/files\/2025\/05\/C2a6.pdf\" target=\"_blank\" rel=\"noopener\">Aula 06<\/a>\u00a0 (14\/05\/25) Fun\u00e7\u00e3o definida a partir da sua integral. O Teorema Fundamental do C\u00e1lculo (TFC), no primeiro formato e no segundo formato. Exemplos.<\/p>\n<p><a href=\"https:\/\/wp.ufpel.edu.br\/zahn\/files\/2025\/05\/C2a7.pdf\" target=\"_blank\" rel=\"noopener\">Aula 07<\/a>\u00a0(21\/05\/25) Demonstra\u00e7\u00e3o do TFC. Antiderivada. Primeiras regras de integra\u00e7\u00e3o indefinida.<\/p>\n<p><a href=\"https:\/\/wp.ufpel.edu.br\/zahn\/files\/2025\/05\/C2a8.pdf\" target=\"_blank\" rel=\"noopener\">Aula 08<\/a>\u00a0(23\/05\/25) Outras regras de integra\u00e7\u00e3o indefinida.<\/p>\n<p><a href=\"https:\/\/wp.ufpel.edu.br\/zahn\/files\/2025\/05\/C2a9.pdf\" target=\"_blank\" rel=\"noopener\">Aula 09<\/a> (28\/05\/25) Formulas que envolvem v^2+-a^2. Completamento de quadrado perfeito para integrais da forma 1\/(ax^2+bx+c).<\/p>\n<p><a href=\"https:\/\/wp.ufpel.edu.br\/zahn\/files\/2025\/05\/C2a10.pdf\" target=\"_blank\" rel=\"noopener\">Aula 10<\/a> (30\/05\/25) Integrais da forma (px + q)\/(ax2+bx+c) e (px +q)\/sqrt(ax2+bx+c).<\/p>\n<p><a href=\"https:\/\/wp.ufpel.edu.br\/zahn\/files\/2025\/06\/C2a13.pdf\" target=\"_blank\" rel=\"noopener\">Aula 11<\/a> (04\/06\/25) Integrais por substitui\u00e7\u00e3o trigonom\u00e9trica. Integra\u00e7\u00e3o por partes.<\/p>\n<p><a href=\"https:\/\/wp.ufpel.edu.br\/zahn\/files\/2025\/06\/C2au12.pdf\" target=\"_blank\" rel=\"noopener\">Aula 12<\/a>\u00a0( 06\/12\/25) Aula de exerc\u00edcios.<\/p>\n<p><a href=\"https:\/\/wp.ufpel.edu.br\/zahn\/files\/2025\/06\/C2a13a.pdf\" target=\"_blank\" rel=\"noopener\">Aula 13<\/a>\u00a0 (11\/06\/25) Aula de exerc\u00edcios, sobre a Lista 04.<\/p>\n<p><a href=\"https:\/\/wp.ufpel.edu.br\/zahn\/files\/2025\/06\/C2-a13.pdf\" target=\"_blank\" rel=\"noopener\">Aula 13<\/a>\u00a0 (18\/06\/25) Aula de exerc\u00edcios \u00a0da Lista 04.<\/p>\n<p><a href=\"https:\/\/wp.ufpel.edu.br\/zahn\/files\/2025\/06\/C2a14.pdf\" target=\"_blank\" rel=\"noopener\">Aula 14<\/a>\u00a0(27\/06\/25) Integrais envolvendo pot\u00eancias de seno e cosseno. Integrais por decomposi\u00e7\u00e3o em fra\u00e7\u00f5es parciais, caso 01.<\/p>\n<p><a href=\"https:\/\/wp.ufpel.edu.br\/zahn\/files\/2025\/07\/C2-a15.pdf\" target=\"_blank\" rel=\"noopener\">Aula 15<\/a>\u00a0 (02\/07\/25) Casos 2 e 3 da decomposi\u00e7\u00e3o em fra\u00e7\u00f5es parciais.<\/p>\n<p><a href=\"https:\/\/wp.ufpel.edu.br\/zahn\/files\/2025\/07\/C2a16.pdf\" target=\"_blank\" rel=\"noopener\">Aula 16<\/a> (04\/07\/25) Caso 4 de decomposi\u00e7\u00e3o em fra\u00e7\u00f5es parciais.<\/p>\n<p><a href=\"https:\/\/wp.ufpel.edu.br\/zahn\/files\/2025\/07\/C2a17.pdf\" target=\"_blank\" rel=\"noopener\">Aula 17<\/a>\u00a0 (09\/07\/25) Exerc\u00edcio sobre decomposi\u00e7\u00e3o em fra\u00e7\u00f5es parciais. Integrais trigonom\u00e9tricas via troca universal.<\/p>\n<p><a href=\"https:\/\/wp.ufpel.edu.br\/zahn\/files\/2025\/07\/C2a18.pdf\" target=\"_blank\" rel=\"noopener\">Aula 18<\/a> \u00a0( 11\/07\/25) integrais de fun\u00e7\u00f5es da forma R(x^1\/n).<\/p>\n<p><a href=\"https:\/\/wp.ufpel.edu.br\/zahn\/files\/2025\/07\/C2a19.pdf\" target=\"_blank\" rel=\"noopener\">Aula 19<\/a> (16\/07\/25) Integrais impr\u00f3pias.<\/p>\n<p><a href=\"https:\/\/wp.ufpel.edu.br\/zahn\/files\/2025\/07\/C2a20.pdf\" target=\"_blank\" rel=\"noopener\">Aula 20<\/a> (18\/07\/25) Aplica\u00e7\u00f5es da integral.<\/p>\n<p><a href=\"https:\/\/wp.ufpel.edu.br\/zahn\/files\/2025\/07\/C2a21.pdf\" target=\"_blank\" rel=\"noopener\">Aula 21<\/a>\u00a0(23\/07\/25) C\u00e1lculo de \u00e1reas entre curvas.<\/p>\n<p><a href=\"https:\/\/wp.ufpel.edu.br\/zahn\/files\/2025\/07\/c2a22.pdf\" target=\"_blank\" rel=\"noopener\">Aula 22<\/a>\u00a0 (25\/07\/25) C\u00e1lculo de volumes pelo m\u00e9todo do inv\u00f3lucro cil\u00edndrico.<\/p>\n<p><a href=\"https:\/\/wp.ufpel.edu.br\/zahn\/files\/2025\/07\/C2a23.pdf\" target=\"_blank\" rel=\"noopener\">Aula 23<\/a>\u00a0(30\/07\/25) C\u00e1lculo de volumes pelo m\u00e9todo do inv\u00f3lucro cil\u00edndrico.<\/p>\n<p><a href=\"https:\/\/wp.ufpel.edu.br\/zahn\/files\/2025\/08\/C1a24k.pdf\" target=\"_blank\" rel=\"noopener\">Aula 24<\/a>\u00a0(01\/08\/25) c\u00e1lculo de comprimento de uma curva.<\/p>\n<p><a href=\"https:\/\/wp.ufpel.edu.br\/zahn\/files\/2025\/08\/C2a25.pdf\" target=\"_blank\" rel=\"noopener\">Aula 25<\/a>\u00a0(06\/08\/25) Aula de exerc\u00edcios.<\/p>\n<p><a href=\"https:\/\/wp.ufpel.edu.br\/zahn\/files\/2025\/08\/C2a26.pdf\" target=\"_blank\" rel=\"noopener\">Aula 26<\/a>\u00a0(13\/08\/25) Aula de exerc\u00edcios.<\/p>\n<p><a href=\"https:\/\/wp.ufpel.edu.br\/zahn\/files\/2025\/08\/C1a27.pdf\" target=\"_blank\" rel=\"noopener\">Aula 27<\/a>\u00a0(15\/08\/25) Aula de exerc\u00edcios.<\/p>\n<p><a href=\"https:\/\/wp.ufpel.edu.br\/zahn\/files\/2025\/08\/Finol.pdf\" target=\"_blank\" rel=\"noopener\">Aula 28<\/a> (20\/08\/25) Aula final de exerc\u00edcios.<\/p>\n<p>&nbsp;<\/p>\n<p>\ud809\udcb0\ud809\udcb0\ud809\udcb0\ud809\udcb0\ud809\udcb0\ud809\udcb0\ud809\udcb0\ud809\udcb0\ud809\udcb0\ud809\udcb0\ud809\udcb0\ud809\udcb0\ud809\udcb0<\/p>\n<p style=\"text-align: center;\"><strong>Fun\u00e7\u00f5es Transcendentes<\/strong> (Matem\u00e1tica Noturno)<\/p>\n<p><img loading=\"lazy\" decoding=\"async\" class=\"wp-image-3844 aligncenter\" src=\"https:\/\/wp.ufpel.edu.br\/zahn\/files\/2025\/04\/images.jpeg\" alt=\"\" width=\"173\" height=\"157\" srcset=\"https:\/\/wp.ufpel.edu.br\/zahn\/files\/2025\/04\/images.jpeg 198w, https:\/\/wp.ufpel.edu.br\/zahn\/files\/2025\/04\/images-175x159.jpeg 175w\" sizes=\"auto, (max-width: 173px) 100vw, 173px\" \/><\/p>\n<p style=\"text-align: center;\">Nesta disciplina estudaremos as fun\u00e7\u00f5es exponenciais, logar\u00edtmicas, trigonom\u00e9tricas diretas e inversas, fun\u00e7\u00f5es extremamente importantes no C\u00e1lculo e na Matem\u00e1tica em geral.<\/p>\n<p style=\"text-align: center;\"><strong>Plano de ensino<\/strong><\/p>\n<p style=\"text-align: center;\">Uma c\u00f3pia em pdf do plano de ensino pode ser baixada clicando <a href=\"https:\/\/wp.ufpel.edu.br\/zahn\/files\/2025\/04\/plano_ensino_2025_1_11100076_T1.pdf\" target=\"_blank\" rel=\"noopener\">aqui<\/a>.<\/p>\n<p>&nbsp;<\/p>\n<p style=\"text-align: center;\"><strong>Datas das provas<\/strong><\/p>\n<p style=\"text-align: center;\"><a href=\"https:\/\/wp.ufpel.edu.br\/zahn\/files\/2025\/06\/PrvFT_01.pdf\" target=\"_blank\" rel=\"noopener\">Prova 01<\/a>: dia 25\/06\/25 &#8211; <a href=\"https:\/\/wp.ufpel.edu.br\/zahn\/files\/2025\/06\/Gab-pr1-FT.pdf\" target=\"_blank\" rel=\"noopener\">Gabarito<\/a><\/p>\n<p style=\"text-align: center;\"><a href=\"https:\/\/wp.ufpel.edu.br\/zahn\/files\/2025\/08\/PrvFT_02.pdf\" target=\"_blank\" rel=\"noopener\">Prova 02<\/a>: dia 13\/08 (da aula 08 em diante) &#8211; <a href=\"https:\/\/wp.ufpel.edu.br\/zahn\/files\/2025\/08\/gab-p2.pdf\" target=\"_blank\" rel=\"noopener\">Gabarito<\/a><\/p>\n<p style=\"text-align: center;\">Prova 03: dia 20\/08\/25 (contempla toda a mat\u00e9ria) &#8211;\u00a0<a href=\"https:\/\/wp.ufpel.edu.br\/zahn\/files\/2025\/08\/PrvfT_03Gab.pdf\" target=\"_blank\" rel=\"noopener\">Gabarito<\/a><\/p>\n<p style=\"text-align: center;\">Exame: dia 27\/08\/25<\/p>\n<p>&nbsp;<\/p>\n<p style=\"text-align: center;\"><strong>Listas de Exerc\u00edcios<\/strong><\/p>\n<ul>\n<li><a href=\"https:\/\/wp.ufpel.edu.br\/zahn\/files\/2025\/04\/L01.pdf\" target=\"_blank\" rel=\"noopener\">Lista 01<\/a> &#8211; Exponenciais e logaritmos.<\/li>\n<li><a href=\"https:\/\/wp.ufpel.edu.br\/zahn\/files\/2025\/05\/L02.pdf\" target=\"_blank\" rel=\"noopener\">Lista 02<\/a> &#8211; Trigonometria no tri\u00e2ngulo ret\u00e2ngulo. Arcos e \u00e2ngulos. Ciclo trigonom\u00e9trico.<\/li>\n<li><a href=\"https:\/\/wp.ufpel.edu.br\/zahn\/files\/2025\/06\/L03.pdf\" target=\"_blank\" rel=\"noopener\">Lista 03<\/a> &#8211; N\u00fameros trigonom\u00e9tricos.<\/li>\n<li><a href=\"https:\/\/wp.ufpel.edu.br\/zahn\/files\/2025\/07\/L04.pdf\" target=\"_blank\" rel=\"noopener\">Lista 04<\/a> &#8211; F\u00f3rmulas da Trigonometria. Tri\u00e2ngulo quaisquer.<\/li>\n<li><a href=\"https:\/\/wp.ufpel.edu.br\/zahn\/files\/2025\/07\/L05.pdf\" target=\"_blank\" rel=\"noopener\">Lista 05<\/a> &#8211; Fun\u00e7\u00f5es trigonom\u00e9tricas diretas e inversas.<\/li>\n<\/ul>\n<p>&nbsp;<\/p>\n<p style=\"text-align: center;\"><strong>Extras<\/strong><\/p>\n<ul>\n<li>zero elevado \u00e0 zero, quanto \u00e9? V\u00eddeo do IMPA. Acesso\u00a0<a href=\"https:\/\/www.youtube.com\/watch?v=9izmYyLkKxc\" target=\"_blank\" rel=\"noopener\">aqui.<\/a><\/li>\n<li>Resolu\u00e7\u00f5es de quest\u00f5es da Lista 01, acesso\u00a0<a href=\"https:\/\/wp.ufpel.edu.br\/zahn\/files\/2025\/06\/resolutio-L1.pdf\" target=\"_blank\" rel=\"noopener\">aqui<\/a><\/li>\n<li>Resolu\u00e7\u00f5es de exerc\u00edcios da Lista 02, acesso\u00a0<a href=\"https:\/\/wp.ufpel.edu.br\/zahn\/files\/2025\/06\/resolL02.pdf\" target=\"_blank\" rel=\"noopener\">aqui<\/a><\/li>\n<li>Resolu\u00e7\u00f5es de exerc\u00edcios da Lista 03, acesso\u00a0<a href=\"https:\/\/wp.ufpel.edu.br\/zahn\/files\/2025\/06\/resol-L-03.pdf\" target=\"_blank\" rel=\"noopener\">aqui<\/a><\/li>\n<\/ul>\n<p style=\"text-align: center;\"><strong>Arquivos pdf das aulas<\/strong><\/p>\n<p><a href=\"https:\/\/wp.ufpel.edu.br\/zahn\/files\/2025\/04\/FT-a1.pdf\" target=\"_blank\" rel=\"noopener\">Aula 01<\/a>\u00a0(30\/04\/25) Apresenta\u00e7\u00e3o da disciplina. Fun\u00e7\u00e3o exponencial. Conceito e propriedade de crescimento e de crescimento. Gr\u00e1ficos. Equa\u00e7\u00e3o exponencial.<\/p>\n<p><a href=\"https:\/\/wp.ufpel.edu.br\/zahn\/files\/2025\/05\/FT-a2.pdf\" target=\"_blank\" rel=\"noopener\">Aula 02<\/a> (07\/05\/25) equa\u00e7\u00e3o e inequa\u00e7\u00e3o exponencial. Logaritmos. Defini\u00e7\u00e3o e exemplos. Propriedades dos logaritmos.<\/p>\n<p><a href=\"https:\/\/wp.ufpel.edu.br\/zahn\/files\/2025\/05\/FT-a03.pdf\" target=\"_blank\" rel=\"noopener\">Aula 03<\/a>\u00a0 (14\/05\/25) Mudan\u00e7a de base de logaritmos. Equa\u00e7\u00e3o logar\u00edtmica. Inequa\u00e7\u00e3o logar\u00edtmica. Fun\u00e7\u00e3o logar\u00edtmica.<\/p>\n<p><a href=\"https:\/\/wp.ufpel.edu.br\/zahn\/files\/2025\/05\/FT-a4.pdf\" target=\"_blank\" rel=\"noopener\">Aula 04<\/a>\u00a0 (21\/05\/25) Meia-vida de material radioativo. Injetividade, sobrejetividade e bijetividade de fun\u00e7\u00f5es. \u00a0Fun\u00e7\u00f5es inversas. As fun\u00e7\u00f5es exponencial e logar\u00edtmica como inversas uma da outra.<\/p>\n<p><a href=\"https:\/\/wp.ufpel.edu.br\/zahn\/files\/2025\/05\/FT-a-5.pdf\" target=\"_blank\" rel=\"noopener\">Aula 05<\/a>\u00a0 (28\/05\/25) Trigonometria, primeiros conceitos. Arcos e \u00e2ngulos. Trigonometria no tri\u00e2ngulo ret\u00e2ngulo.<\/p>\n<p><a href=\"https:\/\/wp.ufpel.edu.br\/zahn\/files\/2025\/06\/FTa6.pdf\" target=\"_blank\" rel=\"noopener\">Aula 06<\/a>\u00a0(04\/06\/25) Ciclo trigonom\u00e9trico. Arcos no ciclo. Arcos c\u00f4ngruos, express\u00e3o geral e menor determina\u00e7\u00e3o. Seno, cosseno e tangente no ciclo. \u00a0Arcos not\u00e1veis.<\/p>\n<p><a href=\"https:\/\/wp.ufpel.edu.br\/zahn\/files\/2025\/06\/FT-a7.pdf\" target=\"_blank\" rel=\"noopener\">Aula 07<\/a>\u00a0 (11\/06\/25) Redu\u00e7\u00e3o ao primeiro quadrante. Cotangente, secante e cossecante no ciclo trigonom\u00e9trico. F\u00f3rmulas envolvendo esses n\u00fameros trigonom\u00e9tricos. Redu\u00e7\u00e3o ao primeiro quadrante destes.<\/p>\n<p><a href=\"https:\/\/wp.ufpel.edu.br\/zahn\/files\/2025\/06\/FT-a-8.pdf\" target=\"_blank\" rel=\"noopener\">Aula 08<\/a> (18\/06\/25) seno e cosseno da adi\u00e7\u00e3o e subtra\u00e7\u00e3o de arcos. Resolu\u00e7\u00e3o de exerc\u00edcios das listas 02 e 03.<\/p>\n<p><a href=\"https:\/\/wp.ufpel.edu.br\/zahn\/files\/2025\/07\/FT-a09.pdf\" target=\"_blank\" rel=\"noopener\">Aula 09<\/a> \u00a0(02\/07\/25) Formulas da trigonometria, de arcos duplos, arcos metade e da prostaferese.<\/p>\n<p><a href=\"https:\/\/wp.ufpel.edu.br\/zahn\/files\/2025\/07\/FTa10.pdf\" target=\"_blank\" rel=\"noopener\">Aula 10<\/a>\u00a0 (09\/07\/25) Tri\u00e2ngulos quaisquer, A fun\u00e7\u00e3o seno.<\/p>\n<p><a href=\"https:\/\/wp.ufpel.edu.br\/zahn\/files\/2025\/07\/FTA11.pdf\" target=\"_blank\" rel=\"noopener\">Aula 11<\/a>\u00a0 (16\/11\/25) Demais fun\u00e7\u00f5es trigonom\u00e9tricas diretas (cosseno, \u00a0tangente, secante, cossecante e cotangente)<\/p>\n<p><a href=\"https:\/\/wp.ufpel.edu.br\/zahn\/files\/2025\/07\/FTa12.pdf\" target=\"_blank\" rel=\"noopener\">Aula 12<\/a> (23\/07\/25) Fun\u00e7\u00f5es trigonom\u00e9tricas inversas.<\/p>\n<p><a href=\"https:\/\/wp.ufpel.edu.br\/zahn\/files\/2025\/07\/FTa13.pdf\" target=\"_blank\" rel=\"noopener\">Aula 13<\/a>\u00a0(30\/07\/25) Equa\u00e7\u00f5es trigonom\u00e9tricas. Resolu\u00e7\u00e3o de exerc\u00edcios da lista 05.<\/p>\n<p><a href=\"https:\/\/wp.ufpel.edu.br\/zahn\/files\/2025\/08\/FTa14.pdf\" target=\"_blank\" rel=\"noopener\">Aula 14<\/a>\u00a0(06\/08\/25) Aula de exerc\u00edcios das listas 04 e 05.<\/p>\n<p>&nbsp;<\/p>\n<p>&nbsp;<\/p>\n","protected":false},"excerpt":{"rendered":"<p>&nbsp; Ano de 2025 de Nosso Senhor Segundo Semestre \u00c1lgebra Linear I (para os cursos de F\u00edsica) A \u00e1lgebra linear \u00e9 uma disciplina vital para a Matem\u00e1tica e a F\u00edsica, visto que diversos elementos de sua teoria s\u00e3o fundamentais para compreens\u00e3o de estudos futuros, sejam te\u00f3ricos ou de aplica\u00e7\u00e3o. Por exemplo, usamos os conceitos de &hellip; <a href=\"https:\/\/wp.ufpel.edu.br\/zahn\/disciplinas\/mmxxv\/\" class=\"more-link\">Continue lendo <span class=\"screen-reader-text\">MMXXV<\/span> <span class=\"meta-nav\">&rarr;<\/span><\/a><\/p>\n","protected":false},"author":605,"featured_media":0,"parent":15,"menu_order":0,"comment_status":"closed","ping_status":"closed","template":"","meta":{"jetpack_post_was_ever_published":false,"footnotes":""},"class_list":["post-4373","page","type-page","status-publish","hentry"],"jetpack_sharing_enabled":true,"jetpack_shortlink":"https:\/\/wp.me\/P7fXYa-18x","_links":{"self":[{"href":"https:\/\/wp.ufpel.edu.br\/zahn\/wp-json\/wp\/v2\/pages\/4373","targetHints":{"allow":["GET"]}}],"collection":[{"href":"https:\/\/wp.ufpel.edu.br\/zahn\/wp-json\/wp\/v2\/pages"}],"about":[{"href":"https:\/\/wp.ufpel.edu.br\/zahn\/wp-json\/wp\/v2\/types\/page"}],"author":[{"embeddable":true,"href":"https:\/\/wp.ufpel.edu.br\/zahn\/wp-json\/wp\/v2\/users\/605"}],"replies":[{"embeddable":true,"href":"https:\/\/wp.ufpel.edu.br\/zahn\/wp-json\/wp\/v2\/comments?post=4373"}],"version-history":[{"count":2,"href":"https:\/\/wp.ufpel.edu.br\/zahn\/wp-json\/wp\/v2\/pages\/4373\/revisions"}],"predecessor-version":[{"id":4376,"href":"https:\/\/wp.ufpel.edu.br\/zahn\/wp-json\/wp\/v2\/pages\/4373\/revisions\/4376"}],"up":[{"embeddable":true,"href":"https:\/\/wp.ufpel.edu.br\/zahn\/wp-json\/wp\/v2\/pages\/15"}],"wp:attachment":[{"href":"https:\/\/wp.ufpel.edu.br\/zahn\/wp-json\/wp\/v2\/media?parent=4373"}],"curies":[{"name":"wp","href":"https:\/\/api.w.org\/{rel}","templated":true}]}}