{"id":3012,"date":"2024-02-26T20:31:37","date_gmt":"2024-02-26T23:31:37","guid":{"rendered":"https:\/\/wp.ufpel.edu.br\/zahn\/?page_id=3012"},"modified":"2024-04-05T22:49:14","modified_gmt":"2024-04-06T01:49:14","slug":"mmxxiv","status":"publish","type":"page","link":"https:\/\/wp.ufpel.edu.br\/zahn\/disciplinas\/mmxxiv\/","title":{"rendered":"MMXXIll"},"content":{"rendered":"<p style=\"text-align: center;\">\n<p style=\"text-align: center;\"><span style=\"font-size: 12pt; color: #0000ff;\"><strong>MMXXIII ANNO DOMINE<\/strong><\/span><\/p>\n<p style=\"text-align: center;\"><strong>SEGUNDO SEMESTRE<\/strong><\/p>\n<p style=\"text-align: center;\"><strong>C\u00c1LCULO IV (Matem\u00e1tica Diurno) Turma T2<\/strong><\/p>\n<p>Estudaremos nesta disciplina a continua\u00e7\u00e3o natural do c\u00e1lculo de fun\u00e7\u00f5es a v\u00e1rias vari\u00e1veis, iniciado no C\u00e1lculo III. Mais precisamente, estudaremos o C\u00e1lculo integral \u00e0 v\u00e1rias vari\u00e1veis, incluindo a parte vetorial a v\u00e1rias vari\u00e1veis.<\/p>\n<p style=\"text-align: center;\"><strong>Plano de Ensino<\/strong> &#8211; P0de ser baixada uma c\u00f3pia do arquivo pdf do plano acessando <a href=\"https:\/\/wp.ufpel.edu.br\/zahn\/files\/2023\/10\/plano_ensino_2023_2_11100086_T2.pdf\" target=\"_blank\" rel=\"noopener\">aqui<\/a>.<\/p>\n<p>&nbsp;<\/p>\n<p style=\"text-align: center;\"><strong>Datas das Provas<\/strong><\/p>\n<p style=\"text-align: center;\">Prova 01 &#8211; 07\/02\/2024 &#8211; <a href=\"https:\/\/wp.ufpel.edu.br\/zahn\/files\/2024\/02\/GabP1civ.pdf\" target=\"_blank\" rel=\"noopener\">Gabarito <\/a><\/p>\n<p style=\"text-align: center;\">Prova 02 &#8211; 15\/03\/2024<\/p>\n<p style=\"text-align: center;\">Exame &#8211; 20\/03\/2024<\/p>\n<p>&nbsp;<\/p>\n<p style=\"text-align: center;\"><strong>Listas de Exerc\u00edcios<\/strong><\/p>\n<p style=\"text-align: center;\"><a href=\"https:\/\/wp.ufpel.edu.br\/zahn\/files\/2023\/11\/L01Civ.pdf\" target=\"_blank\" rel=\"noopener\">Lista 01<\/a> &#8211; Integrais m\u00faltiplas, primeiros conceitos<\/p>\n<p style=\"text-align: center;\"><a href=\"https:\/\/wp.ufpel.edu.br\/zahn\/files\/2023\/11\/L02Civ.pdf\" target=\"_blank\" rel=\"noopener\">Lista 02<\/a> &#8211; Integrais duplas<\/p>\n<p style=\"text-align: center;\"><a href=\"https:\/\/wp.ufpel.edu.br\/zahn\/files\/2023\/07\/L03Civ.pdf\" target=\"_blank\" rel=\"noopener\">Lista 03<\/a> \u2013 Integrais impr\u00f3prias. Integrais triplas<\/p>\n<p style=\"text-align: center;\"><a href=\"https:\/\/wp.ufpel.edu.br\/zahn\/files\/2023\/08\/L04Civ.pdf\" target=\"_blank\" rel=\"noopener\">Lista 04<\/a> \u2013 Mudan\u00e7a de coordenadas em integrais triplas. Campos vetoriais.<\/p>\n<p style=\"text-align: center;\"><a href=\"https:\/\/wp.ufpel.edu.br\/zahn\/files\/2023\/08\/L05Civ.pdf\" target=\"_blank\" rel=\"noopener\">Lista 05<\/a> &#8211; Integrais de linha. Teorema de Green.<\/p>\n<p style=\"text-align: center;\"><a href=\"https:\/\/wp.ufpel.edu.br\/zahn\/files\/2023\/09\/L06Civ.pdf\" target=\"_blank\" rel=\"noopener\">Lista 06<\/a> &#8211; Teoremas de Green, da diverg\u00eancia e de Stokes no plano. Extra: superf\u00edcies no R3.<\/p>\n<p>&nbsp;<\/p>\n<p style=\"text-align: center;\"><strong>Extras<\/strong><\/p>\n<ul>\n<li>Algumas resolu\u00e7\u00f5es da lista 01, feitas via webconf, no dia 22\/12\/23, acesso <a href=\"https:\/\/wp.ufpel.edu.br\/zahn\/files\/2023\/12\/resol_L01_c4.pdf\" target=\"_blank\" rel=\"noopener\">aqui<\/a>. Para acessar o v\u00eddeo clique <a href=\"https:\/\/youtu.be\/lvzsHNcrMeA\" target=\"_blank\" rel=\"noopener\">aqui<\/a>.<\/li>\n<li>Resolu\u00e7\u00e3o de quest\u00f5es da Lista 02, acesso\u00a0<a href=\"https:\/\/wp.ufpel.edu.br\/zahn\/files\/2024\/01\/Resol-l2-c4.pdf\" target=\"_blank\" rel=\"noopener\">aqui<\/a><\/li>\n<\/ul>\n<p>&nbsp;<\/p>\n<p style=\"text-align: center;\"><strong>Arquivos pdf das aulas<\/strong><\/p>\n<p>Abaixo apresentamos uma lista dos arquivos pdf produzidos em sala de aula.<\/p>\n<p><a href=\"https:\/\/wp.ufpel.edu.br\/zahn\/files\/2023\/10\/A1-civ.pdf\" target=\"_blank\" rel=\"noopener\">Aula 01<\/a>&#8211; (25\/10\/23) &#8211;\u00a0Apresenta\u00e7\u00e3o da disciplina. Blocos em Rm. Parti\u00e7\u00e3o de um bloco. Fun\u00e7\u00f5es limitadas em um bloco. Somas inferior e superior de uma fun\u00e7\u00e3o em um bloco, em rela\u00e7\u00e3o a uma parti\u00e7\u00e3o. Refinamento. Propriedades das somas inferior e superior.<\/p>\n<p><a href=\"https:\/\/wp.ufpel.edu.br\/zahn\/files\/2023\/10\/C4A2.pdf\" target=\"_blank\" rel=\"noopener\">Aula 02<\/a>&#8211; (27\/10\/23) &#8211; A integral superior e a integral inferior de uma fun\u00e7\u00e3o limitada em um bloco do Rm. A integral definida. Crit\u00e9rio de integrabilidade. Um exemplo de c\u00e1lculo de integral definida pela defini\u00e7\u00e3o.<\/p>\n<p><a href=\"https:\/\/wp.ufpel.edu.br\/zahn\/files\/2023\/11\/C4-a3.pdf\" target=\"_blank\" rel=\"noopener\">Aula 03<\/a>\u00a0 &#8211; (01\/11\/23) &#8211; Outros exemplos de c\u00e1lculo de integral definida pela defini\u00e7\u00e3o. Oscila\u00e7\u00e3o de uma fun\u00e7\u00e3o limitada em um conjunto. Propriedades da integral definida em um bloco.<\/p>\n<p><a href=\"https:\/\/wp.ufpel.edu.br\/zahn\/files\/2023\/11\/C4A4.pdf\" target=\"_blank\" rel=\"noopener\">Aula 04<\/a> &#8211; (08\/11\/23) &#8211; Conjuntos de medida nula. A fun\u00e7\u00e3o caracter\u00edstica de conjuntos J-mensur\u00e1veis. Teorema de Lebesgue. A integral em conjuntos J- mensur\u00e1veis. Propriedades da integral.<\/p>\n<p><a href=\"https:\/\/wp.ufpel.edu.br\/zahn\/files\/2023\/11\/4a5.pdf\" target=\"_blank\" rel=\"noopener\">Aula 05<\/a> &#8211; (10\/11\/23) &#8211; Integral de Riemann. Integrais duplas e a integra\u00e7\u00e3o em um ret\u00e2ngulo via integrais iteradas.<\/p>\n<p><a href=\"https:\/\/wp.ufpel.edu.br\/zahn\/files\/2023\/11\/C4a6.pdf\" target=\"_blank\" rel=\"noopener\">Aula 06<\/a>\u00a0&#8211; (17\/11\/23) &#8211; Integrais duplas em regi\u00f5es mais gerais.<\/p>\n<p><a href=\"https:\/\/wp.ufpel.edu.br\/zahn\/files\/2023\/07\/Aula-07-c-iv.pdf\" target=\"_blank\" rel=\"noopener\">Aula 07<\/a> &#8211; \u00a0(29\/11\/23) &#8211; Outros exemplos. Teorema da m\u00e9dia. [pdf do semestre anterior]<\/p>\n<p><a href=\"https:\/\/wp.ufpel.edu.br\/zahn\/files\/2023\/12\/C4a8j.pdf\" target=\"_blank\" rel=\"noopener\">Aula 08<\/a>\u00a0&#8211; (01\/12\/23) &#8211; Integrais duplas em coordenadas polares.<\/p>\n<p><a href=\"https:\/\/wp.ufpel.edu.br\/zahn\/files\/2023\/12\/C4a9.pdf\" target=\"_blank\" rel=\"noopener\">Aula 09<\/a> &#8211; (06\/12\/23) \u00a0&#8211; Mudan\u00e7a de vari\u00e1veis em integrais duplas.<\/p>\n<p><a href=\"https:\/\/wp.ufpel.edu.br\/zahn\/files\/2023\/12\/C4-@10.pdf\" target=\"_blank\" rel=\"noopener\">Aula 10<\/a>\u00a0 &#8211; (08\/12\/23) &#8211; Integrais impr\u00f3prias .<\/p>\n<p><a href=\"https:\/\/wp.ufpel.edu.br\/zahn\/files\/2023\/12\/C4a11.pdf\" target=\"_blank\" rel=\"noopener\">Aula 11<\/a>\u00a0 &#8211; (13\/12\/23) &#8211; Integrais triplas.<\/p>\n<p><a href=\"https:\/\/wp.ufpel.edu.br\/zahn\/files\/2023\/12\/C4-a12.pdf\" target=\"_blank\" rel=\"noopener\">Aula 12<\/a> \u00a0&#8211; (15\/12\/23) &#8211; Aula de exerc\u00edcios, sobre listas 03 e 02.<\/p>\n<p><a href=\"https:\/\/wp.ufpel.edu.br\/zahn\/files\/2024\/01\/C4a13.pdf\" target=\"_blank\" rel=\"noopener\">Aula 13<\/a> &#8211; (31\/01\/24) &#8211; Aula de exerc\u00edcios, sobre a lista 03.<\/p>\n<p><a href=\"https:\/\/wp.ufpel.edu.br\/zahn\/files\/2024\/02\/C4aula-14.pdf\" target=\"_blank\" rel=\"noopener\">Aula 14<\/a>\u00a0 &#8211; (09\/02\/24) &#8211; Mudan\u00e7a geral de vari\u00e1veis no R3. Sistema de coordenadas cil\u00edndricas.<\/p>\n<p><a href=\"https:\/\/wp.ufpel.edu.br\/zahn\/files\/2024\/02\/C4-a15.pdf\" target=\"_blank\" rel=\"noopener\">Aula 15<\/a>\u00a0 &#8211; (16\/02\/24) &#8211; Um exemplo de uso de coordenadas cil\u00edndricas. Sistema de coordenadas esf\u00e9ricas. Integrais no sistema esf\u00e9rico.<\/p>\n<p><a href=\"https:\/\/wp.ufpel.edu.br\/zahn\/files\/2024\/02\/C4-a-16.pdf\" target=\"_blank\" rel=\"noopener\">Aula 16<\/a> &#8211; (21\/02\/24) &#8211; C\u00e1lculo vetorial integral: Campos vetoriais. Campos gradientes e fun\u00e7\u00e3o potencial. Diverg\u00eancia e rotacional de um campo vetorial.<\/p>\n<p><a href=\"https:\/\/wp.ufpel.edu.br\/zahn\/files\/2024\/02\/C4-a17.pdf\" target=\"_blank\" rel=\"noopener\">Aula 17<\/a> &#8211; (23\/02\/24) &#8211; Nota\u00e7\u00f5es do divergente e do rotacional via operadores. Integral de linha: conceito e exemplos.<\/p>\n<p><a href=\"https:\/\/wp.ufpel.edu.br\/zahn\/files\/2024\/02\/C4-a-18.pdf\" target=\"_blank\" rel=\"noopener\">Aula 18<\/a> &#8211; (28\/02\/24) &#8211; Orienta\u00e7\u00e3o de um caminho. Independ\u00eancia da parametriza\u00e7\u00e3o na integral de linha.<\/p>\n<p><a href=\"https:\/\/wp.ufpel.edu.br\/zahn\/files\/2024\/03\/C4-a19.pdf\" target=\"_blank\" rel=\"noopener\">Aula 19<\/a>\u00a0 &#8211; (01\/03\/24) &#8211; \u00a0Extens\u00e3o vetorial do TFC. Caminhos fechados simples e n\u00e3o simples. O teorema de Green.<\/p>\n<p><a href=\"https:\/\/wp.ufpel.edu.br\/zahn\/files\/2024\/03\/C4aula-vinte.pdf\" target=\"_blank\" rel=\"noopener\">Aula 20<\/a>\u00a0 &#8211; \u00a0(06\/03\/24) &#8211; Parametriza\u00e7\u00e3o pelo comprimento de arco. Primeira extens\u00e3o vetorial do Teorema de Green: o teorema da diverg\u00eancia de Gauss.<\/p>\n<p><a href=\"https:\/\/wp.ufpel.edu.br\/zahn\/files\/2024\/03\/C4-a-21.pdf\" target=\"_blank\" rel=\"noopener\">Aula 21<\/a> &#8211; (08\/03\/24) &#8211; Segunda extens\u00e3o vetorial do Teorema de Green: o Teorema de Stokes.<\/p>\n<p><a href=\"https:\/\/wp.ufpel.edu.br\/zahn\/files\/2024\/03\/C4-a22.pdf\" target=\"_blank\" rel=\"noopener\">Aula 22<\/a>\u00a0 &#8211; (13\/04\/24) &#8211; Aula de exerc\u00edcios.<\/p>\n<p><a href=\"https:\/\/wp.ufpel.edu.br\/zahn\/files\/2024\/03\/C4-a-23.pdf\" target=\"_blank\" rel=\"noopener\">Aula 23<\/a>\u00a0&#8211; (14\/04\/24) &#8211; aula extra de exerc\u00edcios.<\/p>\n<p style=\"text-align: center;\"><strong>\u3002\u3002\u3002\u3002\u3002\u3002\u3002\u3002\u3002\u3002\u3002\u3002\u3002\u3002\u3002\u3002\u3002\u3002\u3002\u3002\u3002\u3002\u3002\u3002\u3002\u3002\u3002<\/strong><\/p>\n<p style=\"text-align: center;\"><strong>C\u00c1LCULO 1 \u00a0&#8211; Turma T4<\/strong><\/p>\n<p>\u00a0Nesta disciplina ser\u00e3o tratados estudos de C\u00e1lculo diferencial a uma vari\u00e1vel real, contemplando uma revis\u00e3o e aprofundamento do estudo de fun\u00e7\u00f5es, estudo de limites e continuidade e, finalmente, o estudo de derivadas e diferenciais, em especial v\u00e1rias aplica\u00e7\u00f5es que podem ser dadas num primeiro curso de C\u00e1lculo.<\/p>\n<p>&nbsp;<\/p>\n<p style=\"text-align: center;\"><strong>Plano de ensino<\/strong> &#8211; Uma c\u00f3pia pdf pode ser ser baixada clicando <a href=\"https:\/\/wp.ufpel.edu.br\/zahn\/files\/2023\/10\/PlanoC1.pdf\" target=\"_blank\" rel=\"noopener\">aqui<\/a>.<\/p>\n<p>&nbsp;<\/p>\n<p style=\"text-align: center;\"><strong>Datas das Provas<\/strong><\/p>\n<p style=\"text-align: center;\"><strong><br \/>\n<\/strong><a href=\"https:\/\/wp.ufpel.edu.br\/zahn\/files\/2023\/12\/Prv1c1.pdf\" target=\"_blank\" rel=\"noopener\">Prova 01<\/a>: \u00a028\/11\/2023 &#8211;\u00a0<a href=\"https:\/\/wp.ufpel.edu.br\/zahn\/files\/2023\/12\/Gab-c1-p1.pdf\" target=\"_blank\" rel=\"noopener\">Gabarito<\/a><\/p>\n<p style=\"text-align: center;\">Prova 02: 08\/02\/2024 &#8211;\u00a0<a href=\"https:\/\/wp.ufpel.edu.br\/zahn\/files\/2024\/02\/Resol-p2c1.pdf\" target=\"_blank\" rel=\"noopener\">Gabarito<\/a><\/p>\n<p style=\"text-align: center;\"><a href=\"https:\/\/wp.ufpel.edu.br\/zahn\/files\/2024\/03\/PRV03_b.pdf\" target=\"_blank\" rel=\"noopener\">Prova<\/a> 03: 14\/03\/2024 &#8211; <a href=\"https:\/\/wp.ufpel.edu.br\/zahn\/files\/2024\/03\/Sol-prova-3-modelo-I.pdf\" target=\"_blank\" rel=\"noopener\">Gabarito<\/a><\/p>\n<p style=\"text-align: center;\">Prova Optativa: 19\/03\/2024<\/p>\n<p style=\"text-align: center;\">Exame: 21\/03\/24<\/p>\n<p>&nbsp;<\/p>\n<p style=\"text-align: center;\"><strong>Listas de Exerc\u00edcios<\/strong><\/p>\n<p style=\"text-align: center;\"><a href=\"https:\/\/wp.ufpel.edu.br\/zahn\/files\/2023\/10\/lista_01.pdf\" target=\"_blank\" rel=\"noopener\">Lista 01<\/a> &#8211; Conjuntos e fun\u00e7\u00f5es<\/p>\n<p style=\"text-align: center;\"><a href=\"https:\/\/wp.ufpel.edu.br\/zahn\/files\/2023\/11\/lista_02.pdf\" target=\"_blank\" rel=\"noopener\">Lista 02<\/a> &#8211; No\u00e7\u00f5es de Trigonometria<\/p>\n<p style=\"text-align: center;\"><a href=\"https:\/\/wp.ufpel.edu.br\/zahn\/files\/2023\/12\/lista_03.pdf\" target=\"_blank\" rel=\"noopener\">Lista 03<\/a> &#8211; \u00a0Fun\u00e7\u00f5es Trigonom\u00e9tricas. Limites de fun\u00e7\u00f5es<\/p>\n<p style=\"text-align: center;\"><a href=\"https:\/\/wp.ufpel.edu.br\/zahn\/files\/2023\/12\/lista_04.pdf\" target=\"_blank\" rel=\"noopener\">Lista 04<\/a> &#8211; Limites not\u00e1veis<\/p>\n<p style=\"text-align: center;\"><a href=\"https:\/\/wp.ufpel.edu.br\/zahn\/files\/2024\/02\/lista_05.pdf\" target=\"_blank\" rel=\"noopener\">Lista 05<\/a> &#8211; Fun\u00e7\u00f5es cont\u00ednuas<\/p>\n<p style=\"text-align: center;\"><a href=\"https:\/\/wp.ufpel.edu.br\/zahn\/files\/2024\/02\/lista_06.pdf\" target=\"_blank\" rel=\"noopener\">Lista 06<\/a> &#8211; Derivadas (primeiros conceitos)<\/p>\n<p style=\"text-align: center;\"><a href=\"https:\/\/wp.ufpel.edu.br\/zahn\/files\/2024\/02\/lista_07.pdf\" target=\"_blank\" rel=\"noopener\">Lista 07<\/a> &#8211; Significado f\u00edsico da derivada. Derivadas laterais. Regras de deriva\u00e7\u00e3o.<\/p>\n<p><a href=\"https:\/\/wp.ufpel.edu.br\/zahn\/files\/2024\/03\/lista_08.pdf\" target=\"_blank\" rel=\"noopener\">Lista 08<\/a> &#8211; Derivadas, deriva\u00e7\u00e3o de fun\u00e7\u00f5es impl\u00edcitas e definidas parametricamente. Regra da cadeia.<\/p>\n<p style=\"text-align: center;\"><a href=\"https:\/\/wp.ufpel.edu.br\/zahn\/files\/2024\/03\/lista_09.pdf\" target=\"_blank\" rel=\"noopener\">Lista 09<\/a> &#8211; Taxas relacionadas.<\/p>\n<p style=\"text-align: center;\"><a href=\"https:\/\/wp.ufpel.edu.br\/zahn\/files\/2024\/03\/lista_10.pdf\" target=\"_blank\" rel=\"noopener\">\u00a0Lista 10<\/a> &#8211; Teoremas de Rolle e Lagrange. Problemas de m\u00e1ximos e m\u00ednimos.<\/p>\n<p style=\"text-align: center;\"><a href=\"https:\/\/wp.ufpel.edu.br\/zahn\/files\/2024\/03\/lista_11-1.pdf\" target=\"_blank\" rel=\"noopener\">Lista 11<\/a> &#8211; Diferenciais.<\/p>\n<p>&nbsp;<\/p>\n<p style=\"text-align: center;\"><strong>Extras<\/strong><\/p>\n<ul>\n<li>Resolu\u00e7\u00e3o de exerc\u00edcios da lista 01, feitos em atendimento online no dia 16\/11\/23, acesso <a href=\"https:\/\/wp.ufpel.edu.br\/zahn\/files\/2023\/11\/REsol_L1_c1.pdf.pdf\" target=\"_blank\" rel=\"noopener\">aqui<\/a>.<\/li>\n<li>Resolu\u00e7\u00e3o de exerc\u00edcios das listas 01 e 02, feitos no atendimento do dia 24\/11\/23. Acesso <a href=\"https:\/\/wp.ufpel.edu.br\/zahn\/files\/2023\/11\/ResolL1_L2.pdf\" target=\"_blank\" rel=\"noopener\">aqui<\/a>.<\/li>\n<li>Resolu\u00e7\u00e3o de algumas quest\u00f5es das listas 03 e 04, feitas dia 21\/12\/23, acesso <a href=\"https:\/\/wp.ufpel.edu.br\/zahn\/files\/2023\/12\/Resol_L3_L4.pdf\" target=\"_blank\" rel=\"noopener\">aqui<\/a>.<\/li>\n<li>Resolu\u00e7\u00e3o de quest\u00f5es da Lista 04, acesso\u00a0<a href=\"https:\/\/wp.ufpel.edu.br\/zahn\/files\/2024\/01\/C-1-Resol-L04.pdf\" target=\"_blank\" rel=\"noopener\">aqui<\/a><\/li>\n<li>Resolu\u00e7\u00e3o de quest\u00f5es da Lista 09, acesso\u00a0<a href=\"https:\/\/wp.ufpel.edu.br\/zahn\/files\/2017\/03\/Resp_c1_L9.pdf\" target=\"_blank\" rel=\"noopener\">aqui<\/a><\/li>\n<\/ul>\n<p>&nbsp;<\/p>\n<p style=\"text-align: center;\"><strong>Arquivos pdf das aulas<\/strong><\/p>\n<p>Abaixo temos uma lista dos arquivos pdf produzidos na sala de aula.<\/p>\n<p><a href=\"https:\/\/wp.ufpel.edu.br\/zahn\/files\/2023\/10\/C1A1.pdf\" target=\"_blank\" rel=\"noopener\">Aula 01<\/a>\u00a0&#8211; Apresenta\u00e7\u00e3o da disciplina. Conjuntos e opera\u00e7\u00f5es. Conjuntos num\u00e9ricos. Os reais como um corpo ordenado. Axiomas dos n\u00fameros reais. Rela\u00e7\u00e3o de ordem em R. Intervalos em R.<\/p>\n<p><a href=\"https:\/\/wp.ufpel.edu.br\/zahn\/files\/2023\/10\/C1a2.pdf\" target=\"_blank\" rel=\"noopener\">Aula 02<\/a> &#8211; Propriedades da rela\u00e7\u00e3o de ordem. Desigualdades e inequa\u00e7\u00f5es. M\u00f3dulo de um n\u00famero real e propriedades<\/p>\n<p><a href=\"https:\/\/wp.ufpel.edu.br\/zahn\/files\/2023\/10\/C1a3.pdf\" target=\"_blank\" rel=\"noopener\">Aula 03<\/a> &#8211; Um exerc\u00edcio explorando desigualdade modular. Fun\u00e7\u00e3o. Defini\u00e7\u00e3o e exemplos. Dom\u00ednio de fun\u00e7\u00e3o. Fun\u00e7\u00f5es injetiva, sobrejetiva e bijetiva.<\/p>\n<p><a href=\"https:\/\/wp.ufpel.edu.br\/zahn\/files\/2023\/11\/C1-A4.pdf\" target=\"_blank\" rel=\"noopener\">Aula 04<\/a>\u00a0&#8211; Composi\u00e7\u00e3o de fun\u00e7\u00f5es. Fun\u00e7\u00f5es crescentes e decrescentes. Fun\u00e7\u00f5es afim, quadr\u00e1tica e modular.<\/p>\n<p><a href=\"https:\/\/wp.ufpel.edu.br\/zahn\/files\/2023\/11\/C1a5.pdf\" target=\"_blank\" rel=\"noopener\">Aula 05<\/a>\u00a0&#8211; Mais um exemplo de fun\u00e7\u00e3o modular. Estudo da fun\u00e7\u00e3o exponencial. Estudo de logaritmos.<\/p>\n<p><a href=\"https:\/\/wp.ufpel.edu.br\/zahn\/files\/2023\/11\/C1a6.pdf\" target=\"_blank\" rel=\"noopener\">Aula 06<\/a>\u00a0&#8211; Um exerc\u00edcio envolvendo exponenciais e logaritmos. Fun\u00e7\u00e3o logar\u00edtmica. Elementos da trigonometria: arcos e \u00e2ngulos. Ciclo trigonom\u00e9trico. Arcos c\u00f4ngruos e express\u00e3o geral. Trigonometria no tri\u00e2ngulo ret\u00e2ngulo. Rela\u00e7\u00e3o fundamental.<\/p>\n<p><a href=\"https:\/\/wp.ufpel.edu.br\/zahn\/files\/2023\/11\/C1a7.pdf\" target=\"_blank\" rel=\"noopener\">Aula 07<\/a>\u00a0 &#8211; N\u00fameros trigonom\u00e9tricos no ciclo. Arcos not\u00e1veis. F\u00f3rmulas da adi\u00e7\u00e3o e subtra\u00e7\u00e3o de arcos. F\u00f3rmulas de transforma\u00e7\u00e3o de soma em produto.<\/p>\n<p><a href=\"https:\/\/wp.ufpel.edu.br\/zahn\/files\/2023\/11\/C1a8.pdf\" target=\"_blank\" rel=\"noopener\">Aula 08<\/a> &#8211; [Remoto] F\u00f3rmulas dos arcos duplos e arcos metade da trigonometria. V\u00eddeo pode ser acessado clicando\u00a0<a href=\"https:\/\/youtu.be\/vQWWcwlyOms\" target=\"_blank\" rel=\"noopener\">aqui<\/a><\/p>\n<p>Aula 09 &#8211; Fun\u00e7\u00f5es trigonom\u00e9tricas diretas.<\/p>\n<p><a href=\"https:\/\/wp.ufpel.edu.br\/zahn\/files\/2023\/12\/C1-a-10.pdf\" target=\"_blank\" rel=\"noopener\">Aula 10<\/a>\u00a0&#8211; Limites de fun\u00e7\u00f5es. No\u00e7\u00e3o intuitiva e defini\u00e7\u00e3o formal. Indetermina\u00e7\u00e3o da forma 0\/0. Limites de fun\u00e7\u00f5es racionais e irracionais.<\/p>\n<p><a href=\"https:\/\/wp.ufpel.edu.br\/zahn\/files\/2023\/12\/C1a11.pdf\" target=\"_blank\" rel=\"noopener\">Aula 11<\/a> &#8211; Unicidade do limite. Propriedades aritm\u00e9ticas dos limites. Limite da fun\u00e7\u00e3o composta. Limites no infinito.<\/p>\n<p><a href=\"https:\/\/wp.ufpel.edu.br\/zahn\/files\/2023\/12\/C1a12.pdf\" target=\"_blank\" rel=\"noopener\">Aula 12<\/a>\u00a0 &#8211; Limites laterais. Limites infinitos. O teorema do Sandu\u00edche. Aplica\u00e7\u00e3o de avalia\u00e7\u00e3o.<\/p>\n<p><a href=\"https:\/\/wp.ufpel.edu.br\/zahn\/files\/2023\/12\/C1-a-13.pdf\" target=\"_blank\" rel=\"noopener\">Aula 13<\/a>\u00a0&#8211; Limites not\u00e1veis: limite trigonom\u00e9trico fundamental e limite exponencial fundamental.<\/p>\n<p><a href=\"https:\/\/wp.ufpel.edu.br\/zahn\/files\/2024\/02\/C1aula14.pdf\" target=\"_blank\" rel=\"noopener\">Aula 14<\/a>\u00a0&#8211; Fun\u00e7\u00f5es cont\u00ednuas. Fun\u00e7\u00f5es cont\u00ednuas em intervalos: teorema do valor intermedi\u00e1rio e teorema do valor extremo.<\/p>\n<p><a href=\"https:\/\/wp.ufpel.edu.br\/zahn\/files\/2024\/02\/C1a15.pdf\" target=\"_blank\" rel=\"noopener\">Aula 15<\/a>\u00a0&#8211; Conceito de derivada. Exemplos. Significado geom\u00e9trico da derivada.<\/p>\n<p><a href=\"https:\/\/wp.ufpel.edu.br\/zahn\/files\/2024\/02\/C1a16.pdf\" target=\"_blank\" rel=\"noopener\">Aula 16<\/a>\u00a0&#8211; Aula de exerc\u00edcios, sobre as listas 05 e 06.<\/p>\n<p><a href=\"https:\/\/wp.ufpel.edu.br\/zahn\/files\/2024\/02\/C1a17.pdf\" target=\"_blank\" rel=\"noopener\">Aula 17<\/a>\u00a0&#8211; Significado f\u00edsico da derivada. Derivadas laterais. Primeiras regras de deriva\u00e7\u00e3o.<\/p>\n<p><a href=\"https:\/\/wp.ufpel.edu.br\/zahn\/files\/2024\/02\/C1-zxx.pdf\" target=\"_blank\" rel=\"noopener\">Aula 18<\/a> &#8211; Outras regras de deriva\u00e7\u00e3o.<\/p>\n<p><a href=\"https:\/\/wp.ufpel.edu.br\/zahn\/files\/2024\/02\/C1a19.pdf\" target=\"_blank\" rel=\"noopener\">Aula 19<\/a>\u00a0&#8211; Regras de deriva\u00e7\u00e3o. A derivada como uma aproxima\u00e7\u00e3o linear e o diferencial de uma fun\u00e7\u00e3o. Regra da cadeia.<\/p>\n<p><a href=\"https:\/\/wp.ufpel.edu.br\/zahn\/files\/2024\/02\/C1-a20.pdf\" target=\"_blank\" rel=\"noopener\">Aula 20<\/a> &#8211; Aplica\u00e7\u00e3o do uso da regra da cadeia. Fun\u00e7\u00f5es invers\u00edveis. Fun\u00e7\u00f5es trigonom\u00e9tricas inversas. Derivada de fun\u00e7\u00f5es trigonom\u00e9tricas inversas. Derivadas de fun\u00e7\u00f5es definidas parametricamente e implicitamente.<\/p>\n<p><a href=\"https:\/\/wp.ufpel.edu.br\/zahn\/files\/2024\/02\/C1aa20.pdf\" target=\"_blank\" rel=\"noopener\">Aula 21<\/a>\u00a0&#8211; Taxas relacionadas.<\/p>\n<p><a href=\"https:\/\/wp.ufpel.edu.br\/zahn\/files\/2024\/03\/C1A22.pdf\" target=\"_blank\" rel=\"noopener\">Aula 22<\/a>\u00a0 &#8211; Extremos relativos e absolutos. Pontos cr\u00edticos. Teoremas de Rolle e de Lagrange.<\/p>\n<p><a href=\"https:\/\/wp.ufpel.edu.br\/zahn\/files\/2024\/03\/C1a23.pdf\" target=\"_blank\" rel=\"noopener\">Aula 23<\/a>\u00a0&#8211; Problemas envolvendo m\u00e1ximos e m\u00ednimos. Concavidade e ponto de inflex\u00e3o. Diferenciais e aproxima\u00e7\u00e3o via diferenciais.<\/p>\n<p><a href=\"https:\/\/wp.ufpel.edu.br\/zahn\/files\/2024\/03\/C1a24.pdf\" target=\"_blank\" rel=\"noopener\">Aula 24<\/a> &#8211; Aula de exerc\u00edcios. Resolu\u00e7\u00e3o de quest\u00f5es das listas 08 e 10.<\/p>\n<p><a href=\"https:\/\/wp.ufpel.edu.br\/zahn\/files\/2024\/03\/C1-a-25.pdf\" target=\"_blank\" rel=\"noopener\">Aula 25<\/a>\u00a0 &#8211; Aula de exerc\u00edcios.<\/p>\n<p style=\"text-align: center;\"><strong>\u3002\u3002\u3002\u3002\u3002\u3002\u3002\u3002\u3002\u3002\u3002\u3002\u3002\u3002\u3002\u3002\u3002\u3002\u3002\u3002\u3002\u3002\u3002\u3002\u3002\u3002\u3002<br \/>\n<\/strong><\/p>\n<p style=\"text-align: center;\"><strong>C\u00c1LCULO 2 &#8211; Turma T2<\/strong><\/p>\n<p>Dando continuidade ao estudo de C\u00e1lculo de fun\u00e7\u00f5es de uma vari\u00e1vel real estudaremos neste segundo curso de C\u00e1lculo o conceito de integral definida e o processo inverso \u00e0 deriva\u00e7\u00e3o, chamado de antideriva\u00e7\u00e3o, ou integra\u00e7\u00e3o indefinida. O importante Teorema Fundamental do C\u00e1lculo, que faz a conex\u00e3o entre este C\u00e1lculo e o anterior ser\u00e1 estudado. Daremos \u00eanfase a algumas aplica\u00e7\u00f5es da integral definida. Por fim, estudaremos sequ\u00eancias e s\u00e9ries num\u00e9ricas e de fun\u00e7\u00f5es, encerrando, assim, o C\u00e1lculo a uma vari\u00e1vel real.<\/p>\n<p style=\"text-align: center;\"><strong>Plano de ensino<\/strong> &#8211; Para baixar uma c\u00f3pia pdf do plano, clique <a href=\"https:\/\/wp.ufpel.edu.br\/zahn\/files\/2023\/10\/PlanoC2.pdf\" target=\"_blank\" rel=\"noopener\">aqui<\/a>.<\/p>\n<p style=\"text-align: center;\"><strong>Datas das Provas<\/strong><\/p>\n<p style=\"text-align: center;\"><a href=\"https:\/\/wp.ufpel.edu.br\/zahn\/files\/2023\/12\/PRV01-c2.pdf\" target=\"_blank\" rel=\"noopener\">Prova 01<\/a>\u00a0 : \u00a028\/11\/2023 &#8211; <a href=\"https:\/\/wp.ufpel.edu.br\/zahn\/files\/2023\/12\/Gab-p1c2.pdf\" target=\"_blank\" rel=\"noopener\">Gabarito <\/a><\/p>\n<p style=\"text-align: center;\">Prova 02: 08\/02\/2024 &#8211;\u00a0<a href=\"https:\/\/wp.ufpel.edu.br\/zahn\/files\/2024\/02\/P2c2.pdf\" target=\"_blank\" rel=\"noopener\">Gabarito <\/a><\/p>\n<p style=\"text-align: center;\"><a href=\"https:\/\/wp.ufpel.edu.br\/zahn\/files\/2024\/03\/PRV03.pdf\" target=\"_blank\" rel=\"noopener\">Prova 03<\/a>: 14\/03\/2024 &#8211; <a href=\"https:\/\/wp.ufpel.edu.br\/zahn\/files\/2024\/03\/Gabp3c2.pdf\" target=\"_blank\" rel=\"noopener\">Gabarito<\/a><\/p>\n<p style=\"text-align: center;\">Prova Optativa: 19\/03\/2024<\/p>\n<p style=\"text-align: center;\">Exame: 21\/03\/24<\/p>\n<p>&nbsp;<\/p>\n<p style=\"text-align: center;\"><strong>Listas de exerc\u00edcios<\/strong><\/p>\n<p style=\"text-align: center;\"><a href=\"https:\/\/wp.ufpel.edu.br\/zahn\/files\/2023\/10\/lista_1.pdf\" target=\"_blank\" rel=\"noopener\">Lista 01<\/a> &#8211; Integral definida &#8211; primeiros conceitos.<\/p>\n<p style=\"text-align: center;\"><a href=\"https:\/\/wp.ufpel.edu.br\/zahn\/files\/2023\/11\/Lista_2.pdf\" target=\"_blank\" rel=\"noopener\">Lista 02<\/a> &#8211; \u00a0O Teorema Fundamental do C\u00e1lculo. Integrais imediatas.<\/p>\n<p style=\"text-align: center;\"><a href=\"https:\/\/wp.ufpel.edu.br\/zahn\/files\/2023\/11\/Lista_3.pdf\" target=\"_blank\" rel=\"noopener\">Lista 03<\/a> &#8211; Constante de integra\u00e7\u00e3o. Integrais imediatas, parte II.<\/p>\n<p style=\"text-align: center;\"><a href=\"https:\/\/wp.ufpel.edu.br\/zahn\/files\/2023\/12\/lista_4.pdf\" target=\"_blank\" rel=\"noopener\">Lista 04<\/a> &#8211; Integra\u00e7\u00e3o por partes. Integra\u00e7\u00e3o por substitui\u00e7\u00e3o trigonom\u00e9trica.<\/p>\n<p style=\"text-align: center;\"><a href=\"https:\/\/wp.ufpel.edu.br\/zahn\/files\/2023\/12\/lista_5.pdf\" target=\"_blank\" rel=\"noopener\">Lista 05<\/a> &#8211; \u00a0Integrais de fun\u00e7\u00f5es racionais e irracionais. Decomposi\u00e7\u00e3o em fra\u00e7\u00f5es parciais.<\/p>\n<p style=\"text-align: center;\"><a href=\"https:\/\/wp.ufpel.edu.br\/zahn\/files\/2023\/12\/lista_6_aplic.pdf\" target=\"_blank\" rel=\"noopener\">Lista 06<\/a> &#8211; \u00a0Aplica\u00e7\u00f5es da integral indefinida<\/p>\n<p style=\"text-align: center;\"><a href=\"https:\/\/wp.ufpel.edu.br\/zahn\/files\/2024\/02\/lista_7.pdf\" target=\"_blank\" rel=\"noopener\">Lista 07<\/a> &#8211; Integrais envolvendo pot\u00eancias de seno e cosseno. Integrais de fun\u00e7\u00f5es racionais de seno e cosseno.<\/p>\n<p style=\"text-align: center;\"><a href=\"https:\/\/wp.ufpel.edu.br\/zahn\/files\/2024\/02\/lista_8.pdf\" target=\"_blank\" rel=\"noopener\">Lista 08<\/a> &#8211; Integrais impr\u00f3prias<\/p>\n<p style=\"text-align: center;\"><a href=\"https:\/\/wp.ufpel.edu.br\/zahn\/files\/2024\/02\/lista_9.pdf\" target=\"_blank\" rel=\"noopener\">Lista 09<\/a> &#8211; Aplica\u00e7\u00f5es da integral definida: \u00e1reas e volumes<\/p>\n<p style=\"text-align: center;\"><a href=\"https:\/\/wp.ufpel.edu.br\/zahn\/files\/2024\/03\/lista_11.pdf\" target=\"_blank\" rel=\"noopener\">Lista 10<\/a> &#8211; C\u00e1lculo de comprimento de arco.<\/p>\n<p style=\"text-align: center;\"><a href=\"https:\/\/wp.ufpel.edu.br\/zahn\/files\/2024\/03\/lista_11b.pdf\" target=\"_blank\" rel=\"noopener\">Lista 11<\/a> &#8211; Sequ\u00eancias e s\u00e9ries num\u00e9ricas.<\/p>\n<p>&nbsp;<\/p>\n<p style=\"text-align: center;\"><strong>EXTRAS<\/strong><\/p>\n<ul>\n<li>Algumas resolu\u00e7\u00f5es da Lista 01, <a href=\"https:\/\/wp.ufpel.edu.br\/zahn\/files\/2023\/11\/Resol_L01.pdf\" target=\"_blank\" rel=\"noopener\">aqui<\/a>.<\/li>\n<li>C\u00e1lculo online de integrais, acesso <a href=\"https:\/\/www.integral-calculator.com\" target=\"_blank\" rel=\"noopener\">aqui<\/a>.<\/li>\n<li>Algumas resolu\u00e7\u00f5es das listas 02 e 03, feitas dia 22\/11\/23, podem ser acessadas <a href=\"https:\/\/wp.ufpel.edu.br\/zahn\/files\/2023\/11\/resol_L1_L2.pdf\" target=\"_blank\" rel=\"noopener\">aqui<\/a>.<\/li>\n<li>Mais algumas resolu\u00e7\u00f5es feitas dia 27\/11\/23, podem ser baixadas <a href=\"https:\/\/wp.ufpel.edu.br\/zahn\/files\/2023\/11\/C2list.pdf\" target=\"_blank\" rel=\"noopener\">aqui<\/a>.<\/li>\n<li>Algumas resolu\u00e7\u00f5es da Lista 04, feito em atendimento online do dia 18\/12\/23, acesso <a href=\"https:\/\/wp.ufpel.edu.br\/zahn\/files\/2023\/12\/Resol_L_4.pdf\" target=\"_blank\" rel=\"noopener\">aqui<\/a>.<\/li>\n<li>Resolu\u00e7\u00e3o de quest\u00f5es da Lista 05, acesso\u00a0<a href=\"https:\/\/wp.ufpel.edu.br\/zahn\/files\/2024\/01\/C2-resp-L05.pdf\" target=\"_blank\" rel=\"noopener\">aqui<\/a><\/li>\n<\/ul>\n<p style=\"text-align: center;\"><strong>V\u00eddeos curtos<\/strong><\/p>\n<ul>\n<li>Lista 03 &#8211; quest\u00e3o <a href=\"https:\/\/youtu.be\/mLFsi0kWoNM\" target=\"_blank\" rel=\"noopener\">06(k)<\/a><\/li>\n<li>Lista 03 &#8211; quest\u00e3o <a href=\"https:\/\/youtu.be\/T5ZDcPmN90g\" target=\"_blank\" rel=\"noopener\">06(l)<\/a><\/li>\n<li>Lista 03 &#8211; quest\u00e3o <a href=\"https:\/\/youtu.be\/FbsKqpBANmw\" target=\"_blank\" rel=\"noopener\">06(m)<\/a><\/li>\n<\/ul>\n<p>&nbsp;<\/p>\n<p style=\"text-align: center;\"><strong>Arquivos pdf das aulas<\/strong><\/p>\n<p>Abaixo descrevemos uma lista dos arquivos das aulas<\/p>\n<p><a href=\"https:\/\/wp.ufpel.edu.br\/zahn\/files\/2023\/10\/C2A1.pdf\" target=\"_blank\" rel=\"noopener\">Aula 01<\/a>\u00a0&#8211; Apresenta\u00e7\u00e3o do curso. \u00ednfimo e supremo de um conjunto. Fun\u00e7\u00f5es limitadas. Participa\u00e7\u00e3o de um intervalo. Refinamento de uma participa\u00e7\u00e3o. Somas inferior e superior e propriedades. \u00a0Integral inferior e superior.<\/p>\n<p><a href=\"https:\/\/wp.ufpel.edu.br\/zahn\/files\/2023\/10\/C2a2.pdf\" target=\"_blank\" rel=\"noopener\">Aula 02<\/a>\u00a0&#8211; A integral definida. Crit\u00e9rio de Darboux de integrabilidade.<\/p>\n<p><a href=\"https:\/\/wp.ufpel.edu.br\/zahn\/files\/2023\/10\/C2a3.pdf\" target=\"_blank\" rel=\"noopener\">Aula 03<\/a>\u00a0 &#8211; C\u00e1lculo de integrais definidas pela defini\u00e7\u00e3o. Propriedades da integral definida.<\/p>\n<p><a href=\"https:\/\/wp.ufpel.edu.br\/zahn\/files\/2023\/11\/C2a4.pdf\" target=\"_blank\" rel=\"noopener\">Aula 04<\/a>\u00a0 &#8211; Fun\u00e7\u00e3o de Lipschitz. Fun\u00e7\u00e3o definida por uma integral definida. O TFC no primeiro formato.<\/p>\n<p><a href=\"https:\/\/wp.ufpel.edu.br\/zahn\/files\/2023\/11\/C2a5.pdf\" target=\"_blank\" rel=\"noopener\">Aula 05<\/a>\u00a0&#8211; O TFC no segundo formato. Exemplos. Lemas b\u00e1sicos. O processo de antidiferencia\u00e7\u00e3o.<\/p>\n<p><a href=\"https:\/\/wp.ufpel.edu.br\/zahn\/files\/2023\/11\/C2a6.pdf\" target=\"_blank\" rel=\"noopener\">Aula 06<\/a>&#8211; Primeiras regras de integra\u00e7\u00e3o indefinida. Integrais imediatas e mudan\u00e7a de vari\u00e1vel.<\/p>\n<p><a href=\"https:\/\/wp.ufpel.edu.br\/zahn\/files\/2023\/11\/C2a7.pdf\" target=\"_blank\" rel=\"noopener\">Aula 07<\/a>\u00a0&#8211; Outras regras de integra\u00e7\u00e3o indefinida, incluindo algumas com substitui\u00e7\u00e3o trigonom\u00e9trica.<\/p>\n<p>Aula 08 &#8211; Integra\u00e7\u00e3o por partes. Integrais por substitui\u00e7\u00e3o trigonom\u00e9trica.<\/p>\n<p><a href=\"https:\/\/wp.ufpel.edu.br\/zahn\/files\/2023\/12\/C2a9.pdf\" target=\"_blank\" rel=\"noopener\">Aula 09<\/a>\u00a0&#8211; Integrais da forma (mx + n)\/(ax\u02c62+bx+c) e da forma (m x + n)\/sqrt(ax\u02c62+bx+c).<\/p>\n<p><a href=\"https:\/\/wp.ufpel.edu.br\/zahn\/files\/2023\/12\/C2a10.pdf\" target=\"_blank\" rel=\"noopener\">Aula 10<\/a>\u00a0&#8211; T\u00e9cnica \u00a0de integra\u00e7\u00e3o por decomposi\u00e7\u00e3o em fra\u00e7\u00f5es parciais: casos 01 e 02.<\/p>\n<p><a href=\"https:\/\/wp.ufpel.edu.br\/zahn\/files\/2023\/12\/C2a12.pdf\" target=\"_blank\" rel=\"noopener\">Aula 11<\/a>\u00a0&#8211; Casos 03 e 04 da decomposi\u00e7\u00e3o em fra\u00e7\u00f5es parciais. Aplica\u00e7\u00e3o de uma avalia\u00e7\u00e3o.<\/p>\n<p><a href=\"https:\/\/wp.ufpel.edu.br\/zahn\/files\/2023\/12\/C2-a12.pdf\" target=\"_blank\" rel=\"noopener\">Aula 12<\/a>\u00a0&#8211; Aplica\u00e7\u00f5es da integral indefinida.<\/p>\n<p>Aula 13 &#8211; Integrais de pot\u00eancias de seno e cosseno,<\/p>\n<p><a href=\"https:\/\/wp.ufpel.edu.br\/zahn\/files\/2024\/02\/C2-a14.pdf\" target=\"_blank\" rel=\"noopener\">Aula 14<\/a>\u00a0 &#8211; Integrais de fun\u00e7\u00f5es racionais R(sen x, cos x).<\/p>\n<p><a href=\"https:\/\/wp.ufpel.edu.br\/zahn\/files\/2024\/02\/C2-a15.pdf\" target=\"_blank\" rel=\"noopener\">Aula 15<\/a>\u00a0 &#8211; Aula de exerc\u00edcios.<\/p>\n<p><a href=\"https:\/\/wp.ufpel.edu.br\/zahn\/files\/2024\/02\/C2a16.pdf\" target=\"_blank\" rel=\"noopener\">Aula 16<\/a>\u00a0 &#8211; Integrais improprias de primeira esp\u00e9cie e de segunda esp\u00e9cie.<\/p>\n<p><a href=\"https:\/\/wp.ufpel.edu.br\/zahn\/files\/2024\/02\/C2a17.pdf\" target=\"_blank\" rel=\"noopener\">Aula 17<\/a>\u00a0 &#8211; Aplica\u00e7\u00f5es da integral definida: \u00e1reas.<\/p>\n<p><a href=\"https:\/\/wp.ufpel.edu.br\/zahn\/files\/2024\/02\/C2a18.pdf\" target=\"_blank\" rel=\"noopener\">Aula 18<\/a>\u00a0&#8211; Volumes de s\u00f3lidos de revolu\u00e7\u00e3o via integra\u00e7\u00e3o \u2013 m\u00e9todo do disco.<\/p>\n<p><a href=\"https:\/\/wp.ufpel.edu.br\/zahn\/files\/2024\/02\/C2a19.pdf\" target=\"_blank\" rel=\"noopener\">Aula 19<\/a>\u00a0&#8211; Volumes de s\u00f3lidos de revolu\u00e7\u00e3o pelo m\u00e9todo do inv\u00f3lucro cil\u00edndrico. C\u00e1lculo do comprimento de uma curva.<\/p>\n<p><a href=\"https:\/\/wp.ufpel.edu.br\/zahn\/files\/2024\/02\/C2-a-20.pdf\" target=\"_blank\" rel=\"noopener\">Aula 20<\/a> &#8211; Um exemplo de c\u00e1lculo de comprimento de arco. Sequ\u00eancias num\u00e9ricas: conceito. Sequ\u00eancias mon\u00f3tonas e limitadas. Limite de sequ\u00eancia.<\/p>\n<p><a href=\"https:\/\/wp.ufpel.edu.br\/zahn\/files\/2024\/03\/C2a20.pdf\" target=\"_blank\" rel=\"noopener\">Aula 21<\/a>\u00a0&#8211; propriedades dos limites de sequ\u00eancias. S\u00e9ries num\u00e9ricas: conceito. Sequ\u00eancia das somas parciais. Termo geral e propriedade do limite do termo geral.<\/p>\n<p><a href=\"https:\/\/wp.ufpel.edu.br\/zahn\/files\/2024\/03\/C2-a-22.pdf\" target=\"_blank\" rel=\"noopener\">Aula 22<\/a>\u00a0&#8211; S\u00e9rie harm\u00f4nica. S\u00e9rie geom\u00e9trica.Propriedades aritm\u00e9ticas das s\u00e9ries convergentes. Testes da compara\u00e7\u00e3o, compara\u00e7\u00e3o com limite, da raz\u00e3o e da raiz. S\u00e9rie absolutamente convergente.<\/p>\n<p><a href=\"https:\/\/wp.ufpel.edu.br\/zahn\/files\/2024\/03\/C2a23.pdf\" target=\"_blank\" rel=\"noopener\">Aula 23<\/a>\u00a0&#8211; Aula de exerc\u00edcios, onde resolvemos quest\u00f5es da Lista 09.<\/p>\n<p><a href=\"https:\/\/wp.ufpel.edu.br\/zahn\/files\/2024\/03\/C2-afinal.pdf\" target=\"_blank\" rel=\"noopener\">Aula 24<\/a>\u00a0&#8211; Aula de exerc\u00edcios.<\/p>\n<p style=\"text-align: center;\">=======================================<\/p>\n<p style=\"text-align: center;\"><strong>SEMESTER PRIMVS<\/strong><\/p>\n<p style=\"text-align: center;\"><span style=\"color: #0000ff; font-size: 12pt;\"><strong>C\u00e1lculo III ( para a Matem\u00e1tica)<\/strong><\/span><\/p>\n<p>Vamos estudar nesta disciplina os conceitos e resultados sobre sequ\u00eancias e s\u00e9ries, num\u00e9ricas e de fun\u00e7\u00f5es, bem como suas propriedades para decidir converg\u00eancia ou diverg\u00eancia. Estudaremos tamb\u00e9m o c\u00e1lculo diferencial de fun\u00e7\u00f5es de v\u00e1rias vari\u00e1veis reais, percorrendo t\u00f3picos de limite, continuidade, no\u00e7\u00f5es topol\u00f3gicas do R<sup>n<\/sup> e diferenciabilidade de fun\u00e7\u00f5es de v\u00e1rias vari\u00e1veis.<\/p>\n<p style=\"text-align: center;\"><strong>Plano de ensino<\/strong><\/p>\n<p style=\"text-align: center;\">O arquivo pdf do plano de ensino pode ser acessado clicando <a href=\"https:\/\/wp.ufpel.edu.br\/zahn\/files\/2023\/06\/plano_ensino_2023_1_11100086_T1.pdf\" target=\"_blank\" rel=\"noopener\">aqui<\/a>.<\/p>\n<p style=\"text-align: center;\"><strong>Hor\u00e1rio<\/strong><\/p>\n<p style=\"text-align: center;\">Quartas e sextas, na Sala 08, do pr\u00e9dio Aul\u00e1rio 1, a partir das 8h.<\/p>\n<p style=\"text-align: center;\"><strong>Datas das provas<\/strong><\/p>\n<p style=\"text-align: center;\"><a href=\"https:\/\/wp.ufpel.edu.br\/zahn\/files\/2023\/07\/Prova-ciii.pdf\" target=\"_blank\" rel=\"noopener\">Prova 01<\/a>\u00a0: dia 28\/07\/23<\/p>\n<p style=\"text-align: center;\">Prova 02: dia 27\/09\/23\u00a0<a href=\"https:\/\/wp.ufpel.edu.br\/zahn\/files\/2023\/09\/GabP2c3.pdf\" target=\"_blank\" rel=\"noopener\">Gabarito<\/a><\/p>\n<p style=\"text-align: center;\">Exame: dia 04\/10\/23<\/p>\n<p>&nbsp;<\/p>\n<p style=\"text-align: center;\"><strong>Listas de exerc\u00edcios<\/strong><\/p>\n<p style=\"text-align: center;\"><a href=\"https:\/\/wp.ufpel.edu.br\/zahn\/files\/2023\/01\/L01Ciii.pdf\" target=\"_blank\" rel=\"noopener\">Lista 01<\/a> &#8211; Sequ\u00eancias num\u00e9ricas<\/p>\n<p style=\"text-align: center;\"><a href=\"https:\/\/wp.ufpel.edu.br\/zahn\/files\/2023\/02\/L02Ciii.pdf\" target=\"_blank\" rel=\"noopener\">Lista 02<\/a> &#8211; S\u00e9ries num\u00e9ricas<\/p>\n<p style=\"text-align: center;\"><a href=\"https:\/\/wp.ufpel.edu.br\/zahn\/files\/2023\/02\/L03Ciii.pdf\" target=\"_blank\" rel=\"noopener\">Lista 03<\/a>\u00a0 &#8211; Sequ\u00eancias e s\u00e9ries de fun\u00e7\u00f5es. S\u00e9rie de Taylor<\/p>\n<p style=\"text-align: center;\"><a href=\"https:\/\/wp.ufpel.edu.br\/zahn\/files\/2023\/08\/L04Ciii.pdf\" target=\"_blank\" rel=\"noopener\">Lista 04<\/a> &#8211; No\u00e7\u00f5es de Topologia<\/p>\n<p style=\"text-align: center;\"><a href=\"https:\/\/wp.ufpel.edu.br\/zahn\/files\/2023\/08\/L05Ciii.pdf\" target=\"_blank\" rel=\"noopener\">Lista 05<\/a> &#8211; Fun\u00e7\u00f5es de v\u00e1rias vari\u00e1veis reais<\/p>\n<p style=\"text-align: center;\"><a href=\"https:\/\/wp.ufpel.edu.br\/zahn\/files\/2023\/08\/L06Ciii.pdf\" target=\"_blank\" rel=\"noopener\">Lista 06<\/a> &#8211; Limite e continuidade de fun\u00e7\u00f5es a v\u00e1rias vari\u00e1veis reais.<\/p>\n<p style=\"text-align: center;\"><a href=\"https:\/\/wp.ufpel.edu.br\/zahn\/files\/2023\/04\/L07Ciii.pdf\" target=\"_blank\" rel=\"noopener\">Lista 07<\/a> &#8211; Derivadas de fun\u00e7\u00f5es vetoriais. Comprimento de arco<\/p>\n<p style=\"text-align: center;\"><a href=\"https:\/\/wp.ufpel.edu.br\/zahn\/files\/2023\/04\/L08Ciii.pdf\" target=\"_blank\" rel=\"noopener\">Lista 08<\/a> &#8211; Deriva\u00e7\u00e3o parcial<\/p>\n<p style=\"text-align: center;\"><a href=\"https:\/\/wp.ufpel.edu.br\/zahn\/files\/2023\/09\/L09-1.pdf\" target=\"_blank\" rel=\"noopener\">Lista 09<\/a> &#8211; Diferenciais. Regra da cadeia. Derivada direcional.<\/p>\n<p>&nbsp;<\/p>\n<p style=\"text-align: center;\"><strong>Outros materiais, et cetera.<\/strong><\/p>\n<ul>\n<li>V\u00eddeo onde analisamos a converg\u00eancia\/diverg\u00eancia de algumas s\u00e9ries num\u00e9ricas. Acesso <a href=\"https:\/\/www.youtube.com\/watch?v=SuExTh3ee80\" target=\"_blank\" rel=\"noopener\">aqui<\/a>.<\/li>\n<li>Resolu\u00e7\u00e3o de quest\u00f5es da lista 05, feitas no dia 02\/09, acesso\u00a0<a href=\"https:\/\/wp.ufpel.edu.br\/zahn\/files\/2023\/09\/Resol-L5.pdf\" target=\"_blank\" rel=\"noopener\">aqui<\/a><\/li>\n<li>Apontamentos sobre a aula 22, apresentado em 12\/09\/23, acesso\u00a0<a href=\"https:\/\/wp.ufpel.edu.br\/zahn\/files\/2023\/09\/Apontamentos-c3.pdf\" target=\"_blank\" rel=\"noopener\">aqui<\/a><\/li>\n<\/ul>\n<p>&nbsp;<\/p>\n<p style=\"text-align: center;\"><strong>Extras<\/strong><\/p>\n<p>Arquivos pdf produzidos na sala de aula <span style=\"font-size: 10pt;\">(a aula 01 n\u00e3o tem pois foi escrita no quadro e n\u00e3o no tablet)\u00a0<\/span><\/p>\n<table style=\"border-collapse: collapse; width: 100%;\" border=\"1\">\n<tbody>\n<tr style=\"height: 96px;\">\n<td style=\"width: 269.34375px; height: 96px;\"><span style=\"font-size: 10pt;\">Aula 01 &#8211; Apresenta\u00e7\u00e3o\u00a0<span style=\"font-family: inherit;\">do curso. Sequ\u00eancias num\u00e9ricas: defini\u00e7\u00e3o. Subsequ\u00eancias. Conceito de limite de sequ\u00eancia. Sequ\u00eancias limitadas.<\/span><\/span><\/td>\n<td style=\"width: 269.34375px; height: 96px;\"><span style=\"font-size: 10pt;\"><a href=\"https:\/\/wp.ufpel.edu.br\/zahn\/files\/2023\/06\/CiiiA2.pdf\" target=\"_blank\" rel=\"noopener\">Aula 02<\/a> &#8211; Sequ\u00eancias mon\u00f3tonas e limitadas e propriedades aritm\u00e9ticas das sequ\u00eancias. (16\/06\/23)<\/span><\/td>\n<td style=\"width: 269.34375px; height: 96px;\"><span style=\"font-size: 10pt;\"><a href=\"https:\/\/wp.ufpel.edu.br\/zahn\/files\/2023\/06\/C3-aula-03.pdf\" target=\"_blank\" rel=\"noopener\">Aula 03<\/a> &#8211; Din\u00e2mica das converg\u00eancias. (21\/06\/23)<\/span><\/td>\n<\/tr>\n<tr style=\"height: 72px;\">\n<td style=\"width: 269.34375px; height: 72px;\"><span style=\"font-size: 10pt;\"><a href=\"https:\/\/wp.ufpel.edu.br\/zahn\/files\/2023\/06\/C3-aula-04.pdf\" target=\"_blank\" rel=\"noopener\">Aula 04<\/a> &#8211;\u00a0<span style=\"font-family: inherit;\">S\u00e9ries num\u00e9ricas: defini\u00e7\u00e3o. Propriedades aritm\u00e9ticas. A s\u00e9rie harm\u00f4nica. (23\/06\/23)<\/span><\/span><\/td>\n<td style=\"width: 269.34375px; height: 72px;\"><span style=\"font-size: 10pt;\"><a href=\"https:\/\/wp.ufpel.edu.br\/zahn\/files\/2023\/06\/Ciii-aula-05.pdf\" target=\"_blank\" rel=\"noopener\">Aula 05<\/a> &#8211;\u00a0<span style=\"font-family: inherit;\">S\u00e9rie geom\u00e9trica. Teste da compara\u00e7\u00e3o. Teste da compara\u00e7\u00e3o do limite. (28\/06\/23)<\/span><\/span><\/td>\n<td style=\"width: 269.34375px; height: 72px;\"><span style=\"font-size: 10pt;\"><a href=\"https:\/\/wp.ufpel.edu.br\/zahn\/files\/2023\/06\/A06-ciii.pdf\" target=\"_blank\" rel=\"noopener\">Aula 06<\/a> &#8211;\u00a0<span style=\"font-family: inherit;\">Teste da raz\u00e3o. Teste da raiz. (30\/06\/23)<\/span><\/span><\/td>\n<\/tr>\n<tr style=\"height: 144px;\">\n<td style=\"width: 269.34375px; height: 144px;\"><span style=\"font-size: 10pt;\"><a href=\"https:\/\/wp.ufpel.edu.br\/zahn\/files\/2023\/07\/Aula-07-ciii.pdf\" target=\"_blank\" rel=\"noopener\">Aula 07<\/a> &#8211;\u00a0<span style=\"font-family: inherit;\">Teste da integral. S\u00e9ries absolutamente e condicionalmente convergentes. S\u00e9ries alternadas. Teste de Leibniz para s\u00e9ries alternadas. Testes da raz\u00e3o e da raiz para s\u00e9ries alternadas. (05\/07\/23)<\/span><\/span><\/td>\n<td style=\"width: 269.34375px; height: 144px;\"><span style=\"font-size: 10pt;\"><a href=\"https:\/\/wp.ufpel.edu.br\/zahn\/files\/2023\/07\/Aula-08-ciii.pdf\" target=\"_blank\" rel=\"noopener\">Aula 08<\/a> &#8211;\u00a0<\/span><span style=\"font-size: 10pt; font-family: inherit;\">Sequ\u00eancias de fun\u00e7\u00f5es. Limite de sequ\u00eancias de fun\u00e7\u00f5es (converg\u00eancia simples). S\u00e9ries de fun\u00e7\u00f5es. S\u00e9ries de pot\u00eancias: conceito, raio de converg\u00eancia e intervalo de converg\u00eancia. (07\/07\/23)<\/span><\/td>\n<td style=\"width: 269.34375px; height: 144px;\"><span style=\"font-size: 10pt;\">\u00a0<a href=\"https:\/\/wp.ufpel.edu.br\/zahn\/files\/2023\/07\/Aula-09-ciii.pdf\" target=\"_blank\" rel=\"noopener\">Aula 09<\/a> &#8211; Representa\u00e7\u00e3o de fun\u00e7\u00f5es em s\u00e9ries de pot\u00eancias. Deriva\u00e7\u00e3o e integra\u00e7\u00e3o de s\u00e9ries de pot\u00eancias. (12\/07\/23)<\/span><\/td>\n<\/tr>\n<tr style=\"height: 72px;\">\n<td style=\"width: 269.34375px; height: 72px;\"><span style=\"font-size: 10pt;\"><a href=\"https:\/\/wp.ufpel.edu.br\/zahn\/files\/2023\/07\/A10-ciii.pdf\" target=\"_blank\" rel=\"noopener\">Aula 10<\/a>\u00a0 &#8211; S\u00e9rie de Taylor. Produto de s\u00e9ries de pot\u00eancias. (19\/07\/23)<\/span><\/td>\n<td style=\"width: 269.34375px; height: 72px;\"><span style=\"font-size: 10pt;\">\u00a0<a href=\"https:\/\/wp.ufpel.edu.br\/zahn\/files\/2023\/07\/A11-c-iii.pdf\" target=\"_blank\" rel=\"noopener\">Aula 11<\/a> &#8211; Exist\u00eancia da representa\u00e7\u00e3o de uma fun\u00e7\u00e3o em s\u00e9rie de Taylor. S\u00e9rie binomial. (21\/07\/23)<\/span><\/td>\n<td style=\"width: 269.34375px; height: 72px;\"><span style=\"font-size: 10pt;\">\u00a0 <a href=\"https:\/\/wp.ufpel.edu.br\/zahn\/files\/2023\/07\/A12-ciii.pdf\" target=\"_blank\" rel=\"noopener\">Aula 12<\/a>&#8211; Aula de exerc\u00edcios.<\/span><\/td>\n<\/tr>\n<tr style=\"height: 144px;\">\n<td style=\"width: 269.34375px; height: 144px;\"><span style=\"font-size: 10pt;\"><a href=\"https:\/\/wp.ufpel.edu.br\/zahn\/files\/2023\/08\/A13-ciii.pdf\" target=\"_blank\" rel=\"noopener\">Aula 13<\/a>\u00a0 &#8211; No\u00e7\u00f5es de topologia: espa\u00e7os m\u00e9tricos. Bolas abertas e fechadas. Ponto interior e abertos em um espa\u00e7o m\u00e9trico.<\/span><\/td>\n<td style=\"width: 269.34375px; height: 144px;\"><span style=\"font-size: 10pt;\">\u00a0<a href=\"https:\/\/wp.ufpel.edu.br\/zahn\/files\/2023\/08\/A14-ciii.pdf\" target=\"_blank\" rel=\"noopener\">Aula 14<\/a>&#8211; Pontos aderentes de um conjunto. Fecho de um conjunto. Conjuntos fechados em um espa\u00e7o m\u00e9trico. Fronteira de um conjunto. Ponto de acumula\u00e7\u00e3o de um conjunto (09\/08\/23)<\/span><\/td>\n<td style=\"width: 269.34375px; height: 144px;\"><span style=\"font-size: 10pt;\">\u00a0<a href=\"https:\/\/wp.ufpel.edu.br\/zahn\/files\/2023\/08\/A15-c-ii.pdf\" target=\"_blank\" rel=\"noopener\">Aula 15<\/a> &#8211; Fun\u00e7\u00f5es de v\u00e1rias vari\u00e1veis reais: conceito e exemplos. (11\/08\/23)<\/span><\/td>\n<\/tr>\n<tr style=\"height: 96px;\">\n<td style=\"width: 269.34375px; height: 96px;\"><span style=\"font-size: 10pt;\"><a href=\"https:\/\/wp.ufpel.edu.br\/zahn\/files\/2023\/08\/A-16-c3.pdf\" target=\"_blank\" rel=\"noopener\">Aula 16<\/a>\u00a0 &#8211; Outros exemplos de fun\u00e7\u00f5es a v\u00e1rias vari\u00e1veis. Defini\u00e7\u00e3o de limite de fun\u00e7\u00e3o. Exemplos. (16\/08\/23)<\/span><\/td>\n<td style=\"width: 269.34375px; height: 96px;\"><span style=\"font-size: 10pt;\">\u00a0<a href=\"https:\/\/wp.ufpel.edu.br\/zahn\/files\/2023\/08\/Ciii-a17.pdf\" target=\"_blank\" rel=\"noopener\">Aula 17<\/a> &#8211; Unicidade do limite. Exist\u00eancia de limites(limites por caminhos) (18\/08\/23)<\/span><\/td>\n<td style=\"width: 269.34375px; height: 96px;\"><span style=\"font-size: 10pt;\">\u00a0 <a href=\"https:\/\/wp.ufpel.edu.br\/zahn\/files\/2023\/08\/Ciii-a18.pdf\" target=\"_blank\" rel=\"noopener\">Aula 18<\/a>&#8211; Teorema do Sandu\u00edche. Continuidade de fun\u00e7\u00f5es de v\u00e1rias vari\u00e1veis . Teorema de Weierstrass. (23\/08\/23)<\/span><\/td>\n<\/tr>\n<tr style=\"height: 96px;\">\n<td style=\"width: 269.34375px; height: 96px;\"><span style=\"font-size: 10pt;\"><a href=\"https:\/\/wp.ufpel.edu.br\/zahn\/files\/2023\/08\/A19-c3.pdf\" target=\"_blank\" rel=\"noopener\">Aula 19<\/a> &#8211; \u00a0Derivadas de fun\u00e7\u00f5es vetoriais. Derivadas parciais de fun\u00e7\u00f5es de v\u00e1rias vari\u00e1veis. Significados geom\u00e9tricos das derivadas. (30\/08\/23)<\/span><\/td>\n<td style=\"width: 269.34375px; height: 96px;\"><span style=\"font-size: 10pt;\">\u00a0<a href=\"https:\/\/wp.ufpel.edu.br\/zahn\/files\/2023\/09\/C3-A20.pdf\" target=\"_blank\" rel=\"noopener\">Aula 20<\/a> &#8211; derivadas de ordem superior. Teorema de Schwarz. Diferenciabilidade no R<sup>m<\/sup> &#8211; introdu\u00e7\u00e3o (01\/09\/23)<\/span><\/td>\n<td style=\"width: 269.34375px; height: 96px;\"><span style=\"font-size: 10pt;\">\u00a0 <a href=\"https:\/\/wp.ufpel.edu.br\/zahn\/files\/2023\/09\/Ciii-A21.pdf\" target=\"_blank\" rel=\"noopener\">Aula 21<\/a>&#8211; Diferenciabilidade em Rm. Matriz Jacobiana. (06\/09\/23)<\/span><\/td>\n<\/tr>\n<tr style=\"height: 24px;\">\n<td style=\"width: 269.34375px; height: 24px;\"><span style=\"font-size: 10pt;\"><a href=\"https:\/\/wp.ufpel.edu.br\/zahn\/files\/2023\/05\/Aula-03maio.pdf\" target=\"_blank\" rel=\"noopener\">Aula 22<\/a> &#8211; Incrementos. Difererenciabilidade via incrementos. Diferencial total. Regra da Cadeia, parte I (11\/09\/23)<\/span><\/td>\n<td style=\"width: 269.34375px; height: 24px;\"><span style=\"font-size: 10pt;\">\u00a0<a href=\"https:\/\/wp.ufpel.edu.br\/zahn\/files\/2023\/09\/C3-A23.pdf\" target=\"_blank\" rel=\"noopener\">Aula 23<\/a> \u00a0&#8211; Regra da Cadeia, parte II (13\/09\/23)<\/span><\/td>\n<td style=\"width: 269.34375px; height: 24px;\"><span style=\"font-size: 10pt;\">\u00a0<a href=\"https:\/\/wp.ufpel.edu.br\/zahn\/files\/2023\/09\/C3-A24.pdf\" target=\"_blank\" rel=\"noopener\">Aula 24<\/a> \u00a0&#8211; Derivada direcional e o vetor gradiente. Plano tangente \u00e0 uma superf\u00edcie. (15\/09\/23)<\/span><\/td>\n<\/tr>\n<tr style=\"height: 24px;\">\n<td style=\"width: 269.34375px; height: 24px;\"><span style=\"font-size: 10pt;\"><a href=\"https:\/\/wp.ufpel.edu.br\/zahn\/files\/2023\/09\/C3-A25.pdf\" target=\"_blank\" rel=\"noopener\">Aula 25<\/a>\u00a0 &#8211; comprimento de uma curva em R3. Resolu\u00e7\u00e3o de exerc\u00edcios de listas. (22\/09\/23)<\/span><\/td>\n<td style=\"width: 269.34375px; height: 24px;\"><span style=\"font-size: 10pt;\">\u00a0<a href=\"https:\/\/wp.ufpel.edu.br\/zahn\/files\/2023\/09\/C3-a26.pdf\" target=\"_blank\" rel=\"noopener\">Aula 26<\/a>&#8211; Aula de exerc\u00edcios (extra) (25\/09\/23)<\/span><\/td>\n<td style=\"width: 269.34375px; height: 24px;\"><\/td>\n<\/tr>\n<tr style=\"height: 24px;\">\n<td style=\"width: 269.34375px; height: 24px;\"><\/td>\n<td style=\"width: 269.34375px; height: 24px;\"><\/td>\n<td style=\"width: 269.34375px; height: 24px;\"><\/td>\n<\/tr>\n<\/tbody>\n<\/table>\n<p>&nbsp;<\/p>\n<p>&nbsp;<\/p>\n<p>++++++++++++++++++++++++++++++++++++++++++++++++++++++<\/p>\n<p style=\"text-align: center;\"><span style=\"color: #0000ff;\"><strong><span style=\"font-size: 12pt;\">C\u00e1lculo IV ( para a Matem\u00e1tica)<\/span><\/strong><\/span><\/p>\n<p style=\"text-align: justify;\">Estudaremos nesta disciplina a continua\u00e7\u00e3o natural do c\u00e1lculo de fun\u00e7\u00f5es a v\u00e1rias vari\u00e1veis, iniciado no C\u00e1lculo III. Mais precisamente, estudaremos o C\u00e1lculo integral \u00e0 v\u00e1rias vari\u00e1veis, incluindo a parte vetorial a v\u00e1rias vari\u00e1veis.<\/p>\n<p style=\"text-align: center;\"><strong>Plano de ensino<\/strong><\/p>\n<p style=\"text-align: center;\">Para baixardes uma c\u00f3pia pdf do Plano de Ensino, clicai <a href=\"https:\/\/wp.ufpel.edu.br\/zahn\/files\/2023\/06\/plano_ensino_2023_1_11100086_T1.pdf\" target=\"_blank\" rel=\"noopener\">aqui<\/a>.<\/p>\n<p style=\"text-align: center;\"><strong>Hor\u00e1rio<\/strong><\/p>\n<p style=\"text-align: center;\">Quartas e sextas, na Sala 08, do pr\u00e9dio Aul\u00e1rio 1, a partir das 10h.<\/p>\n<p>&nbsp;<\/p>\n<p style=\"text-align: center;\"><strong>Datas das provas<\/strong><\/p>\n<p style=\"text-align: center;\"><a href=\"https:\/\/wp.ufpel.edu.br\/zahn\/files\/2023\/07\/Prova-civ.pdf\" target=\"_blank\" rel=\"noopener\">Prova 01<\/a> : dia 28\/07\/23.\u00a0<a href=\"https:\/\/wp.ufpel.edu.br\/zahn\/files\/2023\/09\/Gab-P1-civ.pdf\" target=\"_blank\" rel=\"noopener\">Gabarito <\/a><\/p>\n<p style=\"text-align: center;\">Prova 02: dia 27\/09\/23.\u00a0<a href=\"https:\/\/wp.ufpel.edu.br\/zahn\/files\/2023\/10\/Gab-p2-civ.pdf\" target=\"_blank\" rel=\"noopener\">Gabarito <\/a><\/p>\n<p style=\"text-align: center;\">Exame: dia 04\/10\/23<\/p>\n<p>&nbsp;<\/p>\n<p style=\"text-align: center;\"><strong>Listas de exerc\u00edcios<\/strong><\/p>\n<table style=\"border-collapse: collapse; width: 100%;\" border=\"1\">\n<tbody>\n<tr style=\"height: 48px;\">\n<td style=\"width: 50%; height: 48px;\"><a href=\"https:\/\/wp.ufpel.edu.br\/zahn\/files\/2023\/06\/L01Civ.pdf\" target=\"_blank\" rel=\"noopener\">Lista 01<\/a> &#8211; Integrais m\u00faltiplas, primeiros conceitos.<\/td>\n<td style=\"width: 50%; height: 48px;\"><a href=\"https:\/\/wp.ufpel.edu.br\/zahn\/files\/2023\/07\/Resp-L01-c-iv.pdf\" target=\"_blank\" rel=\"noopener\">Resolu\u00e7\u00f5es<\/a><\/td>\n<\/tr>\n<tr style=\"height: 24px;\">\n<td style=\"width: 50%; height: 24px;\"><a href=\"https:\/\/wp.ufpel.edu.br\/zahn\/files\/2023\/06\/L02Civ.pdf\" target=\"_blank\" rel=\"noopener\">Lista 02<\/a> &#8211; Integrais duplas.<\/td>\n<td style=\"width: 50%; height: 24px;\"><a href=\"https:\/\/wp.ufpel.edu.br\/zahn\/files\/2023\/07\/Resp-L2-nova.pdf\" target=\"_blank\" rel=\"noopener\">Resolu\u00e7\u00f5es <\/a><\/td>\n<\/tr>\n<tr style=\"height: 24px;\">\n<td style=\"width: 50%; height: 24px;\"><a href=\"https:\/\/wp.ufpel.edu.br\/zahn\/files\/2023\/07\/L03Civ.pdf\" target=\"_blank\" rel=\"noopener\">Lista 03<\/a> &#8211; Integrais impr\u00f3prias. Integrais triplas<\/td>\n<td style=\"width: 50%; height: 24px;\"><\/td>\n<\/tr>\n<tr style=\"height: 24px;\">\n<td style=\"width: 50%; height: 24px;\"><a href=\"https:\/\/wp.ufpel.edu.br\/zahn\/files\/2023\/08\/L04Civ.pdf\" target=\"_blank\" rel=\"noopener\">Lista 04<\/a> &#8211; Mudan\u00e7a de coordenadas em integrais triplas. Campos vetoriais.<\/td>\n<td style=\"width: 50%; height: 24px;\"><\/td>\n<\/tr>\n<tr style=\"height: 24px;\">\n<td style=\"width: 50%; height: 24px;\"><a href=\"https:\/\/wp.ufpel.edu.br\/zahn\/files\/2023\/08\/L05Civ.pdf\" target=\"_blank\" rel=\"noopener\">Lista 05<\/a> &#8211; Integrais de linha. Teorema de Green.<\/td>\n<td style=\"width: 50%; height: 24px;\"><\/td>\n<\/tr>\n<tr style=\"height: 24px;\">\n<td style=\"width: 50%; height: 24px;\"><a href=\"https:\/\/wp.ufpel.edu.br\/zahn\/files\/2023\/09\/L06Civ.pdf\" target=\"_blank\" rel=\"noopener\">Lista 06<\/a> &#8211; Teoremas de Green, da diverg\u00eancia e de Stokes no plano. Superf\u00edcies no R<sup>3<\/sup>.<\/td>\n<td style=\"width: 50%; height: 24px;\"><\/td>\n<\/tr>\n<tr style=\"height: 24px;\">\n<td style=\"width: 50%; height: 24px;\"><a href=\"https:\/\/wp.ufpel.edu.br\/zahn\/files\/2023\/09\/L07Civ.pdf\" target=\"_blank\" rel=\"noopener\">Lista 07<\/a> &#8211; \u00c1reas de superf\u00edcies do R<sup>3<\/sup>. Integrais de superf\u00edcie.<\/td>\n<td style=\"width: 50%; height: 24px;\"><\/td>\n<\/tr>\n<\/tbody>\n<\/table>\n<p style=\"text-align: center;\"><strong>Extras<\/strong><\/p>\n<p>Arquivos pdf das aulas que est\u00e3o em andamento podem ser baixados a seguir:<\/p>\n<table style=\"border-collapse: collapse; width: 100%;\" border=\"1\">\n<tbody>\n<tr style=\"height: 216px;\">\n<td style=\"width: 33.333333%; text-align: left; height: 216px;\"><span style=\"font-size: 10pt;\"><a href=\"https:\/\/wp.ufpel.edu.br\/zahn\/files\/2023\/06\/A1.pdf\" target=\"_blank\" rel=\"noopener\">Aula 01<\/a> &#8211;\u00a0<span style=\"font-family: inherit;\">Blocos em R<sup>m<\/sup>. Parti\u00e7\u00e3o de um bloco. Somas superior e inferior de uma fun\u00e7\u00e3o limitada em rela\u00e7\u00e3o a uma parti\u00e7\u00e3o P. Refinamento de uma parti\u00e7\u00e3o. Lemas b\u00e1sicos.<\/span>\u00a0 <span style=\"font-family: inherit;\">Integrais superior e inferior de uma fun\u00e7\u00e3o limitada em um bloco do R<sup>m<\/sup>. Fun\u00e7\u00e3o integr\u00e1vel em um bloco.<\/span><\/span><\/td>\n<td style=\"width: 33.333333%; height: 216px;\"><span style=\"font-size: 10pt;\"><a href=\"https:\/\/wp.ufpel.edu.br\/zahn\/files\/2023\/06\/Aula-02-civ.pdf\" target=\"_blank\" rel=\"noopener\">Aula 02<\/a> &#8211;\u00a0<span style=\"font-family: inherit;\">Crit\u00e9rio de integrabilidade em um bloco do R<\/span><sup style=\"font-family: inherit;\">m<\/sup><span style=\"font-family: inherit;\">. Exemplos de c\u00e1lculo de integrais m\u00faltiplas em um bloco, pela defini\u00e7\u00e3o. Oscila\u00e7\u00e3o de uma fun\u00e7\u00e3o em um conjunto do R<\/span><sup style=\"font-family: inherit;\">m<\/sup><\/span><\/td>\n<td style=\"width: 33.333333%; height: 216px;\"><span style=\"font-size: 10pt;\"><a href=\"https:\/\/wp.ufpel.edu.br\/zahn\/files\/2023\/06\/A3-c-IV.pdf\" target=\"_blank\" rel=\"noopener\">Aula 03<\/a> &#8211; Propriedades das integrais em um bloco. Conjunto de medida nula, Teorema de Lebesgue. Fun\u00e7\u00e3o caracter\u00edstica e conjuntos J-mensur\u00e1veis.<\/span><\/td>\n<\/tr>\n<tr style=\"height: 120px;\">\n<td style=\"width: 33.333333%; height: 120px;\"><span style=\"font-size: 10pt;\"><a href=\"https:\/\/wp.ufpel.edu.br\/zahn\/files\/2023\/06\/Ar-c-IV.pdf\" target=\"_blank\" rel=\"noopener\">Aula 04<\/a> &#8211; Integral em conjuntos J-mensur\u00e1veis. Propriedades das integrais em conjuntos J-mensur\u00e1veis. Integral de Riemann.<\/span><\/td>\n<td style=\"width: 33.333333%; height: 120px;\"><span style=\"font-size: 10pt;\"><a href=\"https:\/\/wp.ufpel.edu.br\/zahn\/files\/2023\/06\/A05-civ.pdf\" target=\"_blank\" rel=\"noopener\">Aula 05<\/a> &#8211; Integrais duplas. Integral iterada. Exemplos.<\/span><\/td>\n<td style=\"width: 33.333333%; height: 120px;\"><span style=\"font-size: 10pt;\"><a href=\"https:\/\/wp.ufpel.edu.br\/zahn\/files\/2023\/06\/A6-civ.pdf\" target=\"_blank\" rel=\"noopener\">Aula 06<\/a>\u00a0&#8211; v\u00e1rios exemplos de aplica\u00e7\u00f5es de c\u00e1lculo, envolvendo mudan\u00e7a de ordem de integra\u00e7\u00e3o.<\/span><\/td>\n<\/tr>\n<tr style=\"height: 72px;\">\n<td style=\"width: 33.333333%; height: 72px;\"><span style=\"font-size: 10pt;\">\u00a0<a href=\"https:\/\/wp.ufpel.edu.br\/zahn\/files\/2023\/07\/Aula-07-c-iv.pdf\" target=\"_blank\" rel=\"noopener\">Aula 07<\/a> &#8211; Outros exemplos de integra\u00e7\u00e3o dupla. O teorema da m\u00e9dia para integrais duplas.<\/span><\/td>\n<td style=\"width: 33.333333%; height: 72px;\"><span style=\"font-size: 10pt;\">\u00a0<a href=\"https:\/\/wp.ufpel.edu.br\/zahn\/files\/2023\/07\/Aula-08-civ.pdf\" target=\"_blank\" rel=\"noopener\">Aula 08<\/a> &#8211; Sistema de coordenadas polares. Integral de fun\u00e7\u00f5es em coordenadas polares.<\/span><\/td>\n<td style=\"width: 33.333333%; height: 72px;\"><span style=\"font-size: 10pt;\">\u00a0<a href=\"https:\/\/wp.ufpel.edu.br\/zahn\/files\/2023\/07\/Aula-09-civ.pdf\" target=\"_blank\" rel=\"noopener\">Aula 09<\/a> &#8211; Mudan\u00e7a de vari\u00e1veis nas integrais duplas.<\/span><\/td>\n<\/tr>\n<tr style=\"height: 48px;\">\n<td style=\"width: 33.333333%; height: 48px;\"><span style=\"font-size: 10pt;\"><a href=\"https:\/\/wp.ufpel.edu.br\/zahn\/files\/2023\/07\/A10-civ.pdf\" target=\"_blank\" rel=\"noopener\">Aula 10<\/a>\u00a0&#8211; Integrais impr\u00f3prias. Integrais triplas.<\/span><\/td>\n<td style=\"width: 33.333333%; height: 48px;\"><span style=\"font-size: 10pt;\">\u00a0<a href=\"https:\/\/wp.ufpel.edu.br\/zahn\/files\/2023\/07\/A11-civ.pdf\" target=\"_blank\" rel=\"noopener\">Aula 11<\/a> &#8211; Volumes de s\u00f3lidos mediante integra\u00e7\u00e3o tripla.<\/span><\/td>\n<td style=\"width: 33.333333%; height: 48px;\"><span style=\"font-size: 10pt;\">\u00a0<a href=\"https:\/\/wp.ufpel.edu.br\/zahn\/files\/2023\/07\/A12-civ.pdf\" target=\"_blank\" rel=\"noopener\">Aula 12<\/a> &#8211; Aula de exerc\u00edcios.<\/span><\/td>\n<\/tr>\n<tr style=\"height: 48px;\">\n<td style=\"width: 33.333333%; height: 48px;\">\u00a0<a href=\"https:\/\/wp.ufpel.edu.br\/zahn\/files\/2023\/07\/A13-civ.pdf\" target=\"_blank\" rel=\"noopener\"><span style=\"font-size: 10pt;\">Aula 13<\/span><\/a><span style=\"font-size: 10pt;\">\u00a0&#8211; Aula de exerc\u00edcios extra.<\/span><\/td>\n<td style=\"width: 33.333333%; height: 48px;\"><span style=\"font-size: 10pt;\">\u00a0<a href=\"https:\/\/wp.ufpel.edu.br\/zahn\/files\/2023\/08\/A14-civ.pdf\" target=\"_blank\" rel=\"noopener\">Aula 14<\/a>&#8211; Mudan\u00e7a geral de vari\u00e1veis em integrais triplas. Coordenadas cil\u00edndricas e esf\u00e9ricas.<\/span><\/td>\n<td style=\"width: 33.333333%; height: 48px;\"><span style=\"font-size: 10pt;\">\u00a0<a href=\"https:\/\/wp.ufpel.edu.br\/zahn\/files\/2023\/08\/A15-Civ.pdf\" target=\"_blank\" rel=\"noopener\">Aula 15<\/a> &#8211; Exerc\u00edcios de integra\u00e7\u00e3o tripla envolvendo mudan\u00e7a de coordenadas.<\/span><\/td>\n<\/tr>\n<tr style=\"height: 24px;\">\n<td style=\"width: 33.333333%; height: 24px;\"><span style=\"font-size: 10pt;\">\u00a0<a href=\"https:\/\/wp.ufpel.edu.br\/zahn\/files\/2023\/08\/A16-civ.pdf\" target=\"_blank\" rel=\"noopener\">Aula 16<\/a> &#8211; Campos vetoriais. Conceito. Campo gradiente e fun\u00e7\u00e3o potencial. Rotacional e Diverg\u00eancia.<\/span><\/td>\n<td style=\"width: 33.333333%; height: 24px;\"><span style=\"font-size: 10pt;\">\u00a0<a href=\"https:\/\/wp.ufpel.edu.br\/zahn\/files\/2023\/08\/Civ-a17.pdf\" target=\"_blank\" rel=\"noopener\">Aula 17<\/a> &#8211; Integrais de linha.<\/span><\/td>\n<td style=\"width: 33.333333%; height: 24px;\"><span style=\"font-size: 10pt;\">\u00a0<a href=\"https:\/\/wp.ufpel.edu.br\/zahn\/files\/2023\/08\/A18-c-iv.pdf\" target=\"_blank\" rel=\"noopener\">Aula 18 <\/a>&#8211; independ\u00eancia da parametriza\u00e7\u00e3o na integral de linha. Independ\u00eancia de caminho \u00a0&#8211; TFC para integrais de linha.<\/span><\/td>\n<\/tr>\n<tr style=\"height: 24px;\">\n<td style=\"width: 33.333333%; height: 24px;\"><span style=\"font-size: 10pt;\">\u00a0 <a href=\"https:\/\/wp.ufpel.edu.br\/zahn\/files\/2023\/08\/A19-civ.pdf\" target=\"_blank\" rel=\"noopener\">Aula 19 <\/a>&#8211; caminhos simples e fechados. O Teorema de Green.<\/span><\/td>\n<td style=\"width: 33.333333%; height: 24px;\"><span style=\"font-size: 10pt;\">\u00a0<a href=\"https:\/\/wp.ufpel.edu.br\/zahn\/files\/2023\/08\/A20-civ.pdf\" target=\"_blank\" rel=\"noopener\">Aula 20<\/a> &#8211; \u00e1rea interior a uma curva, pelo T de Green. Curvas parametrizadas pelo comprimento de arco. Primeira extens\u00e3o vetorial do Teorema de Green: o Teorema da diverg\u00eancia de Gauss.<\/span><\/td>\n<td style=\"width: 33.333333%; height: 24px;\"><span style=\"font-size: 10pt;\">\u00a0<a href=\"https:\/\/wp.ufpel.edu.br\/zahn\/files\/2023\/09\/Civ-A21.pdf\" target=\"_blank\" rel=\"noopener\">Aula 21<\/a>&#8211; Segunda extens\u00e3o vetorial do Teorema de Green: o Teorema de Stokes no plano. Superf\u00edcies no R<sup>3<\/sup>. Parametriza\u00e7\u00e3o de superf\u00edcie.<\/span><\/td>\n<\/tr>\n<tr style=\"height: 24px;\">\n<td style=\"width: 33.333333%; height: 24px;\"><span style=\"font-size: 10pt;\"><a href=\"https:\/\/wp.ufpel.edu.br\/zahn\/files\/2023\/09\/Civ-A22.pdf\" target=\"_blank\" rel=\"noopener\">Aula 22<\/a>\u00a0 &#8211; Exemplos de parametriza\u00e7\u00f5es. Plano tangente \u00e0 uma superf\u00edcie do R3.<\/span><\/td>\n<td style=\"width: 33.333333%; height: 24px;\"><span style=\"font-size: 10pt;\">\u00a0 <a href=\"https:\/\/wp.ufpel.edu.br\/zahn\/files\/2023\/09\/A23-civ.pdf\" target=\"_blank\" rel=\"noopener\">Aula 23<\/a>&#8211; Aula extra, de exerc\u00edcios.<\/span><\/td>\n<td style=\"width: 33.333333%; height: 24px;\"><span style=\"font-size: 10pt;\">\u00a0<a href=\"https:\/\/wp.ufpel.edu.br\/zahn\/files\/2023\/09\/C4-A24.pdf\" target=\"_blank\" rel=\"noopener\">Aula 24<\/a> &#8211; \u00c1rea de superf\u00edcies.<\/span><\/td>\n<\/tr>\n<tr style=\"height: 24px;\">\n<td style=\"width: 33.333333%; height: 24px;\"><span style=\"font-size: 10pt;\">\u00a0<a href=\"https:\/\/wp.ufpel.edu.br\/zahn\/files\/2023\/09\/Civ-a-25.pdf\" target=\"_blank\" rel=\"noopener\">Aula 25<\/a> &#8211; Integral de superf\u00edcie &#8211; conceito. Resolu\u00e7\u00e3o de alguns exerc\u00edcios da lista 06.<\/span><\/td>\n<td style=\"width: 33.333333%; height: 24px;\"><span style=\"font-size: 10pt;\">\u00a0<a href=\"https:\/\/wp.ufpel.edu.br\/zahn\/files\/2023\/09\/Civ-A26.pdf\" target=\"_blank\" rel=\"noopener\">Aula 26<\/a> &#8211; Aula de exerc\u00edcios.<\/span><\/td>\n<td style=\"width: 33.333333%; height: 24px;\"><span style=\"font-size: 10pt;\">\u00a0<a href=\"https:\/\/wp.ufpel.edu.br\/zahn\/files\/2023\/09\/C4-a27.pdf\" target=\"_blank\" rel=\"noopener\">Aula 27<\/a>&#8211; Aula de exerc\u00edcios, sobre a lista 07.<\/span><\/td>\n<\/tr>\n<tr style=\"height: 24px;\">\n<td style=\"width: 33.333333%; height: 24px;\"><\/td>\n<td style=\"width: 33.333333%; height: 24px;\"><\/td>\n<td style=\"width: 33.333333%; height: 24px;\"><\/td>\n<\/tr>\n<\/tbody>\n<\/table>\n<p>&nbsp;<\/p>\n<p>&nbsp;<\/p>\n<p>&nbsp;<\/p>\n<p style=\"text-align: center;\">______________________________________________________<\/p>\n<p style=\"text-align: center;\"><span style=\"font-size: 12pt; color: #0000ff;\"><strong>Geometria Anal\u00edtica (para a Matem\u00e1tica e F\u00edsica)<\/strong><\/span><\/p>\n<p>Estudaremos nesta disciplina a Geometria Anal\u00edtica plana e a tridimensional, passando pelo estudo de retas no R2, c\u00f4nicas, vetores no plano e no espa\u00e7o, produtos escalar, vetorial e misto, retas e planos no R<sup>3<\/sup>\u00a0e superf\u00edcies.<\/p>\n<p>&nbsp;<\/p>\n<p style=\"text-align: center;\"><strong>Plano de ensino<\/strong><\/p>\n<p style=\"text-align: center;\">Uma c\u00f3pia pdf do plano pode ser acessada clicando <a href=\"https:\/\/wp.ufpel.edu.br\/zahn\/files\/2023\/06\/plano_ensino_2023_1_11100009_M.pdf\" target=\"_blank\" rel=\"noopener\">aqui<\/a>.<\/p>\n<p style=\"text-align: center;\"><strong>Hor\u00e1rio<\/strong><\/p>\n<p style=\"text-align: center;\">Ter\u00e7as e quintas, no Pr\u00e9dio 05, sala 209. A partir das 8h.<\/p>\n<p>&nbsp;<\/p>\n<p style=\"text-align: center;\"><strong>Datas das provas<\/strong><\/p>\n<p style=\"text-align: center;\"><a href=\"https:\/\/wp.ufpel.edu.br\/zahn\/files\/2023\/07\/prova_01.pdf\" target=\"_blank\" rel=\"noopener\">Prova 01<\/a>: dia 27\/07\/23 &#8211;\u00a0<a href=\"https:\/\/wp.ufpel.edu.br\/zahn\/files\/2023\/07\/Gab-p1-GA.pdf\" target=\"_blank\" rel=\"noopener\">Gabarito <\/a><\/p>\n<p style=\"text-align: center;\">Prova 02: dia 21\/09\/23 &#8211;\u00a0<a href=\"https:\/\/wp.ufpel.edu.br\/zahn\/files\/2023\/09\/GA-p2.pdf\" target=\"_blank\" rel=\"noopener\">Gabarito <\/a><\/p>\n<p style=\"text-align: center;\">Exame: dia 03\/10\/23<\/p>\n<p>&nbsp;<\/p>\n<p style=\"text-align: center;\"><strong>Listas de exerc\u00edcios<\/strong><\/p>\n<p style=\"text-align: center;\"><a href=\"https:\/\/wp.ufpel.edu.br\/zahn\/files\/2023\/06\/GA_L01.pdf\" target=\"_blank\" rel=\"noopener\">Lista 01<\/a> &#8211; Vetores no plano.<\/p>\n<p style=\"text-align: center;\"><a href=\"https:\/\/wp.ufpel.edu.br\/zahn\/files\/2023\/06\/GA_L02.pdf\" target=\"_blank\" rel=\"noopener\">Lista 02<\/a> &#8211; Retas e circunfer\u00eancias no plano. <a href=\"https:\/\/wp.ufpel.edu.br\/zahn\/files\/2023\/07\/Resp-L2.pdf\" target=\"_blank\" rel=\"noopener\">\u00a0Resolu\u00e7\u00f5es<\/a><\/p>\n<p style=\"text-align: center;\"><a href=\"https:\/\/wp.ufpel.edu.br\/zahn\/files\/2023\/07\/GA_L03.pdf\" target=\"_blank\" rel=\"noopener\">Lista 03<\/a> &#8211; Elipse e hip\u00e9rbole.<\/p>\n<p style=\"text-align: center;\"><a href=\"https:\/\/wp.ufpel.edu.br\/zahn\/files\/2023\/07\/GA_L04.pdf\" target=\"_blank\" rel=\"noopener\">Lista 04<\/a> &#8211; Par\u00e1bola. Rota\u00e7\u00e3o e transla\u00e7\u00e3o de eixos coordenados.<\/p>\n<p style=\"text-align: center;\"><a href=\"https:\/\/wp.ufpel.edu.br\/zahn\/files\/2023\/08\/GA_L05.pdf\" target=\"_blank\" rel=\"noopener\">Lista 05<\/a> &#8211; Vetores em R<sup>3<\/sup>. Produtos escalar, vetorial e misto.<\/p>\n<p style=\"text-align: center;\"><a href=\"https:\/\/wp.ufpel.edu.br\/zahn\/files\/2023\/08\/GA_L06.pdf\" target=\"_blank\" rel=\"noopener\">Lista 06<\/a> &#8211; Retas e planos no espa\u00e7o tridimensional.<\/p>\n<p style=\"text-align: center;\"><a href=\"https:\/\/wp.ufpel.edu.br\/zahn\/files\/2023\/09\/GA_L07.pdf\" target=\"_blank\" rel=\"noopener\">Lista 07<\/a> &#8211; Coordenadas cil\u00edndricas e esf\u00e9ricas. Cilindros e superf\u00edcies qu\u00e1dricas.<\/p>\n<p style=\"text-align: center;\"><a href=\"https:\/\/wp.ufpel.edu.br\/zahn\/files\/2023\/09\/GA_L08.pdf\" target=\"_blank\" rel=\"noopener\">Lista 08<\/a> &#8211; Curvas em R<sup>3<\/sup>.<\/p>\n<p>&nbsp;<\/p>\n<p style=\"text-align: center;\"><strong>Arquivos pdf das aulas<\/strong><\/p>\n<ul>\n<li>aula do dia 15\/08\/23 [produto misto, retas e planos no R<sup>3<\/sup>], acesso\u00a0<a href=\"https:\/\/wp.ufpel.edu.br\/zahn\/files\/2023\/08\/Ga01.pdf\" target=\"_blank\" rel=\"noopener\">aqui<\/a><\/li>\n<li>aula do dia 17\/08\/23 [retas e planos], acesso\u00a0<a href=\"https:\/\/wp.ufpel.edu.br\/zahn\/files\/2023\/08\/GA-17agosto.pdf\" target=\"_blank\" rel=\"noopener\">aqui<\/a><\/li>\n<li>aula do dia 22\/08\/23 [dist\u00e2ncia entre ponto e plano, superf\u00edcie esf\u00e9rica e sistema de coordenadas cil\u00edndricas], acesso\u00a0<a href=\"https:\/\/wp.ufpel.edu.br\/zahn\/files\/2023\/08\/GA-2208.pdf\" target=\"_blank\" rel=\"noopener\">aqui<\/a><\/li>\n<li>aula do dia 24\/08\/23 [coordenadas esf\u00e9ricas. Resolu\u00e7\u00e3o de quest\u00f5es da lista 05]. Acesso\u00a0<a href=\"https:\/\/wp.ufpel.edu.br\/zahn\/files\/2023\/08\/GA-2408.pdf\" target=\"_blank\" rel=\"noopener\">aqui<\/a><\/li>\n<li>aula do dia 29\/08 [aula de exerc\u00edcios sobre as listas 05 e 06]. Acesso\u00a0<a href=\"https:\/\/wp.ufpel.edu.br\/zahn\/files\/2023\/08\/GA-2808.pdf\" target=\"_blank\" rel=\"noopener\">aqui<\/a><\/li>\n<li>aula do dia 31\/09 [cilindros e superf\u00edcies qu\u00e1dricas]. Acesso <a href=\"https:\/\/wp.ufpel.edu.br\/zahn\/files\/2023\/08\/GA-3009.pdf\" target=\"_blank\" rel=\"noopener\">aqui<\/a><\/li>\n<li>aula do dia 05\/09\/23 [superf\u00edcies qu\u00e1dricas. Introdu\u00e7\u00e3o \u00e0s curvas no R3] acesso\u00a0<a href=\"https:\/\/wp.ufpel.edu.br\/zahn\/files\/2023\/09\/GA-509.pdf\" target=\"_blank\" rel=\"noopener\">aqui<\/a><\/li>\n<li>aula do dia 12\/09\/23 [aula de exerc\u00edcios]. Acesso\u00a0<a href=\"https:\/\/wp.ufpel.edu.br\/zahn\/files\/2023\/09\/GA-1209.pdf\" target=\"_blank\" rel=\"noopener\">aqui<\/a><\/li>\n<li>aula do dia 14\/09\/23 [aula de exerc\u00edcios]. Acesso\u00a0<a href=\"https:\/\/wp.ufpel.edu.br\/zahn\/files\/2023\/09\/GA-1409.pdf\" target=\"_blank\" rel=\"noopener\">aqui<\/a><\/li>\n<li>aula do dia 19\/09\/23 [aula de exerc\u00edcios- listas 08, 06 e 05]. Acesso <a href=\"https:\/\/wp.ufpel.edu.br\/zahn\/files\/2023\/09\/GA-final.pdf\" target=\"_blank\" rel=\"noopener\">aqui<\/a><\/li>\n<\/ul>\n<p style=\"text-align: center;\">\n","protected":false},"excerpt":{"rendered":"<p>MMXXIII ANNO DOMINE SEGUNDO SEMESTRE C\u00c1LCULO IV (Matem\u00e1tica Diurno) Turma T2 Estudaremos nesta disciplina a continua\u00e7\u00e3o natural do c\u00e1lculo de fun\u00e7\u00f5es a v\u00e1rias vari\u00e1veis, iniciado no C\u00e1lculo III. Mais precisamente, estudaremos o C\u00e1lculo integral \u00e0 v\u00e1rias vari\u00e1veis, incluindo a parte vetorial a v\u00e1rias vari\u00e1veis. Plano de Ensino &#8211; P0de ser baixada uma c\u00f3pia do arquivo &hellip; <a href=\"https:\/\/wp.ufpel.edu.br\/zahn\/disciplinas\/mmxxiv\/\" class=\"more-link\">Continue lendo <span class=\"screen-reader-text\">MMXXIll<\/span> <span class=\"meta-nav\">&rarr;<\/span><\/a><\/p>\n","protected":false},"author":605,"featured_media":0,"parent":15,"menu_order":0,"comment_status":"closed","ping_status":"closed","template":"","meta":{"jetpack_post_was_ever_published":false,"footnotes":""},"class_list":["post-3012","page","type-page","status-publish","hentry"],"jetpack_sharing_enabled":true,"jetpack_shortlink":"https:\/\/wp.me\/P7fXYa-MA","_links":{"self":[{"href":"https:\/\/wp.ufpel.edu.br\/zahn\/wp-json\/wp\/v2\/pages\/3012","targetHints":{"allow":["GET"]}}],"collection":[{"href":"https:\/\/wp.ufpel.edu.br\/zahn\/wp-json\/wp\/v2\/pages"}],"about":[{"href":"https:\/\/wp.ufpel.edu.br\/zahn\/wp-json\/wp\/v2\/types\/page"}],"author":[{"embeddable":true,"href":"https:\/\/wp.ufpel.edu.br\/zahn\/wp-json\/wp\/v2\/users\/605"}],"replies":[{"embeddable":true,"href":"https:\/\/wp.ufpel.edu.br\/zahn\/wp-json\/wp\/v2\/comments?post=3012"}],"version-history":[{"count":5,"href":"https:\/\/wp.ufpel.edu.br\/zahn\/wp-json\/wp\/v2\/pages\/3012\/revisions"}],"predecessor-version":[{"id":3096,"href":"https:\/\/wp.ufpel.edu.br\/zahn\/wp-json\/wp\/v2\/pages\/3012\/revisions\/3096"}],"up":[{"embeddable":true,"href":"https:\/\/wp.ufpel.edu.br\/zahn\/wp-json\/wp\/v2\/pages\/15"}],"wp:attachment":[{"href":"https:\/\/wp.ufpel.edu.br\/zahn\/wp-json\/wp\/v2\/media?parent=3012"}],"curies":[{"name":"wp","href":"https:\/\/api.w.org\/{rel}","templated":true}]}}