{"id":1214,"date":"2018-12-20T22:39:33","date_gmt":"2018-12-21T00:39:33","guid":{"rendered":"https:\/\/wp.ufpel.edu.br\/zahn\/?page_id=1214"},"modified":"2022-07-23T20:07:19","modified_gmt":"2022-07-23T23:07:19","slug":"mmxix","status":"publish","type":"page","link":"https:\/\/wp.ufpel.edu.br\/zahn\/disciplinas\/antiqua-archivum\/mmxix\/","title":{"rendered":"MMXIX"},"content":{"rendered":"<p style=\"text-align: center;\"><span style=\"font-family: 'comic sans ms', sans-serif;\"><strong>SEMESTER SECVNDVM MMXIX ANNO DOMINI<\/strong><\/span><\/p>\n<p style=\"text-align: center;\">(Para acessar o Calend\u00e1rio Acad\u00eamico de 2019, clique <a href=\"https:\/\/wp.ufpel.edu.br\/cra\/files\/2019\/01\/SEI_Res.-36.2018-Calendario-Academico.pdf\" target=\"_blank\" rel=\"noopener noreferrer\">aqui<\/a>.)<\/p>\n<p style=\"text-align: center;\"><strong>An\u00e1lise Real I &#8211; Turma M1<\/strong><\/p>\n<p style=\"text-align: center;\">Clique <a href=\"https:\/\/institucional.ufpel.edu.br\/disciplinas\/cod\/11100014\" target=\"_blank\" rel=\"noopener noreferrer\">aqui<\/a> para ir \u00e0 p\u00e1gina institucional da disciplina<\/p>\n<p style=\"text-align: center;\"><a href=\"https:\/\/wp.ufpel.edu.br\/zahn\/files\/2019\/08\/2019Plan_ens_An.pdf\" target=\"_blank\" rel=\"noopener noreferrer\">Plano de Ensino<\/a><\/p>\n<p>&nbsp;<\/p>\n<p style=\"text-align: center;\"><strong><span style=\"color: #0000ff;\">Listas de Exerc\u00edcios<\/span><\/strong><\/p>\n<p style=\"text-align: center;\"><a href=\"https:\/\/wp.ufpel.edu.br\/zahn\/files\/2019\/08\/AnRL01.pdf\" target=\"_blank\" rel=\"noopener noreferrer\">Lista 01<\/a> &#8211; conjuntos e fun\u00e7\u00f5es<\/p>\n<p style=\"text-align: center;\"><a href=\"https:\/\/wp.ufpel.edu.br\/zahn\/files\/2019\/09\/AnRL02.pdf\" target=\"_blank\" rel=\"noopener noreferrer\">Lista 02<\/a> &#8211; corpos<\/p>\n<p style=\"text-align: center;\"><a href=\"https:\/\/wp.ufpel.edu.br\/zahn\/files\/2019\/09\/AnRL03.pdf\" target=\"_blank\" rel=\"noopener noreferrer\">Lista 03<\/a> &#8211; cardinalidade e enumerabilidade<\/p>\n<p style=\"text-align: center;\"><a href=\"https:\/\/wp.ufpel.edu.br\/zahn\/files\/2019\/10\/AnRL04.pdf\" target=\"_blank\" rel=\"noopener noreferrer\">Lista 04<\/a> &#8211; \u00a0Sequ\u00eancias &#8211; \u00a0<a href=\"https:\/\/wp.ufpel.edu.br\/zahn\/files\/2019\/10\/Resp_L4.pdf\" target=\"_blank\" rel=\"noopener noreferrer\">algumas resolu\u00e7\u00f5es<\/a><\/p>\n<p style=\"text-align: center;\"><a href=\"https:\/\/wp.ufpel.edu.br\/zahn\/files\/2019\/10\/AnRL05.pdf\" target=\"_blank\" rel=\"noopener noreferrer\">Lista 05<\/a> &#8211; Sequ\u00eancias ilimitadas e sequ\u00eancias de Cauchy<\/p>\n<p style=\"text-align: center;\"><a href=\"https:\/\/wp.ufpel.edu.br\/zahn\/files\/2019\/11\/AnRL06.pdf\" target=\"_blank\" rel=\"noopener noreferrer\">Lista 06<\/a> &#8211; Espa\u00e7os m\u00e9tricos e topologia da reta<\/p>\n<p style=\"text-align: center;\"><a href=\"https:\/\/wp.ufpel.edu.br\/zahn\/files\/2019\/11\/AnRL07.pdf\" target=\"_blank\" rel=\"noopener noreferrer\">Lista 07<\/a> &#8211; Topologia da reta<\/p>\n<p style=\"text-align: center;\"><a href=\"https:\/\/wp.ufpel.edu.br\/zahn\/files\/2019\/11\/AnRL08.pdf\" target=\"_blank\" rel=\"noopener noreferrer\">Lista 08<\/a> &#8211; Limites de fun\u00e7\u00f5es<\/p>\n<p style=\"text-align: center;\"><a href=\"https:\/\/wp.ufpel.edu.br\/zahn\/files\/2019\/12\/AnRL09.pdf\" target=\"_blank\" rel=\"noopener noreferrer\">Lista 09<\/a> &#8211; Limites infinitos e no infinito<\/p>\n<p style=\"text-align: center;\"><a href=\"https:\/\/wp.ufpel.edu.br\/zahn\/files\/2019\/12\/AnRL10.pdf\" target=\"_blank\" rel=\"noopener noreferrer\">Lista 10<\/a> &#8211; Limites not\u00e1veis<\/p>\n<p style=\"text-align: center;\"><a href=\"https:\/\/wp.ufpel.edu.br\/zahn\/files\/2019\/12\/AnRL11.pdf\" target=\"_blank\" rel=\"noopener noreferrer\">Lista 11<\/a> &#8211; Continuidade<\/p>\n<p style=\"text-align: center;\"><a href=\"https:\/\/wp.ufpel.edu.br\/zahn\/files\/2019\/12\/AnRL12.pdf\" target=\"_blank\" rel=\"noopener noreferrer\">Lista 12<\/a> &#8211; Continuidade uniforme<\/p>\n<p>&nbsp;<\/p>\n<p style=\"text-align: center;\"><span style=\"color: #0000ff;\"><strong>Datas das Provas:<\/strong><\/span><\/p>\n<p style=\"text-align: center;\"><a href=\"https:\/\/wp.ufpel.edu.br\/zahn\/files\/2019\/09\/PrvAN01.pdf\" target=\"_blank\" rel=\"noopener noreferrer\">Prova 01<\/a> &#8211; 19\/09\/2019 (quinta)<\/p>\n<p style=\"text-align: center;\"><a href=\"https:\/\/wp.ufpel.edu.br\/zahn\/files\/2019\/11\/PrvAN02.pdf\" target=\"_blank\" rel=\"noopener noreferrer\">Prova 02<\/a> &#8211; 07\/11\/2019 (quinta) &#8211; <a href=\"https:\/\/wp.ufpel.edu.br\/zahn\/files\/2019\/12\/GabPr02AN.pdf\" target=\"_blank\" rel=\"noopener noreferrer\">Gabarito<\/a><\/p>\n<p style=\"text-align: center;\"><a href=\"https:\/\/wp.ufpel.edu.br\/zahn\/files\/2019\/12\/PrvAN03-1.pdf\" target=\"_blank\" rel=\"noopener noreferrer\">Prova 03<\/a> &#8211; 13\/12\/2019 (sexta)<\/p>\n<p style=\"text-align: center;\">Exame &#8211; 16\/12\/2019 (segunda)<\/p>\n<p style=\"text-align: center;\"><strong><span style=\"color: #0000ff;\">Materiais extras<\/span><\/strong><\/p>\n<p>\u2206 Clique <a href=\"https:\/\/wp.ufpel.edu.br\/zahn\/files\/2019\/12\/CAP_Cont.pdf\" target=\"_blank\" rel=\"noopener noreferrer\">aqui<\/a> para baixar o cap\u00edtulo sobre continuidade (postado em 06\/12\/2019, \u00e0s 20:38).<\/p>\n<p>\u2206 Clique <a href=\"https:\/\/wp.ufpel.edu.br\/zahn\/files\/2019\/11\/Resp_Card.pdf\" target=\"_blank\" rel=\"noopener noreferrer\">aqui<\/a> para baixar resolu\u00e7\u00f5es de exerc\u00edcios sobre cardinalidade do meu livro de Introdu\u00e7\u00e3o aos cardinais de Cantor.<\/p>\n<p>\u2206 Clicando <a href=\"https:\/\/wp.ufpel.edu.br\/zahn\/files\/2017\/08\/Gab_SS_Pr1.pdf\" target=\"_blank\" rel=\"noopener noreferrer\">aqui<\/a>, podes baixar o gabarito (com a prova junto, na \u00faltima p\u00e1gina) de uma prova de sequ\u00eancias e s\u00e9ries, onde podes olhar os exerc\u00edcios resolvidos das quest\u00f5es de 01 a 04, que envolvem sequ\u00eancias.<\/p>\n<p>\u2206 Clique <a href=\"https:\/\/www.sbm.org.br\/coloquio-centro-oeste-4\/wp-content\/uploads\/sites\/2\/2016\/01\/Minicurso_6._A_construcao_dos_Reais.pdf\" target=\"_blank\" rel=\"noopener noreferrer\">aqui<\/a> para acessar um material sobre a constru\u00e7\u00e3o dos n\u00fameros reais (o Cap\u00edtulo \u00a06 aborda a constru\u00e7\u00e3o atrav\u00e9s de sequ\u00eancias de Cauchy e tamb\u00e9m atrav\u00e9s do conceito de corte de Dedekind).<\/p>\n<p>\u2206 Livro &#8220;<a href=\"https:\/\/wp.ufpel.edu.br\/zahn\/files\/2019\/07\/Steen-Pedersen-From-Calculus-to-Analysis-Springer-2015.pdf\" target=\"_blank\" rel=\"noopener noreferrer\">do C\u00e1lculo \u00e0 An\u00e1lise<\/a>&#8220;.<\/p>\n<p style=\"text-align: justify;\">\u2206 Para baixar um livro em pdf, clique <a href=\"https:\/\/wp.ufpel.edu.br\/zahn\/files\/2018\/03\/Undergraduate-Texts-in-Mathematics-Murray-H.-Protter-Basic-Elements-of-Real-Analysis-Springer.pdf\" target=\"_blank\" rel=\"noopener noreferrer\">aqui<\/a>.<\/p>\n<p>\u2206\u00a0Para baixar o arquivo pdf das notas de aula do curso de 2018, clique \u00a0<a href=\"https:\/\/wp.ufpel.edu.br\/zahn\/files\/2018\/03\/An_Real.pdf\" target=\"_blank\" rel=\"noopener noreferrer\">aqui<\/a><\/p>\n<p>\u2206 V\u00eddeo no Youtube sobre os <a href=\"https:\/\/www.youtube.com\/watch?v=YXt8QzTNLcw\" target=\"_blank\" rel=\"noopener noreferrer\">infinitos de Cantor<\/a>\u00a0[produzido pela Unicamp].<\/p>\n<p>\u2206 V\u00eddeo no Youtube sobre o &#8220;<a href=\"https:\/\/www.youtube.com\/watch?v=p77-Ze4ZD8w\" target=\"_blank\" rel=\"noopener noreferrer\">Hotel de Hilbert<\/a>&#8221; [produzido pela Unicamp].<\/p>\n<p><span style=\"color: #000000;\">\u2206 Para assistir v\u00eddeos do Curso de An\u00e1lise na Reta, ministrado pelo finado Prof. Elon Lages Lima, IMPA, clique <a style=\"color: #000000;\" href=\"http:\/\/video.impa.br\/index.php?page=programa-de-verao-2011-analise-na-reta\" target=\"_blank\" rel=\"noopener noreferrer\">aqui<\/a>.<\/span><\/p>\n<p><span style=\"color: #000000;\">\u2206 \u00a0<\/span>Artigo\u00a0<a href=\"https:\/\/wp.ufpel.edu.br\/zahn\/files\/2017\/01\/ens_calculo_Analise.pdf\" target=\"_blank\" rel=\"noopener noreferrer\">Sobre o ensino da An\u00e1lise<\/a>.<\/p>\n<p><span style=\"color: #000000;\">\u2206\u00a0<\/span>Artigo &#8220;<a href=\"https:\/\/wp.ufpel.edu.br\/zahn\/files\/2018\/07\/v11a06-o-que-e-um-conjunto.pdf\" target=\"_blank\" rel=\"noopener noreferrer\">O que \u00e9 um conjunto?<\/a>&#8220;.<\/p>\n<p>&nbsp;<\/p>\n<p style=\"text-align: center;\"><strong>~~~~~~~~~~~~~~~~~~~~~~~~~~~~~~~~~~~~~~<\/strong><\/p>\n<p style=\"text-align: center;\"><strong>\u00c1lgebra linear e Geometria Anal\u00edtica &#8211; Turma T2<\/strong><\/p>\n<p><img loading=\"lazy\" decoding=\"async\" class=\"wp-image-178 aligncenter\" src=\"https:\/\/wp.ufpel.edu.br\/zahn\/files\/2016\/02\/16Afrj1.gif\" alt=\"\" width=\"113\" height=\"145\" \/><\/p>\n<p style=\"text-align: center;\">Clique <a href=\"https:\/\/institucional.ufpel.edu.br\/disciplinas\/cod\/11100005\" target=\"_blank\" rel=\"noopener noreferrer\">aqui<\/a> para ir \u00e0 p\u00e1gina institucional da disciplina<\/p>\n<p style=\"text-align: center;\"><span style=\"color: #000000;\"><a style=\"color: #000000;\" href=\"https:\/\/wp.ufpel.edu.br\/zahn\/files\/2019\/08\/2019Plan_ens_AlGa.pdf\" target=\"_blank\" rel=\"noopener noreferrer\">Plano de Ensino<\/a><\/span><\/p>\n<p style=\"text-align: center;\"><span style=\"color: #0000ff;\"><strong>Listas de Exerc\u00edcios<\/strong><\/span><\/p>\n<p style=\"text-align: center;\"><a href=\"https:\/\/wp.ufpel.edu.br\/zahn\/files\/2019\/08\/alga_01.pdf\" target=\"_blank\" rel=\"noopener noreferrer\">Lista 01<\/a> &#8211; vetores no plano<\/p>\n<p style=\"text-align: center;\"><a href=\"https:\/\/wp.ufpel.edu.br\/zahn\/files\/2019\/08\/alga_02.pdf\" target=\"_blank\" rel=\"noopener noreferrer\">Lista 02<\/a> &#8211; vetores no R<sup>3 \u00a0 \u00a0 \u00a0\u00a0<\/sup><\/p>\n<p style=\"text-align: center;\"><a href=\"https:\/\/wp.ufpel.edu.br\/zahn\/files\/2019\/08\/alga_aplic-A1.pdf\" target=\"_blank\" rel=\"noopener noreferrer\">Lista de aplica\u00e7\u00f5es A1<\/a> &#8211; Vetores<\/p>\n<p style=\"text-align: center;\"><a href=\"https:\/\/wp.ufpel.edu.br\/zahn\/files\/2019\/09\/alga_03.pdf\" target=\"_blank\" rel=\"noopener noreferrer\">Lista 03<\/a> &#8211; retas e planos em\u00a0R<sup>3<\/sup><\/p>\n<p style=\"text-align: center;\"><a href=\"https:\/\/wp.ufpel.edu.br\/zahn\/files\/2019\/09\/alga_04.pdf\" target=\"_blank\" rel=\"noopener noreferrer\">Lista 04<\/a> &#8211; Dist\u00e2ncia entre ponto e plano<\/p>\n<p style=\"text-align: center;\"><a href=\"https:\/\/wp.ufpel.edu.br\/zahn\/files\/2019\/09\/alga_05.pdf\" target=\"_blank\" rel=\"noopener noreferrer\">Lista 05<\/a> &#8211; matrizes e sistemas lineares<\/p>\n<p style=\"text-align: center;\"><a href=\"https:\/\/wp.ufpel.edu.br\/zahn\/files\/2019\/09\/alga_aplic-A2.pdf\" target=\"_blank\" rel=\"noopener noreferrer\">Lista de aplica\u00e7\u00f5es A2<\/a> &#8211; Matrizes e Sistemas<\/p>\n<p style=\"text-align: center;\"><a href=\"https:\/\/wp.ufpel.edu.br\/zahn\/files\/2019\/10\/alga_06.pdf\" target=\"_blank\" rel=\"noopener noreferrer\">Lista 06<\/a> &#8211; matrizes elementares e inversa de matriz<\/p>\n<p style=\"text-align: center;\"><a href=\"https:\/\/wp.ufpel.edu.br\/zahn\/files\/2019\/10\/alga_07.pdf\" target=\"_blank\" rel=\"noopener noreferrer\">Lista 07<\/a> &#8211; Determinantes<\/p>\n<p style=\"text-align: center;\"><a href=\"https:\/\/wp.ufpel.edu.br\/zahn\/files\/2019\/10\/alga_aplic-A3.pdf\" target=\"_blank\" rel=\"noopener noreferrer\">Lista de aplica\u00e7\u00f5es A3<\/a> &#8211; Determinantes<\/p>\n<p style=\"text-align: center;\"><a href=\"https:\/\/wp.ufpel.edu.br\/zahn\/files\/2019\/10\/alga_08.pdf\" target=\"_blank\" rel=\"noopener noreferrer\">Lista 08<\/a> &#8211; Espa\u00e7os e subespa\u00e7os vetoriais<\/p>\n<p style=\"text-align: center;\"><a href=\"https:\/\/wp.ufpel.edu.br\/zahn\/files\/2019\/11\/alga_09.pdf\" target=\"_blank\" rel=\"noopener noreferrer\">Lista 09<\/a> &#8211; Vetores L.I. e L.D. Bases<\/p>\n<p style=\"text-align: center;\"><a href=\"https:\/\/wp.ufpel.edu.br\/zahn\/files\/2019\/11\/alga_10.pdf\" target=\"_blank\" rel=\"noopener noreferrer\">Lista 10<\/a> &#8211; Dimens\u00e3o. Mudan\u00e7a de base<\/p>\n<p style=\"text-align: center;\"><a href=\"https:\/\/wp.ufpel.edu.br\/zahn\/files\/2019\/11\/alga_11.pdf\" target=\"_blank\" rel=\"noopener noreferrer\">Lista 11<\/a> &#8211; Transforma\u00e7\u00f5es lineares<\/p>\n<p style=\"text-align: center;\"><a href=\"https:\/\/wp.ufpel.edu.br\/zahn\/files\/2019\/12\/alga_12.pdf\" target=\"_blank\" rel=\"noopener noreferrer\">Lista 12<\/a> &#8211; Autovalores e autovetores<\/p>\n<p style=\"text-align: center;\"><a href=\"https:\/\/wp.ufpel.edu.br\/zahn\/files\/2019\/12\/alga_aplic-A4.pdf\" target=\"_blank\" rel=\"noopener noreferrer\">Lista de aplica\u00e7\u00f5es A4<\/a> &#8211; Autovalores e autovetores<\/p>\n<p style=\"text-align: center;\"><a href=\"https:\/\/wp.ufpel.edu.br\/zahn\/files\/2019\/12\/alga13.pdf\" target=\"_blank\" rel=\"noopener noreferrer\">Lista 13<\/a> &#8211; C\u00f4nicas<\/p>\n<p>&nbsp;<\/p>\n<p style=\"text-align: center;\"><strong><span style=\"color: #0000ff;\">Algumas resolu\u00e7\u00f5es das listas<\/span><\/strong><\/p>\n<p><strong>\u2020<\/strong> Para a solu\u00e7\u00e3o da Lista 02 at\u00e9 a Lista 05, clicai <a href=\"https:\/\/wp.ufpel.edu.br\/zahn\/files\/2019\/09\/resp_L2_L5.pdf\" target=\"_blank\" rel=\"noopener noreferrer\">aqui<\/a>.<\/p>\n<p>&nbsp;<\/p>\n<p style=\"text-align: center;\"><span style=\"color: #0000ff;\"><strong>Datas das Provas:<\/strong><\/span><\/p>\n<p style=\"text-align: center;\">\u00a0Todas as sextas &#8211; Prova de avalia\u00e7\u00e3o semanal <span style=\"font-size: 8pt;\">(exceto quando cancelada ou adiada pelo professor)<\/span><\/p>\n<p style=\"text-align: center;\"><a href=\"https:\/\/wp.ufpel.edu.br\/zahn\/files\/2019\/10\/ProvALGA_01.pdf\" target=\"_blank\" rel=\"noopener noreferrer\">Prova 01<\/a> -30\/09\/2019 (segunda) &#8211; <a href=\"https:\/\/wp.ufpel.edu.br\/zahn\/files\/2019\/10\/GabAlga.pdf\" target=\"_blank\" rel=\"noopener noreferrer\">Gabarito<\/a><\/p>\n<p style=\"text-align: center;\"><a href=\"https:\/\/wp.ufpel.edu.br\/zahn\/files\/2019\/11\/ProvALGA_02.pdf\" target=\"_blank\" rel=\"noopener noreferrer\">Prova 02<\/a> &#8211; 01\/11\/2019 (sexta)<\/p>\n<p style=\"text-align: center;\"><a href=\"https:\/\/wp.ufpel.edu.br\/zahn\/files\/2019\/12\/ProvALGA_03.pdf\" target=\"_blank\" rel=\"noopener noreferrer\">Prova 03<\/a> &#8211; 13\/12\/2019 (sexta)<\/p>\n<p style=\"text-align: center;\">Exame &#8211; 16\/12\/2019 (segunda)<\/p>\n<p>&nbsp;<\/p>\n<p style=\"text-align: center;\"><span style=\"color: #0000ff;\"><strong>Monitorias<\/strong><\/span><\/p>\n<p style=\"text-align: left;\">Monitor: Felipe<\/p>\n<p>Hor\u00e1rios da monitoria:<\/p>\n<p>&#8212; segundas, das 14h \u00e0s 17h (P5, Sala 204)<\/p>\n<p>&#8212; quartas, das 14h \u00e0s 15h e das 16h \u00e0s 17h (P5, Sala 204)<\/p>\n<p>&#8212; quintas, das 15h \u00e0s 17h (P16, Sala 103)<\/p>\n<p>&#8212; sextas, das 14h \u00e0s 17h (P5, Sala 204)<\/p>\n<p>&nbsp;<\/p>\n<p style=\"text-align: center;\"><span style=\"color: #0000ff;\"><strong>Extras<\/strong><\/span><\/p>\n<p>\u2206 Cique <a href=\"https:\/\/wp.ufpel.edu.br\/zahn\/files\/2019\/11\/MiniPrv10.pdf\" target=\"_blank\" rel=\"noopener noreferrer\">aqui<\/a> para baixar avaliacnao que deve ser resolvida e entrege na quarta, dia 20\/11\/2019<\/p>\n<p>\u2206 Para acessar a p\u00e1gina do Projeto GAMA, para consultar hor\u00e1rios de monitorias para a disciplina e inscri\u00e7\u00f5es para aulas de revis\u00e3o e exerc\u00edcios, clique <a href=\"https:\/\/wp.ufpel.edu.br\/projetogama\/\" target=\"_blank\" rel=\"noopener noreferrer\">aqui<\/a>.<\/p>\n<p>\u2206 Clique <a href=\"https:\/\/wp.ufpel.edu.br\/zahn\/files\/2019\/10\/MiniPrv08.pdf\" target=\"_blank\" rel=\"noopener noreferrer\">aqui<\/a> para baixar a avalia\u00e7\u00e3o para entregar dia 16\/10.<\/p>\n<p>\u2206 Clique <a href=\"https:\/\/matrixcalc.org\/pt\/\" target=\"_blank\" rel=\"noopener noreferrer\">aqui<\/a> para acessar uma p\u00e1gina que efetua c\u00e1lculos com matrizes e sistemas lineares online<\/p>\n<p>&nbsp;<\/p>\n<p>&nbsp;<\/p>\n<p style=\"text-align: center;\">\u222b\u222b\u222b\u222b\u222b\u222b\u222b\u222b\u222b\u222b\u222b\u222b\u222b\u222b\u222b\u222b\u222b\u222b\u222b\u222b\u222b\u222b\u222b\u222b\u222b\u222b\u222b\u222b\u222b\u222b\u222b\u222b\u222b\u222b\u222b\u222b\u222b\u222b\u222b\u222b\u222b\u222b\u222b\u222b\u222b\u222b\u222b\u222b\u222b\u222b\u222b\u222b\u222b\u222b\u222b\u222b\u222b\u222b\u222b\u222b\u222b\u222b\u222b\u222b\u222b\u222b\u222b\u222b\u222b\u222b\u222b\u222b\u222b\u222b\u222b\u222b<\/p>\n<p style=\"text-align: center;\"><span style=\"font-family: 'comic sans ms', sans-serif;\"><strong>SEMESTER PRIMVM MMXIX ANNO DOMINI<\/strong><\/span><\/p>\n<p style=\"text-align: center;\"><strong>C\u00e1lculo 2 &#8211; \u00a0Turma T1<\/strong><\/p>\n<p style=\"text-align: center;\"><strong> <img loading=\"lazy\" decoding=\"async\" class=\"alignnone wp-image-1283\" src=\"https:\/\/wp.ufpel.edu.br\/zahn\/files\/2019\/04\/zero-406x318.png\" alt=\"\" width=\"162\" height=\"127\" srcset=\"https:\/\/wp.ufpel.edu.br\/zahn\/files\/2019\/04\/zero-406x318.png 406w, https:\/\/wp.ufpel.edu.br\/zahn\/files\/2019\/04\/zero-203x159.png 203w, https:\/\/wp.ufpel.edu.br\/zahn\/files\/2019\/04\/zero-768x602.png 768w, https:\/\/wp.ufpel.edu.br\/zahn\/files\/2019\/04\/zero-619x485.png 619w, https:\/\/wp.ufpel.edu.br\/zahn\/files\/2019\/04\/zero.png 1433w\" sizes=\"auto, (max-width: 162px) 100vw, 162px\" \/><\/strong><\/p>\n<p style=\"text-align: center;\">(A disciplina no Portal de informa\u00e7\u00f5es da UFPel pode ser acessada clicando <a href=\"https:\/\/institucional.ufpel.edu.br\/disciplinas\/cod\/0100302\" target=\"_blank\" rel=\"noopener noreferrer\">aqui<\/a>)<\/p>\n<p style=\"text-align: center;\"><a href=\"https:\/\/wp.ufpel.edu.br\/zahn\/files\/2019\/03\/2019Plan_ens_C2T1.pdf\" target=\"_blank\" rel=\"noopener noreferrer\">Plano de ensino<\/a><\/p>\n<p style=\"text-align: center;\"><span style=\"color: #0000ff;\"><strong>\u00a0Listas de exerc\u00edcios<\/strong><\/span><\/p>\n<p style=\"text-align: center;\"><a href=\"https:\/\/wp.ufpel.edu.br\/zahn\/files\/2019\/03\/L1C2.pdf\" target=\"_blank\" rel=\"noopener noreferrer\">Lista 01<\/a>\u00a0 \u00a0 \u00a0 <a href=\"https:\/\/wp.ufpel.edu.br\/zahn\/files\/2019\/04\/L2C2.pdf\" target=\"_blank\" rel=\"noopener noreferrer\">Lista 02<\/a>\u00a0 \u00a0 \u00a0 <a href=\"https:\/\/wp.ufpel.edu.br\/zahn\/files\/2019\/04\/L3C3.pdf\" target=\"_blank\" rel=\"noopener noreferrer\">Lista 03<\/a>\u00a0 \u00a0 \u00a0\u00a0<a href=\"https:\/\/wp.ufpel.edu.br\/zahn\/files\/2019\/04\/L4C2.pdf\" target=\"_blank\" rel=\"noopener noreferrer\">Lista 04<\/a>\u00a0 \u00a0 \u00a0\u00a0<a href=\"https:\/\/wp.ufpel.edu.br\/zahn\/files\/2019\/04\/L5C2.pdf\" target=\"_blank\" rel=\"noopener noreferrer\">Lista 05<\/a><\/p>\n<p style=\"text-align: center;\"><a href=\"https:\/\/wp.ufpel.edu.br\/zahn\/files\/2019\/04\/L6C2.pdf\" target=\"_blank\" rel=\"noopener noreferrer\">Lista 06<\/a>\u00a0 \u00a0 \u00a0\u00a0<a href=\"https:\/\/wp.ufpel.edu.br\/zahn\/files\/2019\/05\/L7C2.pdf\" target=\"_blank\" rel=\"noopener noreferrer\">Lista 07<\/a>\u00a0 \u00a0 \u00a0\u00a0<a href=\"https:\/\/wp.ufpel.edu.br\/zahn\/files\/2019\/06\/L8C2.pdf\" target=\"_blank\" rel=\"noopener noreferrer\"> Lista 08<\/a>\u00a0 \u00a0 \u00a0 <a href=\"https:\/\/wp.ufpel.edu.br\/zahn\/files\/2019\/06\/L9C2.pdf\" target=\"_blank\" rel=\"noopener noreferrer\">Lista 09<\/a>\u00a0 \u00a0 \u00a0 <a href=\"https:\/\/wp.ufpel.edu.br\/zahn\/files\/2019\/06\/L10C2.pdf\" target=\"_blank\" rel=\"noopener noreferrer\">Lista 10<\/a><\/p>\n<p style=\"text-align: center;\"><a href=\"https:\/\/wp.ufpel.edu.br\/zahn\/files\/2019\/06\/L11C2.pdf\" target=\"_blank\" rel=\"noopener noreferrer\">Lista 11<\/a>\u00a0 \u00a0 \u00a0 <a href=\"https:\/\/wp.ufpel.edu.br\/zahn\/files\/2019\/06\/L12C2.pdf\" target=\"_blank\" rel=\"noopener noreferrer\">Lista 12<\/a>\u00a0 \u00a0 \u00a0 <a href=\"https:\/\/wp.ufpel.edu.br\/zahn\/files\/2019\/07\/L13C2.pdf\" target=\"_blank\" rel=\"noopener noreferrer\">Lista 13<\/a><\/p>\n<p>&nbsp;<\/p>\n<p style=\"text-align: center;\"><span style=\"color: #0000ff;\"><strong>Respostas de alguns exerc\u00edcios<\/strong><\/span><\/p>\n<p style=\"text-align: center;\"><a href=\"https:\/\/wp.ufpel.edu.br\/zahn\/files\/2019\/04\/RespL1C2.pdf\" target=\"_blank\" rel=\"noopener noreferrer\">Resp Lista 01<\/a>\u00a0 \u00a0 \u00a0 <a href=\"https:\/\/wp.ufpel.edu.br\/zahn\/files\/2019\/07\/Resp_L7_L8.pdf\" target=\"_blank\" rel=\"noopener noreferrer\">\u00a0Resp L07 e L08<\/a><\/p>\n<p>&nbsp;<\/p>\n<p>&nbsp;<\/p>\n<p style=\"text-align: center;\"><span style=\"background-color: #ffffff; color: #0000ff;\"><strong>Datas das Provas\u00a0<\/strong><\/span><\/p>\n<p style=\"text-align: center;\"><a href=\"https:\/\/wp.ufpel.edu.br\/zahn\/files\/2019\/06\/Prv_01.pdf\" target=\"_blank\" rel=\"noopener noreferrer\">Prova 01<\/a> &#8211; dia 13\/05\/2019 (segunda)<\/p>\n<p style=\"text-align: center;\"><a href=\"https:\/\/wp.ufpel.edu.br\/zahn\/files\/2019\/07\/Prv_02.pdf\" target=\"_blank\" rel=\"noopener noreferrer\">Prova 02<\/a> &#8211; dia 08\/07\/2019 (segunda) &#8211; <a href=\"https:\/\/wp.ufpel.edu.br\/zahn\/files\/2019\/07\/gabarito-prova-2C2.pdf\" target=\"_blank\" rel=\"noopener noreferrer\">Gabarito<\/a><\/p>\n<p style=\"text-align: center;\">Optativa &#8211; dia 10\/07\/2019 (quarta)<\/p>\n<p style=\"text-align: center;\">Exame &#8211; dia 15\/07\/2019 (segunda)<\/p>\n<p>&nbsp;<\/p>\n<p style=\"text-align: center;\"><span style=\"color: #0000ff;\"><strong>Diversos<\/strong><\/span><\/p>\n<ul>\n<li>Para acesso ao site para c\u00e1lculo online de integrais, clique <a href=\"https:\/\/www.integral-calculator.com\" target=\"_blank\" rel=\"noopener noreferrer\">aqui<\/a>.<\/li>\n<li>\u00a0V\u00eddeo no Youtube sobre os <a href=\"https:\/\/www.youtube.com\/watch?v=YXt8QzTNLcw\" target=\"_blank\" rel=\"noopener noreferrer\">infinitos de Cantor<\/a>.<\/li>\n<\/ul>\n<p style=\"text-align: center;\">~~~~~~~~~~~~~~~~~~~~~~~~~~~~~~~~~~~~~~~~~~~~~~~~~<\/p>\n<p style=\"text-align: center;\"><span style=\"background-color: #ffffff;\"><strong>Pr\u00e9-C\u00e1lculo &#8211; Turma M1<\/strong><\/span><\/p>\n<p><img loading=\"lazy\" decoding=\"async\" class=\"wp-image-1285 aligncenter\" src=\"https:\/\/wp.ufpel.edu.br\/zahn\/files\/2019\/04\/Crise-dos-rac-1-424x315.png\" alt=\"\" width=\"287\" height=\"213\" srcset=\"https:\/\/wp.ufpel.edu.br\/zahn\/files\/2019\/04\/Crise-dos-rac-1-424x315.png 424w, https:\/\/wp.ufpel.edu.br\/zahn\/files\/2019\/04\/Crise-dos-rac-1-212x157.png 212w, https:\/\/wp.ufpel.edu.br\/zahn\/files\/2019\/04\/Crise-dos-rac-1.png 500w\" sizes=\"auto, (max-width: 287px) 100vw, 287px\" \/><\/p>\n<p style=\"text-align: center;\"><a href=\"https:\/\/wp.ufpel.edu.br\/zahn\/files\/2019\/03\/2019Plan_ens_Prc.pdf\" target=\"_blank\" rel=\"noopener noreferrer\">Plano de ensino<\/a><\/p>\n<p style=\"text-align: center;\">(A disciplina no Portal de informa\u00e7\u00f5es da UFPel pode ser acessada clicando <a href=\"https:\/\/institucional.ufpel.edu.br\/disciplinas\/cod\/11100029\" target=\"_blank\" rel=\"noopener noreferrer\">aqui<\/a>)<\/p>\n<p style=\"text-align: center;\"><span style=\"color: #0000ff;\"><strong>Listas de Exerc\u00edcios<\/strong><\/span><\/p>\n<p style=\"text-align: center;\"><a href=\"https:\/\/wp.ufpel.edu.br\/zahn\/files\/2019\/03\/L01PrC.pdf\" target=\"_blank\" rel=\"noopener noreferrer\">Lista 01\u00a0<\/a>\u00a0 \u00a0 \u00a0 \u00a0<a href=\"https:\/\/wp.ufpel.edu.br\/zahn\/files\/2019\/04\/L02PrC.pdf\" target=\"_blank\" rel=\"noopener noreferrer\">Lista 02<\/a>\u00a0 \u00a0 \u00a0 \u00a0<a href=\"https:\/\/wp.ufpel.edu.br\/zahn\/files\/2019\/04\/L03PrC.pdf\" target=\"_blank\" rel=\"noopener noreferrer\">\u00a0Lista 03<\/a>\u00a0 \u00a0 \u00a0 <a href=\"https:\/\/wp.ufpel.edu.br\/zahn\/files\/2019\/04\/L04PrC.pdf\" target=\"_blank\" rel=\"noopener noreferrer\">Lista 04<\/a><\/p>\n<p style=\"text-align: center;\"><a href=\"https:\/\/wp.ufpel.edu.br\/zahn\/files\/2019\/05\/L05PrC.pdf\" target=\"_blank\" rel=\"noopener noreferrer\">Lista 05<\/a>\u00a0 \u00a0 \u00a0 \u00a0<a href=\"https:\/\/wp.ufpel.edu.br\/zahn\/files\/2019\/05\/L06PrC.pdf\" target=\"_blank\" rel=\"noopener noreferrer\">Lista 06<\/a>\u00a0 \u00a0 \u00a0 \u00a0<a href=\"https:\/\/wp.ufpel.edu.br\/zahn\/files\/2019\/06\/L7PrC.pdf\" target=\"_blank\" rel=\"noopener noreferrer\">Lista 07<\/a>\u00a0 \u00a0 \u00a0 <a href=\"https:\/\/wp.ufpel.edu.br\/zahn\/files\/2019\/07\/L8PrC.pdf\" target=\"_blank\" rel=\"noopener noreferrer\">\u00a0Lista 08<\/a><\/p>\n<p style=\"text-align: center;\"><strong><span style=\"color: #0000ff;\">Datas das Provas<\/span><\/strong><\/p>\n<p style=\"text-align: center;\">\u00a0Todas as sextas<sup>*<\/sup> &#8211; Prova de avalia\u00e7\u00e3o semanal<\/p>\n<p style=\"text-align: center;\"><a href=\"https:\/\/wp.ufpel.edu.br\/zahn\/files\/2019\/04\/Prv_01.pdf\" target=\"_blank\" rel=\"noopener noreferrer\">Prova 01<\/a> &#8211; 24\/04\/2019 (quarta)<\/p>\n<p style=\"text-align: center;\"><a href=\"https:\/\/wp.ufpel.edu.br\/zahn\/files\/2019\/06\/Prv_02.pdf\" target=\"_blank\" rel=\"noopener noreferrer\">Prova 02<\/a> &#8211; 10\/06\/2019 (segunda)<\/p>\n<p style=\"text-align: center;\"><a href=\"https:\/\/wp.ufpel.edu.br\/zahn\/files\/2019\/07\/Prv_03.pdf\" target=\"_blank\" rel=\"noopener noreferrer\">Prova 03<\/a> &#8211; 10\/07\/2019 (quarta)<\/p>\n<p style=\"text-align: center;\">Optativa &#8211; 15\/07\/2019 (segunda)<\/p>\n<p style=\"text-align: center;\">Exame &#8211; 17\/07\/2019 (quarta)<\/p>\n<p><sup>*\u00a0<\/sup>Exceto em feriados ou quando cancelado pelo Professor.<\/p>\n<p>&nbsp;<\/p>\n<p style=\"text-align: center;\"><span style=\"color: #0000ff;\"><strong>Diversos<\/strong><\/span><\/p>\n<ul>\n<li>Podes baixar uma prova antiga clicando <a href=\"https:\/\/wp.ufpel.edu.br\/zahn\/files\/2019\/04\/prova01.pdf\" target=\"_blank\" rel=\"noopener noreferrer\">aqui<\/a>, e outra, <a href=\"https:\/\/wp.ufpel.edu.br\/zahn\/files\/2019\/04\/Prova-PrC_1.pdf\" target=\"_blank\" rel=\"noopener noreferrer\">aqui<\/a>.<\/li>\n<\/ul>\n","protected":false},"excerpt":{"rendered":"<p>SEMESTER SECVNDVM MMXIX ANNO DOMINI (Para acessar o Calend\u00e1rio Acad\u00eamico de 2019, clique aqui.) An\u00e1lise Real I &#8211; Turma M1 Clique aqui para ir \u00e0 p\u00e1gina institucional da disciplina Plano de Ensino &nbsp; Listas de Exerc\u00edcios Lista 01 &#8211; conjuntos e fun\u00e7\u00f5es Lista 02 &#8211; corpos Lista 03 &#8211; cardinalidade e enumerabilidade Lista 04 &#8211; &hellip; <a href=\"https:\/\/wp.ufpel.edu.br\/zahn\/disciplinas\/antiqua-archivum\/mmxix\/\" class=\"more-link\">Continue lendo <span class=\"screen-reader-text\">MMXIX<\/span> <span class=\"meta-nav\">&rarr;<\/span><\/a><\/p>\n","protected":false},"author":605,"featured_media":0,"parent":1596,"menu_order":0,"comment_status":"closed","ping_status":"closed","template":"","meta":{"jetpack_post_was_ever_published":false,"footnotes":""},"class_list":["post-1214","page","type-page","status-publish","hentry"],"jetpack_sharing_enabled":true,"jetpack_shortlink":"https:\/\/wp.me\/P7fXYa-jA","_links":{"self":[{"href":"https:\/\/wp.ufpel.edu.br\/zahn\/wp-json\/wp\/v2\/pages\/1214","targetHints":{"allow":["GET"]}}],"collection":[{"href":"https:\/\/wp.ufpel.edu.br\/zahn\/wp-json\/wp\/v2\/pages"}],"about":[{"href":"https:\/\/wp.ufpel.edu.br\/zahn\/wp-json\/wp\/v2\/types\/page"}],"author":[{"embeddable":true,"href":"https:\/\/wp.ufpel.edu.br\/zahn\/wp-json\/wp\/v2\/users\/605"}],"replies":[{"embeddable":true,"href":"https:\/\/wp.ufpel.edu.br\/zahn\/wp-json\/wp\/v2\/comments?post=1214"}],"version-history":[{"count":107,"href":"https:\/\/wp.ufpel.edu.br\/zahn\/wp-json\/wp\/v2\/pages\/1214\/revisions"}],"predecessor-version":[{"id":2019,"href":"https:\/\/wp.ufpel.edu.br\/zahn\/wp-json\/wp\/v2\/pages\/1214\/revisions\/2019"}],"up":[{"embeddable":true,"href":"https:\/\/wp.ufpel.edu.br\/zahn\/wp-json\/wp\/v2\/pages\/1596"}],"wp:attachment":[{"href":"https:\/\/wp.ufpel.edu.br\/zahn\/wp-json\/wp\/v2\/media?parent=1214"}],"curies":[{"name":"wp","href":"https:\/\/api.w.org\/{rel}","templated":true}]}}