{"id":17,"date":"2023-01-03T11:49:10","date_gmt":"2023-01-03T14:49:10","guid":{"rendered":"https:\/\/wp.ufpel.edu.br\/xxvijornadadeensinodehistoria\/?page_id=17"},"modified":"2023-02-15T22:13:28","modified_gmt":"2023-02-16T01:13:28","slug":"programacao","status":"publish","type":"page","link":"https:\/\/wp.ufpel.edu.br\/xxvijornadadeensinodehistoria\/programacao\/","title":{"rendered":"Programa\u00e7\u00e3o"},"content":{"rendered":"<table class=\" aligncenter\" width=\"1232\">\n<tbody>\n<tr>\n<td style=\"width: 199px; text-align: left;\" width=\"372\"><span style=\"background-color: #ccffcc;\"><strong>29\/mar<\/strong><\/span><\/td>\n<td style=\"width: 186px;\" width=\"309\"><span style=\"background-color: #ccffcc;\"><strong>30\/mar<\/strong><\/span><\/td>\n<td style=\"width: 212px;\" width=\"234\"><span style=\"background-color: #ccffcc;\"><strong>31\/mar<\/strong><\/span><\/td>\n<td style=\"width: 101px;\" width=\"317\"><span style=\"background-color: #ccffcc;\"><strong>01\/abr<\/strong><\/span><\/td>\n<\/tr>\n<tr>\n<td style=\"width: 199px;\" width=\"372\"><strong><span style=\"font-size: 8pt;\">Manh\u00e3<\/span><\/strong><\/p>\n<p style=\"text-align: justify;\"><span style=\"font-size: 8pt;\">8h30 \u00e0s 12h\u00a0 Credenciamento.<\/span><\/p>\n<p><span style=\"font-size: 8pt;\">9h &#8211; Mesa Redonda: O Ensino de Hist\u00f3ria e as lutas antirracistas<\/span><\/p>\n<p><span style=\"font-size: 8pt;\">Convidadas: Fernanda Oliveira (UFRGS), Ledeci Coutinho (Rede P\u00fablica Estadual) e Tanara Forte Furtado (UFRGS)<\/span><\/p>\n<p style=\"text-align: justify;\"><span style=\"font-size: 8pt;\">Media\u00e7\u00e3o: Carla de Moura (Rede P\u00fablica Estadual)<\/span><\/p>\n<\/td>\n<td style=\"width: 186px;\"><strong><span style=\"font-size: 8pt;\">Manh\u00e3:<\/span><\/strong><\/p>\n<p style=\"text-align: justify;\"><span style=\"font-size: 8pt;\"> 8h30 &#8211; Sess\u00e3o de Comunica\u00e7\u00f5es &#8211; GD&#8217;s.<\/span><\/p>\n<\/td>\n<td style=\"width: 212px;\"><strong><span style=\"font-size: 8pt;\">Manh\u00e3:\u00a0<\/span><\/strong><\/p>\n<p style=\"text-align: justify;\"><span style=\"font-size: 8pt;\">Oficinas Tem\u00e1ticas<\/span><\/p>\n<\/td>\n<td style=\"width: 101px; text-align: center;\">\n<p style=\"text-align: left;\"><strong><span style=\"font-size: 8pt;\">Manh\u00e3:<\/span><\/strong><\/p>\n<p><span style=\"font-size: 8pt;\">8h30 \u00e0s 12h &#8211; Visita ao centro hist\u00f3rico de Pelotas<\/span><\/td>\n<\/tr>\n<tr>\n<td style=\"width: 199px;\"><\/td>\n<td style=\"width: 186px;\"><\/td>\n<td style=\"width: 212px;\"><\/td>\n<td style=\"width: 101px;\"><\/td>\n<\/tr>\n<tr>\n<td style=\"width: 199px;\" width=\"372\"><strong><span style=\"font-size: 8pt;\">Tarde<\/span>:<\/strong><\/p>\n<p style=\"text-align: justify;\"><span style=\"font-size: 8pt;\">14h &#8211; Sess\u00f5es de Comunica\u00e7\u00f5es<\/span><\/p>\n<p>&nbsp;<\/p>\n<p>&nbsp;<\/p>\n<p>&nbsp;<\/p>\n<p>&nbsp;<\/p>\n<p>&nbsp;<\/p>\n<p>&nbsp;<\/p>\n<p style=\"text-align: justify;\"><span style=\"font-size: 8pt;\">18h &#8211; Atividade Cultural<\/span><\/p>\n<\/td>\n<td style=\"width: 186px;\" width=\"309\"><strong><span style=\"font-size: 8pt;\">Tarde:<\/span><\/strong><\/p>\n<p style=\"text-align: justify;\"><span style=\"font-size: 8pt;\">14h &#8211; Mesa Redonda: O Novo Ensino M\u00e9dio e as lutas pela educa\u00e7\u00e3o p\u00fablica<\/span><\/p>\n<p><span style=\"font-size: 8pt;\">Convidados\/as: \u00c1lvaro Hyp\u00f3lito (FAE\/UFPel), Anderson Barreto (Instituto de Educa\u00e7\u00e3o Josu\u00e9 de Castro) e Carmen Beatriz L\u00fcbke \u00dccker (Rede P\u00fablica Estadual)<\/span><\/p>\n<p style=\"text-align: justify;\"><span style=\"font-size: 8pt;\">Media\u00e7\u00e3o: Natiele Gon\u00e7alves Mesquita (Rede P\u00fablica Estadual e Municipal\/Pelotas)<\/span><\/p>\n<p><span style=\"font-size: 8pt;\">17h &#8211; Rodas de conversas<\/span><\/td>\n<td style=\"width: 212px;\" width=\"234\">\n<p><strong><span style=\"font-size: 8pt;\">Tarde: <\/span><\/strong><\/p>\n<p><span style=\"font-size: 8pt;\">14h &#8211; Mesa Redonda: Igualdade de g\u00eanero e direitos da popula\u00e7\u00e3o LGBTQIA+ nas aulas de Hist\u00f3ria<\/span><\/p>\n<p><span style=\"font-size: 8pt;\">Convidados\/as: Carla \u00c1vila (Rede estadual e UCPel), Fernando Seffner (FACED\/UFRGS) e Priscila Spindler C. Nunes (Rede P\u00fablica Municipal\/Canoas)<\/span><\/p>\n<p><span style=\"font-size: 8pt;\">Media\u00e7\u00e3o: Amanda Nunes Moreira (Rede P\u00fablica e Privada\/Pelotas)<\/span><\/p>\n<p>&nbsp;<\/p>\n<p style=\"text-align: justify;\"><span class=\"fontstyle0\" style=\"font-size: 8pt;\">17h30 &#8211; Homenagem e inaugura\u00e7\u00e3o do acervo do Professor Enrique Serra Padr\u00f3s no Instituto de Estudos Pol\u00edticos M\u00e1rio Alves <\/span><\/p>\n<\/td>\n<td style=\"width: 101px;\"><\/td>\n<\/tr>\n<tr>\n<td style=\"width: 199px;\"><\/td>\n<td style=\"width: 186px;\"><\/td>\n<td style=\"width: 212px;\"><\/td>\n<td style=\"width: 101px;\"><\/td>\n<\/tr>\n<tr>\n<td style=\"width: 199px;\" width=\"372\"><strong><span style=\"font-size: 8pt;\">Noite:<\/span><\/strong><\/p>\n<p style=\"text-align: justify;\"><span style=\"font-size: 8pt;\">19h &#8211; Abertura<\/span><\/p>\n<p style=\"text-align: justify;\"><span style=\"font-size: 8pt;\">Confer\u00eancia de Abertura: La formaci\u00f3n de profesores y profesoras de historia en tiempos de debilidad de la convivencia democr\u00e1tica<\/span><\/p>\n<p><span style=\"font-size: 8pt;\">Convidada: Professora Marisa Massone (Universidade de Buenos Aires)<\/span><br \/>\n<span style=\"font-size: 8pt;\">Media\u00e7\u00e3o: Lisiane Manke (UFPel)<\/span><\/td>\n<td style=\"width: 186px;\" width=\"309\"><strong><span style=\"font-size: 8pt;\">Noite:<\/span><\/strong><\/p>\n<p style=\"text-align: justify;\"><span style=\"font-size: 8pt;\">19h30 \u2013 Sarau Hist\u00f3rico &#8211;<\/span><\/p>\n<p><span style=\"font-size: 8pt;\">Preto de Sapato, de Eduardo Freda, com participa\u00e7\u00e3o especial de Caiu\u00e1 Al Alam (UNIPAMPA)<\/span><\/p>\n<p style=\"text-align: justify;\"><span style=\"font-size: 8pt;\">Lan\u00e7amento de livros<\/span><\/p>\n<\/td>\n<td style=\"width: 212px;\" width=\"234\"><strong><span style=\"font-size: 8pt;\">Noite: <\/span><\/strong><\/p>\n<p style=\"text-align: justify;\"><span style=\"font-size: 8pt;\">19h &#8211; Mesa de Encerramento: Faz escuro mas eu canto: Resist\u00eancia e den\u00fancia das <\/span><span style=\"font-size: 8pt;\">viola\u00e7\u00f5es de direitos humanos ontem e hoje<\/span><\/p>\n<p style=\"text-align: justify;\"><span style=\"font-size: 8pt;\">Convidadas: Suzana Lisboa (Comiss\u00e3o de Familiares de Mortos e Desaparecidos Pol\u00edticos) e Matheus Gomes (Historiador e Deputado Estadual\/PSOL).<\/span><\/p>\n<\/td>\n<td style=\"width: 101px;\"><\/td>\n<\/tr>\n<\/tbody>\n<\/table>\n<p>&nbsp;<\/p>\n","protected":false},"excerpt":{"rendered":"<p>29\/mar 30\/mar 31\/mar 01\/abr Manh\u00e3 8h30 \u00e0s 12h\u00a0 Credenciamento. 9h &#8211; Mesa Redonda: O Ensino de Hist\u00f3ria e as lutas antirracistas Convidadas: Fernanda Oliveira (UFRGS), Ledeci Coutinho (Rede P\u00fablica Estadual) e Tanara Forte Furtado (UFRGS) Media\u00e7\u00e3o: Carla de Moura (Rede P\u00fablica Estadual) Manh\u00e3: 8h30 &#8211; Sess\u00e3o de Comunica\u00e7\u00f5es &#8211; GD&#8217;s. Manh\u00e3:\u00a0 Oficinas Tem\u00e1ticas Manh\u00e3: 8h30&hellip;<\/p>\n","protected":false},"author":1274,"featured_media":0,"parent":0,"menu_order":3,"comment_status":"closed","ping_status":"closed","template":"","meta":{"footnotes":""},"class_list":["post-17","page","type-page","status-publish","hentry"],"_links":{"self":[{"href":"https:\/\/wp.ufpel.edu.br\/xxvijornadadeensinodehistoria\/wp-json\/wp\/v2\/pages\/17","targetHints":{"allow":["GET"]}}],"collection":[{"href":"https:\/\/wp.ufpel.edu.br\/xxvijornadadeensinodehistoria\/wp-json\/wp\/v2\/pages"}],"about":[{"href":"https:\/\/wp.ufpel.edu.br\/xxvijornadadeensinodehistoria\/wp-json\/wp\/v2\/types\/page"}],"author":[{"embeddable":true,"href":"https:\/\/wp.ufpel.edu.br\/xxvijornadadeensinodehistoria\/wp-json\/wp\/v2\/users\/1274"}],"replies":[{"embeddable":true,"href":"https:\/\/wp.ufpel.edu.br\/xxvijornadadeensinodehistoria\/wp-json\/wp\/v2\/comments?post=17"}],"version-history":[{"count":5,"href":"https:\/\/wp.ufpel.edu.br\/xxvijornadadeensinodehistoria\/wp-json\/wp\/v2\/pages\/17\/revisions"}],"predecessor-version":[{"id":222,"href":"https:\/\/wp.ufpel.edu.br\/xxvijornadadeensinodehistoria\/wp-json\/wp\/v2\/pages\/17\/revisions\/222"}],"wp:attachment":[{"href":"https:\/\/wp.ufpel.edu.br\/xxvijornadadeensinodehistoria\/wp-json\/wp\/v2\/media?parent=17"}],"curies":[{"name":"wp","href":"https:\/\/api.w.org\/{rel}","templated":true}]}}