{"id":125,"date":"2023-01-04T01:56:37","date_gmt":"2023-01-04T04:56:37","guid":{"rendered":"https:\/\/wp.ufpel.edu.br\/xxvijornadadeensinodehistoria\/?page_id=125"},"modified":"2023-01-04T18:29:43","modified_gmt":"2023-01-04T21:29:43","slug":"links","status":"publish","type":"page","link":"https:\/\/wp.ufpel.edu.br\/xxvijornadadeensinodehistoria\/links\/","title":{"rendered":"Links"},"content":{"rendered":"<p><strong>Clique no link desejado:<\/strong><\/p>\n<p><a href=\"https:\/\/portal.ufpel.edu.br\/\">Universidade Federal de Pelotas &#8211; UFPEL<\/a><\/p>\n<p><a href=\"https:\/\/wp.ufpel.edu.br\/ich\/\">Instituto de Ci\u00eancias Humanas &#8211; ICH \/ UFPEL<\/a><\/p>\n<p><a href=\"https:\/\/wp.ufpel.edu.br\/leh\/inicio\/\">Laborat\u00f3rio de Ensino de Hist\u00f3ria &#8211; LEH\/UFPEL<\/a><\/p>\n<p><a href=\"https:\/\/wp.ufpel.edu.br\/ppgh\/\">Programa de P\u00f3s-Gradua\u00e7\u00e3o em Hist\u00f3ria &#8211; PPGH\/UFPEL<\/a><\/p>\n<p><a href=\"https:\/\/www.anpuh-rs.org.br\/site\/capa\">Associa\u00e7\u00e3o Nacional de Hist\u00f3ria &#8211; Se\u00e7\u00e3o Rio Grande do Sul<\/a><\/p>\n<p><a href=\"https:\/\/anpuh.org.br\/\">ANPUH &#8211; Brasil<\/a><\/p>\n<p><a href=\"https:\/\/www.abeh.org.br\/\">Associa\u00e7\u00e3o Brasileira de Ensino de Hist\u00f3ria &#8211; ABEH<\/a><\/p>\n<p><strong>Revistas:<\/strong><\/p>\n<p><a href=\"https:\/\/rhhj.anpuh.org\/RHHJ\">Revista Hist\u00f3ria Hoje (ANPUH\/RJ)<\/a><\/p>\n<p><a href=\"https:\/\/ojs.uel.br\/revistas\/uel\/index.php\/histensino\">Revista Hist\u00f3ria e Ensino (UEL)<\/a><\/p>\n<p><a href=\"https:\/\/seer.ufrgs.br\/index.php\/revistadolhiste\">Revista do LEHISTE (UFRGS)<\/a><\/p>\n<p><a href=\"https:\/\/periodicos.ufpel.edu.br\/ojs2\/index.php\/CLIO\">Revista Of\u00edcios de Clio (UFPEL)<\/a><\/p>\n","protected":false},"excerpt":{"rendered":"<p>Clique no link desejado: Universidade Federal de Pelotas &#8211; UFPEL Instituto de Ci\u00eancias Humanas &#8211; ICH \/ UFPEL Laborat\u00f3rio de Ensino de Hist\u00f3ria &#8211; LEH\/UFPEL Programa de P\u00f3s-Gradua\u00e7\u00e3o em Hist\u00f3ria &#8211; PPGH\/UFPEL Associa\u00e7\u00e3o Nacional de Hist\u00f3ria &#8211; Se\u00e7\u00e3o Rio Grande do Sul ANPUH &#8211; Brasil Associa\u00e7\u00e3o Brasileira de Ensino de Hist\u00f3ria &#8211; ABEH Revistas: Revista&hellip;<\/p>\n","protected":false},"author":1274,"featured_media":0,"parent":0,"menu_order":10,"comment_status":"closed","ping_status":"closed","template":"","meta":{"footnotes":""},"class_list":["post-125","page","type-page","status-publish","hentry"],"_links":{"self":[{"href":"https:\/\/wp.ufpel.edu.br\/xxvijornadadeensinodehistoria\/wp-json\/wp\/v2\/pages\/125","targetHints":{"allow":["GET"]}}],"collection":[{"href":"https:\/\/wp.ufpel.edu.br\/xxvijornadadeensinodehistoria\/wp-json\/wp\/v2\/pages"}],"about":[{"href":"https:\/\/wp.ufpel.edu.br\/xxvijornadadeensinodehistoria\/wp-json\/wp\/v2\/types\/page"}],"author":[{"embeddable":true,"href":"https:\/\/wp.ufpel.edu.br\/xxvijornadadeensinodehistoria\/wp-json\/wp\/v2\/users\/1274"}],"replies":[{"embeddable":true,"href":"https:\/\/wp.ufpel.edu.br\/xxvijornadadeensinodehistoria\/wp-json\/wp\/v2\/comments?post=125"}],"version-history":[{"count":2,"href":"https:\/\/wp.ufpel.edu.br\/xxvijornadadeensinodehistoria\/wp-json\/wp\/v2\/pages\/125\/revisions"}],"predecessor-version":[{"id":168,"href":"https:\/\/wp.ufpel.edu.br\/xxvijornadadeensinodehistoria\/wp-json\/wp\/v2\/pages\/125\/revisions\/168"}],"wp:attachment":[{"href":"https:\/\/wp.ufpel.edu.br\/xxvijornadadeensinodehistoria\/wp-json\/wp\/v2\/media?parent=125"}],"curies":[{"name":"wp","href":"https:\/\/api.w.org\/{rel}","templated":true}]}}