{"id":1127,"date":"2015-09-26T11:13:49","date_gmt":"2015-09-26T14:13:49","guid":{"rendered":"https:\/\/wp.ufpel.edu.br\/wwverde\/?page_id=1127"},"modified":"2015-09-26T11:16:28","modified_gmt":"2015-09-26T14:16:28","slug":"0c-cant-get-any-data-weather-fct-nova-recebe-a-2a-edicao-do-euchems-congresso-sobre-quimica-verde-e-sustentavelni","status":"publish","type":"page","link":"https:\/\/wp.ufpel.edu.br\/wwverde\/0c-cant-get-any-data-weather-fct-nova-recebe-a-2a-edicao-do-euchems-congresso-sobre-quimica-verde-e-sustentavelni\/","title":{"rendered":"FCT-NOVA recebe a 2\u00aa edi\u00e7\u00e3o do EuCheMS: Congresso sobre Qu\u00edmica Verde e Sustent\u00e1vel"},"content":{"rendered":"<p>Acontece entre os dias 04 e 07 de outubro, a 2\u00aa Edi\u00e7\u00e3o do\u00a0<span class=\"Apple-style-span\"><strong>EuCheMS \u2013 Congresss sobre Qu\u00edmica Verde e Sustent\u00e1vel.\u00a0<\/strong>O congresso<\/span><span class=\"Apple-style-span\">\u00a0est\u00e1 divido em tr\u00eas tematicas que ser\u00e3o apresentadas por oradores nacionais e internacionais. As tem\u00e1ticas s\u00e3o:<\/span><\/p>\n<p style=\"padding-left: 30px\"><span class=\"Apple-style-span\">Inova\u00e7\u00e3o Molecular : Materiais para um futuro melhor<\/span><\/p>\n<p style=\"padding-left: 30px\"><span class=\"Apple-style-span\">Novas Tecnologias: Novas solu\u00e7\u00f5es para os problemas existentes<\/span><\/p>\n<p style=\"padding-left: 30px\"><span class=\"Apple-style-span\">Sustentabilidade e Consciencializa\u00e7\u00e3o: a Qu\u00edmica e o Planeta Terra<\/span><\/p>\n<p>O congresso tem apoio do Departamento de Qu\u00edmica da FCT-NOVA, do Instituto Superior T\u00e9cnico e da Sociedade Portuguesa de Qu\u00edmica.<\/p>\n<p>Confira mais informa\u00e7\u00f5es nos sites a seguir:<\/p>\n<p><a href=\"http:\/\/www.spq.pt\/agenda\/event\/229\" target=\"_blank\">www.spq.pt\/agenda\/event\/229<\/a><\/p>\n<p><a href=\"http:\/\/www.distritonline.pt\/fcteuchems\/\" target=\"_blank\">www.distritonline.pt\/fcteuchems\/<\/a><\/p>\n<p><img data-recalc-dims=\"1\" class=\"alignleft wp-image-1128\" src=\"https:\/\/i0.wp.com\/wp.ufpel.edu.br\/wwverde\/files\/2015\/09\/euchems.jpg?resize=218%2C218&#038;ssl=1\" alt=\"euchems\" width=\"218\" height=\"218\" srcset=\"https:\/\/i0.wp.com\/wp.ufpel.edu.br\/wwverde\/files\/2015\/09\/euchems.jpg?resize=159%2C159&amp;ssl=1 159w, https:\/\/i0.wp.com\/wp.ufpel.edu.br\/wwverde\/files\/2015\/09\/euchems.jpg?w=220&amp;ssl=1 220w\" sizes=\"(max-width: 218px) 100vw, 218px\" \/><\/p>\n","protected":false},"excerpt":{"rendered":"<p>Acontece entre os dias 04 e 07 de outubro, a 2\u00aa Edi\u00e7\u00e3o do\u00a0EuCheMS \u2013 Congresss sobre Qu\u00edmica Verde e Sustent\u00e1vel.\u00a0O congresso\u00a0est\u00e1 divido em tr\u00eas tematicas que ser\u00e3o apresentadas por oradores nacionais e internacionais. As tem\u00e1ticas s\u00e3o: Inova\u00e7\u00e3o Molecular : Materiais para um futuro melhor Novas Tecnologias: Novas solu\u00e7\u00f5es para os problemas existentes Sustentabilidade e Consciencializa\u00e7\u00e3o: [&hellip;]<\/p>\n","protected":false},"author":149,"featured_media":0,"parent":0,"menu_order":0,"comment_status":"closed","ping_status":"closed","template":"","meta":{"jetpack_post_was_ever_published":false,"footnotes":""},"class_list":["post-1127","page","type-page","status-publish","hentry"],"jetpack_sharing_enabled":true,"jetpack_shortlink":"https:\/\/wp.me\/P4VNan-ib","_links":{"self":[{"href":"https:\/\/wp.ufpel.edu.br\/wwverde\/wp-json\/wp\/v2\/pages\/1127","targetHints":{"allow":["GET"]}}],"collection":[{"href":"https:\/\/wp.ufpel.edu.br\/wwverde\/wp-json\/wp\/v2\/pages"}],"about":[{"href":"https:\/\/wp.ufpel.edu.br\/wwverde\/wp-json\/wp\/v2\/types\/page"}],"author":[{"embeddable":true,"href":"https:\/\/wp.ufpel.edu.br\/wwverde\/wp-json\/wp\/v2\/users\/149"}],"replies":[{"embeddable":true,"href":"https:\/\/wp.ufpel.edu.br\/wwverde\/wp-json\/wp\/v2\/comments?post=1127"}],"version-history":[{"count":3,"href":"https:\/\/wp.ufpel.edu.br\/wwverde\/wp-json\/wp\/v2\/pages\/1127\/revisions"}],"predecessor-version":[{"id":1132,"href":"https:\/\/wp.ufpel.edu.br\/wwverde\/wp-json\/wp\/v2\/pages\/1127\/revisions\/1132"}],"wp:attachment":[{"href":"https:\/\/wp.ufpel.edu.br\/wwverde\/wp-json\/wp\/v2\/media?parent=1127"}],"curies":[{"name":"wp","href":"https:\/\/api.w.org\/{rel}","templated":true}]}}