{"id":87,"date":"2023-10-16T15:35:13","date_gmt":"2023-10-16T18:35:13","guid":{"rendered":"https:\/\/wp.ufpel.edu.br\/walter\/?page_id=87"},"modified":"2024-07-22T13:50:02","modified_gmt":"2024-07-22T16:50:02","slug":"simposio-chile-2024","status":"publish","type":"page","link":"https:\/\/wp.ufpel.edu.br\/walter\/simposio-chile-2024\/","title":{"rendered":"Simposio Chile 2024"},"content":{"rendered":"<p><img class=\"size-full wp-image-89 aligncenter\" src=\"https:\/\/wp.ufpel.edu.br\/walter\/files\/2023\/10\/logo_congreso_chile.png\" alt=\"\" width=\"181\" height=\"158\" \/><\/p>\n<p style=\"text-align: center;\">VI Congresso de Ci\u00eancias, Tecnologias e Culturas: Qualidade de Vida<\/p>\n<p style=\"text-align: center;\"><strong>Simp\u00f3sio n\u00ba 1: Qualidade de Vida e Educa\u00e7\u00e3o, Ci\u00eancia e Tecnologia.<\/strong><br \/>\n<strong>24 a 27 de julho de 2024 \u2013 Santiago, Chile.<\/strong><\/p>\n<p style=\"text-align: center;\"><strong>Prazo final para envio de resumos:\u00a0 3\u03361\u0336\/0\u03363\u0336\/2\u03360\u03362\u03364\u0336\u00a0 20\/04\/2024<br \/>\n<\/strong><\/p>\n<p style=\"text-align: justify;\">O Simp\u00f3sio sobre Qualidade de Vida e Educa\u00e7\u00e3o, Ci\u00eancia e Tecnologia acontecer\u00e1 durante o VI Congresso de Ci\u00eancias, Tecnologias e Culturas, organizado pelo Instituto de Estudos Avan\u00e7ados da Universidade de Santiago do Chile e pela Rede Internacional de Conhecimento, e ser\u00e1 realizado em Santiago do Chile, entre 24 e 27 de julho de 2024. O tema geral do Congresso \u00e9 Qualidade de Vida em suas m\u00faltiplas dimens\u00f5es.<\/p>\n<p style=\"text-align: justify;\">O objetivo do nosso Simp\u00f3sio \u00e9 refletir, discutir e pactuar ideias em torno da import\u00e2ncia da ci\u00eancia, tecnologia e inova\u00e7\u00e3o para promover qualidade de vida para todos, promovendo o desenvolvimento de cidades sustent\u00e1veis, automatizadas e que promovam o uso da intelig\u00eancia artificial para beneficio de todos.<\/p>\n<p style=\"text-align: justify;\">As contribui\u00e7\u00f5es esperadas da comunidade acad\u00eamica e cient\u00edfica para o Simp\u00f3sio ser\u00e3o registradas em uma das seguintes<strong> LINHAS TEM\u00c1TICAS:<\/strong><\/p>\n<p style=\"text-align: justify;\">1. Uso de tecnologias na educa\u00e7\u00e3o;<br \/>\n2. Avalia\u00e7\u00e3o da aprendizagem com uso de tecnologias;<br \/>\n3. Oportunidades e desafios da intelig\u00eancia artificial para promover qualidade de vida, educa\u00e7\u00e3o e inova\u00e7\u00e3o;<br \/>\n4. Modelos educacionais que implementam intelig\u00eancia artificial;<br \/>\n5. Trabalho colaborativo para promo\u00e7\u00e3o da qualidade de vida e qualidade educacional;<br \/>\n6. Desenvolvimento profissional docente para promo\u00e7\u00e3o da autonomia e qualidade de vida.<\/p>\n<p>Os interessados \u200b\u200bem apresentar trabalhos no Simp\u00f3sio dever\u00e3o enviar por e-mail um RESUMO, em espanhol, portugu\u00eas ou ingl\u00eas, em formato DOC (word) do trabalho a ser apresentado, com as seguintes informa\u00e7\u00f5es e caracter\u00edsticas:<\/p>\n<p><strong>Informa\u00e7\u00f5es que devem constar no Resumo<\/strong><\/p>\n<p>Linha tem\u00e1tica,<br \/>\nTitulo do trabalho,<br \/>\nNome dos autores (m\u00e1ximo 2 autores por trabalho),<br \/>\nHabilita\u00e7\u00f5es dos autores (aqueles que apresentarem trabalhos dever\u00e3o ter pelo menos o grau de mestre),<br \/>\nInstitui\u00e7\u00e3o a que pertence cada um dos autores,<br \/>\nEndere\u00e7o de e-mail de cada um dos autores,<br \/>\nTexto com o resumo do trabalho (com formato definido abaixo).<\/p>\n<p><strong>Formato de Resumo<\/strong><br \/>\nArquivo DOC de word<br \/>\nFonte: Arial 12<br \/>\nEspa\u00e7amento entre linhas: \u00fanico<br \/>\nMargens (superior, inferior, esquerda e direita): 2,54 cm<br \/>\nTamanho m\u00e1ximo do Resumo: 250 palavras.<br \/>\n<strong>Baixe o modelo (template) de resumo aqui: (<a href=\"https:\/\/wp.ufpel.edu.br\/walter\/files\/2023\/10\/Formato-para-resumen-.docx\">Template para o resumo<\/a>)<\/strong><\/p>\n<p><strong><b>e-mail para envio dos Resumos: simposiochile2024@gmail.com<br \/>\nPrazo para envio de resumos: 3\u03361\u0336\/0\u03363\u0336\/2\u03360\u03362\u03364\u0336\u00a0 20\/04\/2024<br \/>\n<\/b><\/strong><\/p>\n<p><strong><mark>Os autores de cada trabalho, cujo resumo foi aprovado para o Simp\u00f3sio, dever\u00e3o enviar por e-mail o trabalho completo, at\u00e9 30\/06\/2024 (<a href=\"https:\/\/wp.ufpel.edu.br\/walter\/files\/2024\/06\/template-chile-20241-3.docx\">TEMPLATE<\/a>)<\/mark><\/strong><br \/>\n.<br \/>\nA taxa de inscri\u00e7\u00e3o no Congresso \u00e9 de US$ 50 por pessoa (cinquenta d\u00f3lares ou o equivalente em pesos chilenos).<\/p>\n<p><b><mark>IMPORTANTE<\/mark><\/b>:<\/p>\n<p>O nome de uma mesma pessoa poder\u00e1 aparecer em no m\u00e1ximo 2 trabalhos no Congresso.<\/p>\n<p><b><mark>DESENVOLVIMENTO DO CONGRESSO<\/mark><\/b><\/p>\n<p>O Congresso acontecer\u00e1 em dois locais da Universidade de Santiago do Chile (USACH):<\/p>\n<p>&#8211; CEPEC-USACH, Calle Cruz del Sur 77, linha 1 do metr\u00f4, esta\u00e7\u00e3o Escuela Militar. <strong>Aqui ser\u00e1 realizada a sess\u00e3o inaugural e o Simp\u00f3sio n\u00ba 1 (nosso Simp\u00f3sio).<\/strong><\/p>\n<p>&#8211; IDEA-USACH, rua Rom\u00e1n D\u00edaz 89, linha 1 do metr\u00f4, esta\u00e7\u00f5es Manuel Montt ou Salvador Os demais simp\u00f3sios ser\u00e3o realizados aqui.<\/p>\n<p><strong><b><mark>PROGRAMA\u00c7\u00c3O DO CONGRESSO<\/mark><\/b><br \/>\n<\/strong><\/p>\n<p><strong>Quarta-feira, 24 de julho de 2024.<\/strong> Das 14h00 \u00e0s 17h30, boas-vindas para quem deseja vir ao IDEA-USACH, onde poder\u00e1 se inscrever e retirar os certificados.<\/p>\n<p>Cerim\u00f4nia de Inaugura\u00e7\u00e3o 18h00 no CEPEC-USACH<\/p>\n<p>Coquetel<\/p>\n<p><strong>Quinta-feira, 25 de julho de 2024<\/strong><\/p>\n<p>Simp\u00f3sio 1 (nosso simp\u00f3sio): Qualidade de Vida e Educa\u00e7\u00e3o, Ci\u00eancia e Tecnologia, Salas 1A e 1B, o CEPEC-USACH se reunir\u00e1 <strong>de manh\u00e3 e \u00e0 tarde no mesmo local.<\/strong> Os demais simp\u00f3sios acontecer\u00e3o na sede do IDEA-USACH<\/p>\n<p>Tarde: Inscri\u00e7\u00e3o e entrega de certificados no CEPEC-USACH<\/p>\n<p><strong>Sexta-feira, 26 de julho de 2024<\/strong><\/p>\n<p>Simp\u00f3sio 1: Qualidade de Vida e Educa\u00e7\u00e3o, Ci\u00eancia e Tecnologia, Salas 1A e 1B, CEPEC-USACH se reunir\u00e1 <strong>de manh\u00e3 e \u00e0 tarde no mesmo local.<\/strong> Os demais simp\u00f3sios acontecer\u00e3o na sede do IDEA-USACH.<\/p>\n<p>Tarde: Inscri\u00e7\u00e3o e entrega de certificados no CEPEC-USACH<\/p>\n<p><strong>S\u00e1bado, 27 de julho de 2024<\/strong><\/p>\n<p>Simp\u00f3sio 1: Qualidade de Vida e Educa\u00e7\u00e3o, Ci\u00eancia e Tecnologia, Salas 1A e 1B, CEPEC-USACH se reunir\u00e1 <strong>apenas pela manh\u00e3.<\/strong> Os demais simp\u00f3sios acontecer\u00e3o na sede do IDEA-USACH.<\/p>\n<p><strong><a href=\"https:\/\/wp.ufpel.edu.br\/walter\/files\/2024\/07\/Planilla-de-Resumenes-recibidos-Agenda.pdf\">AGENDA<\/a><\/strong><\/p>\n<p>SALA A = 302\u00a0 \u00a0&#8211;\u00a0 \u00a0SALA B = 303<\/p>\n<p><em><strong><b><mark>OUTRAS INFORMA\u00c7\u00d5ES<\/mark><\/b><\/strong><\/em><\/p>\n<p><strong>O pagamento da taxa de inscri\u00e7\u00e3o<\/strong> ser\u00e1 realizado nos dias 24, 25 e 26 de julho, durante o Congresso atrav\u00e9s de cart\u00e3o de cr\u00e9dito; valor de 50.000 pesos chilenos ou 50 d\u00f3lares por participante. N\u00e3o ser\u00e3o aceitas inscri\u00e7\u00f5es no dia 27 de julho. O pagamento tamb\u00e9m pode ser feito atrav\u00e9s do site: https:\/\/www.webpay.cl\/form-pay\/189933<\/p>\n<p><strong>N\u00e3o efetuamos a recomenda\u00e7\u00e3o de hot\u00e9is<\/strong> aos participantes do Congresso. Sugerimos hospedagem perto da Linha 1 do Metr\u00f4. Cada participante pode procurar a melhor op\u00e7\u00e3o de hospedagem em aplicativos de reserva de hot\u00e9is, por exemplo, booking.com, etc.<\/p>\n<p><strong>Publica\u00e7\u00e3o dos trabalhos:<\/strong> os textos completos de todos os trabalhos que forem apresentados pelos seus autores durante o Simp\u00f3sio ser\u00e3o publicados em e-book, com o correspondente ISBN.<\/p>\n<p><strong>Certificados<\/strong>: Para receber os Certificados de participa\u00e7\u00e3o dever\u00e1 ser apresentado documento de identidade e documento de inscri\u00e7\u00e3o. Cada pessoa dever\u00e1 retirar seu certificado. Os certificados n\u00e3o ser\u00e3o entregues a terceiros, mesmo que estes tenham inscri\u00e7\u00e3o paga.<\/p>\n<p><strong>Servi\u00e7os<\/strong>: Os 2 locais onde ser\u00e1 realizado o Congresso est\u00e3o localizados em locais com abundante oferta de restaurantes pr\u00f3ximos. Isso pode ser revisado na Internet. Todos os lugares aceitam cart\u00f5es e dinheiro chileno. Recomenda-se alojar-se perto da Linha 1 do Metro.<\/p>\n<p><strong>Apresenta\u00e7\u00f5es:<\/strong> As apresenta\u00e7\u00f5es dos trabalhos do nosso simp\u00f3sio ser\u00e3o nos dias 25, 26 de julho (manh\u00e3 e tarde) e 27 de julho (somente manh\u00e3). Antes do in\u00edcio do congresso informaremos a programa\u00e7\u00e3o de apresenta\u00e7\u00f5es do nosso simp\u00f3sio. Dura\u00e7\u00e3o de cada apresenta\u00e7\u00e3o: 10 minutos + 5 minutos para responder perguntas. N\u00e3o existe um formato definido (template) para apresenta\u00e7\u00f5es em power point. <strong>A coordena\u00e7\u00e3o geral do Congresso informa que haver\u00e1 um projetor de data show em cada sala, mas cada participante deve levar seu computador pessoal (notebook\/laptop).<\/strong><\/p>\n<p><em><strong><b><mark>ATEN\u00c7\u00c3O:<\/mark><\/b><\/strong><\/em> Leia <a href=\"https:\/\/wp.ufpel.edu.br\/walter\/files\/2024\/07\/0-Instructivo-Programa.pdf\">AQUI<\/a> a \u00faltima mensagem recebida da Coordena\u00e7\u00e3o Geral do Congresso.<\/p>\n<p>&nbsp;<\/p>\n<p>&#8212; (espa\u00f1ol) &#8212;<\/p>\n<p style=\"text-align: center;\"><em>VI Congreso Ciencias, Tecnolog\u00edas y Culturas: Calidad de Vida<\/em><\/p>\n<p style=\"text-align: center;\"><em><b>Simposio n\u00ba 1: Calidad de Vida y Educaci\u00f3n, Ciencia y Tecnolog\u00eda.<br \/>\n24 a 27 de julio de 2024 &#8211; Santiago de Chile.<\/b><\/em><\/p>\n<p style=\"text-align: center;\"><em><b>Fecha l\u00edmite para enviar los res\u00famenes: 3\u03361\u0336\/0\u03363\u0336\/2\u03360\u03362\u03364\u0336\u00a0 20\/04\/2024<br \/>\n<\/b><\/em><\/p>\n<p><em>El Simposio sobre Calidad de Vida y Educaci\u00f3n, Ciencia y Tecnolog\u00eda se desarrollar\u00e1 durante el <b>VI Congreso Ciencias, Tecnolog\u00edas y Culturas<\/b>, organizado por el Instituto de Estudios Avanzados de la Universidad de Santiago de Chile y la Red Internacional del Conocimiento, a ser realizado en Santiago de Chile, entre el 24 y 27 de julio 2024. El tema general del Congreso es la Calidad de Vida en sus m\u00faltiples dimensiones.<\/em><\/p>\n<p><em>El objetivo de nuestro Simposio es reflexionar, discutir y consensuar ideas alrededor de la importancia de la ciencia, la tecnolog\u00eda y la innovaci\u00f3n para promover calidad de vida para todos, promoviendo el desarrollo de ciudades sostenibles, automatizadas y que promuevan el uso de la inteligencia artificial para el beneficio colectivo.<\/em><\/p>\n<p><em>Los aportes que se esperan de la comunidad acad\u00e9mica y cient\u00edfica para el Simposio se inscribir\u00e1n en alguna de las siguientes <strong>L\u00cdNEAS TEM\u00c1TICAS:<\/strong><\/em><\/p>\n<p><em>1. Uso de tecnolog\u00edas en educaci\u00f3n;<\/em><br \/>\n<em>2. Evaluaci\u00f3n de los aprendizajes con uso de tecnolog\u00edas;<\/em><br \/>\n<em>3. Oportunidades y desaf\u00edos de la inteligencia artificial para promover calidad de vida, educaci\u00f3n e innovaci\u00f3n;<\/em><br \/>\n<em>4. Modelos educativos que implementan inteligencia artificial;<\/em><br \/>\n<em>5. Trabajo colaborativo para la promoci\u00f3n de la calidad de vida y la calidad educativa;<\/em><br \/>\n<em>6. Desarrollo profesional docente para la promoci\u00f3n de la autonom\u00eda y la calidad de vida.<\/em><\/p>\n<p><em>Los interesados en presentar trabajos en el Simposio tienen que enviar por e-mail un <strong>RESUMEN<\/strong>, <strong>en espa\u00f1ol, portugu\u00e9s, o ingl\u00e9s<\/strong>, en formato DOC (word) del trabajo a ser presentado, con las siguientes informaciones y caracter\u00edsticas:<\/em><\/p>\n<div><em><b>Informaciones que hay que incluir en el Resumen<\/b><\/em><\/div>\n<p><em>L\u00ednea tem\u00e1tica,<\/em><br \/>\n<em>T\u00edtulo del trabajo,<\/em><br \/>\n<em>Nombre de los autores (m\u00e1ximo 2 autores por trabajo),<\/em><br \/>\n<em>Titulaci\u00f3n de los autores <strong>(quienes presenten trabajos deber\u00e1n estar en posesi\u00f3n, al menos, del grado de Magister),<\/strong><\/em><br \/>\n<em>Instituci\u00f3n a la que pertenece cada uno de los autores,<\/em><br \/>\n<em>Direcci\u00f3n de e-mail de cada uno de los autores,<\/em><br \/>\n<em>Texto con el resumen del trabajo (con el formato definido a continuaci\u00f3n).<\/em><\/p>\n<p><em><b>Formato del Resumen<\/b><\/em><br \/>\n<em>Archivo DOC de word<\/em><br \/>\n<em>Tipo de letra (font): Arial 12<\/em><br \/>\n<em>Espaciamiento entre l\u00edneas: simple<\/em><br \/>\n<em>M\u00e1rgenes (superior, inferior, izquierdo y derecho): 2,54 cm<\/em><\/p>\n<div><em>Tamanho m\u00e1ximo del Resumen: <strong>250 palabras<\/strong>.<\/em><\/div>\n<div><em><strong>Download aqui del Template del Resumen:<\/strong> (<a href=\"https:\/\/wp.ufpel.edu.br\/walter\/files\/2023\/10\/Formato-para-resumen-.docx\">Formato para resumen<\/a>)<\/em><\/div>\n<p><em>e-mail para env\u00edo de los Res\u00famenes: <a href=\"mailto:simposiochile2024@gmail.com\" target=\"_blank\" rel=\"noopener\">simposiochile2024@gmail.com<\/a><\/em><br \/>\n<em><b>Fecha l\u00edmite para enviar los res\u00famenes: 3\u03361\u0336\/0\u03363\u0336\/2\u03360\u03362\u03364\u0336 20\/04\/2024<br \/>\n<\/b><\/em><\/p>\n<div><em><b><mark>Los autores de cada trabajo, cuyo resumen fu\u00e9 aprobado para el Simposio, tendr\u00e1n que enviar, por e-mail, el <strong>trabajo completo<\/strong>, hasta el 30\/06\/2024. <strong><b>(<a href=\"https:\/\/wp.ufpel.edu.br\/walter\/files\/2024\/06\/template-chile-20241-4.docx\">TEMPLATE<\/a>)<\/b><\/strong><\/mark><\/b><br \/>\n<\/em><\/div>\n<div><em>.<\/em><\/div>\n<div><em>El valor de la inscripci\u00f3n en el Congreso es de U$S 50 por persona<b> <\/b>(cincuenta d\u00f3lares o su equivalente en Pesos Chilenos).<br \/>\n<\/em><\/div>\n<p><em><b><mark>IMPORTANTE<\/mark><\/b>: El nombre de una misma persona puede aparecer, como m\u00e1ximo, en 2 trabajos en el Congreso.<\/em><\/p>\n<p><em><b><mark>DESARROLLO DEL CONGRESO<\/mark><\/b><\/em><\/p>\n<p align=\"justify\">El Congreso se desarrollar\u00e1 en dos sedes de la Universidad de Santiago de Chile (USACH):<\/p>\n<p align=\"justify\">&#8211; <strong>CEPEC-USACH<\/strong>, calle Cruz del Sur 77, metro l\u00ednea 1, estaci\u00f3n Escuela Militar.Aqui se realizar\u00e1 la sesi\u00f3n inaugural y el Simposio n.1 <strong>(nuestro Simposio)<\/strong><\/p>\n<p align=\"justify\">&#8211; <strong>IDEA-USACH<\/strong>, calle Rom\u00e1n D\u00edaz 89, metro l\u00ednea 1, estaciones Manuel Montt o Salvador.Aqui se realizar\u00e1n los otros simposios<\/p>\n<p><em><b><mark>PROGRAMACI\u00d3N DEL CONGRESO<\/mark><\/b><\/em><\/p>\n<p align=\"justify\"><strong>Mi\u00e9rcoles 24 de julio 2024. <\/strong>Desde las 14.00 hasta las 17:30 horas acogida para quienes deseen acercarse a IDEA-USACH all\u00ed podr\u00e1n inscribirse y retirar certificados.<\/p>\n<p align=\"justify\">Ceremonia Inaugural 18.00 en <strong>CEPEC USACH<\/strong><\/p>\n<p align=\"justify\">C\u00f3ctel<\/p>\n<p align=\"justify\"><strong>Jueves 25 de julio 2024<br \/>\n<\/strong><\/p>\n<p align=\"justify\">Simposio 1 (nuestro simposio): Calidad de Vida y educaci\u00f3n, ciencia y tecnolog\u00eda, Salas 1A y 1B, CEPEC-USACH sesionar\u00e1 <strong>ma\u00f1ana y tarde en el mismo lugar.<\/strong> Los otros simposios se desarrollar\u00e1n en la sede de IDEA-USACH<\/p>\n<p align=\"justify\">De Tarde: Inscripciones y entrega certificados en CEPEC-USACH<\/p>\n<p align=\"justify\"><strong>Viernes 26 de julio 2024<\/strong><\/p>\n<p align=\"justify\">Simposio 1: Calidad de Vida y educaci\u00f3n, ciencia y tecnolog\u00eda, Salas 1A y 1B, CEPEC-USACH sesionar\u00e1 <strong>ma\u00f1ana y tarde en el mismo lugar.<\/strong> Los otros simposios se desarrollar\u00e1n en la sede de IDEA-USACH.<\/p>\n<p align=\"justify\">De Tarde: Inscripciones y entrega certificados en CEPEC-USACH<\/p>\n<p align=\"justify\"><strong>S\u00e1bado 27 de julio 2024<\/strong><\/p>\n<p align=\"justify\">Simposio 1: Calidad de Vida y educaci\u00f3n, ciencia y tecnolog\u00eda, Salas 1A y 1B, CEPEC-USACH sesionar\u00e1 <strong>solo de ma\u00f1ana.<\/strong> Los otros simposios se desarrollar\u00e1n en la sede de IDEA-USACH.<\/p>\n<p><strong><a href=\"https:\/\/wp.ufpel.edu.br\/walter\/files\/2024\/07\/Planilla-de-Resumenes-recibidos-Agenda.pdf\">AGENDA<\/a><\/strong><\/p>\n<p>SALA A = 302\u00a0 &#8211;\u00a0 SALA B = 303<\/p>\n<p><strong><b><mark>OTRAS INFORMACIONES<\/mark><\/b><\/strong><\/p>\n<p><em><strong>El pago de la tasa de inscripci\u00f3n<\/strong> se har\u00e1 los d\u00edas 24, 25 y 26 de julio, durante el Congreso, con tarjeta de cr\u00e9dito; valor de 50.000 pesos chilenos o 50 d\u00f3lares por participante. No se aceptar\u00e1n inscripciones el d\u00eda 27 de julio. El pago tambi\u00e9n se puede realizar a trav\u00e9s del site: https:\/\/www.webpay.cl\/form-pay\/189933<br \/>\n<\/em><\/p>\n<p><em><strong>No realizamos recomendaci\u00f3n de hoteles<\/strong> a los participantes del Congreso. Sugerimos que cada participante busque la mejor opci\u00f3n de alojamiento pr\u00f3ximo de la <strong>L\u00ednea 1 del Metro<\/strong>, utilizando los aplicativos de reservas de hoteles, por ejemplo, booking.com, etc.<\/em><\/p>\n<p><em><strong>Publicaci\u00f3n de los trabajos<\/strong>: los extensos de todos los trabajos que sean presentados por sus autores durante el Simposio ser\u00e1n publicados en un e-book, con el correspondiente ISBN.<\/em><\/p>\n<p align=\"justify\"><strong>Certificados:<\/strong> Para la recepci\u00f3n de los Certificados de participaci\u00f3n deber\u00e1 presentarse documento de identidad y documento de inscripci\u00f3n. Cada persona deber\u00e1 retirar su certificado. No se entregar\u00e1n certificados para terceras personas, aunque hayan pagado inscripci\u00f3n.<\/p>\n<p align=\"justify\"><strong>Servicios:<\/strong> Las 2 sedes en que se desarrollar\u00e1 el Congreso se encuentran en lugares con abundante oferta de restaurantes cercanos. Esto puede revisarse en Internet. Todos los lugares aceptan tarjetas y dinero chileno. Se recomienda tomar alojamiento cerca de la L\u00ednea 1 del metro.<\/p>\n<p align=\"justify\"><strong>Presentaciones:<\/strong> Las presentaciones de los trabajos de nuestro simposio ser\u00e1n los d\u00edas 25, 26 de julio (ma\u00f1ana y tarde), y 27 de julio (solo de ma\u00f1ana).\u00a0 Antes del inicio del congreso informaremos la programaci\u00f3n de las presentaciones de nuestro simposio.\u00a0 La duraci\u00f3n de cada presentaci\u00f3n: 10 minutos + 5 minutos para responder preguntas. No hay un formato (template) definido para los power point de las presentaciones. <strong>La coordinaci\u00f3n general del Congreso nos informa que habr\u00e1 proyector data show en cada sala, pero que cada participante tiene que llevar su ordenador personal (notebook\/laptop).<\/strong><\/p>\n<p align=\"justify\"><em><strong><b><mark>ATENCI\u00d3N:<\/mark><\/b><\/strong><\/em>\u00a0 Lea <a href=\"https:\/\/wp.ufpel.edu.br\/walter\/files\/2024\/07\/0-Instructivo-Programa.pdf\">AQUI<\/a> el\u00a0 \u00faltimo mensaje recibido de la Coordinaci\u00f3n General del Congreso.<\/p>\n<p>&#8212;&#8212;-<\/p>\n<p><strong>Coordenadores \/ Coordinadores<\/strong><\/p>\n<div>&#8211; Dra. Mar\u00eda Cristina Gamboa Mora -Universidad Nacional Abierta y a Distancia (UNAD) &#8211; Colombia<\/div>\n<div>&#8211; Mag. Jos\u00e9 Miguel Garc\u00eda \u2013 Facultad Latinoamericana de Ciencias Sociales (FLACSO) &#8211; Uruguay<br \/>\n&#8211; Dr. Walter R. Iriondo Otero &#8211; Universidad Federal de Pelotas (UFPel) &#8211; Brasil.<\/div>\n<div><\/div>\n<div>.<\/div>\n<div><\/div>\n<div><img class=\"alignnone wp-image-113\" src=\"https:\/\/wp.ufpel.edu.br\/walter\/files\/2023\/10\/logos_chile2-400x76.png\" alt=\"\" width=\"711\" height=\"135\" srcset=\"https:\/\/wp.ufpel.edu.br\/walter\/files\/2023\/10\/logos_chile2-400x76.png 400w, https:\/\/wp.ufpel.edu.br\/walter\/files\/2023\/10\/logos_chile2-1024x194.png 1024w, https:\/\/wp.ufpel.edu.br\/walter\/files\/2023\/10\/logos_chile2-768x146.png 768w, https:\/\/wp.ufpel.edu.br\/walter\/files\/2023\/10\/logos_chile2.png 1401w\" sizes=\"(max-width: 711px) 100vw, 711px\" \/><\/div>\n<div>\n<div class=\"gmail_signature\" dir=\"ltr\" data-smartmail=\"gmail_signature\">\n<div dir=\"ltr\">\n<div>\n<div dir=\"ltr\">\n<div>\n<div dir=\"ltr\">\n<div>\n<div dir=\"ltr\">\n<div dir=\"ltr\">\n<div dir=\"ltr\">\n<div><\/div>\n<div><\/div>\n<\/div>\n<\/div>\n<\/div>\n<\/div>\n<\/div>\n<\/div>\n<\/div>\n<\/div>\n<\/div>\n<\/div>\n<\/div>\n","protected":false},"excerpt":{"rendered":"<p>VI Congresso de Ci\u00eancias, Tecnologias e Culturas: Qualidade de Vida Simp\u00f3sio n\u00ba 1: Qualidade de Vida e Educa\u00e7\u00e3o, Ci\u00eancia e Tecnologia. 24 a 27 de julho de 2024 \u2013 Santiago, Chile. Prazo final para envio de resumos:\u00a0 3\u03361\u0336\/0\u03363\u0336\/2\u03360\u03362\u03364\u0336\u00a0 20\/04\/2024 O Simp\u00f3sio sobre Qualidade de Vida e Educa\u00e7\u00e3o, Ci\u00eancia e Tecnologia acontecer\u00e1 durante o VI Congresso [&hellip;]<\/p>\n","protected":false},"author":614,"featured_media":0,"parent":0,"menu_order":0,"comment_status":"closed","ping_status":"closed","template":"","meta":{"footnotes":""},"class_list":["post-87","page","type-page","status-publish","hentry"],"jetpack_sharing_enabled":true,"_links":{"self":[{"href":"https:\/\/wp.ufpel.edu.br\/walter\/wp-json\/wp\/v2\/pages\/87","targetHints":{"allow":["GET"]}}],"collection":[{"href":"https:\/\/wp.ufpel.edu.br\/walter\/wp-json\/wp\/v2\/pages"}],"about":[{"href":"https:\/\/wp.ufpel.edu.br\/walter\/wp-json\/wp\/v2\/types\/page"}],"author":[{"embeddable":true,"href":"https:\/\/wp.ufpel.edu.br\/walter\/wp-json\/wp\/v2\/users\/614"}],"replies":[{"embeddable":true,"href":"https:\/\/wp.ufpel.edu.br\/walter\/wp-json\/wp\/v2\/comments?post=87"}],"version-history":[{"count":79,"href":"https:\/\/wp.ufpel.edu.br\/walter\/wp-json\/wp\/v2\/pages\/87\/revisions"}],"predecessor-version":[{"id":212,"href":"https:\/\/wp.ufpel.edu.br\/walter\/wp-json\/wp\/v2\/pages\/87\/revisions\/212"}],"wp:attachment":[{"href":"https:\/\/wp.ufpel.edu.br\/walter\/wp-json\/wp\/v2\/media?parent=87"}],"curies":[{"name":"wp","href":"https:\/\/api.w.org\/{rel}","templated":true}]}}