{"id":38,"date":"2020-08-21T11:02:59","date_gmt":"2020-08-21T14:02:59","guid":{"rendered":"https:\/\/projetovizinhancaufpel.wordpress.com\/?page_id=32"},"modified":"2020-08-21T11:02:59","modified_gmt":"2020-08-21T14:02:59","slug":"pagina-inicial","status":"publish","type":"page","link":"https:\/\/wp.ufpel.edu.br\/visitasufpel\/","title":{"rendered":"P\u00e1gina inicial"},"content":{"rendered":"\n<p style=\"font-size:22px\">J\u00e1 conhece o nosso projeto? O objetivo principal \u00e9 apresentar a Universidade Federal de Pelotas &#8211; UFPel \u00e0 comunidade pelotense e regi\u00e3o, fazendo com que as  rela\u00e7\u00f5es de Vizinhan\u00e7a entre a Universidade e os bairros do entorno se tornem mais pr\u00f3ximas, apresentando as m\u00faltiplas possibilidades de forma\u00e7\u00e3o profissional e as formas de ingresso nos cursos de forma\u00e7\u00e3o da UFPel.<\/p>\n\n\n\n<p style=\"font-size:22px\"><strong>Para mais informa\u00e7\u00f5es acesse as outras abas do nosso site!<\/strong><\/p>\n\n\n\n<div class=\"wp-block-group alignfull has-foreground-color has-text-color\"><div class=\"wp-block-group__inner-container is-layout-flow wp-block-group-is-layout-flow\">\n<h2 class=\"wp-block-heading\">Acervo fotogr\u00e1fico<\/h2>\n\n\n\n<div class=\"wp-block-media-text alignwide is-stacked-on-mobile\"><figure class=\"wp-block-media-text__media\"><img decoding=\"async\" src=\"https:\/\/wp.ufpel.edu.br\/visitasufpel\/files\/2020\/09\/img_0264.jpg\" alt=\"\" class=\"wp-image-66\" \/><\/figure><div class=\"wp-block-media-text__content\">\n<p style=\"font-size:30px\">Intera\u00e7\u00e3o das crian\u00e7as com o ambiente universit\u00e1rio<\/p>\n<\/div><\/div>\n\n\n\n<div class=\"wp-block-media-text alignwide is-stacked-on-mobile\"><figure class=\"wp-block-media-text__media\"><img decoding=\"async\" src=\"https:\/\/wp.ufpel.edu.br\/visitasufpel\/files\/2020\/08\/img_0244.jpg\" alt=\"\" class=\"wp-image-41\" \/><\/figure><div class=\"wp-block-media-text__content\">\n<p style=\"font-size:30px\">Conhecimento e curiosidade<\/p>\n<\/div><\/div>\n\n\n\n<div class=\"wp-block-media-text alignwide is-stacked-on-mobile\"><figure class=\"wp-block-media-text__media\"><img decoding=\"async\" src=\"https:\/\/wp.ufpel.edu.br\/visitasufpel\/files\/2020\/08\/img_0200.jpg\" alt=\"\" class=\"wp-image-37\" \/><\/figure><div class=\"wp-block-media-text__content\">\n<p style=\"font-size:30px\">Bate papo com as crian\u00e7as sobre a universidade<\/p>\n<\/div><\/div>\n\n\n\n<div class=\"wp-block-media-text alignwide is-stacked-on-mobile\"><figure class=\"wp-block-media-text__media\"><img decoding=\"async\" src=\"https:\/\/wp.ufpel.edu.br\/visitasufpel\/files\/2020\/08\/img_0248.jpg\" alt=\"\" class=\"wp-image-36\" \/><\/figure><div class=\"wp-block-media-text__content\">\n<p style=\"font-size:30px\">Projetando o futuro!<\/p>\n<\/div><\/div>\n\n\n\n<div class=\"wp-block-media-text alignwide is-stacked-on-mobile\"><figure class=\"wp-block-media-text__media\"><img decoding=\"async\" src=\"https:\/\/wp.ufpel.edu.br\/visitasufpel\/files\/2020\/08\/img_0214.jpg\" alt=\"\" class=\"wp-image-40\" \/><\/figure><div class=\"wp-block-media-text__content\">\n<p style=\"font-size:30px\">Visitando o acervo fotogr\u00e1fico do Campus Anglo<\/p>\n<\/div><\/div>\n<\/div><\/div>\n\n\n\n<p><\/p>\n","protected":false},"excerpt":{"rendered":"<p>J\u00e1 conhece o nosso projeto? O objetivo principal \u00e9 apresentar a Universidade Federal de Pelotas &#8211; UFPel \u00e0 comunidade pelotense e regi\u00e3o, fazendo com que as rela\u00e7\u00f5es de Vizinhan\u00e7a entre a Universidade e os bairros do entorno se tornem mais pr\u00f3ximas, apresentando as m\u00faltiplas possibilidades de forma\u00e7\u00e3o profissional e as formas de ingresso nos cursos &hellip; <a href=\"https:\/\/wp.ufpel.edu.br\/visitasufpel\/\" class=\"more-link\">Continue lendo<span class=\"screen-reader-text\"> &#8220;P\u00e1gina inicial&#8221;<\/span><\/a><\/p>\n","protected":false},"author":1077,"featured_media":0,"parent":0,"menu_order":0,"comment_status":"closed","ping_status":"closed","template":"","meta":{"jetpack_post_was_ever_published":false,"footnotes":""},"class_list":["post-38","page","type-page","status-publish","hentry"],"jetpack_sharing_enabled":true,"_links":{"self":[{"href":"https:\/\/wp.ufpel.edu.br\/visitasufpel\/wp-json\/wp\/v2\/pages\/38","targetHints":{"allow":["GET"]}}],"collection":[{"href":"https:\/\/wp.ufpel.edu.br\/visitasufpel\/wp-json\/wp\/v2\/pages"}],"about":[{"href":"https:\/\/wp.ufpel.edu.br\/visitasufpel\/wp-json\/wp\/v2\/types\/page"}],"author":[{"embeddable":true,"href":"https:\/\/wp.ufpel.edu.br\/visitasufpel\/wp-json\/wp\/v2\/users\/1077"}],"replies":[{"embeddable":true,"href":"https:\/\/wp.ufpel.edu.br\/visitasufpel\/wp-json\/wp\/v2\/comments?post=38"}],"version-history":[{"count":0,"href":"https:\/\/wp.ufpel.edu.br\/visitasufpel\/wp-json\/wp\/v2\/pages\/38\/revisions"}],"wp:attachment":[{"href":"https:\/\/wp.ufpel.edu.br\/visitasufpel\/wp-json\/wp\/v2\/media?parent=38"}],"curies":[{"name":"wp","href":"https:\/\/api.w.org\/{rel}","templated":true}]}}