{"id":196,"date":"2020-09-15T17:34:20","date_gmt":"2020-09-15T20:34:20","guid":{"rendered":"https:\/\/projetovizinhancaufpel.wordpress.com\/?page_id=196"},"modified":"2020-09-28T15:10:23","modified_gmt":"2020-09-28T18:10:23","slug":"equipe","status":"publish","type":"page","link":"https:\/\/wp.ufpel.edu.br\/visitasufpel\/equipe\/","title":{"rendered":"Equipe"},"content":{"rendered":"\n<div class=\"wp-block-media-text alignwide is-stacked-on-mobile\" style=\"grid-template-columns:28% auto\"><figure class=\"wp-block-media-text__media\"><img loading=\"lazy\" decoding=\"async\" width=\"914\" height=\"960\" src=\"https:\/\/wp.ufpel.edu.br\/visitasufpel\/files\/2020\/09\/whatsapp-image-2020-09-15-at-17.48.49.png?w=914\" alt=\"\" class=\"wp-image-216\" srcset=\"https:\/\/wp.ufpel.edu.br\/visitasufpel\/files\/2020\/09\/whatsapp-image-2020-09-15-at-17.48.49.png 914w, https:\/\/wp.ufpel.edu.br\/visitasufpel\/files\/2020\/09\/whatsapp-image-2020-09-15-at-17.48.49-381x400.png 381w, https:\/\/wp.ufpel.edu.br\/visitasufpel\/files\/2020\/09\/whatsapp-image-2020-09-15-at-17.48.49-768x807.png 768w\" sizes=\"auto, (max-width: 709px) 85vw, (max-width: 909px) 67vw, (max-width: 1362px) 62vw, 840px\" \/><\/figure><div class=\"wp-block-media-text__content\">\n<p class=\"has-large-font-size\">Rog\u00e9ria Guttier<\/p>\n\n\n\n<p>Coordenadora &#8211; Pr\u00f3 Reitoria de Extens\u00e3o e Cultura<\/p>\n<\/div><\/div>\n\n\n\n<div class=\"wp-block-media-text alignwide is-stacked-on-mobile\" style=\"grid-template-columns:28% auto\"><figure class=\"wp-block-media-text__media\"><img loading=\"lazy\" decoding=\"async\" width=\"200\" height=\"200\" src=\"https:\/\/wp.ufpel.edu.br\/visitasufpel\/files\/2020\/09\/WhatsApp-Image-2020-09-25-at-12.42.48.jpeg\" alt=\"\" class=\"wp-image-244\" \/><\/figure><div class=\"wp-block-media-text__content\">\n<p class=\"has-large-font-size\">Felipe Herrmann<\/p>\n\n\n\n<p>Coordenador &#8211; Pr\u00f3 Reitoria de Extens\u00e3o e Cultura<\/p>\n<\/div><\/div>\n\n\n\n<div class=\"wp-block-media-text alignwide is-stacked-on-mobile\" style=\"grid-template-columns:28% auto\"><figure class=\"wp-block-media-text__media\"><img loading=\"lazy\" decoding=\"async\" width=\"768\" height=\"1024\" src=\"https:\/\/wp.ufpel.edu.br\/visitasufpel\/files\/2020\/09\/WhatsApp-Image-2020-09-25-at-12.42.48-1-768x1024.jpeg\" alt=\"\" class=\"wp-image-247\" srcset=\"https:\/\/wp.ufpel.edu.br\/visitasufpel\/files\/2020\/09\/WhatsApp-Image-2020-09-25-at-12.42.48-1-768x1024.jpeg 768w, https:\/\/wp.ufpel.edu.br\/visitasufpel\/files\/2020\/09\/WhatsApp-Image-2020-09-25-at-12.42.48-1-300x400.jpeg 300w, https:\/\/wp.ufpel.edu.br\/visitasufpel\/files\/2020\/09\/WhatsApp-Image-2020-09-25-at-12.42.48-1.jpeg 960w\" sizes=\"auto, (max-width: 768px) 85vw, 768px\" \/><\/figure><div class=\"wp-block-media-text__content\">\n<p class=\"has-large-font-size\">Ana Carolina Nogueira<\/p>\n\n\n\n<p>Colaboradora &#8211; Pr\u00f3 Reitoria de Extens\u00e3o e Cultura<\/p>\n<\/div><\/div>\n\n\n\n<div class=\"wp-block-media-text alignwide is-stacked-on-mobile\" style=\"grid-template-columns:28% auto\"><figure class=\"wp-block-media-text__media\"><img loading=\"lazy\" decoding=\"async\" width=\"597\" height=\"856\" src=\"https:\/\/wp.ufpel.edu.br\/visitasufpel\/files\/2020\/09\/WhatsApp-Image-2020-09-25-at-12.42.48-2-1.jpeg\" alt=\"\" class=\"wp-image-250\" srcset=\"https:\/\/wp.ufpel.edu.br\/visitasufpel\/files\/2020\/09\/WhatsApp-Image-2020-09-25-at-12.42.48-2-1.jpeg 597w, https:\/\/wp.ufpel.edu.br\/visitasufpel\/files\/2020\/09\/WhatsApp-Image-2020-09-25-at-12.42.48-2-1-279x400.jpeg 279w\" sizes=\"auto, (max-width: 597px) 85vw, 597px\" \/><\/figure><div class=\"wp-block-media-text__content\">\n<p class=\"has-large-font-size\">Leomar Soares<\/p>\n\n\n\n<p>Colaborador- CDTec<\/p>\n<\/div><\/div>\n\n\n\n<div class=\"wp-block-jetpack-contact-info\"><\/div>\n\n\n\n<div class=\"wp-block-media-text alignwide is-stacked-on-mobile\" style=\"grid-template-columns:28% auto\"><figure class=\"wp-block-media-text__media\"><img loading=\"lazy\" decoding=\"async\" width=\"1112\" height=\"1280\" src=\"https:\/\/wp.ufpel.edu.br\/visitasufpel\/files\/2020\/09\/whatsapp-image-2020-09-15-at-17.55.43.jpeg?w=890\" alt=\"\" class=\"wp-image-220\" srcset=\"https:\/\/wp.ufpel.edu.br\/visitasufpel\/files\/2020\/09\/whatsapp-image-2020-09-15-at-17.55.43.jpeg 1112w, https:\/\/wp.ufpel.edu.br\/visitasufpel\/files\/2020\/09\/whatsapp-image-2020-09-15-at-17.55.43-348x400.jpeg 348w, https:\/\/wp.ufpel.edu.br\/visitasufpel\/files\/2020\/09\/whatsapp-image-2020-09-15-at-17.55.43-890x1024.jpeg 890w, https:\/\/wp.ufpel.edu.br\/visitasufpel\/files\/2020\/09\/whatsapp-image-2020-09-15-at-17.55.43-768x884.jpeg 768w\" sizes=\"auto, (max-width: 709px) 85vw, (max-width: 909px) 67vw, (max-width: 1362px) 62vw, 840px\" \/><\/figure><div class=\"wp-block-media-text__content\">\n<p class=\"has-large-font-size\">J\u00e9ssica Lopes<\/p>\n\n\n\n<p>Bolsista de Extens\u00e3o &#8211; Jornalismo<\/p>\n<\/div><\/div>\n\n\n\n<div class=\"wp-block-media-text alignwide is-stacked-on-mobile\" style=\"grid-template-columns:29% auto\"><figure class=\"wp-block-media-text__media\"><img loading=\"lazy\" decoding=\"async\" width=\"1024\" height=\"1024\" src=\"https:\/\/wp.ufpel.edu.br\/visitasufpel\/files\/2020\/09\/61681842_2185767494877993_8860122420426571776_o-2-1024x1024.png\" alt=\"\" class=\"wp-image-262\" srcset=\"https:\/\/wp.ufpel.edu.br\/visitasufpel\/files\/2020\/09\/61681842_2185767494877993_8860122420426571776_o-2-1024x1024.png 1024w, https:\/\/wp.ufpel.edu.br\/visitasufpel\/files\/2020\/09\/61681842_2185767494877993_8860122420426571776_o-2-400x400.png 400w, https:\/\/wp.ufpel.edu.br\/visitasufpel\/files\/2020\/09\/61681842_2185767494877993_8860122420426571776_o-2-200x200.png 200w, https:\/\/wp.ufpel.edu.br\/visitasufpel\/files\/2020\/09\/61681842_2185767494877993_8860122420426571776_o-2-768x768.png 768w, https:\/\/wp.ufpel.edu.br\/visitasufpel\/files\/2020\/09\/61681842_2185767494877993_8860122420426571776_o-2.png 1200w\" sizes=\"auto, (max-width: 709px) 85vw, (max-width: 909px) 67vw, (max-width: 1362px) 62vw, 840px\" \/><\/figure><div class=\"wp-block-media-text__content\">\n<p class=\"has-large-font-size\">Luana Loureiro<\/p>\n\n\n\n<p>Bolsista de Extens\u00e3o &#8211; Arquitetura e Urbanismo<\/p>\n<\/div><\/div>\n","protected":false},"excerpt":{"rendered":"<p>Rog\u00e9ria Guttier Coordenadora &#8211; Pr\u00f3 Reitoria de Extens\u00e3o e Cultura Felipe Herrmann Coordenador &#8211; Pr\u00f3 Reitoria de Extens\u00e3o e Cultura Ana Carolina Nogueira Colaboradora &#8211; Pr\u00f3 Reitoria de Extens\u00e3o e Cultura Leomar Soares Colaborador- CDTec J\u00e9ssica Lopes Bolsista de Extens\u00e3o &#8211; Jornalismo Luana Loureiro Bolsista de Extens\u00e3o &#8211; Arquitetura e Urbanismo<\/p>\n","protected":false},"author":1077,"featured_media":0,"parent":0,"menu_order":0,"comment_status":"closed","ping_status":"closed","template":"","meta":{"jetpack_post_was_ever_published":false,"footnotes":""},"class_list":["post-196","page","type-page","status-publish","hentry"],"jetpack_sharing_enabled":true,"_links":{"self":[{"href":"https:\/\/wp.ufpel.edu.br\/visitasufpel\/wp-json\/wp\/v2\/pages\/196","targetHints":{"allow":["GET"]}}],"collection":[{"href":"https:\/\/wp.ufpel.edu.br\/visitasufpel\/wp-json\/wp\/v2\/pages"}],"about":[{"href":"https:\/\/wp.ufpel.edu.br\/visitasufpel\/wp-json\/wp\/v2\/types\/page"}],"author":[{"embeddable":true,"href":"https:\/\/wp.ufpel.edu.br\/visitasufpel\/wp-json\/wp\/v2\/users\/1077"}],"replies":[{"embeddable":true,"href":"https:\/\/wp.ufpel.edu.br\/visitasufpel\/wp-json\/wp\/v2\/comments?post=196"}],"version-history":[{"count":13,"href":"https:\/\/wp.ufpel.edu.br\/visitasufpel\/wp-json\/wp\/v2\/pages\/196\/revisions"}],"predecessor-version":[{"id":268,"href":"https:\/\/wp.ufpel.edu.br\/visitasufpel\/wp-json\/wp\/v2\/pages\/196\/revisions\/268"}],"wp:attachment":[{"href":"https:\/\/wp.ufpel.edu.br\/visitasufpel\/wp-json\/wp\/v2\/media?parent=196"}],"curies":[{"name":"wp","href":"https:\/\/api.w.org\/{rel}","templated":true}]}}