{"id":20,"date":"2026-03-31T15:22:31","date_gmt":"2026-03-31T18:22:31","guid":{"rendered":"https:\/\/wp.ufpel.edu.br\/vielbpgg\/?page_id=20"},"modified":"2026-04-14T14:57:44","modified_gmt":"2026-04-14T17:57:44","slug":"organizacao","status":"publish","type":"page","link":"https:\/\/wp.ufpel.edu.br\/vielbpgg\/organizacao\/","title":{"rendered":"Organiza\u00e7\u00e3o"},"content":{"rendered":"<h1 class=\"font_0 wixui-rich-text__text\" style=\"text-align: center;\"><span class=\"color_19 wixui-rich-text__text\"><span class=\"wixui-rich-text__text\">Comiss\u00e3o Organizadora Local<\/span><\/span><\/h1>\n<p style=\"text-align: center;\">Dr. Adriano Lu\u00eds Heck Simon &#8211; Universidade Federal de Pelotas &#8211; Brasil<br \/>\nDra. Laura Rudzewicz &#8211; Universidade Federal de Pelotas &#8211; Brasil<br \/>\nMe. Camile Urban &#8211; Universidade Federal de Pelotas &#8211; Brasil<br \/>\nDra. Edvania Aparecida Correa Alves &#8211; Universidade Federal do Triangulo Mineiro e Universidade Federal de Pelotas &#8211; Brasil<br \/>\nDra. Gracieli Trentin &#8211; Universidade Federal do Rio Grande e Universidade Federal de Pelotas &#8211; Brasil<br \/>\nDr. Guilherme Garcia Velasquez &#8211; Universidade Federal de Pelotas &#8211; Brasil<br \/>\nDr. Maur\u00edcio Meurer &#8211; Universidade Federal de Pelotas &#8211; Brasil<br \/>\nDr. Maur\u00edcio Rizzati &#8211; Universidade Federal de Pelotas &#8211; Brasil<br \/>\nDr. Moises Ortemar Rehbein &#8211; Universidade Federal de Pelotas &#8211; Brasil<br \/>\nDra. Priscila Nesello &#8211; Universidade Federal de Pelotas &#8211; Brasil<br \/>\nDr. Roberto Luiz dos Santos Antunes &#8211; Universidade Federal de Pelotas &#8211; Brasil<br \/>\nDra. Rosangela Lurdes Spironello &#8211; Universidade Federal de Pelotas &#8211; Brasil<br \/>\nDra. Simone Emiko Sato &#8211; Universidade Federal do Rio Grande &#8211; Brasil<br data-start=\"5445\" data-end=\"5448\" \/>Dra. \u00c2ndrea Lenise de Oliveira Lopes &#8211; Universidade Federal de Pelotas &#8211; Brasil<br data-start=\"5527\" data-end=\"5530\" \/>Dra. Anelize Milano Cardoso &#8211; Universidade Federal de Santa Maria &#8211; Brasil<\/p>\n<h1 class=\"font_0 wixui-rich-text__text\" style=\"text-align: center;\"><span class=\"color_19 wixui-rich-text__text\"><span class=\"wixui-rich-text__text\">Comiss\u00e3o Cient\u00edfica<\/span><\/span><\/h1>\n<p style=\"text-align: center;\" data-start=\"270\" data-end=\"642\">Dr. Adriano Severo Figueir\u00f3 &#8211; Universidade Federal de Santa Maria &#8211; Brasil<br data-start=\"344\" data-end=\"347\" \/>Dr. Andr\u00e9 Weissheimer de Borba &#8211; Universidade Federal de Santa Maria &#8211; Brasil<br data-start=\"424\" data-end=\"427\" \/>Dr. Antonio Jos\u00e9 Teixeira Guerra &#8211; Universidade Federal do Rio de Janeiro &#8211; Brasil<br data-start=\"509\" data-end=\"512\" \/>Dr. Ant\u00f3nio Avelino Batista Vieira &#8211; Universidade do Minho &#8211; Portugal<br data-start=\"581\" data-end=\"584\" \/>Dra. Amelia G\u00f3mez Villar &#8211; Universidad de Le\u00f3n &#8211; Espanha<br \/>\nDra. Claudia Paola Espinoza Lizama &#8211; Universidad del B\u00edo-B\u00edo &#8211; Chile<br \/>\nDr. Daniel Panario &#8211; Universidad de la Rep\u00fablica &#8211; Uruguai<br \/>\nDr. Eduardo Salinas Ch\u00e1vez &#8211; Universidad de La Habana &#8211; Cuba<br data-start=\"838\" data-end=\"841\" \/>Dra. Elena Pilar De U\u00f1a \u00c1lvarez &#8211; Universidade de Vigo &#8211; Espanha<br data-start=\"905\" data-end=\"908\" \/>Dr. Enrique Serrano Ca\u00f1adas &#8211; Universidad de Valladolid &#8211; Espanha<br \/>\nDr. Fernando Amaro Pessoa &#8211; Centro Federal de Educa\u00e7\u00e3o Tecnol\u00f3gica Celso Suckow da Fonseca &#8211; Brasil<br data-start=\"1076\" data-end=\"1079\" \/>Dr. Francisco Javier de Marcos Garc\u00eda-Blanco &#8211; Universidad Complutense de Madrid &#8211; Espanha<br \/>\nDr. Iv\u00e1n Franch Pardo &#8211; Universidad Nacional Aut\u00f3noma de M\u00e9xico &#8211; M\u00e9xico<br \/>\nDr. Jaime Alberto Rivera Sol\u00eds &#8211; Universidad de Panam\u00e1 &#8211; Panam\u00e1<br data-start=\"1312\" data-end=\"1315\" \/>Dr. Jairo Valdati &#8211; Universidade do Estado de Santa Catarina &#8211; Brasil<br data-start=\"1384\" data-end=\"1387\" \/>Dr. Javier Doniz P\u00e1ez &#8211; Universidad de La Laguna &#8211; Espanha<br data-start=\"1445\" data-end=\"1448\" \/>Dr. Jose Arismendi Valero &#8211; Universidad Central de Venezuela &#8211; Venezuela<br data-start=\"1520\" data-end=\"1523\" \/>Dr. Jos\u00e9 Lu\u00eds Gon\u00e7alves Moreira da Silva Z\u00eazere &#8211; Universidade de Lisboa &#8211; Portugal<br data-start=\"1606\" data-end=\"1609\" \/>Dr. Jos\u00e9 Luis Palacio-Prieto &#8211; Universidad Nacional Aut\u00f3noma de M\u00e9xico &#8211; M\u00e9xico<br data-start=\"1688\" data-end=\"1691\" \/>Dr. Jos\u00e9 Luis S\u00e1nchez Cortez &#8211; Universidad de Guayaquil \/ Universidad Nacional Aut\u00f3noma de M\u00e9xico &#8211; Equador<br data-start=\"1798\" data-end=\"1801\" \/>Dr. Jos\u00e9 Mar\u00eda Redondo Vega &#8211; Universidad de Le\u00f3n &#8211; Espanha<br data-start=\"1860\" data-end=\"1863\" \/>Dr. Juan Francisco Mart\u00ednez Murillo &#8211; Universidad de M\u00e1laga &#8211; Espanha<br data-start=\"1932\" data-end=\"1935\" \/>Dr. Juan L\u00f3pez Bedoya &#8211; Universidade de Santiago de Compostela &#8211; Espanha<br data-start=\"2007\" data-end=\"2010\" \/>Dra. Juliana de Paula Silva &#8211; Universidade Estadual de Maring\u00e1 &#8211; Brasil<br data-start=\"2081\" data-end=\"2084\" \/>Dra. Juliana Maria Oliveira Silva &#8211; Universidade Regional do Cariri &#8211; Brasil<br \/>\nDra. K\u00e1tia Leite Mansur &#8211; Universidade Federal do Rio de Janeiro &#8211; Brasil<br \/>\nDra. Laeticia Azucena Garc\u00eda S\u00e1nchez &#8211; Universidad Nacional Aut\u00f3noma de M\u00e9xico &#8211; M\u00e9xico<br data-start=\"2328\" data-end=\"2331\" \/>Dra. Laryssa Sheydder de Oliveira Lopes &#8211; Instituto Federal do Maranh\u00e3o &#8211; Brasil<br data-start=\"2411\" data-end=\"2414\" \/>Dr. Leandro de Godoi Pinton &#8211; Universidade Federal do Tri\u00e2ngulo Mineiro &#8211; Brasil<br data-start=\"2494\" data-end=\"2497\" \/>Dra. Lilian Carla Moreira Bento &#8211; Universidade Federal de Uberl\u00e2ndia &#8211; Brasil<br data-start=\"2574\" data-end=\"2577\" \/>Dra. Lucimar de F\u00e1tima dos Santos Vieira &#8211; Universidade Federal do Rio Grande do Sul &#8211; Brasil<br data-start=\"2670\" data-end=\"2673\" \/>Dr. L\u00facio Jos\u00e9 Sobral da Cunha &#8211; Universidade de Coimbra &#8211; Portugal<br \/>\nDr. Marcelo Martins de Moura F\u00e9 &#8211; Universidade Regional do Cariri &#8211; Brasil<br data-start=\"2818\" data-end=\"2821\" \/>Dr. Marco T\u00falio Mendon\u00e7a Diniz &#8211; Universidade Federal do Rio Grande do Norte &#8211; Brasil<br data-start=\"2906\" data-end=\"2909\" \/>Dr. Marcos Francos &#8211; Universidad de Salamanca &#8211; Espanha<br data-start=\"2976\" data-end=\"2979\" \/>Dra. Mar\u00eda Jos\u00e9 Gonz\u00e1lez Amuchastegui &#8211; Universidad Nacional de Educaci\u00f3n a Distancia &#8211; Espanha<br data-start=\"3074\" data-end=\"3077\" \/>Dra. Maria do Carmo Oliveira Jorge &#8211; Universidade Federal do Rio de Janeiro &#8211; Brasil<br data-start=\"3161\" data-end=\"3164\" \/>Dra. Maria Ligia Cassol Pinto &#8211; Universidade Estadual de Ponta Grossa &#8211; Brasil<br data-start=\"3242\" data-end=\"3245\" \/>Dra. Maristela Denise Moresco Mezzomo &#8211; Universidade Tecnol\u00f3gica Federal do Paran\u00e1 &#8211; Brasil<br data-start=\"3336\" data-end=\"3339\" \/>Dr. M\u00facio do Amaral Figueiredo &#8211; Universidade Federal de S\u00e3o Jo\u00e3o del-Rei &#8211; Brasil<br \/>\nDra. Nadja Castilho da Costa &#8211; Universidade do Estado do Rio de Janeiro &#8211; Brasil<br \/>\nDra. Ofelia Guti\u00e9rrez &#8211; Universidad de la Rep\u00fablica &#8211; Uruguai<br \/>\nDr. Paulo Jorge Silva Pereira &#8211; Universidade do Minho &#8211; Portugal<br data-start=\"3638\" data-end=\"3641\" \/>Dra. Patricia Sanmart\u00edn &#8211; Universidade de Santiago de Compostela &#8211; Espanha<br \/>\nDr. Rafael Becerra Ram\u00edrez &#8211; Universidad de Castilla-La Mancha &#8211; Espanha<br data-start=\"3791\" data-end=\"3794\" \/>Dr. Renato Pereira Lopes &#8211; Universidade Federal de Pelotas &#8211; Brasil<br data-start=\"3861\" data-end=\"3864\" \/>Dr. Roberto Verdum &#8211; Universidade Federal do Rio Grande do Sul &#8211; Brasil<br \/>\nDr. Sandro Sidnei Vargas de Cristo &#8211; Universidade Federal do Tocantins &#8211; Brasil<br data-start=\"4018\" data-end=\"4021\" \/>Dr. S\u00edlvio Carlos Rodrigues &#8211; Universidade Federal de Uberl\u00e2ndia &#8211; Brasil<br data-start=\"4094\" data-end=\"4097\" \/>Dra. Suzane Bevilacqua Marcuzzo &#8211; Universidade Federal de Santa Maria &#8211; Brasil<br \/>\nDra. \u00darsula Ruchkys de Azevedo &#8211; Universidade Federal de Minas Gerais &#8211; Brasil<br \/>\nDr. Valdir Adilson Steinke &#8211; Universidade de Bras\u00edlia &#8211; Brasil<br data-start=\"4323\" data-end=\"4326\" \/>Dra. Vanda Claudino Sales &#8211; Universidade Federal de Pelotas &#8211; Brasil<br data-start=\"4392\" data-end=\"4395\" \/>Dra. Vivian Castillho da Costa &#8211; Universidade do Estado do Rio de Janeiro &#8211; Brasil<br \/>\nDr. Xabier Pontevedra Pombal &#8211; Universidade de Santiago de Compostela &#8211; Espanha<br \/>\nDra. Yaritza Aldana Aldana &#8211; Centro de Estudios de Medio Ambiente de Cuba &#8211; Cuba<\/p>\n","protected":false},"excerpt":{"rendered":"<p>Comiss\u00e3o Organizadora Local Dr. Adriano Lu\u00eds Heck Simon &#8211; Universidade Federal de Pelotas &#8211; Brasil Dra. Laura Rudzewicz &#8211; Universidade Federal de Pelotas &#8211; Brasil Me. Camile Urban &#8211; Universidade Federal de Pelotas &#8211; Brasil Dra. Edvania Aparecida Correa Alves&#8230; <a class=\"more-link\" href=\"https:\/\/wp.ufpel.edu.br\/vielbpgg\/organizacao\/\">Continue lendo &rarr;<\/a><\/p>\n","protected":false},"author":1533,"featured_media":0,"parent":0,"menu_order":0,"comment_status":"closed","ping_status":"closed","template":"","meta":{"footnotes":""},"class_list":["post-20","page","type-page","status-publish","hentry"],"_links":{"self":[{"href":"https:\/\/wp.ufpel.edu.br\/vielbpgg\/wp-json\/wp\/v2\/pages\/20","targetHints":{"allow":["GET"]}}],"collection":[{"href":"https:\/\/wp.ufpel.edu.br\/vielbpgg\/wp-json\/wp\/v2\/pages"}],"about":[{"href":"https:\/\/wp.ufpel.edu.br\/vielbpgg\/wp-json\/wp\/v2\/types\/page"}],"author":[{"embeddable":true,"href":"https:\/\/wp.ufpel.edu.br\/vielbpgg\/wp-json\/wp\/v2\/users\/1533"}],"replies":[{"embeddable":true,"href":"https:\/\/wp.ufpel.edu.br\/vielbpgg\/wp-json\/wp\/v2\/comments?post=20"}],"version-history":[{"count":3,"href":"https:\/\/wp.ufpel.edu.br\/vielbpgg\/wp-json\/wp\/v2\/pages\/20\/revisions"}],"predecessor-version":[{"id":223,"href":"https:\/\/wp.ufpel.edu.br\/vielbpgg\/wp-json\/wp\/v2\/pages\/20\/revisions\/223"}],"wp:attachment":[{"href":"https:\/\/wp.ufpel.edu.br\/vielbpgg\/wp-json\/wp\/v2\/media?parent=20"}],"curies":[{"name":"wp","href":"https:\/\/api.w.org\/{rel}","templated":true}]}}