{"id":264,"date":"2020-06-20T01:20:30","date_gmt":"2020-06-20T04:20:30","guid":{"rendered":"https:\/\/wp.ufpel.edu.br\/vetcor\/?page_id=264"},"modified":"2022-03-07T18:24:54","modified_gmt":"2022-03-07T21:24:54","slug":"quem-somos","status":"publish","type":"page","link":"https:\/\/wp.ufpel.edu.br\/vetcor\/quem-somos\/","title":{"rendered":"Quem Somos"},"content":{"rendered":"<h1 style=\"text-align: center\"><img loading=\"lazy\" decoding=\"async\" class=\"alignnone wp-image-318\" src=\"https:\/\/wp.ufpel.edu.br\/vetcor\/files\/2020\/06\/4-3-400x40.png\" alt=\"\" width=\"1173\" height=\"118\" srcset=\"https:\/\/wp.ufpel.edu.br\/vetcor\/files\/2020\/06\/4-3-400x40.png 400w, https:\/\/wp.ufpel.edu.br\/vetcor\/files\/2020\/06\/4-3-1024x102.png 1024w, https:\/\/wp.ufpel.edu.br\/vetcor\/files\/2020\/06\/4-3-768x77.png 768w, https:\/\/wp.ufpel.edu.br\/vetcor\/files\/2020\/06\/4-3.png 1349w\" sizes=\"auto, (max-width: 1173px) 100vw, 1173px\" \/><\/h1>\n<h2>Coordenadores:<\/h2>\n<h3><strong>Dr\u00aa. Paula Priscila Correia Costa<em><img loading=\"lazy\" decoding=\"async\" class=\"wp-image-285 alignleft\" src=\"https:\/\/wp.ufpel.edu.br\/vetcor\/files\/2020\/06\/8f8fdb51-7e5c-427a-aaa1-ssss-290x400.jpg\" alt=\"\" width=\"300\" height=\"414\" srcset=\"https:\/\/wp.ufpel.edu.br\/vetcor\/files\/2020\/06\/8f8fdb51-7e5c-427a-aaa1-ssss-290x400.jpg 290w, https:\/\/wp.ufpel.edu.br\/vetcor\/files\/2020\/06\/8f8fdb51-7e5c-427a-aaa1-ssss-743x1024.jpg 743w, https:\/\/wp.ufpel.edu.br\/vetcor\/files\/2020\/06\/8f8fdb51-7e5c-427a-aaa1-ssss-768x1058.jpg 768w, https:\/\/wp.ufpel.edu.br\/vetcor\/files\/2020\/06\/8f8fdb51-7e5c-427a-aaa1-ssss.jpg 820w\" sizes=\"auto, (max-width: 300px) 100vw, 300px\" \/><\/em><\/strong><\/h3>\n<p style=\"text-align: justify\"><em>Professora Adjunta de Cl\u00ednica m\u00e9dica de pequenos animais (te\u00f3rica e pr\u00e1tica) e toxicologia (UFPel). Doutora em farmacologia (2018) UFC. Possui Mestrado em Ci\u00eancias Fisiol\u00f3gicas(2012) e gradua\u00e7\u00e3o em Medicina Veterin\u00e1ria (2009) pela Universidade Estadual do Cear\u00e1. Tem experi\u00eancia na \u00e1rea de Farmacologia Cardiorenal com \u00eanfase em, hipertens\u00e3o arterial e cardioprote\u00e7\u00e3o (p\u00f3s-condiciomamento card\u00edaco na isquemia\/reperfus\u00e3o mioc\u00e1rdica), Toxinologia &#8211; Toxicologia (venenos de animais- Phyllorhiza punctata, Rhinella schneideri e Crotalus durissus cascavella; plantas t\u00f3xicas- Ipomoea asarifolia, Mascagnia rigida e Aspidosperma ulei MARKR), bem como em Farmacologia pulmonar com \u00eanfase em tratamento da asma com metalodoadores. Experi\u00eancia em cl\u00ednica m\u00e9dica de pequenos animais ( geral e cardiol\u00f3gica) eletrocardiografia, holter e diagn\u00f3stico por imagem (ecodopplercardiografia). Coordenadora dos grupos de ensino, pesquisa e extens\u00e3o Vetcor e Vettox.<\/em><\/p>\n<p>Curr\u00edculo Lattes: <a href=\"http:\/\/lattes.cnpq.br\/6227957374635529\">http:\/\/lattes.cnpq.br\/6227957374635529<\/a><\/p>\n<p>&nbsp;<\/p>\n<p>&nbsp;<\/p>\n<div class=\"infpessoa\">\n<h3 class=\"nome\"><strong><img loading=\"lazy\" decoding=\"async\" class=\" wp-image-568 alignleft\" src=\"https:\/\/wp.ufpel.edu.br\/vetcor\/files\/2020\/06\/gui-400x329.jpg\" alt=\"\" width=\"300\" height=\"247\" srcset=\"https:\/\/wp.ufpel.edu.br\/vetcor\/files\/2020\/06\/gui-400x329.jpg 400w, https:\/\/wp.ufpel.edu.br\/vetcor\/files\/2020\/06\/gui-1024x843.jpg 1024w, https:\/\/wp.ufpel.edu.br\/vetcor\/files\/2020\/06\/gui-768x632.jpg 768w, https:\/\/wp.ufpel.edu.br\/vetcor\/files\/2020\/06\/gui-1536x1265.jpg 1536w, https:\/\/wp.ufpel.edu.br\/vetcor\/files\/2020\/06\/gui-2048x1687.jpg 2048w\" sizes=\"auto, (max-width: 300px) 100vw, 300px\" \/>Dr. Guilherme Albuquerque de Oliveira Cavalcanti<\/strong><\/h3>\n<\/div>\n<p style=\"text-align: justify\"><em>Possui gradua\u00e7\u00e3o em Medicina Veterin\u00e1ria pela Universidade Federal de Lavras (2001). Resid\u00eancia em Pequenos Animais pela UFLA (2002-2004). Concluiu o Mestrado (em 2006) e o Doutorado (em 2010) na \u00e1rea de Cl\u00ednica e Cirurgia Veterin\u00e1rias pela Escola de Veterin\u00e1ria (EV) da UFMG. Atualmente \u00e9 Professor na Disciplina de Radiologia Veterin\u00e1ria da Universidade Federal de Pelotas-RS e tem experi\u00eancia na \u00e1rea de diagn\u00f3stico por imagem e cardiologia. Coordenador dos grupos de ensino, pesquisa e extens\u00e3o Vetcor e Vettox.<\/em><\/p>\n<p>Curr\u00edculo Lattes: <a href=\"http:\/\/lattes.cnpq.br\/3770715467351482\">http:\/\/lattes.cnpq.br\/3770715467351482<\/a><\/p>\n<p>&nbsp;<\/p>\n<h2>Bolsistas:<\/h2>\n<h3><strong>Caroline Castagnara Alves<em><img loading=\"lazy\" decoding=\"async\" class=\"alignright\" src=\"http:\/\/servicosweb.cnpq.br\/wspessoa\/servletrecuperafoto?tipo=1&amp;id=K2702291E2\" width=\"300\" height=\"358\" \/><\/em><\/strong><\/h3>\n<p>Bolsista de Ensino do Grupo Vetcor<\/p>\n<p style=\"text-align: justify\"><em>Natural de Erechim (RS), mora atualmente em Pelotas (RS) onde est\u00e1 cursando Medicina Veterin\u00e1ria na Universidade Federal de Pelotas (UFPEL). Foi estagi\u00e1ria em treinamento cl\u00ednico e cir\u00fargico em diversas cl\u00ednicas nas cidades de Pelotas (RS), Natal (RN), Palho\u00e7a (SC) e Erechim (RS). Atualmente participa dos projetos VETCOR &#8211; \u00eanfase em ensino, extens\u00e3o e pesquisa, o qual \u00e9 bolsista de ensino, EndocrinoPeq: \u00eanfase ensino e extens\u00e3o, Dermatovet: Grupo de Estudos em dermatologia veterin\u00e1ria, com \u00eanfase em ensino e extens\u00e3o e Medicina de Felinos e Terapias Naturais: Complementa\u00e7\u00e3o do Ensino aos discentes de Medicina Veterin\u00e1ria, com \u00eanfase em ensino, todos da Universidade Federal de Pelotas (UFPel).<\/em><\/p>\n<p>Curr\u00edculo Lattes: <a href=\"http:\/\/lattes.cnpq.br\/1306060298445868\">http:\/\/lattes.cnpq.br\/1306060298445868<\/a><\/p>\n<p>&nbsp;<\/p>\n<p>&nbsp;<\/p>\n<h3><strong>Eduardo Gon\u00e7alves da Silva<img loading=\"lazy\" decoding=\"async\" class=\" wp-image-270 alignright\" src=\"https:\/\/wp.ufpel.edu.br\/vetcor\/files\/2020\/06\/equi-3-297x400.jpg\" alt=\"\" width=\"300\" height=\"405\" srcset=\"https:\/\/wp.ufpel.edu.br\/vetcor\/files\/2020\/06\/equi-3-297x400.jpg 297w, https:\/\/wp.ufpel.edu.br\/vetcor\/files\/2020\/06\/equi-3-759x1024.jpg 759w, https:\/\/wp.ufpel.edu.br\/vetcor\/files\/2020\/06\/equi-3-768x1036.jpg 768w, https:\/\/wp.ufpel.edu.br\/vetcor\/files\/2020\/06\/equi-3-1139x1536.jpg 1139w, https:\/\/wp.ufpel.edu.br\/vetcor\/files\/2020\/06\/equi-3-1519x2048.jpg 1519w, https:\/\/wp.ufpel.edu.br\/vetcor\/files\/2020\/06\/equi-3.jpg 1549w\" sizes=\"auto, (max-width: 300px) 100vw, 300px\" \/><\/strong><\/h3>\n<p>Bolsista CNPq do Programa Institucional de Bolsas de Inicia\u00e7\u00e3o em Desenvolvimento Tecnol\u00f3gico e Inova\u00e7\u00e3o<\/p>\n<p style=\"text-align: justify\"><em>Graduando em Medicina Veterin\u00e1ria pela Universidade Federal de Pelotas. Possui conhecimento em Patologia Animal, com \u00eanfase em Oncologia Veterin\u00e1ria, Patologia Renal e Neonatologia. Possui conhecimento em Cl\u00ednica de Equinos, com \u00eanfase em Neonatologia e Reprodu\u00e7\u00e3o Animal. Possui conhecimento em Cl\u00ednica Cir\u00fargica, com \u00eanfase em Cirurgias Renais, sendo atualmente colaborador do Projeto Dioctophyme renale em C\u00e3es e Gatos. Possui conhecimento em Toxicologia Cl\u00ednica, com \u00eanfase em Plantas T\u00f3xicas, Intoxica\u00e7\u00f5es em Animais Dom\u00e9sticos e Silvestres, sendo atualmente colaborador do grupo Vettox. Possui conhecimento em Cardiologia Veterin\u00e1ria, sendo bolsista de Extens\u00e3o do grupo Vettox, colaborador dos atendimentos cl\u00ednicos realizados pelo projeto vinculados ao Hospital de Cl\u00ednicas Veterin\u00e1rias. Criador e Editor do site Cardiologia Veterin\u00e1ria e Toxicologia Cl\u00ednica.<\/em><\/p>\n<p>Curr\u00edculo Lattes: <a href=\"http:\/\/lattes.cnpq.br\/6657543585467690\">http:\/\/lattes.cnpq.br\/6657543585467690<\/a><\/p>\n<p>&nbsp;<\/p>\n<p>&nbsp;<\/p>\n<h3><strong>Francesca Lopes Zibetti<\/strong><img loading=\"lazy\" decoding=\"async\" class=\"wp-image-798 alignright\" src=\"https:\/\/wp.ufpel.edu.br\/vetcor\/files\/2020\/09\/WhatsApp-Image-2020-09-19-at-12.04.40-rotated-e1600530606647-284x400.jpeg\" alt=\"\" width=\"300\" height=\"423\" srcset=\"https:\/\/wp.ufpel.edu.br\/vetcor\/files\/2020\/09\/WhatsApp-Image-2020-09-19-at-12.04.40-rotated-e1600530606647-284x400.jpeg 284w, https:\/\/wp.ufpel.edu.br\/vetcor\/files\/2020\/09\/WhatsApp-Image-2020-09-19-at-12.04.40-rotated-e1600530606647.jpeg 720w\" sizes=\"auto, (max-width: 300px) 100vw, 300px\" \/><\/h3>\n<p>Bolsista de Ensino do Grupo Vetcor<\/p>\n<p style=\"text-align: justify\"><em>Possui t\u00e9cnico em Qu\u00edmica pelo Instituto Federal de Educa\u00e7\u00e3o, Ci\u00eancia e Tecnologia Sul-rio-grandense (2017). Hoje \u00e9 graduanda do nono semestre em Medicina Veterin\u00e1ria pela Universidade Federal de Pelotas. Foi estagi\u00e1ria do Laborat\u00f3rio de Reprodu\u00e7\u00e3o Animal da EMBRAPA auxiliando em um projeto de Reprodu\u00e7\u00e3o in vitro de Bovinos e Ovinos, tamb\u00e9m, foi estagi\u00e1ria em treinamento de cl\u00ednica cir\u00fargica de animais de companhia no Hospital de Cl\u00ednicas Veterin\u00e1rias da UFPEL e em cl\u00ednica particular de Pelotas. Possui capacidade em montar pe\u00e7as de estudos anat\u00f4micos. Atualmente colaboradora e bolsista de ensino do grupo VetCor.<\/em><\/p>\n<p>Curr\u00edculo Lattes: <a href=\"http:\/\/lattes.cnpq.br\/4398604087787894\">http:\/\/lattes.cnpq.br\/4398604087787894<\/a><\/p>\n<p>&nbsp;<\/p>\n<p>&nbsp;<\/p>\n<p>&nbsp;<\/p>\n<p>&nbsp;<\/p>\n<p>&nbsp;<\/p>\n<h3><strong>Michaela Marques Rocha<img loading=\"lazy\" decoding=\"async\" class=\" wp-image-277 alignright\" src=\"https:\/\/wp.ufpel.edu.br\/vetcor\/files\/2020\/06\/b76943ef-c171-4b57-afae-aa6409d00f33-250x400.jpg\" alt=\"\" width=\"300\" height=\"480\" srcset=\"https:\/\/wp.ufpel.edu.br\/vetcor\/files\/2020\/06\/b76943ef-c171-4b57-afae-aa6409d00f33-250x400.jpg 250w, https:\/\/wp.ufpel.edu.br\/vetcor\/files\/2020\/06\/b76943ef-c171-4b57-afae-aa6409d00f33.jpg 472w\" sizes=\"auto, (max-width: 300px) 100vw, 300px\" \/><\/strong><\/h3>\n<p>Bolsista de Ensino do Grupo Vettox<\/p>\n<p style=\"text-align: justify\"><em>Graduanda em Medicina Veterin\u00e1ria pela Universidade Federal de Pelotas. Possui conhecimento em Cl\u00ednica M\u00e9dica de Pequenos Animais, com \u00eanfase em Cl\u00ednica de Felinos, sendo atualmente colaboradora do grupo FelVet. Possui conhecimento em Cl\u00ednica Cir\u00fargica, sendo atualmente colaboradora do Projeto Dioctophyme renale em C\u00e3es e Gatos. Possui conhecimento em Cardiologia Veterin\u00e1ria, sendo atualmente colaboradora do grupo Vetcor. Possui conhecimento em Toxicologia Cl\u00ednica, com \u00eanfase em Plantas T\u00f3xicas, Intoxica\u00e7\u00f5es em Animais Dom\u00e9sticos e Silvestres, sendo atualmente bolsista de Ensino do grupo Vettox.<\/em><\/p>\n<p>Curr\u00edculo Lattes: <a href=\"http:\/\/lattes.cnpq.br\/0878777834593758\">http:\/\/lattes.cnpq.br\/0878777834593758<\/a><\/p>\n<p>&nbsp;<\/p>\n<p>&nbsp;<\/p>\n<p>&nbsp;<\/p>\n<p>&nbsp;<\/p>\n<p>&nbsp;<\/p>\n<h3><strong>Tha\u00edssa Gomes Pellegrin<img loading=\"lazy\" decoding=\"async\" class=\" wp-image-282 alignright\" src=\"https:\/\/wp.ufpel.edu.br\/vetcor\/files\/2020\/06\/8d44c779-3a7e-4979-bd35-f1925b8d2924-300x400.jpg\" alt=\"\" width=\"300\" height=\"400\" srcset=\"https:\/\/wp.ufpel.edu.br\/vetcor\/files\/2020\/06\/8d44c779-3a7e-4979-bd35-f1925b8d2924-300x400.jpg 300w, https:\/\/wp.ufpel.edu.br\/vetcor\/files\/2020\/06\/8d44c779-3a7e-4979-bd35-f1925b8d2924-768x1024.jpg 768w, https:\/\/wp.ufpel.edu.br\/vetcor\/files\/2020\/06\/8d44c779-3a7e-4979-bd35-f1925b8d2924.jpg 960w\" sizes=\"auto, (max-width: 300px) 100vw, 300px\" \/><\/strong><\/h3>\n<p>Bolsista de Extens\u00e3o do Grupo Vettox<\/p>\n<p style=\"text-align: justify\"><em>Discente de Medicina Veterin\u00e1ria do 8\u00ba semestre na Universidade Federal de Pelotas. Colaboradora do Grupo de estudos em enfermidades parasit\u00e1rias (GEEP), com conhecimento em doen\u00e7as parasit\u00e1rias em pequenos animais, animais de produ\u00e7\u00e3o e animais silvestres. Colaboradora do Grupo de estudos e animais silvestres; Possui conhecimento em cl\u00ednica de pequenos animais, cl\u00ednica e reabilita\u00e7\u00e3o de animais silvestres. Atualmente colaboradora e bolsista de extens\u00e3o do grupo Vettox.<\/em><\/p>\n<p>Curr\u00edculo Lattes: <a href=\"http:\/\/lattes.cnpq.br\/8977416373733121\">http:\/\/lattes.cnpq.br\/8977416373733121<\/a><\/p>\n","protected":false},"excerpt":{"rendered":"<p>Coordenadores: Dr\u00aa. Paula Priscila Correia Costa Professora Adjunta de Cl\u00ednica m\u00e9dica de pequenos animais (te\u00f3rica e pr\u00e1tica) e toxicologia (UFPel). Doutora em farmacologia (2018) UFC. Possui Mestrado em Ci\u00eancias Fisiol\u00f3gicas(2012) e gradua\u00e7\u00e3o em Medicina Veterin\u00e1ria (2009) pela Universidade Estadual do Cear\u00e1. Tem experi\u00eancia na \u00e1rea de Farmacologia Cardiorenal com \u00eanfase em, hipertens\u00e3o arterial e cardioprote\u00e7\u00e3o [&hellip;]<\/p>\n","protected":false},"author":1020,"featured_media":0,"parent":0,"menu_order":0,"comment_status":"closed","ping_status":"closed","template":"","meta":{"footnotes":""},"class_list":["post-264","page","type-page","status-publish","hentry","post"],"_links":{"self":[{"href":"https:\/\/wp.ufpel.edu.br\/vetcor\/wp-json\/wp\/v2\/pages\/264","targetHints":{"allow":["GET"]}}],"collection":[{"href":"https:\/\/wp.ufpel.edu.br\/vetcor\/wp-json\/wp\/v2\/pages"}],"about":[{"href":"https:\/\/wp.ufpel.edu.br\/vetcor\/wp-json\/wp\/v2\/types\/page"}],"author":[{"embeddable":true,"href":"https:\/\/wp.ufpel.edu.br\/vetcor\/wp-json\/wp\/v2\/users\/1020"}],"replies":[{"embeddable":true,"href":"https:\/\/wp.ufpel.edu.br\/vetcor\/wp-json\/wp\/v2\/comments?post=264"}],"version-history":[{"count":27,"href":"https:\/\/wp.ufpel.edu.br\/vetcor\/wp-json\/wp\/v2\/pages\/264\/revisions"}],"predecessor-version":[{"id":271,"href":"https:\/\/wp.ufpel.edu.br\/vetcor\/wp-json\/wp\/v2\/pages\/264\/revisions\/271"}],"wp:attachment":[{"href":"https:\/\/wp.ufpel.edu.br\/vetcor\/wp-json\/wp\/v2\/media?parent=264"}],"curies":[{"name":"wp","href":"https:\/\/api.w.org\/{rel}","templated":true}]}}