{"id":26,"date":"2018-04-17T17:07:09","date_gmt":"2018-04-17T20:07:09","guid":{"rendered":"https:\/\/wp.ufpel.edu.br\/travessias\/?page_id=26"},"modified":"2018-07-02T08:25:26","modified_gmt":"2018-07-02T11:25:26","slug":"equipe","status":"publish","type":"page","link":"https:\/\/wp.ufpel.edu.br\/travessias\/equipe\/","title":{"rendered":"Viajantes"},"content":{"rendered":"<p>GRUPO 01 <strong>ENTREVISTA<\/strong>:<br \/>\n<a href=\"http:\/\/lattes.cnpq.br\/8391253221609995\">Pierre Moreira dos Santos<\/a><br \/>\n<a href=\"http:\/\/lattes.cnpq.br\/6006656146616887\">Lorena Maia Resende<\/a><br \/>\n<a href=\"http:\/\/lattes.cnpq.br\/1703526475128461\">Luana Pavan Detoni<\/a><br \/>\nRubens Barbosa Leal<\/p>\n<p>GRUPO 02 <strong>MAPAS<\/strong>:<br \/>\n<a href=\"http:\/\/lattes.cnpq.br\/9332213170968875\">Bianca Ramires\u00a0<\/a><br \/>\n<a href=\"http:\/\/lattes.cnpq.br\/8763328596475827\">Flavio Almansa Baumbach<\/a><br \/>\n<a href=\"http:\/\/lattes.cnpq.br\/4423929174426414\">La\u00eds Becker Ferreira<\/a><br \/>\n<a href=\"http:\/\/lattes.cnpq.br\/0939617393016155\">Vanessa Forneck<\/a><\/p>\n<p>GRUPO 03 <strong>AUTOFOTOGRAFIA<\/strong>:<br \/>\n<a href=\"http:\/\/lattes.cnpq.br\/6927803856702261\">Eduardo Rocha<\/a><br \/>\n<a href=\"http:\/\/lattes.cnpq.br\/5572093092520416\">Nat\u00e1lia Lohmann D&#8217; \u00c1vila<\/a><br \/>\n<a href=\"http:\/\/lattes.cnpq.br\/0702035357125121\">Rafaela Barros de Pinho<\/a><br \/>\n<a href=\"http:\/\/lattes.cnpq.br\/1900819855594576\">Valentina Machado<\/a><\/p>\n<p>GRUPO 04 <strong>V\u00cdDEOS<\/strong>:<br \/>\n<a href=\"http:\/\/lattes.cnpq.br\/5240476521295460\">Carolina Mesquita Clasen<\/a><br \/>\n<a href=\"http:\/\/lattes.cnpq.br\/0325282524459144\">Humberto Levy de Souza\u00a0<\/a><br \/>\n<a href=\"http:\/\/lattes.cnpq.br\/9571277459347727\">Ta\u00eds Beltrame dos Santos<\/a><\/p>\n<p>&nbsp;<\/p>\n<p>&nbsp;<\/p>\n<p>&nbsp;<\/p>\n","protected":false},"excerpt":{"rendered":"<p>GRUPO 01 ENTREVISTA: Pierre Moreira dos Santos Lorena Maia Resende Luana Pavan Detoni Rubens Barbosa Leal GRUPO 02 MAPAS: Bianca Ramires\u00a0 Flavio Almansa Baumbach La\u00eds Becker Ferreira Vanessa Forneck GRUPO 03 AUTOFOTOGRAFIA: Eduardo Rocha Nat\u00e1lia Lohmann D&#8217; \u00c1vila Rafaela Barros de Pinho Valentina Machado GRUPO 04 V\u00cdDEOS: Carolina Mesquita Clasen Humberto Levy de Souza\u00a0 Ta\u00eds &hellip; <\/p>\n<p class=\"link-more\"><a href=\"https:\/\/wp.ufpel.edu.br\/travessias\/equipe\/\" class=\"more-link\">Continue lendo<span class=\"screen-reader-text\"> &#8220;Viajantes&#8221;<\/span><\/a><\/p>\n","protected":false},"author":716,"featured_media":461,"parent":0,"menu_order":0,"comment_status":"closed","ping_status":"closed","template":"","meta":{"jetpack_post_was_ever_published":false,"footnotes":""},"class_list":["post-26","page","type-page","status-publish","has-post-thumbnail","hentry"],"jetpack_sharing_enabled":true,"jetpack_shortlink":"https:\/\/wp.me\/P9QwLM-q","jetpack-related-posts":[],"_links":{"self":[{"href":"https:\/\/wp.ufpel.edu.br\/travessias\/wp-json\/wp\/v2\/pages\/26","targetHints":{"allow":["GET"]}}],"collection":[{"href":"https:\/\/wp.ufpel.edu.br\/travessias\/wp-json\/wp\/v2\/pages"}],"about":[{"href":"https:\/\/wp.ufpel.edu.br\/travessias\/wp-json\/wp\/v2\/types\/page"}],"author":[{"embeddable":true,"href":"https:\/\/wp.ufpel.edu.br\/travessias\/wp-json\/wp\/v2\/users\/716"}],"replies":[{"embeddable":true,"href":"https:\/\/wp.ufpel.edu.br\/travessias\/wp-json\/wp\/v2\/comments?post=26"}],"version-history":[{"count":16,"href":"https:\/\/wp.ufpel.edu.br\/travessias\/wp-json\/wp\/v2\/pages\/26\/revisions"}],"predecessor-version":[{"id":463,"href":"https:\/\/wp.ufpel.edu.br\/travessias\/wp-json\/wp\/v2\/pages\/26\/revisions\/463"}],"wp:featuredmedia":[{"embeddable":true,"href":"https:\/\/wp.ufpel.edu.br\/travessias\/wp-json\/wp\/v2\/media\/461"}],"wp:attachment":[{"href":"https:\/\/wp.ufpel.edu.br\/travessias\/wp-json\/wp\/v2\/media?parent=26"}],"curies":[{"name":"wp","href":"https:\/\/api.w.org\/{rel}","templated":true}]}}