{"id":262,"date":"2017-11-27T16:59:20","date_gmt":"2017-11-27T18:59:20","guid":{"rendered":"https:\/\/wp.ufpel.edu.br\/terceirizados\/?page_id=262"},"modified":"2020-10-30T11:35:07","modified_gmt":"2020-10-30T14:35:07","slug":"questionario","status":"publish","type":"page","link":"https:\/\/wp.ufpel.edu.br\/terceirizados\/contratos\/questionario\/","title":{"rendered":"QUESTION\u00c1RIOS DE FISCALIZA\u00c7\u00c3O CONTRATUAL"},"content":{"rendered":"<p><strong>QUESTION\u00c1RIO DE FISCALIZA\u00c7\u00c3O CONTRATUAL<\/strong><\/p>\n<p>Este question\u00e1rio tem a finalidade principal de obter um retorno (feedback) diretamente dos trabalhadores terceirizados em rela\u00e7\u00e3o ao cumprimento das obriga\u00e7\u00f5es trabalhistas por parte de seus respectivos empregadores.<\/p>\n<p>Orientamos que o question\u00e1rio seja respondido mensalmente.<\/p>\n<p>Os fiscais poder\u00e3o adequar\/ampliar o question\u00e1rio de acordo com as peculiaridades de cada contrato, para isto devem entrar em contrato como o NUGEST (terceirizados@ufpel.edu.br).<\/p>\n<p>Este question\u00e1rio n\u00e3o dispensa os fiscais de suas obriga\u00e7\u00f5es legais e demais procedimentos inerentes a fiscaliza\u00e7\u00e3o contratual, nos termos da Instru\u00e7\u00e3o Normativa n\u00ba 05\/2017 e demais normas e regulamentos internos.<\/p>\n<p>Os dados informados s\u00e3o de uso exclusivo da fiscaliza\u00e7\u00e3o da UFPel, n\u00e3o ser\u00e3o divulgados \u00e0 terceiros.<\/p>\n<p>&nbsp;<\/p>\n\n<div class=\"wpcf7 no-js\" id=\"wpcf7-f119-o1\" lang=\"pt-BR\" dir=\"ltr\" data-wpcf7-id=\"119\">\n<div class=\"screen-reader-response\"><p role=\"status\" aria-live=\"polite\" aria-atomic=\"true\"><\/p> <ul><\/ul><\/div>\n<form action=\"\/terceirizados\/wp-json\/wp\/v2\/pages\/262#wpcf7-f119-o1\" method=\"post\" class=\"wpcf7-form init\" aria-label=\"Formul\u00e1rios de contato\" enctype=\"multipart\/form-data\" novalidate=\"novalidate\" data-status=\"init\">\n<fieldset class=\"hidden-fields-container\"><input type=\"hidden\" name=\"_wpcf7\" value=\"119\" \/><input type=\"hidden\" name=\"_wpcf7_version\" value=\"6.1.4\" \/><input type=\"hidden\" name=\"_wpcf7_locale\" value=\"pt_BR\" \/><input type=\"hidden\" name=\"_wpcf7_unit_tag\" value=\"wpcf7-f119-o1\" \/><input type=\"hidden\" name=\"_wpcf7_container_post\" value=\"0\" \/><input type=\"hidden\" name=\"_wpcf7_posted_data_hash\" value=\"\" \/><input type=\"hidden\" name=\"_wpcf7cf_hidden_group_fields\" value=\"[]\" \/><input type=\"hidden\" name=\"_wpcf7cf_hidden_groups\" value=\"[]\" \/><input type=\"hidden\" name=\"_wpcf7cf_visible_groups\" value=\"[]\" \/><input type=\"hidden\" name=\"_wpcf7cf_repeaters\" value=\"[]\" \/><input type=\"hidden\" name=\"_wpcf7cf_steps\" value=\"{}\" \/><input type=\"hidden\" name=\"_wpcf7cf_options\" value=\"{&quot;form_id&quot;:119,&quot;conditions&quot;:[{&quot;then_field&quot;:&quot;irregularidade&quot;,&quot;and_rules&quot;:[{&quot;if_field&quot;:&quot;irregularidade&quot;,&quot;operator&quot;:&quot;equals&quot;,&quot;if_value&quot;:&quot;SIM&quot;}]},{&quot;then_field&quot;:&quot;naovt&quot;,&quot;and_rules&quot;:[{&quot;if_field&quot;:&quot;vt_dia&quot;,&quot;operator&quot;:&quot;equals&quot;,&quot;if_value&quot;:&quot;N\\u00c3O&quot;}]},{&quot;then_field&quot;:&quot;naova&quot;,&quot;and_rules&quot;:[{&quot;if_field&quot;:&quot;va_dia&quot;,&quot;operator&quot;:&quot;equals&quot;,&quot;if_value&quot;:&quot;N\\u00c3O&quot;}]},{&quot;then_field&quot;:&quot;naosal&quot;,&quot;and_rules&quot;:[{&quot;if_field&quot;:&quot;salario_dia&quot;,&quot;operator&quot;:&quot;equals&quot;,&quot;if_value&quot;:&quot;N\\u00c3O&quot;}]}],&quot;settings&quot;:{&quot;animation&quot;:&quot;yes&quot;,&quot;animation_intime&quot;:200,&quot;animation_outtime&quot;:200,&quot;conditions_ui&quot;:&quot;normal&quot;,&quot;notice_dismissed&quot;:false}}\" \/>\n<\/fieldset>\n<p>M\u00eas de preenchimento do question\u00e1rio: *<br \/>\n<span class=\"wpcf7-form-control-wrap\" data-name=\"mes\"><select class=\"wpcf7-form-control wpcf7-select\" aria-invalid=\"false\" name=\"mes\"><option value=\"\">&#8212;Escolha uma op\u00e7\u00e3o&#8212;<\/option><option value=\"Janeiro\/2025\">Janeiro\/2025<\/option><option value=\"Fevereiro\/2025\">Fevereiro\/2025<\/option><option value=\"Mar\u00e7o\/2025\">Mar\u00e7o\/2025<\/option><option value=\"Abril\/2025\">Abril\/2025<\/option><option value=\"Maio\/2025\">Maio\/2025<\/option><option value=\"Junho\/2025\">Junho\/2025<\/option><option value=\"Julho\/2025\">Julho\/2025<\/option><option value=\"Agosto\/2025\">Agosto\/2025<\/option><option value=\"Setembro\/2025\">Setembro\/2025<\/option><option value=\"Outubro\/2025\">Outubro\/2025<\/option><option value=\"Novembro\/2025\">Novembro\/2025<\/option><option value=\"Dezembro\/2025\">Dezembro\/2025<\/option><option value=\"Janeiro\/2026\">Janeiro\/2026<\/option><option value=\"Fevereiro\/2026\">Fevereiro\/2026<\/option><option value=\"Mar\u00e7o\/2026\">Mar\u00e7o\/2026<\/option><option value=\"Abril\/2026\">Abril\/2026<\/option><option value=\"Maio\/2026\">Maio\/2026<\/option><option value=\"Junho\/2026\">Junho\/2026<\/option><option value=\"Julho\/2026\">Julho\/2026<\/option><option value=\"Agosto\/2026\">Agosto\/2026<\/option><option value=\"Setembro\/2026\">Setembro\/2026<\/option><option value=\"Outubro\/2026\">Outubro\/2026<\/option><option value=\"Novembro\/2026\">Novembro\/2026<\/option><option value=\"Dezembro\/2026\">Dezembro\/2026<\/option><\/select><\/span>\n<\/p>\n<p>Nome completo do Funcion\u00e1rio: *<br \/>\n<span class=\"wpcf7-form-control-wrap\" data-name=\"nome\"><input size=\"40\" maxlength=\"400\" class=\"wpcf7-form-control wpcf7-text wpcf7-validates-as-required\" aria-required=\"true\" aria-invalid=\"false\" value=\"\" type=\"text\" name=\"nome\" \/><\/span>\n<\/p>\n<p>CPF do Funcion\u00e1rio: *<br \/>\n<span class=\"wpcf7-form-control-wrap\" data-name=\"cpf\"><input size=\"40\" maxlength=\"400\" class=\"wpcf7-form-control wpcf7-text wpcf7-validates-as-required\" aria-required=\"true\" aria-invalid=\"false\" value=\"\" type=\"text\" name=\"cpf\" \/><\/span>\n<\/p>\n<p>Email do Funcion\u00e1rio: *<br \/>\n<span class=\"wpcf7-form-control-wrap\" data-name=\"email\"><input size=\"40\" maxlength=\"400\" class=\"wpcf7-form-control wpcf7-email wpcf7-text wpcf7-validates-as-email\" aria-invalid=\"false\" value=\"\" type=\"email\" name=\"email\" \/><\/span>\n<\/p>\n<p>Telefone do Funcion\u00e1rio: * Formato (00) 0000-0000<br \/>\n<span class=\"wpcf7-form-control-wrap\" data-name=\"telefone\"><input size=\"40\" maxlength=\"400\" class=\"wpcf7-form-control wpcf7-text wpcf7-validates-as-required\" aria-required=\"true\" aria-invalid=\"false\" value=\"\" type=\"text\" name=\"telefone\" \/><\/span>\n<\/p>\n<p>Servi\u00e7o Terceirizado: *<br \/>\n<span class=\"wpcf7-form-control-wrap\" data-name=\"servico\"><select class=\"wpcf7-form-control wpcf7-select wpcf7-validates-as-required\" aria-required=\"true\" aria-invalid=\"false\" name=\"servico\"><option value=\"\">&#8212;Escolha uma op\u00e7\u00e3o&#8212;<\/option><option value=\"Acessibilidade e Inclus\u00e3o\">Acessibilidade e Inclus\u00e3o<\/option><option value=\"Apoio Agropecu\u00e1rio\">Apoio Agropecu\u00e1rio<\/option><option value=\"Limpeza\">Limpeza<\/option><option value=\"Manuten\u00e7\u00e3o Predial\">Manuten\u00e7\u00e3o Predial<\/option><option value=\"Motoristas\">Motoristas<\/option><option value=\"Operadores de Barragem\">Operadores de Barragem<\/option><option value=\"Portaria\">Portaria<\/option><option value=\"Vigia e Monitoramento\">Vigia e Monitoramento<\/option><option value=\"Vigil\u00e2ncia Armada\">Vigil\u00e2ncia Armada<\/option><\/select><\/span>\n<\/p>\n<p>Cargo\/Fun\u00e7\u00e3o do Funcion\u00e1rio: *<br \/>\n<span class=\"wpcf7-form-control-wrap\" data-name=\"funcao\"><input size=\"40\" maxlength=\"400\" class=\"wpcf7-form-control wpcf7-text wpcf7-validates-as-required\" aria-required=\"true\" aria-invalid=\"false\" value=\"\" type=\"text\" name=\"funcao\" \/><\/span>\n<\/p>\n<p>Admitido pela Empresa em: * DD\/MM\/AAAA (Consultar CTPS)<br \/>\n<span class=\"wpcf7-form-control-wrap\" data-name=\"admitido_empresa\"><input size=\"40\" maxlength=\"400\" class=\"wpcf7-form-control wpcf7-text wpcf7-validates-as-required\" aria-required=\"true\" aria-invalid=\"false\" value=\"\" type=\"text\" name=\"admitido_empresa\" \/><\/span>\n<\/p>\n<p>A disposi\u00e7\u00e3o da UFPel a partir de: * DD\/MM\/AAAA<br \/>\n<span class=\"wpcf7-form-control-wrap\" data-name=\"disposicao_ufpel\"><input size=\"40\" maxlength=\"400\" class=\"wpcf7-form-control wpcf7-text wpcf7-validates-as-required\" aria-required=\"true\" aria-invalid=\"false\" value=\"\" type=\"text\" name=\"disposicao_ufpel\" \/><\/span>\n<\/p>\n<p>1. O sal\u00e1rio est\u00e1 sendo pago corretamente e em dia?* <span class=\"wpcf7-form-control-wrap\" data-name=\"salario_dia\"><span class=\"wpcf7-form-control wpcf7-checkbox wpcf7-validates-as-required wpcf7-exclusive-checkbox\"><span class=\"wpcf7-list-item first\"><input type=\"checkbox\" name=\"salario_dia\" value=\"SIM\" \/><span class=\"wpcf7-list-item-label\">SIM<\/span><\/span><span class=\"wpcf7-list-item last\"><input type=\"checkbox\" name=\"salario_dia\" value=\"N\u00c3O\" \/><span class=\"wpcf7-list-item-label\">N\u00c3O<\/span><\/span><\/span><\/span>\n<\/p>\n<div data-id=\"naosal\" data-orig_data_id=\"naosal\"  class=\"\" data-class=\"wpcf7cf_group\">\n\t<p style=\"text-indent: 5em;\">Valor incorreto de Sal\u00e1rio: <span class=\"wpcf7-form-control-wrap\" data-name=\"valor_salario\"><input size=\"40\" maxlength=\"400\" class=\"wpcf7-form-control wpcf7-text\" aria-invalid=\"false\" value=\"\" type=\"text\" name=\"valor_salario\" \/><\/span>\n\t<\/p>\n\t<p style=\"text-indent: 5em;\">Dias de atraso: <span class=\"wpcf7-form-control-wrap\" data-name=\"dias_atraso_salario\"><input size=\"40\" maxlength=\"400\" class=\"wpcf7-form-control wpcf7-text\" aria-invalid=\"false\" value=\"\" type=\"text\" name=\"dias_atraso_salario\" \/><\/span>\n\t<\/p>\n\t<p style=\"text-indent: 5em;\">Houve algum fato que justificaria o atraso: <span class=\"wpcf7-form-control-wrap\" data-name=\"justificativa_atraso_salario\"><input size=\"40\" maxlength=\"400\" class=\"wpcf7-form-control wpcf7-text\" aria-invalid=\"false\" value=\"\" type=\"text\" name=\"justificativa_atraso_salario\" \/><\/span>\n\t<\/p>\n<\/div>\n<p>2. Caso possua direito. O vale-alimenta\u00e7\u00e3o est\u00e1 sendo pago corretamente e em dia? * <span class=\"wpcf7-form-control-wrap\" data-name=\"va_dia\"><span class=\"wpcf7-form-control wpcf7-checkbox wpcf7-validates-as-required wpcf7-exclusive-checkbox\"><span class=\"wpcf7-list-item first\"><input type=\"checkbox\" name=\"va_dia\" value=\"SIM\" \/><span class=\"wpcf7-list-item-label\">SIM<\/span><\/span><span class=\"wpcf7-list-item last\"><input type=\"checkbox\" name=\"va_dia\" value=\"N\u00c3O\" \/><span class=\"wpcf7-list-item-label\">N\u00c3O<\/span><\/span><\/span><\/span>\n<\/p>\n<div data-id=\"naova\" data-orig_data_id=\"naova\"  class=\"\" data-class=\"wpcf7cf_group\">\n\t<p style=\"text-indent: 5em;\">Valor incorreto de vale-alimenta\u00e7\u00e3o: <span class=\"wpcf7-form-control-wrap\" data-name=\"valor_va\"><input size=\"40\" maxlength=\"400\" class=\"wpcf7-form-control wpcf7-text\" aria-invalid=\"false\" value=\"\" type=\"text\" name=\"valor_va\" \/><\/span>\n\t<\/p>\n\t<p style=\"text-indent: 5em;\">Dias de atraso: <span class=\"wpcf7-form-control-wrap\" data-name=\"dias_atraso_va\"><input size=\"40\" maxlength=\"400\" class=\"wpcf7-form-control wpcf7-text\" aria-invalid=\"false\" value=\"\" type=\"text\" name=\"dias_atraso_va\" \/><\/span>\n\t<\/p>\n\t<p style=\"text-indent: 5em;\">Houve algum fato que justificaria o atraso: <span class=\"wpcf7-form-control-wrap\" data-name=\"justificativa_atraso_va\"><input size=\"40\" maxlength=\"400\" class=\"wpcf7-form-control wpcf7-text\" aria-invalid=\"false\" value=\"\" type=\"text\" name=\"justificativa_atraso_va\" \/><\/span>\n\t<\/p>\n<\/div>\n<p>3. Caso tenha solicitado. O vale-transporte est\u00e1 sendo pago corretamente e em dia?* <span class=\"wpcf7-form-control-wrap\" data-name=\"vt_dia\"><span class=\"wpcf7-form-control wpcf7-checkbox wpcf7-validates-as-required wpcf7-exclusive-checkbox\"><span class=\"wpcf7-list-item first\"><input type=\"checkbox\" name=\"vt_dia\" value=\"SIM\" \/><span class=\"wpcf7-list-item-label\">SIM<\/span><\/span><span class=\"wpcf7-list-item last\"><input type=\"checkbox\" name=\"vt_dia\" value=\"N\u00c3O\" \/><span class=\"wpcf7-list-item-label\">N\u00c3O<\/span><\/span><\/span><\/span>\n<\/p>\n<div data-id=\"naovt\" data-orig_data_id=\"naovt\"  class=\"\" data-class=\"wpcf7cf_group\">\n\t<p style=\"text-indent: 5em;\">Valor incorreto de vale-transporte: <span class=\"wpcf7-form-control-wrap\" data-name=\"valor_vt\"><input size=\"40\" maxlength=\"400\" class=\"wpcf7-form-control wpcf7-text\" aria-invalid=\"false\" value=\"\" type=\"text\" name=\"valor_vt\" \/><\/span>\n\t<\/p>\n\t<p style=\"text-indent: 5em;\">Dias de atraso: <span class=\"wpcf7-form-control-wrap\" data-name=\"dias_atraso_vt\"><input size=\"40\" maxlength=\"400\" class=\"wpcf7-form-control wpcf7-text\" aria-invalid=\"false\" value=\"\" type=\"text\" name=\"dias_atraso_vt\" \/><\/span>\n\t<\/p>\n\t<p style=\"text-indent: 5em;\">Houve algum fato que justificaria o atraso: <span class=\"wpcf7-form-control-wrap\" data-name=\"justificativa_atraso_vt\"><input size=\"40\" maxlength=\"400\" class=\"wpcf7-form-control wpcf7-text\" aria-invalid=\"false\" value=\"\" type=\"text\" name=\"justificativa_atraso_vt\" \/><\/span>\n\t<\/p>\n<\/div>\n<p>4. A jornada de trabalho est\u00e1 sendo cumprida conforme o contrato de trabalho?* <span class=\"wpcf7-form-control-wrap\" data-name=\"jornada\"><span class=\"wpcf7-form-control wpcf7-checkbox wpcf7-validates-as-required wpcf7-exclusive-checkbox\"><span class=\"wpcf7-list-item first\"><input type=\"checkbox\" name=\"jornada\" value=\"SIM\" \/><span class=\"wpcf7-list-item-label\">SIM<\/span><\/span><span class=\"wpcf7-list-item last\"><input type=\"checkbox\" name=\"jornada\" value=\"N\u00c3O\" \/><span class=\"wpcf7-list-item-label\">N\u00c3O<\/span><\/span><\/span><\/span>\n<\/p>\n<p>4.1. \u00c9 dever do funcion\u00e1rio prestar o servi\u00e7o nos hor\u00e1rios preestabelecidos. N\u00e3o sendo permitido a realiza\u00e7\u00e3o de horas extras, salvo exce\u00e7\u00f5es devidamente comunicadas e autorizadas pela fiscaliza\u00e7\u00e3o contratual!\n<\/p>\n<p>5. Est\u00e1 ciente e gozando de seu hor\u00e1rio de intervalo intrajornada?* <span class=\"wpcf7-form-control-wrap\" data-name=\"intervalo\"><span class=\"wpcf7-form-control wpcf7-checkbox wpcf7-validates-as-required wpcf7-exclusive-checkbox\"><span class=\"wpcf7-list-item first\"><input type=\"checkbox\" name=\"intervalo\" value=\"SIM\" \/><span class=\"wpcf7-list-item-label\">SIM<\/span><\/span><span class=\"wpcf7-list-item last\"><input type=\"checkbox\" name=\"intervalo\" value=\"N\u00c3O\" \/><span class=\"wpcf7-list-item-label\">N\u00c3O<\/span><\/span><\/span><\/span>\n<\/p>\n<p>5.1.\u00c9 dever do funcion\u00e1rio gozar de todo o seu per\u00edodo de intervalo, preferencialmente, fora do local de trabalho.\n<\/p>\n<p>6. A Carteira de Trabalho est\u00e1 de posse do funcion\u00e1rio, assinada corretamente, inclusive com valores atualizados de sal\u00e1rios e benef\u00edcios previstos na Conven\u00e7\u00e3o Coletiva de Trabalho? * <span class=\"wpcf7-form-control-wrap\" data-name=\"ctps\"><span class=\"wpcf7-form-control wpcf7-checkbox wpcf7-validates-as-required wpcf7-exclusive-checkbox\"><span class=\"wpcf7-list-item first\"><input type=\"checkbox\" name=\"ctps\" value=\"SIM\" \/><span class=\"wpcf7-list-item-label\">SIM<\/span><\/span><span class=\"wpcf7-list-item last\"><input type=\"checkbox\" name=\"ctps\" value=\"N\u00c3O\" \/><span class=\"wpcf7-list-item-label\">N\u00c3O<\/span><\/span><\/span><\/span>\n<\/p>\n<p>6.1. Para ter acesso a todos os benef\u00edcios trabalhistas \u2013 como f\u00e9rias, 13\u00ba sal\u00e1rio, aposentadoria, seguro desemprego e licen\u00e7a-maternidade, por exemplo \u2013 a carteira de trabalho precisa estar devidamente assinada. Sendo assim, a empresa n\u00e3o pode ficar com a carteira do trabalhador por mais de 48 horas.\n<\/p>\n<p>7. A empresa est\u00e1 recolhendo o FGTS em dia? * <span class=\"wpcf7-form-control-wrap\" data-name=\"fgts\"><span class=\"wpcf7-form-control wpcf7-checkbox wpcf7-validates-as-required wpcf7-exclusive-checkbox\"><span class=\"wpcf7-list-item first\"><input type=\"checkbox\" name=\"fgts\" value=\"SIM\" \/><span class=\"wpcf7-list-item-label\">SIM<\/span><\/span><span class=\"wpcf7-list-item last\"><input type=\"checkbox\" name=\"fgts\" value=\"N\u00c3O\" \/><span class=\"wpcf7-list-item-label\">N\u00c3O<\/span><\/span><\/span><\/span>\n<\/p>\n<p>7.1. \u00c9 poss\u00edvel consultar o saldo do FGTS pela internet e at\u00e9 mesmo cadastramento de celular e acompanhamento via mensagens \u201csms\u201d. Informa\u00e7\u00f5es em: <a href=\"http:\/\/www.fgts.gov.br\/Pages\/sou-trabalhador\/acompanhe-fgts.aspx\">http:\/\/www.fgts.gov.br\/Pages\/sou-trabalhador\/acompanhe-fgts.aspx<\/a>\n<\/p>\n<p>8. A empresa est\u00e1 recolhendo o INSS em dia? * <span class=\"wpcf7-form-control-wrap\" data-name=\"inss\"><span class=\"wpcf7-form-control wpcf7-checkbox wpcf7-validates-as-required wpcf7-exclusive-checkbox\"><span class=\"wpcf7-list-item first\"><input type=\"checkbox\" name=\"inss\" value=\"SIM\" \/><span class=\"wpcf7-list-item-label\">SIM<\/span><\/span><span class=\"wpcf7-list-item last\"><input type=\"checkbox\" name=\"inss\" value=\"N\u00c3O\" \/><span class=\"wpcf7-list-item-label\">N\u00c3O<\/span><\/span><\/span><\/span>\n<\/p>\n<p>8.1. \u00c9 poss\u00edvel visualizar todos os v\u00ednculos com a Previd\u00eancia constantes no seu cadastro individual, bem como acompanhar os recolhimentos pela internet. Informa\u00e7\u00f5es em: <a href=\"http:\/\/www.previdencia.gov.br\/servicos-ao-cidadao\/todos-os-servicos\/cnis\/\">http:\/\/www.previdencia.gov.br\/servicos-ao-cidadao\/todos-os-servicos\/cnis\/<\/a>\n<\/p>\n<p>9. Os servi\u00e7os prestados est\u00e3o de acordo com a fun\u00e7\u00e3o\/ocupa\u00e7\u00e3o para que foi contratado? * <span class=\"wpcf7-form-control-wrap\" data-name=\"ocupacao\"><span class=\"wpcf7-form-control wpcf7-checkbox wpcf7-validates-as-required\"><span class=\"wpcf7-list-item first\"><input type=\"checkbox\" name=\"ocupacao[]\" value=\"SIM\" \/><span class=\"wpcf7-list-item-label\">SIM<\/span><\/span><span class=\"wpcf7-list-item last\"><input type=\"checkbox\" name=\"ocupacao[]\" value=\"N\u00c3O\" \/><span class=\"wpcf7-list-item-label\">N\u00c3O<\/span><\/span><\/span><\/span>\n<\/p>\n<p>9.1. \u00c9 dever do funcion\u00e1rio executar somente as atividades inerentes a fun\u00e7\u00e3o\/ocupa\u00e7\u00e3o contratada, nos termos da Classifica\u00e7\u00e3o Brasileira de Ocupa\u00e7\u00f5es. Sendo proibido o acumulo ou e\/ou desvio de fun\u00e7\u00e3o.\n<\/p>\n<p>10. Foram disponibilizados os Equipamentos de Prote\u00e7\u00e3o Individual e Coletiva, bem como treinamento adequado para a utiliza\u00e7\u00e3o? * <span class=\"wpcf7-form-control-wrap\" data-name=\"epi\"><span class=\"wpcf7-form-control wpcf7-checkbox wpcf7-validates-as-required wpcf7-exclusive-checkbox\"><span class=\"wpcf7-list-item first\"><input type=\"checkbox\" name=\"epi\" value=\"SIM\" \/><span class=\"wpcf7-list-item-label\">SIM<\/span><\/span><span class=\"wpcf7-list-item last\"><input type=\"checkbox\" name=\"epi\" value=\"N\u00c3O\" \/><span class=\"wpcf7-list-item-label\">N\u00c3O<\/span><\/span><\/span><\/span>\n<\/p>\n<p>10.1 Est\u00e1 ciente da obrigatoriedade de utilizar os Equipamentos de Prote\u00e7\u00e3o Individual e Coletiva? <span class=\"wpcf7-form-control-wrap\" data-name=\"obriga_epi\"><span class=\"wpcf7-form-control wpcf7-checkbox wpcf7-validates-as-required wpcf7-exclusive-checkbox\"><span class=\"wpcf7-list-item first\"><input type=\"checkbox\" name=\"obriga_epi\" value=\"SIM\" \/><span class=\"wpcf7-list-item-label\">SIM<\/span><\/span><span class=\"wpcf7-list-item last\"><input type=\"checkbox\" name=\"obriga_epi\" value=\"N\u00c3O\" \/><span class=\"wpcf7-list-item-label\">N\u00c3O<\/span><\/span><\/span><\/span>\n<\/p>\n<p>11. Foram disponibilizados Uniformes, em quantidades suficientes, inclusive adequado para a utiliza\u00e7\u00e3o a cada esta\u00e7\u00e3o do ano? * <span class=\"wpcf7-form-control-wrap\" data-name=\"uniforme\"><span class=\"wpcf7-form-control wpcf7-checkbox wpcf7-validates-as-required wpcf7-exclusive-checkbox\"><span class=\"wpcf7-list-item first\"><input type=\"checkbox\" name=\"uniforme\" value=\"SIM\" \/><span class=\"wpcf7-list-item-label\">SIM<\/span><\/span><span class=\"wpcf7-list-item last\"><input type=\"checkbox\" name=\"uniforme\" value=\"N\u00c3O\" \/><span class=\"wpcf7-list-item-label\">N\u00c3O<\/span><\/span><\/span><\/span>\n<\/p>\n<p>11.1 Est\u00e1 ciente da obrigatoriedade de utilizar os Uniformes disponibilizados? <span class=\"wpcf7-form-control-wrap\" data-name=\"obriga_uniforme\"><span class=\"wpcf7-form-control wpcf7-checkbox wpcf7-validates-as-required wpcf7-exclusive-checkbox\"><span class=\"wpcf7-list-item first\"><input type=\"checkbox\" name=\"obriga_uniforme\" value=\"SIM\" \/><span class=\"wpcf7-list-item-label\">SIM<\/span><\/span><span class=\"wpcf7-list-item last\"><input type=\"checkbox\" name=\"obriga_uniforme\" value=\"N\u00c3O\" \/><span class=\"wpcf7-list-item-label\">N\u00c3O<\/span><\/span><\/span><\/span>\n<\/p>\n<p>12. Existe alguma irregularidade no contrato ou alguma observa\u00e7\u00e3o que julga importante relatar, inclusive sobre os itens anteriores? * <span class=\"wpcf7-form-control-wrap\" data-name=\"irregularidade\"><span class=\"wpcf7-form-control wpcf7-checkbox wpcf7-validates-as-required wpcf7-exclusive-checkbox\"><span class=\"wpcf7-list-item first\"><input type=\"checkbox\" name=\"irregularidade\" value=\"SIM\" \/><span class=\"wpcf7-list-item-label\">SIM<\/span><\/span><span class=\"wpcf7-list-item last\"><input type=\"checkbox\" name=\"irregularidade\" value=\"N\u00c3O\" \/><span class=\"wpcf7-list-item-label\">N\u00c3O<\/span><\/span><\/span><\/span>\n<\/p>\n<div data-id=\"irregularidade\" data-orig_data_id=\"irregularidade\"  class=\"\" data-class=\"wpcf7cf_group\">\n\t<p>Relato:<br \/>\n<span class=\"wpcf7-form-control-wrap\" data-name=\"relato\"><textarea cols=\"40\" rows=\"10\" maxlength=\"2000\" class=\"wpcf7-form-control wpcf7-textarea\" aria-invalid=\"false\" name=\"relato\"><\/textarea><\/span>\n\t<\/p>\n\t<p>Inserir Arquivo:<br \/>\n<span class=\"wpcf7-form-control-wrap\" data-name=\"documento1\"><input size=\"40\" class=\"wpcf7-form-control wpcf7-file\" accept=\"audio\/*,video\/*,image\/*\" aria-invalid=\"false\" type=\"file\" name=\"documento1\" \/><\/span>\n\t<\/p>\n\t<p>Inserir Arquivo:<br \/>\n<span class=\"wpcf7-form-control-wrap\" data-name=\"documento2\"><input size=\"40\" class=\"wpcf7-form-control wpcf7-file\" accept=\"audio\/*,video\/*,image\/*\" aria-invalid=\"false\" type=\"file\" name=\"documento2\" \/><\/span>\n\t<\/p>\n\t<p>Inserir Arquivo:<br \/>\n<span class=\"wpcf7-form-control-wrap\" data-name=\"documento3\"><input size=\"40\" class=\"wpcf7-form-control wpcf7-file\" accept=\"audio\/*,video\/*,image\/*\" aria-invalid=\"false\" type=\"file\" name=\"documento3\" \/><\/span>\n\t<\/p>\n\t<p>Inserir Arquivo:<br \/>\n<span class=\"wpcf7-form-control-wrap\" data-name=\"documento4\"><input size=\"40\" class=\"wpcf7-form-control wpcf7-file\" accept=\"audio\/*,video\/*,image\/*\" aria-invalid=\"false\" type=\"file\" name=\"documento4\" \/><\/span>\n\t<\/p>\n\t<p>Inserir Arquivo:<br \/>\n<span class=\"wpcf7-form-control-wrap\" data-name=\"documento5\"><input size=\"40\" class=\"wpcf7-form-control wpcf7-file\" accept=\"audio\/*,video\/*,image\/*\" aria-invalid=\"false\" type=\"file\" name=\"documento5\" \/><\/span>\n\t<\/p>\n<\/div>\n<p><span class=\"wpcf7-form-control-wrap\" data-name=\"aceita\"><span class=\"wpcf7-form-control wpcf7-acceptance\"><span class=\"wpcf7-list-item\"><input type=\"checkbox\" name=\"aceita\" value=\"1\" aria-invalid=\"false\" \/><\/span><\/span><\/span> Declaro, sob minha inteira responsabilidade, serem exatas e verdadeiras as informa\u00e7\u00f5es aqui prestadas, sob pena de responsabilidade administrativa civil e penal.\n<\/p>\n<p><input type=\"hidden\" name=\"_wpcf7_captcha_challenge_captcha-961\" value=\"42438930\" \/><img data-recalc-dims=\"1\" class=\"wpcf7-form-control wpcf7-captchac wpcf7-captcha-captcha-961\" width=\"72\" height=\"24\" alt=\"captcha\" src=\"https:\/\/i0.wp.com\/wp.ufpel.edu.br\/terceirizados\/files\/wpcf7_captcha\/42438930.png?resize=72%2C24&#038;ssl=1\" \/><span class=\"wpcf7-form-control-wrap\" data-name=\"captcha-961\"><input size=\"40\" class=\"wpcf7-form-control wpcf7-captchar\" autocomplete=\"off\" aria-invalid=\"false\" value=\"\" type=\"text\" name=\"captcha-961\" \/><\/span>\n<\/p>\n<p><input class=\"wpcf7-form-control wpcf7-submit has-spinner\" type=\"submit\" value=\"Enviar\" \/>\n<\/p><p style=\"display: none !important;\" class=\"akismet-fields-container\" data-prefix=\"_wpcf7_ak_\"><label>&#916;<textarea name=\"_wpcf7_ak_hp_textarea\" cols=\"45\" rows=\"8\" maxlength=\"100\"><\/textarea><\/label><input type=\"hidden\" id=\"ak_js_1\" name=\"_wpcf7_ak_js\" value=\"56\"\/><script>document.getElementById( \"ak_js_1\" ).setAttribute( \"value\", ( new Date() ).getTime() );<\/script><\/p><div class=\"wpcf7-response-output\" aria-hidden=\"true\"><\/div>\n<\/form>\n<\/div>\n\n<p>&nbsp;<\/p>\n","protected":false},"excerpt":{"rendered":"<p>QUESTION\u00c1RIO DE FISCALIZA\u00c7\u00c3O CONTRATUAL Este question\u00e1rio tem a finalidade principal de obter um retorno (feedback) diretamente dos trabalhadores terceirizados em rela\u00e7\u00e3o ao cumprimento das obriga\u00e7\u00f5es trabalhistas por parte de seus respectivos empregadores. Orientamos que o question\u00e1rio seja respondido mensalmente. Os fiscais poder\u00e3o adequar\/ampliar o question\u00e1rio de acordo com as peculiaridades de cada contrato, para isto [&hellip;]<\/p>\n","protected":false},"author":788,"featured_media":0,"parent":18,"menu_order":2,"comment_status":"closed","ping_status":"closed","template":"","meta":{"jetpack_post_was_ever_published":false,"footnotes":""},"class_list":["post-262","page","type-page","status-publish","hentry"],"jetpack_sharing_enabled":true,"jetpack_shortlink":"https:\/\/wp.me\/P92luU-4e","jetpack-related-posts":[{"id":176,"url":"https:\/\/wp.ufpel.edu.br\/terceirizados\/contratos\/manutencao\/","url_meta":{"origin":262,"position":0},"title":"[Contrato n\u00ba 051\/2023- Manuten\u00e7\u00e3o Predial e \u00c1reas Externas]","author":"N\u00facleo de Gest\u00e3o de Servi\u00e7os Terceirizados","date":"21\/09\/2017","format":false,"excerpt":"Fale sobre Servi\u00e7os Terceirizados (Atendimento): http:\/\/atendimento.ufpel.edu.br Question\u00e1rio de Fiscaliza\u00e7\u00e3o Contratual: https:\/\/wp.ufpel.edu.br\/terceirizados\/contratos\/questionario\/ Autoriza\u00e7\u00e3o para Atividades Extraordin\u00e1rias: https:\/\/wp.ufpel.edu.br\/terceirizados\/contratos\/manutencao\/autorizacao-horaextra\/","rel":"","context":"Post similar","block_context":{"text":"Post similar","link":""},"img":{"alt_text":"","src":"","width":0,"height":0},"classes":[]},{"id":116,"url":"https:\/\/wp.ufpel.edu.br\/terceirizados\/contratos\/portaria\/","url_meta":{"origin":262,"position":1},"title":"[Contrato n\u00ba 021\/2020 &#8211; Portaria]","author":"N\u00facleo de Gest\u00e3o de Servi\u00e7os Terceirizados","date":"03\/08\/2017","format":false,"excerpt":"Fale sobre Servi\u00e7os Terceirizados (Atendimento): http:\/\/atendimento.ufpel.edu.br Question\u00e1rio de Fiscaliza\u00e7\u00e3o Contratual: https:\/\/wp.ufpel.edu.br\/terceirizados\/contratos\/questionario\/ \u00a0 Orienta\u00e7\u00f5es:\u00a0Servi\u00e7o de Portaria Aloca\u00e7\u00e3o de Salas: (wp.ufpel.edu.br\/proplan\/nge\/orientacoes) Agenda das Salas:\u00a0wp.ufpel.edu.br\/proplan\/nge\/agenda-das-salas Pedidos de Agendamento:\u00a0wp.ufpel.edu.br\/proplan\/nge\/pedidos-de-agendamento Consulta Contatos UFPel: Busca de Telefones:\u00a0cobalto.ufpel.edu.br\/portal\/consultas\/guiatelefonicopublico Busca de E-mails:\u00a0cobalto.ufpel.edu.br\/redes\/buscaEmail Telefones \u00dateis: wp.ufpel.edu.br\/terceirizados\/orientacoes\/telefones-uteis Informa\u00e7\u00f5es (Totem): (totem.ufpel.edu.br) Pr\u00e9dios:\u00a0totem.ufpel.edu.br\/informacoes\/predios Senha Wireless: totem.ufpel.edu.br Transporte:\u00a0https:\/\/wp.ufpel.edu.br\/transporte\/ Carona solid\u00e1ria UFPel:\u00a0https:\/\/wp.ufpel.edu.br\/transporte\/carona\/ Transporte de\u2026","rel":"","context":"Post similar","block_context":{"text":"Post similar","link":""},"img":{"alt_text":"","src":"https:\/\/i0.wp.com\/wp.ufpel.edu.br\/terceirizados\/files\/2017\/08\/Portaria.png?fit=314%2C235&ssl=1&resize=350%2C200","width":350,"height":200},"classes":[]},{"id":679,"url":"https:\/\/wp.ufpel.edu.br\/terceirizados\/contratos\/vigia\/","url_meta":{"origin":262,"position":2},"title":"[Contrato n\u00ba 084\/2019 &#8211; Vigia e Monitoramento]","author":"N\u00facleo de Gest\u00e3o de Servi\u00e7os Terceirizados","date":"12\/07\/2019","format":false,"excerpt":"Fale sobre Servi\u00e7os Terceirizados (Atendimento): http:\/\/atendimento.ufpel.edu.br Question\u00e1rio de Fiscaliza\u00e7\u00e3o Contratual: https:\/\/wp.ufpel.edu.br\/terceirizados\/contratos\/questionario\/ \u00a0 Orienta\u00e7\u00f5es:\u00a0Servi\u00e7o de Vigia e Monitoramento \u00a0 Descri\u00e7\u00e3o geral das atividades dos postos VIGIA: Controle de Acesso: Receber, orientar e encaminhar pessoas aos locais desejados; Orientar visitantes, clientes e prestadores de servi\u00e7os; Orientar deslocamento na Institui\u00e7\u00e3o; Abrir e fechar\u2026","rel":"","context":"Post similar","block_context":{"text":"Post similar","link":""},"img":{"alt_text":"","src":"","width":0,"height":0},"classes":[]},{"id":217,"url":"https:\/\/wp.ufpel.edu.br\/terceirizados\/mapeamento-de-processos\/","url_meta":{"origin":262,"position":3},"title":"Mapeamento de Processos","author":"N\u00facleo de Gest\u00e3o de Servi\u00e7os Terceirizados","date":"20\/10\/2017","format":false,"excerpt":"Os processos mapeados dispon\u00edveis nesta p\u00e1gina, s\u00e3o subprocessos do MACROPROCESSO \u201cContrata\u00e7\u00e3o de Servi\u00e7os com Contrato DEMO\u201d e est\u00e3o originalmente dispon\u00edveis e atualizados no portal do Escrit\u00f3rio de Processos da UFPel, podendo ser consultados diretamente naquele ambiente. Nesta p\u00e1gina, apresentamos apenas os links de acesso ao material mantido pelo Escrit\u00f3rio de\u2026","rel":"","context":"Post similar","block_context":{"text":"Post similar","link":""},"img":{"alt_text":"","src":"","width":0,"height":0},"classes":[]},{"id":18,"url":"https:\/\/wp.ufpel.edu.br\/terceirizados\/contratos\/","url_meta":{"origin":262,"position":4},"title":"Contratos de Servi\u00e7os Terceirizados","author":"N\u00facleo de Gest\u00e3o de Servi\u00e7os Terceirizados","date":"02\/08\/2017","format":false,"excerpt":"Disponibilizamos em gr\u00e1ficos e planilhas uma vis\u00e3o geral dos contratos de servi\u00e7os terceirizados com dedica\u00e7\u00e3o exclusiva de m\u00e3o de obra, apresentado em valores mensais e percentuais referentes ao total contratado.","rel":"","context":"Post similar","block_context":{"text":"Post similar","link":""},"img":{"alt_text":"","src":"https:\/\/i0.wp.com\/wp.ufpel.edu.br\/terceirizados\/files\/2021\/04\/Vitrine-SUINFRA_rev03_Fiscais-Azul_16-Operador-de-Barragem-Circulo_Azul.png?resize=350%2C200&ssl=1","width":350,"height":200},"classes":[]},{"id":15,"url":"https:\/\/wp.ufpel.edu.br\/terceirizados\/apresentacao\/","url_meta":{"origin":262,"position":5},"title":"Apresenta\u00e7\u00e3o","author":"N\u00facleo de Gest\u00e3o de Servi\u00e7os Terceirizados","date":"02\/08\/2017","format":false,"excerpt":"N\u00facleo de Gest\u00e3o de Servi\u00e7os TerceirizadosJeremias Maas Lerm (Chefe do N\u00facleo)Se\u00e7\u00e3o de Controle e Monitoramento de Servi\u00e7os TerceirizadosRenata Machado Pereira (Chefe da Se\u00e7\u00e3o)Endere\u00e7o: Rua Gomes Carneiro, 01, Sala A305, 3\u00ba AndarBloco A, Campus Anglo,\u00a0Centro, Pelotas-RS, CEP 96010-610 E-mail: terceirizados@ufpel.edu.brTelefone: +55 (53) 3284-3923 O N\u00facleo de Gest\u00e3o de Servi\u00e7os Terceirizados \u2013\u2026","rel":"","context":"Post similar","block_context":{"text":"Post similar","link":""},"img":{"alt_text":"","src":"https:\/\/i0.wp.com\/wp.ufpel.edu.br\/terceirizados\/files\/2021\/04\/Vitrine-SUINFRA_rev07_NUGEST-Servicos.png?resize=350%2C200&ssl=1","width":350,"height":200},"classes":[]}],"jetpack_likes_enabled":true,"_links":{"self":[{"href":"https:\/\/wp.ufpel.edu.br\/terceirizados\/wp-json\/wp\/v2\/pages\/262","targetHints":{"allow":["GET"]}}],"collection":[{"href":"https:\/\/wp.ufpel.edu.br\/terceirizados\/wp-json\/wp\/v2\/pages"}],"about":[{"href":"https:\/\/wp.ufpel.edu.br\/terceirizados\/wp-json\/wp\/v2\/types\/page"}],"author":[{"embeddable":true,"href":"https:\/\/wp.ufpel.edu.br\/terceirizados\/wp-json\/wp\/v2\/users\/788"}],"replies":[{"embeddable":true,"href":"https:\/\/wp.ufpel.edu.br\/terceirizados\/wp-json\/wp\/v2\/comments?post=262"}],"version-history":[{"count":6,"href":"https:\/\/wp.ufpel.edu.br\/terceirizados\/wp-json\/wp\/v2\/pages\/262\/revisions"}],"predecessor-version":[{"id":592,"href":"https:\/\/wp.ufpel.edu.br\/terceirizados\/wp-json\/wp\/v2\/pages\/262\/revisions\/592"}],"up":[{"embeddable":true,"href":"https:\/\/wp.ufpel.edu.br\/terceirizados\/wp-json\/wp\/v2\/pages\/18"}],"wp:attachment":[{"href":"https:\/\/wp.ufpel.edu.br\/terceirizados\/wp-json\/wp\/v2\/media?parent=262"}],"curies":[{"name":"wp","href":"https:\/\/api.w.org\/{rel}","templated":true}]}}