{"id":440,"date":"2014-03-13T08:32:46","date_gmt":"2014-03-13T11:32:46","guid":{"rendered":"https:\/\/wp.ufpel.edu.br\/terapiaocupacional\/?page_id=440"},"modified":"2025-08-18T22:03:20","modified_gmt":"2025-08-19T01:03:20","slug":"documentos","status":"publish","type":"page","link":"https:\/\/wp.ufpel.edu.br\/terapiaocupacional\/documentos\/","title":{"rendered":"Documentos"},"content":{"rendered":"<h3><strong>PROJETO PEDAG\u00d3GICO DO CURSO DE TERAPIA OCUPACIONAL <\/strong><strong>(PPC 2025)<\/strong><\/h3>\n<h4>Link: <a href=\"https:\/\/wp.ufpel.edu.br\/terapiaocupacional\/files\/2025\/08\/PPC_TO_UFPel_versao2025.pdf\">PPC_TO_UFPel_versao2025<\/a><\/h4>\n<p>&nbsp;<\/p>\n<h3><strong>ATIVIDADES COMPLEMENTARES &#8211; CURSO DE TERAPIA OCUPACIONAL (PPC 2025)<\/strong><\/h3>\n<h5>Arquivo: <a href=\"https:\/\/wp.ufpel.edu.br\/terapiaocupacional\/files\/2025\/08\/Atividades-complementares_TO-UFPel.pdf\">Atividades complementares_TO-UFPel<\/a><\/h5>\n<p>&nbsp;<\/p>\n<h3><strong>FLUXO PARA SOLICITA\u00c7\u00c3O DE QUEBRA DE PR\u00c9-REQUISITO<\/strong><\/h3>\n<h3>Link: <a href=\"https:\/\/wp.ufpel.edu.br\/terapiaocupacional\/files\/2022\/07\/Fluxo-para-solicitacao-de-quebra-de-pre-requisito.docx.pdf\">Fluxo para solicita\u00e7\u00e3o de quebra de pr\u00e9-requisito.docx<\/a><\/h3>\n<p>&nbsp;<\/p>\n<h3><strong>FORMUL\u00c1RIOS PARA PEDIDOS EM GERAL (quebra de pr\u00e9-requisito, modifica\u00e7\u00e3o de hor\u00e1rio de disciplina, pedido de oferta de disciplina etc.)<\/strong><\/h3>\n<h3>Link: <a href=\"https:\/\/wp.ufpel.edu.br\/terapiaocupacional\/documentos\/formulario-atendimento\/\" rel=\"attachment wp-att-687\">Formul\u00e1rio Atendimento<\/a><\/h3>\n<p>&nbsp;<\/p>\n<h3><strong>FORMUL\u00c1RIO PARA SOLICITA\u00c7\u00c3O DE APROVEITAMENTO DE DISCIPLINAS<\/strong><\/h3>\n<h3>Link:\u00a0<a href=\"https:\/\/wp.ufpel.edu.br\/cra\/files\/2020\/07\/Requerimento-de-aproveitamento.pdf\">Requerimento_Aproveitamento\u00a0<\/a><\/h3>\n<p>&nbsp;<\/p>\n<h3><strong>REGIME DE EXERC\u00cdCIOS DOMICILIARES<\/strong><\/h3>\n<h3>Link: <a href=\"https:\/\/wp.ufpel.edu.br\/terapiaocupacional\/files\/2014\/03\/Requerimento-de-Aluno-RED.doc\">Requerimento de Aluno RED<\/a><\/h3>\n<p>&nbsp;<\/p>\n<h3><strong>REGULAMENTO DO ENSINO DE GRADUA\u00c7\u00c3O NA UFPel (Resolu\u00e7\u00e3o 29 de 13 de setembro de 2018)<\/strong><\/h3>\n<h3>Link: <a href=\"https:\/\/wp.ufpel.edu.br\/terapiaocupacional\/files\/2023\/08\/Res.-29-de-13.09.2018-Regulamento-Ensino-de-Graduacao.pdf\">Res. 29 de 13.09.2018 &#8211; Regulamento Ensino de Gradua\u00e7\u00e3o<\/a><\/h3>\n<p>&nbsp;<\/p>\n<h3><\/h3>\n","protected":false},"excerpt":{"rendered":"<p>PROJETO PEDAG\u00d3GICO DO CURSO DE TERAPIA OCUPACIONAL (PPC 2025) Link: PPC_TO_UFPel_versao2025 &nbsp; ATIVIDADES COMPLEMENTARES &#8211; CURSO DE TERAPIA OCUPACIONAL (PPC 2025) Arquivo: Atividades complementares_TO-UFPel &nbsp; FLUXO PARA SOLICITA\u00c7\u00c3O DE QUEBRA DE PR\u00c9-REQUISITO Link: Fluxo para solicita\u00e7\u00e3o de quebra de pr\u00e9-requisito.docx &nbsp; FORMUL\u00c1RIOS PARA PEDIDOS EM GERAL (quebra de pr\u00e9-requisito, modifica\u00e7\u00e3o de hor\u00e1rio de disciplina, pedido [&hellip;]<\/p>\n","protected":false},"author":189,"featured_media":0,"parent":0,"menu_order":0,"comment_status":"closed","ping_status":"closed","template":"","meta":{"footnotes":""},"class_list":["post-440","page","type-page","status-publish","hentry"],"_links":{"self":[{"href":"https:\/\/wp.ufpel.edu.br\/terapiaocupacional\/wp-json\/wp\/v2\/pages\/440","targetHints":{"allow":["GET"]}}],"collection":[{"href":"https:\/\/wp.ufpel.edu.br\/terapiaocupacional\/wp-json\/wp\/v2\/pages"}],"about":[{"href":"https:\/\/wp.ufpel.edu.br\/terapiaocupacional\/wp-json\/wp\/v2\/types\/page"}],"author":[{"embeddable":true,"href":"https:\/\/wp.ufpel.edu.br\/terapiaocupacional\/wp-json\/wp\/v2\/users\/189"}],"replies":[{"embeddable":true,"href":"https:\/\/wp.ufpel.edu.br\/terapiaocupacional\/wp-json\/wp\/v2\/comments?post=440"}],"version-history":[{"count":3,"href":"https:\/\/wp.ufpel.edu.br\/terapiaocupacional\/wp-json\/wp\/v2\/pages\/440\/revisions"}],"predecessor-version":[{"id":1994,"href":"https:\/\/wp.ufpel.edu.br\/terapiaocupacional\/wp-json\/wp\/v2\/pages\/440\/revisions\/1994"}],"wp:attachment":[{"href":"https:\/\/wp.ufpel.edu.br\/terapiaocupacional\/wp-json\/wp\/v2\/media?parent=440"}],"curies":[{"name":"wp","href":"https:\/\/api.w.org\/{rel}","templated":true}]}}