{"id":1494,"date":"2023-07-15T21:17:03","date_gmt":"2023-07-16T00:17:03","guid":{"rendered":"https:\/\/wp.ufpel.edu.br\/terapiaocupacional\/?page_id=1494"},"modified":"2026-08-20T11:18:39","modified_gmt":"2026-08-20T14:18:39","slug":"cad","status":"publish","type":"page","link":"https:\/\/wp.ufpel.edu.br\/terapiaocupacional\/cad\/","title":{"rendered":"CAD"},"content":{"rendered":"<h2><strong>O que \u00e9 o CAD?<\/strong><\/h2>\n<p>\u00c9 uma comiss\u00e3o formada pelos docentes do curso (designada pelo Colegiado) cuja tarefa \u00e9 prestar suporte aos estudantes no decorrer da gradua\u00e7\u00e3o at\u00e9 a conclus\u00e3o do curso.<\/p>\n<p>O N\u00facleo Docente Estruturante (NDE) instituiu o Programa de Apoio ao Discente (PAD) do Curso de Terapia Ocupacional, cuja fun\u00e7\u00e3o \u00e9 orientar o estudante em seu percurso acad\u00eamico, mediante o acompanhamento e tutoria por parte dos docentes do curso no intuito de identificar preventivamente situa\u00e7\u00f5es relativas ao processo de ensino-aprendizagem que levem \u00e0 reten\u00e7\u00e3o e \u00e0 evas\u00e3o dos estudantes, al\u00e9m de criar solu\u00e7\u00f5es para a supera\u00e7\u00e3o desses problemas.<\/p>\n<p>Mais especificamente, o PAD tem como objetivos:<\/p>\n<p>a) Possibilitar e viabilizar a integra\u00e7\u00e3o do estudante ingressante ao contexto e no Curso de Terapia Ocupacional;<\/p>\n<p>b) Orientar o percurso formativo do discente quanto ao curr\u00edculo do curso e \u00e0s escolhas a serem feitas;<\/p>\n<p>c) Desenvolver a autonomia e o protagonismo dos discentes na busca de solu\u00e7\u00f5es para os desafios do cotidiano universit\u00e1rio;<\/p>\n<p>d) Contribuir para sanar os fatores de reten\u00e7\u00e3o, evas\u00e3o e exclus\u00e3o, identificando problemas e encaminhando \u00e0s inst\u00e2ncias pertinentes para as devidas provid\u00eancias ou estabelecendo poss\u00edveis solu\u00e7\u00f5es (individuais ou coletivas);<\/p>\n<p>e) Construir indicadores que permitam avaliar as principais causas de reten\u00e7\u00e3o e evas\u00e3o;<\/p>\n<p>f) Sugerir poss\u00edveis delibera\u00e7\u00f5es sob a forma de ajuste, reformula\u00e7\u00e3o curricular ou inser\u00e7\u00e3o de estrat\u00e9gias que atuem efetivamente nas poss\u00edveis causas.<\/p>\n<p>&nbsp;<\/p>\n<h3><strong>Turmas e tutores:<\/strong><\/h3>\n<p>&nbsp;<\/p>\n<p><em><strong>Turma 2026\/2:<\/strong><\/em><\/p>\n<p>Prof<sup>a<\/sup>. Dr<sup>a<\/sup>. Camilla Milczarski (<a href=\"mailto:camillaoleiro@ufpel.edu.br\">camillaoleiro@ufpel.edu.br<\/a>)<\/p>\n<p>Prof<sup>a<\/sup>. Dr<sup>a<\/sup>. Mait\u00ea Carvalho (<a href=\"mailto:maite.carvalho@ufpel.edu.br\">maite.carvalho@ufpel.edu.br<\/a>)<\/p>\n<p>&nbsp;<\/p>\n<p><em><strong>Turma 2025\/2:<\/strong><\/em><\/p>\n<p>Prof<sup>a<\/sup>. Dr<sup>a<\/sup>. Nicole Guarany (<a href=\"mailto:nicole.guarany@ufpel.edu.br\">nicole.guarany@ufpel.edu.br<\/a>)<\/p>\n<p>Prof<sup>a<\/sup>. Dr<sup>a<\/sup>. Suzel Lima (<a href=\"mailto:suzel.lima@ufpel.edu.br\">suzel.lima@ufpel.edu.br<\/a>)<\/p>\n<p>&nbsp;<\/p>\n<p><em><strong>Turma 2024\/2: <\/strong><\/em><\/p>\n<p>Prof<sup>a<\/sup>. Dr<sup>a<\/sup>. Ang\u00e9lica Araujo (<a href=\"mailto:angelica.araujo@ufpel.edu.br\">angelica.araujo@ufpel.edu.br)<\/a><\/p>\n<p>Prof<sup>a<\/sup>. Dr<sup>a<\/sup>. Zayanna Lind\u00f4so (<a href=\"mailto:zayanna.lindoso@ufpel.edu.br\">zayanna.lindoso@ufpel.edu.br<\/a>)<\/p>\n<p>&nbsp;<\/p>\n<p><em><strong>Turma 2023\/2: <\/strong><\/em><\/p>\n<p>Prof. Dr. \u00c9lcio Alteris (<a href=\"mailto:elcio.alteris@ufpel.edu.br\">elcio.alteris@ufpel.edu.br<\/a>)<\/p>\n<p>Prof<sup>a<\/sup>. Dr<sup>a<\/sup>. Larissa Dall&#8217; Agnol (<a href=\"mailto:larissa.dall@ufpel.edu.br\">larissa.dall@ufpel.edu.br<\/a>)<\/p>\n<p>&nbsp;<\/p>\n<p><em><strong>Turma 2022\/2 e anteriores: <\/strong><\/em><\/p>\n<p>Prof. Dr. Julio Costa (<a href=\"mailto:jccosta@ufpel.edu.br\">jccosta@ufpel.edu.br<\/a>)<\/p>\n<p>Prof<sup>a<\/sup>. Dr<sup>a<\/sup>. Laurem Aguiar (<a href=\"mailto:laurem.aguiar@ufpel.edu.br\">laurem.aguiar@ufpel.edu.br<\/a>)<\/p>\n","protected":false},"excerpt":{"rendered":"<p>O que \u00e9 o CAD? \u00c9 uma comiss\u00e3o formada pelos docentes do curso (designada pelo Colegiado) cuja tarefa \u00e9 prestar suporte aos estudantes no decorrer da gradua\u00e7\u00e3o at\u00e9 a conclus\u00e3o do curso. O N\u00facleo Docente Estruturante (NDE) instituiu o Programa de Apoio ao Discente (PAD) do Curso de Terapia Ocupacional, cuja fun\u00e7\u00e3o \u00e9 orientar o [&hellip;]<\/p>\n","protected":false},"author":189,"featured_media":0,"parent":0,"menu_order":0,"comment_status":"closed","ping_status":"closed","template":"","meta":{"footnotes":""},"class_list":["post-1494","page","type-page","status-publish","hentry"],"_links":{"self":[{"href":"https:\/\/wp.ufpel.edu.br\/terapiaocupacional\/wp-json\/wp\/v2\/pages\/1494","targetHints":{"allow":["GET"]}}],"collection":[{"href":"https:\/\/wp.ufpel.edu.br\/terapiaocupacional\/wp-json\/wp\/v2\/pages"}],"about":[{"href":"https:\/\/wp.ufpel.edu.br\/terapiaocupacional\/wp-json\/wp\/v2\/types\/page"}],"author":[{"embeddable":true,"href":"https:\/\/wp.ufpel.edu.br\/terapiaocupacional\/wp-json\/wp\/v2\/users\/189"}],"replies":[{"embeddable":true,"href":"https:\/\/wp.ufpel.edu.br\/terapiaocupacional\/wp-json\/wp\/v2\/comments?post=1494"}],"version-history":[{"count":4,"href":"https:\/\/wp.ufpel.edu.br\/terapiaocupacional\/wp-json\/wp\/v2\/pages\/1494\/revisions"}],"predecessor-version":[{"id":2141,"href":"https:\/\/wp.ufpel.edu.br\/terapiaocupacional\/wp-json\/wp\/v2\/pages\/1494\/revisions\/2141"}],"wp:attachment":[{"href":"https:\/\/wp.ufpel.edu.br\/terapiaocupacional\/wp-json\/wp\/v2\/media?parent=1494"}],"curies":[{"name":"wp","href":"https:\/\/api.w.org\/{rel}","templated":true}]}}