{"id":1376,"date":"2023-06-25T21:07:42","date_gmt":"2023-06-26T00:07:42","guid":{"rendered":"https:\/\/wp.ufpel.edu.br\/terapiaocupacional\/?page_id=1376"},"modified":"2026-03-06T23:21:16","modified_gmt":"2026-03-07T02:21:16","slug":"calendario-academico","status":"publish","type":"page","link":"https:\/\/wp.ufpel.edu.br\/terapiaocupacional\/calendario-academico\/","title":{"rendered":"Calend\u00e1rio Acad\u00eamico e Hor\u00e1rios"},"content":{"rendered":"<h2><strong>O calend\u00e1rio acad\u00eamico da UFPel pode ser consultado no link: <\/strong><\/h2>\n<p><a href=\"https:\/\/wp.ufpel.edu.br\/cra\/calendarios-academicos\/\">https:\/\/wp.ufpel.edu.br\/cra\/calendarios-academicos\/<\/a><\/p>\n<p>&nbsp;<\/p>\n<p>&nbsp;<\/p>\n<p class=\"p1\"><strong><span class=\"s1\">Hor\u00e1rio TO 2026\/01 (postado em 07\/03\/26)<\/span><\/strong><\/p>\n<p class=\"p1\"><span class=\"s1\">Hor\u00e1rio dispon\u00edvel em:<\/span><\/p>\n<p class=\"p1\"><span class=\"s2\"><a href=\"https:\/\/wp.ufpel.edu.br\/terapiaocupacional\/files\/2026\/03\/Horario-2026-01_Final-1.pdf\">Semestre Letivo TO 2026-01<\/a><\/span><\/p>\n<p>&nbsp;<\/p>\n<p class=\"p1\"><span class=\"s3\">Algumas <strong>informa\u00e7\u00f5es importantes<\/strong> sobre nosso semestre:<\/span><\/p>\n<p class=\"p1\"><em><span class=\"s3\">Conseguimos colocar pelo menos um dia da semana na FAMED para as turma do 2\u00ba, 4\u00ba e 6\u00ba semestres.<\/span><\/em><\/p>\n<p class=\"p1\"><strong><span class=\"s3\">2\u00ba semestre:<\/span><\/strong><\/p>\n<p class=\"p1\"><span class=\"s3\">A disciplina de <strong>Recursos Terap\u00eauticos I<\/strong> inicia a partir do dia 28 de abril.<\/span><\/p>\n<p class=\"p1\"><strong><span class=\"s3\">4\u00ba semestre:<\/span><\/strong><\/p>\n<p class=\"p1\"><span class=\"s3\">A disciplina de <strong>Interven\u00e7\u00f5es da TO no Idoso<\/strong> inicia a partir do dia 17 de abril.<\/span><\/p>\n<p class=\"p1\"><strong><span class=\"s3\">6\u00ba semestre:<\/span><\/strong><\/p>\n<p class=\"p1\"><span class=\"s3\">A disciplina de <strong>Pesquisa em TO I<\/strong> tem dois cr\u00e9ditos presenciais na segunda-feira e um cr\u00e9dito reservado para atividades relacionadas ao projeto de pesquisa do Trabalho de Conclus\u00e3o de Curso. Ou seja, esse per\u00edodo de sexta consta no hor\u00e1rio mas os alunos n\u00e3o precisar\u00e3o estar na sala de aula.<\/span><\/p>\n<p class=\"p1\"><strong><span class=\"s3\">Est\u00e1gios curriculares (ECPS I e ECPS II):<\/span><\/strong><\/p>\n<p class=\"p1\"><span class=\"s3\">Constar\u00e1 na oferta do Cobalto quatro per\u00edodos de supervis\u00e3o. Esse momento ser\u00e1 presencial, ou seja, reservem esse hor\u00e1rio como hor\u00e1rio de sala de aula.<\/span><\/p>\n<p class=\"p1\"><strong><span class=\"s3\">Disciplinas optativas:<\/span><\/strong><\/p>\n<p class=\"p1\"><span class=\"s3\">Atentem-se que as disciplinas optativas do semestre ser\u00e3o ofertadas no turno da manh\u00e3.<\/span><\/p>\n<p class=\"p1\"><span class=\"s3\"><em><span style=\"text-decoration: underline;\">Observa\u00e7\u00e3o<\/span><\/em>: a disciplina de Libras I foi solicitada, confirmada e depois cancelada pelo colegiado respons\u00e1vel pela disciplina.<\/span><\/p>\n<p>&nbsp;<\/p>\n<p class=\"p1\"><strong><span class=\"s3\">Endere\u00e7os importantes:<\/span><\/strong><\/p>\n<p class=\"p1\"><span class=\"s1\">Famed<\/span><span class=\"s3\">: Avenida Duque de Caxias, 250 \u2013 Fragata<\/span><\/p>\n<p class=\"p1\"><span class=\"s1\">Servi\u00e7o-Escola<\/span><span class=\"s3\">: Marechal Deodoro, 1160 \u2013 Centro<\/span><\/p>\n<p class=\"p1\"><span class=\"s3\">\u00a0<\/span><\/p>\n<p class=\"p1\"><strong><span class=\"s3\">Atentem-se ao per\u00edodo previsto no calend\u00e1rio acad\u00eamico relacionado \u00e0s matr\u00edculas:<\/span><\/strong><\/p>\n<p class=\"p1\"><span class=\"s3\"><strong>11 a 15 de mar\u00e7o:<\/strong> solicita\u00e7\u00e3o de rematr\u00edcula on-line no Cobalto<\/span><\/p>\n<p class=\"p1\"><span class=\"s3\"><strong>16 de mar\u00e7o:<\/strong> processamento das solicita\u00e7\u00f5es de matr\u00edcula<\/span><\/p>\n<p class=\"p1\"><span class=\"s3\"><strong>17 e 18 de mar\u00e7o:<\/strong> solicita\u00e7\u00e3o de corre\u00e7\u00e3o de matr\u00edcula on-line no Cobalto<\/span><\/p>\n<p class=\"p1\"><span class=\"s3\"><strong>19 e 20 de mar\u00e7o:<\/strong> homologa\u00e7\u00e3o das corre\u00e7\u00f5es de matr\u00edcula<\/span><\/p>\n<p class=\"p1\"><span class=\"s3\"><strong>21 a 23 de mar\u00e7o:<\/strong> solicita\u00e7\u00e3o de matr\u00edcula especial<\/span><\/p>\n<p class=\"p1\"><span class=\"s3\"><strong>23 de mar\u00e7o:<\/strong> in\u00edcio das aulas <\/span><\/p>\n<p>&nbsp;<\/p>\n<p class=\"p1\"><span class=\"s3\">O colegiado do curso de Terapia Ocupacional deseja um bom semestre a todos!<\/span><\/p>\n<p><a href=\"https:\/\/wp.ufpel.edu.br\/terapiaocupacional\/files\/2026\/03\/0D1ECD12-AC2C-461B-B3F7-82CD24A611FF.png\"><img class=\"alignnone size-medium wp-image-2097\" src=\"https:\/\/wp.ufpel.edu.br\/terapiaocupacional\/files\/2026\/03\/0D1ECD12-AC2C-461B-B3F7-82CD24A611FF-400x400.png\" alt=\"\" width=\"400\" height=\"400\" srcset=\"https:\/\/wp.ufpel.edu.br\/terapiaocupacional\/files\/2026\/03\/0D1ECD12-AC2C-461B-B3F7-82CD24A611FF-400x400.png 400w, https:\/\/wp.ufpel.edu.br\/terapiaocupacional\/files\/2026\/03\/0D1ECD12-AC2C-461B-B3F7-82CD24A611FF-200x200.png 200w, https:\/\/wp.ufpel.edu.br\/terapiaocupacional\/files\/2026\/03\/0D1ECD12-AC2C-461B-B3F7-82CD24A611FF-768x768.png 768w, https:\/\/wp.ufpel.edu.br\/terapiaocupacional\/files\/2026\/03\/0D1ECD12-AC2C-461B-B3F7-82CD24A611FF.png 1024w\" sizes=\"(max-width: 400px) 100vw, 400px\" \/><\/a><\/p>\n<p>&nbsp;<\/p>\n<h3><\/h3>\n<h3><\/h3>\n<h3><\/h3>\n<h3>Hor\u00e1rio TO 2025\/02 (postado em 29\/08\/25)<\/h3>\n<h3><a href=\"https:\/\/wp.ufpel.edu.br\/terapiaocupacional\/files\/2025\/09\/Horarios-2025-02_Ajustado.pdf\">Semestre Letivo TO 2025-02<\/a><\/h3>\n<p><span style=\"font-family: var(--fonte-corpo);\">Algumas informa\u00e7\u00f5es importantes sobre nosso semestre:<\/span><\/p>\n<div><strong>1\u00ba semestre:<\/strong><\/div>\n<div>Conforme normas da UFPel, os alunos ingressantes devem ser matriculados em todas as disciplinas ofertadas para o 1\u00ba semestre. Os alunos que j\u00e1 t\u00eam v\u00ednculo com a UFPel j\u00e1 est\u00e3o matriculados; os que que forem entrando ser\u00e3o matriculados conforme a entrada. Observem que voc\u00eas t\u00eam aula de ter\u00e7a a sexta, no Servi\u00e7o-Escola e na Famed (endere\u00e7os dispon\u00edveis abaixo).<\/div>\n<div><\/div>\n<div><strong>3\u00ba semestre:<\/strong><\/div>\n<div>As aulas de voc\u00eas ser\u00e3o todas no Servi\u00e7o-Escola. A disciplina de Desenvolvimento Motor ser\u00e1 ofertada, conforme combinado. As disciplinas das professoras Prince e Andressa, novas substitutas, dever\u00e3o come\u00e7ar junto com as demais. Mas avisaremos qualquer modifica\u00e7\u00e3o, antes do in\u00edcio das aulas.<\/div>\n<div><\/div>\n<div><strong>5\u00ba semestre:<\/strong><\/div>\n<div>As disciplinas de voc\u00eas acontecer\u00e3o no Servi\u00e7o-Escola, na Famed e no Hospital-Escola. A disciplina de Tecnologia Assistiva II para a turma regular ser\u00e1 ofertada na ter\u00e7a das 13:30 \u00e0s 16:00 (Turma 1), observem e fa\u00e7am a solicita\u00e7\u00e3o para esse hor\u00e1rio. As aulas pr\u00e1ticas de Interven\u00e7\u00f5es da TO em Sa\u00fade Mental acontecer\u00e3o no Servi\u00e7o-Escola e as te\u00f3ricas na Famed. As aulas pr\u00e1ticas de TO em Contextos Hospitalares iniciar\u00e3o na Famed e depois seguir\u00e3o cronograma apresentado pelas professoras; as aulas te\u00f3ricas acontecer\u00e3o sempre na Famed.<\/div>\n<div><\/div>\n<div><strong>7\u00ba semestre:<\/strong><\/div>\n<div>A disciplina de est\u00e1gio (ECPS I) \u00e9 ofertada sem hor\u00e1rio na grade, por isso ela aparece no s\u00e1bado e em azul. Mas as atividades de est\u00e1gio obedecem aos hor\u00e1rios acordados com os campos na reuni\u00e3o de est\u00e1gio.<\/div>\n<div><\/div>\n<div><strong>Disciplinas ofertadas fora da grade curricular:<\/strong><\/div>\n<div>As disciplinas de est\u00e1gio (ECPS II) e de TCC s\u00e3o ofertadas sem hor\u00e1rio na grade, por isso aparecem no s\u00e1bado e na segunda, e em azul. Mas as atividades de est\u00e1gio obedecem aos hor\u00e1rios acordados com os campos na reuni\u00e3o de est\u00e1gio. No caso da disciplina de TCC, a professora respons\u00e1vel entrar\u00e1 em contato com os alunos para marcar as reuni\u00f5es necess\u00e1rias. Haver\u00e1 oferta de um segunda turma de Tecnologia Assistiva II para alunos irregulares; observem o hor\u00e1rio da oferta e solicitem matr\u00edcula para essa turma (Turma 2).<\/div>\n<div><\/div>\n<div><strong>Disciplinas optativas:<\/strong><\/div>\n<div>Haver\u00e1 oferta de tr\u00eas disciplinas do curso, observem a grade. Demais disciplinas optativas podem ser solicitadas no \u201cbanco universal\u201d na ocasi\u00e3o da matr\u00edcula ou no per\u00edodo de matr\u00edcula especial (consultem o calend\u00e1rio acad\u00eamico).<\/div>\n<div><\/div>\n<div>Endere\u00e7os:<\/div>\n<div>\n<p><strong>Famed<\/strong>: Avenida Duque de Caxias, 250 \u2013 Fragata<\/p>\n<p><strong>Servi\u00e7o-Escola<\/strong>: Marechal Deodoro, 1160 \u2013 Centro<\/p>\n<\/div>\n<div><\/div>\n<div>O colegiado do curso de Terapia Ocupacional deseja um bom semestre a todos!<\/div>\n<p>&nbsp;<\/p>\n<p>&nbsp;<\/p>\n<p>&nbsp;<\/p>\n<h3>Hor\u00e1rio TO 2025\/01 (postado em 19\/04\/2025)<\/h3>\n<p><strong><a href=\"https:\/\/wp.ufpel.edu.br\/terapiaocupacional\/files\/2025\/04\/Horario_Final.pdf.pdf\">Semestre Letivo TO 2025-01<\/a><\/strong><\/p>\n<p><em>Arquivo atualizado com os locais das aulas e os professores.<\/em><\/p>\n<p><em>Algumas informa\u00e7\u00f5es importantes sobre nosso semestre:<\/em><\/p>\n<ul>\n<li><em>Estamos recebendo novas professoras e, ao mesmo tempo, nos despedindo de outras (algumas temporariamente). Por conta disso, algumas disciplinas ter\u00e3o alguns diferenciais nesse in\u00edcio de semestre.<\/em><\/li>\n<li><em>As disciplinas de <strong>Recursos Terap\u00eauticos I, Desenvolvimento Motor e Interven\u00e7\u00f5es do Adulto<\/strong> <u>n\u00e3o iniciar\u00e3o por enquanto<\/u>. Vamos precisar aguardar a entrada das substitutas das professoras Renata e Zayanna, j\u00e1 aprovadas em concurso e aguardando a tramita\u00e7\u00e3o da UFPel. Aguardem que voc\u00eas ser\u00e3o avisados do in\u00edcio das aulas.<\/em><\/li>\n<li><em>As disciplinas da professora Cynthia (<strong>Cinesio II e Cinesioterapia<\/strong>) iniciam com ela e depois seguem com a professora Mait\u00ea; bem como as da professora Nicole (<strong>Interven\u00e7\u00e3o\u00a0da Inf\u00e2ncia, PTO I e TCC<\/strong>) que iniciam com ela e depois t\u00eam seguimento com uma substituta (Interven\u00e7\u00e3o da Inf\u00e2ncia) e com o professor Julio (PTO I e TCC).<\/em><\/li>\n<li><em>A disciplina de <strong>Interven\u00e7\u00f5es\u00a0do Idoso<\/strong> inicia com as professoras Mait\u00ea, Ana Claudia e Camilla e continuam, posteriormente, com uma substituta.<\/em><\/li>\n<li><em>A disciplina de Pesquisa em TO II teve seu hor\u00e1rio alterado, por isso, confiram!<\/em><\/li>\n<li><em>As disciplinas da professora Fernanda (que n\u00e3o faz mais parte do quadro de docentes da UFPel) ser\u00e3o assumidas pela professora Laurem. Incluindo a continua\u00e7\u00e3o da disciplina de <strong>Sa\u00fade Coletiva <\/strong>aos alunos que agora est\u00e3o no segundo semestre.<\/em><\/li>\n<li><em>As professoras Laurem, Suzel e Ang\u00e9lica s\u00e3o nossas novas professoras efetivas e come\u00e7am o semestre conosco. Suzel assume a \u00e1rea de Educa\u00e7\u00e3o e Ang\u00e9lica a \u00e1rea de Sa\u00fade Mental junto com a professora Larissa que retorno ao grupo depois de afastamento.<\/em><\/li>\n<\/ul>\n<p>Desejamos a todos um semestre exitoso!<\/p>\n<p>&nbsp;<\/p>\n<h3>Hor\u00e1rio TO 2024\/02 (postado em 18\/11\/2024)<\/h3>\n<p><strong><a href=\"https:\/\/wp.ufpel.edu.br\/terapiaocupacional\/files\/2024\/11\/Horarios_Com_Alteracao.pdf\">Semestre Letivo TO 2024-02<\/a><\/strong><\/p>\n<p>&nbsp;<\/p>\n<h3>Hor\u00e1rio TO 2024\/01 (postado em 12\/07\/2024)<\/h3>\n<h3><a href=\"https:\/\/wp.ufpel.edu.br\/terapiaocupacional\/files\/2024\/07\/Horario-12.07.24.pdf\">Semestre Letivo TO 2024-01<\/a><\/h3>\n<p class=\"p1\"><em><span class=\"s1\">Prezados alunos!<\/span><\/em><\/p>\n<p class=\"p1\"><em><span class=\"s1\">Encaminhamos os hor\u00e1rios das disciplinas que ser\u00e3o ofertadas em 2024\/01.<\/span><\/em><\/p>\n<p class=\"p1\"><em><span class=\"s1\">Algumas informa\u00e7\u00f5es importantes:<\/span><\/em><\/p>\n<p class=\"p1\"><em><strong><span class=\"s1\">2\u00ba semestre<\/span><\/strong><\/em><\/p>\n<p class=\"p1\"><em><span class=\"s1\">Voc\u00eas ter\u00e3o aulas na Famed e no Servi\u00e7o-Escola. Verifiquem que tivemos mudan\u00e7as no local nas disciplinas de quinta-feira.<\/span><\/em><\/p>\n<p class=\"p1\"><em><span class=\"s1\">Observem que a disciplina de Fisiologia acontece em dois dias na Famed, no pr\u00e9dio da Morfologia (onde aconteciam as aulas de Anatomia)<\/span><\/em><\/p>\n<p class=\"p2\"><em><span style=\"font-family: var(--fonte-corpo);\">A disciplina de Fundamentos da TO, e<\/span><span class=\"s1\">m 2024\/01, ser\u00e1 ofertada com apenas 30 vagas e voltar\u00e1 a ser ofertada em 2024\/02 (com mais 30 vagas). Temos um quantitativo de pouco menos de 60 pessoas pra fazer a disciplina e, por isso, tivemos que fracion\u00e1-la.<span class=\"Apple-converted-space\">\u00a0<\/span>No pr\u00f3ximo semestre (24\/02) garantiremos que a disciplina seja ofertada sem colis\u00e3o de hor\u00e1rio com outras do semestre regular.<\/span><\/em><\/p>\n<p class=\"p1\"><em><strong><span class=\"s1\">4\u00ba semestre<\/span><\/strong><\/em><\/p>\n<p class=\"p1\"><em><span class=\"s1\">Todas as aulas ser\u00e3o no Servi\u00e7o-Escola. A disciplina de Interven\u00e7\u00f5es da TO no Idoso \u00e9 ofertada todos os semestres. Por isso, a oferta acontece com apenas metade das vagas, ou seja, 22 alunos fazem a disciplina agora e o restante depois. Isso \u00e9 definido pelo ranqueamento do cobalto. No pr\u00f3ximo semestre, nenhum disciplina \u00e9 ofertada junto (mesmo dia e hor\u00e1rio) dessa disciplina. Fundamentos da TO na Cultura n\u00e3o ser\u00e1 ofertada por falta de professor substituto. J\u00e1 solicitamos reabertura do concurso e estamos aguardando retorno da universidade. Quando tivermos professor, entraremos em contato para verificar a possibilidade de oferta em regime concentrado.<\/span><\/em><\/p>\n<p class=\"p1\"><em><strong><span class=\"s1\">6\u00ba semestre <\/span><\/strong><\/em><\/p>\n<p class=\"p1\"><em><span class=\"s1\">Voc\u00eas ter\u00e3o aula no Servi\u00e7o-Escola e na Famed. Verifiquem as observa\u00e7\u00f5es sobre as disciplinas. As que aparecem em verde e it\u00e1lico s\u00e3o as disciplinas que foram ofertadas com menos vagas no semestre passado (elas n\u00e3o constam no hor\u00e1rio de voc\u00eas para nossa organiza\u00e7\u00e3o). Nenhuma disciplina regular do semestre foi ofertada nos hor\u00e1rios dessas disciplinas e aqueles que as fizeram poder\u00e3o tentar novamente. Lembrando que as vagas s\u00e3o decididas pelo \u00edndice de matr\u00edcula do sistema. A disciplina de Cinesioterapia \u00e9 ofertada todos os semestres, mas nesse semestre tem um formato um pouco diferente. Haver\u00e1 duas ofertas (cada turma com 12 vagas): a turma 1 inicia com um per\u00edodo pr\u00e1tico, faz um intervalo e depois retorna para os per\u00edodos te\u00f3ricos, e a turma 2 tem todos os per\u00edodos corridos sem intervalo. As duas turmas far\u00e3o os cr\u00e9ditos te\u00f3ricos juntos. A disciplina ocorrer\u00e1 inicialmente no SETO e, posteriormente, ser\u00e1 ministrada na Famed. Observem no arquivo as datas indicadas. Recursos Terap\u00eauticos IV n\u00e3o ser\u00e1 ofertada por falta de professor substituto. J\u00e1 solicitamos reabertura do concurso e estamos aguardando retorno da universidade. Quando tivermos professor, entraremos em contato para verificar a possibilidade de oferta em regime concentrado.<\/span><\/em><\/p>\n<p><em><strong>Disciplinas ofertadas fora do semestre regular<\/strong><\/em><\/p>\n<p><em>A disciplina de TO em Contextos Hospitalares tem carga hor\u00e1ria pr\u00e1tica e te\u00f3rica. Observem que inicialmente a carga hor\u00e1ria pr\u00e1tica acontecer\u00e1 tamb\u00e9m na Famed (mesma sala de aula da carga hor\u00e1ria te\u00f3rica). Com o in\u00edcio das aulas a professora respons\u00e1vel orientar\u00e1 sobre o local e in\u00edcio das pr\u00e1ticas.<\/em><\/p>\n<p><em><strong><span class=\"s1\">Disciplinas optativas<\/span><\/strong><\/em><\/p>\n<p class=\"p1\"><em><span class=\"s1\">Fizemos uma tentativa de oferta para a disciplina de Libras II. Entretanto, apesar da confirma\u00e7\u00e3o do colegiado de Libras, o CRA n\u00e3o permitiu a oferta. Estamos buscando informa\u00e7\u00f5es sobre a oferta da disciplina no banco universal. Assim que tivermos retorno, avisaremos.<\/span><\/em><\/p>\n<p><em>Abra\u00e7o,<\/em><\/p>\n<p><em>Coordena\u00e7\u00e3o de Curso<\/em><\/p>\n<p>&nbsp;<\/p>\n<h3>Hor\u00e1rio TO 2023\/2 (postado 06\/10\/2023):<\/h3>\n<p><a href=\"https:\/\/wp.ufpel.edu.br\/terapiaocupacional\/files\/2023\/10\/Horario-Final.pdf\">Semestre Letivo TO 2023-02<\/a><\/p>\n<p>&nbsp;<\/p>\n<h3>Hor\u00e1rio TO 2023\/1:<\/h3>\n<p><a href=\"https:\/\/wp.ufpel.edu.br\/terapiaocupacional\/files\/2023\/07\/Semestre-Letivo-TO-2023-1.pdf\">Semestre Letivo TO 2023-1<\/a><\/p>\n<p>&nbsp;<\/p>\n<h3>Hor\u00e1rio TO 2022\/2 (postado 27\/01\/2023):<\/h3>\n<p>Prezados alunos!<\/p>\n<p>Desejamos a todos bom retorno e bom come\u00e7o!<\/p>\n<p>Encaminhamos os hor\u00e1rios com as salas de aula:<\/p>\n<p><a href=\"https:\/\/wp.ufpel.edu.br\/terapiaocupacional\/files\/2023\/07\/Semestre-Letivo-TO-2022-2.pdf\">Semestre Letivo TO 2022-2<\/a><\/p>\n<p><strong>Observem os endere\u00e7os dos locais<\/strong>:<\/p>\n<p><strong>Famed<\/strong>: Avenida Duque de Caxias, 250 \u2013 Fragata<\/p>\n<p><strong>Famed Cuidativa<\/strong>: Avenida Duque de Caxias, 112 \u2013 Fragata (uma quadra antes da Famed \u2013 antiga Laneira)<\/p>\n<p><strong>Servi\u00e7o-Escola<\/strong>: Marechal Deodoro, 1160 \u2013 Centro<\/p>\n<p><strong>B3 (Bloco 3 do novo HE)<\/strong>: Almirante Guilhobel, 221 \u2013 Fragata (em frente \u00e0 rodovi\u00e1ria, nos fundos da Famed)<\/p>\n<p>N\u00e3o esque\u00e7am que na primeira semana\u00a0<strong>apenas est\u00e3o mantidas as aulas das disciplinas de Anatomia e de Epidemiologia<\/strong>; as demais est\u00e3o canceladas em virtude das reuni\u00f5es pedag\u00f3gicas de organiza\u00e7\u00e3o do semestre. N\u00f3s, professores, estaremos em reuni\u00e3o no Servi\u00e7o-Escola.<\/p>\n<p>Abra\u00e7o,<\/p>\n<p>Coordena\u00e7\u00e3o de curso<\/p>\n<p>&nbsp;<\/p>\n<p>&nbsp;<\/p>\n<h3>Hor\u00e1rio TO previs\u00e3o 2022\/2 (postado 10\/12\/2022):<\/h3>\n<p>Prezados, alunos!<\/p>\n<p>Encaminho a previs\u00e3o de hor\u00e1rio para o pr\u00f3ximo semestre (2022\/02).<\/p>\n<p>Alguns esclarecimentos importantes:<\/p>\n<p>\u2013 Nossos pr\u00f3ximos semestres ser\u00e3o de 15 semanas presenciais e 3 remotas. Ou seja, nos encontraremos durante 15 semanas em sala de aula e as 3 semanas remotas ser\u00e3o distribu\u00eddas ao longo do semestre no e-aula. Os professores apresentar\u00e3o seus planos de ensino quando as aulas iniciarem, a partir do dia 30 de janeiro.<\/p>\n<p>\u2013 As aulas ser\u00e3o na Famed e no Servi\u00e7o-Escola. As salas na Famed ainda n\u00e3o foram definidas e assim que forem voc\u00eas ser\u00e3o avisados.<\/p>\n<p>Famed: Av. Duque de Caxias, 250 \u2013 Fragata<\/p>\n<p>Servi\u00e7o-Escola: Rua Mal. Deodoro, 1160 \u2013 Centro (Pr\u00e9dio da Epidemio \u2013 Am\u00edlcar Gigante)<\/p>\n<p>\u2013 Algumas disciplinas ser\u00e3o ofertadas no formato condensado. Essas disciplinas condensadas n\u00e3o v\u00e3o aparecer no sistema pra voc\u00eas, pois elas s\u00e3o ofertadas posteriormente pelo CRA. Observem os hor\u00e1rios e se programem caso queiram curs\u00e1-las e, conforme a oferta for aprovada pelo COCEPE, voc\u00eas receber\u00e3o mais informa\u00e7\u00f5es sobre como ser\u00e1 a matr\u00edcula. Observem tamb\u00e9m as datas dessas disciplinas; elas ser\u00e3o realizadas em 7 semanas e, por isso, ser\u00e3o em dois dias na semana. Fiquem atentos as datas de in\u00edcio e t\u00e9rmino das disciplinas. Conforme a disponibilidade de novos professores, outras ser\u00e3o ofertadas nesse formato no decorrer do semestre.<\/p>\n<p>Disciplinas condensadas ofertas na primeira parte do semestre:<\/p>\n<p><em>\u00c9tica e Bio\u00e9tica (Professora Prince)<\/em>:<\/p>\n<p>In\u00edcio: 30\/01<\/p>\n<p>T\u00e9rmino: 14\/03<\/p>\n<p>Segundas e ter\u00e7as, das 19:00 \u00e0s 21:30<\/p>\n<p><em>Interven\u00e7\u00f5es de TO em Sa\u00fade Mental (Professoras Ellen e Prince)<\/em>:<\/p>\n<p>In\u00edcio: 01\/02<\/p>\n<p>T\u00e9rmino: 16\/03<\/p>\n<p>Quartas, das 17:10 \u00e0s 22:00 e Quintas, das 13:30 \u00e0s 16:50<\/p>\n<p>\u2013 Ingressantes n\u00e3o precisam fazer solicita\u00e7\u00e3o de matr\u00edcula; voc\u00eas ser\u00e3o matriculados pela secretaria do curso em todas as disciplinas dispon\u00edveis. Acompanhem os hor\u00e1rios para ter ci\u00eancia da grade de disciplinas.<\/p>\n<p>\u2013 Estamos preparando uma semana de Acolhida aos Ingressantes. Enviaremos a programa\u00e7\u00e3o e mais detalhes sobre posteriormente.<\/p>\n<p>Fiquem sempre atentos a toda comunica\u00e7\u00e3o enviada pela coordena\u00e7\u00e3o e pela secretaria. Antes do in\u00edcio do semestre, enviaremos mais informa\u00e7\u00f5es sobre o retorno das aulas, vacina\u00e7\u00e3o e mais not\u00edcias necess\u00e1rias.<\/p>\n<p>Eu (Camilla) e professora Ellen estamos entrando em f\u00e9rias no dia 12\/12 e a professora Danusa estar\u00e1 nos substituindo na coordena\u00e7\u00e3o. Qualquer d\u00favida, entrem em contato pelo email da secretaria (<a href=\"mailto:terapia.ocupacional@ufpel.edu.br\">terapia.ocupacional@ufpel.edu.br<\/a>). Desejamos um bom final de ano a todos e um 2023 cheio de perspectivas, conquistas e sa\u00fade!<\/p>\n<p>Coordena\u00e7\u00e3o de curso gest\u00e3o 2022-2024<\/p>\n<p><a href=\"https:\/\/wp.ufpel.edu.br\/terapiaocupacional\/files\/2023\/07\/Previsao-horarios-TO-semestre-2022-2.xlsx\">Previs\u00e3o hor\u00e1rios TO semestre 2022-2<\/a><\/p>\n<p>&nbsp;<\/p>\n<p>&nbsp;<\/p>\n<h3>Hor\u00e1rio TO 2021\/2 (postado 28\/07\/2022):<\/h3>\n<p>Prezados alunos!<\/p>\n<p>Segue mais uma vers\u00e3o dos hor\u00e1rios com as salas de aula que temos confirmadas at\u00e9 o momento. Conforme confirmarmos o que falta, vamos comunicando! Lembrando que nossas aulas acontecem basicamente na Faculdade de Medicina e\/ou no Servi\u00e7o-Escola de TO.<\/p>\n<p>Endere\u00e7os:<\/p>\n<p>Famed: Avenida Duque de Caxias, 250 \u2013 Bairro Fragata.<\/p>\n<p>Servi\u00e7o-Escola de TO (SETO): Marechal Deodoro, 1160 \u2013 Bairro Centro.<\/p>\n<p>Observa\u00e7\u00e3o: fiquem de olho nos informativos recebidos via Cobalto!<\/p>\n<p><a href=\"https:\/\/wp.ufpel.edu.br\/terapiaocupacional\/files\/2023\/07\/Semestre-Letivo-TO-2022-1.pdf\">Semestre Letivo TO 2022-1<\/a><\/p>\n","protected":false},"excerpt":{"rendered":"<p>O calend\u00e1rio acad\u00eamico da UFPel pode ser consultado no link: https:\/\/wp.ufpel.edu.br\/cra\/calendarios-academicos\/ &nbsp; &nbsp; Hor\u00e1rio TO 2026\/01 (postado em 07\/03\/26) Hor\u00e1rio dispon\u00edvel em: Semestre Letivo TO 2026-01 &nbsp; Algumas informa\u00e7\u00f5es importantes sobre nosso semestre: Conseguimos colocar pelo menos um dia da semana na FAMED para as turma do 2\u00ba, 4\u00ba e 6\u00ba semestres. 2\u00ba semestre: A [&hellip;]<\/p>\n","protected":false},"author":189,"featured_media":0,"parent":0,"menu_order":0,"comment_status":"closed","ping_status":"closed","template":"","meta":{"footnotes":""},"class_list":["post-1376","page","type-page","status-publish","hentry"],"_links":{"self":[{"href":"https:\/\/wp.ufpel.edu.br\/terapiaocupacional\/wp-json\/wp\/v2\/pages\/1376","targetHints":{"allow":["GET"]}}],"collection":[{"href":"https:\/\/wp.ufpel.edu.br\/terapiaocupacional\/wp-json\/wp\/v2\/pages"}],"about":[{"href":"https:\/\/wp.ufpel.edu.br\/terapiaocupacional\/wp-json\/wp\/v2\/types\/page"}],"author":[{"embeddable":true,"href":"https:\/\/wp.ufpel.edu.br\/terapiaocupacional\/wp-json\/wp\/v2\/users\/189"}],"replies":[{"embeddable":true,"href":"https:\/\/wp.ufpel.edu.br\/terapiaocupacional\/wp-json\/wp\/v2\/comments?post=1376"}],"version-history":[{"count":3,"href":"https:\/\/wp.ufpel.edu.br\/terapiaocupacional\/wp-json\/wp\/v2\/pages\/1376\/revisions"}],"predecessor-version":[{"id":2099,"href":"https:\/\/wp.ufpel.edu.br\/terapiaocupacional\/wp-json\/wp\/v2\/pages\/1376\/revisions\/2099"}],"wp:attachment":[{"href":"https:\/\/wp.ufpel.edu.br\/terapiaocupacional\/wp-json\/wp\/v2\/media?parent=1376"}],"curies":[{"name":"wp","href":"https:\/\/api.w.org\/{rel}","templated":true}]}}