{"id":704,"date":"2019-08-09T10:12:47","date_gmt":"2019-08-09T13:12:47","guid":{"rendered":"https:\/\/wp.ufpel.edu.br\/teatro\/?page_id=704"},"modified":"2026-03-27T17:28:30","modified_gmt":"2026-03-27T20:28:30","slug":"grade-de-horarios-2","status":"publish","type":"page","link":"https:\/\/wp.ufpel.edu.br\/teatro\/documentos-e-formularios\/grade-de-horarios-2\/","title":{"rendered":"Grade de Hor\u00e1rios"},"content":{"rendered":"<p><a href=\"https:\/\/wp.ufpel.edu.br\/teatro\/files\/2026\/03\/GRADE-DE-HORARIOS-2026-1-2.pdf\">GRADE DE HOR\u00c1RIOS 2026 1<\/a> (Atualizado em mar\u00e7o\/2026)<\/p>\n<p><a href=\"https:\/\/wp.ufpel.edu.br\/teatro\/files\/2025\/08\/GRADE-DE-HORARIOS-2025-2-atualizada-agosto.pdf\">GRADE DE HOR\u00c1RIOS 2025 2 (Atualizado em agosto\/2025)<\/a><\/p>\n<p><a href=\"https:\/\/wp.ufpel.edu.br\/teatro\/files\/2025\/07\/GRADE-DE-HORARIOS-2025-2-1.pdf\">GRADE DE HOR\u00c1RIOS 2025 2<\/a> (Atualizado em julho\/2025)<\/p>\n<p><a href=\"https:\/\/wp.ufpel.edu.br\/teatro\/files\/2025\/04\/GRADE-DE-HORARIOS-2025-1-1-2.pdf\">GRADE DE HOR\u00c1RIOS 2025 1 (Atualizado em abril\/2025)<\/a><\/p>\n<p><a href=\"https:\/\/wp.ufpel.edu.br\/teatro\/files\/2024\/12\/GRADE-DE-HORARIOS-2024-2.pdf\">GRADE DE HOR\u00c1RIOS 2024 2 (Atualizado em dezembro\/2024)<\/a><\/p>\n<p><a href=\"https:\/\/drive.google.com\/file\/d\/1r7qmKIrkPn7QTpYnB128T1sZTEc9VXZF\/view?usp=sharing\">2024\/1[ATUALIZADO EM JULHO]<\/a><\/p>\n<p><span style=\"color: #000000;\"><a style=\"color: #000000;\" href=\"https:\/\/wp.ufpel.edu.br\/teatro\/files\/2023\/10\/GRADE-TEATRO-2023-2-versao-4.pdf\">2023\/2<\/a><\/span><\/p>\n<p><span style=\"color: #000000;\"><a style=\"color: #000000;\" href=\"https:\/\/wp.ufpel.edu.br\/teatro\/files\/2023\/04\/GRADE-TEATRO-2023_1-atualizado.pdf\">2023\/1<\/a><\/span><\/p>\n<p><span style=\"color: #000000;\"><a style=\"color: #000000;\" href=\"https:\/\/wp.ufpel.edu.br\/teatro\/files\/2022\/12\/GRADE-TEATRO-2022-1-1.pdf\">2022\/2<\/a><\/span><\/p>\n<p><span style=\"color: #000000;\"><a style=\"color: #000000;\" href=\"https:\/\/wp.ufpel.edu.br\/teatro\/files\/2022\/12\/Ofertas-Cursos-de-Teatro-2022_1.docx.pdf\">2022-01<\/a><\/span><\/p>\n<p><span style=\"color: #000000;\"><a style=\"color: #000000;\" href=\"https:\/\/wp.ufpel.edu.br\/teatro\/files\/2022\/04\/Ofertas-Cursos-de-Teatro-2021_02.docx.pdf\">2021-02 Calend\u00e1rio &#8211; ano civil 2022<\/a><\/span><\/p>\n<p><span style=\"color: #000000;\"><a style=\"color: #000000;\" href=\"https:\/\/wp.ufpel.edu.br\/teatro\/files\/2021\/08\/Ofertas-Cursos-de-Teatro-2021_01-pos-saida-da-profa-Nara.pdf\">2021-01 Calend\u00e1rio Remoto<\/a><\/span><\/p>\n<p><span style=\"font-family: georgia, palatino, serif; font-size: 12pt; color: #000000;\"><a style=\"color: #000000;\" href=\"https:\/\/wp.ufpel.edu.br\/teatro\/files\/2021\/03\/CALENDARIO-2020_02-1.pdf\">2020-02 Calend\u00e1rio Remoto &#8211; ano civil 2021<\/a><\/span><\/p>\n<p><span style=\"font-family: georgia, palatino, serif; font-size: 12pt; color: #000000;\"><a style=\"color: #000000;\" href=\"https:\/\/wp.ufpel.edu.br\/teatro\/files\/2020\/09\/CALENDARIO-Remoto-2020_01-out-dez-2020-Ofertas-Teatro-2.pdf\">2020-01 Calend\u00e1rio Remoto out\/dez 2020<\/a><\/span><\/p>\n<p><span style=\"font-family: georgia, palatino, serif; font-size: 12pt; color: #000000;\"><a style=\"color: #000000;\" href=\"https:\/\/wp.ufpel.edu.br\/teatro\/files\/2020\/06\/CALEND\u00c1RIO-ALTERNATIVO-Ofertas-Teatro.pdf\">2020-01 Calend\u00e1rio Alternativo<\/a><\/span><\/p>\n<p><span style=\"font-family: georgia, palatino, serif; font-size: 12pt; color: #000000;\"><a style=\"color: #000000;\" href=\"https:\/\/wp.ufpel.edu.br\/teatro\/files\/2020\/03\/2020-01-Hor\u00e1rio-das-Aulas-atualizado-1.pdf\">2020-01 Calend\u00e1rio Suspenso\u00a0<\/a><\/span><\/p>\n<p><span style=\"font-family: georgia, palatino, serif; font-size: 12pt; color: #000000;\">2019-2 <a style=\"color: #000000;\" href=\"https:\/\/wp.ufpel.edu.br\/teatro\/files\/2019\/08\/GRADE-TEATRO-2019-2-_com_salas_FINAL.pdf\">Hor\u00e1rios e Salas 2019-2<\/a><\/span><\/p>\n<p><span style=\"font-family: georgia, palatino, serif; font-size: 12pt; color: #000000;\">2019-1\u00a0<a style=\"color: #000000;\" href=\"https:\/\/wp.ufpel.edu.br\/teatro\/files\/2019\/01\/GRADE-TEATRO-2019-1_final.pdf\">Hor\u00e1rios e Salas 2019-1<\/a><\/span><\/p>\n<p><span style=\"font-family: georgia, palatino, serif; font-size: 12pt; color: #000000;\">2018-2 <a style=\"color: #000000;\" href=\"https:\/\/wp.ufpel.edu.br\/teatro\/files\/2018\/07\/TEATRO-2018-2-DIVULGA\u00c7\u00c3O_alunos.pdf\">Hor\u00e1rios e Salas 2018-2<\/a><\/span><\/p>\n<p><span style=\"font-family: georgia, palatino, serif; font-size: 12pt; color: #000000;\">2018-1 <a style=\"color: #000000;\" href=\"https:\/\/wp.ufpel.edu.br\/teatro\/files\/2018\/03\/GRADE-TEATRO-FINAL-2018-1.pdf\">Hor\u00e1rios e Salas 2018-1<\/a><\/span><\/p>\n<p><span style=\"font-family: georgia, palatino, serif; font-size: 12pt; color: #000000;\">2017-2 <a style=\"color: #000000;\" href=\"https:\/\/wp.ufpel.edu.br\/teatro\/files\/2014\/01\/GRADE-TEATRO-2017-2_FINAL_DIVULGA\u00c7\u00c3O.doc\">Hor\u00e1rios e Salas 2017-2<\/a><\/span><\/p>\n<p><span style=\"font-family: georgia, palatino, serif; font-size: 12pt; color: #000000;\">2017-1 <a style=\"color: #000000;\" href=\"https:\/\/wp.ufpel.edu.br\/teatro\/files\/2014\/01\/GRADE-TEATRO-2017-1_FINAL.pdf\">Hor\u00e1rios e Salas 2017-1<\/a><\/span><\/p>\n<p><span style=\"font-family: georgia, palatino, serif; font-size: 12pt; color: #000000;\">2016-2 <a style=\"color: #000000;\" href=\"https:\/\/wp.ufpel.edu.br\/teatro\/files\/2014\/01\/GRADE-TEATRO_20-07_divulga\u00e7\u00e3o_alunos.pdf\">Hor\u00e1rios e Salas 2016-2<\/a><\/span><\/p>\n<p><span style=\"font-family: georgia, palatino, serif; font-size: 12pt; color: #000000;\">2016-1 <a style=\"color: #000000;\" href=\"https:\/\/wp.ufpel.edu.br\/teatro\/files\/2014\/01\/GRADE-TEATRO_divulga\u00e7\u00e3o_alunos.pdf\">Hor\u00e1rios e Salas 2016-1<\/a><\/span><\/p>\n<p><span style=\"font-family: georgia, palatino, serif; font-size: 12pt; color: #000000;\">2015-2 <a style=\"color: #000000;\" href=\"https:\/\/wp.ufpel.edu.br\/teatro\/files\/2015\/07\/HorariosTEATROcomSALAS_2015-21.doc\">Hor\u00e1rios e Salas 2015-2<\/a><\/span><\/p>\n<p><span style=\"font-family: georgia, palatino, serif; font-size: 12pt; color: #000000;\">2015-1\u00a0<a style=\"color: #000000;\" href=\"https:\/\/wp.ufpel.edu.br\/teatro\/files\/2014\/01\/2014-12-15-GRADE-TEATRO-base.pdf\">Hor\u00e1rios e Salas Teatro 2015-1<\/a><\/span><\/p>\n<p><span style=\"font-family: georgia, palatino, serif; font-size: 12pt; color: #000000;\">2014-2 \/ \u00daltima vers\u00e3o 09 de julho de 2014 &#8211;\u00a0<a style=\"color: #000000;\" href=\"https:\/\/wp.ufpel.edu.br\/teatro\/files\/2014\/01\/2014-07-09-GRADE-TEATRO-base-PDF1.pdf\">Hor\u00e1rios e Salas TEATRO 2014-2<\/a><\/span><\/p>\n<p><span style=\"font-family: georgia, palatino, serif; font-size: 12pt; color: #000000;\">2014-1 \/ \u00daltima vers\u00e3o 21 de mar\u00e7o de 2014 &#8211; <a style=\"color: #000000;\" href=\"https:\/\/wp.ufpel.edu.br\/teatro\/files\/2014\/01\/Horarios-e-salas-CURSO-de-TEATRO-2014-1.docx\">Grade de Horarios e Salas TEATRO 2014-1<\/a><\/span><\/p>\n","protected":false},"excerpt":{"rendered":"<p>GRADE DE HOR\u00c1RIOS 2026 1 (Atualizado em mar\u00e7o\/2026) GRADE DE HOR\u00c1RIOS 2025 2 (Atualizado em agosto\/2025) GRADE DE HOR\u00c1RIOS 2025 2 (Atualizado em julho\/2025) GRADE DE HOR\u00c1RIOS 2025 1 (Atualizado em abril\/2025) GRADE DE HOR\u00c1RIOS 2024 2 (Atualizado em dezembro\/2024) 2024\/1[ATUALIZADO EM JULHO] 2023\/2 2023\/1 2022\/2 2022-01 2021-02 Calend\u00e1rio &#8211; ano civil 2022 2021-01 Calend\u00e1rio [&hellip;]<\/p>\n","protected":false},"author":337,"featured_media":0,"parent":74,"menu_order":1,"comment_status":"closed","ping_status":"closed","template":"","meta":{"footnotes":""},"class_list":["post-704","page","type-page","status-publish","hentry"],"_links":{"self":[{"href":"https:\/\/wp.ufpel.edu.br\/teatro\/wp-json\/wp\/v2\/pages\/704","targetHints":{"allow":["GET"]}}],"collection":[{"href":"https:\/\/wp.ufpel.edu.br\/teatro\/wp-json\/wp\/v2\/pages"}],"about":[{"href":"https:\/\/wp.ufpel.edu.br\/teatro\/wp-json\/wp\/v2\/types\/page"}],"author":[{"embeddable":true,"href":"https:\/\/wp.ufpel.edu.br\/teatro\/wp-json\/wp\/v2\/users\/337"}],"replies":[{"embeddable":true,"href":"https:\/\/wp.ufpel.edu.br\/teatro\/wp-json\/wp\/v2\/comments?post=704"}],"version-history":[{"count":4,"href":"https:\/\/wp.ufpel.edu.br\/teatro\/wp-json\/wp\/v2\/pages\/704\/revisions"}],"predecessor-version":[{"id":2606,"href":"https:\/\/wp.ufpel.edu.br\/teatro\/wp-json\/wp\/v2\/pages\/704\/revisions\/2606"}],"up":[{"embeddable":true,"href":"https:\/\/wp.ufpel.edu.br\/teatro\/wp-json\/wp\/v2\/pages\/74"}],"wp:attachment":[{"href":"https:\/\/wp.ufpel.edu.br\/teatro\/wp-json\/wp\/v2\/media?parent=704"}],"curies":[{"name":"wp","href":"https:\/\/api.w.org\/{rel}","templated":true}]}}