{"id":608,"date":"2019-07-17T11:00:40","date_gmt":"2019-07-17T14:00:40","guid":{"rendered":"https:\/\/wp.ufpel.edu.br\/teatro\/?page_id=608"},"modified":"2023-08-02T13:29:14","modified_gmt":"2023-08-02T16:29:14","slug":"apoio","status":"publish","type":"page","link":"https:\/\/wp.ufpel.edu.br\/teatro\/administracao\/apoio\/","title":{"rendered":"T\u00e9cnicos Administrativos"},"content":{"rendered":"<p><span style=\"font-family: verdana,geneva,sans-serif; font-size: 10pt;\"><strong>Ederson de Carvalho Pestana \u2013 Contra Regra<\/strong><\/span><\/p>\n<p><span style=\"font-size: 10pt; font-family: verdana, geneva, sans-serif;\">T\u00e9cnico em Eletr\u00f4nica pelo IFSUL (2000); Tecn\u00f3logo em Gest\u00e3o P\u00fablica pela Anhanguera <\/span><span style=\"font-size: 10pt; font-family: verdana, geneva, sans-serif;\">Educacional (2015).<\/span><\/p>\n<p><span style=\"font-family: verdana,geneva,sans-serif; font-size: 10pt;\"><strong>Larissa Tavares Martins \u2013 Costureira de Espet\u00e1culo \/ Cen\u00e1rio<\/strong><\/span><\/p>\n<p style=\"text-align: justify;\"><span style=\"font-family: verdana,geneva,sans-serif; font-size: 10pt;\">Mestra em Patrim\u00f4nio Cultural, pela Universidade Federal de Santa Maria (UFSM) \u2013 (2015). Especialista em Artes, na linha de pesquisa de Patrim\u00f4nio Cultural Conserva\u00e7\u00e3o de Artefatos pela Universidade Federal de Pelotas (UFPel) \u2013 (2013). Graduada em Artes Visuais Licenciatura pela mesma institui\u00e7\u00e3o (2011). Formada no curso T\u00e9cnico em Vestu\u00e1rio pelo Conjunto Agrot\u00e9cnico Visconde da Gra\u00e7a (CAVG)\/(UFPel) \u2013 (2006). Servidora do quadro de funcion\u00e1rios da Universidade Federal de Pelotas \u2013 Centro de Artes\/Artes C\u00eanicas. Realiza pesquisas na \u00e1rea de Artes, Moda, Figurino, Acervo T\u00eaxtil, Conserva\u00e7\u00e3o, Cultura Material, Comunica\u00e7\u00e3o Museal e Patrim\u00f4nio Cultural. <span style=\"font-size: 8pt;\">(<a href=\"http:\/\/lattes.cnpq.br\/9778336458738200\">Curr\u00edculo Lattes<\/a>)<\/span><\/span><\/p>\n<p style=\"text-align: justify;\"><strong style=\"font-family: verdana, geneva, sans-serif; font-size: 10pt;\">Paula Pereira Pinto &#8211; Assistente em Administra\u00e7\u00e3o<\/strong><\/p>\n<p><span style=\"font-family: verdana, geneva, sans-serif; font-size: 10pt;\">Doutoranda em Mem\u00f3ria Social e Patrim\u00f4nio Cultural pela UFPel, Mestra em Artes Visuais pelo Programa de P\u00f3s-Gradua\u00e7\u00e3o em Artes Visuais da Universidade Federal de Pelotas na linha de pesquisa Ensino da Arte e Educa\u00e7\u00e3o Est\u00e9tica (2015). Graduada em Artes Visuais na modalidade Licenciatura pela UFPel (2012). Foi Professora de Arte nas Prefeituras de Pelotas e de Rio Grande\/RS (2016-2019). Assistente em Administra\u00e7\u00e3o na Universidade Federal de Pelotas, lotada no Centro de Artes, desde 11\/2019. <span style=\"font-size: 8pt;\">(<a href=\"http:\/\/lattes.cnpq.br\/5729471813143179\">Curr\u00edculo Lattes<\/a>)<\/span><\/span><\/p>\n","protected":false},"excerpt":{"rendered":"<p>Ederson de Carvalho Pestana \u2013 Contra Regra T\u00e9cnico em Eletr\u00f4nica pelo IFSUL (2000); Tecn\u00f3logo em Gest\u00e3o P\u00fablica pela Anhanguera Educacional (2015). Larissa Tavares Martins \u2013 Costureira de Espet\u00e1culo \/ Cen\u00e1rio Mestra em Patrim\u00f4nio Cultural, pela Universidade Federal de Santa Maria (UFSM) \u2013 (2015). Especialista em Artes, na linha de pesquisa de Patrim\u00f4nio Cultural Conserva\u00e7\u00e3o de [&hellip;]<\/p>\n","protected":false},"author":337,"featured_media":0,"parent":10,"menu_order":2,"comment_status":"closed","ping_status":"closed","template":"","meta":{"footnotes":""},"class_list":["post-608","page","type-page","status-publish","hentry"],"_links":{"self":[{"href":"https:\/\/wp.ufpel.edu.br\/teatro\/wp-json\/wp\/v2\/pages\/608","targetHints":{"allow":["GET"]}}],"collection":[{"href":"https:\/\/wp.ufpel.edu.br\/teatro\/wp-json\/wp\/v2\/pages"}],"about":[{"href":"https:\/\/wp.ufpel.edu.br\/teatro\/wp-json\/wp\/v2\/types\/page"}],"author":[{"embeddable":true,"href":"https:\/\/wp.ufpel.edu.br\/teatro\/wp-json\/wp\/v2\/users\/337"}],"replies":[{"embeddable":true,"href":"https:\/\/wp.ufpel.edu.br\/teatro\/wp-json\/wp\/v2\/comments?post=608"}],"version-history":[{"count":9,"href":"https:\/\/wp.ufpel.edu.br\/teatro\/wp-json\/wp\/v2\/pages\/608\/revisions"}],"predecessor-version":[{"id":2076,"href":"https:\/\/wp.ufpel.edu.br\/teatro\/wp-json\/wp\/v2\/pages\/608\/revisions\/2076"}],"up":[{"embeddable":true,"href":"https:\/\/wp.ufpel.edu.br\/teatro\/wp-json\/wp\/v2\/pages\/10"}],"wp:attachment":[{"href":"https:\/\/wp.ufpel.edu.br\/teatro\/wp-json\/wp\/v2\/media?parent=608"}],"curies":[{"name":"wp","href":"https:\/\/api.w.org\/{rel}","templated":true}]}}