{"id":2,"date":"2025-10-28T11:08:05","date_gmt":"2025-10-28T14:08:05","guid":{"rendered":"https:\/\/wp.ufpel.edu.br\/suldesign20\/?page_id=2"},"modified":"2026-04-15T10:20:53","modified_gmt":"2026-04-15T13:20:53","slug":"home","status":"publish","type":"page","link":"https:\/\/wp.ufpel.edu.br\/suldesign20\/","title":{"rendered":"In\u00edcio"},"content":{"rendered":"<div id=\"pl-2\"  class=\"panel-layout\" ><div id=\"pg-2-0\"  class=\"panel-grid panel-no-style\" ><div id=\"pgc-2-0-0\"  class=\"panel-grid-cell\" ><div id=\"panel-2-0-0-1\" class=\"widget_text so-panel widget widget_custom_html panel-last-child\" data-index=\"1\" ><div class=\"textwidget custom-html-widget\"><\/div><\/div><\/div><\/div><div id=\"pg-2-1\"  class=\"panel-grid panel-has-style\" ><div class=\"panel-row-style panel-row-style-for-2-1\" ><div id=\"pgc-2-1-0\"  class=\"panel-grid-cell\" ><div id=\"panel-2-1-0-0\" class=\"so-panel widget widget_sow-editor panel-first-child panel-last-child\" data-index=\"2\" ><div\n\t\t\t\n\t\t\tclass=\"so-widget-sow-editor so-widget-sow-editor-base\"\n\t\t\t\n\t\t>\n<div class=\"siteorigin-widget-tinymce textwidget\">\n\t<h1 style=\"text-align: center;\"><span style=\"color: #ffffff; font-size: 24pt;\"><a style=\"color: #ffffff;\" href=\"https:\/\/forms.gle\/VMGESsnEEnojTkJs7\">Solicite aqui o seu certificado de participa\u00e7\u00e3o at\u00e9 26\/abril\/2026<\/a><\/span><\/h1>\n<\/div>\n<\/div><\/div><\/div><\/div><\/div><div id=\"pg-2-2\"  class=\"panel-grid panel-no-style\" ><div id=\"pgc-2-2-0\"  class=\"panel-grid-cell panel-grid-cell-empty\" ><\/div><\/div><div id=\"pg-2-3\"  class=\"panel-grid panel-no-style\" ><div id=\"pgc-2-3-0\"  class=\"panel-grid-cell\" ><div id=\"panel-2-3-0-0\" class=\"so-panel widget widget_siteorigin-panels-builder panel-first-child\" data-index=\"3\" ><div class=\"panel-widget-style panel-widget-style-for-2-3-0-0\" ><div id=\"pl-w69342b13f0270\"  class=\"panel-layout\" ><div id=\"pg-w69342b13f0270-0\"  class=\"panel-grid panel-no-style\" ><div id=\"pgc-w69342b13f0270-0-0\"  class=\"panel-grid-cell\" ><div id=\"panel-w69342b13f0270-0-0-0\" class=\"so-panel widget widget_sow-image-grid panel-first-child panel-last-child\" data-index=\"0\" ><div class=\"so-rounded panel-widget-style panel-widget-style-for-w69342b13f0270-0-0-0\" ><div\n\t\t\t\n\t\t\tclass=\"so-widget-sow-image-grid so-widget-sow-image-grid-default-436c5f4e1662\"\n\t\t\t\n\t\t>\t<div\n\t\tclass=\"sow-image-grid-wrapper\"\n\t\tdata-max-width=\"150\"\t\tdata-max-height=\"150\"\t>\n\t\t\t\t\t<div class=\"sow-image-grid-image\">\n\t\t\t\t\t\t\t\t\t\t\t\t\t<a href=\"https:\/\/wp.ufpel.edu.br\/suldesign20\/oficinas\/\"\n\t\t\t\t\t\t\t\t\t\t\t\t\t\t\t\t\t\ttarget=\"_blank\" \t\t\t\t\t\t\t\t\t\t\t\t\t\t\t\t\t\t\t\t\t\t\t\trel=\"noopener noreferrer\" \t\t\t\t\t\t\t\t\t\t\t>\n\t\t\t\t\t\t\t\t<img loading=\"lazy\" decoding=\"async\" width=\"200\" height=\"200\" src=\"https:\/\/wp.ufpel.edu.br\/suldesign20\/files\/2025\/11\/CapaInscric\u0327a\u0303o-Oficineiro-200x200.png\" class=\"sow-image-grid-image_html\" alt=\"Oficinas&quot;\" title=\"Oficinas\" srcset=\"https:\/\/wp.ufpel.edu.br\/suldesign20\/files\/2025\/11\/CapaInscric\u0327a\u0303o-Oficineiro-200x200.png 200w, https:\/\/wp.ufpel.edu.br\/suldesign20\/files\/2025\/11\/CapaInscric\u0327a\u0303o-Oficineiro-400x400.png 400w, https:\/\/wp.ufpel.edu.br\/suldesign20\/files\/2025\/11\/CapaInscric\u0327a\u0303o-Oficineiro.png 683w\" sizes=\"auto, (max-width: 200px) 100vw, 200px\" \/>\t\t\t\t\t\t\t\t\t<\/a>\n\t\t\t\t\t\t\t\t\t\t\t\t\t<div class=\"image-title\">\n\t\t\t\t\t\tOficinas\t\t\t\t\t<\/div>\n\t\t\t\t\t\t\t<\/div>\n\t\t\t<\/div>\n<\/div><\/div><\/div><\/div><div id=\"pgc-w69342b13f0270-0-1\"  class=\"panel-grid-cell\" ><div id=\"panel-w69342b13f0270-0-1-0\" class=\"so-panel widget widget_sow-image-grid panel-first-child panel-last-child\" data-index=\"1\" ><div class=\"so-rounded panel-widget-style panel-widget-style-for-w69342b13f0270-0-1-0\" ><div\n\t\t\t\n\t\t\tclass=\"so-widget-sow-image-grid so-widget-sow-image-grid-default-e3a39d404fb7\"\n\t\t\t\n\t\t>\t<div\n\t\tclass=\"sow-image-grid-wrapper\"\n\t\tdata-max-width=\"150\"\t\tdata-max-height=\"150\"\t>\n\t\t\t\t\t<div class=\"sow-image-grid-image\">\n\t\t\t\t\t\t\t\t\t\t\t\t\t<a href=\"https:\/\/drive.google.com\/file\/d\/1HrH7ARczMNdftvze9-hVFWklrkV_yZBa\/view?usp=sharing\"\n\t\t\t\t\t\t\t\t\t\t\t\t\t\t\t\t\t\ttarget=\"_blank\" \t\t\t\t\t\t\t\t\t\t\t\t\t\t\t\t\t\t\t\t\t\t\t\trel=\"noopener noreferrer\" \t\t\t\t\t\t\t\t\t\t\t>\n\t\t\t\t\t\t\t\t<img loading=\"lazy\" decoding=\"async\" width=\"200\" height=\"200\" src=\"https:\/\/wp.ufpel.edu.br\/suldesign20\/files\/2025\/11\/CapaPortfo\u0301lio--200x200.png\" class=\"sow-image-grid-image_html\" alt=\"Em breve&quot;\" title=\"Portf\u00f3lio Review\" srcset=\"https:\/\/wp.ufpel.edu.br\/suldesign20\/files\/2025\/11\/CapaPortfo\u0301lio--200x200.png 200w, https:\/\/wp.ufpel.edu.br\/suldesign20\/files\/2025\/11\/CapaPortfo\u0301lio--400x400.png 400w, https:\/\/wp.ufpel.edu.br\/suldesign20\/files\/2025\/11\/CapaPortfo\u0301lio-.png 683w\" sizes=\"auto, (max-width: 200px) 100vw, 200px\" \/>\t\t\t\t\t\t\t\t\t<\/a>\n\t\t\t\t\t\t\t\t\t\t\t\t\t<div class=\"image-title\">\n\t\t\t\t\t\tPortf\u00f3lio Review\t\t\t\t\t<\/div>\n\t\t\t\t\t\t\t<\/div>\n\t\t\t<\/div>\n<\/div><\/div><\/div><\/div><\/div><\/div><\/div><\/div><div id=\"panel-2-3-0-1\" class=\"so-panel widget widget_siteorigin-panels-builder panel-last-child\" data-index=\"4\" ><div class=\"panel-widget-style panel-widget-style-for-2-3-0-1\" ><div id=\"pl-w692f3d82d254a\"  class=\"panel-layout\" ><div id=\"pg-w692f3d82d254a-0\"  class=\"panel-grid panel-no-style\" ><div id=\"pgc-w692f3d82d254a-0-0\"  class=\"panel-grid-cell\" ><div id=\"panel-w692f3d82d254a-0-0-0\" class=\"so-panel widget widget_sow-image-grid panel-first-child panel-last-child\" data-index=\"0\" ><div class=\"so-rounded panel-widget-style panel-widget-style-for-w692f3d82d254a-0-0-0\" ><div\n\t\t\t\n\t\t\tclass=\"so-widget-sow-image-grid so-widget-sow-image-grid-default-e3a39d404fb7\"\n\t\t\t\n\t\t>\t<div\n\t\tclass=\"sow-image-grid-wrapper\"\n\t\tdata-max-width=\"150\"\t\tdata-max-height=\"150\"\t>\n\t\t\t\t\t<div class=\"sow-image-grid-image\">\n\t\t\t\t\t\t\t\t\t\t\t\t\t<a href=\"https:\/\/wp.ufpel.edu.br\/suldesign20\/oficinas\/\"\n\t\t\t\t\t\t\t\t\t\t\t\t\t\t\t\t\t\ttarget=\"_blank\" \t\t\t\t\t\t\t\t\t\t\t\t\t\t\t\t\t\t\t\t\t\t\t\trel=\"noopener noreferrer\" \t\t\t\t\t\t\t\t\t\t\t>\n\t\t\t\t\t\t\t\t<img loading=\"lazy\" decoding=\"async\" width=\"200\" height=\"200\" src=\"https:\/\/wp.ufpel.edu.br\/suldesign20\/files\/2025\/11\/CapaWorkshops-200x200.png\" class=\"sow-image-grid-image_html\" alt=\"Em breve&quot;\" title=\"Workshops\" srcset=\"https:\/\/wp.ufpel.edu.br\/suldesign20\/files\/2025\/11\/CapaWorkshops-200x200.png 200w, https:\/\/wp.ufpel.edu.br\/suldesign20\/files\/2025\/11\/CapaWorkshops-400x400.png 400w, https:\/\/wp.ufpel.edu.br\/suldesign20\/files\/2025\/11\/CapaWorkshops.png 683w\" sizes=\"auto, (max-width: 200px) 100vw, 200px\" \/>\t\t\t\t\t\t\t\t\t<\/a>\n\t\t\t\t\t\t\t\t\t\t\t\t\t<div class=\"image-title\">\n\t\t\t\t\t\tWorkshops\t\t\t\t\t<\/div>\n\t\t\t\t\t\t\t<\/div>\n\t\t\t<\/div>\n<\/div><\/div><\/div><\/div><div id=\"pgc-w692f3d82d254a-0-1\"  class=\"panel-grid-cell\" ><div id=\"panel-w692f3d82d254a-0-1-0\" class=\"so-panel widget widget_sow-image-grid panel-first-child panel-last-child\" data-index=\"1\" ><div class=\"so-rounded panel-widget-style panel-widget-style-for-w692f3d82d254a-0-1-0\" ><div\n\t\t\t\n\t\t\tclass=\"so-widget-sow-image-grid so-widget-sow-image-grid-default-e3a39d404fb7\"\n\t\t\t\n\t\t>\t<div\n\t\tclass=\"sow-image-grid-wrapper\"\n\t\tdata-max-width=\"150\"\t\tdata-max-height=\"150\"\t>\n\t\t\t\t\t<div class=\"sow-image-grid-image\">\n\t\t\t\t\t\t\t\t\t\t\t\t\t<a href=\"https:\/\/wp.ufpel.edu.br\/suldesign20\/files\/2025\/11\/REGULAMENTO-GERAL-Festival-de-Design-2025.pdf\"\n\t\t\t\t\t\t\t\t\t\t\t\t\t\t\t\t\t\ttarget=\"_blank\" \t\t\t\t\t\t\t\t\t\t\t\t\t\t\t\t\t\t\t\t\t\t\t\trel=\"noopener noreferrer\" \t\t\t\t\t\t\t\t\t\t\t>\n\t\t\t\t\t\t\t\t<img loading=\"lazy\" decoding=\"async\" width=\"200\" height=\"200\" src=\"https:\/\/wp.ufpel.edu.br\/suldesign20\/files\/2025\/11\/CapaFestival-200x200.png\" class=\"sow-image-grid-image_html\" alt=\"\" title=\"Inscri\u00e7\u00e3o Festival\" srcset=\"https:\/\/wp.ufpel.edu.br\/suldesign20\/files\/2025\/11\/CapaFestival-200x200.png 200w, https:\/\/wp.ufpel.edu.br\/suldesign20\/files\/2025\/11\/CapaFestival-400x400.png 400w, https:\/\/wp.ufpel.edu.br\/suldesign20\/files\/2025\/11\/CapaFestival.png 683w\" sizes=\"auto, (max-width: 200px) 100vw, 200px\" \/>\t\t\t\t\t\t\t\t\t<\/a>\n\t\t\t\t\t\t\t\t\t\t\t\t\t<div class=\"image-title\">\n\t\t\t\t\t\tInscri\u00e7\u00e3o Festival\t\t\t\t\t<\/div>\n\t\t\t\t\t\t\t<\/div>\n\t\t\t<\/div>\n<\/div><\/div><\/div><\/div><\/div><\/div><\/div><\/div><\/div><div id=\"pgc-2-3-1\"  class=\"panel-grid-cell\" ><div id=\"panel-2-3-1-0\" class=\"so-panel widget widget_text panel-first-child panel-last-child\" data-index=\"5\" >\t\t\t<div class=\"textwidget\"><p>&nbsp;<\/p>\n<p>O <strong>Suldesign Encontro<\/strong> \u00e9 um evento que acontece periodicamente desde 1999, atendendo ao desejo dos estudantes, professores do colegiado do Curso de Design UFPEL, profissionais e demais interessados de se encontrarem para debater temas relevantes do campo do Design.<\/p>\n<p>A edi\u00e7\u00e3o deste ano \u00e9 especial por se tratar da comemora\u00e7\u00e3o dos <strong><em>20 anos do Suldesign Est\u00fadio<\/em>,<\/strong> projeto que nasceu como oportunidade para estudantes realizarem est\u00e1gios supervisionados pelos docentes do curso e que atende a demandas internas da UFPEL.<\/p>\n<p>O evento, que se realizar\u00e1 nos dias 9, 10 e 11 de dezembro deste ano, contar\u00e1 com Palestra, Mesa redonda, Oficinas, Workshops, Festival de Design, exposi\u00e7\u00e3o dos trabalhos realizados pelo Suldesign Est\u00fadio ao longo desses 20 anos e uma novidade: \u201cPortf\u00f3lio Review\u201d.<\/p>\n<p>O evento \u00e9\u00a0<strong>gratuito<\/strong>\u00a0e\u00a0<strong>aberto a todos os p\u00fablicos<\/strong>. A certifica\u00e7\u00e3o se dar\u00e1 mediante <strong>presen\u00e7a nas atividades<\/strong>: 3 carimbos de oficinas\/workshops no crach\u00e1 + 1 carimbo palestra ou mesa redonda (<strong>4 carimbos no total<\/strong>). Quem completar o crach\u00e1 ganha <strong>brinde<\/strong>! N\u00e3o \u00e9 necess\u00e1rio realizar inscri\u00e7\u00e3o. A participa\u00e7\u00e3o ser\u00e1 por <strong>ordem de chegada<\/strong>.<\/p>\n<p><strong>Participe!<\/strong><\/p>\n<\/div>\n\t\t<\/div><\/div><\/div><div id=\"pg-2-4\"  class=\"panel-grid panel-no-style\" ><div id=\"pgc-2-4-0\"  class=\"panel-grid-cell panel-grid-cell-empty\" ><\/div><\/div><div id=\"pg-2-5\"  class=\"panel-grid panel-has-style\" ><div class=\"siteorigin-panels-stretch panel-row-style panel-row-style-for-2-5\" data-stretch-type=\"full\" ><div id=\"pgc-2-5-0\"  class=\"panel-grid-cell\" ><div id=\"panel-2-5-0-0\" class=\"so-panel widget widget_sow-editor panel-first-child\" data-index=\"6\" ><div\n\t\t\t\n\t\t\tclass=\"so-widget-sow-editor so-widget-sow-editor-base\"\n\t\t\t\n\t\t>\n<div class=\"siteorigin-widget-tinymce textwidget\">\n\t<p>&nbsp;<\/p>\n<p>&nbsp;<\/p>\n<\/div>\n<\/div><\/div><div id=\"panel-2-5-0-1\" class=\"so-panel widget widget_sow-editor\" data-index=\"7\" ><div\n\t\t\t\n\t\t\tclass=\"so-widget-sow-editor so-widget-sow-editor-base\"\n\t\t\t\n\t\t>\n<div class=\"siteorigin-widget-tinymce textwidget\">\n\t<p><strong><span style=\"color: #522d82; font-size: 24pt;\">MESA REDONDA<\/span><\/strong><\/p>\n<\/div>\n<\/div><\/div><div id=\"panel-2-5-0-2\" class=\"so-panel widget widget_sow-editor\" data-index=\"8\" ><div\n\t\t\t\n\t\t\tclass=\"so-widget-sow-editor so-widget-sow-editor-base\"\n\t\t\t\n\t\t>\n<div class=\"siteorigin-widget-tinymce textwidget\">\n\t<p><strong><span style=\"color: #ffb900; font-size: 24pt;\">\u258dTER\u00c7A 09\/12 <\/span><\/strong><strong><span style=\"color: #9f9f9f; font-size: 15pt;\"> 18h | Pelo Youtube <a href=\"https:\/\/www.youtube.com\/@suldesignUFPEL\/streams\">(CLIQUE AQUI)<\/a><br \/>\n<\/span><\/strong><\/p>\n<\/div>\n<\/div><\/div><div id=\"panel-2-5-0-3\" class=\"so-panel widget widget_sow-editor panel-last-child\" data-index=\"9\" ><div\n\t\t\t\n\t\t\tclass=\"so-widget-sow-editor so-widget-sow-editor-base\"\n\t\t\t\n\t\t>\n<div class=\"siteorigin-widget-tinymce textwidget\">\n\t<h2><strong>Tema:<\/strong> Desafios e perspectivas para o Design ontem e hoje<\/h2>\n<\/div>\n<\/div><\/div><\/div><\/div><\/div><div id=\"pg-2-6\"  class=\"panel-grid panel-no-style\" ><div id=\"pgc-2-6-0\"  class=\"panel-grid-cell\" ><div id=\"panel-2-6-0-0\" class=\"so-panel widget widget_text panel-first-child panel-last-child\" data-index=\"10\" >\t\t\t<div class=\"textwidget\"><p>&nbsp;<\/p>\n<p>&nbsp;<\/p>\n<p>&nbsp;<\/p>\n<\/div>\n\t\t<\/div><\/div><\/div><div id=\"pg-2-7\"  class=\"panel-grid panel-no-style\" ><div id=\"pgc-2-7-0\"  class=\"panel-grid-cell\" ><div id=\"panel-2-7-0-0\" class=\"so-panel widget widget_media_image panel-first-child\" data-index=\"11\" ><img loading=\"lazy\" decoding=\"async\" width=\"325\" height=\"400\" src=\"https:\/\/wp.ufpel.edu.br\/suldesign20\/files\/2025\/12\/ArPrancheta-1-copiar-3-325x400.png\" class=\"image wp-image-307  attachment-medium size-medium\" alt=\"\" style=\"max-width: 100%; height: auto;\" srcset=\"https:\/\/wp.ufpel.edu.br\/suldesign20\/files\/2025\/12\/ArPrancheta-1-copiar-3-325x400.png 325w, https:\/\/wp.ufpel.edu.br\/suldesign20\/files\/2025\/12\/ArPrancheta-1-copiar-3.png 731w\" sizes=\"auto, (max-width: 325px) 100vw, 325px\" \/><\/div><div id=\"panel-2-7-0-1\" class=\"so-panel widget widget_sow-editor\" data-index=\"12\" ><div\n\t\t\t\n\t\t\tclass=\"so-widget-sow-editor so-widget-sow-editor-base\"\n\t\t\t\n\t\t>\n<div class=\"siteorigin-widget-tinymce textwidget\">\n\t<h2><strong><span style=\"color: #522d82;\">Tabata Costa<\/span><\/strong><\/h2>\n<\/div>\n<\/div><\/div><div id=\"panel-2-7-0-2\" class=\"so-panel widget widget_text panel-last-child\" data-index=\"13\" ><div class=\"panel-widget-style panel-widget-style-for-2-7-0-2\" >\t\t\t<div class=\"textwidget\"><p><em>T\u00e9cnica em Programa\u00e7\u00e3o Visual pelo IFSul, formada em Bacharelado em Design Gr\u00e1fico na UFPel e licenciada em Design Gr\u00e1fico no curso de forma\u00e7\u00e3o pedag\u00f3gica (IFSul). Mestre em Educa\u00e7\u00e3o e cusarando o Doutorado no IFSul. Trabalhou e estagiou na \u00e1rea desde o curso t\u00e9cnico, onde foi professora substituta nos cursos de Design do IFSul e atuou como editora de v\u00eddeos dos cursos EAD-FICs. Trabalhou no setor de Marketing do Hospital Santa Casa de Pelotas e retornou como professora substituta no IFSul. Tornou-se m\u00e3e em 2023, faceta que a fez melhor. \u00c9 apaixonada por design, pessoas e conex\u00f5es.<\/em><\/p>\n<p><em>tabataacostaa@gmail.com<\/em><\/p>\n<\/div>\n\t\t<\/div><\/div><\/div><div id=\"pgc-2-7-1\"  class=\"panel-grid-cell\" ><div id=\"panel-2-7-1-0\" class=\"so-panel widget widget_media_image panel-first-child\" data-index=\"14\" ><img loading=\"lazy\" decoding=\"async\" width=\"325\" height=\"400\" src=\"https:\/\/wp.ufpel.edu.br\/suldesign20\/files\/2025\/12\/ArPrancheta-1-copiar-2-325x400.png\" class=\"image wp-image-308  attachment-medium size-medium\" alt=\"\" style=\"max-width: 100%; height: auto;\" srcset=\"https:\/\/wp.ufpel.edu.br\/suldesign20\/files\/2025\/12\/ArPrancheta-1-copiar-2-325x400.png 325w, https:\/\/wp.ufpel.edu.br\/suldesign20\/files\/2025\/12\/ArPrancheta-1-copiar-2.png 731w\" sizes=\"auto, (max-width: 325px) 100vw, 325px\" \/><\/div><div id=\"panel-2-7-1-1\" class=\"so-panel widget widget_sow-editor\" data-index=\"15\" ><div\n\t\t\t\n\t\t\tclass=\"so-widget-sow-editor so-widget-sow-editor-base\"\n\t\t\t\n\t\t>\n<div class=\"siteorigin-widget-tinymce textwidget\">\n\t<h2><span style=\"color: #522d82;\"><strong>D\u00e9bora Alves<\/strong><\/span><\/h2>\n<\/div>\n<\/div><\/div><div id=\"panel-2-7-1-2\" class=\"so-panel widget widget_text panel-last-child\" data-index=\"16\" ><div class=\"panel-widget-style panel-widget-style-for-2-7-1-2\" >\t\t\t<div class=\"textwidget\"><p><em>\u00c9 s\u00f3cia-fundadora da Vinte Oito Branding, empresa com 8 anos dedicada a projetos de design e comunica\u00e7\u00e3o. Formada em Design Gr\u00e1fico pela UFPEL e com MBA em Marketing e Inova\u00e7\u00f5es em Comunica\u00e7\u00e3o, acumula 14 anos de experi\u00eancia em ag\u00eancias e iniciativas que integram estrat\u00e9gia, est\u00e9tica e narrativa \u2014 sempre com olhar sist\u00eamico e sensibilidade para interpretar contextos e neg\u00f3cios com profundidade. Sua trajet\u00f3ria profissional come\u00e7ou justamente no SULDESIGN, onde atuou como bolsista e deu os primeiros passos no universo do design. Hoje, \u00e0 frente da Vinte Oito, lidera projetos unindo vis\u00e3o anal\u00edtica, sensibilidade visual e a paix\u00e3o por transformar ideias em experi\u00eancias relevantes.<\/em><\/p>\n<p><em>deboraalves0@gmail.com<\/em><\/p>\n<\/div>\n\t\t<\/div><\/div><\/div><\/div><div id=\"pg-2-8\"  class=\"panel-grid panel-no-style\" ><div id=\"pgc-2-8-0\"  class=\"panel-grid-cell\" ><div id=\"panel-2-8-0-0\" class=\"so-panel widget widget_text panel-first-child panel-last-child\" data-index=\"17\" >\t\t\t<div class=\"textwidget\"><p>&nbsp;<\/p>\n<p>&nbsp;<\/p>\n<p>&nbsp;<\/p>\n<\/div>\n\t\t<\/div><\/div><\/div><div id=\"pg-2-9\"  class=\"panel-grid panel-no-style\" ><div id=\"pgc-2-9-0\"  class=\"panel-grid-cell\" ><div id=\"panel-2-9-0-0\" class=\"so-panel widget widget_media_image panel-first-child\" data-index=\"18\" ><img loading=\"lazy\" decoding=\"async\" width=\"325\" height=\"400\" src=\"https:\/\/wp.ufpel.edu.br\/suldesign20\/files\/2025\/12\/ArPrancheta-1-copiar-325x400.png\" class=\"image wp-image-309  attachment-medium size-medium\" alt=\"\" style=\"max-width: 100%; height: auto;\" srcset=\"https:\/\/wp.ufpel.edu.br\/suldesign20\/files\/2025\/12\/ArPrancheta-1-copiar-325x400.png 325w, https:\/\/wp.ufpel.edu.br\/suldesign20\/files\/2025\/12\/ArPrancheta-1-copiar.png 731w\" sizes=\"auto, (max-width: 325px) 100vw, 325px\" \/><\/div><div id=\"panel-2-9-0-1\" class=\"so-panel widget widget_sow-editor\" data-index=\"19\" ><div\n\t\t\t\n\t\t\tclass=\"so-widget-sow-editor so-widget-sow-editor-base\"\n\t\t\t\n\t\t>\n<div class=\"siteorigin-widget-tinymce textwidget\">\n\t<h2><strong><span style=\"color: #522d82;\">Manuela Doerr<\/span><\/strong><\/h2>\n<\/div>\n<\/div><\/div><div id=\"panel-2-9-0-2\" class=\"so-panel widget widget_text panel-last-child\" data-index=\"20\" ><div class=\"panel-widget-style panel-widget-style-for-2-9-0-2\" >\t\t\t<div class=\"textwidget\"><p><em>Manuela Doerr \u00e9 ga\u00facha, formada pela UFPEL em Bacharelado em Design Digital e T\u00e9cnica em Comunica\u00e7\u00e3o Visual pelo IFSul. Mora em S\u00e3o Paulo h\u00e1 8 anos e hoje atua como Head de Design no Ita\u00fa. Manu trabalha na \u00e1rea h\u00e1 mais de 12 anos, possui experi\u00eancia em gest\u00e3o de times de design, sempre trabalhando no modelo \u00e1gil em colabora\u00e7\u00e3o com desenvolvedores e PMs. Liderou por 3 anos o time de design do Iti, startup do Ita\u00fa desde a concep\u00e7\u00e3o at\u00e9 alcan\u00e7ar a marca de 15MM de clientes com um time de 54 designers,\u00a0 incluindo coordenadores, especialistas, product designers, ux researchers e ux writers. Hoje lidera os times de design do Ita\u00fa com foco em engajamento, gamifica\u00e7\u00e3o e programas de relacionamento.<\/em><\/p>\n<p><em>manu.doerr@gmail.com<\/em><\/p>\n<\/div>\n\t\t<\/div><\/div><\/div><div id=\"pgc-2-9-1\"  class=\"panel-grid-cell\" ><div id=\"panel-2-9-1-0\" class=\"so-panel widget widget_media_image panel-first-child\" data-index=\"21\" ><img loading=\"lazy\" decoding=\"async\" width=\"325\" height=\"400\" src=\"https:\/\/wp.ufpel.edu.br\/suldesign20\/files\/2025\/12\/ArPrancheta-1-325x400.png\" class=\"image wp-image-310  attachment-medium size-medium\" alt=\"\" style=\"max-width: 100%; height: auto;\" srcset=\"https:\/\/wp.ufpel.edu.br\/suldesign20\/files\/2025\/12\/ArPrancheta-1-325x400.png 325w, https:\/\/wp.ufpel.edu.br\/suldesign20\/files\/2025\/12\/ArPrancheta-1.png 731w\" sizes=\"auto, (max-width: 325px) 100vw, 325px\" \/><\/div><div id=\"panel-2-9-1-1\" class=\"so-panel widget widget_sow-editor\" data-index=\"22\" ><div\n\t\t\t\n\t\t\tclass=\"so-widget-sow-editor so-widget-sow-editor-base\"\n\t\t\t\n\t\t>\n<div class=\"siteorigin-widget-tinymce textwidget\">\n\t<h2><span style=\"color: #522d82;\"><strong>Taline Velasquez<\/strong><\/span><\/h2>\n<\/div>\n<\/div><\/div><div id=\"panel-2-9-1-2\" class=\"so-panel widget widget_text panel-last-child\" data-index=\"23\" ><div class=\"panel-widget-style panel-widget-style-for-2-9-1-2\" >\t\t\t<div class=\"textwidget\"><p><em>Mestre em Design Estrat\u00e9gico pela Unisinos, Especialista em Gest\u00e3o de Neg\u00f3cios pelo Senac\/RS e Bacharel em Design Gr\u00e1fico pela UFPel. Atuou como professora nos cursos de Design do IFSul e foi respons\u00e1vel pelo Setor de Comunica\u00e7\u00e3o do Pelotas Parque Tecnol\u00f3gico. Com cerca de 15 anos de experi\u00eancia em identidade visual, design digital e editorial, atualmente \u00e9 Designer Visual na dti Digital, com sedes em Belo Horizonte\/MG e Pelotas\/RS. Seus interesses de pesquisa envolvem as \u00e1reas de inova\u00e7\u00e3o, design estrat\u00e9gico, intelig\u00eancia artificial e metodologias \u00e1geis.<\/em><\/p>\n<p><em>taline.velasques@dtidigital.com.br\u00a0<\/em><\/p>\n<\/div>\n\t\t<\/div><\/div><\/div><\/div><div id=\"pg-2-10\"  class=\"panel-grid panel-has-style\" ><div class=\"siteorigin-panels-stretch panel-row-style panel-row-style-for-2-10\" data-stretch-type=\"full\" ><div id=\"pgc-2-10-0\"  class=\"panel-grid-cell\" ><div id=\"panel-2-10-0-0\" class=\"so-panel widget widget_sow-editor panel-first-child\" data-index=\"24\" ><div\n\t\t\t\n\t\t\tclass=\"so-widget-sow-editor so-widget-sow-editor-base\"\n\t\t\t\n\t\t>\n<div class=\"siteorigin-widget-tinymce textwidget\">\n\t<\/div>\n<\/div><\/div><div id=\"panel-2-10-0-1\" class=\"so-panel widget widget_sow-editor panel-last-child\" data-index=\"25\" ><div\n\t\t\t\n\t\t\tclass=\"so-widget-sow-editor so-widget-sow-editor-base\"\n\t\t\t\n\t\t>\n<div class=\"siteorigin-widget-tinymce textwidget\">\n\t<\/div>\n<\/div><\/div><\/div><div id=\"pgc-2-10-1\"  class=\"panel-grid-cell\" ><div id=\"panel-2-10-1-0\" class=\"so-panel widget widget_sow-editor panel-first-child panel-last-child\" data-index=\"26\" ><div\n\t\t\t\n\t\t\tclass=\"so-widget-sow-editor so-widget-sow-editor-base\"\n\t\t\t\n\t\t>\n<div class=\"siteorigin-widget-tinymce textwidget\">\n\t<\/div>\n<\/div><\/div><\/div><\/div><\/div><div id=\"pg-2-11\"  class=\"panel-grid panel-no-style\" ><div id=\"pgc-2-11-0\"  class=\"panel-grid-cell\" ><div id=\"panel-2-11-0-0\" class=\"so-panel widget widget_text panel-first-child panel-last-child\" data-index=\"27\" >\t\t\t<div class=\"textwidget\"><p>&nbsp;<\/p>\n<p>&nbsp;<\/p>\n<\/div>\n\t\t<\/div><\/div><\/div><div id=\"pg-2-12\"  class=\"panel-grid panel-has-style\" ><div class=\"siteorigin-panels-stretch panel-row-style panel-row-style-for-2-12\" data-stretch-type=\"full\" ><div id=\"pgc-2-12-0\"  class=\"panel-grid-cell\" ><div id=\"panel-2-12-0-0\" class=\"so-panel widget widget_sow-editor panel-first-child\" data-index=\"28\" ><div\n\t\t\t\n\t\t\tclass=\"so-widget-sow-editor so-widget-sow-editor-base\"\n\t\t\t\n\t\t>\n<div class=\"siteorigin-widget-tinymce textwidget\">\n\t<\/div>\n<\/div><\/div><div id=\"panel-2-12-0-1\" class=\"so-panel widget widget_sow-editor panel-last-child\" data-index=\"29\" ><div\n\t\t\t\n\t\t\tclass=\"so-widget-sow-editor so-widget-sow-editor-base\"\n\t\t\t\n\t\t>\n<div class=\"siteorigin-widget-tinymce textwidget\">\n\t<\/div>\n<\/div><\/div><\/div><div id=\"pgc-2-12-1\"  class=\"panel-grid-cell\" ><div id=\"panel-2-12-1-0\" class=\"so-panel widget widget_sow-editor panel-first-child panel-last-child\" data-index=\"30\" ><div\n\t\t\t\n\t\t\tclass=\"so-widget-sow-editor so-widget-sow-editor-base\"\n\t\t\t\n\t\t>\n<div class=\"siteorigin-widget-tinymce textwidget\">\n\t<\/div>\n<\/div><\/div><\/div><\/div><\/div><div id=\"pg-2-13\"  class=\"panel-grid panel-no-style\" ><div id=\"pgc-2-13-0\"  class=\"panel-grid-cell\" ><div id=\"panel-2-13-0-0\" class=\"so-panel widget widget_text panel-first-child panel-last-child\" data-index=\"31\" >\t\t\t<div class=\"textwidget\"><p>&nbsp;<\/p>\n<p>&nbsp;<\/p>\n<p>____________________________________________<\/p>\n<\/div>\n\t\t<\/div><\/div><\/div><div id=\"pg-2-14\"  class=\"panel-grid panel-has-style\" ><div class=\"siteorigin-panels-stretch panel-row-style panel-row-style-for-2-14\" data-stretch-type=\"full\" ><div id=\"pgc-2-14-0\"  class=\"panel-grid-cell\" ><div id=\"panel-2-14-0-0\" class=\"so-panel widget widget_sow-editor panel-first-child\" data-index=\"32\" ><div\n\t\t\t\n\t\t\tclass=\"so-widget-sow-editor so-widget-sow-editor-base\"\n\t\t\t\n\t\t>\n<div class=\"siteorigin-widget-tinymce textwidget\">\n\t<p>&nbsp;<\/p>\n<p>&nbsp;<\/p>\n<\/div>\n<\/div><\/div><div id=\"panel-2-14-0-1\" class=\"so-panel widget widget_sow-editor\" data-index=\"33\" ><div\n\t\t\t\n\t\t\tclass=\"so-widget-sow-editor so-widget-sow-editor-base\"\n\t\t\t\n\t\t>\n<div class=\"siteorigin-widget-tinymce textwidget\">\n\t<p><strong><span style=\"color: #c90058; font-size: 24pt;\">PALESTRAS<\/span><\/strong><\/p>\n<\/div>\n<\/div><\/div><div id=\"panel-2-14-0-2\" class=\"so-panel widget widget_sow-editor panel-last-child\" data-index=\"34\" ><div\n\t\t\t\n\t\t\tclass=\"so-widget-sow-editor so-widget-sow-editor-base\"\n\t\t\t\n\t\t>\n<div class=\"siteorigin-widget-tinymce textwidget\">\n\t<p><strong><span style=\"color: #ffb900; font-size: 24pt;\">\u258dQUARTA 10\/12 <\/span><\/strong><strong><span style=\"color: #9f9f9f; font-size: 15pt;\"> 18h | Audit\u00f3rio do CEHUS<br \/>\n<\/span><\/strong><\/p>\n<\/div>\n<\/div><\/div><\/div><\/div><\/div><div id=\"pg-2-15\"  class=\"panel-grid panel-has-style\" ><div class=\"siteorigin-panels-stretch panel-row-style panel-row-style-for-2-15\" data-stretch-type=\"full\" ><div id=\"pgc-2-15-0\"  class=\"panel-grid-cell\" ><div id=\"panel-2-15-0-0\" class=\"so-panel widget widget_sow-editor panel-first-child\" data-index=\"35\" ><div\n\t\t\t\n\t\t\tclass=\"so-widget-sow-editor so-widget-sow-editor-base\"\n\t\t\t\n\t\t>\n<div class=\"siteorigin-widget-tinymce textwidget\">\n\t<\/div>\n<\/div><\/div><div id=\"panel-2-15-0-1\" class=\"so-panel widget widget_media_image\" data-index=\"36\" ><img loading=\"lazy\" decoding=\"async\" width=\"320\" height=\"400\" src=\"https:\/\/wp.ufpel.edu.br\/suldesign20\/files\/2025\/12\/Edson-matsuo-320x400.jpg\" class=\"image wp-image-227  attachment-medium size-medium\" alt=\"\" style=\"max-width: 100%; height: auto;\" srcset=\"https:\/\/wp.ufpel.edu.br\/suldesign20\/files\/2025\/12\/Edson-matsuo-320x400.jpg 320w, https:\/\/wp.ufpel.edu.br\/suldesign20\/files\/2025\/12\/Edson-matsuo-819x1024.jpg 819w, https:\/\/wp.ufpel.edu.br\/suldesign20\/files\/2025\/12\/Edson-matsuo-768x960.jpg 768w, https:\/\/wp.ufpel.edu.br\/suldesign20\/files\/2025\/12\/Edson-matsuo-1229x1536.jpg 1229w, https:\/\/wp.ufpel.edu.br\/suldesign20\/files\/2025\/12\/Edson-matsuo.jpg 1280w\" sizes=\"auto, (max-width: 320px) 100vw, 320px\" \/><\/div><div id=\"panel-2-15-0-2\" class=\"so-panel widget widget_sow-editor panel-last-child\" data-index=\"37\" ><div\n\t\t\t\n\t\t\tclass=\"so-widget-sow-editor so-widget-sow-editor-base\"\n\t\t\t\n\t\t>\n<div class=\"siteorigin-widget-tinymce textwidget\">\n\t<\/div>\n<\/div><\/div><\/div><div id=\"pgc-2-15-1\"  class=\"panel-grid-cell\" ><div id=\"panel-2-15-1-0\" class=\"so-panel widget widget_sow-editor panel-first-child\" data-index=\"38\" ><div\n\t\t\t\n\t\t\tclass=\"so-widget-sow-editor so-widget-sow-editor-base\"\n\t\t\t\n\t\t>\n<div class=\"siteorigin-widget-tinymce textwidget\">\n\t<\/div>\n<\/div><\/div><div id=\"panel-2-15-1-1\" class=\"so-panel widget widget_sow-editor\" data-index=\"39\" ><div\n\t\t\t\n\t\t\tclass=\"so-widget-sow-editor so-widget-sow-editor-base\"\n\t\t\t\n\t\t>\n<div class=\"siteorigin-widget-tinymce textwidget\">\n\t<p style=\"padding-left: 40px; margin: 1px;\"><strong><span style=\"color: #ffb900; font-size: 15pt;\">\u201cIKIGAI como Auto Conhecimento Ancestral potencializado por perguntas silenciosas (sem resposta imediata) diante da PAUSA no APRENDER.\u201d<br \/>\n<\/span><\/strong><\/p>\n<p style=\"padding-left: 40px;\"><strong>EDSON MATSUO &amp; COdesign Transgeracional<br \/>\n<\/strong><\/p>\n<\/div>\n<\/div><\/div><div id=\"panel-2-15-1-2\" class=\"so-panel widget widget_text panel-last-child\" data-index=\"40\" ><div class=\"panel-widget-style panel-widget-style-for-2-15-1-2\" >\t\t\t<div class=\"textwidget\"><p><em>Edson Matsuo \u00e9 designer e estrategista que integra cultura japonesa, ga\u00facha, brasileira e latino-americana em uma s\u00edntese mesti\u00e7a e inovadora. Formado em Arquitetura e Urbanismo e com um \u201cdoutorado informal\u201d de quase 40 anos na Grendene, atuou como diretor criativo em Melissa, Rider e Ipanema, onde liderou movimentos ic\u00f4nicos de produtos e narrativas. \u00c0 frente da MATSUO+CO, desenvolve o COdesign Transgeracional\u00a9, conectando IKIGAI, ancestralidade e futuros regenerativos. Sua pr\u00e1tica une rigor t\u00e9cnico, poesia e tecnologia para criar experi\u00eancias que ampliam consci\u00eancia e humanizam o design. Atua como consultor e arquiteto de sentido, fortalecendo um design brasileiro plural e profundo.<\/em><\/p>\n<\/div>\n\t\t<\/div><\/div><\/div><\/div><\/div><div id=\"pg-2-16\"  class=\"panel-grid panel-has-style\" ><div class=\"siteorigin-panels-stretch panel-row-style panel-row-style-for-2-16\" data-stretch-type=\"full\" ><div id=\"pgc-2-16-0\"  class=\"panel-grid-cell\" ><div id=\"panel-2-16-0-0\" class=\"so-panel widget widget_sow-editor panel-first-child\" data-index=\"41\" ><div\n\t\t\t\n\t\t\tclass=\"so-widget-sow-editor so-widget-sow-editor-base\"\n\t\t\t\n\t\t>\n<div class=\"siteorigin-widget-tinymce textwidget\">\n\t<p>&nbsp;<\/p>\n<p>&nbsp;<\/p>\n<\/div>\n<\/div><\/div><div id=\"panel-2-16-0-1\" class=\"so-panel widget widget_sow-editor panel-last-child\" data-index=\"42\" ><div\n\t\t\t\n\t\t\tclass=\"so-widget-sow-editor so-widget-sow-editor-base\"\n\t\t\t\n\t\t>\n<div class=\"siteorigin-widget-tinymce textwidget\">\n\t<p><strong><span style=\"color: #c90058; font-size: 24pt;\">\u258dQUINTA 11\/12 <\/span><\/strong><strong><span style=\"color: #9f9f9f; font-size: 15pt;\"> 18h | Papuera Bar (Rua Alberto Rosa, 51) Acesso mediante apresenta\u00e7\u00e3o do crach\u00e1.<br \/>\n<\/span><\/strong><\/p>\n<\/div>\n<\/div><\/div><\/div><\/div><\/div><div id=\"pg-2-17\"  class=\"panel-grid panel-has-style\" ><div class=\"siteorigin-panels-stretch panel-row-style panel-row-style-for-2-17\" data-stretch-type=\"full\" ><div id=\"pgc-2-17-0\"  class=\"panel-grid-cell\" ><div id=\"panel-2-17-0-0\" class=\"so-panel widget widget_sow-editor panel-first-child\" data-index=\"43\" ><div\n\t\t\t\n\t\t\tclass=\"so-widget-sow-editor so-widget-sow-editor-base\"\n\t\t\t\n\t\t>\n<div class=\"siteorigin-widget-tinymce textwidget\">\n\t<\/div>\n<\/div><\/div><div id=\"panel-2-17-0-1\" class=\"so-panel widget widget_media_image\" data-index=\"44\" ><img loading=\"lazy\" decoding=\"async\" width=\"267\" height=\"400\" src=\"https:\/\/wp.ufpel.edu.br\/suldesign20\/files\/2025\/12\/Paula-PB-267x400.png\" class=\"image wp-image-257  attachment-medium size-medium\" alt=\"\" style=\"max-width: 100%; height: auto;\" srcset=\"https:\/\/wp.ufpel.edu.br\/suldesign20\/files\/2025\/12\/Paula-PB-267x400.png 267w, https:\/\/wp.ufpel.edu.br\/suldesign20\/files\/2025\/12\/Paula-PB-683x1024.png 683w, https:\/\/wp.ufpel.edu.br\/suldesign20\/files\/2025\/12\/Paula-PB-768x1152.png 768w, https:\/\/wp.ufpel.edu.br\/suldesign20\/files\/2025\/12\/Paula-PB-1024x1536.png 1024w, https:\/\/wp.ufpel.edu.br\/suldesign20\/files\/2025\/12\/Paula-PB-1365x2048.png 1365w, https:\/\/wp.ufpel.edu.br\/suldesign20\/files\/2025\/12\/Paula-PB-scaled.png 1707w\" sizes=\"auto, (max-width: 267px) 100vw, 267px\" \/><\/div><div id=\"panel-2-17-0-2\" class=\"so-panel widget widget_sow-editor panel-last-child\" data-index=\"45\" ><div\n\t\t\t\n\t\t\tclass=\"so-widget-sow-editor so-widget-sow-editor-base\"\n\t\t\t\n\t\t>\n<div class=\"siteorigin-widget-tinymce textwidget\">\n\t<\/div>\n<\/div><\/div><\/div><div id=\"pgc-2-17-1\"  class=\"panel-grid-cell\" ><div id=\"panel-2-17-1-0\" class=\"so-panel widget widget_sow-editor panel-first-child\" data-index=\"46\" ><div\n\t\t\t\n\t\t\tclass=\"so-widget-sow-editor so-widget-sow-editor-base\"\n\t\t\t\n\t\t>\n<div class=\"siteorigin-widget-tinymce textwidget\">\n\t<\/div>\n<\/div><\/div><div id=\"panel-2-17-1-1\" class=\"so-panel widget widget_sow-editor\" data-index=\"47\" ><div\n\t\t\t\n\t\t\tclass=\"so-widget-sow-editor so-widget-sow-editor-base\"\n\t\t\t\n\t\t>\n<div class=\"siteorigin-widget-tinymce textwidget\">\n\t<p style=\"padding-left: 40px; margin: 1px;\"><strong><span style=\"color: #c90058; font-size: 15pt;\">\u201cFuture-proof brands: projetando marcas para o futuro\u201d<br \/>\n<\/span><\/strong><\/p>\n<p style=\"padding-left: 40px;\"><strong> Paula Thofehrn<br \/>\n<\/strong><\/p>\n<\/div>\n<\/div><\/div><div id=\"panel-2-17-1-2\" class=\"so-panel widget widget_text panel-last-child\" data-index=\"48\" ><div class=\"panel-widget-style panel-widget-style-for-2-17-1-2\" >\t\t\t<div class=\"textwidget\"><p><em>Paula Thofehrn \u00e9 estrategista de marcas e consultora independente, formada em Design Gr\u00e1fico, que construiu uma carreira h\u00edbrida unindo pesquisa, cultura, comportamento e estrat\u00e9gia. H\u00e1 mais de 15 anos trabalha liderando projetos de posicionamento, branding, inova\u00e7\u00e3o e futuros, colaborando com empresas como Netflix, Google, Meta, Sephora, LATAM Airlines, Havaianas, etc. e parceiros como WGSN, AKQA, R\/GA, Mesa Company. Combina investiga\u00e7\u00e3o cultural, tend\u00eancias e vis\u00e3o de neg\u00f3cios para orientar marcas em decis\u00f5es estrat\u00e9gicas e processos criativos.<\/em><\/p>\n<p>&nbsp;<\/p>\n<\/div>\n\t\t<\/div><\/div><\/div><\/div><\/div><\/div>","protected":false},"excerpt":{"rendered":"<p>Solicite aqui o seu certificado de participa\u00e7\u00e3o at\u00e9 26\/abril\/2026<\/p>\n","protected":false},"author":928,"featured_media":0,"parent":0,"menu_order":0,"comment_status":"closed","ping_status":"closed","template":"home-panels.php","meta":{"footnotes":""},"class_list":["post-2","page","type-page","status-publish","hentry","post"],"_links":{"self":[{"href":"https:\/\/wp.ufpel.edu.br\/suldesign20\/wp-json\/wp\/v2\/pages\/2","targetHints":{"allow":["GET"]}}],"collection":[{"href":"https:\/\/wp.ufpel.edu.br\/suldesign20\/wp-json\/wp\/v2\/pages"}],"about":[{"href":"https:\/\/wp.ufpel.edu.br\/suldesign20\/wp-json\/wp\/v2\/types\/page"}],"author":[{"embeddable":true,"href":"https:\/\/wp.ufpel.edu.br\/suldesign20\/wp-json\/wp\/v2\/users\/928"}],"replies":[{"embeddable":true,"href":"https:\/\/wp.ufpel.edu.br\/suldesign20\/wp-json\/wp\/v2\/comments?post=2"}],"version-history":[{"count":3,"href":"https:\/\/wp.ufpel.edu.br\/suldesign20\/wp-json\/wp\/v2\/pages\/2\/revisions"}],"predecessor-version":[{"id":350,"href":"https:\/\/wp.ufpel.edu.br\/suldesign20\/wp-json\/wp\/v2\/pages\/2\/revisions\/350"}],"wp:attachment":[{"href":"https:\/\/wp.ufpel.edu.br\/suldesign20\/wp-json\/wp\/v2\/media?parent=2"}],"curies":[{"name":"wp","href":"https:\/\/api.w.org\/{rel}","templated":true}]}}