{"id":2432,"date":"2024-11-12T16:12:14","date_gmt":"2024-11-12T19:12:14","guid":{"rendered":"https:\/\/wp.ufpel.edu.br\/spmav\/?page_id=2432"},"modified":"2024-11-13T23:48:59","modified_gmt":"2024-11-14T02:48:59","slug":"apresentacao-2","status":"publish","type":"page","link":"https:\/\/wp.ufpel.edu.br\/spmav\/apresentacao-2\/","title":{"rendered":""},"content":{"rendered":"\n<h1 class=\"wp-block-heading has-text-align-center has-large-font-size\">Corporalidades em Transi\u00e7\u00e3o<\/h1>\n\n\n\n<h3 class=\"wp-block-heading has-text-align-center has-small-font-size\">As artes do corpo e o corpo nas artes<\/h3>\n\n\n\n<hr class=\"wp-block-separator has-alpha-channel-opacity\"\/>\n\n\n\n<h4 class=\"wp-block-heading has-text-align-center has-medium-font-size\"><strong>13\u00b0 SPMAV &#8211; Semin\u00e1rio de Pesquisa do Mestrado em Artes Visuais<\/strong><\/h4>\n\n\n\n<h4 class=\"wp-block-heading has-text-align-center has-medium-font-size\"><strong>1\u00b0 SIPA &#8211; Semin\u00e1rio Internacional de Pesquisa em Artes<\/strong><\/h4>\n\n\n\n<hr class=\"wp-block-separator has-alpha-channel-opacity\"\/>\n\n\n\n<p class=\"has-text-align-left\">Os estudos sobre corporalidade est\u00e3o em constante transforma\u00e7\u00e3o, sendo influenciados por discursos culturais e pol\u00edticos que moldam tanto o conceito de corpo quanto sua intera\u00e7\u00e3o com o mundo. Judith Butler (2018) sugere que g\u00eanero e identidade s\u00e3o constru\u00e7\u00f5es performativas, n\u00e3o ess\u00eancias fixas, e que o corpo pode subverter normas sociais, tornando-se um espa\u00e7o de inquieta\u00e7\u00f5es e resist\u00eancia. Guacira Lopes Louro (2004) tamb\u00e9m indica que corpos que desafiam normas contribuem para o questionamento de normas de g\u00eanero e sexualidade.<\/p>\n\n\n\n<p class=\"has-text-align-left\">Nas artes, essa vis\u00e3o do corpo como interface entre o material e o simb\u00f3lico reflete a diversidade de experi\u00eancias corporais, atravessadas por quest\u00f5es de ra\u00e7a, g\u00eanero e sexualidade, conforme explorado pelas teorias decoloniais (Lugones, 2014). Nesse sentido, a educa\u00e7\u00e3o, como defendido por bell hooks (2017), deve promover uma abordagem libertadora e inclusiva, valorizando a diversidade corporal. No contexto tecnol\u00f3gico, Robert McRuer (2024) discute como algumas tecnologias refor\u00e7am normatividades, enquanto outras podem ampliar a express\u00e3o de corporalidades diversas.<\/p>\n\n\n\n<p class=\"has-text-align-left\">A rela\u00e7\u00e3o entre corpo e meio ambiente tamb\u00e9m emerge, evidenciando como corpos e ecologia se interconectam e resistem \u00e0 explora\u00e7\u00e3o. Assim, as artes do corpo e o corpo nas artes s\u00e3o espa\u00e7os transit\u00f3rios, no qual diferentes formas de ser e de criar se desenvolvem.<\/p>\n\n\n\n<p class=\"has-text-align-left\">O 13\u00ba Semin\u00e1rio de Pesquisa do Mestrado em Artes Visuais e o 1\u00ba Semin\u00e1rio Internacional de Pesquisa em Artes, \u00e9 um evento realizado pelo Programa de P\u00f3s-gradua\u00e7\u00e3o em Artes da Universidade Federal de Pelotas, RS, Brasil. E, nesta edi\u00e7\u00e3o, prop\u00f5em debates sobre as corporalidades em transi\u00e7\u00e3o e as suas artes, sendo composto por palestras, grupos de trabalho, exposi\u00e7\u00f5es, espet\u00e1culos, mostras e performances, buscando reativar os encontros presenciais na universidade, promover a acessibilidade e fomentar trocas entre saberes regionais, nacionais e internacionais.<\/p>\n\n\n\n<p><strong>Eixos Tem\u00e1ticos:<\/strong><\/p>\n\n\n\n<p><strong>Eixo Artes e Educa\u00e7\u00e3o:<\/strong> Busca explorar a forma como a corporalidade pode ser integrada no ensino das artes e nas pedagogias cr\u00edticas, em conson\u00e2ncia com Paulo Freire e bell hooks, que defendem a educa\u00e7\u00e3o como pr\u00e1tica de liberdade. O eixo destaca pr\u00e1ticas que valorizem a diversidade corporal e promovam di\u00e1logos, nos quais o corpo \u00e9 um agente ativo na aprendizagem e na cria\u00e7\u00e3o.<\/p>\n\n\n\n<p><strong>Eixo G\u00eaneros, Sexualidades e Decolonialidade:<\/strong> Convida \u00e0 reflex\u00e3o sobre a diversidade das corporalidades com especial aten\u00e7\u00e3o \u00e0s corporalidades dissidentes, que desafiam normas de ra\u00e7a, g\u00eanero, sexualidade e defici\u00eancias. Com apoio de teorias queer\/cuir e decoloniais, atentando \u00e0 arte como espa\u00e7o de visibilidade para identidades marginalizadas e como campo para a desconstru\u00e7\u00e3o de binarismos.<\/p>\n\n\n\n<p><strong>Eixo Po\u00e9ticas e Processos Criativos:<\/strong> Abre espa\u00e7o para a discuss\u00e3o de processos criativos centrados na corporalidade, acolhendo comunica\u00e7\u00f5es que investiguem as diferentes rela\u00e7\u00f5es e pr\u00e1ticas do corpo com\/em po\u00e9ticas contempor\u00e2neas, como as artes visuais e as artes c\u00eanicas e demais express\u00f5es art\u00edsticas.<\/p>\n\n\n\n<p><strong>Eixo Hist\u00f3rias e Teorias das Artes e Transversalidades:<\/strong> Acolhe estudos das teorias e hist\u00f3rias nas suas m\u00faltiplas rela\u00e7\u00f5es com as Artes, buscando di\u00e1logos no \u00e2mbito nacional e internacional, para a discuss\u00e3o frente \u00e0 diversidade dos modos de conhecer e de se relacionar com as manifesta\u00e7\u00f5es art\u00edsticas, suas inter-rela\u00e7\u00f5es e transversalidade com outros campos do conhecimento.<\/p>\n\n\n\n<p><strong>Eixo Tecnologias e Meio Ambiente:<\/strong> Prop\u00f5e a discuss\u00e3o das rela\u00e7\u00f5es entre corporalidades, tecnologia e meio ambiente, abordando implica\u00e7\u00f5es \u00e9ticas e pol\u00edticas, e promovendo reflex\u00f5es sobre como a arte pode dialogar mediante \u00e0 crise ecol\u00f3gica e pensar a coexist\u00eancia entre o natural e o tecnol\u00f3gico.<\/p>\n\n\n\n<p><strong>REFER\u00caNCIAS<\/strong><\/p>\n\n\n\n<p>BUTLER, Judith. Problemas de g\u00eanero: feminismo e subvers\u00e3o da identidade. Rio de Janeiro: Civiliza\u00e7\u00e3o Brasileira, 2018.<\/p>\n\n\n\n<p>LOURO, Guacira Lopes. Um corpo estranho: ensaios sobre sexualidade e teoria queer. Belo Horizonte: Aut\u00eantica Editora, 2004.<\/p>\n\n\n\n<p>HOOKS, bell. Ensinando a transgredir: a educa\u00e7\u00e3o como pr\u00e1tica da liberdade. S\u00e3o Paulo: Martins Fontes, 2017.<\/p>\n\n\n\n<p>LUGONES, M.. Rumo a um feminismo descolonial. Revista Estudos Feministas, v. 22, n. 3, p. 935\u2013952, set. &nbsp; https:\/\/doi.org\/10.1590\/S0104-026X2014000300013 2014. Acesso em: 23 de outubro de 2024.<\/p>\n\n\n\n<p style=\"font-size:15px\">MCRUER, Robert, Teoria Crip: signos culturais entre o queer e a defici\u00eancia. S\u00e3o Paulo:&nbsp; Editora Papeis Selvagens, 2024.<\/p>\n\n\n\n<hr class=\"wp-block-separator has-alpha-channel-opacity\"\/>\n\n\n\n<p style=\"font-size:15px\">Ser\u00e3o aceitas inscri\u00e7\u00f5es de <strong>propostas de comunica\u00e7\u00e3o presencial, de comunica\u00e7\u00e3o virtual<\/strong> e <strong>de performance<\/strong> que devem ser realizadas mediante a submiss\u00e3o de <strong>RESUMO SIMPLES<\/strong> at\u00e9 25 de novembro de 2024, \u00e0s 23h59.<\/p>\n\n\n\n<p style=\"font-size:15px\">S\u00e3o aceitas participa\u00e7\u00f5es sem apresenta\u00e7\u00e3o de comunica\u00e7\u00e3o at\u00e9 o dia 09 de dezembro de 2024&nbsp;\u00e0s&nbsp;14h.<\/p>\n\n\n\n<p class=\"has-blue-color has-text-color has-link-color has-medium-font-size wp-elements-a8affe11b7b4bff940befddd4d9ce62c\"><a href=\"https:\/\/drive.google.com\/file\/d\/1UDQneT2X-0s18ILpn9gE2pQKaVJxGHtn\/view\" target=\"_blank\" rel=\"noreferrer noopener\">Leia o edital completo aqui<\/a><\/p>\n\n\n\n<figure class=\"wp-block-gallery has-nested-images columns-default is-cropped wp-block-gallery-1 is-layout-flex wp-block-gallery-is-layout-flex\">\n<figure class=\"wp-block-image size-large is-style-rounded\"><img data-recalc-dims=\"1\" loading=\"lazy\" decoding=\"async\" width=\"584\" height=\"584\" data-attachment-id=\"2512\" data-permalink=\"https:\/\/wp.ufpel.edu.br\/spmav\/apresentacao-2\/colorido-8\/\" data-orig-file=\"https:\/\/i0.wp.com\/wp.ufpel.edu.br\/spmav\/files\/2024\/11\/COLORIDO-7.png?fit=2049%2C2048&amp;ssl=1\" data-orig-size=\"2049,2048\" data-comments-opened=\"0\" data-image-meta=\"{&quot;aperture&quot;:&quot;0&quot;,&quot;credit&quot;:&quot;&quot;,&quot;camera&quot;:&quot;&quot;,&quot;caption&quot;:&quot;&quot;,&quot;created_timestamp&quot;:&quot;0&quot;,&quot;copyright&quot;:&quot;&quot;,&quot;focal_length&quot;:&quot;0&quot;,&quot;iso&quot;:&quot;0&quot;,&quot;shutter_speed&quot;:&quot;0&quot;,&quot;title&quot;:&quot;&quot;,&quot;orientation&quot;:&quot;0&quot;}\" data-image-title=\"COLORIDO\" data-image-description=\"\" data-image-caption=\"\" data-medium-file=\"https:\/\/i0.wp.com\/wp.ufpel.edu.br\/spmav\/files\/2024\/11\/COLORIDO-7.png?fit=400%2C400&amp;ssl=1\" data-large-file=\"https:\/\/i0.wp.com\/wp.ufpel.edu.br\/spmav\/files\/2024\/11\/COLORIDO-7.png?fit=584%2C584&amp;ssl=1\" data-id=\"2512\" src=\"https:\/\/i0.wp.com\/wp.ufpel.edu.br\/spmav\/files\/2024\/11\/COLORIDO-7.png?resize=584%2C584&#038;ssl=1\" alt=\"\" class=\"wp-image-2512\" srcset=\"https:\/\/i0.wp.com\/wp.ufpel.edu.br\/spmav\/files\/2024\/11\/COLORIDO-7.png?resize=1024%2C1024&amp;ssl=1 1024w, https:\/\/i0.wp.com\/wp.ufpel.edu.br\/spmav\/files\/2024\/11\/COLORIDO-7.png?resize=400%2C400&amp;ssl=1 400w, https:\/\/i0.wp.com\/wp.ufpel.edu.br\/spmav\/files\/2024\/11\/COLORIDO-7.png?resize=200%2C200&amp;ssl=1 200w, https:\/\/i0.wp.com\/wp.ufpel.edu.br\/spmav\/files\/2024\/11\/COLORIDO-7.png?resize=768%2C768&amp;ssl=1 768w, https:\/\/i0.wp.com\/wp.ufpel.edu.br\/spmav\/files\/2024\/11\/COLORIDO-7.png?resize=1536%2C1536&amp;ssl=1 1536w, https:\/\/i0.wp.com\/wp.ufpel.edu.br\/spmav\/files\/2024\/11\/COLORIDO-7.png?resize=300%2C300&amp;ssl=1 300w, https:\/\/i0.wp.com\/wp.ufpel.edu.br\/spmav\/files\/2024\/11\/COLORIDO-7.png?w=1168&amp;ssl=1 1168w, https:\/\/i0.wp.com\/wp.ufpel.edu.br\/spmav\/files\/2024\/11\/COLORIDO-7.png?w=1752&amp;ssl=1 1752w\" sizes=\"auto, (max-width: 584px) 100vw, 584px\" \/><\/figure>\n\n\n\n<figure class=\"wp-block-image size-large is-style-rounded\"><img data-recalc-dims=\"1\" loading=\"lazy\" decoding=\"async\" width=\"584\" height=\"584\" data-attachment-id=\"2516\" data-permalink=\"https:\/\/wp.ufpel.edu.br\/spmav\/apresentacao-2\/icone-sipa-colorido\/\" data-orig-file=\"https:\/\/i0.wp.com\/wp.ufpel.edu.br\/spmav\/files\/2024\/11\/icone-sipa-colorido.png?fit=2049%2C2048&amp;ssl=1\" data-orig-size=\"2049,2048\" data-comments-opened=\"0\" data-image-meta=\"{&quot;aperture&quot;:&quot;0&quot;,&quot;credit&quot;:&quot;&quot;,&quot;camera&quot;:&quot;&quot;,&quot;caption&quot;:&quot;&quot;,&quot;created_timestamp&quot;:&quot;0&quot;,&quot;copyright&quot;:&quot;&quot;,&quot;focal_length&quot;:&quot;0&quot;,&quot;iso&quot;:&quot;0&quot;,&quot;shutter_speed&quot;:&quot;0&quot;,&quot;title&quot;:&quot;&quot;,&quot;orientation&quot;:&quot;0&quot;}\" data-image-title=\"\u00edcone sipa colorido\" data-image-description=\"\" data-image-caption=\"\" data-medium-file=\"https:\/\/i0.wp.com\/wp.ufpel.edu.br\/spmav\/files\/2024\/11\/icone-sipa-colorido.png?fit=400%2C400&amp;ssl=1\" data-large-file=\"https:\/\/i0.wp.com\/wp.ufpel.edu.br\/spmav\/files\/2024\/11\/icone-sipa-colorido.png?fit=584%2C584&amp;ssl=1\" data-id=\"2516\" src=\"https:\/\/i0.wp.com\/wp.ufpel.edu.br\/spmav\/files\/2024\/11\/icone-sipa-colorido.png?resize=584%2C584&#038;ssl=1\" alt=\"\" class=\"wp-image-2516\" srcset=\"https:\/\/i0.wp.com\/wp.ufpel.edu.br\/spmav\/files\/2024\/11\/icone-sipa-colorido.png?resize=1024%2C1024&amp;ssl=1 1024w, https:\/\/i0.wp.com\/wp.ufpel.edu.br\/spmav\/files\/2024\/11\/icone-sipa-colorido.png?resize=400%2C400&amp;ssl=1 400w, https:\/\/i0.wp.com\/wp.ufpel.edu.br\/spmav\/files\/2024\/11\/icone-sipa-colorido.png?resize=200%2C200&amp;ssl=1 200w, https:\/\/i0.wp.com\/wp.ufpel.edu.br\/spmav\/files\/2024\/11\/icone-sipa-colorido.png?resize=768%2C768&amp;ssl=1 768w, https:\/\/i0.wp.com\/wp.ufpel.edu.br\/spmav\/files\/2024\/11\/icone-sipa-colorido.png?resize=1536%2C1536&amp;ssl=1 1536w, https:\/\/i0.wp.com\/wp.ufpel.edu.br\/spmav\/files\/2024\/11\/icone-sipa-colorido.png?resize=300%2C300&amp;ssl=1 300w, https:\/\/i0.wp.com\/wp.ufpel.edu.br\/spmav\/files\/2024\/11\/icone-sipa-colorido.png?w=1168&amp;ssl=1 1168w, https:\/\/i0.wp.com\/wp.ufpel.edu.br\/spmav\/files\/2024\/11\/icone-sipa-colorido.png?w=1752&amp;ssl=1 1752w\" sizes=\"auto, (max-width: 584px) 100vw, 584px\" \/><\/figure>\n<\/figure>\n\n\n\n<hr class=\"wp-block-separator has-alpha-channel-opacity\"\/>\n\n\n\n<p class=\"has-medium-font-size\">Email: spmav2024@gmail.com<\/p>\n\n\n\n<p class=\"has-medium-font-size\">Instagram: <a href=\"https:\/\/www.instagram.com\/spmav_ufpel\">https:\/\/www.instagram.com\/spmav_ufpel<\/a><\/p>\n","protected":false},"excerpt":{"rendered":"<p>Corporalidades em Transi\u00e7\u00e3o As artes do corpo e o corpo nas artes 13\u00b0 SPMAV &#8211; Semin\u00e1rio de Pesquisa do Mestrado em Artes Visuais 1\u00b0 SIPA &#8211; Semin\u00e1rio Internacional de Pesquisa em Artes Os estudos sobre corporalidade est\u00e3o em constante transforma\u00e7\u00e3o, &hellip; <a href=\"https:\/\/wp.ufpel.edu.br\/spmav\/apresentacao-2\/\">Continue lendo <span class=\"meta-nav\">&rarr;<\/span><\/a><\/p>\n","protected":false},"author":1034,"featured_media":0,"parent":0,"menu_order":0,"comment_status":"closed","ping_status":"closed","template":"","meta":{"footnotes":""},"class_list":["post-2432","page","type-page","status-publish","hentry"],"jetpack_shortlink":"https:\/\/wp.me\/PciehQ-De","jetpack_sharing_enabled":true,"_links":{"self":[{"href":"https:\/\/wp.ufpel.edu.br\/spmav\/wp-json\/wp\/v2\/pages\/2432","targetHints":{"allow":["GET"]}}],"collection":[{"href":"https:\/\/wp.ufpel.edu.br\/spmav\/wp-json\/wp\/v2\/pages"}],"about":[{"href":"https:\/\/wp.ufpel.edu.br\/spmav\/wp-json\/wp\/v2\/types\/page"}],"author":[{"embeddable":true,"href":"https:\/\/wp.ufpel.edu.br\/spmav\/wp-json\/wp\/v2\/users\/1034"}],"replies":[{"embeddable":true,"href":"https:\/\/wp.ufpel.edu.br\/spmav\/wp-json\/wp\/v2\/comments?post=2432"}],"version-history":[{"count":22,"href":"https:\/\/wp.ufpel.edu.br\/spmav\/wp-json\/wp\/v2\/pages\/2432\/revisions"}],"predecessor-version":[{"id":2562,"href":"https:\/\/wp.ufpel.edu.br\/spmav\/wp-json\/wp\/v2\/pages\/2432\/revisions\/2562"}],"wp:attachment":[{"href":"https:\/\/wp.ufpel.edu.br\/spmav\/wp-json\/wp\/v2\/media?parent=2432"}],"curies":[{"name":"wp","href":"https:\/\/api.w.org\/{rel}","templated":true}]}}