{"id":246,"date":"2024-05-01T15:59:33","date_gmt":"2024-05-01T18:59:33","guid":{"rendered":"https:\/\/wp.ufpel.edu.br\/smcena\/?page_id=246"},"modified":"2024-09-20T17:35:37","modified_gmt":"2024-09-20T20:35:37","slug":"curso-de-saude-mental-para-professores","status":"publish","type":"page","link":"https:\/\/wp.ufpel.edu.br\/smcena\/informacoes-para-professores\/curso-de-saude-mental-para-professores\/","title":{"rendered":"Curso de sa\u00fade mental para professores"},"content":{"rendered":"<p>Nesse espa\u00e7o voc\u00ea poder\u00e1 encontrar o modelo do curso de aperfei\u00e7oamento para professores, uma introdu\u00e7\u00e3o ao tema da sa\u00fade mental das crian\u00e7as e adolescentes e os materiais de apoio para os seus m\u00f3dulos.<\/p>\n<p><strong>Modelo do curso<\/strong> (tema, m\u00e9todo, material de apoio, equipe): <a href=\"https:\/\/wp.ufpel.edu.br\/smcena\/files\/2024\/05\/Modelo-do-Curso-para-Professores.pdf\">Modelo do Curso para Professores<\/a><\/p>\n<p><strong>Introdu\u00e7\u00e3o<\/strong>: Slides =\u00a0<a href=\"https:\/\/wp.ufpel.edu.br\/smcena\/files\/2024\/05\/Introducao-curso-professores-roteiro.pptx\">Introdu\u00e7\u00e3o &#8211; curso professores &#8211; roteiro<\/a><\/p>\n<p><strong>M\u00f3dulos<\/strong>:<\/p>\n<p><em># M\u00f3dulo 1<\/em> &#8211; Estigma dos transtornos mentais: slides = <a href=\"https:\/\/wp.ufpel.edu.br\/smcena\/files\/2024\/05\/Modulo-1-estigma-roteiro.pdf\">M\u00f3dulo 1 &#8211; estigma &#8211; roteiro<\/a> ; texto de apoio = <a href=\"https:\/\/wp.ufpel.edu.br\/smcena\/files\/2024\/05\/Texto-de-apoio-Modulo-1.pdf\">Texto-de-apoio-M\u00f3dulo-1<\/a><\/p>\n<p><em># M\u00f3dulo 2<\/em> &#8211; Conhecendo a mente e o c\u00e9rebro: slides = <a href=\"https:\/\/wp.ufpel.edu.br\/smcena\/files\/2024\/05\/Modulo-2-conhecendo-mente-cerebro-roteiro.pdf\">M\u00f3dulo 2 &#8211; conhecendo mente-c\u00e9rebro &#8211; roteiro<\/a> ; texto para atividade com alunos = <a href=\"https:\/\/wp.ufpel.edu.br\/smcena\/files\/2024\/05\/Texto-de-apoio-modulo-2-roteiro.docx\">Texto de apoio &#8211; m\u00f3dulo 2 &#8211; roteiro<\/a><\/p>\n<p># <em>M\u00f3dulo 3<\/em> &#8211; Sa\u00fade mental da comunidade escolar: slides = <a href=\"https:\/\/wp.ufpel.edu.br\/smcena\/files\/2024\/05\/Saude-mental-da-comunidade-escolar-slides-roteiro.pdf\">Sa\u00fade mental da comunidade escolar &#8211; slides &#8211; roteiro<\/a> ; texto de apoio =\u00a0<a href=\"https:\/\/wp.ufpel.edu.br\/smcena\/files\/2024\/05\/826_DGS_Manual_Saude_Mental_em_Saude_Escolar.pdf\">826_DGS_Manual_Sa\u00fade_Mental_em_Sa\u00fade_Escolar<\/a><\/p>\n<p># <em>M\u00f3dulo 4<\/em> &#8211; Reconhecendo os transtornos mentais na inf\u00e2ncia e adolesc\u00eancia: slides = <a href=\"https:\/\/wp.ufpel.edu.br\/smcena\/files\/2024\/05\/Modulo-4-identificando-sinais-de-tm-roteiro.pdf\">M\u00f3dulo 4 &#8211; identificando sinais de tm &#8211; roteiro<\/a> ; texto de apoio = <a href=\"https:\/\/wp.ufpel.edu.br\/smcena\/files\/2024\/05\/prevalencia.trant_.inf_.adolec.pdf\">prevalencia.trant.inf.adolec.<\/a><\/p>\n<p># <em>M\u00f3dulo 5<\/em> &#8211; Cuidando dos transtornos mentais na inf\u00e2ncia e adolesc\u00eancia: slides = <a href=\"https:\/\/wp.ufpel.edu.br\/smcena\/files\/2024\/05\/Modulo-5-cuidando-transtornos-roteiro.pdf\">M\u00f3dulo 5 &#8211; cuidando transtornos &#8211; roteiro<\/a> ;<\/p>\n<p># <em>M\u00f3dulo 6<\/em> &#8211; Outros problemas relacionados \u00e0 sa\u00fade mental: texto de apoio = <a href=\"https:\/\/wp.ufpel.edu.br\/smcena\/files\/2024\/05\/Outros-problemas-Texto-de-apoio-Modulo-6.pdf\">Outros problemas &#8211; Texto de apoio &#8211; M\u00f3dulo 6<\/a><\/p>\n<p># <em>M\u00f3dulo 7<\/em> &#8211; Como cuidar da sa\u00fade mental &#8211; textos de apoio:<\/p>\n<p>1. Manual de pr\u00e1ticas integrativas e complementares: <a href=\"https:\/\/wp.ufpel.edu.br\/smcena\/files\/2024\/09\/Manual_de_praticas_integrativas_e_complementares.pdf\">Manual_de_praticas_integrativas_e_complementares<\/a><\/p>\n<p>2. Pol\u00edtica nacional de pr\u00e1ticas integrativas e complementares: <a href=\"https:\/\/wp.ufpel.edu.br\/smcena\/files\/2024\/09\/politica_nacional_praticas_integrativas_complementares_2ed.pdf\">politica_nacional_praticas_integrativas_complementares_2ed<\/a><\/p>\n<p>3. Interven\u00e7\u00f5es psicossociais na aten\u00e7\u00e3o b\u00e1sica &#8211;\u00a0 <a href=\"https:\/\/wp.ufpel.edu.br\/ipab\/\">https:\/\/wp.ufpel.edu.br\/ipab\/<\/a><\/p>\n<p># <em>M\u00f3dulo 8<\/em> &#8211; Procurando ajuda e encontrando apoio: veja no menu principal desse site, em &#8220;Buscando ajuda&#8221;, uma lista de recursos na cidade de Pelotas; crie sua pr\u00f3pria lista, por bairros de Pelotas ou de outras cidades e nos envie atrav\u00e9s do &#8220;Contato&#8221; no menu principal para atualizarmos o nosso site.<\/p>\n","protected":false},"excerpt":{"rendered":"<p>Nesse espa\u00e7o voc\u00ea poder\u00e1 encontrar o modelo do curso de aperfei\u00e7oamento para professores, uma introdu\u00e7\u00e3o ao tema da sa\u00fade mental das crian\u00e7as e adolescentes e os materiais de apoio para os seus m\u00f3dulos. Modelo do curso (tema, m\u00e9todo, material de apoio, equipe): Modelo do Curso para Professores Introdu\u00e7\u00e3o: Slides =\u00a0Introdu\u00e7\u00e3o &#8211; curso professores &#8211; roteiro [&hellip;]<\/p>\n","protected":false},"author":1240,"featured_media":0,"parent":23,"menu_order":1,"comment_status":"closed","ping_status":"closed","template":"","meta":{"footnotes":""},"class_list":["post-246","page","type-page","status-publish","hentry","post"],"jetpack_sharing_enabled":true,"_links":{"self":[{"href":"https:\/\/wp.ufpel.edu.br\/smcena\/wp-json\/wp\/v2\/pages\/246","targetHints":{"allow":["GET"]}}],"collection":[{"href":"https:\/\/wp.ufpel.edu.br\/smcena\/wp-json\/wp\/v2\/pages"}],"about":[{"href":"https:\/\/wp.ufpel.edu.br\/smcena\/wp-json\/wp\/v2\/types\/page"}],"author":[{"embeddable":true,"href":"https:\/\/wp.ufpel.edu.br\/smcena\/wp-json\/wp\/v2\/users\/1240"}],"replies":[{"embeddable":true,"href":"https:\/\/wp.ufpel.edu.br\/smcena\/wp-json\/wp\/v2\/comments?post=246"}],"version-history":[{"count":12,"href":"https:\/\/wp.ufpel.edu.br\/smcena\/wp-json\/wp\/v2\/pages\/246\/revisions"}],"predecessor-version":[{"id":380,"href":"https:\/\/wp.ufpel.edu.br\/smcena\/wp-json\/wp\/v2\/pages\/246\/revisions\/380"}],"up":[{"embeddable":true,"href":"https:\/\/wp.ufpel.edu.br\/smcena\/wp-json\/wp\/v2\/pages\/23"}],"wp:attachment":[{"href":"https:\/\/wp.ufpel.edu.br\/smcena\/wp-json\/wp\/v2\/media?parent=246"}],"curies":[{"name":"wp","href":"https:\/\/api.w.org\/{rel}","templated":true}]}}