{"id":373,"date":"2017-06-14T10:01:34","date_gmt":"2017-06-14T13:01:34","guid":{"rendered":"https:\/\/wp.ufpel.edu.br\/sisu\/?page_id=373"},"modified":"2018-01-03T10:57:21","modified_gmt":"2018-01-03T12:57:21","slug":"resultados-da-avaliacao-socioeconomica-sisu-20172","status":"publish","type":"page","link":"https:\/\/wp.ufpel.edu.br\/sisu\/editais-selecao-socioeconomica\/resultados-da-avaliacao-socioeconomica-sisu-20172\/","title":{"rendered":"Resultados da avalia\u00e7\u00e3o socioecon\u00f4mica SISU 2017\/2"},"content":{"rendered":"<p><a href=\"https:\/\/wp.ufpel.edu.br\/sisu\/2018\/01\/03\/resultado-final-do-edital-13-2017-cra-sisu-2017-2-chamada-regular-1a-2a-3a-4a-5a-6a-convocacoes-cotas-sociais\/\">RESULTADO FINAL DO EDITAL 13\/2017 \u2013 CRA SISU 2017\/2 CHAMADA REGULAR 1\u00aa, 2\u00aa, 3\u00aa, 4\u00aa, 5\u00aa, 6\u00aa CONVOCA\u00c7\u00d5ES &#8211; COTAS SOCIAIS<\/a><\/p>\n<p><a href=\"https:\/\/wp.ufpel.edu.br\/sisu\/2017\/12\/07\/resultado-final-9a-convocacao-odontologia-cotas-sociais-l1-l2-l9-e-l10\/\">RESULTADO FINAL &#8211; 9\u00aa CONVOCA\u00c7\u00c3O &#8211; ODONTOLOGIA &#8211; COTAS SOCIAIS L1, L2, L9 E L10<\/a><\/p>\n<p><a href=\"https:\/\/wp.ufpel.edu.br\/sisu\/2017\/10\/30\/resultado-final-do-edital-132017-cra-pave-8a-convocacao-comunicado-20-cotas-sociais-l1-l2-l9-e-l10\/\">RESULTADO FINAL DO EDITAL 13\/2017-CRA PAVE 8\u00aa CONVOCA\u00c7\u00c3O COMUNICADO 20 COTAS SOCIAIS L1, L2, L9 E L10<\/a><\/p>\n<p><a href=\"https:\/\/wp.ufpel.edu.br\/sisu\/2017\/10\/30\/resultado-final-do-edital-132017-cra-sisu-20172-8a-convocacao-cotas-sociais-l1-l2-l9-e-l10\/\">RESULTADO FINAL DO EDITAL 13\/2017-CRA SISU 2017\/2 8\u00aa CONVOCA\u00c7\u00c3O COTAS SOCIAIS L1, L2, L9 E L10<\/a><\/p>\n<p><a href=\"https:\/\/wp.ufpel.edu.br\/sisu\/2017\/10\/30\/resultado-final-do-edital-132017-cra-sisu-20172-7a-convocacao-cotas-sociais-l1-l2-l9-e-l10\/\">RESULTADO FINAL DO EDITAL 13\/2017-CRA SISU 2017\/2 7\u00aa CONVOCA\u00c7\u00c3O COTAS SOCIAIS L1, L2, L9 E L10<\/a><\/p>\n<p><a href=\"https:\/\/wp.ufpel.edu.br\/sisu\/2017\/10\/30\/resultado-parcial-do-edital-132017-cra-sisu-20172-6a-convocacao-cotas-sociais-l1-l2-l9-e-l10\/\">RESULTADO PARCIAL DO EDITAL 13\/2017-CRA SISU 2017\/2 6\u00aa CONVOCA\u00c7\u00c3O COTAS SOCIAIS L1, L2, L9 E L10<\/a><\/p>\n<p><a href=\"https:\/\/wp.ufpel.edu.br\/sisu\/2017\/10\/30\/resultado-parcial-do-edital-132017-cra-sisu-20172-5a-convocacao-cotas-sociais-l1-l2-l9-e-l10\/\">RESULTADO PARCIAL DO EDITAL 13\/2017-CRA SISU 2017\/2 5\u00aa CONVOCA\u00c7\u00c3O COTAS SOCIAIS L1, L2, L9 E L10<\/a><\/p>\n<p><a href=\"https:\/\/wp.ufpel.edu.br\/sisu\/2017\/10\/30\/resultado-parcial-do-edital-132017-cra-sisu-20172-4a-convocacao-cotas-sociais-l1-l2-l9-e-l10\/\">RESULTADO PARCIAL DO EDITAL 13\/2017-CRA SISU 2017\/2 4\u00aa CONVOCA\u00c7\u00c3O COTAS SOCIAIS L1, L2, L9 E L10<\/a><\/p>\n<p><a href=\"https:\/\/wp.ufpel.edu.br\/sisu\/2017\/10\/30\/resultado-parcial-do-edital-132017-cra-sisu-20172-3a-convocacao-cotas-sociais-l1-l2-l9-e-l10\/\">RESULTADO PARCIAL DO EDITAL 13\/2017-CRA SISU 2017\/2 3\u00aa CONVOCA\u00c7\u00c3O COTAS SOCIAIS L1, L2, L9 E L10<\/a><\/p>\n<p><a href=\"https:\/\/wp.ufpel.edu.br\/sisu\/2017\/10\/30\/resultado-parcial-do-edital-132017-cra-sisu-20172-2a-convocacao-cotas-sociais-l1-l2-l9-e-l10\/\">RESULTADO PARCIAL DO EDITAL 13\/2017-CRA SISU 2017\/2 2\u00aa CONVOCA\u00c7\u00c3O COTAS SOCIAIS L1, L2, L9 E L10<\/a><\/p>\n<p><a href=\"https:\/\/wp.ufpel.edu.br\/sisu\/2017\/10\/19\/resultado-parcial-do-edital-132017-cra-sisu-20172-1a-convocacao-cotas-sociais-l1-l2-l9-e-l10\/\">RESULTADO PARCIAL DO EDITAL 13\/2017-CRA SISU 2017\/2 1\u00aa CONVOCA\u00c7\u00c3O COTAS SOCIAIS L1, L2, L9 E L10<\/a><\/p>\n<p><a href=\"https:\/\/wp.ufpel.edu.br\/sisu\/2017\/10\/19\/pave-comunicado-192017-resultado-final-7a-convocacao-20172-cotas-sociais-l1-l2-l9-e-l10\/\">PAVE COMUNICADO 19\/2017 RESULTADO FINAL 7\u00aa CONVOCA\u00c7\u00c3O 2017\/2 COTAS SOCIAIS L1, L2, L9 E L10<\/a><\/p>\n<p><a href=\"https:\/\/wp.ufpel.edu.br\/sisu\/2017\/10\/19\/resultado-parcial-do-edital-112017-cra-sisu-20172-chamada-regular-cotas-sociais-l1-l2-l9-e-l10\/\">RESULTADO PARCIAL DO EDITAL 11\/2017-CRA SISU 2017\/2 CHAMADA REGULAR COTAS SOCIAIS L1, L2, L9 E L10<\/a><\/p>\n","protected":false},"excerpt":{"rendered":"<p>RESULTADO FINAL DO EDITAL 13\/2017 \u2013 CRA SISU 2017\/2 CHAMADA REGULAR 1\u00aa, 2\u00aa, 3\u00aa, 4\u00aa, 5\u00aa, 6\u00aa CONVOCA\u00c7\u00d5ES &#8211; COTAS SOCIAIS RESULTADO FINAL &#8211; 9\u00aa CONVOCA\u00c7\u00c3O &#8211; ODONTOLOGIA &#8211; COTAS SOCIAIS L1, L2, L9 E L10 RESULTADO FINAL DO EDITAL 13\/2017-CRA PAVE 8\u00aa CONVOCA\u00c7\u00c3O COMUNICADO 20 COTAS SOCIAIS L1, L2, L9 E L10 RESULTADO FINAL [&hellip;]<\/p>\n","protected":false},"author":229,"featured_media":0,"parent":45,"menu_order":0,"comment_status":"closed","ping_status":"closed","template":"","meta":{"advanced_seo_description":"","jetpack_seo_html_title":"","jetpack_seo_noindex":false,"jetpack_post_was_ever_published":false,"footnotes":""},"class_list":["post-373","page","type-page","status-publish","hentry"],"jetpack_sharing_enabled":true,"jetpack_shortlink":"https:\/\/wp.me\/P8Nz4H-61","jetpack-related-posts":[{"id":967,"url":"https:\/\/wp.ufpel.edu.br\/sisu\/editais-selecao-socioeconomica\/resultados-da-avaliacao-socioeconomica-sisu-2018-1\/","url_meta":{"origin":373,"position":0},"title":"Resultados da avalia\u00e7\u00e3o socioecon\u00f4mica SISU 2018\/1","author":"sisu","date":"15\/01\/2018","format":false,"excerpt":"RETIFICA\u00c7\u00c3O DO RESULTADO FINAL DO EDITAL 004\/2018 \u2013 COTA SOCIAL L1 6\u00b0 CONVOCA\u00c7\u00c3O\u2013SISU 2018\/1 RESULTADO FINAL DO EDITAL 004\/2018 COTAS SOCIAIS L1, L2, L9 e L10 11\u00aa CONVOCA\u00c7\u00c3O- SISU 2018\/1 RESULTADO FINAL DO EDITAL 004\/2018 COTAS SOCIAIS L1, L2, L9 e L10 9\u00aa CONVOCA\u00c7\u00c3O- SISU 2018\/1 RESULTADO FINAL DO EDITAL\u2026","rel":"","context":"Post similar","block_context":{"text":"Post similar","link":""},"img":{"alt_text":"","src":"","width":0,"height":0},"classes":[]},{"id":2446,"url":"https:\/\/wp.ufpel.edu.br\/sisu\/editais-selecao-socioeconomica\/resultado-da-avaliacao-socioeconomica-sisu-2019-2\/","url_meta":{"origin":373,"position":1},"title":"Resultados da avalia\u00e7\u00e3o socioecon\u00f4mica SISU 2019\/2","author":"prae","date":"28\/06\/2019","format":false,"excerpt":"RESULTADO FINAL DO EDITAL 07\/2019 COTAS SOCIAIS L1, L2, L9 e L10 7\u00aa CONVOCA\u00c7\u00c3O SISU 2019\/2 RESULTADO FINAL DO EDITAL 07\/2019 COTAS SOCIAIS L1, L2, L9 e L10 8\u00aa CONVOCA\u00c7\u00c3O SISU2019\/2 RESULTADO PARCIAL DO EDITAL 07\/2019 CRA SISU 2019\/2 7\u00aa CONVOCA\u00c7\u00c3O COTAS SOCIAIS L1, L2, L9 e L10 RESULTADO FINAL\u2026","rel":"","context":"Post similar","block_context":{"text":"Post similar","link":""},"img":{"alt_text":"","src":"","width":0,"height":0},"classes":[]},{"id":2121,"url":"https:\/\/wp.ufpel.edu.br\/sisu\/editais-selecao-socioeconomica\/resultado-da-avaliacao-socioeconomica-2019-1\/","url_meta":{"origin":373,"position":2},"title":"Resultados da avalia\u00e7\u00e3o socioecon\u00f4mica SISU 2019\/1","author":"prae","date":"22\/02\/2019","format":false,"excerpt":"RESULTADO FINAL DO EDITAL CRA n\u00ba 03\/2019 6\u00aa CONVOCA\u00c7\u00c3O \u2013 SISU 2019\/1 COTAS SOCIAIS L1, L2, L9 e L10 RESULTADO FINAL DO EDITAL CRA n\u00ba 03\/2019 5\u00aa CONVOCA\u00c7\u00c3O \u2013 SISU 2019\/1 COTAS SOCIAIS L1, L2, L9 e L10 RESULTADO FINAL DO EDITAL CRA n\u00ba 03\/2019 3\u00aa CONVOCA\u00c7\u00c3O \u2013 SISU 2019\/1\u2026","rel":"","context":"Post similar","block_context":{"text":"Post similar","link":""},"img":{"alt_text":"","src":"","width":0,"height":0},"classes":[]},{"id":1615,"url":"https:\/\/wp.ufpel.edu.br\/sisu\/editais-selecao-socioeconomica\/resultado-da-avaliacao-socioeconomica-sisu-2018-2\/","url_meta":{"origin":373,"position":3},"title":"Resultados da avalia\u00e7\u00e3o socioecon\u00f4mica SISU 2018\/2","author":"prae","date":"23\/07\/2018","format":false,"excerpt":"RESULTADO FINAL DO EDITAL CRA N\u00ba 13\/2018 MATR\u00cdCULAS SISU 2018\/2 9\u00aa CONVOCA\u00c7\u00c3O RESULTADO FINAL DO EDITAL CRA N\u00ba 13\/2018 MATR\u00cdCULAS SISU 2018\/2 8\u00aa CONVOCA\u00c7\u00c3O RESULTADO PARCIAL DO EDITAL CRA N\u00ba 13\/2018 MATR\u00cdCULAS SISU 2018\/2 9\u00aa CONVOCA\u00c7\u00c3O RESULTADO PARCIAL DO EDITAL CRA N\u00ba 13\/2018 MATR\u00cdCULAS SISU 2018\/2 8\u00aa CONVOCA\u00c7\u00c3O RESULTADO FINAL\u2026","rel":"","context":"Post similar","block_context":{"text":"Post similar","link":""},"img":{"alt_text":"","src":"","width":0,"height":0},"classes":[]},{"id":4412,"url":"https:\/\/wp.ufpel.edu.br\/sisu\/editais\/sisu-2022-1\/","url_meta":{"origin":373,"position":4},"title":"SISU 2022\/1","author":"sisu","date":"29\/08\/2022","format":false,"excerpt":"Editais e convoca\u00e7\u00f5es \u2013\u00a0SISU 2022\/1 Edital n\u00ba 73, de 26 de outubro de 2021 Edital n\u00ba 2, de 18 de janeiro de 2022 Retifica\u00e7\u00e3o: Edital n\u00ba 8, de 27 de janeiro de 2022 Termo de Ades\u00e3o SISU 2022\/1 Edital CRA N\u00ba 03\/2022 - Chamada Regular Aprovados - Chamada Regular Edital\u2026","rel":"","context":"Post similar","block_context":{"text":"Post similar","link":""},"img":{"alt_text":"","src":"","width":0,"height":0},"classes":[]},{"id":1492,"url":"https:\/\/wp.ufpel.edu.br\/sisu\/resultado-da-avaliacao-etnico-racial\/resultados-da-avaliacao-etnico-racial-sisu-2018-2\/","url_meta":{"origin":373,"position":5},"title":"Resultados da avalia\u00e7\u00e3o \u00e9tnico-racial SISU 2018\/2","author":"naaf","date":"18\/06\/2018","format":false,"excerpt":"IMPORTANTE: Se o seu nome consta no\u00a0Relat\u00f3rio Preliminar do SISU 2018\/2\u00a0como INDEFERIDO e voc\u00ea pretende interpor Recurso, siga as diretrizes indicadas abaixo: Em caso de indeferimento o candidato(a) poder\u00e1 apresentar recurso por escrito e encaminh\u00e1-lo \u00e0 Comiss\u00e3o de Controle na Identifica\u00e7\u00e3o do Componente \u00c9tnico-racial \u2013 CCICE \u2013 no prazo de\u2026","rel":"","context":"Post similar","block_context":{"text":"Post similar","link":""},"img":{"alt_text":"","src":"","width":0,"height":0},"classes":[]}],"publishpress_future_action":{"enabled":false,"date":"2026-05-07 09:07:33","action":"change-status","newStatus":"draft","terms":[],"taxonomy":"","extraData":[]},"publishpress_future_workflow_manual_trigger":{"enabledWorkflows":[]},"_links":{"self":[{"href":"https:\/\/wp.ufpel.edu.br\/sisu\/wp-json\/wp\/v2\/pages\/373","targetHints":{"allow":["GET"]}}],"collection":[{"href":"https:\/\/wp.ufpel.edu.br\/sisu\/wp-json\/wp\/v2\/pages"}],"about":[{"href":"https:\/\/wp.ufpel.edu.br\/sisu\/wp-json\/wp\/v2\/types\/page"}],"author":[{"embeddable":true,"href":"https:\/\/wp.ufpel.edu.br\/sisu\/wp-json\/wp\/v2\/users\/229"}],"replies":[{"embeddable":true,"href":"https:\/\/wp.ufpel.edu.br\/sisu\/wp-json\/wp\/v2\/comments?post=373"}],"version-history":[{"count":18,"href":"https:\/\/wp.ufpel.edu.br\/sisu\/wp-json\/wp\/v2\/pages\/373\/revisions"}],"predecessor-version":[{"id":811,"href":"https:\/\/wp.ufpel.edu.br\/sisu\/wp-json\/wp\/v2\/pages\/373\/revisions\/811"}],"up":[{"embeddable":true,"href":"https:\/\/wp.ufpel.edu.br\/sisu\/wp-json\/wp\/v2\/pages\/45"}],"wp:attachment":[{"href":"https:\/\/wp.ufpel.edu.br\/sisu\/wp-json\/wp\/v2\/media?parent=373"}],"curies":[{"name":"wp","href":"https:\/\/api.w.org\/{rel}","templated":true}]}}