{"id":1478,"date":"2017-02-08T13:38:29","date_gmt":"2017-02-08T15:38:29","guid":{"rendered":"https:\/\/wp.ufpel.edu.br\/sisbi\/?page_id=1478"},"modified":"2017-02-15T08:00:37","modified_gmt":"2017-02-15T10:00:37","slug":"dicas-de-leitura","status":"publish","type":"page","link":"https:\/\/wp.ufpel.edu.br\/sisbi\/dicas-de-leitura\/","title":{"rendered":"Dicas de leitura"},"content":{"rendered":"<p>15\/02\/2017<\/p>\n<p>Dica de leitura&#8230;\u00a0HERDEIROS DE ATL\u00c2NTIDA &#8211; Eduardo Spohr<\/p>\n<p><a href=\"http:\/\/ler-agora.jegueajato.com\/Eduardo%20Spohr\/Herdeiros%20de%20Atlantida%20(491)\/Herdeiros%20de%20Atlantida%20-%20Eduardo%20Spohr?chave=1677cfea7cb1b4e721f78316a481fd9c&amp;dsl=1&amp;ext=.pdf\">http:\/\/ler-agora.jegueajato.com\/Eduardo%20Spohr\/Herdeiros%20de%20Atlantida%20(491)\/Herdeiros%20de%20Atlantida%20-%20Eduardo%20Spohr?chave=1677cfea7cb1b4e721f78316a481fd9c&amp;dsl=1&amp;ext=.pdf<\/a><\/p>\n<p>H\u00e1 uma guerra no c\u00e9u. O confronto civil entre o arcanjo Miguel e as tropas revolucion\u00e1rias de seu irm\u00e3o, Gabriel, devasta as sete camadas do para\u00edso. Com as legi\u00f5es divididas, as fortalezas sitiadas, os generais estabeleceram um armist\u00edcio na terra, uma tr\u00e9gua fr\u00e1gil e delicada, que pode desmoronar a qualquer instante. Enquanto os querubins se enfrentam num embate de sangue e espadas, dois anjos s\u00e3o enviados ao mundo f\u00edsico com a tarefa de resgatar Kaira, uma capit\u00e3 dos ex\u00e9rcitos rebeldes, desaparecida enquanto investigava uma suposta viola\u00e7\u00e3o do tratado. A miss\u00e3o revelar\u00e1 as tramas de uma conspira\u00e7\u00e3o milenar, um plano que, se conclu\u00eddo, reverter\u00e1 o equil\u00edbrio de for\u00e7as no c\u00e9u e amea\u00e7ar\u00e1 toda vida humana na terra. Ao lado de Denyel, um ex-espi\u00e3o em busca de anistia, os celestiais partir\u00e3o em uma jornada atrav\u00e9s de cidades, selvas e mares, enfrentar\u00e3o dem\u00f4nios e deuses, numa trilha que os levar\u00e1 \u00e0s ru\u00ednas da maior na\u00e7\u00e3o terrena anterior ao dil\u00favio \u2013 o reino perdido de Atl\u00e2ntida.<\/p>\n<p>Livro indicado por Alex Borges<\/p>\n<p><a href=\"https:\/\/wp.ufpel.edu.br\/sisbi\/files\/2017\/02\/download-1.jpg\"><img class=\"alignleft size-full wp-image-1531\" src=\"https:\/\/wp.ufpel.edu.br\/sisbi\/files\/2017\/02\/download-1.jpg\" alt=\"\" width=\"303\" height=\"450\" \/><\/a><\/p>\n<p>&nbsp;<\/p>\n<p>&nbsp;<\/p>\n<p>&nbsp;<\/p>\n<p>&nbsp;<\/p>\n<p>&nbsp;<\/p>\n<p>&nbsp;<\/p>\n<p>&nbsp;<\/p>\n<p>&nbsp;<\/p>\n<p>&nbsp;<\/p>\n<p>&nbsp;<\/p>\n<p>&nbsp;<\/p>\n<p>&nbsp;<\/p>\n<p>&nbsp;<\/p>\n<p>&nbsp;<\/p>\n<p>&nbsp;<\/p>\n<p>&nbsp;<\/p>\n<p>14\/02\/2017<\/p>\n<p>Dica de leitura&#8230; VIGIAR E PUNIR &#8211; Michel Foucault<\/p>\n<p><a href=\"https:\/\/comunicacaodasartesdocorpo.files.wordpress.com\/2013\/11\/foucault-michel-vigiar-e-punir.pdf\">https:\/\/comunicacaodasartesdocorpo.files.wordpress.com\/2013\/11\/foucault-michel-vigiar-e-punir.pdf<\/a><\/p>\n<p>\u00c9 um estudo cient\u00edfico, documentado, sobre a evolu\u00e7\u00e3o hist\u00f3rica da legisla\u00e7\u00e3o penal e respectivos m\u00e9todos coercitivos e punitivos adotados pelo poder p\u00fablico na repress\u00e3o da delinqu\u00eancia. M\u00e9todos que v\u00e3o da viol\u00eancia f\u00edsica at\u00e9 institui\u00e7\u00f5es correcionais.<\/p>\n<p>Livro indicado pela assistente em administra\u00e7\u00e3o Raquel Silveira<\/p>\n<p><a href=\"https:\/\/wp.ufpel.edu.br\/sisbi\/files\/2017\/02\/vigiar_punir.jpg\"><img class=\"alignleft size-full wp-image-1520\" src=\"https:\/\/wp.ufpel.edu.br\/sisbi\/files\/2017\/02\/vigiar_punir.jpg\" alt=\"\" width=\"234\" height=\"334\" \/><\/a><\/p>\n<p>&nbsp;<\/p>\n<p>&nbsp;<\/p>\n<p>&nbsp;<\/p>\n<p>&nbsp;<\/p>\n<p>&nbsp;<\/p>\n<p>&nbsp;<\/p>\n<p>&nbsp;<\/p>\n<p>&nbsp;<\/p>\n<p>&nbsp;<\/p>\n<p>&nbsp;<\/p>\n<p>&nbsp;<\/p>\n<p>&nbsp;<\/p>\n<p>13\/02\/2017<\/p>\n<p>Dica de leitura&#8230; AS NOVE VIDAS DE DEWEY &#8211; Vicki Myron<\/p>\n<p><a href=\"http:\/\/ler-agora.jegueajato.com\/Vicki%20Myron\/As%20Nove%20Vidas%20de%20Dewey%20(547)\/As%20Nove%20Vidas%20de%20Dewey%20-%20Vicki%20Myron?chave=1677cfea7cb1b4e721f78316a481fd9c&amp;dsl=1&amp;ext=.pdf\">http:\/\/ler-agora.jegueajato.com\/Vicki%20Myron\/As%20Nove%20Vidas%20de%20Dewey%20(547)\/As%20Nove%20Vidas%20de%20Dewey%20-%20Vicki%20Myron?chave=1677cfea7cb1b4e721f78316a481fd9c&amp;dsl=1&amp;ext=.pdf<\/a><\/p>\n<p>Casos in\u00e9ditos do gato que conquistou f\u00e3s em todo o mundo somam-se \u00e0 hist\u00f3rias de outros gatos em \u201cAs nove vidas de Dewey\u201d, que acaba de chegar \u00e0s livrarias do Brasil<br \/>\nDesde que a bibliotec\u00e1ria Vicki Myron colocou os olhos sobre aquele filhote que tinha sido deixado morrendo de frio na caixa de devolu\u00e7\u00e3o de livros, percebeu que havia ali algo diferente. O gatinho parecia ter um dom especial de distribuir carinho e mudar a vida das pessoas. Ele ganhou o nome de Dewey Readmore Books (o que pode ser traduzido como \u201cDewey Leiamais Livros\u201d). Em pouco tempo, toda a cidade de Spencer, no pacato estado norte-americano de Iowa, ficou sabendo da novidade. E o gato se transformou num verdadeiro xod\u00f3. Myron logo entendeu que n\u00e3o se tratava de um simples animalzinho de estima\u00e7\u00e3o, mas de uma presen\u00e7a diferente \u2013 o que alguns chamariam de angelical.<br \/>\nEsta hist\u00f3ria foi contada no livro Dewey: um gato entre livros, que foi best-seller nos Estados Unidos e logo conquistou uma legi\u00e3o de adeptos em todas as partes do mundo. No Brasil, n\u00e3o foi diferente. A autora recebeu desde a publica\u00e7\u00e3o um n\u00famero gigantesco de cartas contando como as rela\u00e7\u00f5es entre animais e humanos podem ser surpreendentes. Agora, a Editora Globo lan\u00e7a As nove vidas de Dewey, que traz tr\u00eas situa\u00e7\u00f5es in\u00e9ditas que envolveram o gato da biblioteca, al\u00e9m de seis contribui\u00e7\u00f5es de leitores, recontadas por Vicki Myron.<br \/>\nQuem n\u00e3o conhece a primeira obra, pode pensar que ela simplesmente fala sobre os animais. Mas, quem j\u00e1 a leu, sabe que \u00e9 muito mais do que isso. A autora fala sobre os gatos, mas tamb\u00e9m sobre as pessoas, e de como elas revelam seus sentimentos mais \u00edntimos quando se deixam seduzir pelos felinos. Foi o que aconteceu, por exemplo, com a mulher que escreveu \u00e0 autora contando que odiava os gatos. Isto at\u00e9 encontrar um filhotinho doente na noite de Natal. Durante dias, meses, ele teve que ser alimentado com um conta-gotas, j\u00e1 que n\u00e3o conseguia comer sozinho. Foi muito trabalho, sim, mas houve uma transformadora recompensa emocional. Ou ent\u00e3o, a hist\u00f3ria da m\u00e3e da garota que j\u00e1 tinha uma gata (isolada e distante), com o paradoxal nome de Dengosa. Ela acabou recebendo a surpreendente companhia de Biscoito, essa sim uma verdadeira companhia em todas as horas.<br \/>\nDewey j\u00e1 morreu, com a inacredit\u00e1vel idade de 19 anos! Mas suas hist\u00f3rias permaneceram como lendas em Spencer, e continuam a atrair a aten\u00e7\u00e3o de f\u00e3s do mundo inteiro. S\u00e3o pessoas que foram resgatadas de alguma forma pelo sentimento de companheirismo e afei\u00e7\u00e3o, e se reconhecem nas hist\u00f3rias do gato. Este lan\u00e7amento \u00e9 s\u00f3 mais uma prova de que h\u00e1 algo muito, muito especial na rela\u00e7\u00e3o entre os bichos e os humanos.<\/p>\n<p>Livro indicado pela bibliotec\u00e1ria Gabriela Lopes<\/p>\n<p>&nbsp;<\/p>\n<p><a href=\"https:\/\/wp.ufpel.edu.br\/sisbi\/files\/2017\/02\/Baixar-Livro-As-Nove-Vidas-de-Dewey-Vicki-Myron-em-PDF-ePub-e-Mobi-370x557.jpg\"><img class=\"alignleft size-full wp-image-1516\" src=\"https:\/\/wp.ufpel.edu.br\/sisbi\/files\/2017\/02\/Baixar-Livro-As-Nove-Vidas-de-Dewey-Vicki-Myron-em-PDF-ePub-e-Mobi-370x557.jpg\" alt=\"\" width=\"370\" height=\"557\" \/><\/a><\/p>\n<p>&nbsp;<\/p>\n<p>&nbsp;<\/p>\n<p>&nbsp;<\/p>\n<p>&nbsp;<\/p>\n<p>&nbsp;<\/p>\n<p>&nbsp;<\/p>\n<p>&nbsp;<\/p>\n<p>&nbsp;<\/p>\n<p>&nbsp;<\/p>\n<p>&nbsp;<\/p>\n<p>&nbsp;<\/p>\n<p>&nbsp;<\/p>\n<p>&nbsp;<\/p>\n<p>&nbsp;<\/p>\n<p>&nbsp;<\/p>\n<p>&nbsp;<\/p>\n<p>&nbsp;<\/p>\n<p>&nbsp;<\/p>\n<p>&nbsp;<\/p>\n<p>&nbsp;<\/p>\n<p>10\/02\/2017<\/p>\n<p>Dica de leitura&#8230; E SE OBAMA FOSSE AFRICANO &#8211; Mia Couto<\/p>\n<p><a href=\"http:\/\/files.ler0.webnode.pt\/200000051-0543c0643c\/E%20Se%20Obama%20Fosse%20Africano_%20-%20Mia%20Couto.pdf\">http:\/\/files.ler0.webnode.pt\/200000051-0543c0643c\/E%20Se%20Obama%20Fosse%20Africano_%20-%20Mia%20Couto.pdf<\/a><\/p>\n<p>E se Obama fosse africano? Re\u00fane o que Mia Couto chama de &#8216;interinven\u00e7\u00f5es&#8217;, neologismo que expressa bem o sentido destes artigos, quase todos transcri\u00e7\u00f5es de palestras proferidas pelo autor em eventos na \u00c1frica, na Europa e no Brasil. Neles, o autor aborda de modo corajoso e criativo os principais impasses da \u00c1frica contempor\u00e2nea. Temas como a corrup\u00e7\u00e3o, o autoritarismo, a ignor\u00e2ncia, os \u00f3dios raciais e religiosos, mas tamb\u00e9m a riqueza da tradi\u00e7\u00e3o oral e das culturas locais, o vigor art\u00edstico, as rela\u00e7\u00f5es complexas entre o portugu\u00eas e as l\u00ednguas nativas, a influ\u00eancia de Jorge Amado e Guimar\u00e3es Rosa sobre a literatura luso-africana, tudo isso \u00e9 tratado com rigor intelectual, imagina\u00e7\u00e3o po\u00e9tica e humor por um dos maiores escritores de nossa \u00e9poca. Longe do discurso \u00e1rido dos acad\u00eamicos e da ret\u00f3rica demag\u00f3gica dos pol\u00edticos, o autor, que \u00e9 tamb\u00e9m bi\u00f3logo, passeia pelos assuntos com habilidade de ficcionista, entremeando os dados objetivos de sua an\u00e1lise a lembran\u00e7as pessoais e refer\u00eancias liter\u00e1rias, numa prosa calorosa e envolvente. Nesses exerc\u00edcios de milit\u00e2ncia intelectual, o autor mostra que a intelig\u00eancia cr\u00edtica e a fantasia po\u00e9tica s\u00e3o fortes aliadas para a compreens\u00e3o e a transforma\u00e7\u00e3o do mundo.<\/p>\n<p>Livro indicado pela\u00a0bibliotec\u00e1ria Patr\u00edcia Borba<\/p>\n<p><a href=\"https:\/\/wp.ufpel.edu.br\/sisbi\/files\/2017\/02\/images.jpg\"><img class=\"alignleft size-full wp-image-1509\" src=\"https:\/\/wp.ufpel.edu.br\/sisbi\/files\/2017\/02\/images.jpg\" alt=\"\" width=\"183\" height=\"275\" \/><\/a><\/p>\n<p>&nbsp;<\/p>\n<p>&nbsp;<\/p>\n<p>&nbsp;<\/p>\n<p>&nbsp;<\/p>\n<p>&nbsp;<\/p>\n<p>&nbsp;<\/p>\n<p>&nbsp;<\/p>\n<p>&nbsp;<\/p>\n<p>&nbsp;<\/p>\n<p>&nbsp;<\/p>\n<p>09\/02\/2017<\/p>\n<p>Dica de leitura&#8230; MUNDO SINGULAR: ENTENDA O AUTISMO &#8211; Ana Beatriz Barbosa Silva<\/p>\n<p><a href=\"http:\/\/cursoposneuro.com.br\/wp-content\/uploads\/2015\/08\/Mundo-Singular-Entenda-o-Autismo.pdf\">http:\/\/cursoposneuro.com.br\/wp-content\/uploads\/2015\/08\/Mundo-Singular-Entenda-o-Autismo.pdf<\/a><\/p>\n<p>\u201cMundo Singular &#8211; Entenda o autismo\u201d \u00e9 um livro sobre a vis\u00e3o de mundo, os desafios, o brilhantismo e os tratamentos e as perspectivas futuras de crian\u00e7as com autismo. A doutra Ana Beatriz Barbosa Silva e seus coautores, Mayra Bonifacio Gaiato e Leandro Thadeu Reveles, especialistas em psiquiatria e psicologia da crian\u00e7a, descrevem os sintomas, o diagn\u00f3stico, a vis\u00e3o da fam\u00edlia, a vis\u00e3o da escola, os tratamentos, e as varia\u00e7\u00f5es dessa condi\u00e7\u00e3o ainda pouco compreendida e muito estigmatizada. Com uma linguagem acess\u00edvel e relatos de casos reais, este livro pretendo ser um guia para informar e tranquilizar pais, professores e familiares em busca de informa\u00e7\u00f5es cientificamente embasadas sobre o autismo no Brasil.<\/p>\n<p>Livro indicado pela bibliotec\u00e1ria Aline\u00a0Herbstrith<\/p>\n<p><a href=\"https:\/\/wp.ufpel.edu.br\/sisbi\/files\/2017\/02\/download.jpg\"><img class=\"alignleft size-full wp-image-1506\" src=\"https:\/\/wp.ufpel.edu.br\/sisbi\/files\/2017\/02\/download.jpg\" alt=\"\" width=\"187\" height=\"269\" \/><\/a><\/p>\n<p>&nbsp;<\/p>\n<p>&nbsp;<\/p>\n<p>&nbsp;<\/p>\n<p>&nbsp;<\/p>\n<p>&nbsp;<\/p>\n<p>&nbsp;<\/p>\n<p>&nbsp;<\/p>\n<p>&nbsp;<\/p>\n<p>&nbsp;<\/p>\n<p>&nbsp;<\/p>\n<p>08\/02\/2017<\/p>\n<p>Dica de leitura&#8230; \u00c9TICA E VERGONHA NA CARA! \u2013 Mario Sergio Cortella e Cl\u00f3vis de Barros Filho<\/p>\n<p><a href=\"https:\/\/www.dropbox.com\/s\/p09cg3eq510kk5c\/%C3%89tica%20e%20vergonha%20na%20cara.pdf?dl=0\" target=\"_blank\" rel=\"nofollow noopener\">https:\/\/www.dropbox.com\/\u2026\/%C3%89tica%20e%20vergonha%20na%20\u2026<\/a><\/p>\n<p>Mario Sergio Cortella e Cl\u00f3vis de Barros Filho discutem nesse livro, seja em casa, seja na escola ou no trabalho, muitas vezes os meios utilizados para alcan\u00e7ar um objetivo acabam sendo tratados como uma quest\u00e3o menor diante dos resultados obtidos. Os autores lan\u00e7am uma importante reflex\u00e3o sobre o modo como orientamos nossas escolhas, mostrando de que forma a vergonha encontra seu lugar na \u00e9tica, a fim de que possamos pensar e agir para al\u00e9m do comodismo e dos prazeres individuais.<\/p>\n<p>Livro indicado pela bibliotec\u00e1ria Simone Maisonave<\/p>\n<p><a href=\"https:\/\/wp.ufpel.edu.br\/sisbi\/files\/2017\/02\/16425887_1343923435669340_5258896615611435665_n.jpg\"><img class=\"alignleft size-full wp-image-1486\" src=\"https:\/\/wp.ufpel.edu.br\/sisbi\/files\/2017\/02\/16425887_1343923435669340_5258896615611435665_n.jpg\" alt=\"\" width=\"370\" height=\"555\" \/><\/a><\/p>\n","protected":false},"excerpt":{"rendered":"<p>15\/02\/2017 Dica de leitura&#8230;\u00a0HERDEIROS DE ATL\u00c2NTIDA &#8211; Eduardo Spohr http:\/\/ler-agora.jegueajato.com\/Eduardo%20Spohr\/Herdeiros%20de%20Atlantida%20(491)\/Herdeiros%20de%20Atlantida%20-%20Eduardo%20Spohr?chave=1677cfea7cb1b4e721f78316a481fd9c&amp;dsl=1&amp;ext=.pdf H\u00e1 uma guerra no c\u00e9u. O confronto civil entre o arcanjo Miguel e as tropas revolucion\u00e1rias de seu irm\u00e3o, Gabriel, devasta as sete camadas do para\u00edso. Com as legi\u00f5es divididas, as fortalezas sitiadas, os generais estabeleceram um armist\u00edcio na terra, uma tr\u00e9gua fr\u00e1gil e delicada, [&hellip;]<\/p>\n","protected":false},"author":37,"featured_media":0,"parent":0,"menu_order":0,"comment_status":"closed","ping_status":"closed","template":"","meta":{"footnotes":""},"class_list":["post-1478","page","type-page","status-publish","hentry"],"_links":{"self":[{"href":"https:\/\/wp.ufpel.edu.br\/sisbi\/wp-json\/wp\/v2\/pages\/1478","targetHints":{"allow":["GET"]}}],"collection":[{"href":"https:\/\/wp.ufpel.edu.br\/sisbi\/wp-json\/wp\/v2\/pages"}],"about":[{"href":"https:\/\/wp.ufpel.edu.br\/sisbi\/wp-json\/wp\/v2\/types\/page"}],"author":[{"embeddable":true,"href":"https:\/\/wp.ufpel.edu.br\/sisbi\/wp-json\/wp\/v2\/users\/37"}],"replies":[{"embeddable":true,"href":"https:\/\/wp.ufpel.edu.br\/sisbi\/wp-json\/wp\/v2\/comments?post=1478"}],"version-history":[{"count":17,"href":"https:\/\/wp.ufpel.edu.br\/sisbi\/wp-json\/wp\/v2\/pages\/1478\/revisions"}],"predecessor-version":[{"id":1532,"href":"https:\/\/wp.ufpel.edu.br\/sisbi\/wp-json\/wp\/v2\/pages\/1478\/revisions\/1532"}],"wp:attachment":[{"href":"https:\/\/wp.ufpel.edu.br\/sisbi\/wp-json\/wp\/v2\/media?parent=1478"}],"curies":[{"name":"wp","href":"https:\/\/api.w.org\/{rel}","templated":true}]}}