{"id":39,"date":"2026-08-18T19:24:50","date_gmt":"2026-08-18T22:24:50","guid":{"rendered":"https:\/\/wp.ufpel.edu.br\/simposiodidaticadahistoria3\/?page_id=39"},"modified":"2026-08-25T10:38:02","modified_gmt":"2026-08-25T13:38:02","slug":"sessoes-de-apresentacoes-de-trabalho","status":"publish","type":"page","link":"https:\/\/wp.ufpel.edu.br\/simposiodidaticadahistoria3\/sessoes-de-apresentacoes-de-trabalho\/","title":{"rendered":"Sess\u00f5es de Apresenta\u00e7\u00f5es de Trabalho"},"content":{"rendered":"<p style=\"text-align: center;\"><strong>Neste ano o Simp\u00f3sio Internacional de Did\u00e1tica da Hist\u00f3ria contar\u00e1 com um espa\u00e7o para a submiss\u00e3o e apresenta\u00e7\u00e3o de trabalhos.<\/strong><\/p>\n<hr \/>\n<p>DATAS IMPORTANTES<\/p>\n<ul>\n<li>inscri\u00e7\u00f5es para <strong>ouvintes &#8211; <\/strong>at\u00e9 o dia <span style=\"color: #ff0000;\">20\/10\/2026<\/span><\/li>\n<li>Inscri\u00e7\u00f5es para <strong>apresentadores de trabalho<\/strong> &#8211; at\u00e9 o dia <span style=\"color: #ff0000;\">04\/10<\/span><\/li>\n<\/ul>\n<hr \/>\n<p><strong>Normas:<\/strong><\/p>\n<div align=\"justify\">Titula\u00e7\u00e3o m\u00ednima: Graduando\/a.<\/div>\n<div align=\"justify\">Cada trabalho pode ter, no m\u00e1ximo, 3<b>\u00a0<\/b>(tr\u00eas<b>) autores<\/b>.<\/div>\n<div class=\"western\" align=\"justify\">Clique no ST desejado e fa\u00e7a a inscri\u00e7\u00e3o por este google forms.<\/div>\n<div class=\"western\" align=\"justify\"><b>T\u00edtulo do trabalho:<\/b>\u00a0M\u00e1ximo de\u00a0<b>200 caracteres<\/b>\u00a0(com espa\u00e7os).<\/div>\n<div class=\"western\" align=\"justify\"><b>Resumo do trabalho:<\/b> M\u00ednimo de 1.000 e M\u00e1ximo de <b>2.800 caracteres<\/b>\u00a0(com espa\u00e7os).<\/div>\n<div class=\"western\" align=\"justify\"><b>Formata\u00e7\u00e3o:<\/b> Colar o resumo no lugar indicado. <b>N\u00e3o utilize caixa alta (letra mai\u00fascula)<\/b>\u00a0no t\u00edtulo ou no resumo.<\/div>\n<p><b>Processo de avalia\u00e7\u00e3o:<\/b>\u00a0A avalia\u00e7\u00e3o, aceita\u00e7\u00e3o ou elimina\u00e7\u00e3o dos trabalhos \u00e9 de responsabilidade exclusiva do(s)\u00a0<b>Coordenador(es) do ST<\/b>\u00a0selecionado.<\/p>\n<p>&nbsp;<\/p>\n<p>A comiss\u00e3o organizadora informa que haver\u00e1 a publica\u00e7\u00e3o<strong> apenas do Caderno de Resumos, com ISBN e Ficha Catalogr\u00e1fica.<\/strong><\/p>\n<p><span style=\"color: #ff0000;\">N\u00e3o haver\u00e1 publica\u00e7\u00e3o de Anais com trabalhos completos.<\/span><\/p>\n<hr \/>\n<p style=\"text-align: center;\"><strong>Confira os STs e submeta seu trabalho:<\/strong><\/p>\n<h4 style=\"text-align: justify;\"><span style=\"font-weight: 400;\"><strong>ST 1 &#8211; Did\u00e1tica da Hist\u00f3ria, Aprendizagem Hist\u00f3rica e Negacionismos <a href=\"https:\/\/docs.google.com\/forms\/d\/e\/1FAIpQLScMF5lU7BKAnWBRQbs4rpAS9iM8vsb4M68YnEHE3IdTVid9ew\/viewform?usp=sharing&amp;ouid=109334089534458881333\">(Clique aqui)<\/a><\/strong><\/span><\/h4>\n<h4 style=\"text-align: justify;\"><span style=\"font-weight: 400;\">(<\/span><span style=\"font-weight: 400;\">Coordena\u00e7\u00e3o: J\u00falia Matos; Darcylene Domingues)<\/span><\/h4>\n<h4 style=\"text-align: justify;\"><span style=\"font-weight: 400;\"><strong>ST 2 &#8211; Did\u00e1tica da Hist\u00f3ria e Educa\u00e7\u00e3o Hist\u00f3rica <a href=\"https:\/\/docs.google.com\/forms\/d\/e\/1FAIpQLSdW_OeNdsEMGArjlorQrL8w_8yA-8A4rccpM7tBEPpRRi96_w\/viewform?usp=sharing&amp;ouid=109334089534458881333\">(Clique aqui)<\/a><\/strong><\/span><\/h4>\n<h4 style=\"text-align: justify;\"><span style=\"font-weight: 400;\">(Coordena\u00e7\u00e3o: M\u00e1rcia Elisa Tet\u00e9 Ramos)<\/span><\/h4>\n<h4 style=\"text-align: justify;\"><span style=\"font-weight: 400;\"><strong>ST 3 &#8211; Did\u00e1tica da Hist\u00f3ria, RPG e Ludicidade <a href=\"https:\/\/docs.google.com\/forms\/d\/e\/1FAIpQLSckIq1qnayhEl4cLPSeVXqUsFl96SOr_9diwDynFLww-gYv6g\/viewform?usp=sharing&amp;ouid=109334089534458881333\">(Clique aqui)<\/a><\/strong><\/span><\/h4>\n<h4 style=\"text-align: justify;\"><span style=\"font-weight: 400;\">(Coordena\u00e7\u00e3o: Eduardo Knack; Leonardo Dallacqua de Carvalho)<\/span><\/h4>\n<h4 style=\"text-align: justify;\"><span style=\"font-weight: 400;\"><strong>ST4 &#8211; Did\u00e1tica da Hist\u00f3ria e cultura digital <\/strong><\/span><a href=\"https:\/\/docs.google.com\/forms\/d\/e\/1FAIpQLSeLH5upVOUxQJED9GnG_pIrzazepK9-EipFR3_8-l4UcRBSug\/viewform?usp=sharing&amp;ouid=109334089534458881333\"><span style=\"font-weight: 400;\"><strong>(Clique aqui)<\/strong><\/span><\/a><\/h4>\n<h4 style=\"text-align: justify;\"><span style=\"font-weight: 400;\">(Coordena\u00e7\u00e3o: Roberta Duarte e Alvanir Alves)<\/span><\/h4>\n<h4 style=\"text-align: justify;\"><span style=\"font-weight: 400;\"><strong>ST5 &#8211; Did\u00e1tica da Hist\u00f3ria e Usos do Passado <\/strong><\/span><span style=\"font-weight: 400;\"><strong>(<a href=\"https:\/\/docs.google.com\/forms\/d\/e\/1FAIpQLScrf37DWrvyqBQ3mCmKY2eR0R0EsvaXHj91sA8qdXu8g-uGKw\/viewform?usp=sharing&amp;ouid=109334089534458881333\">Clique aqui)<\/a><\/strong><\/span><\/h4>\n<h4 style=\"text-align: justify;\"><span style=\"font-weight: 400;\">(Coordena\u00e7\u00e3o: Wilian Bonete)<\/span><\/h4>\n<h4 style=\"text-align: justify;\"><span style=\"font-weight: 400;\"><strong>ST 6 &#8211; DId\u00e1tica da Hist\u00f3ria, aprendizagem e pr\u00e1ticas de leitura e escrita <\/strong><\/span><a href=\"https:\/\/docs.google.com\/forms\/d\/e\/1FAIpQLSfaPwf6VQA7iYJv6vx7BwD0me3mx9vKcz1sGA-rkVo7jju45A\/viewform?usp=sharing&amp;ouid=109334089534458881333\"><span style=\"font-weight: 400;\"><strong>(Clique aqui)<\/strong><\/span><\/a><\/h4>\n<h4 style=\"text-align: justify;\"><span style=\"font-weight: 400;\"><strong>\u00a0<\/strong> <\/span><span style=\"font-weight: 400;\">(Coordena\u00e7\u00e3o: Lisiane Manke)<\/span><\/h4>\n<h4 style=\"text-align: justify;\"><span style=\"font-weight: 400;\"><strong>ST 7 &#8211; Did\u00e1tica da Hist\u00f3ria e Teoria da Hist\u00f3ria <\/strong><\/span><a href=\"https:\/\/docs.google.com\/forms\/d\/e\/1FAIpQLSc5NFj92bMLjurs6C097bTVvD814GXa5gupvR8IRxFPux3tMg\/viewform?usp=sharing&amp;ouid=109334089534458881333\"><span style=\"font-weight: 400;\"><strong>(Clique aqui)<\/strong><\/span><\/a><\/h4>\n<h4 style=\"text-align: justify;\"><span style=\"font-weight: 400;\">(Coordena\u00e7\u00e3o: Gerson Zacarias)<\/span><\/h4>\n<h4 style=\"text-align: justify;\"><span style=\"font-weight: 400;\"><strong>ST 8 &#8211; Did\u00e1tica da Hist\u00f3ria e Educa\u00e7\u00e3o Inclusiva <\/strong><\/span><a href=\"https:\/\/docs.google.com\/forms\/d\/e\/1FAIpQLSdibb3noWZqe_wou8cGhC5jYsrkAZPc6BK1EJ1TpC77_yGnLQ\/viewform?usp=sharing&amp;ouid=109334089534458881333\"><span style=\"font-weight: 400;\"><strong>(Clique aqui)<\/strong><\/span><\/a><\/h4>\n<h4 style=\"text-align: justify;\"><span style=\"font-weight: 400;\">(Coordena\u00e7\u00e3o: Aaron Sena Reis; Vanessa Ribeiro de Melo)<\/span><\/h4>\n<h4 style=\"text-align: justify;\"><span style=\"font-weight: 400;\"><strong>ST 9 &#8211; Did\u00e1tica da Hist\u00f3ria, G\u00eanero e Diversidade <\/strong><\/span><span style=\"font-weight: 400;\"><strong>(<a href=\"https:\/\/docs.google.com\/forms\/d\/e\/1FAIpQLSfyUt1fa-lhqhX8cBUrcPA16-FKHALIt6Ley6F-VTKk-YDj0A\/viewform?usp=sharing&amp;ouid=109334089534458881333\">Clique aqui)<\/a><\/strong><\/span><\/h4>\n<h4 style=\"text-align: justify;\"><span style=\"font-weight: 400;\">(Coordena\u00e7\u00e3o: Dulceli Estacheski; Nashla Aline Dahas Gomozias)\u00a0<\/span><\/h4>\n","protected":false},"excerpt":{"rendered":"<p>Neste ano o Simp\u00f3sio Internacional de Did\u00e1tica da Hist\u00f3ria contar\u00e1 com um espa\u00e7o para a submiss\u00e3o e apresenta\u00e7\u00e3o de trabalhos. DATAS IMPORTANTES inscri\u00e7\u00f5es para ouvintes &#8211; at\u00e9 o dia 20\/10\/2026 Inscri\u00e7\u00f5es para apresentadores de trabalho &#8211; at\u00e9 o dia 04\/10 Normas: Titula\u00e7\u00e3o m\u00ednima: Graduando\/a. Cada trabalho pode ter, no m\u00e1ximo, 3\u00a0(tr\u00eas) autores. Clique no ST &hellip; <\/p>\n<p><a class=\"more-link btn\" href=\"https:\/\/wp.ufpel.edu.br\/simposiodidaticadahistoria3\/sessoes-de-apresentacoes-de-trabalho\/\">Continue lendo<\/a><\/p>\n","protected":false},"author":1274,"featured_media":0,"parent":0,"menu_order":0,"comment_status":"closed","ping_status":"closed","template":"","meta":{"footnotes":""},"class_list":["post-39","page","type-page","status-publish","hentry","nodate","item-wrap"],"_links":{"self":[{"href":"https:\/\/wp.ufpel.edu.br\/simposiodidaticadahistoria3\/wp-json\/wp\/v2\/pages\/39","targetHints":{"allow":["GET"]}}],"collection":[{"href":"https:\/\/wp.ufpel.edu.br\/simposiodidaticadahistoria3\/wp-json\/wp\/v2\/pages"}],"about":[{"href":"https:\/\/wp.ufpel.edu.br\/simposiodidaticadahistoria3\/wp-json\/wp\/v2\/types\/page"}],"author":[{"embeddable":true,"href":"https:\/\/wp.ufpel.edu.br\/simposiodidaticadahistoria3\/wp-json\/wp\/v2\/users\/1274"}],"replies":[{"embeddable":true,"href":"https:\/\/wp.ufpel.edu.br\/simposiodidaticadahistoria3\/wp-json\/wp\/v2\/comments?post=39"}],"version-history":[{"count":4,"href":"https:\/\/wp.ufpel.edu.br\/simposiodidaticadahistoria3\/wp-json\/wp\/v2\/pages\/39\/revisions"}],"predecessor-version":[{"id":61,"href":"https:\/\/wp.ufpel.edu.br\/simposiodidaticadahistoria3\/wp-json\/wp\/v2\/pages\/39\/revisions\/61"}],"wp:attachment":[{"href":"https:\/\/wp.ufpel.edu.br\/simposiodidaticadahistoria3\/wp-json\/wp\/v2\/media?parent=39"}],"curies":[{"name":"wp","href":"https:\/\/api.w.org\/{rel}","templated":true}]}}