{"id":23,"date":"2026-08-18T18:53:26","date_gmt":"2026-08-18T21:53:26","guid":{"rendered":"https:\/\/wp.ufpel.edu.br\/simposiodidaticadahistoria3\/?page_id=23"},"modified":"2026-08-25T10:40:54","modified_gmt":"2026-08-25T13:40:54","slug":"inscricoes","status":"publish","type":"page","link":"https:\/\/wp.ufpel.edu.br\/simposiodidaticadahistoria3\/inscricoes\/","title":{"rendered":"Inscri\u00e7\u00f5es"},"content":{"rendered":"<p>As inscri\u00e7\u00f5es para ouvintes devem ser feitas atrav\u00e9s da plataforma Even3, no link abaixo:<\/p>\n<p><a href=\"https:\/\/www.even3.com.br\/3simposiodh-773445\">https:\/\/www.even3.com.br\/3simposiodh-773445<\/a><\/p>\n<p><strong><span style=\"color: #ff0000;\">Al\u00e9m dos ouvintes, todos os autores e co-autores de trabalhos devem se inscrever como ouvintes.<\/span><\/strong><\/p>\n<p>Os trabalhos devem ser submetidos no Google Forms na p\u00e1gina dos STs.<\/p>\n<hr \/>\n<p>DATAS IMPORTANTES<\/p>\n<ul>\n<li>inscri\u00e7\u00f5es para <strong>ouvintes &#8211; <\/strong>at\u00e9 o dia <span style=\"color: #ff0000;\">20\/10\/2026<\/span><\/li>\n<li>Inscri\u00e7\u00f5es para <strong>apresentadores de trabalho<\/strong> &#8211; at\u00e9 o dia <span style=\"color: #ff0000;\">04\/10<\/span><\/li>\n<\/ul>\n<hr \/>\n<p>A comiss\u00e3o organizadora informa que haver\u00e1 a publica\u00e7\u00e3o<strong> apenas do Caderno de Resumos, com ISBN e Ficha Catalogr\u00e1fica.<\/strong><\/p>\n<p><span style=\"color: #ff0000;\">N\u00e3o haver\u00e1 publica\u00e7\u00e3o de Anais com trabalhos completos.<\/span><\/p>\n<hr \/>\n<p>O evento ter\u00e1 a carga hor\u00e1ria total de\u00a0<strong>40 horas<\/strong>. A lista de frequ\u00eancia ser\u00e1 passada durante a realiza\u00e7\u00e3o de cada uma das mesas tem\u00e1ticas.<\/p>\n<p>O certificado ser\u00e1 encaminhado para cada um dos participantes que obtiverem\u00a0<strong>ao menos 80% de frequ\u00eancia<\/strong>\u00a0no evento,\u00a0<strong>e ficar\u00e1 dispon\u00edvel para download por 90 dias.\u00a0<\/strong>\u00a0A comiss\u00e3o organizadora n\u00e3o se responsabiliza por aqueles que n\u00e3o retirarem os certificados antes do t\u00e9rmino do prazo.<\/p>\n","protected":false},"excerpt":{"rendered":"<p>As inscri\u00e7\u00f5es para ouvintes devem ser feitas atrav\u00e9s da plataforma Even3, no link abaixo: https:\/\/www.even3.com.br\/3simposiodh-773445 Al\u00e9m dos ouvintes, todos os autores e co-autores de trabalhos devem se inscrever como ouvintes. Os trabalhos devem ser submetidos no Google Forms na p\u00e1gina dos STs. DATAS IMPORTANTES inscri\u00e7\u00f5es para ouvintes &#8211; at\u00e9 o dia 20\/10\/2026 Inscri\u00e7\u00f5es para apresentadores &hellip; <\/p>\n<p><a class=\"more-link btn\" href=\"https:\/\/wp.ufpel.edu.br\/simposiodidaticadahistoria3\/inscricoes\/\">Continue lendo<\/a><\/p>\n","protected":false},"author":1274,"featured_media":0,"parent":0,"menu_order":3,"comment_status":"closed","ping_status":"closed","template":"","meta":{"footnotes":""},"class_list":["post-23","page","type-page","status-publish","hentry","nodate","item-wrap"],"_links":{"self":[{"href":"https:\/\/wp.ufpel.edu.br\/simposiodidaticadahistoria3\/wp-json\/wp\/v2\/pages\/23","targetHints":{"allow":["GET"]}}],"collection":[{"href":"https:\/\/wp.ufpel.edu.br\/simposiodidaticadahistoria3\/wp-json\/wp\/v2\/pages"}],"about":[{"href":"https:\/\/wp.ufpel.edu.br\/simposiodidaticadahistoria3\/wp-json\/wp\/v2\/types\/page"}],"author":[{"embeddable":true,"href":"https:\/\/wp.ufpel.edu.br\/simposiodidaticadahistoria3\/wp-json\/wp\/v2\/users\/1274"}],"replies":[{"embeddable":true,"href":"https:\/\/wp.ufpel.edu.br\/simposiodidaticadahistoria3\/wp-json\/wp\/v2\/comments?post=23"}],"version-history":[{"count":3,"href":"https:\/\/wp.ufpel.edu.br\/simposiodidaticadahistoria3\/wp-json\/wp\/v2\/pages\/23\/revisions"}],"predecessor-version":[{"id":62,"href":"https:\/\/wp.ufpel.edu.br\/simposiodidaticadahistoria3\/wp-json\/wp\/v2\/pages\/23\/revisions\/62"}],"wp:attachment":[{"href":"https:\/\/wp.ufpel.edu.br\/simposiodidaticadahistoria3\/wp-json\/wp\/v2\/media?parent=23"}],"curies":[{"name":"wp","href":"https:\/\/api.w.org\/{rel}","templated":true}]}}