{"id":20,"date":"2026-08-18T18:51:31","date_gmt":"2026-08-18T21:51:31","guid":{"rendered":"https:\/\/wp.ufpel.edu.br\/simposiodidaticadahistoria3\/?page_id=20"},"modified":"2026-08-18T19:10:24","modified_gmt":"2026-08-18T22:10:24","slug":"programacao","status":"publish","type":"page","link":"https:\/\/wp.ufpel.edu.br\/simposiodidaticadahistoria3\/programacao\/","title":{"rendered":"Programa\u00e7\u00e3o"},"content":{"rendered":"<h4 style=\"text-align: center;\"><span style=\"color: #ff0000;\"><strong>Aten\u00e7\u00e3o<\/strong><\/span><\/h4>\n<h4 style=\"text-align: center;\"><strong>Para acessar cada uma das transmiss\u00f5es pelo Youtube, basta clicar no t\u00edtulo de cada mesa<\/strong><\/h4>\n<p>&nbsp;<\/p>\n<table>\n<tbody>\n<tr>\n<td><b>Dia<\/b><\/td>\n<td><b>Hor\u00e1rio<\/b><\/td>\n<td><b>Atividade<\/b><\/td>\n<td><b>Integrantes\/plataforma<\/b><\/td>\n<\/tr>\n<tr>\n<td rowspan=\"5\">\n<p><span style=\"background-color: #00ffff;\"><b>21\/10\/2026<\/b><\/span><\/p>\n<p><span style=\"background-color: #00ffff;\"><b>(Quarta)<\/b><\/span><\/td>\n<td><span style=\"font-weight: 400;\">9h-12h<\/span><\/td>\n<td><span style=\"font-weight: 400;\">Sess\u00f5es de comunica\u00e7\u00e3o<\/span><\/td>\n<td><\/td>\n<\/tr>\n<tr>\n<td><span style=\"font-weight: 400;\">12h-14h<\/span><\/td>\n<td><span style=\"font-weight: 400;\">Intervalo<\/span><\/td>\n<td><span style=\"font-weight: 400;\">&#8211;<\/span><\/td>\n<\/tr>\n<tr>\n<td><span style=\"font-weight: 400;\">14h-17h<\/span><\/td>\n<td>\n<p>&nbsp;<\/p>\n<p>&nbsp;<\/p>\n<p><span style=\"font-weight: 400;\">Confer\u00eancia de abertura: Cultura Hist\u00f3rica e Did\u00e1tica da Hist\u00f3ria<\/span><\/td>\n<td>\n<p style=\"text-align: center;\"><span style=\"font-weight: 400;\"><strong>Robbert-Jan Adriaansen<\/strong> <\/span><\/p>\n<p style=\"text-align: center;\"><span style=\"font-weight: 400;\">(Erasmus University)<\/span><\/p>\n<p style=\"text-align: center;\"><span style=\"font-weight: 400;\">Mediadores: Taiane Ferreira \u00a0 (UFPE) e Arnaldo Szlachta (UEM)<\/span><\/p>\n<\/td>\n<\/tr>\n<tr>\n<td><span style=\"font-weight: 400;\">17h-19h<\/span><\/td>\n<td><span style=\"font-weight: 400;\">Intervalo<\/span><\/td>\n<td><span style=\"font-weight: 400;\">&#8211;<\/span><\/td>\n<\/tr>\n<tr>\n<td><span style=\"font-weight: 400;\">19h-22h<\/span><\/td>\n<td><span style=\"font-weight: 400;\">Mesa 1: Did\u00e1tica e Teoria da Hist\u00f3ria em di\u00e1logo<\/span><\/td>\n<td>\n<p style=\"text-align: center;\"><strong>Breno Mendes (UFG) e Julio Bentivoglio (UFES)<\/strong><\/p>\n<p style=\"text-align: center;\"><span style=\"font-weight: 400;\">Mediador: Wilian Barom (UFPR)\u00a0<\/span><\/p>\n<\/td>\n<\/tr>\n<\/tbody>\n<\/table>\n<p>&nbsp;<\/p>\n<table style=\"width: 749px;\">\n<tbody>\n<tr>\n<td style=\"width: 99px;\"><b>Dia<\/b><\/td>\n<td style=\"width: 78px;\"><b>Hor\u00e1rio<\/b><\/td>\n<td style=\"width: 264px;\"><b>Atividade<\/b><\/td>\n<td style=\"width: 308px;\"><b>Integrantes\/plataforma<\/b><\/td>\n<\/tr>\n<tr>\n<td style=\"width: 99px;\" rowspan=\"5\">\n<p><span style=\"background-color: #cc99ff;\"><b>22\/10\/2026<\/b><\/span><\/p>\n<p><span style=\"background-color: #cc99ff;\"><b>(Quinta)<\/b><\/span><\/td>\n<td style=\"width: 78px;\"><span style=\"font-weight: 400;\">9h-12h<\/span><\/td>\n<td style=\"width: 264px;\"><span style=\"font-weight: 400;\">Sess\u00f5es de comunica\u00e7\u00e3o<\/span><\/td>\n<td style=\"width: 308px;\"><\/td>\n<\/tr>\n<tr>\n<td style=\"width: 78px;\"><span style=\"font-weight: 400;\">12h-14h<\/span><\/td>\n<td style=\"width: 264px;\"><span style=\"font-weight: 400;\">Intervalo<\/span><\/td>\n<td style=\"width: 308px;\"><span style=\"font-weight: 400;\">&#8211;<\/span><\/td>\n<\/tr>\n<tr>\n<td style=\"width: 78px;\"><span style=\"font-weight: 400;\">14h-17h<\/span><\/td>\n<td style=\"width: 264px;\"><span style=\"font-weight: 400;\">Mesa 2: Cultura Digital e Did\u00e1tica da Hist\u00f3ria\u00a0<\/span><\/td>\n<td style=\"width: 308px;\">\n<p style=\"text-align: center;\"><strong>Arnaldo Szlachta (UEM), Sara Dias-Trindade (UP) e Roberta Duarte (UFPE)<\/strong><\/p>\n<p style=\"text-align: center;\"><span style=\"font-weight: 400;\">Mediador: Willian Bonete (UFPEL)<\/span><\/p>\n<\/td>\n<\/tr>\n<tr>\n<td style=\"width: 78px;\"><span style=\"font-weight: 400;\">17h-19h<\/span><\/td>\n<td style=\"width: 264px;\"><span style=\"font-weight: 400;\">Intervalo<\/span><\/td>\n<td style=\"width: 308px;\"><span style=\"font-weight: 400;\">&#8211;<\/span><\/td>\n<\/tr>\n<tr>\n<td style=\"width: 78px;\"><span style=\"font-weight: 400;\">19h-22h<\/span><\/td>\n<td style=\"width: 264px;\"><span style=\"font-weight: 400;\">Mesa 3: Did\u00e1tica da Hist\u00f3rica, Hist\u00f3ria P\u00fablica e G\u00eanero<\/span><\/td>\n<td style=\"width: 308px;\">\n<p style=\"text-align: center;\"><strong>Marta Rovai (UNIFAL); Sonia Wanderley (UERJ) e Dulceli Estacheski (UFMS)<\/strong><\/p>\n<p style=\"text-align: center;\"><span style=\"font-weight: 400;\">Mediador: Rafael Freitas <\/span><span style=\"font-weight: 400;\">(Rede de Educa\u00e7\u00e3o B\u00e1sica &#8211; MT)<\/span><\/p>\n<\/td>\n<\/tr>\n<\/tbody>\n<\/table>\n<p>&nbsp;<\/p>\n<table>\n<tbody>\n<tr>\n<td><strong>Dia<\/strong><\/td>\n<td><strong>Hor\u00e1rio<\/strong><\/td>\n<td><strong>Atividade<\/strong><\/td>\n<td><strong>Integrantes\/Plataforma<\/strong><\/td>\n<\/tr>\n<tr>\n<td rowspan=\"6\">\n<p><span style=\"background-color: #ccffcc;\"><b>23\/10\/2026<\/b><\/span><\/p>\n<p><b><span style=\"background-color: #ccffcc;\">(Sexta<\/span>)<\/b><\/td>\n<td><span style=\"font-weight: 400;\">9h-12h<\/span><\/td>\n<td><span style=\"font-weight: 400;\">Sess\u00f5es de comunica\u00e7\u00e3o<\/span><\/td>\n<td><\/td>\n<\/tr>\n<tr>\n<td><span style=\"font-weight: 400;\">12h-14h<\/span><\/td>\n<td><span style=\"font-weight: 400;\">Intervalo<\/span><\/td>\n<td><span style=\"font-weight: 400;\">&#8211;<\/span><\/td>\n<\/tr>\n<tr>\n<td><span style=\"font-weight: 400;\">14h-17h<\/span><\/td>\n<td><span style=\"font-weight: 400;\">Mesa 4: M\u00eddias e Did\u00e1tica da Hist\u00f3ria<\/span><\/td>\n<td>\n<p style=\"text-align: center;\"><strong>Roberto Abdala (UFG); Joyci Viegas (UFG); Janaina de Paula do Esp\u00edrito Santo (UEPG)<\/strong><\/p>\n<p style=\"text-align: center;\"><span style=\"font-weight: 400;\">Mediadora: J\u00falia Matos (FURG)\u00a0<\/span><\/p>\n<\/td>\n<\/tr>\n<tr>\n<td><span style=\"font-weight: 400;\">17h30-19h30<\/span><\/td>\n<td><span style=\"font-weight: 400;\">Assembleia da RedeDH<\/span><\/td>\n<td><span style=\"font-weight: 400;\">Google Meet<\/span><\/td>\n<\/tr>\n<tr>\n<td><span style=\"font-weight: 400;\">19h30-20h<\/span><\/td>\n<td><span style=\"font-weight: 400;\">Intervalo<\/span><\/td>\n<td><span style=\"font-weight: 400;\">&#8211;<\/span><\/td>\n<\/tr>\n<tr>\n<td><span style=\"font-weight: 400;\">20h-22h<\/span><\/td>\n<td><span style=\"font-weight: 400;\">Confer\u00eancia de encerramento: \u201cEmancipa\u00e7\u00e3o e Consci\u00eancia Hist\u00f3rica &#8211; caminhos e desafios na cultura digital\u201d<\/span><\/td>\n<td>\n<p style=\"text-align: center;\"><strong>Maria Auxiliadora Schmidt <\/strong><\/p>\n<p style=\"text-align: center;\"><strong>(UFPR)<\/strong><\/p>\n<p style=\"text-align: center;\"><span style=\"font-weight: 400;\">Mediadores: M\u00e1rcia Tet\u00e9 Ramos (UEM) e Cristiano Nicolini (UFG)<\/span><\/p>\n<\/td>\n<\/tr>\n<\/tbody>\n<\/table>\n<p>&nbsp;<\/p>\n","protected":false},"excerpt":{"rendered":"<p>Aten\u00e7\u00e3o Para acessar cada uma das transmiss\u00f5es pelo Youtube, basta clicar no t\u00edtulo de cada mesa &nbsp; Dia Hor\u00e1rio Atividade Integrantes\/plataforma 21\/10\/2026 (Quarta) 9h-12h Sess\u00f5es de comunica\u00e7\u00e3o 12h-14h Intervalo &#8211; 14h-17h &nbsp; &nbsp; Confer\u00eancia de abertura: Cultura Hist\u00f3rica e Did\u00e1tica da Hist\u00f3ria Robbert-Jan Adriaansen (Erasmus University) Mediadores: Taiane Ferreira \u00a0 (UFPE) e Arnaldo Szlachta (UEM) &hellip; <\/p>\n<p><a class=\"more-link btn\" href=\"https:\/\/wp.ufpel.edu.br\/simposiodidaticadahistoria3\/programacao\/\">Continue lendo<\/a><\/p>\n","protected":false},"author":1274,"featured_media":0,"parent":0,"menu_order":0,"comment_status":"closed","ping_status":"closed","template":"","meta":{"footnotes":""},"class_list":["post-20","page","type-page","status-publish","hentry","nodate","item-wrap"],"_links":{"self":[{"href":"https:\/\/wp.ufpel.edu.br\/simposiodidaticadahistoria3\/wp-json\/wp\/v2\/pages\/20","targetHints":{"allow":["GET"]}}],"collection":[{"href":"https:\/\/wp.ufpel.edu.br\/simposiodidaticadahistoria3\/wp-json\/wp\/v2\/pages"}],"about":[{"href":"https:\/\/wp.ufpel.edu.br\/simposiodidaticadahistoria3\/wp-json\/wp\/v2\/types\/page"}],"author":[{"embeddable":true,"href":"https:\/\/wp.ufpel.edu.br\/simposiodidaticadahistoria3\/wp-json\/wp\/v2\/users\/1274"}],"replies":[{"embeddable":true,"href":"https:\/\/wp.ufpel.edu.br\/simposiodidaticadahistoria3\/wp-json\/wp\/v2\/comments?post=20"}],"version-history":[{"count":1,"href":"https:\/\/wp.ufpel.edu.br\/simposiodidaticadahistoria3\/wp-json\/wp\/v2\/pages\/20\/revisions"}],"predecessor-version":[{"id":22,"href":"https:\/\/wp.ufpel.edu.br\/simposiodidaticadahistoria3\/wp-json\/wp\/v2\/pages\/20\/revisions\/22"}],"wp:attachment":[{"href":"https:\/\/wp.ufpel.edu.br\/simposiodidaticadahistoria3\/wp-json\/wp\/v2\/media?parent=20"}],"curies":[{"name":"wp","href":"https:\/\/api.w.org\/{rel}","templated":true}]}}