{"id":1266,"date":"2023-03-28T09:14:55","date_gmt":"2023-03-28T12:14:55","guid":{"rendered":"https:\/\/wp.ufpel.edu.br\/siiepe\/?page_id=1266"},"modified":"2024-05-02T11:54:27","modified_gmt":"2024-05-02T14:54:27","slug":"siiepe-2023","status":"publish","type":"page","link":"https:\/\/wp.ufpel.edu.br\/siiepe\/siiepe-2023\/","title":{"rendered":"9\u00aa SIIEPE"},"content":{"rendered":"<h2>\u201cInternacionaliza\u00e7\u00e3o Universit\u00e1ria: avalia\u00e7\u00e3o, impactos e interfaces entre Ensino, Pesquisa, Extens\u00e3o e Inova\u00e7\u00e3o\u201d<\/h2>\n<p><strong>DE 20 A 24 DE NOVEMBRO DE 2023<\/strong><\/p>\n<p><a href=\"https:\/\/wp.ufpel.edu.br\/siiepe\/files\/2023\/05\/REGULAMENTO_GERAL_9a_SIIEPE.pdf\">Regulamento 9\u00aa SIIEPE &#8211; 2023<\/a><\/p>\n<ul>\n<li><a href=\"https:\/\/wp.ufpel.edu.br\/siiepe\/siiepe-2023\/apresentacao\/\">Apresenta\u00e7\u00e3o do tema da 9\u00aa SIIEPE<\/a><\/li>\n<li><a href=\"https:\/\/wp.ufpel.edu.br\/siiepe\/siiepe-2023\/programacao\/\">Programa\u00e7\u00e3o<\/a><\/li>\n<li><a href=\"https:\/\/wp.ufpel.edu.br\/siiepe\/category\/noticias\/2023\/\">Not\u00edcias<\/a><\/li>\n<\/ul>\n<p><strong>EVENTOS:<\/strong><\/p>\n<ul>\n<li><a href=\"https:\/\/wp.ufpel.edu.br\/congressoinovacao\">VII CIT<\/a><\/li>\n<li><a href=\"https:\/\/wp.ufpel.edu.br\/ceg\">IX CEG<\/a><\/li>\n<li><a href=\"https:\/\/wp.ufpel.edu.br\/congressoextensao\">X CEC<\/a><\/li>\n<li><a href=\"https:\/\/wp.ufpel.edu.br\/enpos\">XXV ENPOS<\/a><\/li>\n<li><a href=\"https:\/\/wp.ufpel.edu.br\/cic\">XXXII CIC<\/a><\/li>\n<\/ul>\n<p>\u00a0<\/p>\n\n\n<div class=\"wp-block-columns is-not-stacked-on-mobile is-layout-flex wp-container-core-columns-is-layout-9d6595d7 wp-block-columns-is-layout-flex\">\n<div class=\"wp-block-column is-layout-flow wp-block-column-is-layout-flow\">\n<div class=\"wp-block-media-text is-stacked-on-mobile is-vertically-aligned-center\" style=\"grid-template-columns:33% auto\"><figure class=\"wp-block-media-text__media\"><a href=\"https:\/\/wp.ufpel.edu.br\/siiepe\/siiepe-2023\/programacao\/\"><img loading=\"lazy\" decoding=\"async\" width=\"200\" height=\"200\" data-attachment-id=\"1458\" data-permalink=\"https:\/\/wp.ufpel.edu.br\/siiepe\/calendar_5908897\/\" data-orig-file=\"https:\/\/wp.ufpel.edu.br\/siiepe\/files\/2023\/11\/calendar_5908897.png\" data-orig-size=\"512,512\" data-comments-opened=\"0\" data-image-meta=\"{&quot;aperture&quot;:&quot;0&quot;,&quot;credit&quot;:&quot;&quot;,&quot;camera&quot;:&quot;&quot;,&quot;caption&quot;:&quot;&quot;,&quot;created_timestamp&quot;:&quot;0&quot;,&quot;copyright&quot;:&quot;&quot;,&quot;focal_length&quot;:&quot;0&quot;,&quot;iso&quot;:&quot;0&quot;,&quot;shutter_speed&quot;:&quot;0&quot;,&quot;title&quot;:&quot;&quot;,&quot;orientation&quot;:&quot;0&quot;}\" data-image-title=\"calendar_5908897\" data-image-description=\"\" data-image-caption=\"\" data-medium-file=\"https:\/\/wp.ufpel.edu.br\/siiepe\/files\/2023\/11\/calendar_5908897-400x400.png\" data-large-file=\"https:\/\/wp.ufpel.edu.br\/siiepe\/files\/2023\/11\/calendar_5908897.png\" src=\"https:\/\/wp.ufpel.edu.br\/siiepe\/files\/2023\/11\/calendar_5908897-200x200.png\" alt=\"\" class=\"wp-image-1458 size-thumbnail\" srcset=\"https:\/\/wp.ufpel.edu.br\/siiepe\/files\/2023\/11\/calendar_5908897-200x200.png 200w, https:\/\/wp.ufpel.edu.br\/siiepe\/files\/2023\/11\/calendar_5908897-400x400.png 400w, https:\/\/wp.ufpel.edu.br\/siiepe\/files\/2023\/11\/calendar_5908897.png 512w\" sizes=\"auto, (max-width: 200px) 100vw, 200px\" \/><\/a><\/figure><div class=\"wp-block-media-text__content\">\n<p><a href=\"https:\/\/wp.ufpel.edu.br\/siiepe\/siiepe-2023\/programacao\/\">Programa\u00e7\u00e3o geral<\/a><\/p>\n<\/div><\/div>\n<\/div>\n\n\n\n<div class=\"wp-block-column is-layout-flow wp-block-column-is-layout-flow\">\n<div class=\"wp-block-media-text is-stacked-on-mobile\" style=\"grid-template-columns:33% auto\"><figure class=\"wp-block-media-text__media\"><a href=\"https:\/\/wp.ufpel.edu.br\/siiepe\/siiepe-2023\/mostra-artistica\/\"><img loading=\"lazy\" decoding=\"async\" width=\"512\" height=\"512\" data-attachment-id=\"1468\" data-permalink=\"https:\/\/wp.ufpel.edu.br\/siiepe\/theater_1778517\/\" data-orig-file=\"https:\/\/wp.ufpel.edu.br\/siiepe\/files\/2023\/11\/theater_1778517.png\" data-orig-size=\"512,512\" data-comments-opened=\"0\" data-image-meta=\"{&quot;aperture&quot;:&quot;0&quot;,&quot;credit&quot;:&quot;&quot;,&quot;camera&quot;:&quot;&quot;,&quot;caption&quot;:&quot;&quot;,&quot;created_timestamp&quot;:&quot;0&quot;,&quot;copyright&quot;:&quot;&quot;,&quot;focal_length&quot;:&quot;0&quot;,&quot;iso&quot;:&quot;0&quot;,&quot;shutter_speed&quot;:&quot;0&quot;,&quot;title&quot;:&quot;&quot;,&quot;orientation&quot;:&quot;0&quot;}\" data-image-title=\"theater_1778517\" data-image-description=\"\" data-image-caption=\"\" data-medium-file=\"https:\/\/wp.ufpel.edu.br\/siiepe\/files\/2023\/11\/theater_1778517-400x400.png\" data-large-file=\"https:\/\/wp.ufpel.edu.br\/siiepe\/files\/2023\/11\/theater_1778517.png\" src=\"https:\/\/wp.ufpel.edu.br\/siiepe\/files\/2023\/11\/theater_1778517.png\" alt=\"\" class=\"wp-image-1468 size-full\" srcset=\"https:\/\/wp.ufpel.edu.br\/siiepe\/files\/2023\/11\/theater_1778517.png 512w, https:\/\/wp.ufpel.edu.br\/siiepe\/files\/2023\/11\/theater_1778517-400x400.png 400w, https:\/\/wp.ufpel.edu.br\/siiepe\/files\/2023\/11\/theater_1778517-200x200.png 200w\" sizes=\"auto, (max-width: 512px) 100vw, 512px\" \/><\/a><\/figure><div class=\"wp-block-media-text__content\">\n<p><a href=\"https:\/\/wp.ufpel.edu.br\/siiepe\/siiepe-2023\/mostra-artistica\/\">Mostra art\u00edstica<\/a><\/p>\n<\/div><\/div>\n<\/div>\n<\/div>\n\n\n\n<div class=\"wp-block-columns is-not-stacked-on-mobile is-layout-flex wp-container-core-columns-is-layout-9d6595d7 wp-block-columns-is-layout-flex\">\n<div class=\"wp-block-column is-layout-flow wp-block-column-is-layout-flow\">\n<div class=\"wp-block-media-text is-stacked-on-mobile\" style=\"grid-template-columns:33% auto\"><figure class=\"wp-block-media-text__media\"><a href=\"https:\/\/wp.ufpel.edu.br\/siiepe\/siiepe-2023\/paineis-tematicos\/\"><img loading=\"lazy\" decoding=\"async\" width=\"512\" height=\"512\" data-attachment-id=\"1462\" data-permalink=\"https:\/\/wp.ufpel.edu.br\/siiepe\/presentation_1436716\/\" data-orig-file=\"https:\/\/wp.ufpel.edu.br\/siiepe\/files\/2023\/11\/presentation_1436716.png\" data-orig-size=\"512,512\" data-comments-opened=\"0\" data-image-meta=\"{&quot;aperture&quot;:&quot;0&quot;,&quot;credit&quot;:&quot;&quot;,&quot;camera&quot;:&quot;&quot;,&quot;caption&quot;:&quot;&quot;,&quot;created_timestamp&quot;:&quot;0&quot;,&quot;copyright&quot;:&quot;&quot;,&quot;focal_length&quot;:&quot;0&quot;,&quot;iso&quot;:&quot;0&quot;,&quot;shutter_speed&quot;:&quot;0&quot;,&quot;title&quot;:&quot;&quot;,&quot;orientation&quot;:&quot;0&quot;}\" data-image-title=\"presentation_1436716\" data-image-description=\"\" data-image-caption=\"\" data-medium-file=\"https:\/\/wp.ufpel.edu.br\/siiepe\/files\/2023\/11\/presentation_1436716-400x400.png\" data-large-file=\"https:\/\/wp.ufpel.edu.br\/siiepe\/files\/2023\/11\/presentation_1436716.png\" src=\"https:\/\/wp.ufpel.edu.br\/siiepe\/files\/2023\/11\/presentation_1436716.png\" alt=\"\" class=\"wp-image-1462 size-full\" srcset=\"https:\/\/wp.ufpel.edu.br\/siiepe\/files\/2023\/11\/presentation_1436716.png 512w, https:\/\/wp.ufpel.edu.br\/siiepe\/files\/2023\/11\/presentation_1436716-400x400.png 400w, https:\/\/wp.ufpel.edu.br\/siiepe\/files\/2023\/11\/presentation_1436716-200x200.png 200w\" sizes=\"auto, (max-width: 512px) 100vw, 512px\" \/><\/a><\/figure><div class=\"wp-block-media-text__content\">\n<p><a href=\"https:\/\/wp.ufpel.edu.br\/siiepe\/siiepe-2023\/paineis-tematicos\/\">Pain\u00e9is tem\u00e1ticos<\/a><\/p>\n<\/div><\/div>\n<\/div>\n\n\n\n<div class=\"wp-block-column is-layout-flow wp-block-column-is-layout-flow\">\n<div class=\"wp-block-media-text is-stacked-on-mobile\" style=\"grid-template-columns:33% auto\"><figure class=\"wp-block-media-text__media\"><a href=\"https:\/\/wp.ufpel.edu.br\/siiepe\/siiepe-2023\/palestras\/\"><img loading=\"lazy\" decoding=\"async\" width=\"512\" height=\"512\" data-attachment-id=\"1463\" data-permalink=\"https:\/\/wp.ufpel.edu.br\/siiepe\/conference_1239613\/\" data-orig-file=\"https:\/\/wp.ufpel.edu.br\/siiepe\/files\/2023\/11\/conference_1239613.png\" data-orig-size=\"512,512\" data-comments-opened=\"0\" data-image-meta=\"{&quot;aperture&quot;:&quot;0&quot;,&quot;credit&quot;:&quot;&quot;,&quot;camera&quot;:&quot;&quot;,&quot;caption&quot;:&quot;&quot;,&quot;created_timestamp&quot;:&quot;0&quot;,&quot;copyright&quot;:&quot;&quot;,&quot;focal_length&quot;:&quot;0&quot;,&quot;iso&quot;:&quot;0&quot;,&quot;shutter_speed&quot;:&quot;0&quot;,&quot;title&quot;:&quot;&quot;,&quot;orientation&quot;:&quot;0&quot;}\" data-image-title=\"conference_1239613\" data-image-description=\"\" data-image-caption=\"\" data-medium-file=\"https:\/\/wp.ufpel.edu.br\/siiepe\/files\/2023\/11\/conference_1239613-400x400.png\" data-large-file=\"https:\/\/wp.ufpel.edu.br\/siiepe\/files\/2023\/11\/conference_1239613.png\" src=\"https:\/\/wp.ufpel.edu.br\/siiepe\/files\/2023\/11\/conference_1239613.png\" alt=\"\" class=\"wp-image-1463 size-full\" srcset=\"https:\/\/wp.ufpel.edu.br\/siiepe\/files\/2023\/11\/conference_1239613.png 512w, https:\/\/wp.ufpel.edu.br\/siiepe\/files\/2023\/11\/conference_1239613-400x400.png 400w, https:\/\/wp.ufpel.edu.br\/siiepe\/files\/2023\/11\/conference_1239613-200x200.png 200w\" sizes=\"auto, (max-width: 512px) 100vw, 512px\" \/><\/a><\/figure><div class=\"wp-block-media-text__content\">\n<p><a href=\"https:\/\/wp.ufpel.edu.br\/siiepe\/siiepe-2023\/palestras\/\">Palestras<\/a><\/p>\n<\/div><\/div>\n<\/div>\n<\/div>\n\n\n\n<p><\/p>\n\n\n\n<p><\/p>\n","protected":false},"excerpt":{"rendered":"<p>\u201cInternacionaliza\u00e7\u00e3o Universit\u00e1ria: avalia\u00e7\u00e3o, impactos e interfaces entre Ensino, Pesquisa, Extens\u00e3o e Inova\u00e7\u00e3o\u201d DE 20 A 24 DE NOVEMBRO DE 2023 Regulamento 9\u00aa SIIEPE &#8211; 2023 Apresenta\u00e7\u00e3o do tema da 9\u00aa SIIEPE Programa\u00e7\u00e3o Not\u00edcias EVENTOS: VII CIT IX CEG X CEC XXV ENPOS XXXII CIC \u00a0 Programa\u00e7\u00e3o geral Mostra art\u00edstica Pain\u00e9is tem\u00e1ticos Palestras<\/p>\n","protected":false},"author":20,"featured_media":0,"parent":0,"menu_order":0,"comment_status":"closed","ping_status":"closed","template":"template-fullwidth.php","meta":{"jetpack_post_was_ever_published":false,"footnotes":"","_links_to":"","_links_to_target":""},"class_list":["post-1266","page","type-page","status-publish","hentry"],"jetpack_sharing_enabled":true,"_links":{"self":[{"href":"https:\/\/wp.ufpel.edu.br\/siiepe\/wp-json\/wp\/v2\/pages\/1266","targetHints":{"allow":["GET"]}}],"collection":[{"href":"https:\/\/wp.ufpel.edu.br\/siiepe\/wp-json\/wp\/v2\/pages"}],"about":[{"href":"https:\/\/wp.ufpel.edu.br\/siiepe\/wp-json\/wp\/v2\/types\/page"}],"author":[{"embeddable":true,"href":"https:\/\/wp.ufpel.edu.br\/siiepe\/wp-json\/wp\/v2\/users\/20"}],"replies":[{"embeddable":true,"href":"https:\/\/wp.ufpel.edu.br\/siiepe\/wp-json\/wp\/v2\/comments?post=1266"}],"version-history":[{"count":5,"href":"https:\/\/wp.ufpel.edu.br\/siiepe\/wp-json\/wp\/v2\/pages\/1266\/revisions"}],"predecessor-version":[{"id":1538,"href":"https:\/\/wp.ufpel.edu.br\/siiepe\/wp-json\/wp\/v2\/pages\/1266\/revisions\/1538"}],"wp:attachment":[{"href":"https:\/\/wp.ufpel.edu.br\/siiepe\/wp-json\/wp\/v2\/media?parent=1266"}],"curies":[{"name":"wp","href":"https:\/\/api.w.org\/{rel}","templated":true}]}}