{"id":180,"date":"2020-12-21T15:19:11","date_gmt":"2020-12-21T18:19:11","guid":{"rendered":"https:\/\/wp.ufpel.edu.br\/shirleyedeise\/?page_id=180"},"modified":"2020-12-21T15:26:45","modified_gmt":"2020-12-21T18:26:45","slug":"a-campanha-de-clarisse","status":"publish","type":"page","link":"https:\/\/wp.ufpel.edu.br\/shirleyedeise\/a-campanha-de-clarisse\/","title":{"rendered":"A Campanha de Clarisse"},"content":{"rendered":"<div id=\"meta\" class=\"style-scope ytd-watch-flexy\">\n<div id=\"meta-contents\" class=\"style-scope ytd-watch-flexy\">\n<div id=\"container\" class=\"style-scope ytd-video-secondary-info-renderer\">\n<div id=\"content\" class=\"style-scope ytd-expander\">\n<div id=\"description\" class=\"style-scope ytd-video-secondary-info-renderer\">Quinta temporada de SHIRLEY &amp; DEIS\u00ca &#8211; uma webs\u00e9rie produzida por professores e estudantes do Centro de Artes da UFPel, a partir da associa\u00e7\u00e3o de projetos de pesquisa e extens\u00e3o dos cursos de teatro, dan\u00e7a, cinema e m\u00fasica. A S\u00e9rie est\u00e1 sendo produzida \u00e0 dist\u00e2ncia com ensaios feitos pelas plataformas de reuni\u00f5es e encontros. Os cap\u00edtulos s\u00e3o gravados com celulares. Lan\u00e7amento de um novo epis\u00f3dio toda ter\u00e7a-feira \u00e0s 21h pelo canal ShirleyeDeis\u00ea no youtube.<\/div>\n<div class=\"style-scope ytd-video-secondary-info-renderer\">CR\u00c9DITOS<\/div>\n<div class=\"style-scope ytd-video-secondary-info-renderer\">SHIRLEY &amp; DEIS\u00ca Com Maria Falkembach, Marina de Oliveira e Karol Mendes<\/div>\n<div class=\"style-scope ytd-video-secondary-info-renderer\">Dire\u00e7\u00e3o<\/div>\n<div class=\"style-scope ytd-video-secondary-info-renderer\">Paulo Gaiger<\/div>\n<div class=\"style-scope ytd-video-secondary-info-renderer\">Montagem e Finaliza\u00e7\u00e3o<\/div>\n<div class=\"style-scope ytd-video-secondary-info-renderer\">Rayssa Fontoura e Mariana Corr\u00eaa<\/div>\n<div class=\"style-scope ytd-video-secondary-info-renderer\">Roteiro e Dramaturgia<\/div>\n<div class=\"style-scope ytd-video-secondary-info-renderer\">Paulo, Maria e Marina A<\/div>\n<div class=\"style-scope ytd-video-secondary-info-renderer\">nima\u00e7\u00e3o e Identidade Visual<\/div>\n<div class=\"style-scope ytd-video-secondary-info-renderer\">Kevin Proen\u00e7a\/ Victor de Souza<\/div>\n<div class=\"style-scope ytd-video-secondary-info-renderer\">Comunica\u00e7\u00e3o\/Divulga\u00e7\u00e3o<\/div>\n<div class=\"style-scope ytd-video-secondary-info-renderer\">\u201co grupo\u201d<\/div>\n<div class=\"style-scope ytd-video-secondary-info-renderer\">M\u00fasica tema<\/div>\n<div class=\"style-scope ytd-video-secondary-info-renderer\">Leandro Maia<\/div>\n<div class=\"style-scope ytd-video-secondary-info-renderer\">Refer\u00eancia de desenho das letras<\/div>\n<div class=\"style-scope ytd-video-secondary-info-renderer\">Gon\u00e7alo Maia<\/div>\n<div class=\"style-scope ytd-video-secondary-info-renderer\">Trilha sonora<\/div>\n<div class=\"style-scope ytd-video-secondary-info-renderer\">Rap da Felicidade &#8211; Cidinho &amp; Doca Imagine &#8211; Jhon Lennon A ma\u00e7\u00e3 &#8211; Raul Seixas<\/div>\n<div><\/div>\n<\/div>\n<div id=\"always-shown\" class=\"style-scope ytd-metadata-row-container-renderer\">Classifica\u00e7\u00e3o indicativa: 14 anos.<\/div>\n<div id=\"collapsible\" class=\"style-scope ytd-metadata-row-container-renderer\"><\/div>\n<\/div>\n<\/div>\n<\/div>\n<div id=\"ticket-shelf\" class=\"style-scope ytd-watch-flexy\"><\/div>\n<div id=\"merch-shelf\" class=\"style-scope ytd-watch-flexy\"><\/div>\n<div id=\"header\" class=\"style-scope ytd-item-section-renderer\">\n<div id=\"title\" class=\"style-scope ytd-comments-header-renderer\"><\/div>\n<\/div>\n","protected":false},"excerpt":{"rendered":"<p>Quinta temporada de SHIRLEY &amp; DEIS\u00ca &#8211; uma webs\u00e9rie produzida por professores e estudantes do Centro de Artes da UFPel, a partir da associa\u00e7\u00e3o de projetos de pesquisa e extens\u00e3o dos cursos de teatro, dan\u00e7a, cinema e m\u00fasica. A S\u00e9rie est\u00e1 sendo produzida \u00e0 dist\u00e2ncia com ensaios feitos pelas plataformas de reuni\u00f5es e encontros. Os [&hellip;]<\/p>\n","protected":false},"author":949,"featured_media":0,"parent":0,"menu_order":6,"comment_status":"closed","ping_status":"closed","template":"","meta":{"footnotes":""},"class_list":["post-180","page","type-page","status-publish","hentry"],"_links":{"self":[{"href":"https:\/\/wp.ufpel.edu.br\/shirleyedeise\/wp-json\/wp\/v2\/pages\/180","targetHints":{"allow":["GET"]}}],"collection":[{"href":"https:\/\/wp.ufpel.edu.br\/shirleyedeise\/wp-json\/wp\/v2\/pages"}],"about":[{"href":"https:\/\/wp.ufpel.edu.br\/shirleyedeise\/wp-json\/wp\/v2\/types\/page"}],"author":[{"embeddable":true,"href":"https:\/\/wp.ufpel.edu.br\/shirleyedeise\/wp-json\/wp\/v2\/users\/949"}],"replies":[{"embeddable":true,"href":"https:\/\/wp.ufpel.edu.br\/shirleyedeise\/wp-json\/wp\/v2\/comments?post=180"}],"version-history":[{"count":1,"href":"https:\/\/wp.ufpel.edu.br\/shirleyedeise\/wp-json\/wp\/v2\/pages\/180\/revisions"}],"predecessor-version":[{"id":182,"href":"https:\/\/wp.ufpel.edu.br\/shirleyedeise\/wp-json\/wp\/v2\/pages\/180\/revisions\/182"}],"wp:attachment":[{"href":"https:\/\/wp.ufpel.edu.br\/shirleyedeise\/wp-json\/wp\/v2\/media?parent=180"}],"curies":[{"name":"wp","href":"https:\/\/api.w.org\/{rel}","templated":true}]}}