{"id":98,"date":"2026-04-27T09:13:35","date_gmt":"2026-04-27T12:13:35","guid":{"rendered":"https:\/\/wp.ufpel.edu.br\/sgto\/local\/"},"modified":"2026-04-27T09:38:10","modified_gmt":"2026-04-27T12:38:10","slug":"local","status":"publish","type":"page","link":"https:\/\/wp.ufpel.edu.br\/sgto\/local\/","title":{"rendered":"Local"},"content":{"rendered":"<div class=\"sgto-page sgto-local\">\n<section class=\"sgto-section\">\n<div class=\"section-pretitle\">\/\/ LOCAL<\/div>\n<h1>Onde <em>acontece<\/em><\/h1>\n<p class=\"lead\">Pelotas\/RS \u00b7 Acesso por transporte p\u00fablico.<\/p>\n<\/section>\n<section class=\"sgto-section\">\n<div class=\"card-grid card-grid-2\">\n<article class=\"sgto-card sgto-local-card\">\n<div class=\"local-day\">17\/06<\/div>\n<h3>Servi\u00e7o Escola de Terapia Ocupacional (SETO)<\/h3>\n<p>R. Mal. Deodoro, 1160 \u2014 Centro<br \/>Pelotas\/RS \u2014 CEP 96020-220<\/p>\n<div class=\"map-embed\"><iframe src=\"https:\/\/www.google.com\/maps?q=R.+Mal.+Deodoro,+1160,+Centro,+Pelotas,+RS,+96020-220&#038;output=embed&#038;z=17\" allowfullscreen=\"allowfullscreen\" loading=\"lazy\" referrerpolicy=\"no-referrer-when-downgrade\" title=\"Mapa SETO\"><\/iframe><\/div>\n<p><a class=\"card-link\" href=\"https:\/\/www.google.com\/maps?q=R.+Mal.+Deodoro,+1160,+Centro,+Pelotas,+RS,+96020-220\" target=\"_blank\" rel=\"noopener\">Abrir no Google Maps \u2192<\/a><\/article>\n<article class=\"sgto-card sgto-local-card\">\n<div class=\"local-day\">18 e 19\/06<\/div>\n<h3>Audit\u00f3rio Naum Keiserman \u2014 FAMED<\/h3>\n<p>FAMED \u2014 2\u00ba piso<br \/>Av. Duque de Caxias, 250 \u2014 Fragata<br \/>Pelotas\/RS \u2014 CEP 96030-000<\/p>\n<div class=\"map-embed\"><iframe src=\"https:\/\/www.google.com\/maps?q=Faculdade+de+Medicina+FAMED+UFPel+Pelotas&#038;output=embed&#038;z=17\" allowfullscreen=\"allowfullscreen\" loading=\"lazy\" referrerpolicy=\"no-referrer-when-downgrade\" title=\"Mapa FAMED\"><\/iframe><\/div>\n<p><a class=\"card-link\" href=\"https:\/\/www.google.com\/maps\/place\/Faculdade+de+Medicina+-+FAMED+-+UFPEL\/@-31.7595738,-52.363683,17z\" target=\"_blank\" rel=\"noopener\">Abrir no Google Maps \u2192<\/a><\/article>\n<\/div>\n<\/section>\n<section class=\"sgto-section sgto-text\">\n<h2>Hospedagem e deslocamento<\/h2>\n<p>Informa\u00e7\u00f5es adicionais sobre hospedagem e deslocamento ser\u00e3o enviadas \u00e0s pessoas inscritas.<\/p>\n<\/section>\n<\/div>\n","protected":false},"excerpt":{"rendered":"<p>\/\/ LOCAL Onde acontece Pelotas\/RS \u00b7 Acesso por transporte p\u00fablico. 17\/06 Servi\u00e7o Escola de Terapia Ocupacional (SETO) R. Mal. Deodoro, 1160 \u2014 CentroPelotas\/RS \u2014 CEP 96020-220 Abrir&hellip; <span class=\"read-more\"><a class=\"more-link\" href=\"https:\/\/wp.ufpel.edu.br\/sgto\/local\/\" rel=\"bookmark\">Leia Mais <span class=\"screen-reader-text\">&#8220;Local&#8221;<\/span><\/a><\/span><\/p>\n","protected":false},"author":189,"featured_media":0,"parent":0,"menu_order":7,"comment_status":"closed","ping_status":"closed","template":"","meta":{"footnotes":""},"class_list":["post-98","page","type-page","status-publish","hentry"],"_links":{"self":[{"href":"https:\/\/wp.ufpel.edu.br\/sgto\/wp-json\/wp\/v2\/pages\/98","targetHints":{"allow":["GET"]}}],"collection":[{"href":"https:\/\/wp.ufpel.edu.br\/sgto\/wp-json\/wp\/v2\/pages"}],"about":[{"href":"https:\/\/wp.ufpel.edu.br\/sgto\/wp-json\/wp\/v2\/types\/page"}],"author":[{"embeddable":true,"href":"https:\/\/wp.ufpel.edu.br\/sgto\/wp-json\/wp\/v2\/users\/189"}],"replies":[{"embeddable":true,"href":"https:\/\/wp.ufpel.edu.br\/sgto\/wp-json\/wp\/v2\/comments?post=98"}],"version-history":[{"count":1,"href":"https:\/\/wp.ufpel.edu.br\/sgto\/wp-json\/wp\/v2\/pages\/98\/revisions"}],"predecessor-version":[{"id":111,"href":"https:\/\/wp.ufpel.edu.br\/sgto\/wp-json\/wp\/v2\/pages\/98\/revisions\/111"}],"wp:attachment":[{"href":"https:\/\/wp.ufpel.edu.br\/sgto\/wp-json\/wp\/v2\/media?parent=98"}],"curies":[{"name":"wp","href":"https:\/\/api.w.org\/{rel}","templated":true}]}}