{"id":95,"date":"2026-04-27T09:13:31","date_gmt":"2026-04-27T12:13:31","guid":{"rendered":"https:\/\/wp.ufpel.edu.br\/sgto\/editais\/"},"modified":"2026-04-28T23:12:22","modified_gmt":"2026-04-29T02:12:22","slug":"chamadas-e-submissoes","status":"publish","type":"page","link":"https:\/\/wp.ufpel.edu.br\/sgto\/chamadas-e-submissoes\/","title":{"rendered":"Chamadas e submiss\u00f5es"},"content":{"rendered":"<div class=\"sgto-page sgto-edital-page\">\n<section class=\"sgto-section\">\n<div class=\"section-pretitle\" style=\"text-align: justify;\">\/\/ CHAMADAS E SUBMISS\u00d5ES \u203a TRABALHOS<\/div>\n<h1 style=\"text-align: justify;\">Submiss\u00e3o de trabalhos<\/h1>\n<\/section>\n<section class=\"sgto-section sgto-text\">\n<div class=\"sgto-aviso-card\" style=\"text-align: justify;\">\n<p>O <strong>I Semin\u00e1rio Ga\u00facho sobre Ocupa\u00e7\u00e3o, Trabalho e Produ\u00e7\u00e3o de Conhecimento: vida cotidiana e trabalho nas reconfigura\u00e7\u00f5es contempor\u00e2neas<\/strong> acontecer\u00e1 nos dias <strong>17, 18 e 19 de junho de 2026<\/strong>, na Universidade Federal de Pelotas, em Pelotas\/RS.<\/p>\n<p>O evento receber\u00e1 submiss\u00f5es de <strong>trabalhos acad\u00eamicos e relatos de experi\u00eancia<\/strong> nas modalidades de pesquisas conclu\u00eddas ou em andamento, relatos de experi\u00eancia, ensaios te\u00f3ricos, experi\u00eancias de ensino, pesquisa ou extens\u00e3o, al\u00e9m de experi\u00eancias profissionais, territoriais, institucionais, comunit\u00e1rias, culturais, sociais ou intersetoriais.<\/p>\n<p>A submiss\u00e3o ser\u00e1 gratuita e dever\u00e1 ser realizada por meio do envio de <strong>resumo expandido<\/strong>, em formato <strong>.docx<\/strong>, conforme o template oficial do evento. O resumo expandido dever\u00e1 ter entre <strong>3 e 5 p\u00e1ginas<\/strong>, incluindo refer\u00eancias. Ap\u00f3s o evento, as\/os autoras\/es dos trabalhos aprovados poder\u00e3o desenvolver o material em formato de <strong>trabalho completo<\/strong>, com possibilidade de publica\u00e7\u00e3o nos anais do evento.<\/p>\n<p><strong>Envio dos trabalhos:<\/strong><br \/>\nOs resumos expandidos dever\u00e3o ser enviados para o e-mail <strong><a href=\"mailto:trabalhos.sgto@gmail.com\">trabalhos.sgto@gmail.com<\/a><\/strong>, at\u00e9 <strong>17 de maio de 2026<\/strong>.<\/p>\n<p>No assunto do e-mail, dever\u00e1 constar: <strong>Submiss\u00e3o de trabalho \u2013 Nome da\/o autora\/or principal<\/strong>.<\/p>\n<p><strong>Acesse os documentos:<\/strong><\/p>\n<p><strong><a href=\"https:\/\/wp.ufpel.edu.br\/sgto\/files\/2026\/04\/Edital-Trabalhos.docx-4.pdf\">EDITAL COMPLETO<\/a><\/strong><\/p>\n<p><strong><a href=\"https:\/\/wp.ufpel.edu.br\/sgto\/files\/2026\/04\/Template-SGTO-2026.docx-1.pdf\">TEMPLATE SGTO 2026<\/a><\/strong><\/p>\n<p>Os resumos expandidos aprovados poder\u00e3o compor os <strong>anais do evento<\/strong>. Ap\u00f3s o Semin\u00e1rio, as\/os autoras\/es dos trabalhos aprovados poder\u00e3o submeter a vers\u00e3o em trabalho completo, conforme normas e prazo estabelecidos no edital. A publica\u00e7\u00e3o depender\u00e1 da adequa\u00e7\u00e3o \u00e0s normas, da qualidade da vers\u00e3o final e da avalia\u00e7\u00e3o da Comiss\u00e3o Cient\u00edfica.<\/p>\n<\/div>\n<p style=\"text-align: justify;\"><strong>D\u00favidas sobre submiss\u00e3o de trabalhos:<\/strong> <a href=\"mailto:trabalhos.sgto@gmail.com\">trabalhos.sgto@gmail.com<\/a><\/p>\n<p style=\"text-align: justify;\"><a class=\"btn-sgto-secondary\" href=\"\/sgto\/chamadas-e-submissoes\/\">\u2190 Voltar para Chamadas e submiss\u00f5es<\/a><\/p>\n<\/section>\n<\/div>\n","protected":false},"excerpt":{"rendered":"<p>\/\/ CHAMADAS E SUBMISS\u00d5ES \u203a TRABALHOS Submiss\u00e3o de trabalhos O I Semin\u00e1rio Ga\u00facho sobre Ocupa\u00e7\u00e3o, Trabalho e Produ\u00e7\u00e3o de Conhecimento: vida cotidiana e trabalho nas reconfigura\u00e7\u00f5es contempor\u00e2neas&hellip; <span class=\"read-more\"><a class=\"more-link\" href=\"https:\/\/wp.ufpel.edu.br\/sgto\/chamadas-e-submissoes\/\" rel=\"bookmark\">Leia Mais <span class=\"screen-reader-text\">&#8220;Chamadas e submiss\u00f5es&#8221;<\/span><\/a><\/span><\/p>\n","protected":false},"author":189,"featured_media":0,"parent":0,"menu_order":5,"comment_status":"closed","ping_status":"closed","template":"","meta":{"footnotes":""},"class_list":["post-95","page","type-page","status-publish","hentry"],"_links":{"self":[{"href":"https:\/\/wp.ufpel.edu.br\/sgto\/wp-json\/wp\/v2\/pages\/95","targetHints":{"allow":["GET"]}}],"collection":[{"href":"https:\/\/wp.ufpel.edu.br\/sgto\/wp-json\/wp\/v2\/pages"}],"about":[{"href":"https:\/\/wp.ufpel.edu.br\/sgto\/wp-json\/wp\/v2\/types\/page"}],"author":[{"embeddable":true,"href":"https:\/\/wp.ufpel.edu.br\/sgto\/wp-json\/wp\/v2\/users\/189"}],"replies":[{"embeddable":true,"href":"https:\/\/wp.ufpel.edu.br\/sgto\/wp-json\/wp\/v2\/comments?post=95"}],"version-history":[{"count":3,"href":"https:\/\/wp.ufpel.edu.br\/sgto\/wp-json\/wp\/v2\/pages\/95\/revisions"}],"predecessor-version":[{"id":295,"href":"https:\/\/wp.ufpel.edu.br\/sgto\/wp-json\/wp\/v2\/pages\/95\/revisions\/295"}],"wp:attachment":[{"href":"https:\/\/wp.ufpel.edu.br\/sgto\/wp-json\/wp\/v2\/media?parent=95"}],"curies":[{"name":"wp","href":"https:\/\/api.w.org\/{rel}","templated":true}]}}