{"id":227,"date":"2026-04-28T21:00:32","date_gmt":"2026-04-29T00:00:32","guid":{"rendered":"https:\/\/wp.ufpel.edu.br\/sgto\/?page_id=227"},"modified":"2026-04-28T22:46:33","modified_gmt":"2026-04-29T01:46:33","slug":"inscricao-geral-no-evento","status":"publish","type":"page","link":"https:\/\/wp.ufpel.edu.br\/sgto\/inscricoes\/inscricao-geral-no-evento\/","title":{"rendered":"Inscri\u00e7\u00e3o geral no evento"},"content":{"rendered":"<div class=\"sgto-page sgto-inscricoes\">\n<section class=\"sgto-section\">\n<div class=\"section-pretitle\">\/\/ INSCRI\u00c7\u00d5ES<\/div>\n<h1>Inscri\u00e7\u00e3o geral no evento<\/h1>\n<p class=\"lead\">Preencha o formul\u00e1rio abaixo para participar do I Semin\u00e1rio Ga\u00facho sobre Ocupa\u00e7\u00e3o, Trabalho e Produ\u00e7\u00e3o de Conhecimento.<\/p>\n<\/section>\n<section class=\"sgto-section sgto-text\">\n<p>O <strong>I Semin\u00e1rio Ga\u00facho sobre Ocupa\u00e7\u00e3o, Trabalho e Produ\u00e7\u00e3o de Conhecimento: vida cotidiana e trabalho nas reconfigura\u00e7\u00f5es contempor\u00e2neas<\/strong> ser\u00e1 realizado nos dias <strong>17, 18 e 19 de junho de 2026<\/strong>, em Pelotas\/RS.<\/p>\n<p>A inscri\u00e7\u00e3o geral \u00e9 gratuita e destinada a ouvintes, estudantes, residentes, docentes, pesquisadoras\/es, profissionais, trabalhadoras\/es dos servi\u00e7os p\u00fablicos, gestoras\/es, integrantes de movimentos sociais, coletivos e demais pessoas interessadas.<\/p>\n<p>A emiss\u00e3o de certificado estar\u00e1 condicionada ao cumprimento dos crit\u00e9rios de participa\u00e7\u00e3o definidos pela Comiss\u00e3o Organizadora, incluindo a frequ\u00eancia m\u00ednima de <strong>75%<\/strong> nas atividades do evento.<\/p>\n<p><strong>Aten\u00e7\u00e3o:<\/strong> a inscri\u00e7\u00e3o em oficinas ser\u00e1 disponibilizada posteriormente, ap\u00f3s a divulga\u00e7\u00e3o das oficinas aprovadas pela Comiss\u00e3o Organizadora.<\/p>\n<h2>Formul\u00e1rio de inscri\u00e7\u00e3o<\/h2>\n<p>Preencha o formul\u00e1rio abaixo para realizar sua inscri\u00e7\u00e3o geral no evento.<\/p>\n\n<!-- iframe plugin v.6.0 wordpress.org\/plugins\/iframe\/ -->\n<iframe loading=\"lazy\" src=\"https:\/\/docs.google.com\/forms\/d\/e\/1FAIpQLSfOyaJI2qe4IGA_sMqT-K9_gpkMTSnAuDWMqIGciMxaEMKm4w\/viewform?embedded=true\" width=\"760\" height=\"4238\" frameborder=\"0\" marginheight=\"0\" marginwidth=\"0\" scrolling=\"auto\" class=\"iframe-class\"><\/iframe>\n\n<\/section>\n<\/div>\n","protected":false},"excerpt":{"rendered":"<p>\/\/ INSCRI\u00c7\u00d5ES Inscri\u00e7\u00e3o geral no evento Preencha o formul\u00e1rio abaixo para participar do I Semin\u00e1rio Ga\u00facho sobre Ocupa\u00e7\u00e3o, Trabalho e Produ\u00e7\u00e3o de Conhecimento. O I Semin\u00e1rio Ga\u00facho&hellip; <span class=\"read-more\"><a class=\"more-link\" href=\"https:\/\/wp.ufpel.edu.br\/sgto\/inscricoes\/inscricao-geral-no-evento\/\" rel=\"bookmark\">Leia Mais <span class=\"screen-reader-text\">&#8220;Inscri\u00e7\u00e3o geral no evento&#8221;<\/span><\/a><\/span><\/p>\n","protected":false},"author":189,"featured_media":0,"parent":94,"menu_order":1,"comment_status":"closed","ping_status":"closed","template":"","meta":{"footnotes":""},"class_list":["post-227","page","type-page","status-publish","hentry"],"_links":{"self":[{"href":"https:\/\/wp.ufpel.edu.br\/sgto\/wp-json\/wp\/v2\/pages\/227","targetHints":{"allow":["GET"]}}],"collection":[{"href":"https:\/\/wp.ufpel.edu.br\/sgto\/wp-json\/wp\/v2\/pages"}],"about":[{"href":"https:\/\/wp.ufpel.edu.br\/sgto\/wp-json\/wp\/v2\/types\/page"}],"author":[{"embeddable":true,"href":"https:\/\/wp.ufpel.edu.br\/sgto\/wp-json\/wp\/v2\/users\/189"}],"replies":[{"embeddable":true,"href":"https:\/\/wp.ufpel.edu.br\/sgto\/wp-json\/wp\/v2\/comments?post=227"}],"version-history":[{"count":3,"href":"https:\/\/wp.ufpel.edu.br\/sgto\/wp-json\/wp\/v2\/pages\/227\/revisions"}],"predecessor-version":[{"id":290,"href":"https:\/\/wp.ufpel.edu.br\/sgto\/wp-json\/wp\/v2\/pages\/227\/revisions\/290"}],"up":[{"embeddable":true,"href":"https:\/\/wp.ufpel.edu.br\/sgto\/wp-json\/wp\/v2\/pages\/94"}],"wp:attachment":[{"href":"https:\/\/wp.ufpel.edu.br\/sgto\/wp-json\/wp\/v2\/media?parent=227"}],"curies":[{"name":"wp","href":"https:\/\/api.w.org\/{rel}","templated":true}]}}