{"id":336,"date":"2019-03-18T10:04:12","date_gmt":"2019-03-18T13:04:12","guid":{"rendered":"https:\/\/wp.ufpel.edu.br\/progic\/?page_id=336"},"modified":"2024-03-26T16:36:02","modified_gmt":"2024-03-26T19:36:02","slug":"inscricao-bolsas-institucionais","status":"publish","type":"page","link":"https:\/\/wp.ufpel.edu.br\/sgtic\/inscricao-bolsas-institucionais\/","title":{"rendered":"Inscri\u00e7\u00e3o bolsas institucionais"},"content":{"rendered":"\n<p>=== <strong>Bolsas Institucionais 2024&nbsp; &#8211; EDITAL N\u00ba. 02\/2024<\/strong> &nbsp;====<\/p>\n\n\n\n<p>Fa\u00e7a a inscri\u00e7\u00e3o das Bolsas de Desenvolvimento Institucional 2024 atrav\u00e9s:<\/p>\n\n\n\n<ul class=\"wp-block-list\">\n<li><em>Para \u00e1rea de <strong>Escrit\u00f3rio de Processos<\/strong>&nbsp; (inscri\u00e7\u00f5es de <strong>21 e 15\/03\/2024<\/strong>) atrav\u00e9s deste <a href=\"https:\/\/docs.google.com\/forms\/d\/1TENjOmjxbjoDg97Cqv8FE0ZBMjqxkugxR57B5ETcHuQ\/edit\">link<\/a>.<\/em><\/li>\n<\/ul>\n\n\n\n<p>Acesse o <a href=\"https:\/\/wp.ufpel.edu.br\/sgtic\/files\/2024\/03\/SEI_UFPel-2563979-Edital.pdf\">edital<\/a> para maiores informa\u00e7\u00f5es.<\/p>\n\n\n\n<p><em>Acesse <a href=\"https:\/\/wp.ufpel.edu.br\/sgtic\/files\/2024\/03\/SEI_UFPel-2569550-Despacho.pdf\">aqui<\/a> a homologa\u00e7\u00e3o.<\/em><\/p>\n\n\n\n<p><em>==== <strong>Bolsas Institucionais 2024&nbsp; &#8211; EDITAL N\u00ba. 01\/2024 &nbsp;(ENCERRADO)<\/strong> ====<\/em><\/p>\n\n\n\n<p><em>Fa\u00e7a a inscri\u00e7\u00e3o das Bolsas de Desenvolvimento Institucional 2024 atrav\u00e9s:<\/em><\/p>\n\n\n\n<ul class=\"wp-block-list\">\n<li><em>Para \u00e1rea de <strong>Suporte e Manuten\u00e7\u00e3o<\/strong>&nbsp; e&nbsp; <strong>Escrit\u00f3rio de Processos<\/strong>&nbsp; (inscri\u00e7\u00f5es de <strong>01 e 08\/03\/2024<\/strong>) atrav\u00e9s deste <a href=\"https:\/\/docs.google.com\/forms\/d\/e\/1FAIpQLSdOF56LMqZfmqWurv6sOYQNyc921johB7po3Pxi4j7BYK5fGA\/viewform\">link<\/a>.<\/em><\/li>\n<\/ul>\n\n\n\n<p><em>Acesse o <a href=\"https:\/\/wp.ufpel.edu.br\/sgtic\/files\/2024\/03\/SEI_UFPel-2541032-Edital.pdf\">edital<\/a> para maiores informa\u00e7\u00f5es e o <a href=\"https:\/\/wp.ufpel.edu.br\/sgtic\/files\/2024\/03\/SEI_UFPel-2542571-Edital.pdf\">edital<\/a> retificado.<\/em><\/p>\n\n\n\n<p><em>Acesse <a href=\"https:\/\/wp.ufpel.edu.br\/sgtic\/files\/2024\/03\/SEI_UFPel-2551519-Despacho.pdf\">aqui<\/a> a homologa\u00e7\u00e3o e convoca\u00e7\u00e3o para entrevista.<\/em><\/p>\n\n\n\n<p><em>Acesse <a href=\"https:\/\/wp.ufpel.edu.br\/sgtic\/files\/2024\/03\/SEI_UFPel-2562919-Despacho.pdf\" data-type=\"URL\">aqui<\/a> o resultado final do processo de sele\u00e7\u00e3o do <strong>Escrit\u00f3rio de Processos<\/strong>.<\/em><\/p>\n\n\n\n<p><em>Acesse <a href=\"https:\/\/wp.ufpel.edu.br\/sgtic\/files\/2024\/03\/SEI_UFPel-2564356-Despacho.pdf\" data-type=\"URL\">aqui<\/a> o resultado final do processo de sele\u00e7\u00e3o do <strong>Suporte e Manuten\u00e7\u00e3o<\/strong>.<\/em><\/p>\n\n\n\n<p><em>Fa\u00e7a a inscri\u00e7\u00e3o das Bolsas de Desenvolvimento Institucional 2023 atrav\u00e9s:<\/em><\/p>\n\n\n\n<p><em>==== <strong>Bolsas Institucionais 2023&nbsp; &#8211; EDITAL N\u00ba. 06\/2023 (ENCERRADO)&nbsp;<\/strong>====<\/em><\/p>\n\n\n\n<ul class=\"wp-block-list\">\n<li><em>Para \u00e1rea de <strong>Escrit\u00f3rio de Processos<\/strong>&nbsp; (inscri\u00e7\u00f5es de <strong>15 e 22\/05\/2023<\/strong>) atrav\u00e9s deste <a href=\"https:\/\/docs.google.com\/forms\/d\/e\/1FAIpQLSeST0lQVZxOo74gQcjSKWaf4MJSl8K772Wu4shoega-NKU9oQ\/viewform\">link<\/a><\/em>.<\/li>\n<\/ul>\n\n\n\n<p><em>Acesse o <a href=\"https:\/\/wp.ufpel.edu.br\/sgtic\/files\/2023\/05\/SEI_UFPel-2164943-Edital6.pdf\">edital<\/a> para maiores informa\u00e7\u00f5es e o <a href=\"https:\/\/wp.ufpel.edu.br\/sgtic\/files\/2023\/05\/SEI_UFPel-2176882-EditalRetific.pdf\">edital<\/a> retificado.<\/em><\/p>\n\n\n\n<p><em>Acesse <a href=\"https:\/\/wp.ufpel.edu.br\/sgtic\/files\/2023\/05\/SEI_UFPel-2189827-Despacho.pdf\">aqui<\/a> a homologa\u00e7\u00e3o e convoca\u00e7\u00e3o para entrevista.<\/em><\/p>\n\n\n\n<p><em>Acesse <a href=\"https:\/\/wp.ufpel.edu.br\/sgtic\/files\/2023\/05\/SEI_UFPel-2195993-Despacho.pdf\" data-type=\"URL\">aqui<\/a> o resultado final do processo de sele\u00e7\u00e3o.<\/em><\/p>\n\n\n\n<p><em>==== <strong>Bolsas Institucionais 2023&nbsp; &#8211; EDITAL N\u00ba. 04\/2023<\/strong> <strong>&nbsp;(ENCERRADO) <\/strong>====<\/em><\/p>\n\n\n\n<p><em>Fa\u00e7a a inscri\u00e7\u00e3o das Bolsas de Desenvolvimento Institucional 2023 atrav\u00e9s<\/em>:<\/p>\n\n\n\n<ul class=\"wp-block-list\">\n<li><em>Para \u00e1rea de <strong>Escrit\u00f3rio de Processos<\/strong>&nbsp; (inscri\u00e7\u00f5es de <strong>18 e 23\/04\/2023<\/strong>) atrav\u00e9s deste <a href=\"https:\/\/docs.google.com\/forms\/d\/e\/1FAIpQLSdySylz-1TnVOJX489PAklQsfdOqpk9DzbZ6O7h1fa2dGbGIA\/viewform\">link<\/a>.<\/em><\/li>\n<\/ul>\n\n\n\n<p><em>Acesse o <a href=\"https:\/\/wp.ufpel.edu.br\/sgtic\/files\/2023\/04\/SEI_UFPel-2133522-Edital.pdf\">edital<\/a> para maiores informa\u00e7\u00f5es.<\/em><\/p>\n\n\n\n<p><em>Acesse <a href=\"https:\/\/wp.ufpel.edu.br\/sgtic\/files\/2023\/04\/SEI_UFPel-2140206-Despacho.pdf\">aqui<\/a> a homologa\u00e7\u00e3o e convoca\u00e7\u00e3o para entrevista.<\/em><\/p>\n\n\n\n<p><em>Acesse <a href=\"https:\/\/wp.ufpel.edu.br\/sgtic\/files\/2023\/05\/SEI_UFPel-2148866-Despacho.pdf\" data-type=\"URL\">aqui<\/a> o resultado final do processo de sele\u00e7\u00e3o.<\/em><\/p>\n\n\n\n<p><\/p>\n\n\n\n<p><em>==== <strong>Bolsas Institucionais 2023&nbsp; &#8211; EDITAL N\u00ba. 02\/2023<\/strong> <strong>(ENCERRADO) <\/strong>====<\/em><\/p>\n\n\n\n<p><em>Fa\u00e7a a inscri\u00e7\u00e3o das Bolsas de Desenvolvimento Institucional 2023 atrav\u00e9s:<\/em><\/p>\n\n\n\n<ul class=\"wp-block-list\">\n<li><em>Para \u00e1rea <strong>Projeto: Desenvolvimento do novo portal da UFPel<\/strong>&nbsp;(inscri\u00e7\u00f5es de <strong>15 a 22\/02\/2023 &#8211; at\u00e9 23h59min<\/strong>) atrav\u00e9s deste <a href=\"https:\/\/docs.google.com\/forms\/d\/e\/1FAIpQLSf75nW1eQ23__kdAoy28NSRqIOknwENG4doFsSXfW3QVVybeA\/viewform\">link<\/a>.<\/em><\/li>\n<\/ul>\n\n\n\n<p><em>Acesse o <a href=\"https:\/\/wp.ufpel.edu.br\/sgtic\/files\/2023\/02\/SEI_UFPel-2035701-Edital.pdf\">edital<\/a> para maiores informa\u00e7\u00f5es.<\/em><\/p>\n\n\n\n<p><em>Acesse <a href=\"https:\/\/wp.ufpel.edu.br\/sgtic\/files\/2023\/03\/SEI_UFPel-2060779-Despacho.pdf\">aqui<\/a> a homologa\u00e7\u00e3o e convoca\u00e7\u00e3o para entrevista.<\/em><\/p>\n\n\n\n<p><em>Acesse <a href=\"https:\/\/wp.ufpel.edu.br\/sgtic\/files\/2023\/03\/SEI_UFPel-2069215-Despacho.pdf\">aqui<\/a> o resultado final do processo de sele\u00e7\u00e3o.<\/em><\/p>\n\n\n\n<p><em>==== <strong>Bolsas Institucionais 2023&nbsp; &#8211; EDITAL N\u00ba. 01\/2023<\/strong> <strong>(ENCERRADO)<\/strong> ====<\/em><\/p>\n\n\n\n<p><em>Fa\u00e7a a inscri\u00e7\u00e3o das Bolsas de Desenvolvimento Institucional 2023 atrav\u00e9s:<\/em><\/p>\n\n\n\n<ul class=\"wp-block-list\">\n<li><em>Para \u00e1rea de <strong>Suporte e Manuten\u00e7\u00e3o<\/strong>&nbsp; e&nbsp; <strong>Escrit\u00f3rio de Processos<\/strong>&nbsp; (inscri\u00e7\u00f5es de <strong>10 e 16\/01\/2023<\/strong>) atrav\u00e9s deste <a href=\"https:\/\/docs.google.com\/forms\/d\/e\/1FAIpQLScD31GR4cpf9mxGzntDQs5ZYmDpWRcEMVNPW468LGa11Ug60Q\/viewform\">link<\/a>.<\/em><\/li>\n<\/ul>\n\n\n\n<p><em>Acesse o <a href=\"https:\/\/wp.ufpel.edu.br\/sgtic\/files\/2023\/01\/SEI_UFPel-Edital-Bolsas2023.pdf\">edital<\/a> para maiores informa\u00e7\u00f5es.<\/em><\/p>\n\n\n\n<p><em>Acesse <a href=\"https:\/\/wp.ufpel.edu.br\/sgtic\/files\/2023\/01\/SEI_UFPel-2020777-Despacho.pdf\">aqui<\/a> a homologa\u00e7\u00e3o e convoca\u00e7\u00e3o para entrevista.<\/em><\/p>\n\n\n\n<p><em>Acesse <a href=\"https:\/\/wp.ufpel.edu.br\/sgtic\/files\/2023\/01\/SEI_UFPel-2027217-Despacho.pdf\">aqui<\/a> o resultado final do processo de sele\u00e7\u00e3o.<\/em><\/p>\n\n\n\n<p><em>==== <strong>Bolsas Institucionais 2022&nbsp; &#8211; EDITAL N\u00ba. 02\/2021<\/strong> <strong>(ENCERRADO) <\/strong>====<\/em><\/p>\n\n\n\n<p><em>Fa\u00e7a a inscri\u00e7\u00e3o das Bolsas de Desenvolvimento Institucional 2022 atrav\u00e9s:<\/em><\/p>\n\n\n\n<ul class=\"wp-block-list\">\n<li><em>Para \u00e1rea de <strong>Suporte e Manuten\u00e7\u00e3o<\/strong> atrav\u00e9s deste <a href=\"https:\/\/docs.google.com\/forms\/d\/e\/1FAIpQLSdUS0T60bb6wV_9w3EWJfQYrtHb_iqLFN8w43faqmf-a2E_gg\/viewform\">link.<\/a><\/em><\/li>\n\n\n\n<li><em>Para \u00e1rea de <strong>Escrit\u00f3rio de Processos<\/strong>&nbsp;atrav\u00e9s deste <a href=\"https:\/\/docs.google.com\/forms\/d\/e\/1FAIpQLSdXzbWrFa-bVRF5Nlzo5YVhuX-YXtt29uNBBvXOwGH9fRK96g\/viewform\">link.<\/a><\/em><\/li>\n<\/ul>\n\n\n\n<p><em>Acesse o <a href=\"https:\/\/wp.ufpel.edu.br\/progic\/files\/2022\/01\/SEI_UFPel-1570853-Edital_02-2022.pdf\">edital<\/a> para maiores informa\u00e7\u00f5es (inscri\u00e7\u00f5es de <strong>14 e 18\/02\/2022<\/strong>).<\/em><\/p>\n\n\n\n<p><em>Acesse <a href=\"https:\/\/wp.ufpel.edu.br\/progic\/files\/2022\/02\/SEI_UFPel-1599077-Despacho-Homologacao_Edital2.pdf\">aqui<\/a> a homologa\u00e7\u00e3o e convoca\u00e7\u00e3o para entrevista.<\/em><\/p>\n\n\n\n<p><em>Acesse <a href=\"https:\/\/wp.ufpel.edu.br\/progic\/files\/2022\/03\/SEI_UFPel-1604686-Resultado.pdf\">aqui<\/a> o resultado final do processo de sele\u00e7\u00e3o.<\/em><\/p>\n\n\n\n<p><em>==== <strong>Bolsas Institucionais 2022&nbsp; &#8211; EDITAL N\u00ba. 01\/2021<\/strong> <strong>(ENCERRADO) <\/strong>====<\/em><\/p>\n\n\n\n<p><em>Fa\u00e7a a inscri\u00e7\u00e3o das Bolsas de Desenvolvimento Institucional 2022 atrav\u00e9s deste <a href=\"https:\/\/docs.google.com\/forms\/d\/e\/1FAIpQLSdd8ygBQw_VL15a2MJskVdpg_peOQyIR9aqXATiXxJlTJoTzA\/viewform\">link<\/a>:<\/em><\/p>\n\n\n\n<p><em>Acesse o <a href=\"https:\/\/ccs2.ufpel.edu.br\/wp\/wp-content\/uploads\/2022\/01\/SEI_UFPel-1560378-Edital-atualizado.pdf\">edital<\/a> para maiores informa\u00e7\u00f5es (inscri\u00e7\u00f5es de <strong>17 e 21\/01\/2022<\/strong>).<\/em><\/p>\n\n\n\n<p><em>Acesse <a href=\"https:\/\/wp.ufpel.edu.br\/progic\/files\/2022\/01\/SEI_UFPel-1569329-Despacho-Edital01-homologa.pdf\">aqui<\/a> a homologa\u00e7\u00e3o e convoca\u00e7\u00e3o para entrevista.<\/em><\/p>\n\n\n\n<p><em>Acesse <a href=\"https:\/\/wp.ufpel.edu.br\/progic\/files\/2022\/01\/SEI_UFPel-1574208-Despacho.pdf\">aqui<\/a> o resultado final do processo de sele\u00e7\u00e3o.<\/em><\/p>\n\n\n\n<p><em>========= <strong>Bolsas Institucionais 2021 (ENCERRADO)<\/strong> =========<\/em><\/p>\n\n\n\n<p><em>Fa\u00e7a a inscri\u00e7\u00e3o das Bolsas de Desenvolvimento Institucional 2021 atrav\u00e9s deste <a href=\"https:\/\/forms.gle\/1R5ydDRTwpPVYms49\">link<\/a>:<\/em><\/p>\n\n\n\n<p><em>Acesse o <a href=\"https:\/\/wp.ufpel.edu.br\/progic\/files\/2021\/05\/SEI_UFPel-1288760-Edital.pdf\">edital<\/a> para maiores informa\u00e7\u00f5es (inscri\u00e7\u00f5es de 04 e 08\/05\/2021).<\/em><\/p>\n\n\n\n<p>============================================================<\/p>\n\n\n\n\n\n<figure class=\"wp-block-gallery has-nested-images columns-default is-cropped wp-block-gallery-1 is-layout-flex wp-block-gallery-is-layout-flex\"><\/figure>\n\n\n\n\n\n\n\n\n","protected":false},"excerpt":{"rendered":"<p>=== Bolsas Institucionais 2024&nbsp; &#8211; EDITAL N\u00ba. 02\/2024 &nbsp;==== Fa\u00e7a a inscri\u00e7\u00e3o das Bolsas de Desenvolvimento Institucional 2024 atrav\u00e9s: Acesse o edital para maiores informa\u00e7\u00f5es. Acesse aqui a homologa\u00e7\u00e3o. ==== Bolsas Institucionais 2024&nbsp; &#8211; EDITAL N\u00ba. 01\/2024 &nbsp;(ENCERRADO) ==== Fa\u00e7a a inscri\u00e7\u00e3o das Bolsas de Desenvolvimento Institucional 2024 atrav\u00e9s: Acesse o edital para maiores informa\u00e7\u00f5es [&hellip;]<\/p>\n","protected":false},"author":467,"featured_media":0,"parent":0,"menu_order":0,"comment_status":"closed","ping_status":"closed","template":"","meta":{"footnotes":""},"class_list":["post-336","page","type-page","status-publish","hentry"],"jetpack_sharing_enabled":true,"_links":{"self":[{"href":"https:\/\/wp.ufpel.edu.br\/sgtic\/wp-json\/wp\/v2\/pages\/336","targetHints":{"allow":["GET"]}}],"collection":[{"href":"https:\/\/wp.ufpel.edu.br\/sgtic\/wp-json\/wp\/v2\/pages"}],"about":[{"href":"https:\/\/wp.ufpel.edu.br\/sgtic\/wp-json\/wp\/v2\/types\/page"}],"author":[{"embeddable":true,"href":"https:\/\/wp.ufpel.edu.br\/sgtic\/wp-json\/wp\/v2\/users\/467"}],"replies":[{"embeddable":true,"href":"https:\/\/wp.ufpel.edu.br\/sgtic\/wp-json\/wp\/v2\/comments?post=336"}],"version-history":[{"count":70,"href":"https:\/\/wp.ufpel.edu.br\/sgtic\/wp-json\/wp\/v2\/pages\/336\/revisions"}],"predecessor-version":[{"id":1043,"href":"https:\/\/wp.ufpel.edu.br\/sgtic\/wp-json\/wp\/v2\/pages\/336\/revisions\/1043"}],"wp:attachment":[{"href":"https:\/\/wp.ufpel.edu.br\/sgtic\/wp-json\/wp\/v2\/media?parent=336"}],"curies":[{"name":"wp","href":"https:\/\/api.w.org\/{rel}","templated":true}]}}