{"id":1317,"date":"2014-07-11T15:47:06","date_gmt":"2014-07-11T18:47:06","guid":{"rendered":"https:\/\/wp.ufpel.edu.br\/pra\/?page_id=1317"},"modified":"2026-03-27T11:45:13","modified_gmt":"2026-03-27T14:45:13","slug":"contatos","status":"publish","type":"page","link":"https:\/\/wp.ufpel.edu.br\/sga\/contatos\/","title":{"rendered":"Equipe e Contatos"},"content":{"rendered":"<p><span style=\"color: #000000;\"><strong>PR\u00d3-REITORIA ADMINISTRATIVA (PRA)<\/strong><\/span><br \/>\n<span style=\"color: #000000;\">Mariana Schardosim Tavares (Pr\u00f3-Reitora)<br \/>\n<\/span><span style=\"color: #808080;\">Endere\u00e7o: Rua Gomes Carneiro, 01, Sala 311 &#8211; 3\u00ba Andar, Bloco A, Campus Porto<\/span><br \/>\n<span style=\"color: #808080;\"> Centro, Pelotas-RS, CEP 96010-610<\/span><br \/>\n<span style=\"color: #808080;\">e-mail: mariana.sgaufpel@gmail.com<\/span><br \/>\n<span style=\"color: #808080;\"> Telefone: +55 (53) 3284 3921<\/span><\/p>\n<p style=\"padding-left: 60px;\"><span style=\"color: #000000;\"><strong><span style=\"background-color: #ffffff; color: #000000;\">Se\u00e7\u00e3o de Apoio Administrativo PRA (SAA-PRA)<br \/>\n<\/span><\/strong><span style=\"background-color: #ffffff; color: #000000;\">Michele Rocha Castilhos (Chefe da Se\u00e7\u00e3o)<br \/>\n<\/span><span style=\"background-color: #ffffff; color: #000000;\"><span style=\"color: #808080;\">e-mail: secretaria.sga@ufpel.edu.br<\/span><br \/>\n<span style=\"color: #808080;\"> Telefone: +55 (53) 3284-3920<\/span><\/span><\/span><\/p>\n<p style=\"padding-left: 30px;\"><span style=\"color: #333333;\"><span style=\"color: #000000;\"><strong>COORDENA\u00c7\u00c3O DE MATERIAL E PATRIM\u00d4NIO (CMP) | Sala: 310<\/strong><br \/>\nEliara da Silva Buttow (Coordenadora)<\/span><\/span><span style=\"color: #333333;\"><br \/>\n<\/span><span style=\"color: #808080;\">e-mail: cmp@ufpel.edu.br<\/span><br \/>\n<span style=\"color: #808080;\"> Telefone: +55 (53) 3284 3926<\/span><\/p>\n<p style=\"padding-left: 60px;\"><span style=\"color: #000000;\"><strong>N\u00facleo de Material (NUMAT) | Sala: 310A<\/strong><\/span><br \/>\n<span style=\"color: #000000;\"> Andreia Xavier Farias (Chefe do N\u00facleo)<br \/>\nAna Paula Santos Gruppelli<br \/>\nCassia Knopp Timm<br \/>\nRosmari Schiller da Silva<br \/>\n<\/span><span style=\"color: #808080;\">e-mail: material@ufpel.edu.br | importacaoufpel@gmail.com<\/span><br \/>\n<span style=\"color: #808080;\"> Telefone: +55 (53) 3284-3927 <em>(WhatsApp)<\/em><\/span><\/p>\n<p style=\"padding-left: 90px;\"><span style=\"text-decoration: underline; color: #000000;\">Se\u00e7\u00e3o de Empenhos (SEMP)<\/span><br \/>\n<span style=\"color: #000000;\">Jacqueline Roschildt Alves (Chefe da Se\u00e7\u00e3o)<br \/>\nLeonardo Fontelles da Silva Tavares<br \/>\n<\/span><span style=\"color: #000000;\">Vinicius Cardoso Meirelles<\/span><br \/>\n<span style=\"color: #333333;\"><span style=\"color: #808080;\">e-mail: empenhos@ufpel.edu.BR<\/span><br \/>\n<span style=\"color: #808080;\"> Telefone: +55 (53) 3284-3928 <em>(WhatsApp)<\/em><\/span><\/span><\/p>\n<p style=\"padding-left: 90px;\"><span style=\"color: #000000;\"><span style=\"background-color: #ffffff; color: #000000;\"><span style=\"text-decoration: underline; color: #000000;\">Se\u00e7\u00e3o de Acompanhamento de Obriga\u00e7\u00f5es (SAO)<\/span><\/span><strong><br \/>\n<\/strong>S\u00e9rgio Lu\u00eds de Souza Oliveira (Chefe da Se\u00e7\u00e3o)<\/span><em><br \/>\ne-mail: notifica@ufpel.edu.br<br \/>\n<\/em>Telefone: +55 (53) 3284-3925 (WhatsApp)<\/p>\n<p style=\"padding-left: 90px;\"><span style=\"text-decoration: underline; color: #000000;\">Unidade de Almoxarifado Central (UALMOX)<br \/>\n<\/span><span style=\"color: #000000;\">Laura Maria Pereira Matias (Chefe da Unidade)<br \/>\nDanuse Ribeiro Coelho<br \/>\nEduardo Bueno Beauvalet<\/span><br \/>\n<span style=\"color: #333333;\"><span style=\"color: #000000;\"> Izalda Holz Xavier<br \/>\nWillian Moraes Pereira<br \/>\n<\/span><\/span><span style=\"color: #333333;\"><span style=\"color: #808080;\">Avenida Eliseu Maciel, s\/n, Campus Universit\u00e1rio, Pr\u00e9dio 50<br \/>\n<\/span><\/span><span style=\"color: #333333;\"><span style=\"color: #808080;\"> Cap\u00e3o do Le\u00e3o\/RS, CEP 96160-000<br \/>\ne-mail: almoxarifado@ufpel.edu.br \/ almox.ufpel@gmail.com<\/span><br \/>\n<span style=\"color: #808080;\"> Telefone: +55 (53)\u00a03275-7173 | 3275-7550<\/span><\/span><\/p>\n<p style=\"padding-left: 90px;\"><span style=\"color: #808080;\"><em>Hor\u00e1rio de atendimento do Almoxarifado \u00e0s Unidades da UFPel:<\/em><br \/>\n<em> Segunda a sexta &#8211; 08h \u00e0s 12h e 13h \u00e0s 17h\u00a0<\/em><\/span><\/p>\n<p style=\"padding-left: 90px;\"><span style=\"color: #808080;\"><em>Hor\u00e1rio de Recebimento de Transportadoras:<br \/>\nSegunda a sexta &#8211; 08h \u00e0s 11h e 13h \u00e0s 16h<\/em><\/span><\/p>\n<p style=\"padding-left: 60px;\"><span style=\"color: #000000;\"><strong>N\u00facleo de Patrim\u00f4nio (NUPAT) | Sala: 310<\/strong><\/span><br \/>\n<span style=\"color: #000000;\">Marcia Correa Larrossa (Chefe do N\u00facleo)<br \/>\nBruna Azambuja Cardoso<br \/>\nCristiano Carvalho Lopes<br \/>\nNeida Maria Barbosa da Marta<br \/>\n<\/span><span style=\"color: #000000;\"><span style=\"color: #808080;\">e-mail: patrimonio@ufpel.edu.br\u00a0<\/span><br \/>\n<span style=\"color: #808080;\">Telefone: +55 (53) 3284-3933<em> (WhatsApp)<\/em><\/span><\/span><\/p>\n<p style=\"padding-left: 90px;\"><span style=\"color: #000000;\"><span style=\"text-decoration: underline;\">Unidade de Recolhimento e Desfazimento de Bens (URDB)<\/span><\/span><br \/>\n<span style=\"color: #000000;\"><span style=\"color: #808080;\"><span style=\"color: #000000;\">Tatiana Cabreira<\/span><br \/>\n<span style=\"color: #808080;\">Avenida Duque de Caxias, n. 104, Bairro Fragata (Antiga Laneira)<\/span><br \/>\n<span style=\"color: #808080;\">e-mail: dbfu.ufpel@gmail.com<\/span><br \/>\n<span style=\"color: #808080;\">Telefone: +55 (53) 3284-3280 <\/span><\/span><\/span><\/p>\n<p style=\"padding-left: 90px;\"><span style=\"color: #000000;\"><span style=\"text-decoration: underline;\">Dep\u00f3sito de Recebimento de Bens Permanentes (Pra\u00e7a da Alf\u00e2ndega)<br \/>\n<\/span>Simone Duarte Pires<span style=\"text-decoration: underline;\"><br \/>\n<\/span><\/span><span style=\"color: #000000; font-size: 12pt;\"><span style=\"color: #000000;\">Emmanuel Ferreira Alves<br \/>\n<\/span><\/span><span style=\"color: #000000;\"><span style=\"color: #808080;\"><span style=\"font-size: 12pt;\">Pra\u00e7a Doming<\/span>os Rodrigues , n\u00b005\u00a0 , Bairro Porto<\/span><\/span><span style=\"color: #000000;\"><span style=\"color: #808080;\"> Pelotas\/RS,\u00a0 CEP 96010-440<\/span><\/span><span style=\"color: #000000;\"><br \/>\n<\/span><span style=\"color: #000000;\"><span style=\"color: #808080;\">e-mail: ufpelporto.almoxarifado@gmail.com\u00a0<\/span><br \/>\n<\/span><span style=\"color: #808080;\">Telefone: +55 (53) 3284.3942<\/span><\/p>\n<p style=\"padding-left: 90px;\"><span style=\"color: #808080;\"><em>Hor\u00e1rio de atendimento do Dep\u00f3sito \u00e0s Unidades da UFPel:<\/em><br \/>\n<em> Segunda a sexta &#8211; 08h \u00e0s 12h e 14h \u00e0s 18h<\/em><\/span><\/p>\n<p style=\"padding-left: 90px;\"><span style=\"color: #808080;\"><em>Hor\u00e1rio de Recebimento de Transportadoras:<br \/>\nSegunda a sexta &#8211; 08h30 \u00e0s 11h00 e 14h30min \u00e0s 17h00<\/em><\/span><\/p>\n<p style=\"padding-left: 60px;\"><span style=\"color: #000000;\"><strong>N\u00facleo de Documenta\u00e7\u00e3o e Arquivo (NUDOC) | Sala: 101<\/strong><\/span><br \/>\n<span style=\"color: #000000;\">Flavio Villela de Oliveira (Chefe do N\u00facleo)<br \/>\nMatheus Garcia Pinho<br \/>\n<\/span><span style=\"color: #000000;\">Milton Rodrigues Macedo<\/span><br \/>\n<span style=\"color: #333333;\"><span style=\"color: #808080;\">e-mail: nudoc@ufpel.edu.br<\/span><br \/>\n<span style=\"color: #808080;\">Telefone: <span style=\"color: #999999;\">\u00a0+55 (53) 3284-4090 &#8211; Assuntos gerais do setor e relacionados ao SEI<\/span><br \/>\n<\/span>\u00a0 \u00a0 \u00a0 \u00a0 \u00a0 \u00a0 <span style=\"color: #999999;\">\u00a0 <span style=\"color: #808080;\">\u00a0 \u00a0 \u00a0<span style=\"color: #999999;\">+55 (53) 3284-3941 &#8211; Assuntos relacionados aos servi\u00e7os dos Correios<\/span><\/span><\/span><\/span><\/p>\n<p style=\"padding-left: 90px;\"><span style=\"color: #000000;\"><span style=\"text-decoration: underline;\">Unidade do Arquivo (UARQ)<\/span><\/span><br \/>\n<span style=\"color: #333333;\"><span style=\"color: #000000;\">Daniel Silva de Mello (Chefe de Se\u00e7\u00e3o)<br \/>\nAlessandro Aquino Dias<br \/>\nDulcelene Pereira Alves<br \/>\n<\/span><\/span><span style=\"color: #333333;\"><span style=\"color: #808080;\">Rua Almirante Barroso, n\u00ba 850, Centro<br \/>\ne-mail: arquivo@ufpel.edu.br<\/span><br \/>\n<span style=\"color: #808080;\">Telefone: +55 (53) 3284-3174 <em>(WhatsApp)<\/em><\/span><\/span><\/p>\n<p style=\"padding-left: 90px;\"><em>\u00a0As solicita\u00e7\u00e3o de documentos que est\u00e3o sob a guarda do Arquivo devem ser realizadas\u00a0<\/em><em>atrav\u00e9s do e-mail indicado acima.<\/em><\/p>\n<p style=\"padding-left: 60px;\"><span style=\"color: #000000;\"><strong>N\u00facleo de Licita\u00e7\u00f5es (NULIC) | Sala: 312<br \/>\n<\/strong><\/span><span style=\"color: #000000;\">Priscila Gon\u00e7alves Marchand (Chefe do N\u00facleo)<\/span><br \/>\n<span style=\"color: #000000;\">Cl\u00e1udia da Silva Campelo<\/span><br \/>\n<span style=\"color: #808080;\">e-mail: licitacoes@ufpel.edu.br<\/span><br \/>\n<span style=\"color: #808080;\"> Telefone: +55 (53) 3284-3924<span style=\"color: #999999;\"> <em>(WhatsApp)<\/em><\/span><\/span><\/p>\n<p style=\"padding-left: 90px;\"><span style=\"color: #000000;\"><span style=\"text-decoration: underline;\">Se\u00e7\u00e3o de Obras e Servi\u00e7os de Engenharia (SOSE)<br \/>\n<\/span>Ana Simeonidis\u00a0(Chefe da Se\u00e7\u00e3o)<\/span><\/p>\n<p style=\"padding-left: 90px;\"><span style=\"color: #000000;\"><span style=\"text-decoration: underline;\">Se\u00e7\u00e3o de Contrata\u00e7\u00e3o de Servi\u00e7os (SCSER)<\/span><br \/>\nPaulo Afonso Hartmann Almeida<br \/>\n<\/span><\/p>\n<p style=\"padding-left: 60px;\"><span style=\"color: #000000;\"><strong>N\u00facleo de Contratos (NUCON) | Sala: 312<\/strong><\/span><br \/>\n<span style=\"color: #000000;\">Michele M\u00fcller da Rocha (Chefe do N\u00facleo)<br \/>\nJuliana Isaura Aires da Rocha<br \/>\n<span style=\"color: #333333;\"><span style=\"color: #000000;\">Kelly Romano Huckembeck<\/span><br \/>\n<span style=\"color: #000000;\">Raineri da Silva Medeiros<\/span><br \/>\n<\/span><\/span><span style=\"color: #000000;\"><span style=\"color: #333333;\"><span style=\"color: #808080;\">e-mail: contratos@ufpel.edu.br<\/span><br \/>\n<span style=\"color: #808080;\">Telefone: +55 (53) 3284-3932 <em>(WhatsApp)<\/em><\/span><\/span><br \/>\n<\/span><\/p>\n<p style=\"padding-left: 90px;\"><span style=\"text-decoration: underline; color: #000000;\">Se\u00e7\u00e3o de Despesas Cont\u00ednuas (SDC)<\/span><br \/>\n<span style=\"color: #000000;\"> Virginia Laura Machado Dutra (Chefe da Se\u00e7\u00e3o)<br \/>\nJuliana Vernetti Giusti<br \/>\n<\/span><span style=\"color: #000000;\"><span style=\"color: #808080;\">e-mail: contratos@ufpel.edu.br<\/span><br \/>\n<\/span><span style=\"color: #808080;\">Telefone: +55 (53) 3284-3932 <em>(WhatsApp)<\/em>\u00a0<\/span><span style=\"color: #333333;\"><br \/>\n<\/span><\/p>\n<p style=\"padding-left: 30px;\"><span style=\"color: #000000;\"><strong>COORDENA\u00c7\u00c3O DE FINAN\u00c7AS E CONTABILIDADE (CFC) | Sala: 309<br \/>\n<\/strong>Fernanda e Silva Rodrigues (Coordenadora)<br \/>\n<span style=\"color: #808080;\">e-mail: cfc@ufpel.edu.br<\/span><br \/>\n<span style=\"color: #808080;\">Telefone: +55 (53) 3284-3937<\/span><br \/>\n<\/span><\/p>\n<p style=\"padding-left: 60px;\"><span style=\"color: #000000;\"><strong>Contadoria Geral (CONTGER)<\/strong><\/span><br \/>\n<span style=\"color: #000000;\"> Leonardo Pinto Ortiz (Contador Respons\u00e1vel pela UJ)<br \/>\n<\/span><span style=\"color: #000000;\"><span style=\"color: #808080;\">e-mail: cfc@ufpel.edu.br<\/span><br \/>\n<span style=\"color: #808080;\">Telefone: +55 (53) 3284-3937 <\/span><\/span><\/p>\n<p style=\"padding-left: 100px;\"><span style=\"color: #000000;\"><span style=\"color: #808080;\"><span style=\"text-decoration: underline; color: #000000;\">Se\u00e7\u00e3o Cont\u00e1bil (SCONT)<\/span><br \/>\n<span style=\"color: #000000;\"> Giovani Luiz Garcia Costantini<\/span><br \/>\n<span style=\"color: #000000;\">Luciano Rodrigues de Almeida<\/span><br \/>\ne-mail: secaocontabil@ufpel.edu.br<br \/>\nTelefone: +55 (53) 3284-3934<\/span><br \/>\n<\/span><\/p>\n<p style=\"padding-left: 60px;\"><span style=\"color: #000000;\"><strong>N\u00facleo Financeiro (NUFINC)<br \/>\n<\/strong> <\/span><span style=\"color: #000000;\">Cristiane Medianeira Canabarro Flores H\u00fcbner (Chefe do N\u00facleo)<br \/>\n<span style=\"background-color: #ffffff; color: #000000;\">Renato Brasil Kourrowski<\/span><br \/>\n<\/span><\/p>\n<p style=\"padding-left: 90px;\"><span style=\"text-decoration: underline; color: #000000;\">Se\u00e7\u00e3o de Liquida\u00e7\u00e3o das Despesas<\/span><br \/>\n<span style=\"color: #000000;\">Fernanda Patzlaff Neuenfeld (Chefe da Se\u00e7\u00e3o)<\/span><br \/>\n<span style=\"color: #000000;\"> Daniela Vieira Amaral<\/span><br \/>\n<span style=\"color: #000000;\">Rodrigo Blumberg de Oliveira<br \/>\n<span style=\"color: #808080;\">e-mail: liquidacaodadespesa@ufpel.edu.br<br \/>\nTelefone: +55 (53) 3284-3936<\/span><br \/>\n<\/span><\/p>\n<p style=\"padding-left: 90px;\"><span style=\"text-decoration: underline; color: #000000;\">Se\u00e7\u00e3o de An\u00e1lise e Registro Cont\u00e1bil de Contratos<\/span><br \/>\n<span style=\"color: #000000;\">Alexandre Doro Bittencourt (Chefe da Se\u00e7\u00e3o)<\/span><br \/>\n<span style=\"color: #000000;\">Elisandra de Vargas Garcia<br \/>\n<span style=\"color: #808080;\">e-mail: liquidacaodecontratos@ufpel.edu.br<br \/>\nTelefone: +55 (53) 3284-3939<\/span><br \/>\n<\/span><\/p>\n<p style=\"padding-left: 90px;\"><span style=\"text-decoration: underline; color: #000000;\">Se\u00e7\u00e3o de Pagamentos<\/span><br \/>\n<span style=\"color: #000000;\">Gabriel Monteblanco Leal (Chefe da Se\u00e7\u00e3o)<\/span><span style=\"color: #000000;\"><br \/>\nDiane Almeida de Medeiros<br \/>\n<span style=\"color: #808080;\">e-mail: secaodepagamento@ufpel.edu.br<br \/>\nTelefone: +55 (53) 3284-3938<\/span><br \/>\n<\/span><\/p>\n<p style=\"padding-left: 90px;\"><span style=\"text-decoration: underline; color: #000000;\">Se\u00e7\u00e3o de Di\u00e1rias e Passagens<\/span><br \/>\n<span style=\"color: #000000;\"> Anderson Chollet (Chefe da Se\u00e7\u00e3o)<\/span><span style=\"color: #000000;\"><br \/>\nJonathan Peres da Rosa<br \/>\n<\/span><span style=\"color: #000000;\"><span style=\"color: #808080;\">e-mail: scdp@ufpel.edu.br<br \/>\nTelefone: +55 (53) 3284-3935<\/span><br \/>\n<\/span><\/p>\n<p style=\"padding-left: 60px;\"><span style=\"color: #000000;\"><strong>SUPERINTEND\u00caNCIA DE INFRAESTRUTURA (SUINFRA) | Sala: 304<\/strong><br \/>\nEverton Bonow (Superintendente)<\/span><\/p>\n<p>Demais contatos acesse <a href=\"https:\/\/wp.ufpel.edu.br\/suinfra\/contato\/\" target=\"_blank\" rel=\"noopener\">AQUI<\/a>.<\/p>\n","protected":false},"excerpt":{"rendered":"<p>PR\u00d3-REITORIA ADMINISTRATIVA (PRA) Mariana Schardosim Tavares (Pr\u00f3-Reitora) Endere\u00e7o: Rua Gomes Carneiro, 01, Sala 311 &#8211; 3\u00ba Andar, Bloco A, Campus Porto Centro, Pelotas-RS, CEP 96010-610 e-mail: mariana.sgaufpel@gmail.com Telefone: +55 (53) 3284 3921 Se\u00e7\u00e3o de Apoio Administrativo PRA (SAA-PRA) Michele Rocha Castilhos (Chefe da Se\u00e7\u00e3o) e-mail: secretaria.sga@ufpel.edu.br Telefone: +55 (53) 3284-3920 COORDENA\u00c7\u00c3O DE MATERIAL E PATRIM\u00d4NIO [&hellip;]<\/p>\n","protected":false},"author":1459,"featured_media":0,"parent":0,"menu_order":1,"comment_status":"closed","ping_status":"closed","template":"","meta":{"jetpack_post_was_ever_published":false,"footnotes":""},"class_list":["post-1317","page","type-page","status-publish","hentry"],"yoast_head":"<!-- This site is optimized with the Yoast SEO plugin v26.7 - https:\/\/yoast.com\/wordpress\/plugins\/seo\/ -->\n<title>Equipe e Contatos - Pr\u00f3-Reitoria Administrativa<\/title>\n<meta name=\"robots\" content=\"index, follow, max-snippet:-1, max-image-preview:large, max-video-preview:-1\" \/>\n<link rel=\"canonical\" href=\"https:\/\/wp.ufpel.edu.br\/sga\/contatos\/\" \/>\n<meta property=\"og:locale\" content=\"pt_BR\" \/>\n<meta property=\"og:type\" content=\"article\" \/>\n<meta property=\"og:title\" content=\"Equipe e Contatos - Pr\u00f3-Reitoria Administrativa\" \/>\n<meta property=\"og:description\" content=\"PR\u00d3-REITORIA ADMINISTRATIVA (PRA) Mariana Schardosim Tavares (Pr\u00f3-Reitora) Endere\u00e7o: Rua Gomes Carneiro, 01, Sala 311 &#8211; 3\u00ba Andar, Bloco A, Campus Porto Centro, Pelotas-RS, CEP 96010-610 e-mail: mariana.sgaufpel@gmail.com Telefone: +55 (53) 3284 3921 Se\u00e7\u00e3o de Apoio Administrativo PRA (SAA-PRA) Michele Rocha Castilhos (Chefe da Se\u00e7\u00e3o) e-mail: secretaria.sga@ufpel.edu.br Telefone: +55 (53) 3284-3920 COORDENA\u00c7\u00c3O DE MATERIAL E PATRIM\u00d4NIO [&hellip;]\" \/>\n<meta property=\"og:url\" content=\"https:\/\/wp.ufpel.edu.br\/sga\/contatos\/\" \/>\n<meta property=\"og:site_name\" content=\"Pr\u00f3-Reitoria Administrativa\" \/>\n<meta property=\"article:modified_time\" content=\"2026-03-27T14:45:13+00:00\" \/>\n<meta name=\"twitter:card\" content=\"summary_large_image\" \/>\n<meta name=\"twitter:label1\" content=\"Est. tempo de leitura\" \/>\n\t<meta name=\"twitter:data1\" content=\"4 minutos\" \/>\n<script type=\"application\/ld+json\" class=\"yoast-schema-graph\">{\"@context\":\"https:\/\/schema.org\",\"@graph\":[{\"@type\":\"WebPage\",\"@id\":\"https:\/\/wp.ufpel.edu.br\/sga\/contatos\/\",\"url\":\"https:\/\/wp.ufpel.edu.br\/sga\/contatos\/\",\"name\":\"Equipe e Contatos - Pr\u00f3-Reitoria Administrativa\",\"isPartOf\":{\"@id\":\"https:\/\/wp.ufpel.edu.br\/sga\/#website\"},\"datePublished\":\"2014-07-11T18:47:06+00:00\",\"dateModified\":\"2026-03-27T14:45:13+00:00\",\"breadcrumb\":{\"@id\":\"https:\/\/wp.ufpel.edu.br\/sga\/contatos\/#breadcrumb\"},\"inLanguage\":\"pt-BR\",\"potentialAction\":[{\"@type\":\"ReadAction\",\"target\":[\"https:\/\/wp.ufpel.edu.br\/sga\/contatos\/\"]}]},{\"@type\":\"BreadcrumbList\",\"@id\":\"https:\/\/wp.ufpel.edu.br\/sga\/contatos\/#breadcrumb\",\"itemListElement\":[{\"@type\":\"ListItem\",\"position\":1,\"name\":\"In\u00edcio\",\"item\":\"https:\/\/wp.ufpel.edu.br\/sga\/\"},{\"@type\":\"ListItem\",\"position\":2,\"name\":\"Equipe e Contatos\"}]},{\"@type\":\"WebSite\",\"@id\":\"https:\/\/wp.ufpel.edu.br\/sga\/#website\",\"url\":\"https:\/\/wp.ufpel.edu.br\/sga\/\",\"name\":\"Pr\u00f3-Reitoria Administrativa\",\"description\":\"Universidade Federal de Pelotas\",\"potentialAction\":[{\"@type\":\"SearchAction\",\"target\":{\"@type\":\"EntryPoint\",\"urlTemplate\":\"https:\/\/wp.ufpel.edu.br\/sga\/?s={search_term_string}\"},\"query-input\":{\"@type\":\"PropertyValueSpecification\",\"valueRequired\":true,\"valueName\":\"search_term_string\"}}],\"inLanguage\":\"pt-BR\"}]}<\/script>\n<!-- \/ Yoast SEO plugin. -->","yoast_head_json":{"title":"Equipe e Contatos - Pr\u00f3-Reitoria Administrativa","robots":{"index":"index","follow":"follow","max-snippet":"max-snippet:-1","max-image-preview":"max-image-preview:large","max-video-preview":"max-video-preview:-1"},"canonical":"https:\/\/wp.ufpel.edu.br\/sga\/contatos\/","og_locale":"pt_BR","og_type":"article","og_title":"Equipe e Contatos - Pr\u00f3-Reitoria Administrativa","og_description":"PR\u00d3-REITORIA ADMINISTRATIVA (PRA) Mariana Schardosim Tavares (Pr\u00f3-Reitora) Endere\u00e7o: Rua Gomes Carneiro, 01, Sala 311 &#8211; 3\u00ba Andar, Bloco A, Campus Porto Centro, Pelotas-RS, CEP 96010-610 e-mail: mariana.sgaufpel@gmail.com Telefone: +55 (53) 3284 3921 Se\u00e7\u00e3o de Apoio Administrativo PRA (SAA-PRA) Michele Rocha Castilhos (Chefe da Se\u00e7\u00e3o) e-mail: secretaria.sga@ufpel.edu.br Telefone: +55 (53) 3284-3920 COORDENA\u00c7\u00c3O DE MATERIAL E PATRIM\u00d4NIO [&hellip;]","og_url":"https:\/\/wp.ufpel.edu.br\/sga\/contatos\/","og_site_name":"Pr\u00f3-Reitoria Administrativa","article_modified_time":"2026-03-27T14:45:13+00:00","twitter_card":"summary_large_image","twitter_misc":{"Est. tempo de leitura":"4 minutos"},"schema":{"@context":"https:\/\/schema.org","@graph":[{"@type":"WebPage","@id":"https:\/\/wp.ufpel.edu.br\/sga\/contatos\/","url":"https:\/\/wp.ufpel.edu.br\/sga\/contatos\/","name":"Equipe e Contatos - Pr\u00f3-Reitoria Administrativa","isPartOf":{"@id":"https:\/\/wp.ufpel.edu.br\/sga\/#website"},"datePublished":"2014-07-11T18:47:06+00:00","dateModified":"2026-03-27T14:45:13+00:00","breadcrumb":{"@id":"https:\/\/wp.ufpel.edu.br\/sga\/contatos\/#breadcrumb"},"inLanguage":"pt-BR","potentialAction":[{"@type":"ReadAction","target":["https:\/\/wp.ufpel.edu.br\/sga\/contatos\/"]}]},{"@type":"BreadcrumbList","@id":"https:\/\/wp.ufpel.edu.br\/sga\/contatos\/#breadcrumb","itemListElement":[{"@type":"ListItem","position":1,"name":"In\u00edcio","item":"https:\/\/wp.ufpel.edu.br\/sga\/"},{"@type":"ListItem","position":2,"name":"Equipe e Contatos"}]},{"@type":"WebSite","@id":"https:\/\/wp.ufpel.edu.br\/sga\/#website","url":"https:\/\/wp.ufpel.edu.br\/sga\/","name":"Pr\u00f3-Reitoria Administrativa","description":"Universidade Federal de Pelotas","potentialAction":[{"@type":"SearchAction","target":{"@type":"EntryPoint","urlTemplate":"https:\/\/wp.ufpel.edu.br\/sga\/?s={search_term_string}"},"query-input":{"@type":"PropertyValueSpecification","valueRequired":true,"valueName":"search_term_string"}}],"inLanguage":"pt-BR"}]}},"jetpack_sharing_enabled":true,"_links":{"self":[{"href":"https:\/\/wp.ufpel.edu.br\/sga\/wp-json\/wp\/v2\/pages\/1317","targetHints":{"allow":["GET"]}}],"collection":[{"href":"https:\/\/wp.ufpel.edu.br\/sga\/wp-json\/wp\/v2\/pages"}],"about":[{"href":"https:\/\/wp.ufpel.edu.br\/sga\/wp-json\/wp\/v2\/types\/page"}],"author":[{"embeddable":true,"href":"https:\/\/wp.ufpel.edu.br\/sga\/wp-json\/wp\/v2\/users\/1459"}],"replies":[{"embeddable":true,"href":"https:\/\/wp.ufpel.edu.br\/sga\/wp-json\/wp\/v2\/comments?post=1317"}],"version-history":[{"count":4,"href":"https:\/\/wp.ufpel.edu.br\/sga\/wp-json\/wp\/v2\/pages\/1317\/revisions"}],"predecessor-version":[{"id":5079,"href":"https:\/\/wp.ufpel.edu.br\/sga\/wp-json\/wp\/v2\/pages\/1317\/revisions\/5079"}],"wp:attachment":[{"href":"https:\/\/wp.ufpel.edu.br\/sga\/wp-json\/wp\/v2\/media?parent=1317"}],"curies":[{"name":"wp","href":"https:\/\/api.w.org\/{rel}","templated":true}]}}