{"id":45,"date":"2021-09-11T03:08:44","date_gmt":"2021-09-11T06:08:44","guid":{"rendered":"https:\/\/wp.ufpel.edu.br\/sempgeoufpel\/?page_id=45"},"modified":"2022-10-16T10:54:57","modified_gmt":"2022-10-16T13:54:57","slug":"submissao-de-trabalhos","status":"publish","type":"page","link":"https:\/\/wp.ufpel.edu.br\/sempgeoufpel\/submissao-de-trabalhos\/","title":{"rendered":"Submiss\u00e3o de Trabalhos"},"content":{"rendered":"<h3 style=\"text-align: justify;\">O Programa de P\u00f3s-gradua\u00e7\u00e3o em Geografia (PPGEO) da Universidade Federal de Pelotas (UFPel) convida a comunidade acad\u00eamica e profissionais da \u00e1rea de Geografia a participar do IX Semin\u00e1rio do Programa de P\u00f3s-Gradua\u00e7\u00e3o em Geografia (SEMPGEO) da UFPel.<\/h3>\n<p>O IX SEMPGEO ser\u00e1 o primeiro evento ap\u00f3s a retomada das atividades presenciais, onde ocorrer\u00e1 nos dias 07, 08, 09, 10 e 11 de novembro.<\/p>\n<h3 style=\"text-align: justify;\"><span style=\"font-weight: 400;\">O evento tem por t\u00edtulo\u00a0<strong> &#8220;PPGEO 10 anos: representatividades e reflexos na sociedade\u201d<\/strong><\/span><span style=\"font-weight: 400;\">. Esta tem\u00e1tica surge em virtude das diversas contribui\u00e7\u00f5es que o PPGEO estabeleceu ao longo destes dez anos e como vai continuar promovendo estas rela\u00e7\u00f5es. Assim, torna-se pertinente a discuss\u00e3o do papel desempenhado pelo Programa de P\u00f3s-gradua\u00e7\u00e3o em Geografia em sua representa\u00e7\u00e3o e seus reflexos na sociedade.<\/span><\/h3>\n<h1 style=\"text-align: center;\"><a href=\"https:\/\/wp.ufpel.edu.br\/sempgeoufpel\/files\/2022\/10\/Informacoes-para-submissao-de-Resumo-Expandido.png\"><img loading=\"lazy\" decoding=\"async\" class=\"aligncenter wp-image-688 size-large\" src=\"https:\/\/wp.ufpel.edu.br\/sempgeoufpel\/files\/2022\/10\/Informacoes-para-submissao-de-Resumo-Expandido-1024x378.png\" alt=\"\" width=\"720\" height=\"266\" srcset=\"https:\/\/wp.ufpel.edu.br\/sempgeoufpel\/files\/2022\/10\/Informacoes-para-submissao-de-Resumo-Expandido-1024x378.png 1024w, https:\/\/wp.ufpel.edu.br\/sempgeoufpel\/files\/2022\/10\/Informacoes-para-submissao-de-Resumo-Expandido-400x148.png 400w, https:\/\/wp.ufpel.edu.br\/sempgeoufpel\/files\/2022\/10\/Informacoes-para-submissao-de-Resumo-Expandido-768x284.png 768w, https:\/\/wp.ufpel.edu.br\/sempgeoufpel\/files\/2022\/10\/Informacoes-para-submissao-de-Resumo-Expandido.png 1300w\" sizes=\"auto, (max-width: 720px) 100vw, 720px\" \/><\/a><\/h1>\n<p>&nbsp;<\/p>\n<h3 style=\"text-align: justify;\"><span style=\"font-weight: 400;\">A avalia\u00e7\u00e3o dos resumos ocorrer\u00e1 \u00e0s cegas, portanto os dados de identifica\u00e7\u00e3o dos<\/span><b> autores e orientador, <\/b><span style=\"font-weight: 400;\">respectivas <\/span><b>titula\u00e7\u00f5es <\/b><span style=\"font-weight: 400;\">e <\/span><b>institui\u00e7\u00f5es de ensino, <\/b><span style=\"font-weight: 400;\">bem como <\/span><b>e-mail <\/b><span style=\"font-weight: 400;\">de cada um dos autores,<\/span> <span style=\"font-weight: 400;\">devem constar <\/span><b>SOMENTE<\/b><span style=\"font-weight: 400;\"> no <\/span><b>Formul\u00e1rio de Inscri\u00e7\u00e3o para Apresentadores de Trabalhos <\/b><span style=\"font-weight: 400;\">\u2013 <a href=\"https:\/\/lm.facebook.com\/l.php?u=https%3A%2F%2Fforms.gle%2FECebGz1NpLcdQmB79%3Ffbclid%3DIwAR1Co_lsC4urqE6QS5v8wFeDqjh4PkHiUuQOpuNMa1HGSO5xQZD0UyRTVYg&amp;h=AT07wVaqD1ocds5JBA9sh_VVo_T_AG_stPz56Yc1jJxoAlY97ohvYxleVwD4HM7Z8vTx3m46YXc7DBMfp1QgoV_KBZ_WsN7X0kv5u6cBr4Cdx1bgka2PUkzq5C2VEyF_FuqMzmWeBOvu0sdrNKrT9YA\">dispon\u00edvel neste link<\/a><\/span><span style=\"font-weight: 400;\">. O resumo deve ser enviado em formato <\/span><b>WORD <\/b><span style=\"font-weight: 400;\">para aprecia\u00e7\u00e3o da comiss\u00e3o avaliadora. <\/span><span style=\"font-weight: 400;\">Os trabalhos submetidos poder\u00e3o conter apenas 01 (um\/a) autor(a) e, no m\u00e1ximo 05 (cinco) co-autores (as), sendo um destes o(a) professor(a) orientador(a) da pesquisa.<\/span><\/h3>\n<h3 style=\"text-align: justify;\"><span style=\"font-weight: 400;\">Os trabalhos, tanto para estudantes da p\u00f3s-gradua\u00e7\u00e3o como para os estudantes da gradua\u00e7\u00e3o e\/ou para profissionais da \u00e1rea, dever\u00e3o ser apresentados no formato de resumos expandidos (conforme as normas descritas abaixo) e enviados a organiza\u00e7\u00e3o do evento no per\u00edodo de inscri\u00e7\u00e3o <\/span><span style=\"font-weight: 400;\">pelo e-mail: \u00a0<a href=\"mailto:seminariodoppgeo@gmail.com\">seminariodoppgeo@gmail.com<\/a><\/span><b><\/b><b>. O e-mail <\/b><span style=\"font-weight: 400;\">dever\u00e1 conter o seguinte t\u00edtulo no assunto: \u201c<\/span><b>Submiss\u00e3o &#8211; SEMPGEO 2021<\/b><span style=\"font-weight: 400;\">\u201d.\u00a0<\/span><\/h3>\n<h3 style=\"text-align: justify;\"><span style=\"font-weight: 400;\">Ap\u00f3s a avalia\u00e7\u00e3o dos trabalhos, a comiss\u00e3o cient\u00edfica retornar\u00e1, via email, a eventual necessidade de corre\u00e7\u00f5es estruturadas na ficha de avalia\u00e7\u00e3o. As corre\u00e7\u00f5es dever\u00e3o ser devolvidas \u00e0 organiza\u00e7\u00e3o do evento no prazo m\u00e1ximo divulgado<\/span><b>\u00a0<\/b><span style=\"font-weight: 400;\">e de acordo com o modelo visual\/template do evento. Recomenda-se a checagem regular da caixa de e-mail (spam, lixo eletr\u00f4nico, etc) do participante para evitar o esgotamento dos prazos para envio das corre\u00e7\u00f5es do trabalho.\u00a0<\/span><\/h3>\n<h1 style=\"text-align: center;\"><a href=\"https:\/\/wp.ufpel.edu.br\/sempgeoufpel\/files\/2022\/10\/Normas-para-o-Resumo-Expandido.png\"><img loading=\"lazy\" decoding=\"async\" class=\"aligncenter wp-image-689 size-large\" src=\"https:\/\/wp.ufpel.edu.br\/sempgeoufpel\/files\/2022\/10\/Normas-para-o-Resumo-Expandido-1024x378.png\" alt=\"\" width=\"720\" height=\"266\" srcset=\"https:\/\/wp.ufpel.edu.br\/sempgeoufpel\/files\/2022\/10\/Normas-para-o-Resumo-Expandido-1024x378.png 1024w, https:\/\/wp.ufpel.edu.br\/sempgeoufpel\/files\/2022\/10\/Normas-para-o-Resumo-Expandido-400x148.png 400w, https:\/\/wp.ufpel.edu.br\/sempgeoufpel\/files\/2022\/10\/Normas-para-o-Resumo-Expandido-768x284.png 768w, https:\/\/wp.ufpel.edu.br\/sempgeoufpel\/files\/2022\/10\/Normas-para-o-Resumo-Expandido.png 1300w\" sizes=\"auto, (max-width: 720px) 100vw, 720px\" \/><\/a><\/h1>\n<h3 style=\"text-align: justify;\"><span style=\"font-weight: 400;\">O t\u00edtulo dever\u00e1 ser centralizado, <\/span><span style=\"font-weight: 400;\">Fonte Times New Roman, Tamanho 12, Mai\u00fascula em negrito, separado por um espa\u00e7o do in\u00edcio do texto.<\/span> <span style=\"font-weight: 400;\">\u00a0O resumo expandido\u00a0 <\/span><b>dever\u00e1 ter de 03 (tr\u00eas) a 05 (cinco)<\/b> <span style=\"font-weight: 400;\">p\u00e1ginas (contando com as refer\u00eancias), com margem superior e esquerda de 3,0 cm, direita 2,0 cm e margem inferior de 2,0 cm. Deve apresentar <\/span><b>Introdu\u00e7\u00e3o, Metodologia, Resultados e Discuss\u00e3o, e<\/b> <b>Conclus\u00f5es<\/b><span style=\"font-weight: 400;\">, podendo conter t\u00edtulos e subt\u00edtulos em seu corpo, com a apresenta\u00e7\u00e3o das <\/span><b>Refer\u00eancias <\/b><span style=\"font-weight: 400;\">ao final do manuscrito.<\/span><span style=\"font-weight: 400;\"> A numera\u00e7\u00e3o dos t\u00edtulos dever\u00e1 ser feita com algarismos ar\u00e1bicos.\u00a0<\/span><\/h3>\n<h3 style=\"text-align: justify;\"><span style=\"font-weight: 400;\"> A fonte utilizada no corpo do resumo dever\u00e1 ser: <\/span><b>Times New Roman<\/b><span style=\"font-weight: 400;\">, <\/span><b>tamanho 12<\/b><span style=\"font-weight: 400;\">, o texto deve ser <\/span><b>justificado<\/b><span style=\"font-weight: 400;\"> com <\/span><b>espa\u00e7amento simples<\/b><span style=\"font-weight: 400;\"> entre linhas. A separa\u00e7\u00e3o entre o algarismo e o t\u00edtulo se dar\u00e1 por um espa\u00e7o, sem a utiliza\u00e7\u00e3o de ponto, h\u00edfen ou assemelhado. Sugere-se que as subdivis\u00f5es dos t\u00edtulos n\u00e3o ultrapassem 3 n\u00edveis. As figuras (<\/span><span style=\"font-weight: 400;\">fotografias, mapas, gr\u00e1ficos, croquis, etc.) precisam estar adequadas \u00e0s normas da ABNT (NBR 14724:2011).\u00a0\u00a0<\/span><\/h3>\n<h3 style=\"text-align: justify;\"><span style=\"font-weight: 400;\">O envio do arquivo deve ser em formato <\/span><b>Word sem identifica\u00e7\u00e3o no documento<\/b><span style=\"font-weight: 400;\">. As figuras devem estar numeradas e centralizadas juntamente com o t\u00edtulo na parte superior. \u00c9 preciso determinar o tipo de figura no t\u00edtulo (se trata de mapa, croqui, gr\u00e1ficos etc.), j\u00e1 a fonte da figura deve ser especificada na parte inferior (tamanho 10). A imagem deve estar inserida o mais pr\u00f3ximo poss\u00edvel do texto, e deve possuir resolu\u00e7\u00e3o de no m\u00ednimo 300 dpi e m\u00e1ximo de 500 dpi, em formato JPG.<\/span> <span style=\"font-weight: 400;\">Quanto \u00e0s cita\u00e7\u00f5es utilizadas neste manuscrito poder\u00e3o ser diretas ou indiretas conforme as normas da ABNT (NBR 10520),<\/span><span style=\"font-weight: 400;\">\u00a0 dispon\u00edveis no site<\/span><a href=\"https:\/\/www.normasabnt.org\/citacoes\/\"> <span style=\"font-weight: 400;\">https:\/\/www.normasabnt.org\/citacoes\/<\/span><\/a><span style=\"font-weight: 400;\">.<\/span><\/h3>\n<h3 style=\"text-align: justify;\"><span style=\"font-weight: 400;\">Por fim, as\u00a0 refer\u00eancias devem ser completas e precisas, sendo necess\u00e1rio incluir todas as bibliografias citadas no texto, al\u00e9m do material cartogr\u00e1fico, softwares, consultas na internet e demais refer\u00eancias utilizadas. As refer\u00eancias devem estar de acordo com a NBR10520:2001 da ABNT. As URLs para refer\u00eancias obtidas na internet devem ser devidamente informadas, seguindo o padr\u00e3o ABNT.<\/span><\/h3>\n<h3 style=\"text-align: center;\">\u00a0Arquivo com as normas &#8211; <a href=\"https:\/\/wp.ufpel.edu.br\/sempgeoufpel\/files\/2021\/09\/MODELO-RESUMO-EXPANDIDO-SEMPGEO.docx\">MODELO RESUMO EXPANDIDO SEMPGEO<\/a> (Clique para baixar)<\/h3>\n<h3 style=\"text-align: center;\">Arquivo com o modelo oficial do evento &#8211; <a href=\"https:\/\/wp.ufpel.edu.br\/sempgeoufpel\/files\/2022\/10\/MODELO-TEMPLATE-OFICIAL-1.docx\">MODELO-TEMPLATE-OFICIAL<\/a>\u00a0 (Clique para baixar)<\/h3>\n<h3 style=\"text-align: justify;\"><span style=\"font-weight: 400;\">O texto do <\/span><b>Resumo Expandido aceito <\/b><span style=\"font-weight: 400;\">dever\u00e1 ser apresentado em formato de banner, conforme o modelo abaixo:<\/span><\/h3>\n<p><a href=\"https:\/\/wp.ufpel.edu.br\/sempgeoufpel\/files\/2022\/10\/bannerdigital_sempgeo2022-1.pptx\"><img loading=\"lazy\" decoding=\"async\" class=\"aligncenter wp-image-680 size-full\" src=\"https:\/\/wp.ufpel.edu.br\/sempgeoufpel\/files\/2022\/10\/bannerdigital_sempgeo2022.jpg\" alt=\"\" width=\"941\" height=\"1323\" srcset=\"https:\/\/wp.ufpel.edu.br\/sempgeoufpel\/files\/2022\/10\/bannerdigital_sempgeo2022.jpg 941w, https:\/\/wp.ufpel.edu.br\/sempgeoufpel\/files\/2022\/10\/bannerdigital_sempgeo2022-285x400.jpg 285w, https:\/\/wp.ufpel.edu.br\/sempgeoufpel\/files\/2022\/10\/bannerdigital_sempgeo2022-728x1024.jpg 728w, https:\/\/wp.ufpel.edu.br\/sempgeoufpel\/files\/2022\/10\/bannerdigital_sempgeo2022-768x1080.jpg 768w\" sizes=\"auto, (max-width: 941px) 100vw, 941px\" \/><\/a><\/p>\n<h3 style=\"text-align: center;\">Arquivo com as normas &#8211;\u00a0<a href=\"https:\/\/wp.ufpel.edu.br\/sempgeoufpel\/files\/2022\/10\/bannerdigital_sempgeo2022-1.pptx\">bannerdigital_sempgeo2022<\/a>\u00a0 (Clique para baixar)<\/h3>\n<h3 style=\"text-align: justify;\"><\/h3>\n<h3><\/h3>\n<h3><\/h3>\n","protected":false},"excerpt":{"rendered":"<p>O Programa de P\u00f3s-gradua\u00e7\u00e3o em Geografia (PPGEO) da Universidade Federal de Pelotas (UFPel) convida a comunidade acad\u00eamica e profissionais da \u00e1rea de Geografia a participar do IX Semin\u00e1rio do Programa de P\u00f3s-Gradua\u00e7\u00e3o em Geografia (SEMPGEO) da UFPel. O IX SEMPGEO ser\u00e1 o primeiro evento ap\u00f3s a retomada das atividades presenciais, onde ocorrer\u00e1 nos dias 07, [&hellip;]<\/p>\n","protected":false},"author":202,"featured_media":0,"parent":0,"menu_order":2,"comment_status":"closed","ping_status":"closed","template":"","meta":{"footnotes":""},"class_list":["post-45","page","type-page","status-publish","hentry","post"],"jetpack-related-posts":[],"jetpack_sharing_enabled":true,"_links":{"self":[{"href":"https:\/\/wp.ufpel.edu.br\/sempgeoufpel\/wp-json\/wp\/v2\/pages\/45","targetHints":{"allow":["GET"]}}],"collection":[{"href":"https:\/\/wp.ufpel.edu.br\/sempgeoufpel\/wp-json\/wp\/v2\/pages"}],"about":[{"href":"https:\/\/wp.ufpel.edu.br\/sempgeoufpel\/wp-json\/wp\/v2\/types\/page"}],"author":[{"embeddable":true,"href":"https:\/\/wp.ufpel.edu.br\/sempgeoufpel\/wp-json\/wp\/v2\/users\/202"}],"replies":[{"embeddable":true,"href":"https:\/\/wp.ufpel.edu.br\/sempgeoufpel\/wp-json\/wp\/v2\/comments?post=45"}],"version-history":[{"count":15,"href":"https:\/\/wp.ufpel.edu.br\/sempgeoufpel\/wp-json\/wp\/v2\/pages\/45\/revisions"}],"predecessor-version":[{"id":690,"href":"https:\/\/wp.ufpel.edu.br\/sempgeoufpel\/wp-json\/wp\/v2\/pages\/45\/revisions\/690"}],"wp:attachment":[{"href":"https:\/\/wp.ufpel.edu.br\/sempgeoufpel\/wp-json\/wp\/v2\/media?parent=45"}],"curies":[{"name":"wp","href":"https:\/\/api.w.org\/{rel}","templated":true}]}}