{"id":5,"date":"2026-08-08T15:41:02","date_gmt":"2026-08-08T18:41:02","guid":{"rendered":"https:\/\/wp.ufpel.edu.br\/seminarioppgd\/?page_id=5"},"modified":"2026-08-26T22:23:18","modified_gmt":"2026-08-27T01:23:18","slug":"grupos-de-trabalho","status":"publish","type":"page","link":"https:\/\/wp.ufpel.edu.br\/seminarioppgd\/grupos-de-trabalho\/","title":{"rendered":"Grupos de Trabalho"},"content":{"rendered":"<h5 style=\"text-align: center;\"><span style=\"text-decoration: underline;\">Conhe\u00e7a nossos grupos de trabalho para o Evento<\/span><\/h5>\n<p><strong>I \u2013 GT 1 \u2013 <\/strong><b>Consumo, acesso \u00e0 justi\u00e7a e novas vulnerabilidades na sociedade contempor\u00e2nea<\/b><\/p>\n<p><b>Coordenadores<\/b><span style=\"font-weight: 400;\">:\u00a0<\/span><\/p>\n<p><span style=\"font-weight: 400;\">Prof. Dr. Fernando Costa de Azevedo (PPGD\/UFPEL)<\/span><\/p>\n<p><span style=\"font-weight: 400;\">Profa. Dra. Karinne Emanoela Goettems dos Santos (PPGD\/UFPEL)<\/span><\/p>\n<p><span style=\"font-weight: 400;\">Profa. Dra. L\u00facia Souza d&#8217;Aquino (PPGD\/UFF)<\/span><\/p>\n<p><b>Debatedores<\/b><span style=\"font-weight: 400;\">:\u00a0\u00a0\u00a0\u00a0<\/span><\/p>\n<p><span style=\"font-weight: 400;\">Alexandre Corr\u00eaa de Oliveira (Mestre em Direito PPGD\/UFPEL \/ Doutorando em Direito UFSM)<\/span><\/p>\n<p><span style=\"font-weight: 400;\">Muriel Leal (Mestre em Direito PPGD\/UFPEL)<\/span><\/p>\n<p><strong>Ementa<\/strong>:<\/p>\n<p>O Grupo de Trabalho Consumo, acesso \u00e0 justi\u00e7a a novas vulnerabilidades na sociedade contempor\u00e2nea destina-se \u00e0 apresenta\u00e7\u00e3o e ao debate de pesquisas sobre as rela\u00e7\u00f5es que envolve o fen\u00f4meno social e jur\u00eddico do consumo e a prote\u00e7\u00e3o jur\u00eddica dos consumidores, bem como a efetividade dos meios de acesso \u00e0 justi\u00e7a para a promo\u00e7\u00e3o de seus direitos em vista das novas vulnerabilidades surgidas na sociedade contempor\u00e2nea do S\u00e9culo XXI e que afetam, sobretudo, grupos em situa\u00e7\u00e3o de vulnerabilidade agravada (os grupos hipervulner\u00e1veis), como idosos, crian\u00e7as e adolescentes, PcDs, pessoas em situa\u00e7\u00e3o de superendividamento, dentre outros.<\/p>\n<p><strong>Temas sugeridos<\/strong>:<\/p>\n<p><span class=\"im\">I \u2013 Consumo, acesso \u00e0 justi\u00e7a e vulnerabilidade <em>digital<\/em> de grupos hipervulner\u00e1veis;<\/span><\/p>\n<p>II \u2013 Consumo, acesso \u00e0 justi\u00e7a e vulnerabilidade <em>nas rela\u00e7\u00f5es de cr\u00e9dito <\/em>de grupos hipervulner\u00e1veis;<\/p>\n<p>III \u2013 Consumo, acesso \u00e0 justi\u00e7a e vulnerabilidade <em>de acessibilidade<\/em> de grupos hipervulner\u00e1veis;<\/p>\n<p>IV- Consumo, acesso \u00e0 justi\u00e7a e litig\u00e2ncia assim\u00e9trica com grupos hipervulner\u00e1veis<\/p>\n<p>&nbsp;<\/p>\n<p><span style=\"font-weight: 400;\"><strong>II \u2013 GT 2<\/strong> \u2013 <\/span><b>Litigiosidade, acesso \u00e0 justi\u00e7a e problemas estruturantes<\/b><\/p>\n<p><b>Coordenadores:<\/b><\/p>\n<p><span style=\"font-weight: 400;\">Karinne Emanoela Goettems dos Santos (PPGD\/UFPEL)<\/span><\/p>\n<p>Marcia Rodrigues Bertoldi (PPGD\/UFPEL)<\/p>\n<p><span style=\"font-weight: 400;\">Alexandre Fernandes Gastal (PPGD\/UFPEL)<\/span><\/p>\n<p><span style=\"font-weight: 400;\">Maurilio Casas Maia (PPGD\/UFAM)<\/span><\/p>\n<p><b>Debatedores:<\/b><\/p>\n<p><span style=\"font-weight: 400;\">Miguel S\u00e1vio \u00c1vila da Rocha<\/span><\/p>\n<p><span style=\"font-weight: 400;\">Alexandro Melo Correa<\/span><\/p>\n<p><b>Ementa:\u00a0<\/b>Tratamento adequado dos lit\u00edgios estruturais na perspectiva do acesso \u00e0 justi\u00e7a. Judicializa\u00e7\u00e3o de Pol\u00edticas P\u00fablicas. Processo estrutural nas cortes superiores. Rela\u00e7\u00f5es de Consumo. Viol\u00eancia de G\u00eanero. Viol\u00eancia Racial. Justi\u00e7a Ambiental e Justi\u00e7a Clim\u00e1tica.<\/p>\n<p>&nbsp;<\/p>\n<p><span style=\"font-weight: 400;\"><strong>III &#8211; GT 3<\/strong> \u2013<\/span> <b>Direitos Sociais, Vulnerabilidades e Tecnologias Digitais<\/b><\/p>\n<p><b>Coordenadores<\/b><span style=\"font-weight: 400;\">:<\/span><\/p>\n<p><span style=\"font-weight: 400;\">Ant\u00f4nia Espindola Longoni Klee (PPGD\/UFPEL)<\/span><\/p>\n<p><span style=\"font-weight: 400;\">Jo\u00e3o Pedro Seefeldt Pessoa (PPGD\/UFPEL)<\/span><\/p>\n<p><strong>Ementa<\/strong>:<\/p>\n<p>O Grupo de Trabalho Direitos sociais, vulnerabilidades e tecnologias digitais destina-se \u00e0 apresenta\u00e7\u00e3o e ao debate de pesquisas sobre as rela\u00e7\u00f5es entre a transforma\u00e7\u00e3o tecnol\u00f3gica e a efetividade, prote\u00e7\u00e3o e promo\u00e7\u00e3o dos direitos sociais. Abrange estudos sobre os impactos das tecnologias digitais, da intelig\u00eancia artificial, das plataformas digitais, da automa\u00e7\u00e3o, da governan\u00e7a algor\u00edtmica, da economia de dados e da ciberseguran\u00e7a sobre direitos fundamentais e sociais, bem como sobre novas formas de vulnerabilidade e desigualdade decorrentes da digitaliza\u00e7\u00e3o das rela\u00e7\u00f5es sociais. Ser\u00e3o aceitas pesquisas de car\u00e1ter te\u00f3rico, emp\u00edrico ou interdisciplinar que abordem, entre outros temas, acesso e inclus\u00e3o digital, prote\u00e7\u00e3o de dados pessoais, discrimina\u00e7\u00e3o algor\u00edtmica, trabalho e novas tecnologias, educa\u00e7\u00e3o digital, sa\u00fade digital, assist\u00eancia e prote\u00e7\u00e3o social, acesso \u00e0 justi\u00e7a, servi\u00e7os p\u00fablicos digitais, cidadania digital e prote\u00e7\u00e3o de grupos em situa\u00e7\u00e3o de vulnerabilidade, tais como consumidores, pessoas idosas, crian\u00e7as, adolescentes e jovens, pessoas com defici\u00eancia, mulheres e enfrentamento das desigualdades, minorias \u00e9tnico-raciais, entre outros grupos vulner\u00e1veis.<\/p>\n<p>&nbsp;<\/p>\n<p><span style=\"font-weight: 400;\"><strong>IV \u2013 GT 4 \u2013<\/strong>\u00a0<\/span><span style=\"background-color: transparent; color: #000000; font-family: Arial, sans-serif; font-size: 12pt; font-weight: bold; white-space: pre-wrap;\">Direitos Fundamentais, Pol\u00edtica Criminal e Sistema Penal<\/span><\/p>\n<p dir=\"ltr\" style=\"line-height: 1.7999999999999998; margin-top: 6.6942138671875pt; margin-bottom: 0pt;\"><span style=\"font-size: 12pt; font-family: Arial, sans-serif; color: #000000; background-color: transparent; font-weight: bold; font-variant: normal; vertical-align: baseline; white-space: pre-wrap;\">Coordena\u00e7\u00e3o<\/span><span style=\"font-size: 12pt; font-family: Arial, sans-serif; color: #000000; background-color: transparent; font-variant: normal; vertical-align: baseline; white-space: pre-wrap;\">:<\/span><\/p>\n<p dir=\"ltr\" style=\"line-height: 1.7999999999999998; margin-top: 6.6942138671875pt; margin-bottom: 0pt;\"><span style=\"font-size: 12pt; font-family: Arial, sans-serif; color: #000000; background-color: transparent; font-variant: normal; vertical-align: baseline; white-space: pre-wrap;\">Felipe Lazzari da Silveira (PPGD\/UFPEL)<\/span><\/p>\n<p dir=\"ltr\" style=\"line-height: 1.7999999999999998; margin-top: 6.6942138671875pt; margin-bottom: 0pt;\"><span style=\"font-size: 12pt; font-family: Arial, sans-serif; color: #000000; background-color: transparent; font-variant: normal; vertical-align: baseline; white-space: pre-wrap;\">Marcelo Nunes Apolin\u00e1rio (PPGD\/UFPEL)<\/span><\/p>\n<p dir=\"ltr\" style=\"line-height: 1.7999999999999998; margin-top: 6.6942138671875pt; margin-bottom: 0pt;\"><span style=\"font-size: 12pt; font-family: Arial, sans-serif; color: #000000; background-color: transparent; font-weight: bold; font-variant: normal; vertical-align: baseline; white-space: pre-wrap;\">Debatedores<\/span><span style=\"font-size: 12pt; font-family: Arial, sans-serif; color: #000000; background-color: transparent; font-variant: normal; vertical-align: baseline; white-space: pre-wrap;\">:<\/span><\/p>\n<p dir=\"ltr\" style=\"line-height: 1.7999999999999998; margin-top: 6.6942138671875pt; margin-bottom: 0pt;\"><span style=\"font-size: 12pt; font-family: Arial, sans-serif; color: #000000; background-color: transparent; font-variant: normal; vertical-align: baseline; white-space: pre-wrap;\">Bruno Rotta Almeida (PPGD\/UFPEL)<\/span><\/p>\n<p dir=\"ltr\" style=\"line-height: 1.7999999999999998; margin-top: 6.6942138671875pt; margin-bottom: 0pt;\"><span style=\"font-size: 12pt; font-family: Arial, sans-serif; color: #000000; background-color: transparent; font-variant: normal; vertical-align: baseline; white-space: pre-wrap;\">Inezita Silveira da Costa (Doutora em Direitos Humanos e Servi\u00e7o Social\/UCPEL)<\/span><\/p>\n<p dir=\"ltr\" style=\"line-height: 1.7999999999999998; margin-top: 6.6942138671875pt; margin-bottom: 0pt;\"><span style=\"font-size: 12pt; font-family: Arial, sans-serif; color: #000000; background-color: transparent; font-variant: normal; vertical-align: baseline; white-space: pre-wrap;\"><strong>Ementa<\/strong>:<\/span><\/p>\n<p>O GT re\u00fane pesquisas sobre as rela\u00e7\u00f5es entre direitos fundamentais, sistema penal e pol\u00edtica criminal, com especial aten\u00e7\u00e3o \u00e0 prote\u00e7\u00e3o e efetiva\u00e7\u00e3o dos direitos fundamentais, especialmente sociais. Abrange estudos nos campos do Direito Constitucional, Direito Penal, Criminologia, Pol\u00edtica Criminal, Processo Penal e Execu\u00e7\u00e3o Penal, incentivando abordagens cr\u00edticas e inclusive interdisciplinares sobre desigualdades, exclus\u00e3o social, acesso a direitos, justi\u00e7a criminal, rela\u00e7\u00f5es institucionais e limites ao poder punitivo do Estado.<\/p>\n<p>&nbsp;<\/p>\n<p dir=\"ltr\" style=\"line-height: 1.7999999999999998; margin-left: 1.6660003662109375pt; margin-top: 6.6942138671875pt; margin-bottom: 0pt;\"><strong><span style=\"font-size: 12pt; font-family: Arial, sans-serif; color: #000000; background-color: transparent; font-variant: normal; vertical-align: baseline; white-space: pre-wrap;\">V &#8211; GT 5 &#8211; <\/span><span style=\"font-size: 12pt; font-family: Arial, sans-serif; color: #000000; background-color: transparent; font-variant: normal; vertical-align: baseline; white-space: pre-wrap;\">Sa\u00fade, Arte e Direitos Sociais: modos de produzir, reconhecer e enfrentar vulnerabilidades<\/span><\/strong><\/p>\n<p dir=\"ltr\" style=\"line-height: 1.7999999999999998; margin-left: 1.6660003662109375pt; margin-top: 6.6942138671875pt; margin-bottom: 0pt;\"><span style=\"font-size: 12pt; font-family: Arial, sans-serif; color: #000000; background-color: transparent; font-weight: bold; font-variant: normal; vertical-align: baseline; white-space: pre-wrap;\">Coordenadores<\/span><span style=\"font-size: 12pt; font-family: Arial, sans-serif; color: #000000; background-color: transparent; font-variant: normal; vertical-align: baseline; white-space: pre-wrap;\">:<\/span><\/p>\n<p dir=\"ltr\" style=\"line-height: 1.7999999999999998; margin-left: 1.6660003662109375pt; margin-top: 6.6942138671875pt; margin-bottom: 0pt;\"><span style=\"font-size: 12pt; font-family: Arial, sans-serif; color: #000000; background-color: transparent; font-variant: normal; vertical-align: baseline; white-space: pre-wrap;\">Ana Clara Corr\u00eaa Henning (PPGD\/UFPEL)<\/span><\/p>\n<p dir=\"ltr\" style=\"line-height: 1.7999999999999998; margin-left: 1.6660003662109375pt; margin-top: 6.6942138671875pt; margin-bottom: 0pt;\"><span style=\"font-size: 12pt; font-family: Arial, sans-serif; color: #000000; background-color: transparent; font-variant: normal; vertical-align: baseline; white-space: pre-wrap;\">Claiton Leoneti Lencina (Farm\u00e1cia\/UFPel)\u00a0<\/span><\/p>\n<p dir=\"ltr\" style=\"line-height: 1.7999999999999998; margin-left: 1.6660003662109375pt; margin-top: 6.6942138671875pt; margin-bottom: 0pt;\"><span style=\"font-size: 12pt; font-family: Arial, sans-serif; color: #000000; background-color: transparent; font-variant: normal; vertical-align: baseline; white-space: pre-wrap;\">Guilherme Camargo Massa\u00fa (PPGD\/PPGCPOL\/UFPEL)<\/span><\/p>\n<p dir=\"ltr\">Jael S\u00e2nera Sigales Gon\u00e7alves (PPGD\/UFPEL)<\/p>\n<p dir=\"ltr\" style=\"line-height: 1.7999999999999998; margin-left: 1.6660003662109375pt; margin-top: 6.6942138671875pt; margin-bottom: 0pt;\"><span style=\"font-size: 12pt; font-family: Arial, sans-serif; color: #000000; background-color: transparent; font-weight: bold; font-variant: normal; vertical-align: baseline; white-space: pre-wrap;\">Debatedores<\/span><span style=\"font-size: 12pt; font-family: Arial, sans-serif; color: #000000; background-color: transparent; font-variant: normal; vertical-align: baseline; white-space: pre-wrap;\">:<\/span><\/p>\n<p dir=\"ltr\" style=\"line-height: 1.7999999999999998; margin-left: 1.6660003662109375pt; margin-top: 6.6942138671875pt; margin-bottom: 0pt;\"><span style=\"font-size: 12pt; font-family: Arial, sans-serif; color: #000000; background-color: transparent; font-variant: normal; vertical-align: baseline; white-space: pre-wrap;\">Lara Vieiras Collares (Doutoranda PPGCPOL\/UFPEL)<\/span><\/p>\n<p dir=\"ltr\">Victor Ribeiro Costa (Mestre PPGD\/UFPel\/PGE\/SP)<\/p>\n<p dir=\"ltr\">\n<p dir=\"ltr\"><strong>VI \u2013 GT 6 &#8211; Direitos sociais e sua rela\u00e7\u00e3o com g\u00eanero e\/ou inclus\u00e3o de pessoas com defici\u00eancia<\/strong><\/p>\n<p dir=\"ltr\"><strong>Coordenadores:<\/strong><\/p>\n<p dir=\"ltr\">Prof. Dr. Valmor Scott Jr. (PPGD\/UFPEL)<\/p>\n<p dir=\"ltr\">\n<p dir=\"ltr\"><strong>VII \u2013 GT 7 &#8211; Servi\u00e7os p\u00fablicos e direitos sociais na jurisprud\u00eancia do STF<\/strong><\/p>\n<p dir=\"ltr\"><strong>Coordenadores:<\/strong><\/p>\n<p dir=\"ltr\">Prof. Dr. Itiber\u00ea de Oliveira Castellano Rodrigues (PPGD\/UFPEL)<\/p>\n<p dir=\"ltr\"><strong>Debatedores:<\/strong><\/p>\n<p dir=\"ltr\">B\u00e1rbara Neutzling Campos<\/p>\n<p dir=\"ltr\">Camilla Fernandes das Chagas<\/p>\n<p dir=\"ltr\">Cineas Rangel Peres<\/p>\n<p dir=\"ltr\"><strong>Ementa:<\/strong><\/p>\n<p dir=\"ltr\">O GT visa coletar, classificar e indexar sistematicamente todos julgados do Supremo Tribunal Federal a respeito da mat\u00e9ria &#8220;servi\u00e7os p\u00fablicos no \u00e2mbito da Constitui\u00e7\u00e3o de 1988&#8221;, a fim de se poder identificar e desenvolver os conte\u00fados sobre (i.) como o tribunal concebe conceitualmente esses servi\u00e7os p\u00fablicos, (ii) sua mat\u00e9ria ou objeto in concreto, em oposi\u00e7\u00e3o (sobretudo) \u00e0s atividades de utilidade p\u00fablica e \u00e0s de livre iniciativa dos particulares, e (iii) identificar qual o regime jur\u00eddico vigente de presta\u00e7\u00e3o ou execu\u00e7\u00e3o desses servi\u00e7os p\u00fablicos, seja coo regime geral seja como regime setorial.<\/p>\n<p><span style=\"font-size: 12pt; font-family: Arial, sans-serif; color: #000000; background-color: transparent; font-variant: normal; vertical-align: baseline; white-space: pre-wrap;\">\u00a0<\/span><\/p>\n","protected":false},"excerpt":{"rendered":"<p>Conhe\u00e7a nossos grupos de trabalho para o Evento I \u2013 GT 1 \u2013 Consumo, acesso \u00e0 justi\u00e7a e novas vulnerabilidades na sociedade contempor\u00e2nea Coordenadores:\u00a0 Prof. Dr. Fernando Costa de Azevedo (PPGD\/UFPEL) Profa. Dra. Karinne Emanoela Goettems dos Santos (PPGD\/UFPEL) Profa. Dra. L\u00facia Souza d&#8217;Aquino (PPGD\/UFF) Debatedores:\u00a0\u00a0\u00a0\u00a0 Alexandre Corr\u00eaa de Oliveira (Mestre em Direito PPGD\/UFPEL \/ [&hellip;]<\/p>\n","protected":false},"author":1609,"featured_media":0,"parent":0,"menu_order":3,"comment_status":"closed","ping_status":"closed","template":"","meta":{"footnotes":""},"class_list":["post-5","page","type-page","status-publish","hentry"],"_links":{"self":[{"href":"https:\/\/wp.ufpel.edu.br\/seminarioppgd\/wp-json\/wp\/v2\/pages\/5","targetHints":{"allow":["GET"]}}],"collection":[{"href":"https:\/\/wp.ufpel.edu.br\/seminarioppgd\/wp-json\/wp\/v2\/pages"}],"about":[{"href":"https:\/\/wp.ufpel.edu.br\/seminarioppgd\/wp-json\/wp\/v2\/types\/page"}],"author":[{"embeddable":true,"href":"https:\/\/wp.ufpel.edu.br\/seminarioppgd\/wp-json\/wp\/v2\/users\/1609"}],"replies":[{"embeddable":true,"href":"https:\/\/wp.ufpel.edu.br\/seminarioppgd\/wp-json\/wp\/v2\/comments?post=5"}],"version-history":[{"count":4,"href":"https:\/\/wp.ufpel.edu.br\/seminarioppgd\/wp-json\/wp\/v2\/pages\/5\/revisions"}],"predecessor-version":[{"id":130,"href":"https:\/\/wp.ufpel.edu.br\/seminarioppgd\/wp-json\/wp\/v2\/pages\/5\/revisions\/130"}],"wp:attachment":[{"href":"https:\/\/wp.ufpel.edu.br\/seminarioppgd\/wp-json\/wp\/v2\/media?parent=5"}],"curies":[{"name":"wp","href":"https:\/\/api.w.org\/{rel}","templated":true}]}}