{"id":142,"date":"2017-07-09T18:37:16","date_gmt":"2017-07-09T21:37:16","guid":{"rendered":"https:\/\/wp.ufpel.edu.br\/sei\/?page_id=142"},"modified":"2026-07-20T14:27:38","modified_gmt":"2026-07-20T17:27:38","slug":"o-que-muda-com-o-sei","status":"publish","type":"page","link":"https:\/\/wp.ufpel.edu.br\/sei\/?page_id=142","title":{"rendered":"O que muda com o SEI"},"content":{"rendered":"<p><!-- P\u00e1gina interna: O que muda com o SEI --><\/p>\n<div class=\"sei-interna\">\n<section class=\"sei-interna__intro\" aria-labelledby=\"sei-mudancas-titulo\">\n<p class=\"sei-interna__eyebrow\">Transforma\u00e7\u00e3o no trabalho<\/p>\n<h2 id=\"sei-mudancas-titulo\">Do processo em papel \u00e0 gest\u00e3o eletr\u00f4nica<\/h2>\n<p>Com o SEI, documentos e processos administrativos passam a ser produzidos, assinados, organizados e tramitados em ambiente digital. A mudan\u00e7a simplifica rotinas, amplia a colabora\u00e7\u00e3o entre unidades e fortalece a seguran\u00e7a das informa\u00e7\u00f5es.<\/p>\n<\/section>\n<nav class=\"sei-interna__atalhos\" aria-label=\"Nesta p\u00e1gina\">\n    <a href=\"#na-pratica\">O que muda na pr\u00e1tica<\/a><br \/>\n    <a href=\"#alinhamento\">Alinhamento institucional<\/a><br \/>\n    <a href=\"#beneficios\">Principais benef\u00edcios<\/a><br \/>\n  <\/nav>\n<section id=\"na-pratica\" class=\"sei-interna__secao\">\n<div class=\"sei-interna__cabecalho\">\n<p class=\"sei-interna__eyebrow\">Novas formas de trabalhar<\/p>\n<h2>O que muda na pr\u00e1tica?<\/h2>\n<\/p><\/div>\n<div class=\"sei-interna__texto\">\n<p>O SEI substitui etapas baseadas na circula\u00e7\u00e3o f\u00edsica de documentos por fluxos eletr\u00f4nicos. As informa\u00e7\u00f5es permanecem reunidas no processo e podem ser consultadas pelas unidades respons\u00e1veis durante toda a tramita\u00e7\u00e3o.<\/p>\n<\/p><\/div>\n<div class=\"sei-interna__cards\" aria-label=\"Mudan\u00e7as proporcionadas pelo SEI\">\n<article class=\"sei-interna__card\">\n        <span class=\"dashicons dashicons-media-document\" aria-hidden=\"true\"><\/span><\/p>\n<h3>Do papel para o digital<\/h3>\n<p>Processos e documentos passam a ser produzidos e organizados em ambiente eletr\u00f4nico.<\/p>\n<\/article>\n<article class=\"sei-interna__card\">\n        <span class=\"dashicons dashicons-performance\" aria-hidden=\"true\"><\/span><\/p>\n<h3>Tramita\u00e7\u00e3o mais \u00e1gil<\/h3>\n<p>O envio eletr\u00f4nico reduz deslocamentos e etapas associadas \u00e0 circula\u00e7\u00e3o f\u00edsica.<\/p>\n<\/article>\n<article class=\"sei-interna__card\">\n        <span class=\"dashicons dashicons-groups\" aria-hidden=\"true\"><\/span><\/p>\n<h3>Atua\u00e7\u00e3o integrada<\/h3>\n<p>Diferentes unidades podem colaborar no mesmo processo, mesmo estando distantes.<\/p>\n<\/article>\n<article class=\"sei-interna__card\">\n        <span class=\"dashicons dashicons-visibility\" aria-hidden=\"true\"><\/span><\/p>\n<h3>Mais rastreabilidade<\/h3>\n<p>O hist\u00f3rico das atividades facilita o acompanhamento da tramita\u00e7\u00e3o e das decis\u00f5es.<\/p>\n<\/article><\/div>\n<\/section>\n<section id=\"alinhamento\" class=\"sei-interna__secao sei-interna__secao--azul\">\n<div class=\"sei-interna__cabecalho\">\n<p class=\"sei-interna__eyebrow\">Gest\u00e3o institucional<\/p>\n<h2>Alinhamento com o PDI da UFPel<\/h2>\n<\/p><\/div>\n<div class=\"sei-interna__texto\">\n<p>A implanta\u00e7\u00e3o do SEI est\u00e1 alinhada ao <a href=\"https:\/\/dados.ufpel.edu.br\/dataset\/plano-de-desenvolvimento-institucional-ufpel\" target=\"_blank\" rel=\"noopener\">Plano de Desenvolvimento Institucional (PDI) da UFPel<\/a>. Na \u00e1rea de Gest\u00e3o Institucional, o PDI ressalta a efetividade das a\u00e7\u00f5es, o uso sustent\u00e1vel dos recursos, o aperfei\u00e7oamento dos m\u00e9todos de trabalho e a incorpora\u00e7\u00e3o de conhecimentos e tecnologias.<\/p>\n<p>Nesse contexto, o uso do SEI contribui para os seguintes objetivos:<\/p>\n<\/p><\/div>\n<ol class=\"sei-interna__numeros\">\n<li><span>Implantar e avaliar programas voltados \u00e0 implementa\u00e7\u00e3o do PDI.<\/span><\/li>\n<li><span>Tornar mais eficiente a gest\u00e3o institucional.<\/span><\/li>\n<li><span>Padronizar processos e implantar sistemas informatizados que qualifiquem as aquisi\u00e7\u00f5es de bens e servi\u00e7os.<\/span><\/li>\n<li><span>Implementar um sistema que proporcione redu\u00e7\u00e3o expressiva do uso de papel nos processos administrativos.<\/span><\/li>\n<\/ol>\n<\/section>\n<section id=\"beneficios\" class=\"sei-interna__secao\">\n<div class=\"sei-interna__cabecalho\">\n<p class=\"sei-interna__eyebrow\">Impactos positivos<\/p>\n<h2>Benef\u00edcios para o servi\u00e7o p\u00fablico e para o cidad\u00e3o<\/h2>\n<\/p><\/div>\n<ul class=\"sei-interna__beneficios\">\n<li>Reduzir a tramita\u00e7\u00e3o dos procedimentos em meio f\u00edsico.<\/li>\n<li>Integrar processos eletr\u00f4nicos de \u00f3rg\u00e3os e entidades da Administra\u00e7\u00e3o P\u00fablica Federal.<\/li>\n<li>Melhorar a gest\u00e3o, otimizar fluxos de trabalho e racionalizar despesas administrativas.<\/li>\n<li>Garantir qualidade e confiabilidade aos dados e \u00e0s informa\u00e7\u00f5es dispon\u00edveis.<\/li>\n<li>Proporcionar mais produtividade e agilidade na tramita\u00e7\u00e3o dos processos.<\/li>\n<li>Promover a satisfa\u00e7\u00e3o do p\u00fablico usu\u00e1rio.<\/li>\n<li>Fortalecer a efici\u00eancia, a efic\u00e1cia e a efetividade da a\u00e7\u00e3o governamental.<\/li>\n<li>Ampliar a seguran\u00e7a, a transpar\u00eancia e a economicidade dos processos administrativos.<\/li>\n<li>Contribuir para a sustentabilidade ambiental com o uso da tecnologia.<\/li>\n<li>Facilitar o acesso do cidad\u00e3o \u00e0s inst\u00e2ncias administrativas.<\/li>\n<\/ul>\n<div class=\"sei-interna__cta\">\n<div>\n<p class=\"sei-interna__eyebrow\">Uso respons\u00e1vel do sistema<\/p>\n<h3>Conhe\u00e7a as boas pr\u00e1ticas do SEI<\/h3>\n<p>Veja orienta\u00e7\u00f5es que ajudam a manter os processos organizados e eficientes.<\/p>\n<\/p><\/div>\n<p>      <a class=\"sei-interna__botao\" href=\"https:\/\/wp.ufpel.edu.br\/sei\/?page_id=112\"><br \/>\n        Acessar Boas Pr\u00e1ticas<br \/>\n        <span class=\"dashicons dashicons-arrow-right-alt\" aria-hidden=\"true\"><\/span><br \/>\n      <\/a>\n    <\/div>\n<\/section>\n<section class=\"sei-interna__relacionados\" aria-labelledby=\"sei-mudancas-relacionados\">\n<h2 id=\"sei-mudancas-relacionados\">Continue conhecendo o SEI<\/h2>\n<div class=\"sei-interna__links\">\n      <a href=\"https:\/\/wp.ufpel.edu.br\/sei\/?page_id=180\">Sobre o SEI<\/a><br \/>\n      <a href=\"https:\/\/wp.ufpel.edu.br\/sei\/?page_id=112\">Boas pr\u00e1ticas<\/a><br \/>\n      <a href=\"https:\/\/wp.ufpel.edu.br\/sei\/?page_id=146\">PEN \u2014 Processo Eletr\u00f4nico Nacional<\/a>\n    <\/div>\n<\/section>\n<\/div>\n","protected":false},"excerpt":{"rendered":"<p>Transforma\u00e7\u00e3o no trabalho Do processo em papel \u00e0 gest\u00e3o eletr\u00f4nica Com o SEI, documentos e processos administrativos passam a ser produzidos, assinados, organizados e tramitados em ambiente digital. A mudan\u00e7a simplifica rotinas, amplia a colabora\u00e7\u00e3o entre unidades e fortalece a seguran\u00e7a das informa\u00e7\u00f5es. O que muda na pr\u00e1tica Alinhamento institucional Principais benef\u00edcios Novas formas de [&hellip;]<\/p>\n","protected":false},"author":765,"featured_media":0,"parent":0,"menu_order":0,"comment_status":"closed","ping_status":"closed","template":"","meta":{"footnotes":""},"class_list":["post-142","page","type-page","status-publish","hentry"],"jetpack_sharing_enabled":true,"_links":{"self":[{"href":"https:\/\/wp.ufpel.edu.br\/sei\/index.php?rest_route=\/wp\/v2\/pages\/142","targetHints":{"allow":["GET"]}}],"collection":[{"href":"https:\/\/wp.ufpel.edu.br\/sei\/index.php?rest_route=\/wp\/v2\/pages"}],"about":[{"href":"https:\/\/wp.ufpel.edu.br\/sei\/index.php?rest_route=\/wp\/v2\/types\/page"}],"author":[{"embeddable":true,"href":"https:\/\/wp.ufpel.edu.br\/sei\/index.php?rest_route=\/wp\/v2\/users\/765"}],"replies":[{"embeddable":true,"href":"https:\/\/wp.ufpel.edu.br\/sei\/index.php?rest_route=%2Fwp%2Fv2%2Fcomments&post=142"}],"version-history":[{"count":3,"href":"https:\/\/wp.ufpel.edu.br\/sei\/index.php?rest_route=\/wp\/v2\/pages\/142\/revisions"}],"predecessor-version":[{"id":1999,"href":"https:\/\/wp.ufpel.edu.br\/sei\/index.php?rest_route=\/wp\/v2\/pages\/142\/revisions\/1999"}],"wp:attachment":[{"href":"https:\/\/wp.ufpel.edu.br\/sei\/index.php?rest_route=%2Fwp%2Fv2%2Fmedia&parent=142"}],"curies":[{"name":"wp","href":"https:\/\/api.w.org\/{rel}","templated":true}]}}