{"id":54,"date":"2019-03-15T23:08:53","date_gmt":"2019-03-16T02:08:53","guid":{"rendered":"https:\/\/wp.ufpel.edu.br\/seged\/?page_id=54"},"modified":"2019-08-24T01:30:38","modified_gmt":"2019-08-24T04:30:38","slug":"palestrantes","status":"publish","type":"page","link":"https:\/\/wp.ufpel.edu.br\/seged\/palestrantes\/","title":{"rendered":"Palestrantes"},"content":{"rendered":"<p>&nbsp;<\/p>\n<p>&nbsp;<\/p>\n<table style=\"height: 1992px\">\n<tbody>\n<tr style=\"height: 240px\">\n<td style=\"width: 331px;height: 213px;text-align: center\">\n<h4><a href=\"https:\/\/wp.ufpel.edu.br\/seged\/files\/2019\/06\/Marl\u00facia-Martins-e1559653912948.jpg\"><img loading=\"lazy\" decoding=\"async\" class=\"wp-image-111 aligncenter\" src=\"https:\/\/wp.ufpel.edu.br\/seged\/files\/2019\/06\/Marl\u00facia-Martins-e1559653912948-400x237.jpg\" alt=\"\" width=\"233\" height=\"138\" srcset=\"https:\/\/wp.ufpel.edu.br\/seged\/files\/2019\/06\/Marl\u00facia-Martins-e1559653912948-400x237.jpg 400w, https:\/\/wp.ufpel.edu.br\/seged\/files\/2019\/06\/Marl\u00facia-Martins-e1559653912948.jpg 439w\" sizes=\"auto, (max-width: 233px) 100vw, 233px\" \/><\/a><a href=\"http:\/\/lattes.cnpq.br\/8882047165338427\" target=\"_blank\" rel=\"noopener noreferrer\"><strong>MARL\u00daCIA BONIF\u00c1CIO MARTINS<\/strong><\/a><\/h4>\n<h4><em>Museu Paraense Em\u00edlio Goeldi &#8211; Brasil<\/em><\/h4>\n<\/td>\n<td style=\"width: 331px;height: 213px;text-align: center\">\n<h4><a style=\"font-size: 13px\" href=\"https:\/\/wp.ufpel.edu.br\/seged\/files\/2019\/06\/Mariana-Mateos-2.jpg\"><img loading=\"lazy\" decoding=\"async\" class=\"wp-image-122 aligncenter\" src=\"https:\/\/wp.ufpel.edu.br\/seged\/files\/2019\/06\/Mariana-Mateos-2.jpg\" alt=\"\" width=\"127\" height=\"180\" \/><\/a><strong><a href=\"http:\/\/people.tamu.edu\/~mmateos\/mateoslab\/Home.html\" target=\"_blank\" rel=\"noopener noreferrer\">MARIANA MATEOS<\/a>\u00a0<\/strong><\/h4>\n<h4><em>Texas A&amp;M University &#8211; EUA<\/em><\/h4>\n<\/td>\n<\/tr>\n<tr style=\"height: 197px\">\n<td style=\"width: 331px;height: 146px;text-align: center\"><a style=\"font-size: 13px\" href=\"https:\/\/wp.ufpel.edu.br\/seged\/files\/2019\/06\/Rosangela_Santa-Brigida.jpg\"><img loading=\"lazy\" decoding=\"async\" class=\"wp-image-126 aligncenter\" src=\"https:\/\/wp.ufpel.edu.br\/seged\/files\/2019\/06\/Rosangela_Santa-Brigida.jpg\" alt=\"\" width=\"143\" height=\"143\" srcset=\"https:\/\/wp.ufpel.edu.br\/seged\/files\/2019\/06\/Rosangela_Santa-Brigida.jpg 128w, https:\/\/wp.ufpel.edu.br\/seged\/files\/2019\/06\/Rosangela_Santa-Brigida-50x50.jpg 50w\" sizes=\"auto, (max-width: 143px) 100vw, 143px\" \/><\/a><\/p>\n<h4><strong><a href=\"http:\/\/lattes.cnpq.br\/0919486585632840\" target=\"_blank\" rel=\"noopener noreferrer\">ROS\u00c2NGELA SANTA BR\u00cdGIDA COSTA<\/a><\/strong><\/h4>\n<h4><em>Universidade Federal do Paran\u00e1 &#8211; Brasil<\/em><\/h4>\n<h4><\/h4>\n<\/td>\n<td style=\"width: 331px;height: 146px;text-align: center\">\n<h4><a style=\"font-family: 'Helvetica Neue', Helvetica, Arial, sans-serif;font-size: 13px;font-style: normal;font-weight: 400\" href=\"https:\/\/wp.ufpel.edu.br\/seged\/files\/2019\/06\/Henrique-Valad\u00e3o.jpg\"><img loading=\"lazy\" decoding=\"async\" class=\"wp-image-116 aligncenter\" src=\"https:\/\/wp.ufpel.edu.br\/seged\/files\/2019\/06\/Henrique-Valad\u00e3o-400x300.jpg\" alt=\"\" width=\"209\" height=\"157\" srcset=\"https:\/\/wp.ufpel.edu.br\/seged\/files\/2019\/06\/Henrique-Valad\u00e3o-400x300.jpg 400w, https:\/\/wp.ufpel.edu.br\/seged\/files\/2019\/06\/Henrique-Valad\u00e3o-768x576.jpg 768w, https:\/\/wp.ufpel.edu.br\/seged\/files\/2019\/06\/Henrique-Valad\u00e3o-1024x768.jpg 1024w\" sizes=\"auto, (max-width: 209px) 100vw, 209px\" \/><\/a><\/h4>\n<h4 style=\"font-family: 'Helvetica Neue', Helvetica, Arial, sans-serif;font-size: 13px;font-style: normal;font-weight: 400\"><strong><a style=\"font-size: 13px\" href=\"http:\/\/lattes.cnpq.br\/4087164293299989\" target=\"_blank\" rel=\"noopener noreferrer\">HENRIQUE VALAD\u00c3O DE OLIVEIRA<\/a><\/strong><\/h4>\n<h4 style=\"font-family: 'Helvetica Neue', Helvetica, Arial, sans-serif;font-size: 13px;font-style: normal;font-weight: 400\"><em style=\"font-size: 13px\">Instituto Federal Catarinense &#8211; Brasil<\/em><\/h4>\n<\/td>\n<\/tr>\n<tr style=\"height: 190px\">\n<td style=\"width: 331px;height: 190px;text-align: center\"><a href=\"https:\/\/wp.ufpel.edu.br\/seged\/files\/2019\/06\/juliana-cordeiro.jpg\"><img loading=\"lazy\" decoding=\"async\" class=\"wp-image-119 aligncenter\" src=\"https:\/\/wp.ufpel.edu.br\/seged\/files\/2019\/06\/juliana-cordeiro.jpg\" alt=\"\" width=\"144\" height=\"144\" srcset=\"https:\/\/wp.ufpel.edu.br\/seged\/files\/2019\/06\/juliana-cordeiro.jpg 128w, https:\/\/wp.ufpel.edu.br\/seged\/files\/2019\/06\/juliana-cordeiro-50x50.jpg 50w\" sizes=\"auto, (max-width: 144px) 100vw, 144px\" \/><\/a><\/p>\n<h4><strong><a href=\"http:\/\/lattes.cnpq.br\/7801464080743088\" target=\"_blank\" rel=\"noopener noreferrer\">JULIANA CORDEIRO<\/a><\/strong><\/h4>\n<h4><em>Universidade Federal de Pelotas &#8211; Brasil<\/em><\/h4>\n<\/td>\n<td style=\"width: 331px;height: 190px;text-align: center\"><a href=\"https:\/\/wp.ufpel.edu.br\/seged\/files\/2019\/06\/Ignacio_Soto.jpg\"><img loading=\"lazy\" decoding=\"async\" class=\"wp-image-117 aligncenter\" src=\"https:\/\/wp.ufpel.edu.br\/seged\/files\/2019\/06\/Ignacio_Soto.jpg\" alt=\"\" width=\"150\" height=\"150\" srcset=\"https:\/\/wp.ufpel.edu.br\/seged\/files\/2019\/06\/Ignacio_Soto.jpg 128w, https:\/\/wp.ufpel.edu.br\/seged\/files\/2019\/06\/Ignacio_Soto-50x50.jpg 50w\" sizes=\"auto, (max-width: 150px) 100vw, 150px\" \/><\/a><\/p>\n<h4><strong><a href=\"https:\/\/www.researchgate.net\/profile\/Ignacio_Soto2\" target=\"_blank\" rel=\"noopener noreferrer\">IGN\u00c1CIO SOTO<\/a><\/strong><\/h4>\n<h4><em>Universidad de Buenos Ayres &#8211; Argentina<\/em><\/h4>\n<\/td>\n<\/tr>\n<tr style=\"height: 216px\">\n<td style=\"width: 331px;height: 216px;text-align: center\"><a href=\"https:\/\/wp.ufpel.edu.br\/seged\/files\/2019\/06\/Lizandra-Robe.jpg\"><img loading=\"lazy\" decoding=\"async\" class=\"wp-image-120 aligncenter\" src=\"https:\/\/wp.ufpel.edu.br\/seged\/files\/2019\/06\/Lizandra-Robe-331x400.jpg\" alt=\"\" width=\"146\" height=\"176\" srcset=\"https:\/\/wp.ufpel.edu.br\/seged\/files\/2019\/06\/Lizandra-Robe-331x400.jpg 331w, https:\/\/wp.ufpel.edu.br\/seged\/files\/2019\/06\/Lizandra-Robe.jpg 443w\" sizes=\"auto, (max-width: 146px) 100vw, 146px\" \/><\/a><\/p>\n<h4><strong><a href=\"http:\/\/lattes.cnpq.br\/0384455492228279\" target=\"_blank\" rel=\"noopener noreferrer\">LIZANDRA ROBE<\/a><\/strong><\/h4>\n<h4><em>Universidade Federal de Santa Maria &#8211; Brasil<\/em><\/h4>\n<\/td>\n<td style=\"width: 331px;height: 216px;text-align: center\"><a href=\"https:\/\/wp.ufpel.edu.br\/seged\/files\/2019\/06\/Rebeca-Zanini.jpg\"><img loading=\"lazy\" decoding=\"async\" class=\"wp-image-124 aligncenter\" src=\"https:\/\/wp.ufpel.edu.br\/seged\/files\/2019\/06\/Rebeca-Zanini-400x256.jpg\" alt=\"\" width=\"225\" height=\"144\" srcset=\"https:\/\/wp.ufpel.edu.br\/seged\/files\/2019\/06\/Rebeca-Zanini-400x256.jpg 400w, https:\/\/wp.ufpel.edu.br\/seged\/files\/2019\/06\/Rebeca-Zanini.jpg 756w\" sizes=\"auto, (max-width: 225px) 100vw, 225px\" \/><\/a><\/p>\n<h4><strong><a href=\"http:\/\/lattes.cnpq.br\/7033031635254107\" target=\"_blank\" rel=\"noopener noreferrer\">REBECA ZANINI<\/a><\/strong><\/h4>\n<h4><em>Universidade Federal do Rio Grande do Sul &#8211; Brasil<\/em><\/h4>\n<\/td>\n<\/tr>\n<tr style=\"height: 256px\">\n<td style=\"width: 331px;height: 256px;text-align: center\"><a href=\"https:\/\/wp.ufpel.edu.br\/seged\/files\/2019\/06\/Evandro-Marsola-de-Moraes.jpg\"><img loading=\"lazy\" decoding=\"async\" class=\"wp-image-114 aligncenter\" src=\"https:\/\/wp.ufpel.edu.br\/seged\/files\/2019\/06\/Evandro-Marsola-de-Moraes-300x400.jpg\" alt=\"\" width=\"162\" height=\"216\" srcset=\"https:\/\/wp.ufpel.edu.br\/seged\/files\/2019\/06\/Evandro-Marsola-de-Moraes-300x400.jpg 300w, https:\/\/wp.ufpel.edu.br\/seged\/files\/2019\/06\/Evandro-Marsola-de-Moraes-768x1024.jpg 768w, https:\/\/wp.ufpel.edu.br\/seged\/files\/2019\/06\/Evandro-Marsola-de-Moraes.jpg 960w\" sizes=\"auto, (max-width: 162px) 100vw, 162px\" \/><\/a><\/p>\n<h4><strong><a href=\"http:\/\/lattes.cnpq.br\/3100796431732251\" target=\"_blank\" rel=\"noopener noreferrer\">EVANDRO MARSOLA DE MORAES<\/a><\/strong><\/h4>\n<h4><em>Universidade Federal de S\u00e3o Carlos &#8211; Brasil<\/em><\/h4>\n<\/td>\n<td style=\"width: 331px;height: 256px;text-align: center\"><a href=\"https:\/\/wp.ufpel.edu.br\/seged\/files\/2019\/06\/Cristina-Vieira.jpg\"><img loading=\"lazy\" decoding=\"async\" class=\"wp-image-113 aligncenter\" src=\"https:\/\/wp.ufpel.edu.br\/seged\/files\/2019\/06\/Cristina-Vieira.jpg\" alt=\"\" width=\"146\" height=\"213\" \/><\/a><\/p>\n<h4><strong><a href=\"https:\/\/lbbe.univ-lyon1.fr\/-Vieira-Heddi-Cristina-.html?lang=fr\" target=\"_blank\" rel=\"noopener noreferrer\"><span style=\"font-family: 'Helvetica Neue', Helvetica, Arial, sans-serif;font-size: 13px;font-style: normal\">CRISTINA VIEIRA<\/span><\/a><\/strong><\/h4>\n<h4><em>Universit\u00e9 de Lyon &#8211; Fran\u00e7a<\/em><\/h4>\n<\/td>\n<\/tr>\n<tr style=\"height: 245px\">\n<td style=\"width: 331px;height: 218px;text-align: center\"><a href=\"https:\/\/wp.ufpel.edu.br\/seged\/files\/2019\/06\/Gilberto-Cavalheiro.jpg\"><img loading=\"lazy\" decoding=\"async\" class=\"wp-image-115 aligncenter\" src=\"https:\/\/wp.ufpel.edu.br\/seged\/files\/2019\/06\/Gilberto-Cavalheiro-335x400.jpg\" alt=\"\" width=\"146\" height=\"171\" \/><\/a><\/p>\n<h4><strong><a href=\"http:\/\/lattes.cnpq.br\/4415149083560868\" target=\"_blank\" rel=\"noopener noreferrer\">GILBERTO CAVALHEIRO VIEIRA<\/a><\/strong><\/h4>\n<h4><em>Universidade Federal do Rio Grande do Sul &#8211; Brasil<\/em><\/h4>\n<\/td>\n<td style=\"width: 331px;height: 218px;text-align: center\"><a href=\"https:\/\/wp.ufpel.edu.br\/seged\/files\/2019\/06\/Maria-Dulcinetti.jpg\"><img loading=\"lazy\" decoding=\"async\" class=\"wp-image-121 aligncenter\" src=\"https:\/\/wp.ufpel.edu.br\/seged\/files\/2019\/06\/Maria-Dulcinetti-300x400.jpg\" alt=\"\" width=\"154\" height=\"206\" srcset=\"https:\/\/wp.ufpel.edu.br\/seged\/files\/2019\/06\/Maria-Dulcinetti-300x400.jpg 300w, https:\/\/wp.ufpel.edu.br\/seged\/files\/2019\/06\/Maria-Dulcinetti.jpg 480w\" sizes=\"auto, (max-width: 154px) 100vw, 154px\" \/><\/a><\/p>\n<h4><strong><a href=\"http:\/\/lattes.cnpq.br\/2935314828387498\" target=\"_blank\" rel=\"noopener noreferrer\">MARIA DULCETTI VIBRANOVSKI<\/a><\/strong><\/h4>\n<h4><em>Universidade de S\u00e3o Paulo &#8211; Brasil<\/em><\/h4>\n<p>&nbsp;<\/td>\n<\/tr>\n<tr style=\"height: 225px\">\n<td style=\"width: 331px;height: 225px;text-align: center\"><a href=\"https:\/\/wp.ufpel.edu.br\/seged\/files\/2019\/06\/Mar\u00edndia-Depr\u00e1.jpg\"><img loading=\"lazy\" decoding=\"async\" class=\"wp-image-123 aligncenter\" src=\"https:\/\/wp.ufpel.edu.br\/seged\/files\/2019\/06\/Mar\u00edndia-Depr\u00e1-400x300.jpg\" alt=\"\" width=\"195\" height=\"146\" srcset=\"https:\/\/wp.ufpel.edu.br\/seged\/files\/2019\/06\/Mar\u00edndia-Depr\u00e1-400x300.jpg 400w, https:\/\/wp.ufpel.edu.br\/seged\/files\/2019\/06\/Mar\u00edndia-Depr\u00e1-768x576.jpg 768w, https:\/\/wp.ufpel.edu.br\/seged\/files\/2019\/06\/Mar\u00edndia-Depr\u00e1-1024x768.jpg 1024w\" sizes=\"auto, (max-width: 195px) 100vw, 195px\" \/><\/a><\/p>\n<h4><strong><a href=\"http:\/\/lattes.cnpq.br\/8576089809365637\" target=\"_blank\" rel=\"noopener noreferrer\">MAR\u00cdNDIA DEPR\u00c1<\/a><\/strong><\/h4>\n<h4><em>Universidade Federal do Rio Grande do Sul &#8211; Brasil<\/em><\/h4>\n<\/td>\n<td style=\"width: 331px;height: 225px;text-align: center\"><img loading=\"lazy\" decoding=\"async\" class=\"wp-image-125 aligncenter\" src=\"https:\/\/wp.ufpel.edu.br\/seged\/files\/2019\/06\/Ricardo.jpg\" alt=\"\" width=\"185\" height=\"186\" srcset=\"https:\/\/wp.ufpel.edu.br\/seged\/files\/2019\/06\/Ricardo.jpg 128w, https:\/\/wp.ufpel.edu.br\/seged\/files\/2019\/06\/Ricardo-50x50.jpg 50w\" sizes=\"auto, (max-width: 185px) 100vw, 185px\" \/><\/p>\n<h4><strong><a href=\"http:\/\/lattes.cnpq.br\/6946096826420400\" target=\"_blank\" rel=\"noopener noreferrer\"><span style=\"font-family: 'Helvetica Neue', Helvetica, Arial, sans-serif;font-size: 13px;font-style: normal\">RICARDO GUELERMAN PINHEIRO\u00a0<\/span><span style=\"font-family: 'Helvetica Neue', Helvetica, Arial, sans-serif;font-size: 13px;font-style: normal\">RAMOS<\/span><\/a><\/strong><\/h4>\n<h4><em>Universidade de S\u00e3o Paulo &#8211; Brasil<\/em><\/h4>\n<\/td>\n<\/tr>\n<tr style=\"height: 267px\">\n<td style=\"width: 331px;height: 235px;text-align: center\"><a href=\"https:\/\/wp.ufpel.edu.br\/seged\/files\/2019\/06\/Ana-de-Medeiros.jpg\"><img loading=\"lazy\" decoding=\"async\" class=\"wp-image-112 aligncenter\" src=\"https:\/\/wp.ufpel.edu.br\/seged\/files\/2019\/06\/Ana-de-Medeiros-400x400.jpg\" alt=\"\" width=\"154\" height=\"154\" srcset=\"https:\/\/wp.ufpel.edu.br\/seged\/files\/2019\/06\/Ana-de-Medeiros-400x400.jpg 400w, https:\/\/wp.ufpel.edu.br\/seged\/files\/2019\/06\/Ana-de-Medeiros-200x200.jpg 200w, https:\/\/wp.ufpel.edu.br\/seged\/files\/2019\/06\/Ana-de-Medeiros-768x768.jpg 768w, https:\/\/wp.ufpel.edu.br\/seged\/files\/2019\/06\/Ana-de-Medeiros-50x50.jpg 50w, https:\/\/wp.ufpel.edu.br\/seged\/files\/2019\/06\/Ana-de-Medeiros.jpg 960w\" sizes=\"auto, (max-width: 154px) 100vw, 154px\" \/><\/a><\/p>\n<h4><strong><a href=\"http:\/\/lattes.cnpq.br\/6421310815879380\" target=\"_blank\" rel=\"noopener noreferrer\">ANA DE MEDEIROS ARNT<\/a><\/strong><\/h4>\n<h4><em>Universidade Estadual de Campinas &#8211; Brasil<\/em><\/h4>\n<\/td>\n<td style=\"width: 331px;height: 235px;text-align: center\"><a href=\"https:\/\/wp.ufpel.edu.br\/seged\/files\/2019\/06\/Jean-David.jpg\"><img loading=\"lazy\" decoding=\"async\" class=\"wp-image-118 aligncenter\" src=\"https:\/\/wp.ufpel.edu.br\/seged\/files\/2019\/06\/Jean-David.jpg\" alt=\"\" width=\"188\" height=\"227\" \/><\/a><\/p>\n<h4><strong><a href=\"https:\/\/www.researchgate.net\/profile\/Jean_David\" target=\"_blank\" rel=\"noopener noreferrer\">JEAN DAVID<\/a><\/strong><\/h4>\n<h4><em>Universit\u00e9 de Lyon &#8211; Fran\u00e7a<\/em><\/h4>\n<\/td>\n<\/tr>\n<tr style=\"height: 39px\">\n<td style=\"width: 331px;height: 39px;text-align: center\"><a href=\"https:\/\/wp.ufpel.edu.br\/seged\/files\/2019\/08\/Rogerio_Mateus.jpeg\"><img loading=\"lazy\" decoding=\"async\" class=\"wp-image-272 aligncenter\" src=\"https:\/\/wp.ufpel.edu.br\/seged\/files\/2019\/08\/Rogerio_Mateus-400x400.jpeg\" alt=\"\" width=\"170\" height=\"170\" srcset=\"https:\/\/wp.ufpel.edu.br\/seged\/files\/2019\/08\/Rogerio_Mateus-400x400.jpeg 400w, https:\/\/wp.ufpel.edu.br\/seged\/files\/2019\/08\/Rogerio_Mateus-200x200.jpeg 200w, https:\/\/wp.ufpel.edu.br\/seged\/files\/2019\/08\/Rogerio_Mateus-50x50.jpeg 50w, https:\/\/wp.ufpel.edu.br\/seged\/files\/2019\/08\/Rogerio_Mateus.jpeg 512w\" sizes=\"auto, (max-width: 170px) 100vw, 170px\" \/><\/a><\/p>\n<h4><strong><a href=\"http:\/\/lattes.cnpq.br\/3619196057484399\" target=\"_blank\" rel=\"noopener noreferrer\">ROG\u00c9RIO PINCELA MATEUS<\/a><\/strong><\/h4>\n<h4><em>Universidade\u00a0Estadual do Centro-Oeste &#8211; Brasil<\/em><\/h4>\n<\/td>\n<td style=\"width: 331px;height: 39px;text-align: center\">\n<h4><strong><a href=\"https:\/\/wp.ufpel.edu.br\/seged\/files\/2019\/08\/Andre_Pimentel3.jpeg\"><img loading=\"lazy\" decoding=\"async\" class=\"wp-image-275 aligncenter\" src=\"https:\/\/wp.ufpel.edu.br\/seged\/files\/2019\/08\/Andre_Pimentel3-400x400.jpeg\" alt=\"\" width=\"181\" height=\"181\" srcset=\"https:\/\/wp.ufpel.edu.br\/seged\/files\/2019\/08\/Andre_Pimentel3-400x400.jpeg 400w, https:\/\/wp.ufpel.edu.br\/seged\/files\/2019\/08\/Andre_Pimentel3-200x200.jpeg 200w, https:\/\/wp.ufpel.edu.br\/seged\/files\/2019\/08\/Andre_Pimentel3-50x50.jpeg 50w, https:\/\/wp.ufpel.edu.br\/seged\/files\/2019\/08\/Andre_Pimentel3.jpeg 512w\" sizes=\"auto, (max-width: 181px) 100vw, 181px\" \/><\/a><a href=\"http:\/\/lattes.cnpq.br\/7134879912374227\" target=\"_blank\" rel=\"noopener noreferrer\">ANDRE COPPE PIMENTEL<\/a><\/strong><\/h4>\n<h4><em>Universidade de S\u00e3o Paulo &#8211; Brasil<\/em><\/h4>\n<\/td>\n<\/tr>\n<tr style=\"height: 39px\">\n<td style=\"width: 331px;height: 39px;text-align: center\"><a href=\"https:\/\/wp.ufpel.edu.br\/seged\/files\/2019\/08\/Screen-Shot-2019-08-24-at-01.21.24.png\"><img loading=\"lazy\" decoding=\"async\" class=\"wp-image-277 aligncenter\" src=\"https:\/\/wp.ufpel.edu.br\/seged\/files\/2019\/08\/Screen-Shot-2019-08-24-at-01.21.24.png\" alt=\"\" width=\"177\" height=\"165\" \/><\/a><\/p>\n<h4><strong><a href=\"http:\/\/lattes.cnpq.br\/1098352497211134\" target=\"_blank\" rel=\"noopener noreferrer\">GUILHERME DE REZENDE DIAS<\/a><\/strong><\/h4>\n<h4><em>Universidade Federal do Rio de Janeiro &#8211; Brasil<\/em><\/h4>\n<\/td>\n<td style=\"width: 331px;height: 39px;text-align: center\"><\/td>\n<\/tr>\n<tr style=\"height: 39px\">\n<td style=\"width: 331px;height: 39px;text-align: center\"><\/td>\n<td style=\"width: 331px;height: 39px;text-align: center\"><\/td>\n<\/tr>\n<tr style=\"height: 39px\">\n<td style=\"width: 331px;height: 39px;text-align: center\"><\/td>\n<td style=\"width: 331px;height: 39px;text-align: center\"><\/td>\n<\/tr>\n<\/tbody>\n<\/table>\n<p>&nbsp;<\/p>\n","protected":false},"excerpt":{"rendered":"<p>&nbsp; &nbsp; MARL\u00daCIA BONIF\u00c1CIO MARTINS Museu Paraense Em\u00edlio Goeldi &#8211; Brasil MARIANA MATEOS\u00a0 Texas A&amp;M University &#8211; EUA ROS\u00c2NGELA SANTA BR\u00cdGIDA COSTA Universidade Federal do Paran\u00e1 &#8211; Brasil HENRIQUE VALAD\u00c3O DE OLIVEIRA Instituto Federal Catarinense &#8211; Brasil JULIANA CORDEIRO Universidade Federal de Pelotas &#8211; Brasil IGN\u00c1CIO SOTO Universidad de Buenos Ayres &#8211; Argentina LIZANDRA ROBE&hellip;<\/p>\n","protected":false},"author":900,"featured_media":0,"parent":0,"menu_order":0,"comment_status":"closed","ping_status":"closed","template":"","meta":{"footnotes":""},"class_list":["post-54","page","type-page","status-publish","hentry"],"_links":{"self":[{"href":"https:\/\/wp.ufpel.edu.br\/seged\/wp-json\/wp\/v2\/pages\/54","targetHints":{"allow":["GET"]}}],"collection":[{"href":"https:\/\/wp.ufpel.edu.br\/seged\/wp-json\/wp\/v2\/pages"}],"about":[{"href":"https:\/\/wp.ufpel.edu.br\/seged\/wp-json\/wp\/v2\/types\/page"}],"author":[{"embeddable":true,"href":"https:\/\/wp.ufpel.edu.br\/seged\/wp-json\/wp\/v2\/users\/900"}],"replies":[{"embeddable":true,"href":"https:\/\/wp.ufpel.edu.br\/seged\/wp-json\/wp\/v2\/comments?post=54"}],"version-history":[{"count":15,"href":"https:\/\/wp.ufpel.edu.br\/seged\/wp-json\/wp\/v2\/pages\/54\/revisions"}],"predecessor-version":[{"id":278,"href":"https:\/\/wp.ufpel.edu.br\/seged\/wp-json\/wp\/v2\/pages\/54\/revisions\/278"}],"wp:attachment":[{"href":"https:\/\/wp.ufpel.edu.br\/seged\/wp-json\/wp\/v2\/media?parent=54"}],"curies":[{"name":"wp","href":"https:\/\/api.w.org\/{rel}","templated":true}]}}