{"id":20,"date":"2019-01-16T14:07:07","date_gmt":"2019-01-16T16:07:07","guid":{"rendered":"https:\/\/wp.ufpel.edu.br\/seged\/?page_id=20"},"modified":"2019-09-11T22:19:43","modified_gmt":"2019-09-12T01:19:43","slug":"historico","status":"publish","type":"page","link":"https:\/\/wp.ufpel.edu.br\/seged\/historico\/","title":{"rendered":"Hist\u00f3rico"},"content":{"rendered":"<p><span data-contrast=\"auto\">O Simp\u00f3sio de Ecologia, Gen\u00e9tica e Evolu\u00e7\u00e3o de\u00a0<\/span><i><span data-contrast=\"auto\">Drosophila<\/span><\/i><span data-contrast=\"auto\">\u00a0vem sendo realizado\u00a0<\/span><span data-contrast=\"auto\">bianualmente<\/span><span data-contrast=\"auto\">\u00a0desde 1999 e j\u00e1 se estabeleceu como o evento mais importante para reuni\u00e3o e debate da comunidade\u00a0<\/span><span data-contrast=\"auto\">drosofilista<\/span><span data-contrast=\"auto\">\u00a0brasileira. Este evento tem contado com a presen\u00e7a constante de convidados e colaboradores de outros pa\u00edses da Am\u00e9rica do Sul, Am\u00e9rica do Norte e Europa. A primeira edi\u00e7\u00e3o foi realizada em 1999 na cidade do Rio de Janeiro, com a coordena\u00e7\u00e3o da Dra. Blanche Christine\u00a0<\/span><span data-contrast=\"auto\">Bitner-Math\u00e9<\/span><span data-contrast=\"auto\">\u00a0(UFRJ), a partir da sugest\u00e3o e est\u00edmulo do Dr. Jean David (CNRS, Fran\u00e7a), colaborador de longa data da pesquisa realizada com\u00a0<\/span><i><span data-contrast=\"auto\">Drosophila<\/span><\/i><span data-contrast=\"auto\">\u00a0no Brasil. Desde ent\u00e3o, os principais grupos de pesquisa em\u00a0<\/span><i><span data-contrast=\"auto\">Drosophila<\/span><\/i><span data-contrast=\"auto\">\u00a0no Brasil t\u00eam se comprometido na organiza\u00e7\u00e3o dos eventos posteriores, discriminados a seguir:<\/span><span data-ccp-props=\"{&quot;201341983&quot;:0,&quot;335551550&quot;:6,&quot;335551620&quot;:6,&quot;335559731&quot;:708,&quot;335559739&quot;:160,&quot;335559740&quot;:360}\">\u00a0<\/span><\/p>\n<p><b><span data-contrast=\"auto\">1999:<\/span><\/b><span data-contrast=\"auto\">\u00a0Rio de Janeiro (RJ), sob a coordena\u00e7\u00e3o da Dra. Blanche Christine\u00a0<\/span><span data-contrast=\"auto\">Bitner-Math\u00e9<\/span><span data-contrast=\"auto\">\u00a0(Universidade Federal do Rio de Janeiro).<\/span><span data-ccp-props=\"{&quot;201341983&quot;:0,&quot;335551550&quot;:6,&quot;335551620&quot;:6,&quot;335559739&quot;:160,&quot;335559740&quot;:360}\">\u00a0<\/span><\/p>\n<p><b><span data-contrast=\"auto\">2001:<\/span><\/b><span data-contrast=\"auto\">\u00a0S\u00e3o Jos\u00e9 do Rio Preto (SP), sob a coordena\u00e7\u00e3o das Dras. Hermione E.<\/span><span data-contrast=\"auto\">\u00a0<\/span><span data-contrast=\"auto\">M.<\/span><span data-contrast=\"auto\">\u00a0<\/span><span data-contrast=\"auto\">C. Bicudo, Marlene K. Kobayashi e Lilian\u00a0<\/span><span data-contrast=\"auto\">Madi<\/span><span data-contrast=\"auto\">-Ravazzi (Universidade Estadual Paulista).<\/span><span data-ccp-props=\"{&quot;201341983&quot;:0,&quot;335551550&quot;:6,&quot;335551620&quot;:6,&quot;335559739&quot;:160,&quot;335559740&quot;:360}\">\u00a0<\/span><\/p>\n<p><b><span data-contrast=\"auto\">2003:<\/span><\/b><span data-contrast=\"auto\">\u00a0Porto Alegre (RS), sob a coordena\u00e7\u00e3o da Dra. Vera L.<\/span><span data-contrast=\"auto\">\u00a0<\/span><span data-contrast=\"auto\">S.<\/span><span data-contrast=\"auto\">\u00a0<\/span><span data-contrast=\"auto\">Valente\u00a0<\/span><span data-contrast=\"auto\">Gaiesky<\/span><span data-contrast=\"auto\">\u00a0(Universidade Federal do Rio Grande do Sul).<\/span><span data-ccp-props=\"{&quot;201341983&quot;:0,&quot;335551550&quot;:6,&quot;335551620&quot;:6,&quot;335559739&quot;:160,&quot;335559740&quot;:360}\">\u00a0<\/span><\/p>\n<p><b><span data-contrast=\"auto\">2005:<\/span><\/b><span data-contrast=\"auto\">\u00a0Campinas (SP), sob a coordena\u00e7\u00e3o do Dr. Louis Bernard\u00a0<\/span><span data-contrast=\"auto\">Klaczko<\/span><span data-contrast=\"auto\">\u00a0(Universidade estadual de Campinas).<\/span><span data-ccp-props=\"{&quot;201341983&quot;:0,&quot;335551550&quot;:6,&quot;335551620&quot;:6,&quot;335559739&quot;:160,&quot;335559740&quot;:360}\">\u00a0<\/span><\/p>\n<p><b><span data-contrast=\"auto\">2007:<\/span><\/b><span data-contrast=\"auto\">\u00a0Ribeir\u00e3o Preto (SP), sob a coordena\u00e7\u00e3o do Dr. F\u00e1bio de Melo Sene e da Dra. Maura H.\u00a0<\/span><span data-contrast=\"auto\">Manfrin<\/span><span data-contrast=\"auto\">\u00a0(Universidade de S\u00e3o Paulo).<\/span><span data-ccp-props=\"{&quot;201341983&quot;:0,&quot;335551550&quot;:6,&quot;335551620&quot;:6,&quot;335559739&quot;:160,&quot;335559740&quot;:360}\">\u00a0<\/span><\/p>\n<p><b><span data-contrast=\"auto\">2009:<\/span><\/b><span data-contrast=\"auto\">\u00a0Florian\u00f3polis (SC), sob a coordena\u00e7\u00e3o do Dr. Paulo R.<\/span><span data-contrast=\"auto\">\u00a0<\/span><span data-contrast=\"auto\">P. Hofmann (Universidade Federal de Santa Catarina).<\/span><span data-ccp-props=\"{&quot;201341983&quot;:0,&quot;335551550&quot;:6,&quot;335551620&quot;:6,&quot;335559739&quot;:160,&quot;335559740&quot;:360}\">\u00a0<\/span><\/p>\n<p><b><span data-contrast=\"auto\">2011:<\/span><\/b><span data-contrast=\"auto\">\u00a0Bel\u00e9m (PA), sob a coordena\u00e7\u00e3o da Dra.\u00a0<\/span><span data-contrast=\"auto\">Marl\u00facia<\/span><span data-contrast=\"auto\">\u00a0<\/span><span data-contrast=\"auto\">B.\u00a0<\/span><span data-contrast=\"auto\">Martins (Museu Paraense Em\u00edlio Goeldi).<\/span><span data-ccp-props=\"{&quot;201341983&quot;:0,&quot;335551550&quot;:6,&quot;335551620&quot;:6,&quot;335559739&quot;:160,&quot;335559740&quot;:360}\">\u00a0<\/span><\/p>\n<p><b><span data-contrast=\"auto\">2013:<\/span><\/b><span data-contrast=\"auto\">\u00a0Porto de Galinhas (PE), sob a coordena\u00e7\u00e3o da Dra. Claudia\u00a0<\/span><span data-contrast=\"auto\">Rodhe<\/span><span data-contrast=\"auto\">\u00a0(Universidade Federal de Pernambuco).<\/span><span data-ccp-props=\"{&quot;201341983&quot;:0,&quot;335551550&quot;:6,&quot;335551620&quot;:6,&quot;335559739&quot;:160,&quot;335559740&quot;:360}\">\u00a0<\/span><\/p>\n<p><b><span data-contrast=\"auto\">2015:<\/span><\/b><span data-contrast=\"auto\">\u00a0Bras\u00edlia (DF), sob a coordena\u00e7\u00e3o da Dra. Rosana\u00a0<\/span><span data-contrast=\"auto\">Tidon<\/span><span data-contrast=\"auto\">\u00a0(Universidade de Bras\u00edlia).<\/span><span data-ccp-props=\"{&quot;201341983&quot;:0,&quot;335551550&quot;:6,&quot;335551620&quot;:6,&quot;335559739&quot;:160,&quot;335559740&quot;:360}\">\u00a0<\/span><\/p>\n<p><b><span data-contrast=\"auto\">2017:<\/span><\/b><span data-contrast=\"auto\">\u00a0Ouro Preto (MG), sob a coordena\u00e7\u00e3o do Dr. Gustavo Kuhn (Universidade de Minas Gerais)<\/span><span data-contrast=\"auto\">.<\/span><span data-ccp-props=\"{&quot;201341983&quot;:0,&quot;335551550&quot;:6,&quot;335551620&quot;:6,&quot;335559739&quot;:160,&quot;335559740&quot;:360}\">\u00a0<\/span><\/p>\n<p><span data-contrast=\"auto\">A d\u00e9cima primeira edi\u00e7\u00e3o do SEGED ser\u00e1 realizada em Pelotas\u00a0<\/span><span data-contrast=\"auto\">(<\/span><span data-contrast=\"auto\">RS<\/span><span data-contrast=\"auto\">)<\/span><span data-contrast=\"auto\">, na Universidade Federal de Pelotas, onde est\u00e1 vinculado o Dr. Marco Silva Gottschalk, coordenador da proposta, bem como\u00a0<\/span><span data-contrast=\"auto\">as<\/span><span data-contrast=\"auto\">\u00a0Dra<\/span><span data-contrast=\"auto\">s<\/span><span data-contrast=\"auto\">. Monica\u00a0<\/span><span data-contrast=\"auto\">Laner<\/span><span data-contrast=\"auto\">\u00a0<\/span><span data-contrast=\"auto\">Blauth<\/span><span data-contrast=\"auto\">\u00a0e Juliana Cordeiro.\u00a0<\/span><span data-contrast=\"auto\">Este grupo tem estudado Taxonomia, Ecologia e Gen\u00e9tica de Drosophilidae nesta universidade desde 2009.<\/span><\/p>\n<p>&nbsp;<\/p>\n<p><strong>Fotografias hist\u00f3ricas<\/strong><\/p>\n<p>Primeira reuni\u00e3o dos drosofil\u00edstas brasileiros &#8211; Julho 1988 &#8211; S\u00e3o Paulo<\/p>\n<p><a href=\"https:\/\/wp.ufpel.edu.br\/seged\/historico\/img_1129\/#main\" rel=\"attachment wp-att-369\"><img loading=\"lazy\" decoding=\"async\" class=\"alignnone size-full wp-image-369\" src=\"https:\/\/wp.ufpel.edu.br\/seged\/files\/2019\/09\/IMG_1129.jpg\" alt=\"\" width=\"640\" height=\"467\" srcset=\"https:\/\/wp.ufpel.edu.br\/seged\/files\/2019\/09\/IMG_1129.jpg 640w, https:\/\/wp.ufpel.edu.br\/seged\/files\/2019\/09\/IMG_1129-400x292.jpg 400w\" sizes=\"auto, (max-width: 640px) 100vw, 640px\" \/><\/a><\/p>\n<p><a href=\"https:\/\/wp.ufpel.edu.br\/seged\/historico\/img_1131\/#main\" rel=\"attachment wp-att-370\"><img loading=\"lazy\" decoding=\"async\" class=\"alignnone size-full wp-image-370\" src=\"https:\/\/wp.ufpel.edu.br\/seged\/files\/2019\/09\/IMG_1131.jpg\" alt=\"\" width=\"640\" height=\"485\" srcset=\"https:\/\/wp.ufpel.edu.br\/seged\/files\/2019\/09\/IMG_1131.jpg 640w, https:\/\/wp.ufpel.edu.br\/seged\/files\/2019\/09\/IMG_1131-400x303.jpg 400w\" sizes=\"auto, (max-width: 640px) 100vw, 640px\" \/><\/a><\/p>\n<p>&nbsp;<\/p>\n<p>Cartazes e fotografias do I Simp\u00f3sio de Ecologia, Gen\u00e9tica e Evolu\u00e7\u00e3o de\u00a0<em>Drosophila<\/em><\/p>\n<p><a href=\"https:\/\/wp.ufpel.edu.br\/seged\/historico\/i-seged_cartaz\/#main\" rel=\"attachment wp-att-371\"><img loading=\"lazy\" decoding=\"async\" class=\"alignnone size-full wp-image-371\" src=\"https:\/\/wp.ufpel.edu.br\/seged\/files\/2019\/09\/I-SEGED_cartaz.jpg\" alt=\"\" width=\"2590\" height=\"3727\" srcset=\"https:\/\/wp.ufpel.edu.br\/seged\/files\/2019\/09\/I-SEGED_cartaz.jpg 2590w, https:\/\/wp.ufpel.edu.br\/seged\/files\/2019\/09\/I-SEGED_cartaz-278x400.jpg 278w, https:\/\/wp.ufpel.edu.br\/seged\/files\/2019\/09\/I-SEGED_cartaz-768x1105.jpg 768w, https:\/\/wp.ufpel.edu.br\/seged\/files\/2019\/09\/I-SEGED_cartaz-712x1024.jpg 712w\" sizes=\"auto, (max-width: 2590px) 100vw, 2590px\" \/><\/a><\/p>\n<p><a href=\"https:\/\/wp.ufpel.edu.br\/seged\/historico\/i-seged_cartaz-pos-evento\/#main\" rel=\"attachment wp-att-372\"><img loading=\"lazy\" decoding=\"async\" class=\"alignnone size-full wp-image-372\" src=\"https:\/\/wp.ufpel.edu.br\/seged\/files\/2019\/09\/I-SEGED_cartaz-pos-evento.jpeg\" alt=\"\" width=\"2299\" height=\"3235\" srcset=\"https:\/\/wp.ufpel.edu.br\/seged\/files\/2019\/09\/I-SEGED_cartaz-pos-evento.jpeg 2299w, https:\/\/wp.ufpel.edu.br\/seged\/files\/2019\/09\/I-SEGED_cartaz-pos-evento-284x400.jpeg 284w, https:\/\/wp.ufpel.edu.br\/seged\/files\/2019\/09\/I-SEGED_cartaz-pos-evento-768x1081.jpeg 768w, https:\/\/wp.ufpel.edu.br\/seged\/files\/2019\/09\/I-SEGED_cartaz-pos-evento-728x1024.jpeg 728w\" sizes=\"auto, (max-width: 2299px) 100vw, 2299px\" \/><\/a><\/p>\n","protected":false},"excerpt":{"rendered":"<p>O Simp\u00f3sio de Ecologia, Gen\u00e9tica e Evolu\u00e7\u00e3o de\u00a0Drosophila\u00a0vem sendo realizado\u00a0bianualmente\u00a0desde 1999 e j\u00e1 se estabeleceu como o evento mais importante para reuni\u00e3o e debate da comunidade\u00a0drosofilista\u00a0brasileira. Este evento tem contado com a presen\u00e7a constante de convidados e colaboradores de outros pa\u00edses da Am\u00e9rica do Sul, Am\u00e9rica do Norte e Europa. A primeira edi\u00e7\u00e3o foi realizada&hellip;<\/p>\n","protected":false},"author":900,"featured_media":0,"parent":0,"menu_order":0,"comment_status":"closed","ping_status":"closed","template":"","meta":{"footnotes":""},"class_list":["post-20","page","type-page","status-publish","hentry"],"_links":{"self":[{"href":"https:\/\/wp.ufpel.edu.br\/seged\/wp-json\/wp\/v2\/pages\/20","targetHints":{"allow":["GET"]}}],"collection":[{"href":"https:\/\/wp.ufpel.edu.br\/seged\/wp-json\/wp\/v2\/pages"}],"about":[{"href":"https:\/\/wp.ufpel.edu.br\/seged\/wp-json\/wp\/v2\/types\/page"}],"author":[{"embeddable":true,"href":"https:\/\/wp.ufpel.edu.br\/seged\/wp-json\/wp\/v2\/users\/900"}],"replies":[{"embeddable":true,"href":"https:\/\/wp.ufpel.edu.br\/seged\/wp-json\/wp\/v2\/comments?post=20"}],"version-history":[{"count":4,"href":"https:\/\/wp.ufpel.edu.br\/seged\/wp-json\/wp\/v2\/pages\/20\/revisions"}],"predecessor-version":[{"id":374,"href":"https:\/\/wp.ufpel.edu.br\/seged\/wp-json\/wp\/v2\/pages\/20\/revisions\/374"}],"wp:attachment":[{"href":"https:\/\/wp.ufpel.edu.br\/seged\/wp-json\/wp\/v2\/media?parent=20"}],"curies":[{"name":"wp","href":"https:\/\/api.w.org\/{rel}","templated":true}]}}