{"id":22,"date":"2014-08-31T16:16:31","date_gmt":"2014-08-31T19:16:31","guid":{"rendered":"https:\/\/wp.ufpel.edu.br\/seazoo\/?page_id=22"},"modified":"2014-09-09T20:26:59","modified_gmt":"2014-09-09T23:26:59","slug":"comissao-organizadora","status":"publish","type":"page","link":"https:\/\/wp.ufpel.edu.br\/seazoo\/comissao-organizadora\/","title":{"rendered":"Comiss\u00e3o Organizadora"},"content":{"rendered":"<h3><strong>Coordena\u00e7\u00e3o<\/strong><\/h3>\n<hr \/>\n<h4>Prof Isabella Dias Barbosa Silveira<br \/>\nProf. Jerri Teixeira Zanusso<br \/>\nSheilla Madruga Moreira<br \/>\nLeandro De Conto<br \/>\nCristiano Hubner<br \/>\nNorma Dias Brasil<\/h4>\n<h3><strong>Colaboradores<\/strong><\/h3>\n<hr \/>\n<h4>Ana Carolina Marini<br \/>\nAndressa Chaves<br \/>\nAntonio Wrubleski Bogacki Neto<br \/>\nBruna Oliveira da Silva<br \/>\nCarolina Gaya<br \/>\nCaroline da Silva Wrague<br \/>\nCleiton da Silva Pottes<br \/>\n\u00c9rica Brandi Costa<br \/>\nFernanda Caroline Ballejo Ribeiro<br \/>\nHort\u00eancia Dias<br \/>\nJeferson Amaral da Silva<br \/>\nJ\u00e9ssica Salenave Ribeiro<br \/>\nJoana Krolow<br \/>\nJo\u00e3o Antonio da Cunha Aspir<br \/>\nJo\u00e3o Batista Colombo Martins<br \/>\nJohnatan Silveira Garcia<br \/>\nJoice Ramson<br \/>\nJulia Martins Rodrigues<br \/>\nJuliana Salies Souza<br \/>\nLeonel dos Santos Guido<br \/>\nLuan Silveira<br \/>\nLuciana de Almeida Peres de Ara\u00fajo<br \/>\nMatheus Ramos Faria<br \/>\nMonique Costa<br \/>\nOrley Souza Gon\u00e7alves Junior<br \/>\nPatr\u00edcia Pioner Velasco<br \/>\nRoberta Farias Silveira<br \/>\nRutiele Rickes<br \/>\nSamanta Silva de Sousa<br \/>\nTa\u00eds Helena Kivel<br \/>\nWilliam Ulguim Pedra<\/h4>\n","protected":false},"excerpt":{"rendered":"<p>Coordena\u00e7\u00e3o Prof Isabella Dias Barbosa Silveira Prof. Jerri Teixeira Zanusso Sheilla Madruga Moreira Leandro De Conto Cristiano Hubner Norma Dias Brasil Colaboradores Ana Carolina Marini Andressa Chaves Antonio Wrubleski Bogacki Neto Bruna Oliveira da Silva Carolina Gaya Caroline da Silva Wrague Cleiton da Silva Pottes \u00c9rica Brandi Costa Fernanda Caroline Ballejo Ribeiro Hort\u00eancia Dias Jeferson &hellip; <\/p>\n<p><a class=\"more-link btn\" href=\"https:\/\/wp.ufpel.edu.br\/seazoo\/comissao-organizadora\/\">Continue lendo<\/a><\/p>\n","protected":false},"author":439,"featured_media":0,"parent":0,"menu_order":0,"comment_status":"closed","ping_status":"closed","template":"","meta":{"footnotes":""},"class_list":["post-22","page","type-page","status-publish","hentry","nodate","item-wrap"],"_links":{"self":[{"href":"https:\/\/wp.ufpel.edu.br\/seazoo\/wp-json\/wp\/v2\/pages\/22","targetHints":{"allow":["GET"]}}],"collection":[{"href":"https:\/\/wp.ufpel.edu.br\/seazoo\/wp-json\/wp\/v2\/pages"}],"about":[{"href":"https:\/\/wp.ufpel.edu.br\/seazoo\/wp-json\/wp\/v2\/types\/page"}],"author":[{"embeddable":true,"href":"https:\/\/wp.ufpel.edu.br\/seazoo\/wp-json\/wp\/v2\/users\/439"}],"replies":[{"embeddable":true,"href":"https:\/\/wp.ufpel.edu.br\/seazoo\/wp-json\/wp\/v2\/comments?post=22"}],"version-history":[{"count":7,"href":"https:\/\/wp.ufpel.edu.br\/seazoo\/wp-json\/wp\/v2\/pages\/22\/revisions"}],"predecessor-version":[{"id":265,"href":"https:\/\/wp.ufpel.edu.br\/seazoo\/wp-json\/wp\/v2\/pages\/22\/revisions\/265"}],"wp:attachment":[{"href":"https:\/\/wp.ufpel.edu.br\/seazoo\/wp-json\/wp\/v2\/media?parent=22"}],"curies":[{"name":"wp","href":"https:\/\/api.w.org\/{rel}","templated":true}]}}