{"id":18,"date":"2014-08-31T16:15:53","date_gmt":"2014-08-31T19:15:53","guid":{"rendered":"https:\/\/wp.ufpel.edu.br\/seazoo\/?page_id=18"},"modified":"2014-09-25T12:26:34","modified_gmt":"2014-09-25T15:26:34","slug":"programacao","status":"publish","type":"page","link":"https:\/\/wp.ufpel.edu.br\/seazoo\/programacao\/","title":{"rendered":"Programa\u00e7\u00e3o"},"content":{"rendered":"<h4><strong>Dia 06\/10 \u2013 Segunda-feira<br \/>\n<\/strong><\/h4>\n<hr \/>\n<h5><strong>Casa da amizade<\/strong><strong><br \/>\n<\/strong><\/h5>\n<h5><strong>14:00 h:<\/strong> Inscri\u00e7\u00f5es e entrega de material<\/h5>\n<h5><strong>18:00 h:<\/strong> Abertura oficial da III Semana Acad\u00eamica da Zootecnia<\/h5>\n<h5><strong>Palestra Magna: Desafios para a Zootecnia no S\u00e9culo XXI<\/strong><br \/>\nZootecnista Prof. Dr. Walter Motta Ferreira (Universidade Federal de Minas Gerais \u2013 UFMG)<\/h5>\n<h4><strong>Dia 07\/10 \u2013 Ter\u00e7a-feira<br \/>\n<\/strong><\/h4>\n<hr \/>\n<h5><strong>Casa da amizade &#8211; Semin\u00e1rio de Bovinos de Corte<\/strong><\/h5>\n<h5><strong>8:00 h:<\/strong> Inscri\u00e7\u00f5es<\/h5>\n<h5><strong>8:30 h: <\/strong><br \/>\n<strong>Aplica\u00e7\u00e3o da gest\u00e3o e tecnologia no resultado de um sistema pecu\u00e1rio de ciclo completo<\/strong><br \/>\nEng. Agr\u00f4nomo Juan Martin Berrutti (CREA \u2013 Uruguai)<\/h5>\n<h5><strong>9:30 h: <\/strong><br \/>\n<strong>Produ\u00e7\u00e3o Intensiva de bovinos de corte no Rio Grande do Sul<\/strong><br \/>\nEng. Agr\u00f4nomo Mario Ruchel Freitas (Est\u00e2ncia Santa Marta)<\/h5>\n<h5><strong>10:30 h:<\/strong> Coffee break<\/h5>\n<h5><strong>10:45 h: <\/strong><br \/>\n<strong>Exporta\u00e7\u00f5es brasileiras \u2013 cen\u00e1rios estrat\u00e9gicos<\/strong><br \/>\nMed. Veterin\u00e1rio Ant\u00f4nio Jorge Camardelli (Presidente da ABIEC)<\/h5>\n<h5><strong>11:45 h:<\/strong> Almo\u00e7o<\/h5>\n<h5><strong>13:30 h: <\/strong><br \/>\n<strong>Import\u00e2ncia da gen\u00e9tica na produ\u00e7\u00e3o de carne<\/strong><br \/>\nMed. Veterin\u00e1ria \u00c2ngela Linhares da Silva (GAP \u2013 Gen\u00e9tica)<\/h5>\n<h5><strong>14:30 h: <\/strong><br \/>\n<strong>Oportunidades trazidas pela nova gen\u00e9tica<\/strong><br \/>\nMed. Veterin\u00e1rio Prof. Jos\u00e9 Bento Sterman Ferraz (Universidade de S\u00e3o Paulo \u2013 USP)<\/h5>\n<h4><strong>Dia 08\/10 \u2013 Quarta-feira<br \/>\n<\/strong><\/h4>\n<hr \/>\n<h5><strong>Casa da amizade<\/strong><\/h5>\n<h5><strong>8:30 h:<\/strong><br \/>\n<strong>Criando a futura vaca de leite.<\/strong><br \/>\nMed. Veterin\u00e1rio Roberto Fuhr (Gerente Vitamix Nutri\u00e7\u00e3o Animal)<\/h5>\n<h5><strong>9:30 h:<\/strong><br \/>\n<strong>Como antecipar decis\u00f5es usando Clarifide<\/strong><br \/>\nMed. Veterin\u00e1rio Norm\u00e9lio Alves Neto (Consultor T\u00e9cnico \u2013 Clarifide)<\/h5>\n<h5><strong>10:30 h:<\/strong> Coffee break<\/h5>\n<h5><strong>10:45 h: <\/strong><br \/>\n<strong>Avan\u00e7os no manejo da nutri\u00e7\u00e3o e alimenta\u00e7\u00e3o de su\u00ednos<\/strong><br \/>\nDr. Gustavo J\u00falio Mello Monteiro de Lima (EMBRAPA Su\u00ednos e Aves &#8211; CNPSA)<\/h5>\n<h5><strong>11:45h:<\/strong> Almo\u00e7o<\/h5>\n<h5><strong>14:00 h:<\/strong><br \/>\n<strong>Um trabalho, um neg\u00f3cio, uma paix\u00e3o!<\/strong><br \/>\nZootecnista M\u00e1rcia Linhares (GAP)<\/h5>\n<h5><strong>15:15 h:<br \/>\n<\/strong><strong>Aspectos da funcionalidade do cavalo crioulo<br \/>\n<\/strong>Coronel Bayard Bretanha Jacques<\/h5>\n<h5><strong>16:45 h:<\/strong> Coffee break<\/h5>\n<h5><strong>17:00 h:<\/strong><br \/>\n<strong><span style=\"color: #222222\">Aspectos e cuidados com o cavalo atleta<\/span><\/strong><br \/>\n<span style=\"color: #222222\">M\u00e9d. Veterin\u00e1rio Rolando Perez<\/span><\/h5>\n<h4><strong>Dia 09\/10 \u2013 Quinta-feira<\/strong><\/h4>\n<hr \/>\n<h5><strong>Casa da amizade &#8211;\u00a0<span style=\"color: #222222\">V Encontro T\u00e9cnico dos Produtores de Leite &#8211; COSULATI\/EMBRAPA<\/span><\/strong><\/h5>\n<h5><strong>8:30 h:<\/strong> Inscri\u00e7\u00f5es<\/h5>\n<h5><strong>9:00 h:<br \/>\n<\/strong><strong><b style=\"color: #000000\">Aleitamento de Terneiras com Suced\u00e2neo<\/b><br \/>\n<\/strong><span style=\"color: #000000\">M\u00e9d. Vet. Dr. \u00c1lvaro Pastorini Noria (Diretor t\u00e9cnico da Nutral\u00a0\u00a0&#8211; Uruguay)<\/span><\/h5>\n<h5><strong>10:00 h:\u00a0<\/strong><br \/>\n<b style=\"color: #000000\">Novas perspectivas para sistemas de aleitamento de terneiras leiteiras<\/b><br \/>\n<span style=\"color: #000000\">Zootecnista Laila Arruda Ribeiro (EMATER-RS)<\/span><\/h5>\n<h5><strong>Casa da amizade \u2013 Semin\u00e1rio de responsabilidade t\u00e9cnica<\/strong><\/h5>\n<h5><strong>13:00 h:<\/strong> Credenciamento e recolhimento\u00a0de 1 kg de ra\u00e7\u00e3o para Pets<\/h5>\n<h5><strong>13:30 h:<\/strong> Abertura<\/h5>\n<h5><strong>13:50 h: <\/strong><br \/>\n<strong>\u00c9tica Profissional<\/strong><br \/>\nRepresentante do CRMV RS<\/h5>\n<h5><strong>14:50 h: <\/strong><br \/>\n<strong>Mercado de Trabalho<\/strong><br \/>\nZootecnista Dr. Harold Ospina (Universidade Federal do Rio Grande do Sul \u2013 UFRGS)<\/h5>\n<h5><strong>15:50 h:<\/strong> Intervalo<\/h5>\n<h5><strong>16:10 h: <\/strong><br \/>\n<strong>Responsabilidade T\u00e9cnica<\/strong><br \/>\nZootecnista Dra. Ang\u00e9lica Pinho (Universidade Federal do Pampa \u2013 UNIPAMPA)<\/h5>\n<h5><strong>17:00 h:<\/strong> Mesa Redonda<\/h5>\n<h5><strong>17:30 h:<\/strong> Encerramento e entrega de certificados<\/h5>\n<h4><strong>Dia 10\/10 \u2013 Sexta-feira<br \/>\n<\/strong><\/h4>\n<hr \/>\n<h5><strong>Casa da amizade \u2013 I Encontro Estadual dos Cursos de Zootecnia<\/strong><\/h5>\n<h5><strong>8:30 h:<\/strong> Abertura<\/h5>\n<h5><strong>8:45 h: <\/strong><br \/>\n<strong>Perspectivas de mercado para o rebanho ga\u00facho no cen\u00e1rio nacional e import\u00e2ncia do CNA &#8211; CAR<\/strong><br \/>\nZootecnista Guilherme Minssen (GMINSSEN Assessoria Rural)<\/h5>\n<h5><strong>10:00 h:<\/strong> Coffee break<\/h5>\n<h5><strong>10:30 h:<\/strong><br \/>\n<strong><span style=\"color: #222222\">A import\u00e2ncia do Zootecnista para o agroneg\u00f3cio Nacional<\/span><\/strong><br \/>\nZootecnista Ana Cl\u00e1udia Ambiel Camargo (Presidente da Comiss\u00e3o de Educa\u00e7\u00e3o em Zootecnia &#8211; CFMV)<\/h5>\n<h5><strong>11:30 h:<\/strong> Mesa redonda<\/h5>\n<h5><strong>12:00 h:<\/strong> Almo\u00e7o<\/h5>\n<h5><strong>14:30 h:<br \/>\n<\/strong><strong>Do prato ao campo<br \/>\n<\/strong>Zootecnista Jos\u00e9 Pedro Azeredo Crespo (Diretor &#8211; MARFRIG Global Foods)<\/h5>\n<h5><strong>16:00 h:<\/strong> Coffee break<\/h5>\n<h5><strong>16:30 h:<\/strong><br \/>\n<strong>Motiva\u00e7\u00e3o no Agroneg\u00f3cio<\/strong><br \/>\nPublicit\u00e1rio e jornalista Jos\u00e9 Luiz Tejon<\/h5>\n<h5><strong>18:00 h:<\/strong> Mesa redonda<\/h5>\n<h5><strong>18:30 h:<\/strong> Encerramento<\/h5>\n<h5><strong>20:00 h:<\/strong> Jantar de confraterniza\u00e7\u00e3o (por ades\u00e3o)<\/h5>\n","protected":false},"excerpt":{"rendered":"<p>Dia 06\/10 \u2013 Segunda-feira Casa da amizade 14:00 h: Inscri\u00e7\u00f5es e entrega de material 18:00 h: Abertura oficial da III Semana Acad\u00eamica da Zootecnia Palestra Magna: Desafios para a Zootecnia no S\u00e9culo XXI Zootecnista Prof. Dr. Walter Motta Ferreira (Universidade Federal de Minas Gerais \u2013 UFMG) Dia 07\/10 \u2013 Ter\u00e7a-feira Casa da amizade &#8211; Semin\u00e1rio &hellip; <\/p>\n<p><a class=\"more-link btn\" href=\"https:\/\/wp.ufpel.edu.br\/seazoo\/programacao\/\">Continue lendo<\/a><\/p>\n","protected":false},"author":439,"featured_media":0,"parent":0,"menu_order":0,"comment_status":"closed","ping_status":"closed","template":"","meta":{"footnotes":""},"class_list":["post-18","page","type-page","status-publish","hentry","nodate","item-wrap"],"_links":{"self":[{"href":"https:\/\/wp.ufpel.edu.br\/seazoo\/wp-json\/wp\/v2\/pages\/18","targetHints":{"allow":["GET"]}}],"collection":[{"href":"https:\/\/wp.ufpel.edu.br\/seazoo\/wp-json\/wp\/v2\/pages"}],"about":[{"href":"https:\/\/wp.ufpel.edu.br\/seazoo\/wp-json\/wp\/v2\/types\/page"}],"author":[{"embeddable":true,"href":"https:\/\/wp.ufpel.edu.br\/seazoo\/wp-json\/wp\/v2\/users\/439"}],"replies":[{"embeddable":true,"href":"https:\/\/wp.ufpel.edu.br\/seazoo\/wp-json\/wp\/v2\/comments?post=18"}],"version-history":[{"count":17,"href":"https:\/\/wp.ufpel.edu.br\/seazoo\/wp-json\/wp\/v2\/pages\/18\/revisions"}],"predecessor-version":[{"id":279,"href":"https:\/\/wp.ufpel.edu.br\/seazoo\/wp-json\/wp\/v2\/pages\/18\/revisions\/279"}],"wp:attachment":[{"href":"https:\/\/wp.ufpel.edu.br\/seazoo\/wp-json\/wp\/v2\/media?parent=18"}],"curies":[{"name":"wp","href":"https:\/\/api.w.org\/{rel}","templated":true}]}}