{"id":7123,"date":"2021-12-30T13:18:15","date_gmt":"2021-12-30T16:18:15","guid":{"rendered":"https:\/\/wp.ufpel.edu.br\/scs\/?page_id=7123"},"modified":"2026-04-02T16:00:47","modified_gmt":"2026-04-02T19:00:47","slug":"2021-pareceres-normativos-cocepe","status":"publish","type":"page","link":"https:\/\/wp.ufpel.edu.br\/scs\/parecer-normativo\/2021-pareceres-normativos-cocepe\/","title":{"rendered":"2021"},"content":{"rendered":"<p>PARECER NORMATIVO N\u00ba 28 DE 11 DE FEVEREIRO DE 2021 &#8211; <a href=\"https:\/\/wp.ufpel.edu.br\/scs\/files\/2021\/02\/Parecer-Normativo-no-28.pdf\">Manuten\u00e7\u00e3o da redu\u00e7\u00e3o de vagas para ingressantes no Curso de Dan\u00e7a &#8211; Licenciatura para 2021\/01<\/a><\/p>\n<p>PARECER NORMATIVO N\u00ba 29 DE 11 DE FEVEREIRO DE 2021 &#8211; <a href=\"https:\/\/wp.ufpel.edu.br\/scs\/files\/2021\/02\/Parecer-Normativo-no-29.pdf\">\u00a0Oferta de vagas para Quilombolas e Ind\u00edgenas para 2021<\/a><\/p>\n<p>PARECER NORMATIVO N\u00ba 30 DE 11 DE FEVEREIRO DE 2021 &#8211; <a href=\"https:\/\/wp.ufpel.edu.br\/scs\/files\/2021\/02\/Parecer-Normativo-no-30.pdf\">Quadro de vagas 2021 &#8211; oferta de vagas em cursos presenciais de Gradua\u00e7\u00e3o<\/a><\/p>\n<p>PARECER NORMATIVO N\u00ba 31 DE 11 DE FEVEREIRO DE 2021 &#8211; <a href=\"https:\/\/wp.ufpel.edu.br\/scs\/files\/2021\/02\/Parecer-Normativo-no-31.pdf\">Regimento do PPG em Modelagem Matem\u00e1tica &#8211; Mestrado<\/a><\/p>\n<p>PARECER NORMATIVO N\u00ba 32 DE 11 DE FEVEREIRO DE 2021 &#8211; <a href=\"https:\/\/wp.ufpel.edu.br\/scs\/files\/2021\/02\/Parecer-Normativo-no-32.pdf\">Regimento do PPG em Memoria Social e Patrimonio Cultural<\/a><\/p>\n<p>PARECER NORMATIVO N\u00ba 33 DE 11 DE FEVEREIRO DE 2021 &#8211; <a href=\"https:\/\/wp.ufpel.edu.br\/scs\/files\/2021\/02\/Parecer-Normamtivo-no-33.pdf\">Regimento do Curso de PG em Ci\u00eancia e Tecnologia de Sementes &#8211; Especializa\u00e7\u00e3o<\/a><\/p>\n<p>PARECER NORMATIVO N\u00ba 34 DE 11 DE FEVEREIRO DE 2021 &#8211; <a href=\"https:\/\/wp.ufpel.edu.br\/scs\/files\/2021\/02\/Parecer-Normativo-no-34.pdf\">Regimento do PPG em Ci\u00eancias Ambientais &#8211; Mestrado<\/a><\/p>\n<p>PARECER NORMATIVO N\u00ba 35 DE 11 DE FEVEREIRO DE 2021 &#8211; <a href=\"https:\/\/wp.ufpel.edu.br\/scs\/files\/2021\/02\/Parecer-Normativo-no-35.pdf\">Regimento do PPG em Veterin\u00e1ria <\/a><strong><em><span style=\"font-size: 10pt;\">Revogado pelo PN COCEPE 148\/2026<\/span><\/em><\/strong><\/p>\n<p>PARECER NORMATIVO N\u00ba 36 DE 11 DE FEVEREIRO DE 2021 &#8211; <a href=\"https:\/\/wp.ufpel.edu.br\/scs\/files\/2021\/02\/Parecer-Normativo-no-36.pdf\">Regimento da Comiss\u00e3o de \u00c9tica no Uso de Animais da UFPel<\/a><\/p>\n<p>PARECER NORMATIVO N\u00ba 37 DE 11 DE FEVEREIRO DE 2021 &#8211; <a href=\"https:\/\/wp.ufpel.edu.br\/scs\/files\/2021\/02\/Parecer-Normativo-no-37.pdf\">Regulamenta os procedimentos para realiza\u00e7\u00e3o em modo remoto da Sele\u00e7\u00e3o Simplificada para Professor Substituto para as vagas do Edital 001\/2021<\/a><\/p>\n<p>PARECER NORMATIVO N\u00ba 38 DE 18 DE FEVEREIRO DE 2021 &#8211; <a href=\"https:\/\/wp.ufpel.edu.br\/scs\/files\/2021\/02\/Parecer-Normativo-no-38.pdf\">Disp\u00f5e sobre o ingresso excepcional nos Cursos de Mestrado durante a Pandemia COVID-19<\/a><\/p>\n<p>PARECER NORMATIVO N\u00ba 39 DE 04 DE MAR\u00c7O DE 2021 &#8211; <a href=\"https:\/\/wp.ufpel.edu.br\/scs\/files\/2021\/03\/Parecer-Normativo-39.pdf\">Ajusta vagas do Curso de Letras Espanhol EAD do Polo de Quara\u00ed para Polo de Agudo<\/a><\/p>\n<p>PARECER NORMATIVO N\u00ba 40 DE 04 DE MAR\u00c7O DE 2021 &#8211; <a href=\"https:\/\/wp.ufpel.edu.br\/scs\/files\/2021\/03\/Parecer-Normativo-40.pdf\">Regimento do Curso de Gradua\u00e7\u00e3o em Arquitetura<\/a><\/p>\n<p>PARECER NORMATIVO N\u00ba 41 DE 25 DE MAR\u00c7O DE 2021 &#8211; <a href=\"https:\/\/wp.ufpel.edu.br\/scs\/files\/2021\/03\/Parecer-Normativo-no-41.pdf\">Redistribui\u00e7\u00e3o de vagas UAB\/UFPel\/CLMD para o remanejo de vagas ociosas para Turma UAB 7,3 Polo de Jacuizinho<\/a><\/p>\n<p>PARECER NORMATIIVO N\u00ba 42 DE 25 DE MAR\u00c7O DE 2021 &#8211; <a href=\"https:\/\/wp.ufpel.edu.br\/scs\/files\/2021\/04\/Parecer-Normativo-42.pdf\">Regimento da C\u00e2mara de Pesquisa e Inova\u00e7\u00e3o do CEng<\/a><\/p>\n<p>PARECER NORMATIVO N\u00ba 43 DE 08 DE ABRIL DE 2021 &#8211; <a href=\"https:\/\/wp.ufpel.edu.br\/scs\/files\/2021\/04\/Parecer-Normativo-43.pdf\">Inclus\u00e3o de 30 vagas para Licenciatura em Hist\u00f3ria CLHD no Polo de Quara\u00ed &#8211; Sele\u00e7\u00e3o de Portador de T\u00edtulo<\/a><\/p>\n<p>PARECER NORMATIVO N\u00ba 44 DE 22 DE ABRIL DE 2021 &#8211; <a href=\"https:\/\/wp.ufpel.edu.br\/scs\/files\/2021\/05\/Parecer-Normativo-no-44.pdf\">Altera inciso VI, do Art. 4\u00ba, do Parecer Normativo COCEPE n\u00ba 26, 22 de dezembro de 2020<\/a><\/p>\n<p>PARECER NORMATIVO N\u00ba 45 DE 22 DE ABRIL DE 2021 &#8211; <a href=\"https:\/\/wp.ufpel.edu.br\/scs\/files\/2021\/05\/Parecer-Normativo-no-45.pdf\">Regimento do Programa de P\u00f3s-Gradua\u00e7\u00e3o em Zootecnia<\/a><\/p>\n<p>PARECER NORMATIVO N\u00ba 46, DE 06 DE MAIO DE 2021 &#8211;\u00a0 <a href=\"https:\/\/wp.ufpel.edu.br\/scs\/files\/2021\/05\/Parecer-Normativo-no-46.pdf\">Aprova o Programa de P\u00f3s-Gradua\u00e7\u00e3o em Antropologia<\/a><\/p>\n<p>PARECER NORMATIVO N\u00ba 47, DE 20 DE MAIO DE 2021 &#8211; <a href=\"https:\/\/wp.ufpel.edu.br\/scs\/files\/2021\/05\/Parecer-Normativo-no-47.pdf\">Disp\u00f5e sobre o ingresso excepcional nos<br \/>\nCursos de Mestrado durante a Pandemia COVID-19.<\/a><\/p>\n<p>PARECER NORMATIVO N\u00ba 48, DE 27 DE MAIO DE 2021 &#8211; <a href=\"https:\/\/wp.ufpel.edu.br\/scs\/files\/2021\/05\/Parecer-Normativo-no-48-1.pdf\">Regulamenta os procedimentos para realiza\u00e7\u00e3o, em modo remoto, das Sele\u00e7\u00f5es Simplificadas para contrata\u00e7\u00e3o de Professores Substitutos enquanto perdurar a necessidade de ado\u00e7\u00e3o de medidas de preven\u00e7\u00e3o ao COVID-19.<\/a><\/p>\n<p>PARECER NORMATIVO N\u00ba 49, DE 27 DE MAIO DE 2021 &#8211; <a href=\"https:\/\/wp.ufpel.edu.br\/scs\/files\/2021\/05\/Parecer-Normativo-no-49.pdf\">Regulamenta as atividades de ensino desenvolvidas no segundo semestre do ano civil de 2021 a serem realizadas na Universidade Federal de Pelotas.<\/a><\/p>\n<p>PARECER NORMATIVO N\u00ba 50, DE 27 DE MAIO DE 2021 &#8211; Altera o inciso VII, do art. 6\u00ba, do Parecer Normativo n\u00ba 26\/2020<\/p>\n<p>PARECER NORMATIVO N\u00ba 51, DE\u00a0 10 DE JUNHO DE 2021 &#8211; <a href=\"https:\/\/wp.ufpel.edu.br\/scs\/files\/2021\/08\/Parecer-Normativo-no-51.pdf\">Aprova os itens complementares, aos j\u00e1 definidos nos pareceres que regram os calend\u00e1rios de 202\/2 e 2021 e obrigat\u00f3rios para elabora\u00e7\u00e3o dos planos para realiza\u00e7\u00e3o de atividades pr\u00e1ticas presenciais. \u00a0<\/a><a href=\"https:\/\/wp.ufpel.edu.br\/scs\/files\/2021\/08\/ANEXO-A-Parecer-Normativo-51-.pdf\">ANEXO A &#8211; Parecer Normativo 51<\/a><\/p>\n<p>PARECER NORMATIVO N\u00ba 52, DE\u00a0 24 DE JUNHO DE 2021 &#8211; <a href=\"https:\/\/wp.ufpel.edu.br\/scs\/files\/2021\/09\/Parecer-Normativo-no-52.pdf\">Aprova a redu\u00e7\u00e3o de oferta de vagas para ingresso no Curso de Medicina Veterin\u00e1ria, para o ano de 2022, no total de 50 vagas, sendo 40 pelo SiSU e 10 pelo PAVE.<\/a><\/p>\n<p>PARECER NORMATIVO N\u00ba 53, DE\u00a0 05 DE AGOSTO DE 2021 &#8211; <a href=\"https:\/\/wp.ufpel.edu.br\/scs\/files\/2021\/09\/Parecer-Normativo-no-53.pdf\">Aprova a redu\u00e7\u00e3o de vagas para ingresso no Curso de Gest\u00e3o Ambiental Bacharelado em 2021.<\/a><\/p>\n<p>PARECER NORMATIVO N\u00ba 54 DE 02 DE SETEMBRO DE 2021 &#8211; <a href=\"https:\/\/wp.ufpel.edu.br\/scs\/files\/2021\/09\/Parecer-Normativo-no-54.pdf\">Estabelece os procedimentos acad\u00eamicos para acompanhamento e avalia\u00e7\u00e3o de estudantes que estiverem em atividades pr\u00e1ticas presenciais acometidos pela COVID-19, com sequelas da doen\u00e7a ou que necessitar cuidar de familiares decorrentes do cont\u00e1gio, no \u00e2mbito da Universidade Federal de Pelotas.<\/a><\/p>\n<p>PARECER NORMATIVO N\u00ba 55 DE 02 DE SETEMBRO DE 2021 &#8211; <a href=\"https:\/\/wp.ufpel.edu.br\/scs\/files\/2021\/09\/Parecer-Normativo-no-55.pdf\">Regulamenta os procedimentos para realiza\u00e7\u00e3o das Provas Escritas, referentes \u00e0 Etapa II, dos Editais Docentes 003\/2020 e 012\/2020.<\/a><\/p>\n<p>PARECER NORMATIVO N\u00ba 56, DE 23 DE SETEMBRO DE 2021 &#8211; <a href=\"https:\/\/wp.ufpel.edu.br\/scs\/files\/2021\/09\/SEI_23110.028232_2020_32.pdf\">Aprova o Regimento da Comiss\u00e3o de Resid\u00eancia M\u00e9dica da Universidade Federal de Pelotas &#8211; COREME<b>.<\/b><\/a><\/p>\n<p>PARECER NORMATIVO N\u00ba 57, DE 18 DE NOVEMBRO DE 2021 &#8211; <a href=\"https:\/\/wp.ufpel.edu.br\/scs\/files\/2021\/11\/SEI_UFPel-1513586-Parecer-Normativo-COCEPE.pdf\">Aprova Quadro de Vagas 2022 &#8211; Oferta de vagas em cursos presenciais de Gradua\u00e7\u00e3o.<\/a><\/p>\n<p>PARECER NORMATIVO N\u00ba 58, DE 22 DE NOVEMBRO DE 2021 &#8211; <a href=\"https:\/\/wp.ufpel.edu.br\/scs\/files\/2021\/11\/Parecer-Normativo-COCEPE-no-58.pdf\">Regulamenta as atividades de ensino de gradua\u00e7\u00e3o desenvolvidas no primeiro semestre do ano civil de 2022 a serem realizadas na Universidade Federal de Pelotas.<\/a>\u00a0 REVOGADO PELO PARECER NORMATIVO N\u00ba 62!<\/p>\n<p class=\"Texto_Centralizado_Maiusculas_Negrito\">PARECER NORMATIVO N\u00ba 59, DE 18 DE NOVEMBRO DE 2021 &#8211; <a href=\"https:\/\/wp.ufpel.edu.br\/scs\/files\/2021\/11\/SEI_UFPel-1514029-Parecer-Normativo-COCEPE-59.pdf\">Aprova redu\u00e7\u00e3o de oferta de vagas,\u00a0para os ingressantes de 2022\/1 e 2022\/2,\u00a0no Curso de Odontologia.<\/a><\/p>\n<p>PARECER NORMATIVO N\u00ba 60, DE 18 DE NOVEMBRO DE 2021 &#8211; <a href=\"https:\/\/wp.ufpel.edu.br\/scs\/files\/2021\/11\/SEI_UFPel-1514080-Parecer-Normativo-COCEPE-60.pdf\">Aprova redu\u00e7\u00e3o de oferta de vagas, para os ingressantes de 2022\/1, no Curso de Dan\u00e7a.<\/a><\/p>\n<p>PARECER NORMATIVO N\u00ba 61, DE 18 DE NOVEMBRO DE 2021 &#8211; <a href=\"https:\/\/wp.ufpel.edu.br\/scs\/files\/2021\/11\/SEI_UFPel-1514085-Parecer-Normativo-COCEPE-61.pdf\">Aprova suspens\u00e3o de oferta de vagas, para os ingressantes de 2022\/1, no Curso de Gest\u00e3o Ambiental.<\/a><\/p>\n<p>PARECER NORMATIVO N\u00ba 62, DE 22 DE DEZEMBRO DE 2021 &#8211; <a href=\"https:\/\/wp.ufpel.edu.br\/scs\/files\/2021\/12\/Parecer-Normativo-no-62.pdf\">Regulamenta as atividades de ensino de Gradua\u00e7\u00e3o desenvolvidas no primeiro semestre do ano civil de 2022 a serem realizadas na Universidade Federal de Pelotas. <\/a><strong>(alterado o Art.32, inciso IV, al\u00ednea &#8221;c&#8221; pelo <a href=\"https:\/\/wp.ufpel.edu.br\/scs\/files\/2022\/04\/SEI_UFPel-1649623-Parecer-Normativo-COCEPE.pdf\">PARECER NORMATIVO N\u00ba 63, DE 29\/03\/2022<\/a>)<\/strong><\/p>\n<p>&nbsp;<\/p>\n<p>&nbsp;<\/p>\n","protected":false},"excerpt":{"rendered":"<p>PARECER NORMATIVO N\u00ba 28 DE 11 DE FEVEREIRO DE 2021 &#8211; Manuten\u00e7\u00e3o da redu\u00e7\u00e3o de vagas para ingressantes no Curso de Dan\u00e7a &#8211; Licenciatura para 2021\/01 PARECER NORMATIVO N\u00ba 29 DE 11 DE FEVEREIRO DE 2021 &#8211; \u00a0Oferta de vagas para Quilombolas e Ind\u00edgenas para 2021 PARECER NORMATIVO N\u00ba 30 DE 11 DE FEVEREIRO DE [&hellip;]<\/p>\n","protected":false},"author":29,"featured_media":0,"parent":5389,"menu_order":0,"comment_status":"closed","ping_status":"closed","template":"","meta":{"footnotes":""},"class_list":["post-7123","page","type-page","status-publish","hentry"],"_links":{"self":[{"href":"https:\/\/wp.ufpel.edu.br\/scs\/wp-json\/wp\/v2\/pages\/7123","targetHints":{"allow":["GET"]}}],"collection":[{"href":"https:\/\/wp.ufpel.edu.br\/scs\/wp-json\/wp\/v2\/pages"}],"about":[{"href":"https:\/\/wp.ufpel.edu.br\/scs\/wp-json\/wp\/v2\/types\/page"}],"author":[{"embeddable":true,"href":"https:\/\/wp.ufpel.edu.br\/scs\/wp-json\/wp\/v2\/users\/29"}],"replies":[{"embeddable":true,"href":"https:\/\/wp.ufpel.edu.br\/scs\/wp-json\/wp\/v2\/comments?post=7123"}],"version-history":[{"count":4,"href":"https:\/\/wp.ufpel.edu.br\/scs\/wp-json\/wp\/v2\/pages\/7123\/revisions"}],"predecessor-version":[{"id":10540,"href":"https:\/\/wp.ufpel.edu.br\/scs\/wp-json\/wp\/v2\/pages\/7123\/revisions\/10540"}],"up":[{"embeddable":true,"href":"https:\/\/wp.ufpel.edu.br\/scs\/wp-json\/wp\/v2\/pages\/5389"}],"wp:attachment":[{"href":"https:\/\/wp.ufpel.edu.br\/scs\/wp-json\/wp\/v2\/media?parent=7123"}],"curies":[{"name":"wp","href":"https:\/\/api.w.org\/{rel}","templated":true}]}}