{"id":624,"date":"2010-08-15T17:57:34","date_gmt":"2010-08-15T19:57:34","guid":{"rendered":"https:\/\/wp.ufpel.edu.br\/scs\/"},"modified":"2026-02-25T09:08:44","modified_gmt":"2026-02-25T12:08:44","slug":"comissoes","status":"publish","type":"page","link":"https:\/\/wp.ufpel.edu.br\/scs\/cocepe\/comissoes\/","title":{"rendered":"Comiss\u00f5es"},"content":{"rendered":"<p class=\"Texto_Justificado\"><strong>Comiss\u00e3o de Extens\u00e3o \u2013 CE\u00a0<\/strong><\/p>\n<p class=\"Texto_Justificado\">Prof. Fabio Garcia Lima (Presidente)<\/p>\n<p class=\"Texto_Justificado\">Prof\u00aa Airi Macias Sacco<\/p>\n<p class=\"Texto_Justificado\">Bibl. Patr\u00edcia de Borba Pereira<\/p>\n<p><span style=\"font-size: 8pt;\">PORTARIA DE PESSOAL N\u00ba494, de 20 de fevereiro de 2026<\/span><\/p>\n<p>&nbsp;<\/p>\n<p class=\"Texto_Justificado\"><strong>Comiss\u00e3o de Gradua\u00e7\u00e3o \u2013 CG\u00a0<\/strong><\/p>\n<p class=\"Texto_Justificado\">Prof. Ant\u00f4nio Maur\u00edcio Medeiros Alves (Presidente)<\/p>\n<p class=\"Texto_Justificado\">Prof. Luiz Filipe Dam\u00e9 Schuch<\/p>\n<p class=\"Texto_Justificado\">Acad. Iuri de Almeida Costa<\/p>\n<p><span style=\"font-size: 8pt;\">PORTARIA DE PESSOAL N\u00ba493, de 20 de fevereiro de 2026<\/span><\/p>\n<p>&nbsp;<\/p>\n<p class=\"Texto_Justificado\"><strong>Comiss\u00e3o de Pesquisa e P\u00f3s-Gradua\u00e7\u00e3o \u2013 CPPG<\/strong><\/p>\n<p class=\"Texto_Justificado\">Prof. Marcos Britto Correa (Presidente)<\/p>\n<p class=\"Texto_Justificado\">Prof. Romulo Henrique Batista de Farias<\/p>\n<p>Prof.\u00aa Elaine da Silveira Leite<\/p>\n<p><span style=\"font-size: 8pt;\"> PORTARIA DE PESSOAL N\u00ba482, de 20 de fevereiro de 2026<\/span><\/p>\n<p>&nbsp;<\/p>\n<h3>Comiss\u00e3o Especial de Concursos <span style=\"font-size: 10pt;\">&#8211; <em>Portaria N\u00ba 4461\/2025<\/em><\/span><\/h3>\n<p class=\"Texto_Justificado_Recuo_Primeira_Linha\">Prof. Luiz Filipe Dam\u00e9 Schuch (Representante da \u00c1rea de Ci\u00eancias Agr\u00e1rias no COCEPE)<br \/>\nProf. Romulo Henrique Batista de Farias (Representante da \u00c1rea de Ci\u00eancias Exatas e Tecnologia no COCEPE)<br \/>\nProf\u00aa Airi Macias Sacco (Representante da \u00c1rea de Ci\u00eancias da Sa\u00fade e Biol\u00f3gicas no COCEPE)<br \/>\nProf.\u00aa Lorena Almeida Gill (Representante da \u00c1rea de Ci\u00eancias Humanas no COCEPE)<br \/>\nProf\u00aa Raquel Azambuja Santos (Representante da \u00c1rea de Letras e Artes no COCEPE)<br \/>\nAssist. Adm. Jocasta Soares dos Santos (GVR)<br \/>\nAssist. Adm. Sabrina Marques D\u2019Avila Toralles (SCS)<br \/>\nAssist. Adm. Anderson Sim\u00f5es Uria (NUGEC)<br \/>\nAux. Adm. Roselaine Maria Trens (NUGEC)<\/p>\n","protected":false},"excerpt":{"rendered":"<p>Comiss\u00e3o de Extens\u00e3o \u2013 CE\u00a0 Prof. Fabio Garcia Lima (Presidente) Prof\u00aa Airi Macias Sacco Bibl. Patr\u00edcia de Borba Pereira PORTARIA DE PESSOAL N\u00ba494, de 20 de fevereiro de 2026 &nbsp; Comiss\u00e3o de Gradua\u00e7\u00e3o \u2013 CG\u00a0 Prof. Ant\u00f4nio Maur\u00edcio Medeiros Alves (Presidente) Prof. Luiz Filipe Dam\u00e9 Schuch Acad. Iuri de Almeida Costa PORTARIA DE PESSOAL N\u00ba493, [&hellip;]<\/p>\n","protected":false},"author":29,"featured_media":0,"parent":194,"menu_order":0,"comment_status":"closed","ping_status":"closed","template":"","meta":{"footnotes":""},"class_list":["post-624","page","type-page","status-publish","hentry"],"_links":{"self":[{"href":"https:\/\/wp.ufpel.edu.br\/scs\/wp-json\/wp\/v2\/pages\/624","targetHints":{"allow":["GET"]}}],"collection":[{"href":"https:\/\/wp.ufpel.edu.br\/scs\/wp-json\/wp\/v2\/pages"}],"about":[{"href":"https:\/\/wp.ufpel.edu.br\/scs\/wp-json\/wp\/v2\/types\/page"}],"author":[{"embeddable":true,"href":"https:\/\/wp.ufpel.edu.br\/scs\/wp-json\/wp\/v2\/users\/29"}],"replies":[{"embeddable":true,"href":"https:\/\/wp.ufpel.edu.br\/scs\/wp-json\/wp\/v2\/comments?post=624"}],"version-history":[{"count":4,"href":"https:\/\/wp.ufpel.edu.br\/scs\/wp-json\/wp\/v2\/pages\/624\/revisions"}],"predecessor-version":[{"id":10489,"href":"https:\/\/wp.ufpel.edu.br\/scs\/wp-json\/wp\/v2\/pages\/624\/revisions\/10489"}],"up":[{"embeddable":true,"href":"https:\/\/wp.ufpel.edu.br\/scs\/wp-json\/wp\/v2\/pages\/194"}],"wp:attachment":[{"href":"https:\/\/wp.ufpel.edu.br\/scs\/wp-json\/wp\/v2\/media?parent=624"}],"curies":[{"name":"wp","href":"https:\/\/api.w.org\/{rel}","templated":true}]}}