{"id":102,"date":"2025-10-30T13:29:46","date_gmt":"2025-10-30T16:29:46","guid":{"rendered":"https:\/\/wp.ufpel.edu.br\/sccl\/?page_id=102"},"modified":"2026-01-13T11:53:39","modified_gmt":"2026-01-13T14:53:39","slug":"equipe","status":"publish","type":"page","link":"https:\/\/wp.ufpel.edu.br\/sccl\/palma\/equipe\/","title":{"rendered":"EQUIPE"},"content":{"rendered":"<h3 style=\"text-align: center;\"><strong>EQUIPE DO CENTRO AGROPECU\u00c1RIO DA PALMA<\/strong><\/h3>\n<h5><strong>COORDENADOR<\/strong>:<\/h5>\n<ul class=\"wpipessoa-lista\"><li class=\"wpipessoa-post clearfix\"><div class=\"wpipessoa-thumb\"><a href=\"https:\/\/wp.ufpel.edu.br\/sccl\/pessoas\/filipe-selau-carlos\/\"><img src=\"https:\/\/wp.ufpel.edu.br\/sccl\/wp-content\/plugins\/wpi-pessoas\/img\/sem_foto.jpg\"><\/a><\/div><div class=\"wpipessoa-info\"><div class=\"wpipessoa-nome wpipessoa-fonte-grande\"><a href=\"https:\/\/wp.ufpel.edu.br\/sccl\/pessoas\/filipe-selau-carlos\/\">Filipe Selau Carlos<\/a><\/div><div class=\"wpipessoa-lattes\"><a href=\"http:\/\/lattes.cnpq.br\/1071521284494576\" target=\"_blank\">Lattes<\/a><\/div><div class=\"wpipessoa-site\"><a href=\"https:\/\/institucional.ufpel.edu.br\/servidores\/id\/169951\" target=\"_blank\">Web<\/a><\/div><div class=\"wpipessoa-email\"><a href=\"filipe.selau@ufpel.edu.br\" target=\"_blank\">filipe.selau@ufpel.edu.br<\/a><\/div><\/div><\/li><\/ul>\n<h5><strong>COORDENADOR SUBSTITUTO<\/strong>:<\/h5>\n<ul class=\"wpipessoa-lista\"><li class=\"wpipessoa-post clearfix\"><div class=\"wpipessoa-thumb\"><a href=\"https:\/\/wp.ufpel.edu.br\/sccl\/pessoas\/roger-marlon-gomes-esteves\/\"><img width=\"200\" height=\"200\" src=\"https:\/\/wp.ufpel.edu.br\/sccl\/files\/2026\/01\/048e96bc-ff94-463b-ad48-9d6c74b2d309-200x200.jpg\" class=\"attachment-thumbnail size-thumbnail wp-post-image\" alt=\"\" \/><\/a><\/div><div class=\"wpipessoa-info\"><div class=\"wpipessoa-nome wpipessoa-fonte-grande\"><a href=\"https:\/\/wp.ufpel.edu.br\/sccl\/pessoas\/roger-marlon-gomes-esteves\/\">Roger Marlon Gomes Esteves<\/a><\/div><div class=\"wpipessoa-lattes\"><a href=\"http:\/\/lattes.cnpq.br\/8097512345811200\" target=\"_blank\">Lattes<\/a><\/div><div class=\"wpipessoa-site\"><a href=\"https:\/\/institucional.ufpel.edu.br\/servidores\/id\/25854\" target=\"_blank\">Web<\/a><\/div><div class=\"wpipessoa-email\"><a href=\"esteves@ufpel.edu.br\" target=\"_blank\">esteves@ufpel.edu.br<\/a><\/div><\/div><\/li><\/ul>\n<h5><strong>GERENTE:<\/strong><\/h5>\n<ul class=\"wpipessoa-lista\"><li class=\"wpipessoa-post clearfix\"><div class=\"wpipessoa-thumb\"><a href=\"https:\/\/wp.ufpel.edu.br\/sccl\/pessoas\/clovis-nei-silva-da-costa\/\"><img src=\"https:\/\/wp.ufpel.edu.br\/sccl\/wp-content\/plugins\/wpi-pessoas\/img\/sem_foto.jpg\"><\/a><\/div><div class=\"wpipessoa-info\"><div class=\"wpipessoa-nome wpipessoa-fonte-grande\"><a href=\"https:\/\/wp.ufpel.edu.br\/sccl\/pessoas\/clovis-nei-silva-da-costa\/\">Clovis Nei Silva da Costa<\/a><\/div><div class=\"wpipessoa-site\"><a href=\"https:\/\/institucional.ufpel.edu.br\/servidores\/id\/22337\" target=\"_blank\">Web<\/a><\/div><div class=\"wpipessoa-email\"><a href=\"clovis.costa@ufpel.edu.br\" target=\"_blank\">clovis.costa@ufpel.edu.br<\/a><\/div><\/div><\/li><\/ul>\n<h5><strong>T\u00c9CNICO-ADMINISTRATIVOS:<\/strong><\/h5>\n<ul class=\"wpipessoa-lista\"><li class=\"wpipessoa-post clearfix\"><div class=\"wpipessoa-thumb\"><a href=\"https:\/\/wp.ufpel.edu.br\/sccl\/pessoas\/antonio-luiz-schollet-barcelos\/\"><img src=\"https:\/\/wp.ufpel.edu.br\/sccl\/wp-content\/plugins\/wpi-pessoas\/img\/sem_foto.jpg\"><\/a><\/div><div class=\"wpipessoa-info\"><div class=\"wpipessoa-nome wpipessoa-fonte-grande\"><a href=\"https:\/\/wp.ufpel.edu.br\/sccl\/pessoas\/antonio-luiz-schollet-barcelos\/\">Antonio Luiz Schollet Barcelos<\/a><\/div><div class=\"wpipessoa-site\"><a href=\"https:\/\/institucional.ufpel.edu.br\/servidores\/id\/24156\" target=\"_blank\">Web<\/a><\/div><div class=\"wpipessoa-email\"><a href=\"antonio.barcelos@ufpel.edu.br\" target=\"_blank\">antonio.barcelos@ufpel.edu.br<\/a><\/div><\/div><\/li><li class=\"wpipessoa-post clearfix\"><div class=\"wpipessoa-thumb\"><a href=\"https:\/\/wp.ufpel.edu.br\/sccl\/pessoas\/cleyber-jose-da-trindade-de-fatima\/\"><img width=\"200\" height=\"200\" src=\"https:\/\/wp.ufpel.edu.br\/sccl\/files\/2025\/11\/2635d8da-ddf5-4beb-a4d0-9c3bbb6b90b4-200x200.png\" class=\"attachment-thumbnail size-thumbnail wp-post-image\" alt=\"\" srcset=\"https:\/\/wp.ufpel.edu.br\/sccl\/files\/2025\/11\/2635d8da-ddf5-4beb-a4d0-9c3bbb6b90b4-200x200.png 200w, https:\/\/wp.ufpel.edu.br\/sccl\/files\/2025\/11\/2635d8da-ddf5-4beb-a4d0-9c3bbb6b90b4.png 395w\" sizes=\"(max-width: 200px) 100vw, 200px\" \/><\/a><\/div><div class=\"wpipessoa-info\"><div class=\"wpipessoa-nome wpipessoa-fonte-grande\"><a href=\"https:\/\/wp.ufpel.edu.br\/sccl\/pessoas\/cleyber-jose-da-trindade-de-fatima\/\">Cleyber Jos\u00e9 da Trindade de F\u00e1tima<\/a><\/div><div class=\"wpipessoa-lattes\"><a href=\"http:\/\/lattes.cnpq.br\/6834868761473010\" target=\"_blank\">Lattes<\/a><\/div><div class=\"wpipessoa-site\"><a href=\"https:\/\/institucional.ufpel.edu.br\/servidores\/id\/198811\" target=\"_blank\">Web<\/a><\/div><div class=\"wpipessoa-email\"><a href=\"cleyber.jose@ufpel.edu.br\" target=\"_blank\">cleyber.jose@ufpel.edu.br<\/a><\/div><\/div><\/li><li class=\"wpipessoa-post clearfix\"><div class=\"wpipessoa-thumb\"><a href=\"https:\/\/wp.ufpel.edu.br\/sccl\/pessoas\/deloir-vieira-xavier\/\"><img src=\"https:\/\/wp.ufpel.edu.br\/sccl\/wp-content\/plugins\/wpi-pessoas\/img\/sem_foto.jpg\"><\/a><\/div><div class=\"wpipessoa-info\"><div class=\"wpipessoa-nome wpipessoa-fonte-grande\"><a href=\"https:\/\/wp.ufpel.edu.br\/sccl\/pessoas\/deloir-vieira-xavier\/\">Deloir Vieira Xavier<\/a><\/div><div class=\"wpipessoa-site\"><a href=\"https:\/\/institucional.ufpel.edu.br\/servidores\/id\/22950\" target=\"_blank\">Web<\/a><\/div><div class=\"wpipessoa-email\"><a href=\"deloir.xavier@ufpel.edu.br\" target=\"_blank\">deloir.xavier@ufpel.edu.br<\/a><\/div><\/div><\/li><li class=\"wpipessoa-post clearfix\"><div class=\"wpipessoa-thumb\"><a href=\"https:\/\/wp.ufpel.edu.br\/sccl\/pessoas\/jose-luis-da-rosa-farias\/\"><img src=\"https:\/\/wp.ufpel.edu.br\/sccl\/wp-content\/plugins\/wpi-pessoas\/img\/sem_foto.jpg\"><\/a><\/div><div class=\"wpipessoa-info\"><div class=\"wpipessoa-nome wpipessoa-fonte-grande\"><a href=\"https:\/\/wp.ufpel.edu.br\/sccl\/pessoas\/jose-luis-da-rosa-farias\/\">Jose Luis da Rosa Farias<\/a><\/div><div class=\"wpipessoa-site\"><a href=\"https:\/\/institucional.ufpel.edu.br\/servidores\/id\/32023\" target=\"_blank\">Web<\/a><\/div><div class=\"wpipessoa-email\"><a href=\"jose.luis@ufpel.edu.br\" target=\"_blank\">jose.luis@ufpel.edu.br<\/a><\/div><\/div><\/li><li class=\"wpipessoa-post clearfix\"><div class=\"wpipessoa-thumb\"><a href=\"https:\/\/wp.ufpel.edu.br\/sccl\/pessoas\/jose-raimundo-lopes-teixeira\/\"><img width=\"200\" height=\"200\" src=\"https:\/\/wp.ufpel.edu.br\/sccl\/files\/2025\/11\/5f08c48e-950d-4a58-8f98-eeb02f81d471-200x200.jpg\" class=\"attachment-thumbnail size-thumbnail wp-post-image\" alt=\"\" \/><\/a><\/div><div class=\"wpipessoa-info\"><div class=\"wpipessoa-nome wpipessoa-fonte-grande\"><a href=\"https:\/\/wp.ufpel.edu.br\/sccl\/pessoas\/jose-raimundo-lopes-teixeira\/\">Jose Raimundo Lopes Teixeira<\/a><\/div><div class=\"wpipessoa-site\"><a href=\"https:\/\/institucional.ufpel.edu.br\/servidores\/id\/22909\" target=\"_blank\">Web<\/a><\/div><div class=\"wpipessoa-email\"><a href=\"jose.raimundo@ufpel.edu.br\" target=\"_blank\">jose.raimundo@ufpel.edu.br<\/a><\/div><\/div><\/li><li class=\"wpipessoa-post clearfix\"><div class=\"wpipessoa-thumb\"><a href=\"https:\/\/wp.ufpel.edu.br\/sccl\/pessoas\/rudinei-da-silva-teixeira\/\"><img width=\"200\" height=\"200\" src=\"https:\/\/wp.ufpel.edu.br\/sccl\/files\/2025\/11\/754496ff-6397-4aa2-aa34-6550eb6daceb-200x200.jpg\" class=\"attachment-thumbnail size-thumbnail wp-post-image\" alt=\"\" \/><\/a><\/div><div class=\"wpipessoa-info\"><div class=\"wpipessoa-nome wpipessoa-fonte-grande\"><a href=\"https:\/\/wp.ufpel.edu.br\/sccl\/pessoas\/rudinei-da-silva-teixeira\/\">Rudinei da Silva Teixeira<\/a><\/div><div class=\"wpipessoa-site\"><a href=\"https:\/\/institucional.ufpel.edu.br\/servidores\/id\/26595\" target=\"_blank\">Web<\/a><\/div><div class=\"wpipessoa-email\"><a href=\"rudinei_teixeira@ufpel.edu.br\" target=\"_blank\">rudinei_teixeira@ufpel.edu.br<\/a><\/div><\/div><\/li><li class=\"wpipessoa-post clearfix\"><div class=\"wpipessoa-thumb\"><a href=\"https:\/\/wp.ufpel.edu.br\/sccl\/pessoas\/sergio-roberto-nolasco-da-luz\/\"><img width=\"200\" height=\"200\" src=\"https:\/\/wp.ufpel.edu.br\/sccl\/files\/2025\/11\/6ad3de45-46f4-4134-afc5-3a730e90ed7c-200x200.jpg\" class=\"attachment-thumbnail size-thumbnail wp-post-image\" alt=\"\" \/><\/a><\/div><div class=\"wpipessoa-info\"><div class=\"wpipessoa-nome wpipessoa-fonte-grande\"><a href=\"https:\/\/wp.ufpel.edu.br\/sccl\/pessoas\/sergio-roberto-nolasco-da-luz\/\">Sergio Roberto Nolasco da Luz<\/a><\/div><div class=\"wpipessoa-site\"><a href=\"https:\/\/institucional.ufpel.edu.br\/servidores\/id\/27729\" target=\"_blank\">Web<\/a><\/div><div class=\"wpipessoa-email\"><a href=\"sergio.nolasco@ufpel.edu.br\" target=\"_blank\">sergio.nolasco@ufpel.edu.br<\/a><\/div><\/div><\/li><\/ul>\n<p>&nbsp;<\/p>\n","protected":false},"excerpt":{"rendered":"<div class=\"wpipessoa-lista wpipessoa-info\"><\/div>\n","protected":false},"author":1527,"featured_media":0,"parent":55,"menu_order":1,"comment_status":"closed","ping_status":"closed","template":"","meta":{"footnotes":""},"class_list":["post-102","page","type-page","status-publish","hentry"],"yoast_head":"<!-- This site is optimized with the Yoast SEO plugin v26.7 - https:\/\/yoast.com\/wordpress\/plugins\/seo\/ -->\n<title>EQUIPE - Superintend\u00eancia do Campus Cap\u00e3o do Le\u00e3o (SCCL)<\/title>\n<meta name=\"robots\" content=\"index, follow, max-snippet:-1, max-image-preview:large, max-video-preview:-1\" \/>\n<link rel=\"canonical\" href=\"https:\/\/wp.ufpel.edu.br\/sccl\/palma\/equipe\/\" \/>\n<meta property=\"og:locale\" content=\"pt_BR\" \/>\n<meta property=\"og:type\" content=\"article\" \/>\n<meta property=\"og:title\" content=\"EQUIPE - Superintend\u00eancia do Campus Cap\u00e3o do Le\u00e3o (SCCL)\" \/>\n<meta property=\"og:url\" content=\"https:\/\/wp.ufpel.edu.br\/sccl\/palma\/equipe\/\" \/>\n<meta property=\"og:site_name\" content=\"Superintend\u00eancia do Campus Cap\u00e3o do Le\u00e3o (SCCL)\" \/>\n<meta property=\"article:modified_time\" content=\"2026-01-13T14:53:39+00:00\" \/>\n<meta name=\"twitter:card\" content=\"summary_large_image\" \/>\n<meta name=\"twitter:label1\" content=\"Est. tempo de leitura\" \/>\n\t<meta name=\"twitter:data1\" content=\"1 minuto\" \/>\n<script type=\"application\/ld+json\" class=\"yoast-schema-graph\">{\"@context\":\"https:\/\/schema.org\",\"@graph\":[{\"@type\":\"WebPage\",\"@id\":\"https:\/\/wp.ufpel.edu.br\/sccl\/palma\/equipe\/\",\"url\":\"https:\/\/wp.ufpel.edu.br\/sccl\/palma\/equipe\/\",\"name\":\"EQUIPE - Superintend\u00eancia do Campus Cap\u00e3o do Le\u00e3o (SCCL)\",\"isPartOf\":{\"@id\":\"https:\/\/wp.ufpel.edu.br\/sccl\/#website\"},\"datePublished\":\"2025-10-30T16:29:46+00:00\",\"dateModified\":\"2026-01-13T14:53:39+00:00\",\"breadcrumb\":{\"@id\":\"https:\/\/wp.ufpel.edu.br\/sccl\/palma\/equipe\/#breadcrumb\"},\"inLanguage\":\"pt-BR\",\"potentialAction\":[{\"@type\":\"ReadAction\",\"target\":[\"https:\/\/wp.ufpel.edu.br\/sccl\/palma\/equipe\/\"]}]},{\"@type\":\"BreadcrumbList\",\"@id\":\"https:\/\/wp.ufpel.edu.br\/sccl\/palma\/equipe\/#breadcrumb\",\"itemListElement\":[{\"@type\":\"ListItem\",\"position\":1,\"name\":\"In\u00edcio\",\"item\":\"https:\/\/wp.ufpel.edu.br\/sccl\/\"},{\"@type\":\"ListItem\",\"position\":2,\"name\":\"Palma\",\"item\":\"https:\/\/wp.ufpel.edu.br\/sccl\/palma\/\"},{\"@type\":\"ListItem\",\"position\":3,\"name\":\"EQUIPE\"}]},{\"@type\":\"WebSite\",\"@id\":\"https:\/\/wp.ufpel.edu.br\/sccl\/#website\",\"url\":\"https:\/\/wp.ufpel.edu.br\/sccl\/\",\"name\":\"Superintend\u00eancia do Campus Cap\u00e3o do Le\u00e3o (SCCL)\",\"description\":\"Centro Agropecu\u00e1rio da Palma | Biot\u00e9rio Central\",\"potentialAction\":[{\"@type\":\"SearchAction\",\"target\":{\"@type\":\"EntryPoint\",\"urlTemplate\":\"https:\/\/wp.ufpel.edu.br\/sccl\/?s={search_term_string}\"},\"query-input\":{\"@type\":\"PropertyValueSpecification\",\"valueRequired\":true,\"valueName\":\"search_term_string\"}}],\"inLanguage\":\"pt-BR\"}]}<\/script>\n<!-- \/ Yoast SEO plugin. -->","yoast_head_json":{"title":"EQUIPE - Superintend\u00eancia do Campus Cap\u00e3o do Le\u00e3o (SCCL)","robots":{"index":"index","follow":"follow","max-snippet":"max-snippet:-1","max-image-preview":"max-image-preview:large","max-video-preview":"max-video-preview:-1"},"canonical":"https:\/\/wp.ufpel.edu.br\/sccl\/palma\/equipe\/","og_locale":"pt_BR","og_type":"article","og_title":"EQUIPE - Superintend\u00eancia do Campus Cap\u00e3o do Le\u00e3o (SCCL)","og_url":"https:\/\/wp.ufpel.edu.br\/sccl\/palma\/equipe\/","og_site_name":"Superintend\u00eancia do Campus Cap\u00e3o do Le\u00e3o (SCCL)","article_modified_time":"2026-01-13T14:53:39+00:00","twitter_card":"summary_large_image","twitter_misc":{"Est. tempo de leitura":"1 minuto"},"schema":{"@context":"https:\/\/schema.org","@graph":[{"@type":"WebPage","@id":"https:\/\/wp.ufpel.edu.br\/sccl\/palma\/equipe\/","url":"https:\/\/wp.ufpel.edu.br\/sccl\/palma\/equipe\/","name":"EQUIPE - Superintend\u00eancia do Campus Cap\u00e3o do Le\u00e3o (SCCL)","isPartOf":{"@id":"https:\/\/wp.ufpel.edu.br\/sccl\/#website"},"datePublished":"2025-10-30T16:29:46+00:00","dateModified":"2026-01-13T14:53:39+00:00","breadcrumb":{"@id":"https:\/\/wp.ufpel.edu.br\/sccl\/palma\/equipe\/#breadcrumb"},"inLanguage":"pt-BR","potentialAction":[{"@type":"ReadAction","target":["https:\/\/wp.ufpel.edu.br\/sccl\/palma\/equipe\/"]}]},{"@type":"BreadcrumbList","@id":"https:\/\/wp.ufpel.edu.br\/sccl\/palma\/equipe\/#breadcrumb","itemListElement":[{"@type":"ListItem","position":1,"name":"In\u00edcio","item":"https:\/\/wp.ufpel.edu.br\/sccl\/"},{"@type":"ListItem","position":2,"name":"Palma","item":"https:\/\/wp.ufpel.edu.br\/sccl\/palma\/"},{"@type":"ListItem","position":3,"name":"EQUIPE"}]},{"@type":"WebSite","@id":"https:\/\/wp.ufpel.edu.br\/sccl\/#website","url":"https:\/\/wp.ufpel.edu.br\/sccl\/","name":"Superintend\u00eancia do Campus Cap\u00e3o do Le\u00e3o (SCCL)","description":"Centro Agropecu\u00e1rio da Palma | Biot\u00e9rio Central","potentialAction":[{"@type":"SearchAction","target":{"@type":"EntryPoint","urlTemplate":"https:\/\/wp.ufpel.edu.br\/sccl\/?s={search_term_string}"},"query-input":{"@type":"PropertyValueSpecification","valueRequired":true,"valueName":"search_term_string"}}],"inLanguage":"pt-BR"}]}},"jetpack_sharing_enabled":true,"_links":{"self":[{"href":"https:\/\/wp.ufpel.edu.br\/sccl\/wp-json\/wp\/v2\/pages\/102","targetHints":{"allow":["GET"]}}],"collection":[{"href":"https:\/\/wp.ufpel.edu.br\/sccl\/wp-json\/wp\/v2\/pages"}],"about":[{"href":"https:\/\/wp.ufpel.edu.br\/sccl\/wp-json\/wp\/v2\/types\/page"}],"author":[{"embeddable":true,"href":"https:\/\/wp.ufpel.edu.br\/sccl\/wp-json\/wp\/v2\/users\/1527"}],"replies":[{"embeddable":true,"href":"https:\/\/wp.ufpel.edu.br\/sccl\/wp-json\/wp\/v2\/comments?post=102"}],"version-history":[{"count":3,"href":"https:\/\/wp.ufpel.edu.br\/sccl\/wp-json\/wp\/v2\/pages\/102\/revisions"}],"predecessor-version":[{"id":430,"href":"https:\/\/wp.ufpel.edu.br\/sccl\/wp-json\/wp\/v2\/pages\/102\/revisions\/430"}],"up":[{"embeddable":true,"href":"https:\/\/wp.ufpel.edu.br\/sccl\/wp-json\/wp\/v2\/pages\/55"}],"wp:attachment":[{"href":"https:\/\/wp.ufpel.edu.br\/sccl\/wp-json\/wp\/v2\/media?parent=102"}],"curies":[{"name":"wp","href":"https:\/\/api.w.org\/{rel}","templated":true}]}}