{"id":44,"date":"2023-04-21T19:57:02","date_gmt":"2023-04-21T22:57:02","guid":{"rendered":"https:\/\/wp.ufpel.edu.br\/sbqsul2023\/?page_id=44"},"modified":"2023-05-06T18:39:46","modified_gmt":"2023-05-06T21:39:46","slug":"local-do-evento","status":"publish","type":"page","link":"https:\/\/wp.ufpel.edu.br\/sbqsul2023\/local-do-evento\/","title":{"rendered":"Local do Evento"},"content":{"rendered":"<p style=\"text-align: left;\">O evento ser\u00e1 realizado no pr\u00e9dio da Faculdade de Agronomia Eliseu Maciel (FAEM), localizado no Campus Cap\u00e3o do Le\u00e3o, da Universidade Federal de Pelotas.<\/p>\n<p style=\"text-align: left;\">A\u00a0cerim\u00f4nia de abertura, plen\u00e1rias e cerim\u00f4nia de encerramento ir\u00e3o ocorrer no Audit\u00f3rio Wilson de Oliveira.<\/p>\n<p style=\"text-align: left;\">Acesse o link abaixo para saber como chegar!!!<\/p>\n<p><a href=\"https:\/\/goo.gl\/maps\/LZHoE3p7WauhnZm26\">https:\/\/goo.gl\/maps\/LZHoE3p7WauhnZm26<\/a><\/p>\n<p><img loading=\"lazy\" decoding=\"async\" class=\"alignnone wp-image-188\" src=\"https:\/\/wp.ufpel.edu.br\/sbqsul2023\/files\/2023\/04\/faem-400x225.jpeg\" alt=\"\" width=\"610\" height=\"343\" srcset=\"https:\/\/wp.ufpel.edu.br\/sbqsul2023\/files\/2023\/04\/faem-400x225.jpeg 400w, https:\/\/wp.ufpel.edu.br\/sbqsul2023\/files\/2023\/04\/faem-1024x576.jpeg 1024w, https:\/\/wp.ufpel.edu.br\/sbqsul2023\/files\/2023\/04\/faem-768x432.jpeg 768w, https:\/\/wp.ufpel.edu.br\/sbqsul2023\/files\/2023\/04\/faem.jpeg 1182w\" sizes=\"auto, (max-width: 610px) 100vw, 610px\" \/><img loading=\"lazy\" decoding=\"async\" class=\"wp-image-185 alignnone\" src=\"https:\/\/wp.ufpel.edu.br\/sbqsul2023\/files\/2023\/04\/WhatsApp-Image-2023-04-25-at-20.25.00-400x180.jpeg\" alt=\"\" width=\"610\" height=\"274\" srcset=\"https:\/\/wp.ufpel.edu.br\/sbqsul2023\/files\/2023\/04\/WhatsApp-Image-2023-04-25-at-20.25.00-400x180.jpeg 400w, https:\/\/wp.ufpel.edu.br\/sbqsul2023\/files\/2023\/04\/WhatsApp-Image-2023-04-25-at-20.25.00-1024x461.jpeg 1024w, https:\/\/wp.ufpel.edu.br\/sbqsul2023\/files\/2023\/04\/WhatsApp-Image-2023-04-25-at-20.25.00-768x346.jpeg 768w, https:\/\/wp.ufpel.edu.br\/sbqsul2023\/files\/2023\/04\/WhatsApp-Image-2023-04-25-at-20.25.00-1536x691.jpeg 1536w, https:\/\/wp.ufpel.edu.br\/sbqsul2023\/files\/2023\/04\/WhatsApp-Image-2023-04-25-at-20.25.00.jpeg 1600w\" sizes=\"auto, (max-width: 610px) 100vw, 610px\" \/><\/p>\n<p><img loading=\"lazy\" decoding=\"async\" class=\"wp-image-186 alignnone\" src=\"https:\/\/wp.ufpel.edu.br\/sbqsul2023\/files\/2023\/04\/Auditorio-FAEM-3-400x265.jpg\" alt=\"\" width=\"610\" height=\"404\" srcset=\"https:\/\/wp.ufpel.edu.br\/sbqsul2023\/files\/2023\/04\/Auditorio-FAEM-3-400x265.jpg 400w, https:\/\/wp.ufpel.edu.br\/sbqsul2023\/files\/2023\/04\/Auditorio-FAEM-3-1024x678.jpg 1024w, https:\/\/wp.ufpel.edu.br\/sbqsul2023\/files\/2023\/04\/Auditorio-FAEM-3-768x509.jpg 768w, https:\/\/wp.ufpel.edu.br\/sbqsul2023\/files\/2023\/04\/Auditorio-FAEM-3-1536x1017.jpg 1536w, https:\/\/wp.ufpel.edu.br\/sbqsul2023\/files\/2023\/04\/Auditorio-FAEM-3-2048x1356.jpg 2048w\" sizes=\"auto, (max-width: 610px) 100vw, 610px\" \/><\/p>\n<p>&nbsp;<\/p>\n<p>&nbsp;<\/p>\n","protected":false},"excerpt":{"rendered":"<p>O evento ser\u00e1 realizado no pr\u00e9dio da Faculdade de Agronomia Eliseu Maciel (FAEM), localizado no Campus Cap\u00e3o do Le\u00e3o, da Universidade Federal de Pelotas. A\u00a0cerim\u00f4nia de abertura, plen\u00e1rias e cerim\u00f4nia de encerramento ir\u00e3o ocorrer no Audit\u00f3rio Wilson de Oliveira. Acesse &hellip; <a href=\"https:\/\/wp.ufpel.edu.br\/sbqsul2023\/local-do-evento\/\">Continue lendo <span class=\"meta-nav\">&rarr;<\/span><\/a><\/p>\n","protected":false},"author":1291,"featured_media":0,"parent":0,"menu_order":0,"comment_status":"closed","ping_status":"closed","template":"","meta":{"footnotes":""},"class_list":["post-44","page","type-page","status-publish","hentry"],"_links":{"self":[{"href":"https:\/\/wp.ufpel.edu.br\/sbqsul2023\/wp-json\/wp\/v2\/pages\/44","targetHints":{"allow":["GET"]}}],"collection":[{"href":"https:\/\/wp.ufpel.edu.br\/sbqsul2023\/wp-json\/wp\/v2\/pages"}],"about":[{"href":"https:\/\/wp.ufpel.edu.br\/sbqsul2023\/wp-json\/wp\/v2\/types\/page"}],"author":[{"embeddable":true,"href":"https:\/\/wp.ufpel.edu.br\/sbqsul2023\/wp-json\/wp\/v2\/users\/1291"}],"replies":[{"embeddable":true,"href":"https:\/\/wp.ufpel.edu.br\/sbqsul2023\/wp-json\/wp\/v2\/comments?post=44"}],"version-history":[{"count":10,"href":"https:\/\/wp.ufpel.edu.br\/sbqsul2023\/wp-json\/wp\/v2\/pages\/44\/revisions"}],"predecessor-version":[{"id":249,"href":"https:\/\/wp.ufpel.edu.br\/sbqsul2023\/wp-json\/wp\/v2\/pages\/44\/revisions\/249"}],"wp:attachment":[{"href":"https:\/\/wp.ufpel.edu.br\/sbqsul2023\/wp-json\/wp\/v2\/media?parent=44"}],"curies":[{"name":"wp","href":"https:\/\/api.w.org\/{rel}","templated":true}]}}