{"id":204,"date":"2023-04-26T11:28:43","date_gmt":"2023-04-26T14:28:43","guid":{"rendered":"https:\/\/wp.ufpel.edu.br\/sbqsul2023\/?page_id=204"},"modified":"2023-10-17T07:50:23","modified_gmt":"2023-10-17T10:50:23","slug":"comissao","status":"publish","type":"page","link":"https:\/\/wp.ufpel.edu.br\/sbqsul2023\/comissao\/","title":{"rendered":"Comiss\u00e3o"},"content":{"rendered":"<h2><span style=\"color: #185ca4; font-size: 12pt;\"><strong>Coordena\u00e7\u00e3o do Evento<\/strong><\/span><\/h2>\n<p><span style=\"font-size: 12pt;\">Prof. Dr. Anderson Schwingel Ribeiro &#8211; <strong>Coordena\u00e7\u00e3<span style=\"color: #000000;\">o Geral &#8211;<\/span> Secret\u00e1rio Regional da SBQ-RS<\/strong><\/span><br \/>\n<span style=\"font-size: 12pt;\">Profa. Dra. Mariana Antunes Vieira &#8211; <strong>Coordena\u00e7\u00e3o Adjunta<\/strong><\/span><\/p>\n<h2><span style=\"color: #185ca4; font-size: 12pt;\"><strong>Comit\u00ea Organizador &#8211; UFPel<\/strong><\/span><\/h2>\n<p><span style=\"font-size: 12pt;\">Profa. Dra. Adriana Castro Pinheiro<\/span><br \/>\n<span style=\"font-size: 12pt;\">Profa. Dra. Adriane Medeiros Nunes<\/span><br \/>\n<span style=\"font-size: 12pt;\">Prof. Dr. Alessandro Cury Soares<\/span><br \/>\n<span style=\"font-size: 12pt;\">Prof. Dr. Andr\u00e9 Francisco Pivato Biajoli<\/span><br \/>\n<span style=\"font-size: 12pt;\">Prof. Dr. Andr\u00e9 Ricardo Fajardo<\/span><br \/>\n<span style=\"font-size: 12pt;\">Prof. Dr. Bruno dos Santos Pastoriza<\/span><br \/>\n<span style=\"font-size: 12pt;\">Profa. Dra. Daniela Bianchini<\/span><br \/>\n<span style=\"font-size: 12pt;\">Prof. Dr. Diego da Silva Alves<\/span><br \/>\n<span style=\"font-size: 12pt;\">Prof. Dr. Eder Jo\u00e3o Lenardao<\/span><br \/>\n<span style=\"font-size: 12pt;\">Prof. Dr. Fabio Andre Sangiogo<\/span><br \/>\nProf. Dr. Juliano Alex Roehrs (IFSul)<br \/>\n<span style=\"font-size: 12pt;\">Prof. Dr. M\u00e1rcio Santos da Silva<\/span><br \/>\n<span style=\"font-size: 12pt;\">Prof. Dr. Robson da Silva Oliboni<\/span><br \/>\n<span style=\"font-size: 12pt;\">Prof. Dr. Wiliam Boschetti<\/span><\/p>\n<h2><span style=\"font-size: 12pt; color: #185ca4;\"><strong>Comit\u00ea de apoio (Alunos da UFPel)<\/strong><\/span><\/h2>\n<p>Adryo Nobre Tavares<br \/>\nAriana Silveira Lima<br \/>\nCaroline Signorini Gomes<br \/>\nCatarine Cavada<br \/>\nCharlene Barbosa de Paula<br \/>\nCharlie Guimar\u00e3es Gomes<br \/>\nGabriel Tavares Couto<br \/>\nGustavo Bierhals Bl\u00f6dorn<br \/>\nIsadora Atrib Garcia<br \/>\nJ\u00e9ssica da Rosa Porto<br \/>\nJo\u00e3o Vitor Alves Soares de Paulo<br \/>\nJuli\u00ea Silveira da Costa<br \/>\nKarine Flores Vilke<br \/>\nLucas Emanuel Beluzzo Iarocz<br \/>\nMariana Moreira da Cunha<br \/>\nNicolle Lima Bandeira<br \/>\nSabrina Souza Ferreira<br \/>\nSavana Pereira de Medeiros<br \/>\nTaise Carlos Nunes<br \/>\nTavane da Silva Rodrigues<br \/>\nVict\u00f3ria Ross Soares<br \/>\nWanderson da Silva Roriz<br \/>\nYasmin Ribeiro Bloedorn<\/p>\n<h2><span style=\"font-size: 12pt; color: #185ca4;\"><strong>Comit\u00ea Cient\u00edfico\u00a0<\/strong><\/span><\/h2>\n<p>Adriana Passarella Gerola (UFSC)<br \/>\nAlessandro Francisco Martins (UTFPR)<br \/>\nAlessandro Cury Soares (UFPEL)<br \/>\nAlexandre Tadeu Paulino (UDESC)<br \/>\nAndr\u00e9 Ricardo Fajardo (UFPEL)<br \/>\nAng\u00e9lica Venturini Moro (UFRGS)<br \/>\nAnt\u00f4nio Luiz Braga (UFSC)<br \/>\nBruna Adriane Fary (UFPEL)<br \/>\nBruno dos Santos Pastoriza (UFPEL)<br \/>\nCarla de Andrade Hartwig (UFPEL)<br \/>\nClarissa Piccinin Frizzo (UFSM)<br \/>\nClarissa Marques Moreira dos Santos (UFPEL)<br \/>\nDaiane Dias (FURG)<br \/>\nDaniel Lazaro Gallindo Borges (UFSC)<br \/>\nDaniela Decker (UDESC)<br \/>\nDaniela Hartwig de Oliveira (UFPEL)<br \/>\nDiogo La Rosa Novo (UFPEL)<br \/>\nDouglas Cardoso Dragunski (UNIOESTE)<br \/>\nEduardo Sidinei Chaves (UFSC)<br \/>\nErnesto Schulz Lang (UFSM)<br \/>\n<span style=\"font-size: 12pt;\">Fabio Andre Sangiogo (UFPEL)<\/span><br \/>\nF\u00e1bio Peres Gon\u00e7alves (UFSC)<br \/>\nFernanda Andreia Rosa (UEM)<br \/>\nFernando Roberto Xavier (UDESC)<br \/>\nIsmael Casagrande Bellettini (UFSC &#8211; Blumenau)<br \/>\nIzabel Cristina Riegel Vidotti Miyata (UFPR)<br \/>\nJackson Damiani Scholten (UFRGS)<br \/>\nJaqueline Ritter (FURG)<br \/>\nJosiane Caetano Dragunski (UNIOESTE)<br \/>\nJurgen Andreaus (FURB)<br \/>\nMarcelo Gon\u00e7alves Montes D\u00b4Oca (UFPR)<br \/>\nMarcos Alexandre Geleski (FURG)<br \/>\nMarcus Eduardo Maciel Ribeiro (IFSUL \u2013 Novo Hamburgo)<br \/>\nOsvaldo de Lazaro Casagrande Junior (UFRGS)<br \/>\nPaulo Ricardo de Souza (UFSM)<br \/>\nRicardo Ferreira Affeldt (UFSC)<br \/>\nRoberta Cargnelutti (UFSM)<br \/>\nRochele Sogari Picoloto (UFSM)<br \/>\nRosely Aparecida Peralta (UFSC)<br \/>\nTiago Elias Frizzon (UFSC)<\/p>\n<p>&nbsp;<\/p>\n<p>&nbsp;<\/p>\n","protected":false},"excerpt":{"rendered":"<p>Coordena\u00e7\u00e3o do Evento Prof. Dr. Anderson Schwingel Ribeiro &#8211; Coordena\u00e7\u00e3o Geral &#8211; Secret\u00e1rio Regional da SBQ-RS Profa. Dra. Mariana Antunes Vieira &#8211; Coordena\u00e7\u00e3o Adjunta Comit\u00ea Organizador &#8211; UFPel Profa. Dra. Adriana Castro Pinheiro Profa. Dra. Adriane Medeiros Nunes Prof. Dr. &hellip; <a href=\"https:\/\/wp.ufpel.edu.br\/sbqsul2023\/comissao\/\">Continue lendo <span class=\"meta-nav\">&rarr;<\/span><\/a><\/p>\n","protected":false},"author":1291,"featured_media":0,"parent":0,"menu_order":0,"comment_status":"closed","ping_status":"closed","template":"","meta":{"footnotes":""},"class_list":["post-204","page","type-page","status-publish","hentry"],"_links":{"self":[{"href":"https:\/\/wp.ufpel.edu.br\/sbqsul2023\/wp-json\/wp\/v2\/pages\/204","targetHints":{"allow":["GET"]}}],"collection":[{"href":"https:\/\/wp.ufpel.edu.br\/sbqsul2023\/wp-json\/wp\/v2\/pages"}],"about":[{"href":"https:\/\/wp.ufpel.edu.br\/sbqsul2023\/wp-json\/wp\/v2\/types\/page"}],"author":[{"embeddable":true,"href":"https:\/\/wp.ufpel.edu.br\/sbqsul2023\/wp-json\/wp\/v2\/users\/1291"}],"replies":[{"embeddable":true,"href":"https:\/\/wp.ufpel.edu.br\/sbqsul2023\/wp-json\/wp\/v2\/comments?post=204"}],"version-history":[{"count":25,"href":"https:\/\/wp.ufpel.edu.br\/sbqsul2023\/wp-json\/wp\/v2\/pages\/204\/revisions"}],"predecessor-version":[{"id":660,"href":"https:\/\/wp.ufpel.edu.br\/sbqsul2023\/wp-json\/wp\/v2\/pages\/204\/revisions\/660"}],"wp:attachment":[{"href":"https:\/\/wp.ufpel.edu.br\/sbqsul2023\/wp-json\/wp\/v2\/media?parent=204"}],"curies":[{"name":"wp","href":"https:\/\/api.w.org\/{rel}","templated":true}]}}