{"id":2,"date":"2023-04-17T08:38:28","date_gmt":"2023-04-17T11:38:28","guid":{"rendered":"https:\/\/wp.ufpel.edu.br\/sbqsul2023\/?page_id=2"},"modified":"2023-10-05T20:56:04","modified_gmt":"2023-10-05T23:56:04","slug":"pagina-exemplo","status":"publish","type":"page","link":"https:\/\/wp.ufpel.edu.br\/sbqsul2023\/pagina-exemplo\/","title":{"rendered":"Programa"},"content":{"rendered":"<h3 style=\"text-align: center;\">Programa\u00e7\u00e3o Final<\/h3>\n<p style=\"text-align: center;\"><span style=\"color: #185ac4; background-color: #ffff00;\"><strong>18 de outubro (quarta-feira)<\/strong><\/span><\/p>\n<table style=\"width: 659px;\" width=\"604\">\n<tbody>\n<tr style=\"border-style: solid;\">\n<td style=\"width: 233px; height: 48px;\" width=\"170\"><strong>10:30h \u2013 17:30h<\/strong><br \/>\nHall do pr\u00e9dio da FAEM<\/td>\n<td style=\"width: 457px; height: 48px;\" width=\"435\"><span style=\"color: #185ac4;\"><strong>Credenciamento e entrega de material<\/strong><\/span><\/td>\n<\/tr>\n<tr style=\"border-style: solid;\">\n<td style=\"width: 233px;\"><strong>11:30h &#8211; 13:00h<\/strong><br \/>\nRestaurante Universit\u00e1rio<\/td>\n<td style=\"width: 457px;\"><span style=\"color: #185ac4;\"><strong>Almo\u00e7o<\/strong><\/span><\/td>\n<\/tr>\n<tr style=\"border-style: solid;\">\n<td style=\"width: 233px; height: 24px;\" width=\"170\"><strong>13h \u2013 17:30h<\/strong><\/td>\n<td style=\"width: 457px; height: 24px;\" width=\"435\"><span style=\"color: #185ac4;\"><strong>Minicursos<\/strong><\/span><\/td>\n<\/tr>\n<tr style=\"border-style: solid;\">\n<td style=\"width: 233px; height: 48px;\" width=\"170\"><strong>15:30h-16:00h<\/strong><br \/>\nHall do pr\u00e9dio da FAEM<\/td>\n<td style=\"width: 457px; height: 48px;\" width=\"435\"><span style=\"color: #185ac4;\"><strong>Coffee break<\/strong><\/span><\/td>\n<\/tr>\n<tr style=\"border-style: solid;\">\n<td style=\"width: 233px; height: 24px;\" width=\"170\"><span style=\"color: #000000;\"><strong>18h &#8211; 18:30h<\/strong><\/span><\/td>\n<td style=\"width: 457px; height: 24px;\" width=\"435\"><span style=\"color: #185ac4;\"><strong>Solenidade de abertura<\/strong><\/span><\/td>\n<\/tr>\n<tr style=\"border-style: solid;\">\n<td style=\"width: 233px;\"><span style=\"color: #000000;\"><strong>18:30h \u2013 19:15h<\/strong><\/span><\/td>\n<td style=\"width: 457px;\"><span style=\"color: #185ac4;\"><strong>Apresenta\u00e7\u00e3o Art\u00edstica:\u00a0 \u00a0 \u00a0 \u00a0 \u00a0 \u00a0 \u00a0 \u00a0 \u00a0 \u00a0 \u00a0 \u00a0 \u00a0 \u00a0 \u00a0 \u00a0 \u00a0 \u00a0 \u00a0<span style=\"color: #000000;\"><em>Grupo de Acordeonista do Conservat\u00f3rio de M\u00fasica<\/em><\/span><\/strong><\/span><\/td>\n<\/tr>\n<tr style=\"border-style: solid;\">\n<td style=\"width: 233px; height: 168px;\" width=\"170\"><strong>19:15h \u2013 20:30h<\/strong><br \/>\nAudit\u00f3rio da FAEM<\/td>\n<td style=\"width: 457px; text-align: justify; height: 168px;\" width=\"435\"><span style=\"color: #185ac4;\"><strong>Confer\u00eancia de abertura<\/strong><\/span><br \/>\n<span style=\"color: #000000; background-color: #ffffff;\"><strong><em>SBQ-Sul: Um olhar para o futuro &#8211; Sua hist\u00f3ria, trajet\u00f3ria e contribui\u00e7\u00e3o para o desenvolvimento cient\u00edfico e tecnol\u00f3gico na \u00e1rea da Qu\u00edmica<\/em><\/strong><\/span><br \/>\nProf. Dr. Nito \u00c2ngelo Debacher<br \/>\nUniversidade Federal de Santa Catarina (UFSC)<\/td>\n<\/tr>\n<tr style=\"border-style: solid;\">\n<td style=\"width: 233px; height: 48px;\" width=\"170\"><strong>20:30h \u2013 22:30h<\/strong><br \/>\nHall do pr\u00e9dio da FAEM<\/td>\n<td style=\"width: 457px; height: 48px;\" width=\"435\"><span style=\"color: #185ac4;\"><strong>Coquetel de Confraterniza\u00e7\u00e3o<\/strong><\/span><\/td>\n<\/tr>\n<\/tbody>\n<\/table>\n<p style=\"text-align: center;\"><span style=\"color: #185ac4; background-color: #ffff00;\"><strong>19 de outubro (quinta-feira)<\/strong><\/span><\/p>\n<table style=\"width: 639px;\">\n<tbody>\n<tr style=\"border-style: solid;\">\n<td style=\"width: 235px;\" width=\"170\"><strong>08:30h-10:30h<\/strong><br \/>\nHall do pr\u00e9dio da FAEM<\/td>\n<td style=\"text-align: center; width: 437px;\" width=\"396\"><span style=\"color: #185ac4;\"><strong>Sess\u00e3o de P\u00f4steres I (\u00cdMPARES)<\/strong><\/span><\/td>\n<\/tr>\n<tr style=\"border-style: solid;\">\n<td style=\"width: 235px;\" width=\"170\"><strong>10:30h-11:00h<\/strong><br \/>\nHall do pr\u00e9dio da FAEM<\/td>\n<td style=\"width: 437px;\" width=\"396\"><span style=\"color: #185ac4;\"><strong>Coffee break<\/strong><\/span><\/td>\n<\/tr>\n<tr style=\"border-style: solid;\">\n<td style=\"width: 235px;\" width=\"170\"><strong>11:00h-12:00h<\/strong><br \/>\nAudit\u00f3rio da FAEM<\/td>\n<td style=\"text-align: center; width: 437px;\" width=\"396\"><span style=\"color: #185ac4;\"><strong>Plen\u00e1ria 1<\/strong><\/span><br \/>\nProfa. Dra. Shirley Nakagaki Bastos (UFPR)<br \/>\n<strong><em>&#8220;S\u00f3lidos multifuncionais para processos catal\u00edticos heterog\u00eaneos mais sustent\u00e1veis&#8221;<\/em><\/strong><\/td>\n<\/tr>\n<tr style=\"border-style: solid;\">\n<td style=\"width: 235px;\" width=\"170\"><strong>12:00h &#8211; 13:00h<\/strong><br \/>\nRestaurante Universit\u00e1rio<\/td>\n<td style=\"width: 437px;\" width=\"396\"><span style=\"color: #185ac4;\"><strong>Almo\u00e7o<\/strong><\/span><\/td>\n<\/tr>\n<tr style=\"border-style: solid;\">\n<td style=\"width: 235px;\" width=\"170\"><strong>13:00h-14:00h<\/strong><\/td>\n<td style=\"width: 437px;\" width=\"406\">\n<p style=\"text-align: justify;\"><span style=\"color: #185ac4;\"><strong>Conversa com Representante do Comit\u00ea JP-SBQ\u00a0 \u00a0 \u00a0 \u00a0 \u00a0 \u00a0 \u00a0 \u00a0 \u00a0 \u00a0 \u00a0 \u00a0 \u00a0 \u00a0 \u00a0 \u00a0 \u00a0 \u00a0 \u00a0 \u00a0<\/strong><\/span><span style=\"color: #185ac4;\"><strong>\u00a0 \u00a0 \u00a0 \u00a0<\/strong><\/span><br \/>\n<em><span style=\"color: #000000;\"><strong>&#8220;Jovens Pesquisadores da Sociedade Brasileira de Qu\u00edmica &#8211; conectando jovens pesquisadores do Brasil e do mundo&#8221;\u00a0 \u00a0 \u00a0 \u00a0 \u00a0 \u00a0 \u00a0 \u00a0 \u00a0 \u00a0 \u00a0 \u00a0 \u00a0 \u00a0 \u00a0 \u00a0 \u00a0 \u00a0 \u00a0 \u00a0 \u00a0 \u00a0 \u00a0 \u00a0 \u00a0 \u00a0 \u00a0 \u00a0 \u00a0 \u00a0 <\/strong><\/span><\/em>Profa. Dra. Juliana Christina Thomas (UFRGS)<\/p>\n<\/td>\n<\/tr>\n<tr style=\"border-style: solid;\">\n<td style=\"width: 235px;\" width=\"170\"><strong>14:00-16:00h<\/strong><\/td>\n<td style=\"width: 437px;\" width=\"396\"><span style=\"color: #185ac4;\"><b style=\"color: #185ac4;\">Miniconfer\u00eancias e Sess\u00f5es Coordenadas<\/b><\/span><\/td>\n<\/tr>\n<tr style=\"border-style: solid;\">\n<td style=\"width: 235px;\" width=\"170\">Sala 310<\/td>\n<td style=\"width: 437px; text-align: justify;\" width=\"396\"><strong>Ensino de Qu\u00edmica\/ Extens\u00e3o<br \/>\nPalestrante: Prof. Dr. Roberto Dalmo (UFPR)<br \/>\n<em><span style=\"color: #000000;\"><span class=\"OYPEnA text-decoration-none text-strikethrough-none\">&#8220;Conhecimentos qu\u00edmicos para sobreviver ao apocalipse zumbi: uma experi\u00eancia formativa&#8221;<\/span><\/span><\/em><\/strong><\/td>\n<\/tr>\n<tr style=\"border-style: solid;\">\n<td style=\"width: 235px;\" width=\"170\">Sala 300<\/td>\n<td style=\"width: 437px; text-align: justify;\" width=\"396\"><strong>F\u00edsico-Qu\u00edmica\/Qu\u00edmica de Materiais<br \/>\nPalestrante: Prof. Dr. Giovanni F. Caramori (UFSC)<br \/>\n<em>&#8220;Overreact, um laborat\u00f3rio in s\u00edlico: Simula\u00e7\u00f5es microcin\u00e9ticas qu\u00edmico-qu\u00e2nticas automatizadas para rea\u00e7\u00f5es qu\u00edmicas complexas &#8211; implementa\u00e7\u00e3o em Python&#8221;<\/em><\/strong><\/td>\n<\/tr>\n<tr style=\"border-style: solid;\">\n<td style=\"width: 235px;\" width=\"170\">Anfiteatro (Sala A)<\/td>\n<td style=\"width: 437px; text-align: justify;\" width=\"396\"><strong>Qu\u00edmica Anal\u00edtica\/Ambiental<br \/>\nPalestrante: Prof. Dr. Eliezer Quadro Oreste (FURG)<br \/>\n<em>&#8220;Desenvolvimento de sensores a partir de materiais alternativos&#8221;<\/em><\/strong><\/td>\n<\/tr>\n<tr style=\"border-style: solid;\">\n<td style=\"width: 235px;\" width=\"170\">Sala 308<\/td>\n<td style=\"width: 437px; text-align: justify;\" width=\"396\"><strong>Qu\u00edmica Inorg\u00e2nica<\/strong><br \/>\nPalestrante: Prof. Dr. Edilson Valmir Benvenutti (UFRGS)<br \/>\n<em><strong>&#8220;Um s\u00e9culo de Qu\u00edmica Inorg\u00e2nica e Ci\u00eancia de Materiais&#8221;<\/strong><\/em><\/td>\n<\/tr>\n<tr style=\"border-style: solid;\">\n<td style=\"width: 235px;\" width=\"170\">Sala 602<\/td>\n<td style=\"width: 437px; text-align: justify;\" width=\"396\"><strong>Qu\u00edmica Org\u00e2nica<\/strong><br \/>\nPalestrante: Profa. Dra. Fernanda Andr\u00e9ia Rosa (UEM)<br \/>\n<em><strong>&#8220;Heterociclos Nitrogenados: S\u00edntese e aplica\u00e7\u00e3o farmacol\u00f3gica de az\u00f3is, azinas e azepinos&#8221;<\/strong><\/em><\/td>\n<\/tr>\n<tr style=\"border-style: solid;\">\n<td style=\"width: 235px;\" width=\"170\"><strong>16h-16:30h<\/strong><br \/>\nHall do pr\u00e9dio da FAEM<\/td>\n<td style=\"width: 437px;\" width=\"396\"><span style=\"color: #185ac4;\"><strong>Coffee break<\/strong><\/span><\/td>\n<\/tr>\n<tr style=\"border-style: solid;\">\n<td style=\"width: 235px;\" width=\"170\"><strong>16:30h-17:30h<\/strong><br \/>\nAudit\u00f3rio da FAEM<\/td>\n<td style=\"text-align: center; width: 437px;\" width=\"396\"><span style=\"color: #185ac4;\"><strong>Plen\u00e1ria 2<\/strong><\/span><br \/>\nProf. Dr. Carlos Alberto Marques (UFSC)<br \/>\n<strong><em>&#8220;Desafios ao Ensino de Qu\u00edmica no Brasil: presen\u00e7a no curr\u00edculo e compromissos com a sustentabilidade ambiental&#8221;<\/em><\/strong><\/td>\n<\/tr>\n<tr style=\"border-style: solid;\">\n<td style=\"width: 235px;\" width=\"170\"><strong>17:45h-18:30h<\/strong><br \/>\nAudit\u00f3rio da FAEM<\/td>\n<td style=\"width: 437px; text-align: center;\" width=\"396\"><span style=\"color: #185ac4;\"><strong>Reuni\u00e3o das Secretariais Regionais\u00a0 \u00a0 \u00a0 \u00a0 \u00a0 \u00a0 \u00a0 RS, SC e PR<\/strong><\/span><\/td>\n<\/tr>\n<tr style=\"border-style: solid;\">\n<td style=\"width: 235px;\" width=\"170\"><strong>19:30h-23:00h<\/strong><br \/>\n<strong>Local a definir<\/strong><\/td>\n<td style=\"width: 437px; text-align: center;\" width=\"396\"><span style=\"color: #185ac4;\"><strong>Jantar de Confraterniza\u00e7\u00e3o (por ades\u00e3o)\u00a0 \u00a0 CTG Coronel Thomaz Luiz Os\u00f3rio<\/strong><\/span><\/td>\n<\/tr>\n<\/tbody>\n<\/table>\n<p style=\"text-align: center;\"><span style=\"color: #185ac4; background-color: #ffff00;\"><strong>20 de outubro (sexta-feira)<\/strong><\/span><\/p>\n<table style=\"width: 693px; border-style: solid;\" width=\"693\">\n<tbody>\n<tr style=\"border-style: solid;\">\n<td style=\"width: 238px;\" width=\"170\"><strong>08:30h-10:30h<\/strong><br \/>\nHall do pr\u00e9dio da FAEM<\/td>\n<td style=\"width: 396px;\" width=\"406\"><span style=\"color: #185ac4;\"><strong>Sess\u00e3o de P\u00f4steres II (PARES)<\/strong><\/span><\/td>\n<\/tr>\n<tr style=\"border-style: solid;\">\n<td style=\"width: 238px;\" width=\"170\"><strong>10:30h-11:00h<\/strong><br \/>\nHall do pr\u00e9dio da FAEM<\/td>\n<td style=\"width: 396px;\" width=\"406\"><span style=\"color: #185ac4;\"><strong>Coffee break<\/strong><\/span><\/td>\n<\/tr>\n<tr style=\"border-style: solid;\">\n<td style=\"width: 238px;\" width=\"170\"><strong>11:00h-12:00h<\/strong><br \/>\nAudit\u00f3rio da FAEM<\/td>\n<td style=\"width: 396px; text-align: center;\" width=\"406\"><span style=\"color: #185ac4;\"><strong>Plen\u00e1ria 3<\/strong><\/span><br \/>\n<span style=\"color: #000000;\">Prof. Dr. C\u00e9sar Ricardo Teixeira Tarley (UEL)<\/span><br \/>\n<span style=\"color: #000000;\"><strong><em>&#8220;Desenvolvimento de m\u00e9todos anal\u00edticos baseados em microsistemas de pr\u00e9-concentra\u00e7\u00e3o s\u00f3lido-l\u00edquido e l\u00edquido-l\u00edquido&#8221;<\/em><\/strong><\/span><\/td>\n<\/tr>\n<tr style=\"border-style: solid;\">\n<td style=\"width: 238px;\" width=\"170\"><strong>12:00h-13:00h<\/strong><br \/>\nRestaurante Universit\u00e1rio<\/td>\n<td style=\"width: 396px;\" width=\"406\"><span style=\"color: #185ac4;\"><strong>Almo\u00e7o<\/strong><\/span><\/td>\n<\/tr>\n<tr style=\"border-style: solid;\">\n<td style=\"width: 238px;\"><strong>13:00h-14:00h<\/strong><\/td>\n<td style=\"width: 396px; text-align: justify;\"><span style=\"color: #185ac4;\"><strong>Conversa com o Conselho Regional de Qu\u00edmica \u2013 5\u00aa regi\u00e3o<br \/>\n<span style=\"color: #000000;\"><em>&#8220;Os profissionais da Qu\u00edmica: atribui\u00e7\u00f5es, contribui\u00e7\u00f5es e perspectivas para a sociedade&#8221;\u00a0 \u00a0 \u00a0 \u00a0 \u00a0 \u00a0 \u00a0 \u00a0 \u00a0 \u00a0 \u00a0 \u00a0 \u00a0 \u00a0 \u00a0 \u00a0 \u00a0 \u00a0 \u00a0 \u00a0 \u00a0 \u00a0 \u00a0 \u00a0 \u00a0 \u00a0 \u00a0 \u00a0<\/em><\/span><\/strong><\/span><span style=\"color: #185ac4;\"><strong><span style=\"color: #000000;\"><em>Conselheiro Wolmar A. Severo Filho\u00a0<\/em><\/span><\/strong><\/span><\/td>\n<\/tr>\n<tr style=\"border-style: solid;\">\n<td style=\"width: 238px;\" width=\"170\"><strong>14:00h-16:00h<\/strong><\/td>\n<td style=\"width: 396px;\" width=\"406\"><span style=\"color: #185ac4;\"><strong>Mini-Confer\u00eancias e Sess\u00f5es Coordenadas<\/strong><\/span><\/td>\n<\/tr>\n<tr style=\"border-style: solid;\">\n<td style=\"width: 238px; text-align: center;\" width=\"170\">Sala 310<\/td>\n<td style=\"width: 396px; text-align: justify;\" width=\"406\"><strong>Ensino de Qu\u00edmica\/ Extens\u00e3o<br \/>\nPalestrante: Prof. Dr. Maur\u00edcius Selvero Pazzinatto (UFRGS)<br \/>\n<em>&#8220;Explorando possibilidades de Metodologias Investigativas e Centradas no Estudante no Ensino da Qu\u00edmica&#8221;<\/em><\/strong><\/td>\n<\/tr>\n<tr style=\"border-style: solid;\">\n<td style=\"width: 238px; text-align: center;\" width=\"170\">Sala 300<\/td>\n<td style=\"width: 396px;\" width=\"406\"><strong>F\u00edsico-Qu\u00edmica\/Qu\u00edmica de Materiais<br \/>\nPalestrante: Profa. Dra. Adriana Passarella Gerola (UFSC)<br \/>\n<em>&#8220;Qu\u00edmica supramolecular no desenvolvimento de materiais inteligentes: da Cat\u00e1lise \u00e0 medicina&#8221;<\/em><\/strong><\/td>\n<\/tr>\n<tr style=\"border-style: solid;\">\n<td style=\"width: 238px; text-align: center;\" width=\"170\">Anfiteatro (Sala A)<\/td>\n<td style=\"width: 396px; text-align: justify;\" width=\"406\"><strong>Qu\u00edmica Anal\u00edtica e Ambiental<br \/>\nPalestrante: Profa. Dra. Luc\u00e9lia Hoehne (Univates)<br \/>\n<em>&#8220;Determina\u00e7\u00e3o de Sel\u00eanio em Bact\u00e9rias \u00e1cido l\u00e1ticas (BALs) e aplica\u00e7\u00f5es no ramo aliment\u00edcio&#8221;<\/em><\/strong><\/td>\n<\/tr>\n<tr style=\"border-style: solid;\">\n<td style=\"width: 238px; text-align: center;\" width=\"170\">Sala 308<\/td>\n<td style=\"width: 396px; text-align: justify;\" width=\"406\"><strong>Qu\u00edmica Inorg\u00e2nica<br \/>\nProf. Dr. Bernardo Almeida Iglesias (UFSM)<br \/>\n<em>&#8220;Qu\u00edmica dos Corr\u00f3is &#8211; O in\u00edcio em terras brasileiras&#8221;<\/em><\/strong><\/td>\n<\/tr>\n<tr style=\"border-style: solid;\">\n<td style=\"width: 238px; text-align: center;\" width=\"170\">Sala 602<\/td>\n<td style=\"width: 396px; text-align: justify;\" width=\"406\"><strong>Qu\u00edmica Org\u00e2nica<\/strong><br \/>\nPalestrante: Prof. Dr. Tiago Elias Allievi Frizon (UFSC)<br \/>\n<em><strong>&#8220;Materiais Funcionais, Compostos Bioativos e Sustentabilidade, os desafios para a consolida\u00e7\u00e3o de pesquisa aplicada em campus universit\u00e1rio&#8221;<\/strong><\/em><\/td>\n<\/tr>\n<tr style=\"border-style: solid;\">\n<td style=\"width: 238px;\" width=\"170\"><strong>16h-16:30h<\/strong><br \/>\nHall do pr\u00e9dio da FAEM<\/td>\n<td style=\"width: 396px;\" width=\"406\"><span style=\"color: #185ac4;\"><strong>Coffee break<\/strong><\/span><\/td>\n<\/tr>\n<tr style=\"border-style: solid;\">\n<td style=\"width: 238px;\" width=\"170\"><strong>16:30h-17:30h<\/strong><br \/>\nAudit\u00f3rio da FAEM<\/td>\n<td style=\"width: 396px; text-align: center;\" width=\"406\"><span style=\"color: #185ac4;\"><strong>Plen\u00e1ria 4<\/strong><\/span><br \/>\nProf. Dr. \u00c9der Jo\u00e3o Lenard\u00e3o (UFPEL)<br \/>\n<strong><em>&#8220;20 anos de Qu\u00edmica Verde na UFPel. S\u00edntese org\u00e2nica e forma\u00e7\u00e3o de recursos humanos&#8221;<\/em><\/strong><\/td>\n<\/tr>\n<tr style=\"border-style: solid;\">\n<td style=\"width: 238px;\" width=\"170\"><strong>17:30h-18:30h<\/strong><br \/>\nAudit\u00f3rio da FAEM<\/td>\n<td style=\"width: 396px;\" width=\"406\"><span style=\"color: #185ac4;\"><strong>Cerim\u00f4nia de Encerramento<\/strong><\/span><\/td>\n<\/tr>\n<\/tbody>\n<\/table>\n<p>&nbsp;<\/p>\n","protected":false},"excerpt":{"rendered":"<p>Programa\u00e7\u00e3o Final 18 de outubro (quarta-feira) 10:30h \u2013 17:30h Hall do pr\u00e9dio da FAEM Credenciamento e entrega de material 11:30h &#8211; 13:00h Restaurante Universit\u00e1rio Almo\u00e7o 13h \u2013 17:30h Minicursos 15:30h-16:00h Hall do pr\u00e9dio da FAEM Coffee break 18h &#8211; 18:30h &hellip; <a href=\"https:\/\/wp.ufpel.edu.br\/sbqsul2023\/pagina-exemplo\/\">Continue lendo <span class=\"meta-nav\">&rarr;<\/span><\/a><\/p>\n","protected":false},"author":1291,"featured_media":0,"parent":0,"menu_order":1,"comment_status":"closed","ping_status":"closed","template":"","meta":{"footnotes":""},"class_list":["post-2","page","type-page","status-publish","hentry"],"_links":{"self":[{"href":"https:\/\/wp.ufpel.edu.br\/sbqsul2023\/wp-json\/wp\/v2\/pages\/2","targetHints":{"allow":["GET"]}}],"collection":[{"href":"https:\/\/wp.ufpel.edu.br\/sbqsul2023\/wp-json\/wp\/v2\/pages"}],"about":[{"href":"https:\/\/wp.ufpel.edu.br\/sbqsul2023\/wp-json\/wp\/v2\/types\/page"}],"author":[{"embeddable":true,"href":"https:\/\/wp.ufpel.edu.br\/sbqsul2023\/wp-json\/wp\/v2\/users\/1291"}],"replies":[{"embeddable":true,"href":"https:\/\/wp.ufpel.edu.br\/sbqsul2023\/wp-json\/wp\/v2\/comments?post=2"}],"version-history":[{"count":39,"href":"https:\/\/wp.ufpel.edu.br\/sbqsul2023\/wp-json\/wp\/v2\/pages\/2\/revisions"}],"predecessor-version":[{"id":620,"href":"https:\/\/wp.ufpel.edu.br\/sbqsul2023\/wp-json\/wp\/v2\/pages\/2\/revisions\/620"}],"wp:attachment":[{"href":"https:\/\/wp.ufpel.edu.br\/sbqsul2023\/wp-json\/wp\/v2\/media?parent=2"}],"curies":[{"name":"wp","href":"https:\/\/api.w.org\/{rel}","templated":true}]}}