{"id":28,"date":"2010-10-27T09:24:42","date_gmt":"2010-10-27T12:24:42","guid":{"rendered":"https:\/\/wp.ufpel.edu.br\/salaoextensao\/"},"modified":"2010-12-09T15:17:11","modified_gmt":"2010-12-09T18:17:11","slug":"taxa-de-inscricao","status":"publish","type":"page","link":"https:\/\/wp.ufpel.edu.br\/salaoextensao\/taxa-de-inscricao\/","title":{"rendered":"Programa\u00e7\u00e3o"},"content":{"rendered":"<p>IV SAL\u00c3O DE EXTENS\u00c3O\/UFPEL 2011<\/p>\n<p><strong>25\/04 (2\u00aa FEIRA)<\/strong><br \/>\n19:00 Abertura \/ Atividade Cultural<br \/>\nPalestrante (convidado do MEC) a ser confirmado em Mar\u00e7o 2011.<br \/>\nLocal: Audit\u00f3rio da Faculdade de Medicina <\/p>\n<p><strong>26\/04 (3\u00aaFEIRA)<\/strong><br \/>\nApresenta\u00e7\u00e3o das atividades de Extens\u00e3o das Unidades Acad\u00eamicas\/UFPEL pelos Diretores e Representantes no Conselho de Extens\u00e3o\/PREC.<\/p>\n<p>O grupo de cada turno foi organizado atrav\u00e9s de sorteio pelo GT Eventos. Os coordenadores e secret\u00e1rios das Mesas, ser\u00e3o divulgados ap\u00f3s a confirma\u00e7\u00e3o destes em resposta ao convite da PREC.<\/p>\n<p>Manh\u00e3: FaUrb, Nutri\u00e7\u00e3o, Direito, ICH, IAD, FAT, ESEF, IFM.<br \/>\nLocal: Audit\u00f3rio da Faculdade de Medicina<br \/>\nHor\u00e1rio: 8:00 as 12:00<br \/>\n            ( coordenador Prof. Schild ESEF ).<br \/>\n            ( secret\u00e1ria M.Luiza FAT ).<\/p>\n<p>Tarde: Qu\u00edmica de Alimentos, Meteorologia, Fac. de Letras, CDETEC, Engenharias, Fac. de Educa\u00e7\u00e3o, Engenharias Agr\u00edcolas, IB.<br \/>\nLocal: Audit\u00f3rio da Faculdade de Medicina<br \/>\nHor\u00e1rio: 14:00 as 18:00<br \/>\n             ( coordenador Prof.  Paulo Borges FL ).<br \/>\n             ( secret\u00e1ria Fabiane dos Santos Luz  Fac. Enfermagem  ).     <\/p>\n<p>Noite: Fac. Enfremagem, Sociologia e Pol\u00edtica, Fac. de Odonto, Fac. de Veterin\u00e1ria, Fac. de Medicina, Qu\u00edmica e Geo Ci\u00eancias, Conservat\u00f3rio de M\u00fasica, FAEM.<br \/>\nLocal: Audit\u00f3rio da Faculdade de Medicina<br \/>\nHor\u00e1rio: 18:00 as 22:00<br \/>\n            ( coordenador Luciana Kantorski  Fac. Enfermagem )<br \/>\n            ( secret\u00e1rio )<\/p>\n<p><strong>27\/04 (4\u00aa FEIRA)<\/strong><br \/>\nManh\u00e3<br \/>\nApresenta\u00e7\u00e3o e avalia\u00e7\u00e3o dos Banners<br \/>\n Local: Pr\u00e9dio da Laneira<\/p>\n<p>Tarde<br \/>\nApresenta\u00e7\u00e3o dos Projetos Multidisciplinares<br \/>\nLocal: Audit\u00f3rio Faculdade de Medicina<br \/>\nHor\u00e1rio: 14:00 as 17:00<\/p>\n<p>F\u00f3rum:<br \/>\nApresenta\u00e7\u00e3o das s\u00ednteses e conclus\u00f5es das Mesas com as Unidades Acad\u00eamicas.<br \/>\nApresenta\u00e7\u00e3o da Pol\u00edtica de Extens\u00e3o<br \/>\nLocal: Audit\u00f3rio da Faculdade de Medicina<br \/>\nHor\u00e1rio: das 17:30 as 19:30<\/p>\n<p>ENCERRAMENTO:<br \/>\nEntrega de Pr\u00eamios; Apresenta\u00e7\u00f5es Art\u00edstico Culturais<br \/>\nLocal: Audit\u00f3rio da Fac. de Medicina<br \/>\nHor\u00e1rio: 20:00<\/p>\n<p>Noite<br \/>\nEncerramento com apresenta\u00e7\u00f5es Culturais<\/p>\n","protected":false},"excerpt":{"rendered":"<p>IV SAL\u00c3O DE EXTENS\u00c3O\/UFPEL 2011 25\/04 (2\u00aa FEIRA) 19:00 Abertura \/ Atividade Cultural Palestrante (convidado do MEC) a ser confirmado em Mar\u00e7o 2011. Local: Audit\u00f3rio da Faculdade de Medicina 26\/04 (3\u00aaFEIRA) Apresenta\u00e7\u00e3o das atividades de Extens\u00e3o das Unidades Acad\u00eamicas\/UFPEL pelos Diretores e Representantes no Conselho de Extens\u00e3o\/PREC. O grupo de cada turno foi organizado atrav\u00e9s [&hellip;]<\/p>\n","protected":false},"author":78,"featured_media":0,"parent":0,"menu_order":0,"comment_status":"closed","ping_status":"open","template":"","meta":{"footnotes":""},"class_list":["post-28","page","type-page","status-publish","hentry"],"_links":{"self":[{"href":"https:\/\/wp.ufpel.edu.br\/salaoextensao\/wp-json\/wp\/v2\/pages\/28","targetHints":{"allow":["GET"]}}],"collection":[{"href":"https:\/\/wp.ufpel.edu.br\/salaoextensao\/wp-json\/wp\/v2\/pages"}],"about":[{"href":"https:\/\/wp.ufpel.edu.br\/salaoextensao\/wp-json\/wp\/v2\/types\/page"}],"author":[{"embeddable":true,"href":"https:\/\/wp.ufpel.edu.br\/salaoextensao\/wp-json\/wp\/v2\/users\/78"}],"replies":[{"embeddable":true,"href":"https:\/\/wp.ufpel.edu.br\/salaoextensao\/wp-json\/wp\/v2\/comments?post=28"}],"version-history":[{"count":2,"href":"https:\/\/wp.ufpel.edu.br\/salaoextensao\/wp-json\/wp\/v2\/pages\/28\/revisions"}],"predecessor-version":[{"id":99,"href":"https:\/\/wp.ufpel.edu.br\/salaoextensao\/wp-json\/wp\/v2\/pages\/28\/revisions\/99"}],"wp:attachment":[{"href":"https:\/\/wp.ufpel.edu.br\/salaoextensao\/wp-json\/wp\/v2\/media?parent=28"}],"curies":[{"name":"wp","href":"https:\/\/api.w.org\/{rel}","templated":true}]}}