{"id":22,"date":"2010-10-27T09:18:09","date_gmt":"2010-10-27T12:18:09","guid":{"rendered":"https:\/\/wp.ufpel.edu.br\/salaoextensao\/"},"modified":"2010-12-09T15:11:18","modified_gmt":"2010-12-09T18:11:18","slug":"normas-para-envio-de-trabalho","status":"publish","type":"page","link":"https:\/\/wp.ufpel.edu.br\/salaoextensao\/normas-para-envio-de-trabalho\/","title":{"rendered":"Regulamento"},"content":{"rendered":"<p><strong><br \/>\nIV SAL\u00c3O DE EXTENS\u00c3O \u2013 UFPEL 2011<br \/>\nUNIVERSIDADE EM EXTENS\u00c3O:<br \/>\n Cria\u00e7\u00e3o, participa\u00e7\u00e3o e compromisso<\/strong><\/p>\n<p><strong>1- Regulamento Geral<\/strong><\/p>\n<p>1.1 Inscri\u00e7\u00f5es<br \/>\n1.1.1\t Alunos, professores e servidores t\u00e9cnico-administrativos da Universidade Federal de Pelotas, poder\u00e3o participar.  A comunidade em geral, como ouvinte, tamb\u00e9m poder\u00e1 participar;<br \/>\n1.1.2 As inscri\u00e7\u00f5es ser\u00e3o realizadas somente atrav\u00e9s do s\u00edtio https:\/\/wp.ufpel.edu.br\/salaoextensao;<br \/>\n1.1. 3 Os resumos dos trabalhos ser\u00e3o anexados no momento da inscri\u00e7\u00e3o.<br \/>\n1.2 Trabalhos que poder\u00e3o ser inscritos: <\/p>\n<p>Cada projeto cadastrado na PREC no exerc\u00edcio de 2010 poder\u00e1 apresentar at\u00e9 3 trabalhos, vinculados ao mesmo, sob a forma de p\u00f4ster.<\/p>\n<p> Ap\u00f3s a inscri\u00e7\u00e3o, n\u00e3o ser\u00e1 poss\u00edvel fazer nenhuma altera\u00e7\u00e3o no trabalho.<\/p>\n<p>1.3 Certificados:<br \/>\nAs informa\u00e7\u00f5es fornecidas no ato de inscri\u00e7\u00e3o, tais como: nome do(s) autor(es), apresentador, coordenador e  t\u00edtulo do trabalho, dever\u00e3o ser conferidas, tendo em vista o uso da ferramenta \u201cmala direta\u201d do Word; Por esta raz\u00e3o, n\u00e3o ser\u00e1 emitida 2\u00aa via de certificado decorrente de erros cometidos no preenchimento da Ficha de Inscri\u00e7\u00e3o; Ap\u00f3s o t\u00e9rmino do evento, os certificados ser\u00e3o expedidos e colocados \u00e0 disposi\u00e7\u00e3o dos interessados, nas suas Unidades Acad\u00eamicas.<\/p>\n<p><strong>2 &#8211; Per\u00edodo de Inscri\u00e7\u00f5es dos Trabalhos.<\/strong><\/p>\n<p>AS INSCRI\u00c7\u00d5ES ESTAR\u00c3O ABERTAS NO PER\u00cdODO DE<br \/>\n15 de Dezembro de 2010 a 15 de Janeiro de 2011.<\/p>\n<p><strong>3 &#8211; Regras para Inscri\u00e7\u00e3o dos Trabalhos.<\/strong><\/p>\n<p>3.1 Revis\u00e3o pr\u00e9via dos resumos:<br \/>\nAntes de envi\u00e1-los \u00e0 Comiss\u00e3o Organizadora, os resumos dever\u00e3o ser previamente avaliados pelo professor coordenador do projeto cadastrado na PREC.<\/p>\n<p>3.2 O resumo ser\u00e1 de formato simples e dever\u00e1:<br \/>\na) ser anexado no campo apropriado da Ficha de Inscri\u00e7\u00e3o, com no m\u00ednimo 300 e no m\u00e1ximo de 500 palavras, sendo apresentado no formato A4 (21cm x 29,7 cm), gravado no formato \u201crtf\u201d (Rich text format), com letra formato Arial, corpo 12, com exce\u00e7\u00e3o das afilia\u00e7\u00f5es, para as quais dever\u00e1 ser utilizado corpo 10.  A p\u00e1gina dever\u00e1 ser estruturada com  3,0 cm nas margens superior e esquerda e 2,0 cm nas margens inferior e direita;<br \/>\nb) vir com o cabe\u00e7alho padr\u00e3o do IV SAL\u00c3O DE EXTENS\u00c3O, dispon\u00edvel na p\u00e1gina do evento;<br \/>\nc) ter, no m\u00e1ximo, 05 (cinco) autores, inclu\u00eddos o apresentador e o coordenador do projeto cadastrado na PREC.<\/p>\n<p>3.3. T\u00edtulo: com todas as letras mai\u00fasculas e alinhamento central. <\/p>\n<p>3.4. Autores: Em negrito, alinhamento centralizado, com uma linha de intervalo abaixo do t\u00edtulo; iniciar pelo sobrenome (todo em mai\u00fasculo), seguido dos prenomes separados por v\u00edrgula com iniciais em mai\u00fasculo (Ex: SILVA, A.); Os autores dever\u00e3o ser identificados com um n\u00famero sobrescrito em negrito de acordo com a (afilia\u00e7\u00f5es) Unidade de origem e fun\u00e7\u00e3o no projeto. O nome do apresentador do trabalho dever\u00e1 ser sublinhado.<\/p>\n<p>3.5. Afilia\u00e7\u00f5es: Em nota de rodap\u00e9, identificando e-mail do coordenador do Projeto.<\/p>\n<p>3.6. Texto: em espa\u00e7o simples, justificado. O corpo do trabalho n\u00e3o dever\u00e1 fazer cita\u00e7\u00e3o bibliogr\u00e1fica contendo em par\u00e1grafo \u00fanico os seguintes itens: INTRODU\u00c7\u00c3O, METODOLOGIA (MATERIAL E M\u00c9TODOS), RESULTADOS E DISCUSS\u00c3O, CONCLUS\u00d5ES. <\/p>\n<p>3.7. Avalia\u00e7\u00e3o dos Trabalhos: Os trabalhos ser\u00e3o submetidos \u00e0 verifica\u00e7\u00e3o pela Comiss\u00e3o de Avalia\u00e7\u00e3o do IV SAL\u00c3O DE EXTENS\u00c3O, que observar\u00e1 as necessidades de acordo com as normas espec\u00edficas para elabora\u00e7\u00e3o de resumos, constantes neste regulamento.<br \/>\na.\tAs informa\u00e7\u00f5es contidas nos trabalhos ser\u00e3o de inteira responsabilidade dos autores e seu coordenador;<br \/>\nb.\tA Comiss\u00e3o Organizadora n\u00e3o se responsabilizar\u00e1 por e-mails cadastrados incorretamente no preenchimento da Ficha de Inscri\u00e7\u00e3o;<br \/>\nc.\tTrabalhos n\u00e3o autorizados pelo coordenador n\u00e3o ser\u00e3o apreciados.<\/p>\n<p><strong>4 &#8211; Normas para apresenta\u00e7\u00e3o e avalia\u00e7\u00e3o dos trabalhos durante o sal\u00e3o.<\/strong><\/p>\n<p>4.1 Os trabalhos dever\u00e3o ser apresentados exclusivamente na forma de p\u00f4ster;<br \/>\n4.2 O p\u00f4ster dever\u00e1 obedecer as seguintes dimens\u00f5es: 100cm de altura e 90cm de largura; conforme modelo dispon\u00edvel na p\u00e1gina do evento;<br \/>\n4.3 A avalia\u00e7\u00e3o dos p\u00f4steres se dar\u00e1 em hor\u00e1rio e local a serem estabelecidos pela Comiss\u00e3o Organizadora e previamente divulgados p\u00e1gina do evento.<br \/>\n4.4 Somente ser\u00e3o avaliados os p\u00f4steres com a presen\u00e7a do apresentador;<br \/>\n 4,5 Os p\u00f4steres ser\u00e3o julgados pelos seguintes crit\u00e9rios: Integra\u00e7\u00e3o concreta com a comunidade e seus segmentos significativos; Relev\u00e2ncia social, ambiental, art\u00edstica, cultural, cient\u00edfica e\/ou econ\u00f4mica; Relev\u00e2ncia social, ambiental, art\u00edstica, cultural, cient\u00edfica e\/ou econ\u00f4mica; Relev\u00e2ncia social, ambiental, art\u00edstica, cultural, cient\u00edfica e\/ou econ\u00f4mica; Relev\u00e2ncia social, ambiental, art\u00edstica, cultural, cient\u00edfica e\/ou econ\u00f4mica; Integra\u00e7\u00e3o concreta com a comunidade e seus segmentos significativos; Relev\u00e2ncia social, ambiental, art\u00edstica, cultural, cient\u00edfica e\/ou econ\u00f4mica e car\u00e1ter interdisciplinar. <\/p>\n<p><strong>5 \u2013 Premia\u00e7\u00e3o<\/strong><\/p>\n<p>A Comiss\u00e3o de Avalia\u00e7\u00e3o classificar\u00e1 os trabalhos apresentados e conceder\u00e1 premia\u00e7\u00e3o para o primeiro, segundo e terceiro colocados em cada uma das \u00e1reas de conhecimento (Educa\u00e7\u00e3o, Arte e Cultura, Pesca Artesanal e Aquicultura Familiar, Promo\u00e7\u00e3o da Sa\u00fade, Desenvolvimento Urbano, Desenvolvimento Agr\u00e1rio, Redu\u00e7\u00e3o das Desigualdades Sociais e Promo\u00e7\u00e3o da Inclus\u00e3o Produtiva, Preserva\u00e7\u00e3o do Patrim\u00f4nio Cultural Brasileiro).<br \/>\nOs autores dos trabalhos premiados ser\u00e3o convidados a desenvolver seu trabalho numa forma ampliada, para posterior publica\u00e7\u00e3o em peri\u00f3dico digital com ISSN.<\/p>\n","protected":false},"excerpt":{"rendered":"<p>IV SAL\u00c3O DE EXTENS\u00c3O \u2013 UFPEL 2011 UNIVERSIDADE EM EXTENS\u00c3O: Cria\u00e7\u00e3o, participa\u00e7\u00e3o e compromisso 1- Regulamento Geral 1.1 Inscri\u00e7\u00f5es 1.1.1 Alunos, professores e servidores t\u00e9cnico-administrativos da Universidade Federal de Pelotas, poder\u00e3o participar. A comunidade em geral, como ouvinte, tamb\u00e9m poder\u00e1 participar; 1.1.2 As inscri\u00e7\u00f5es ser\u00e3o realizadas somente atrav\u00e9s do s\u00edtio https:\/\/wp.ufpel.edu.br\/salaoextensao; 1.1. 3 Os resumos [&hellip;]<\/p>\n","protected":false},"author":78,"featured_media":0,"parent":0,"menu_order":0,"comment_status":"closed","ping_status":"open","template":"","meta":{"footnotes":""},"class_list":["post-22","page","type-page","status-publish","hentry"],"_links":{"self":[{"href":"https:\/\/wp.ufpel.edu.br\/salaoextensao\/wp-json\/wp\/v2\/pages\/22","targetHints":{"allow":["GET"]}}],"collection":[{"href":"https:\/\/wp.ufpel.edu.br\/salaoextensao\/wp-json\/wp\/v2\/pages"}],"about":[{"href":"https:\/\/wp.ufpel.edu.br\/salaoextensao\/wp-json\/wp\/v2\/types\/page"}],"author":[{"embeddable":true,"href":"https:\/\/wp.ufpel.edu.br\/salaoextensao\/wp-json\/wp\/v2\/users\/78"}],"replies":[{"embeddable":true,"href":"https:\/\/wp.ufpel.edu.br\/salaoextensao\/wp-json\/wp\/v2\/comments?post=22"}],"version-history":[{"count":6,"href":"https:\/\/wp.ufpel.edu.br\/salaoextensao\/wp-json\/wp\/v2\/pages\/22\/revisions"}],"predecessor-version":[{"id":96,"href":"https:\/\/wp.ufpel.edu.br\/salaoextensao\/wp-json\/wp\/v2\/pages\/22\/revisions\/96"}],"wp:attachment":[{"href":"https:\/\/wp.ufpel.edu.br\/salaoextensao\/wp-json\/wp\/v2\/media?parent=22"}],"curies":[{"name":"wp","href":"https:\/\/api.w.org\/{rel}","templated":true}]}}