{"id":405,"date":"2024-07-05T16:28:19","date_gmt":"2024-07-05T19:28:19","guid":{"rendered":"https:\/\/wp.ufpel.edu.br\/saif\/?page_id=405"},"modified":"2024-07-05T16:28:19","modified_gmt":"2024-07-05T19:28:19","slug":"apresentacao-iii-saif","status":"publish","type":"page","link":"https:\/\/wp.ufpel.edu.br\/saif\/apresentacao-iii-saif\/","title":{"rendered":"Apresenta\u00e7\u00e3o III Saif"},"content":{"rendered":"<h3>G\u00eaneros, sexualidades e direitos humanos<\/h3>\n<p>A\u00a0<b><strong>III Semana Acad\u00eamica Integrada do Departamento de Filosofia da Universidade Federal de Pelotas<\/strong><\/b>\u00a0ser\u00e1 realizada no per\u00edodo de 11 a 15 de dezembro de 2023 no Instituto de Filosofia, Sociologia e Pol\u00edtica (IFISP\/UFPel \u2013 Pelotas\/RS). O tema do evento ser\u00e1\u00a0<b><strong>\u201cG\u00eaneros, Sexualidades e Direitos Humanos\u201d<\/strong><\/b>\u00a0e contar\u00e1 com a participa\u00e7\u00e3o de diversos conferencistas e pesquisadores da UFPel e de outras Universidades, movimentos sociais e estudantes de gradua\u00e7\u00e3o e p\u00f3s-gradua\u00e7\u00e3o de diversos cursos. O per\u00edodo para o envio de propostas de apresenta\u00e7\u00e3o de comunica\u00e7\u00f5es e realiza\u00e7\u00e3o de oficinas\/minicursos ser\u00e1\u00a0<b><strong>at\u00e9 01 de dezembro de 2023<\/strong><\/b>\u00a0atrav\u00e9s do preenchimento do seguinte formul\u00e1rio\u00a0<a href=\"https:\/\/forms.gle\/YQU4rpzn9db8rDew6\">https:\/\/forms.gle\/YQU4rpzn9db8rDew6<\/a>.<\/p>\n<p>&nbsp;<\/p>\n<p>Ser\u00e3o aceitas propostas em todas as \u00e1reas de interesse filos\u00f3fico e nos temas do escopo do evento (tanto de alunos de gradua\u00e7\u00e3o como de alunos de p\u00f3s-gradua\u00e7\u00e3o de qualquer curso ou universidade). As comunica\u00e7\u00f5es ter\u00e3o a dura\u00e7\u00e3o m\u00e1xima de 20 minutos, sendo 15 minutos para a apresenta\u00e7\u00e3o e 5 minutos para a discuss\u00e3o e coment\u00e1rios. As oficinas ter\u00e3o a dura\u00e7\u00e3o m\u00e1xima de duas horas e cada proposta deve especificar o tipo de equipamento que ser\u00e1 necess\u00e1rio para a sua realiza\u00e7\u00e3o. A participa\u00e7\u00e3o efetiva na modalidade ouvinte certificar\u00e1 75 horas complementares.<\/p>\n<p><b><strong>Diretrizes para os interessados em encaminhar propostas:<\/strong><\/b><\/p>\n<ol>\n<li>Cada autor ter\u00e1 direito a enviar apenas\u00a0<b><strong>uma proposta<\/strong><\/b>\u00a0para comunica\u00e7\u00e3o ou oficina.<\/li>\n<li>Dever\u00e1 ser enviado um<b><strong>\u00a0resumo, com no m\u00ednimo 1000 e no m\u00e1ximo 3000 caracteres<\/strong><\/b>, a ser anexado (arquivo .pdf) em um campo apropriado no formul\u00e1rio de Inscri\u00e7\u00e3o.<\/li>\n<li>Ser\u00e3o aceitos trabalhos sobre problemas e temas de Filosofia e \u00e1reas afins, sobretudo aqueles vinculados ao tema do evento, escritos em portugu\u00eas, ingl\u00eas ou espanhol.<\/li>\n<li>Os trabalhos selecionados ser\u00e3o divididos em sess\u00f5es tem\u00e1ticas e alguns poder\u00e3o ser apresentados na modalidade h\u00edbrida.<\/li>\n<li>Ser\u00e3o aceitos trabalhos de\u00a0<b><strong>graduandos e p\u00f3s-graduandos<\/strong><\/b>.<\/li>\n<li>Ser\u00e3o aceitos trabalhos em\u00a0<b><strong>coautoria<\/strong><\/b>\u00a0(entre discentes, apenas).<\/li>\n<li>Todas as propostas ser\u00e3o avaliadas pela Comiss\u00e3o Cient\u00edfica da\u00a0<b><strong>III Semana Acad\u00eamica Integrada do Departamento de Filosofia da UFPel<\/strong><\/b>.<\/li>\n<li>O trabalho submetido, ap\u00f3s aprovado, ser\u00e1 a base da comunica\u00e7\u00e3o oficial para apresenta\u00e7\u00e3o no dia do evento.<\/li>\n<li>As propostas aprovadas ser\u00e3o divulgadas na p\u00e1gina do Departamento de Filosofia da UFPel e na p\u00e1gina oficial do evento.<\/li>\n<li><b><strong>Os autores com propostas aprovadas dever\u00e3o encaminhar o texto completo a ser apresentado, impreterivelmente, at\u00e9 o dia 10\u00a0de dezembro de 2023,<\/strong><\/b><b><strong>\u00a0para o e-mail\u00a0<\/strong><\/b><a href=\"mailto:3saifilosofia@gmail.com\">3saifilosofia@gmail.com<\/a>.<\/li>\n<li>A certifica\u00e7\u00e3o est\u00e1 condicionada a entrega do trabalho completo de acordo com o prazo estipulado no item 10 destas regras.<\/li>\n<li>A publica\u00e7\u00e3o dos trabalhos completos no Livro de Resumos\u00a0<b><strong>est\u00e1 condicionada \u00e0 apresenta\u00e7\u00e3o<\/strong><\/b>.<\/li>\n<li>O trabalho completo deve observar as Normas de Formata\u00e7\u00e3o de Textos que ser\u00e3o enviadas para todos os autores aprovados no momento da homologa\u00e7\u00e3o dos resultados.<\/li>\n<li>O texto completo dever\u00e1 possuir uma argumenta\u00e7\u00e3o clara e precisa \u2013 uma proposta de considera\u00e7\u00e3o de uma hip\u00f3tese ou tese, seguida de uma conclus\u00e3o\/cr\u00edtica sobre esta hip\u00f3tese ou tese \u2013 e estar gramaticalmente correto.<\/li>\n<li>A vers\u00e3o completa do texto ser\u00e1 publicada nos Anais da \u201c<b><strong>III Semana Acad\u00eamica Integrada do Departamento de Filosofia da UFPel<\/strong><\/b>\u201d.<\/li>\n<\/ol>\n<p>Para mais informa\u00e7\u00f5es, envie mensagem para o e-mail\u00a0<a href=\"mailto:3saifilosofia@gmail.com\">3saifilosofia@gmail.com<\/a>.<\/p>\n<p><b><strong>Comiss\u00e3o Organizadora<\/strong><\/b><\/p>\n","protected":false},"excerpt":{"rendered":"<p>G\u00eaneros, sexualidades e direitos humanos A\u00a0III Semana Acad\u00eamica Integrada do Departamento de Filosofia da Universidade Federal de Pelotas\u00a0ser\u00e1 realizada no per\u00edodo de 11 a 15 de dezembro de 2023 no Instituto de Filosofia, Sociologia e Pol\u00edtica (IFISP\/UFPel \u2013 Pelotas\/RS). O tema do evento ser\u00e1\u00a0\u201cG\u00eaneros, Sexualidades e Direitos Humanos\u201d\u00a0e contar\u00e1 com a participa\u00e7\u00e3o de diversos conferencistas &hellip; <a href=\"https:\/\/wp.ufpel.edu.br\/saif\/apresentacao-iii-saif\/\" class=\"more-link\">Continue lendo<span class=\"screen-reader-text\"> &#8220;Apresenta\u00e7\u00e3o III Saif&#8221;<\/span><\/a><\/p>\n","protected":false},"author":1247,"featured_media":0,"parent":0,"menu_order":0,"comment_status":"closed","ping_status":"closed","template":"","meta":{"footnotes":""},"class_list":["post-405","page","type-page","status-publish","hentry"],"jetpack_sharing_enabled":true,"_links":{"self":[{"href":"https:\/\/wp.ufpel.edu.br\/saif\/wp-json\/wp\/v2\/pages\/405","targetHints":{"allow":["GET"]}}],"collection":[{"href":"https:\/\/wp.ufpel.edu.br\/saif\/wp-json\/wp\/v2\/pages"}],"about":[{"href":"https:\/\/wp.ufpel.edu.br\/saif\/wp-json\/wp\/v2\/types\/page"}],"author":[{"embeddable":true,"href":"https:\/\/wp.ufpel.edu.br\/saif\/wp-json\/wp\/v2\/users\/1247"}],"replies":[{"embeddable":true,"href":"https:\/\/wp.ufpel.edu.br\/saif\/wp-json\/wp\/v2\/comments?post=405"}],"version-history":[{"count":1,"href":"https:\/\/wp.ufpel.edu.br\/saif\/wp-json\/wp\/v2\/pages\/405\/revisions"}],"predecessor-version":[{"id":406,"href":"https:\/\/wp.ufpel.edu.br\/saif\/wp-json\/wp\/v2\/pages\/405\/revisions\/406"}],"wp:attachment":[{"href":"https:\/\/wp.ufpel.edu.br\/saif\/wp-json\/wp\/v2\/media?parent=405"}],"curies":[{"name":"wp","href":"https:\/\/api.w.org\/{rel}","templated":true}]}}